{"id":4745,"date":"2021-03-25T13:30:44","date_gmt":"2021-03-25T12:30:44","guid":{"rendered":"https:\/\/catholiques17.fr\/montlieu\/?page_id=4745"},"modified":"2023-03-22T09:20:33","modified_gmt":"2023-03-22T08:20:33","slug":"la-catechese","status":"publish","type":"page","link":"https:\/\/catholiques17.fr\/montlieu\/pour-les-jeunes\/la-catechese\/","title":{"rendered":"La cat\u00e9ch\u00e8se"},"content":{"rendered":"<p>[et_pb_section fb_built=\u00a0\u00bb1&Prime; _builder_version=\u00a0\u00bb4.16&Prime; global_colors_info=\u00a0\u00bb{}\u00a0\u00bb theme_builder_area=\u00a0\u00bbpost_content\u00a0\u00bb custom_padding=\u00a0\u00bb5px|||||\u00a0\u00bb][et_pb_row _builder_version=\u00a0\u00bb4.17.6&Prime; _module_preset=\u00a0\u00bbdefault\u00a0\u00bb global_colors_info=\u00a0\u00bb{}\u00a0\u00bb theme_builder_area=\u00a0\u00bbpost_content\u00a0\u00bb custom_padding=\u00a0\u00bb9px|||||\u00a0\u00bb][et_pb_column type=\u00a0\u00bb4_4&Prime; _builder_version=\u00a0\u00bb4.17.6&Prime; _module_preset=\u00a0\u00bbdefault\u00a0\u00bb global_colors_info=\u00a0\u00bb{}\u00a0\u00bb theme_builder_area=\u00a0\u00bbpost_content\u00a0\u00bb][et_pb_image src=\u00a0\u00bbhttps:\/\/catholiques17.fr\/montlieu\/wp-content\/uploads\/sites\/22\/2023\/03\/Catechese2019-edited.jpg\u00a0\u00bb title_text=\u00a0\u00bbCatechese2019-edited\u00a0\u00bb align=\u00a0\u00bbcenter\u00a0\u00bb _builder_version=\u00a0\u00bb4.17.6&Prime; _module_preset=\u00a0\u00bbdefault\u00a0\u00bb animation_style=\u00a0\u00bbslide\u00a0\u00bb border_radii=\u00a0\u00bbon|20px|20px|20px|20px\u00a0\u00bb global_colors_info=\u00a0\u00bb{}\u00a0\u00bb theme_builder_area=\u00a0\u00bbpost_content\u00a0\u00bb][\/et_pb_image][\/et_pb_column][\/et_pb_row][et_pb_row _builder_version=\u00a0\u00bb4.16&Prime; background_size=\u00a0\u00bbinitial\u00a0\u00bb background_position=\u00a0\u00bbtop_left\u00a0\u00bb background_repeat=\u00a0\u00bbrepeat\u00a0\u00bb global_colors_info=\u00a0\u00bb{}\u00a0\u00bb theme_builder_area=\u00a0\u00bbpost_content\u00a0\u00bb][et_pb_column type=\u00a0\u00bb4_4&Prime; _builder_version=\u00a0\u00bb4.16&Prime; custom_padding=\u00a0\u00bb|||\u00a0\u00bb global_colors_info=\u00a0\u00bb{}\u00a0\u00bb custom_padding__hover=\u00a0\u00bb|||\u00a0\u00bb theme_builder_area=\u00a0\u00bbpost_content\u00a0\u00bb][et_pb_text _builder_version=\u00a0\u00bb4.17.6&Prime; background_size=\u00a0\u00bbinitial\u00a0\u00bb background_position=\u00a0\u00bbtop_left\u00a0\u00bb background_repeat=\u00a0\u00bbrepeat\u00a0\u00bb global_colors_info=\u00a0\u00bb{}\u00a0\u00bb theme_builder_area=\u00a0\u00bbpost_content\u00a0\u00bb]<\/p>\n<h4 style=\"text-align: center;\"><!-- divi:paragraph --><strong>Le cat\u00e9 s\u2019adresse aux enfants baptis\u00e9s ou non qui sont en CE2 ou qui ont 8 ans. <\/strong><\/h4>\n<h5 style=\"text-align: center;\"><strong>La premi\u00e8re des communions ou le bapt\u00eame sont c\u00e9l\u00e9br\u00e9s au terme de la 2\u00e8me ann\u00e9e de cat\u00e9ch\u00e8se.<\/strong><\/h5>\n<p><!-- \/divi:paragraph --><\/p>\n<p>&nbsp;<\/p>\n<p><!-- \/divi:paragraph --><\/p>\n<p>[\/et_pb_text][et_pb_text _builder_version=\u00a0\u00bb4.17.6&Prime; _module_preset=\u00a0\u00bbdefault\u00a0\u00bb global_colors_info=\u00a0\u00bb{}\u00a0\u00bb theme_builder_area=\u00a0\u00bbpost_content\u00a0\u00bb]<\/p>\n<p><strong><span style=\"color: #ff6600;\"><span style=\"text-decoration: underline;\">Inscription \u00e0 la Cat\u00e9ch\u00e8se<\/span> :<\/span><\/strong><\/p>\n<p>[\/et_pb_text][et_pb_text _builder_version=\u00a0\u00bb4.17.6&Prime; _module_preset=\u00a0\u00bbdefault\u00a0\u00bb global_colors_info=\u00a0\u00bb{}\u00a0\u00bb theme_builder_area=\u00a0\u00bbpost_content\u00a0\u00bb]<\/p>\n<p><!-- \/divi:paragraph --><\/p>\n<p><!-- divi:paragraph -->Tous\u00a0 les\u00a0 enfants de l&rsquo;\u00e2ge du CE2 , CM1 ou CM2, qu\u2019ils\u00a0 soient\u00a0 baptis\u00e9s\u00a0 ou\u00a0 non, sont\u00a0 invit\u00e9s\u00a0 \u00e0\u00a0 s\u2019inscrire\u00a0 \u00e0\u00a0 la\u00a0 cat\u00e9ch\u00e8se.<\/p>\n<p>Il est possible de prendre contact avec les responsables de votre paroisse pour\u00a0 les\u00a0 inscriptions\u00a0 ou pour\u00a0 divers\u00a0 renseignements.\u00a0 Contact : 05.46.04.44.41 ou\u00a0 par <a href=\"mailto:paroisse.saintetheresemontlieu@gmail.com\" target=\"_blank\" rel=\"noopener\">mail<\/a> <\/p>\n<p><!-- \/divi:paragraph --><\/p>\n<p><!-- divi:paragraph --><\/p>\n<p>La profession de foi est c\u00e9l\u00e9br\u00e9e en 6\u00e9me. Les inscriptions se font \u00e0 la Maison paroissiale en septembre. Les lieux de cat\u00e9ch\u00e8se\u00a0: Montlieu et Montguyon (en fonction des inscriptions)<\/p>\n<p>[\/et_pb_text][\/et_pb_column][\/et_pb_row][et_pb_row column_structure=\u00a0\u00bb1_2,1_2&Prime; _builder_version=\u00a0\u00bb4.17.6&Prime; _module_preset=\u00a0\u00bbdefault\u00a0\u00bb global_colors_info=\u00a0\u00bb{}\u00a0\u00bb theme_builder_area=\u00a0\u00bbpost_content\u00a0\u00bb][et_pb_column type=\u00a0\u00bb1_2&Prime; _builder_version=\u00a0\u00bb4.17.6&Prime; _module_preset=\u00a0\u00bbdefault\u00a0\u00bb global_colors_info=\u00a0\u00bb{}\u00a0\u00bb theme_builder_area=\u00a0\u00bbpost_content\u00a0\u00bb][et_pb_image src=\u00a0\u00bbhttps:\/\/catholiques17.fr\/montlieu\/wp-content\/uploads\/sites\/22\/2023\/03\/Affiches-A3-2.jpg\u00a0\u00bb title_text=\u00a0\u00bbAffiches-A3-2&Prime; align=\u00a0\u00bbcenter\u00a0\u00bb _builder_version=\u00a0\u00bb4.17.6&Prime; _module_preset=\u00a0\u00bbdefault\u00a0\u00bb border_radii=\u00a0\u00bboff|20px||20px|\u00a0\u00bb border_width_all=\u00a0\u00bb1px\u00a0\u00bb border_color_all=\u00a0\u00bb#B8000C\u00a0\u00bb global_colors_info=\u00a0\u00bb{}\u00a0\u00bb theme_builder_area=\u00a0\u00bbpost_content\u00a0\u00bb][\/et_pb_image][\/et_pb_column][et_pb_column type=\u00a0\u00bb1_2&Prime; _builder_version=\u00a0\u00bb4.17.6&Prime; _module_preset=\u00a0\u00bbdefault\u00a0\u00bb global_colors_info=\u00a0\u00bb{}\u00a0\u00bb theme_builder_area=\u00a0\u00bbpost_content\u00a0\u00bb][et_pb_image src=\u00a0\u00bbhttps:\/\/catholiques17.fr\/montlieu\/wp-content\/uploads\/sites\/22\/2023\/03\/Affiches-A3-12.jpg\u00a0\u00bb title_text=\u00a0\u00bbAffiches-A3-12&Prime; align=\u00a0\u00bbcenter\u00a0\u00bb _builder_version=\u00a0\u00bb4.17.6&Prime; _module_preset=\u00a0\u00bbdefault\u00a0\u00bb border_radii=\u00a0\u00bboff|20px||20px|\u00a0\u00bb border_width_all=\u00a0\u00bb1px\u00a0\u00bb border_color_all=\u00a0\u00bb#0C71C3&Prime; global_colors_info=\u00a0\u00bb{}\u00a0\u00bb theme_builder_area=\u00a0\u00bbpost_content\u00a0\u00bb][\/et_pb_image][\/et_pb_column][\/et_pb_row][\/et_pb_section]<\/p>\n","protected":false},"excerpt":{"rendered":"<p>Le cat\u00e9 s\u2019adresse aux enfants baptis\u00e9s ou non qui sont en CE2 ou qui ont 8 ans. La premi\u00e8re des communions ou le bapt\u00eame sont c\u00e9l\u00e9br\u00e9s au terme de la [&hellip;]<\/p>\n","protected":false},"author":31,"featured_media":0,"parent":5631,"menu_order":0,"comment_status":"closed","ping_status":"closed","template":"","meta":{"_et_pb_use_builder":"on","_et_pb_old_content":"<!-- wp:paragraph -->\n<p>Le cat\u00e9 s\u2019adresse aux enfants baptis\u00e9s ou non qui sont en CE2 ou qui ont 8 ans. La premi\u00e8re communion ou le bapt\u00eame sont c\u00e9l\u00e9br\u00e9s au terme de la deuxi\u00e8me ann\u00e9e de cat\u00e9ch\u00e8se.<\/p>\n<!-- \/wp:paragraph -->\n\n<!-- wp:paragraph -->\n<p>Inscription \u00e0 la Cat\u00e9ch\u00e8se<\/p>\n<!-- \/wp:paragraph -->\n\n<!-- wp:paragraph -->\n<p>Tous&nbsp; les&nbsp; enfants qui&nbsp; rentrent&nbsp; en&nbsp; CE2 en septembre 2021 ou qui sont dans une classe sup\u00e9rieure , qu\u2019ils&nbsp; soient&nbsp; baptis\u00e9s&nbsp; ou&nbsp; non , sont&nbsp; invit\u00e9s&nbsp; \u00e0&nbsp; s\u2019inscrire&nbsp; \u00e0&nbsp; la&nbsp; cat\u00e9ch\u00e8se. Il est possible de prendre contact avec les responsables de votre paroisse ( les coordonn\u00e9es sont en premi\u00e8re page de ce num\u00e9ro du \u00ab&nbsp;Lien\u00bb) pour&nbsp; les&nbsp; inscriptions&nbsp; ou pour&nbsp; divers&nbsp; renseignements.&nbsp; Les&nbsp; inscriptions&nbsp; peuvent&nbsp; se&nbsp; faire aussi&nbsp; par&nbsp; t\u00e9l\u00e9phone&nbsp;05.46.04.44.41 ou&nbsp; par&nbsp; internet .<\/p>\n<!-- \/wp:paragraph -->\n\n<!-- wp:paragraph -->\n<p><br><br>La profession de foi est c\u00e9l\u00e9br\u00e9e en 6\u00e9me. Les inscriptions se font \u00e0 la Maison paroissiale en septembre. Les lieux de cat\u00e9ch\u00e8se&nbsp;: Montlieu et Montguyon (en fonction des inscriptions)<\/p>\n<!-- \/wp:paragraph -->","_et_gb_content_width":"","footnotes":""},"class_list":["post-4745","page","type-page","status-publish","hentry"],"_links":{"self":[{"href":"https:\/\/catholiques17.fr\/montlieu\/wp-json\/wp\/v2\/pages\/4745","targetHints":{"allow":["GET"]}}],"collection":[{"href":"https:\/\/catholiques17.fr\/montlieu\/wp-json\/wp\/v2\/pages"}],"about":[{"href":"https:\/\/catholiques17.fr\/montlieu\/wp-json\/wp\/v2\/types\/page"}],"author":[{"embeddable":true,"href":"https:\/\/catholiques17.fr\/montlieu\/wp-json\/wp\/v2\/users\/31"}],"replies":[{"embeddable":true,"href":"https:\/\/catholiques17.fr\/montlieu\/wp-json\/wp\/v2\/comments?post=4745"}],"version-history":[{"count":6,"href":"https:\/\/catholiques17.fr\/montlieu\/wp-json\/wp\/v2\/pages\/4745\/revisions"}],"predecessor-version":[{"id":5911,"href":"https:\/\/catholiques17.fr\/montlieu\/wp-json\/wp\/v2\/pages\/4745\/revisions\/5911"}],"up":[{"embeddable":true,"href":"https:\/\/catholiques17.fr\/montlieu\/wp-json\/wp\/v2\/pages\/5631"}],"wp:attachment":[{"href":"https:\/\/catholiques17.fr\/montlieu\/wp-json\/wp\/v2\/media?parent=4745"}],"curies":[{"name":"wp","href":"https:\/\/api.w.org\/{rel}","templated":true}]}}