{"id":4723,"date":"2021-03-25T13:23:37","date_gmt":"2021-03-25T12:23:37","guid":{"rendered":"https:\/\/catholiques17.fr\/montlieu\/?page_id=4723"},"modified":"2023-03-22T10:19:23","modified_gmt":"2023-03-22T09:19:23","slug":"la-reconciliation","status":"publish","type":"page","link":"https:\/\/catholiques17.fr\/montlieu\/leglise-vous-accompagne\/la-reconciliation\/","title":{"rendered":"La r\u00e9conciliation"},"content":{"rendered":"<p>[et_pb_section fb_built=\u00a0\u00bb1&Prime; _builder_version=\u00a0\u00bb4.16&Prime; global_colors_info=\u00a0\u00bb{}\u00a0\u00bb theme_builder_area=\u00a0\u00bbpost_content\u00a0\u00bb custom_padding=\u00a0\u00bb5px|||||\u00a0\u00bb][et_pb_row _builder_version=\u00a0\u00bb4.17.6&Prime; _module_preset=\u00a0\u00bbdefault\u00a0\u00bb theme_builder_area=\u00a0\u00bbpost_content\u00a0\u00bb custom_padding=\u00a0\u00bb8px|||||\u00a0\u00bb][et_pb_column _builder_version=\u00a0\u00bb4.17.6&Prime; _module_preset=\u00a0\u00bbdefault\u00a0\u00bb type=\u00a0\u00bb4_4&Prime; theme_builder_area=\u00a0\u00bbpost_content\u00a0\u00bb][et_pb_image src=\u00a0\u00bbhttps:\/\/catholiques17.fr\/montlieu\/wp-content\/uploads\/sites\/22\/2021\/03\/reconciliatino.jpg\u00a0\u00bb _builder_version=\u00a0\u00bb4.17.6&Prime; _module_preset=\u00a0\u00bbdefault\u00a0\u00bb theme_builder_area=\u00a0\u00bbpost_content\u00a0\u00bb title_text=\u00a0\u00bbreconciliatino\u00a0\u00bb align=\u00a0\u00bbcenter\u00a0\u00bb border_radii=\u00a0\u00bbon|20px|20px|20px|20px\u00a0\u00bb animation_style=\u00a0\u00bbslide\u00a0\u00bb hover_enabled=\u00a0\u00bb0&Prime; sticky_enabled=\u00a0\u00bb0&Prime;][\/et_pb_image][\/et_pb_column][\/et_pb_row][et_pb_row _builder_version=\u00a0\u00bb4.17.6&Prime; _module_preset=\u00a0\u00bbdefault\u00a0\u00bb theme_builder_area=\u00a0\u00bbpost_content\u00a0\u00bb][et_pb_column _builder_version=\u00a0\u00bb4.17.6&Prime; _module_preset=\u00a0\u00bbdefault\u00a0\u00bb type=\u00a0\u00bb4_4&Prime; theme_builder_area=\u00a0\u00bbpost_content\u00a0\u00bb][et_pb_text _builder_version=\u00a0\u00bb4.17.6&Prime; _module_preset=\u00a0\u00bbdefault\u00a0\u00bb theme_builder_area=\u00a0\u00bbpost_content\u00a0\u00bb hover_enabled=\u00a0\u00bb0&Prime; sticky_enabled=\u00a0\u00bb0&Prime;]<\/p>\n<p><strong>Le sacrement du Pardon<\/strong><\/p>\n<p><!-- \/divi:paragraph --><!-- divi:paragraph --><\/p>\n<p>Ce sacrement est le signe de l\u2019amour infini de Dieu. Le pardon de Dieu est toujours possible, si nous faisons une d\u00e9marche sinc\u00e8re.<\/p>\n<p><!-- \/divi:paragraph --><!-- divi:paragraph --><\/p>\n<p>Le dialogue avec le pr\u00eatre est le signe efficace de la r\u00e9conciliation avec Dieu et avec nos fr\u00e8res. Des c\u00e9l\u00e9brations sont propos\u00e9es dans les jours qui pr\u00e9c\u00e8dent les grandes f\u00eates chr\u00e9tiennes\u00a0: No\u00ebl, P\u00e2ques, etc\u2026. A ces occasions, il est toujours possible de prendre rendez-vous avec un pr\u00eatre.<\/p>\n<p>Se renseigner aupr\u00e8s du pr\u00eatre, qui vous conseillera.<\/p>\n<p>[\/et_pb_text][\/et_pb_column][\/et_pb_row][\/et_pb_section]<\/p>\n","protected":false},"excerpt":{"rendered":"<p>Le sacrement du Pardon Ce sacrement est le signe de l\u2019amour infini de Dieu. Le pardon de Dieu est toujours possible, si nous faisons une d\u00e9marche sinc\u00e8re. Le dialogue avec [&hellip;]<\/p>\n","protected":false},"author":31,"featured_media":0,"parent":5635,"menu_order":0,"comment_status":"closed","ping_status":"closed","template":"","meta":{"_et_pb_use_builder":"on","_et_pb_old_content":"<!-- wp:paragraph -->\n<p><strong>Le sacrement du Pardon<\/strong><\/p>\n<!-- \/wp:paragraph -->\n\n<!-- wp:paragraph -->\n<p>Ce sacrement est le signe de l\u2019amour infini de Dieu. Le pardon de Dieu est toujours possible, si nous faisons une d\u00e9marche sinc\u00e8re.<\/p>\n<!-- \/wp:paragraph -->\n\n<!-- wp:paragraph -->\n<p>Le dialogue avec le pr\u00eatre est le signe efficace de la r\u00e9conciliation avec Dieu et avec nos fr\u00e8res. Des c\u00e9l\u00e9brations sont propos\u00e9es dans les jours qui pr\u00e9c\u00e8dent les grandes f\u00eates chr\u00e9tiennes&nbsp;: No\u00ebl, P\u00e2ques, etc\u2026. A ces occasions, il est toujours possible de prendre rendez-vous avec un pr\u00eatre. Se renseigner aupr\u00e8s du P\u00e8re  qui vous conseillera.<\/p>\n<!-- \/wp:paragraph -->\n\n<!-- wp:image {\"id\":4724,\"sizeSlug\":\"large\",\"linkDestination\":\"none\",\"className\":\"is-style-rounded\"} -->\n<figure class=\"wp-block-image size-large is-style-rounded\"><img src=\"https:\/\/catholiques17.fr\/montlieu\/wp-content\/uploads\/sites\/22\/2021\/03\/reconciliatino.jpg\" alt=\"\" class=\"wp-image-4724\"\/><\/figure>\n<!-- \/wp:image -->","_et_gb_content_width":"","footnotes":""},"class_list":["post-4723","page","type-page","status-publish","hentry"],"_links":{"self":[{"href":"https:\/\/catholiques17.fr\/montlieu\/wp-json\/wp\/v2\/pages\/4723","targetHints":{"allow":["GET"]}}],"collection":[{"href":"https:\/\/catholiques17.fr\/montlieu\/wp-json\/wp\/v2\/pages"}],"about":[{"href":"https:\/\/catholiques17.fr\/montlieu\/wp-json\/wp\/v2\/types\/page"}],"author":[{"embeddable":true,"href":"https:\/\/catholiques17.fr\/montlieu\/wp-json\/wp\/v2\/users\/31"}],"replies":[{"embeddable":true,"href":"https:\/\/catholiques17.fr\/montlieu\/wp-json\/wp\/v2\/comments?post=4723"}],"version-history":[{"count":4,"href":"https:\/\/catholiques17.fr\/montlieu\/wp-json\/wp\/v2\/pages\/4723\/revisions"}],"predecessor-version":[{"id":5945,"href":"https:\/\/catholiques17.fr\/montlieu\/wp-json\/wp\/v2\/pages\/4723\/revisions\/5945"}],"up":[{"embeddable":true,"href":"https:\/\/catholiques17.fr\/montlieu\/wp-json\/wp\/v2\/pages\/5635"}],"wp:attachment":[{"href":"https:\/\/catholiques17.fr\/montlieu\/wp-json\/wp\/v2\/media?parent=4723"}],"curies":[{"name":"wp","href":"https:\/\/api.w.org\/{rel}","templated":true}]}}