{"id":4715,"date":"2021-03-25T13:16:25","date_gmt":"2021-03-25T12:16:25","guid":{"rendered":"https:\/\/catholiques17.fr\/montlieu\/?page_id=4715"},"modified":"2023-03-22T10:15:52","modified_gmt":"2023-03-22T09:15:52","slug":"la-confirmation","status":"publish","type":"page","link":"https:\/\/catholiques17.fr\/montlieu\/leglise-vous-accompagne\/la-confirmation\/","title":{"rendered":"La confirmation"},"content":{"rendered":"<p>[et_pb_section fb_built=\u00a0\u00bb1&Prime; _builder_version=\u00a0\u00bb4.16&Prime; global_colors_info=\u00a0\u00bb{}\u00a0\u00bb theme_builder_area=\u00a0\u00bbpost_content\u00a0\u00bb custom_padding=\u00a0\u00bb7px|||||\u00a0\u00bb][et_pb_row _builder_version=\u00a0\u00bb4.17.6&Prime; _module_preset=\u00a0\u00bbdefault\u00a0\u00bb theme_builder_area=\u00a0\u00bbpost_content\u00a0\u00bb custom_padding=\u00a0\u00bb6px|||||\u00a0\u00bb][et_pb_column _builder_version=\u00a0\u00bb4.17.6&Prime; _module_preset=\u00a0\u00bbdefault\u00a0\u00bb type=\u00a0\u00bb4_4&Prime; theme_builder_area=\u00a0\u00bbpost_content\u00a0\u00bb][et_pb_image src=\u00a0\u00bbhttps:\/\/catholiques17.fr\/montlieu\/wp-content\/uploads\/sites\/22\/2023\/03\/Confirmation.jpg\u00a0\u00bb _builder_version=\u00a0\u00bb4.17.6&Prime; _module_preset=\u00a0\u00bbdefault\u00a0\u00bb theme_builder_area=\u00a0\u00bbpost_content\u00a0\u00bb title_text=\u00a0\u00bbConfirmation\u00a0\u00bb align=\u00a0\u00bbcenter\u00a0\u00bb animation_style=\u00a0\u00bbslide\u00a0\u00bb border_radii=\u00a0\u00bbon|20px|20px|20px|20px\u00a0\u00bb hover_enabled=\u00a0\u00bb0&Prime; sticky_enabled=\u00a0\u00bb0&Prime;][\/et_pb_image][\/et_pb_column][\/et_pb_row][et_pb_row _builder_version=\u00a0\u00bb4.17.6&Prime; _module_preset=\u00a0\u00bbdefault\u00a0\u00bb theme_builder_area=\u00a0\u00bbpost_content\u00a0\u00bb][et_pb_column _builder_version=\u00a0\u00bb4.17.6&Prime; _module_preset=\u00a0\u00bbdefault\u00a0\u00bb type=\u00a0\u00bb4_4&Prime; theme_builder_area=\u00a0\u00bbpost_content\u00a0\u00bb][et_pb_text _builder_version=\u00a0\u00bb4.17.6&Prime; _module_preset=\u00a0\u00bbdefault\u00a0\u00bb theme_builder_area=\u00a0\u00bbpost_content\u00a0\u00bb hover_enabled=\u00a0\u00bb0&Prime; sticky_enabled=\u00a0\u00bb0&Prime;]<\/p>\n<p><strong>La confirmation est un sacrement. Recevoir la confirmation, c\u2019est recevoir les dons de l\u2019Esprit Saint, promesse d\u2019une vie enracin\u00e9e en Christ. En recevant ce sacrement, le chr\u00e9tien r\u00e9pond \u00e0 l\u2019amour que Dieu lui porte et s\u2019engage \u00e0 en \u00eatre le t\u00e9moin.<\/strong><\/p>\n<p>[\/et_pb_text][\/et_pb_column][\/et_pb_row][et_pb_row _builder_version=\u00a0\u00bb4.17.6&Prime; _module_preset=\u00a0\u00bbdefault\u00a0\u00bb theme_builder_area=\u00a0\u00bbpost_content\u00a0\u00bb][et_pb_column _builder_version=\u00a0\u00bb4.17.6&Prime; _module_preset=\u00a0\u00bbdefault\u00a0\u00bb type=\u00a0\u00bb4_4&Prime; theme_builder_area=\u00a0\u00bbpost_content\u00a0\u00bb][et_pb_text _builder_version=\u00a0\u00bb4.17.6&Prime; _module_preset=\u00a0\u00bbdefault\u00a0\u00bb theme_builder_area=\u00a0\u00bbpost_content\u00a0\u00bb hover_enabled=\u00a0\u00bb0&Prime; sticky_enabled=\u00a0\u00bb0&Prime;]<\/p>\n<div class=\"et_pb_module et_pb_text et_pb_text_1  et_pb_text_align_left et_pb_bg_layout_light\">\n<div class=\"et_pb_text_inner\">\n<p>Au temps de l\u2019adolescence et \u00e0 l\u2019\u00e2ge adulte, la d\u00e9marche de pr\u00e9paration s\u2019\u00e9tale sur une ou deux ann\u00e9es. Une rencontre commune avec l\u2019\u00e9v\u00eaque pour un temps d\u2019approfondissement et de cat\u00e9ch\u00e8se permet aux futurs confirm\u00e9s et \u00e0 leurs accompagnateurs de vivre une exp\u00e9rience forte d\u2019\u00c9glise dioc\u00e9saine. Une journ\u00e9e dioc\u00e9saine se d\u00e9roule chaque ann\u00e9e avec ceux qui se pr\u00e9parent \u00e0 la confirmation.<\/p>\n<\/div>\n<\/div>\n<div class=\"et_pb_module et_pb_text et_pb_text_2  et_pb_text_align_left et_pb_bg_layout_light\">\n<div class=\"et_pb_text_inner\">\n<p><strong>\u201cSois marqu\u00e9 de l\u2019Esprit saint, le don de Dieu\u201d : <\/strong>telle est la parole prononc\u00e9e par celui qui confirme et impose la main pour l\u2019onction d\u2019huile, c\u2019est une parole tr\u00e8s forte. Par la confirmation, le baptis\u00e9 re\u00e7oit la marque de l\u2019Esprit du P\u00e8re et du Fils. Il l\u2019a d\u00e9j\u00e0 re\u00e7ue quand il plongeait dans l\u2019eau du bapt\u00eame, il continue de la recevoir par l\u2019onction de la confirmation. Cette marque est comme une trace ind\u00e9l\u00e9bile qui exprime un don de Dieu, le don qu\u2019il fait au baptis\u00e9 de sa propre vie, de son propre esprit, de sa puissance d\u2019amour et de vie.<\/p>\n<\/div>\n<\/div>\n<p>[\/et_pb_text][\/et_pb_column][\/et_pb_row][et_pb_row _builder_version=\u00a0\u00bb4.17.6&Prime; _module_preset=\u00a0\u00bbdefault\u00a0\u00bb theme_builder_area=\u00a0\u00bbpost_content\u00a0\u00bb][et_pb_column _builder_version=\u00a0\u00bb4.17.6&Prime; _module_preset=\u00a0\u00bbdefault\u00a0\u00bb type=\u00a0\u00bb4_4&Prime; theme_builder_area=\u00a0\u00bbpost_content\u00a0\u00bb][et_pb_divider _builder_version=\u00a0\u00bb4.17.6&Prime; _module_preset=\u00a0\u00bbdefault\u00a0\u00bb theme_builder_area=\u00a0\u00bbpost_content\u00a0\u00bb hover_enabled=\u00a0\u00bb0&Prime; sticky_enabled=\u00a0\u00bb0&Prime;][\/et_pb_divider][\/et_pb_column][\/et_pb_row][et_pb_row _builder_version=\u00a0\u00bb4.17.6&Prime; _module_preset=\u00a0\u00bbdefault\u00a0\u00bb theme_builder_area=\u00a0\u00bbpost_content\u00a0\u00bb][et_pb_column _builder_version=\u00a0\u00bb4.17.6&Prime; _module_preset=\u00a0\u00bbdefault\u00a0\u00bb type=\u00a0\u00bb4_4&Prime; theme_builder_area=\u00a0\u00bbpost_content\u00a0\u00bb][et_pb_text _builder_version=\u00a0\u00bb4.17.6&Prime; _module_preset=\u00a0\u00bbdefault\u00a0\u00bb theme_builder_area=\u00a0\u00bbpost_content\u00a0\u00bb hover_enabled=\u00a0\u00bb0&Prime; sticky_enabled=\u00a0\u00bb0&Prime;]<\/p>\n<p>Dans la confirmation, nous sommes marqu\u00e9s par un geste d\u2019onction, avec de l\u2019huile parfum\u00e9e, qu\u2019on appelle \u201csaint-chr\u00eame\u201d, un geste plein de douceur. Les mots \u201cchrist\u201d et \u201cchr\u00eame\u201d ont la m\u00eame racine. Est \u201cchrist\u201d celui qui a re\u00e7u l\u2019onction d\u2019huile.<\/p>\n<p>L\u2019huile assouplit les sportifs et les rend forts.<\/p>\n<p>Le parfum a ceci de particulier qu\u2019il se diffuse quasiment \u00e0 notre insu. On dit souvent que certaines personnes respirent la joie, la bont\u00e9, \u00e0 travers ce qu\u2019elles disent et ce qu\u2019elles font, mais aussi \u00e0 travers ce qu\u2019elles sont.<\/p>\n<p>Nous portons des marques sur nos traits, sur notre corps qui rappellent nos parents. De m\u00eame, le bapt\u00eame et la confirmation nous marquent \u00e0 jamais : nous sommes les fils et les filles de Dieu, habit\u00e9s par son Esprit.<\/p>\n<p>[\/et_pb_text][\/et_pb_column][\/et_pb_row][et_pb_row _builder_version=\u00a0\u00bb4.17.6&Prime; _module_preset=\u00a0\u00bbdefault\u00a0\u00bb theme_builder_area=\u00a0\u00bbpost_content\u00a0\u00bb][et_pb_column _builder_version=\u00a0\u00bb4.17.6&Prime; _module_preset=\u00a0\u00bbdefault\u00a0\u00bb type=\u00a0\u00bb4_4&Prime; theme_builder_area=\u00a0\u00bbpost_content\u00a0\u00bb][et_pb_divider _builder_version=\u00a0\u00bb4.17.6&Prime; _module_preset=\u00a0\u00bbdefault\u00a0\u00bb theme_builder_area=\u00a0\u00bbpost_content\u00a0\u00bb hover_enabled=\u00a0\u00bb0&Prime; sticky_enabled=\u00a0\u00bb0&Prime;][\/et_pb_divider][\/et_pb_column][\/et_pb_row][et_pb_row _builder_version=\u00a0\u00bb4.17.6&Prime; _module_preset=\u00a0\u00bbdefault\u00a0\u00bb theme_builder_area=\u00a0\u00bbpost_content\u00a0\u00bb][et_pb_column _builder_version=\u00a0\u00bb4.17.6&Prime; _module_preset=\u00a0\u00bbdefault\u00a0\u00bb type=\u00a0\u00bb4_4&Prime; theme_builder_area=\u00a0\u00bbpost_content\u00a0\u00bb][et_pb_text _builder_version=\u00a0\u00bb4.17.6&Prime; _module_preset=\u00a0\u00bbdefault\u00a0\u00bb theme_builder_area=\u00a0\u00bbpost_content\u00a0\u00bb hover_enabled=\u00a0\u00bb0&Prime; sticky_enabled=\u00a0\u00bb0&Prime;]<\/p>\n<p>Vous souhaitez obtenir des informations pour vous pr\u00e9parer ou pr\u00e9parer votre enfant au sacrement de la confirmation ?<\/p>\n<p><span style=\"text-decoration: underline;\">Contactez-nous<\/span> : 05 46 04 44 41 &#8211; <a href=\"mailto:paroisse.saintetheresemontlieu@gmail.com\" target=\"_blank\" rel=\"noopener\"><span data-sheets-formula-bar-text-style=\"font-size:13px;color:#000000;font-weight:normal;text-decoration:none;font-family:'Arial';font-style:normal;text-decoration-skip-ink:none;\">paroisse.saintetheresemontlieu@gmail.com<\/span><\/a><\/p>\n<p>[\/et_pb_text][\/et_pb_column][\/et_pb_row][\/et_pb_section]<\/p>\n","protected":false},"excerpt":{"rendered":"<p>La confirmation est un sacrement. Recevoir la confirmation, c\u2019est recevoir les dons de l\u2019Esprit Saint, promesse d\u2019une vie enracin\u00e9e en Christ. En recevant ce sacrement, le chr\u00e9tien r\u00e9pond \u00e0 l\u2019amour [&hellip;]<\/p>\n","protected":false},"author":31,"featured_media":0,"parent":5635,"menu_order":0,"comment_status":"closed","ping_status":"closed","template":"","meta":{"_et_pb_use_builder":"on","_et_pb_old_content":"<!-- wp:image {\"align\":\"center\",\"id\":4716,\"sizeSlug\":\"large\",\"linkDestination\":\"none\",\"className\":\"is-style-rounded\"} -->\n<figure class=\"wp-block-image aligncenter size-large is-style-rounded\"><img src=\"https:\/\/catholiques17.fr\/montlieu\/wp-content\/uploads\/sites\/22\/2021\/03\/confirmation.jpg\" alt=\"\" class=\"wp-image-4716\"\/><\/figure>\n<!-- \/wp:image -->\n\n<!-- wp:paragraph -->\n<p>C\u2019est le don de la force de l\u2019Esprit Saint. La&nbsp;confirmation est un sacrement est un sacrement propos\u00e9 aux jeunes \u00e0 partir de la 4\u00e9me-3\u00e9me et aux adultes.<\/p>\n<!-- \/wp:paragraph -->\n\n<!-- wp:heading {\"level\":5} -->\n<h5>Contacter <\/h5>\n<!-- \/wp:heading -->","_et_gb_content_width":"","footnotes":""},"class_list":["post-4715","page","type-page","status-publish","hentry"],"_links":{"self":[{"href":"https:\/\/catholiques17.fr\/montlieu\/wp-json\/wp\/v2\/pages\/4715","targetHints":{"allow":["GET"]}}],"collection":[{"href":"https:\/\/catholiques17.fr\/montlieu\/wp-json\/wp\/v2\/pages"}],"about":[{"href":"https:\/\/catholiques17.fr\/montlieu\/wp-json\/wp\/v2\/types\/page"}],"author":[{"embeddable":true,"href":"https:\/\/catholiques17.fr\/montlieu\/wp-json\/wp\/v2\/users\/31"}],"replies":[{"embeddable":true,"href":"https:\/\/catholiques17.fr\/montlieu\/wp-json\/wp\/v2\/comments?post=4715"}],"version-history":[{"count":5,"href":"https:\/\/catholiques17.fr\/montlieu\/wp-json\/wp\/v2\/pages\/4715\/revisions"}],"predecessor-version":[{"id":5942,"href":"https:\/\/catholiques17.fr\/montlieu\/wp-json\/wp\/v2\/pages\/4715\/revisions\/5942"}],"up":[{"embeddable":true,"href":"https:\/\/catholiques17.fr\/montlieu\/wp-json\/wp\/v2\/pages\/5635"}],"wp:attachment":[{"href":"https:\/\/catholiques17.fr\/montlieu\/wp-json\/wp\/v2\/media?parent=4715"}],"curies":[{"name":"wp","href":"https:\/\/api.w.org\/{rel}","templated":true}]}}