{"id":4712,"date":"2021-03-25T13:14:46","date_gmt":"2021-03-25T12:14:46","guid":{"rendered":"https:\/\/catholiques17.fr\/montlieu\/?page_id=4712"},"modified":"2023-03-22T10:28:16","modified_gmt":"2023-03-22T09:28:16","slug":"le-bapteme","status":"publish","type":"page","link":"https:\/\/catholiques17.fr\/montlieu\/leglise-vous-accompagne\/le-bapteme\/","title":{"rendered":"Le Bapt\u00eame"},"content":{"rendered":"<p>[et_pb_section fb_built=\u00a0\u00bb1&Prime; _builder_version=\u00a0\u00bb4.16&Prime; global_colors_info=\u00a0\u00bb{}\u00a0\u00bb theme_builder_area=\u00a0\u00bbpost_content\u00a0\u00bb custom_padding=\u00a0\u00bb14px|||||\u00a0\u00bb][et_pb_row _builder_version=\u00a0\u00bb4.17.6&Prime; _module_preset=\u00a0\u00bbdefault\u00a0\u00bb theme_builder_area=\u00a0\u00bbpost_content\u00a0\u00bb custom_padding=\u00a0\u00bb3px|||||\u00a0\u00bb][et_pb_column _builder_version=\u00a0\u00bb4.17.6&Prime; _module_preset=\u00a0\u00bbdefault\u00a0\u00bb type=\u00a0\u00bb4_4&Prime; theme_builder_area=\u00a0\u00bbpost_content\u00a0\u00bb][et_pb_image src=\u00a0\u00bbhttps:\/\/catholiques17.fr\/montlieu\/wp-content\/uploads\/sites\/22\/2023\/03\/Bapteme.jpg\u00a0\u00bb _builder_version=\u00a0\u00bb4.17.6&Prime; _module_preset=\u00a0\u00bbdefault\u00a0\u00bb theme_builder_area=\u00a0\u00bbpost_content\u00a0\u00bb title_text=\u00a0\u00bbBapt\u00eame\u00a0\u00bb align=\u00a0\u00bbcenter\u00a0\u00bb border_radii=\u00a0\u00bbon|20px|20px|20px|20px\u00a0\u00bb animation_style=\u00a0\u00bbslide\u00a0\u00bb hover_enabled=\u00a0\u00bb0&Prime; sticky_enabled=\u00a0\u00bb0&Prime;][\/et_pb_image][\/et_pb_column][\/et_pb_row][et_pb_row _builder_version=\u00a0\u00bb4.17.6&Prime; _module_preset=\u00a0\u00bbdefault\u00a0\u00bb theme_builder_area=\u00a0\u00bbpost_content\u00a0\u00bb][et_pb_column _builder_version=\u00a0\u00bb4.17.6&Prime; _module_preset=\u00a0\u00bbdefault\u00a0\u00bb type=\u00a0\u00bb4_4&Prime; theme_builder_area=\u00a0\u00bbpost_content\u00a0\u00bb][et_pb_text _builder_version=\u00a0\u00bb4.17.6&Prime; _module_preset=\u00a0\u00bbdefault\u00a0\u00bb theme_builder_area=\u00a0\u00bbpost_content\u00a0\u00bb hover_enabled=\u00a0\u00bb0&Prime; sticky_enabled=\u00a0\u00bb0&Prime;]<\/p>\n<p><strong>LE BAPTEME, C\u2019EST QUOI ?<\/strong><\/p>\n<p><!-- \/divi:paragraph --><!-- divi:paragraph --><\/p>\n<p>Nous sommes tr\u00e8s nombreux \u00e0 demander le bapt\u00eame pour notre enfant ou pour nous-m\u00eames\u00a0: c\u2019est un engagement auquel nous tenons tr\u00e8s fort. Mais il peut arriver aussi que nous cherchions \u00e0 nous \u00e9clairer sur le vrai sens de cette d\u00e9marche et le sens de cet engagement.<\/p>\n<p>[\/et_pb_text][\/et_pb_column][\/et_pb_row][et_pb_row _builder_version=\u00a0\u00bb4.17.6&Prime; _module_preset=\u00a0\u00bbdefault\u00a0\u00bb theme_builder_area=\u00a0\u00bbpost_content\u00a0\u00bb][et_pb_column _builder_version=\u00a0\u00bb4.17.6&Prime; _module_preset=\u00a0\u00bbdefault\u00a0\u00bb type=\u00a0\u00bb4_4&Prime; theme_builder_area=\u00a0\u00bbpost_content\u00a0\u00bb][et_pb_text _builder_version=\u00a0\u00bb4.17.6&Prime; _module_preset=\u00a0\u00bbdefault\u00a0\u00bb theme_builder_area=\u00a0\u00bbpost_content\u00a0\u00bb hover_enabled=\u00a0\u00bb0&Prime; sticky_enabled=\u00a0\u00bb0&Prime;]<\/p>\n<p>Quelques rep\u00e8res peuvent nous aider \u00e0 mieux comprendre le sens de cet acte qui fonde toute vie chr\u00e9tienne :<\/p>\n<p><!-- \/divi:paragraph --><!-- divi:list --><\/p>\n<ul><!-- divi:list-item --><\/p>\n<li>Le bapt\u00eame est un engagement\u00a0<strong>essentiellement chr\u00e9tien\u00a0<\/strong>qui demande un\u00a0<strong>lien avec la Foi en J\u00e9sus-Christ.\u00a0<\/strong>Ainsi un bapt\u00eame ne peut jamais \u00eatre s\u00e9par\u00e9 de Dieu\u2026sinon c\u2019est tout sauf un bapt\u00eame. \u00ab Baptiser \u00bb signifie \u00ab baigner \u00bb. Par le bapt\u00eame, nous baignons dans la Vie de Dieu pour ensuite \u00eatre les porte-paroles de cette Vie de Dieu, l\u00e0 o\u00f9 nous vivons.<\/li>\n<p><!-- \/divi:list-item --><!-- divi:list-item --><\/p>\n<li>Le bapt\u00eame n\u2019est pas d\u2019abord une simple c\u00e9l\u00e9bration, mais\u00a0<strong>un engagement libre,\u00a0<\/strong>pour toute une vie, d\u2019une personne \u00e0 la suite du Christ. C\u2019est lorsque le bapt\u00eame est\u00a0<strong>v\u00e9cu tout<\/strong><strong>\u00a0au long de la vie\u00a0<\/strong>qu\u2019il trouve son sens et non pas seulement lorsqu\u2019il est c\u00e9l\u00e9br\u00e9 et enregistr\u00e9.<\/li>\n<p><!-- \/divi:list-item --><!-- divi:list-item --><\/p>\n<li>Le bapt\u00eame est\u00a0<strong>unique<\/strong>, m\u00eame si aujourd\u2019hui, nous d\u00e9couvrons que le geste baptismal se r\u00e9alise de fa\u00e7ons diverses, \u00e0 divers moments de la vie et dans diverses religions chr\u00e9tiennes. Ce qui fonde son unit\u00e9, c\u2019est\u00a0<strong>la commune r\u00e9f\u00e9rence au Christ ressuscit\u00e9, \u00e0 l\u2019Eglise et \u00e0 la Parole de Dieu.\u00a0<\/strong>Il n\u2019est pas possible d\u2019appeler \u00ab bapt\u00eame \u00bb ce qui ne fait pas explicitement de lien avec Dieu et J\u00e9sus mort et ressuscit\u00e9.<\/li>\n<p><!-- \/divi:list-item --><!-- divi:list-item --><\/p>\n<li>De plus en plus, le\u00a0<strong>bapt\u00eame se vit \u00e0 tout \u00e2ge<\/strong>. Le bapt\u00eame n\u2019est pas la f\u00eate de la naissance d\u2019un enfant, m\u00eame s\u2019il est important de se r\u00e9jouir ensemble de l\u2019arriv\u00e9e d\u2019un petit \u00eatre dans une famille, mais c\u2019est une\u00a0<strong>entr\u00e9e libre,\u00a0<\/strong>d\u00e9finitive, de la part de la personne,\u00a0<strong>dans une communion concr\u00e8te avec Dieu.\u00a0<\/strong>Le bapt\u00eame est un bain dans la vie de Dieu. Que tous les baptis\u00e9s retrouvent le sens du bapt\u00eame qu\u2019ils ont c\u00e9l\u00e9br\u00e9 un jour !<\/li>\n<\/ul>\n<p>[\/et_pb_text][\/et_pb_column][\/et_pb_row][et_pb_row _builder_version=\u00a0\u00bb4.17.6&Prime; _module_preset=\u00a0\u00bbdefault\u00a0\u00bb theme_builder_area=\u00a0\u00bbpost_content\u00a0\u00bb][et_pb_column _builder_version=\u00a0\u00bb4.17.6&Prime; _module_preset=\u00a0\u00bbdefault\u00a0\u00bb type=\u00a0\u00bb4_4&Prime; theme_builder_area=\u00a0\u00bbpost_content\u00a0\u00bb][et_pb_divider _builder_version=\u00a0\u00bb4.17.6&Prime; _module_preset=\u00a0\u00bbdefault\u00a0\u00bb theme_builder_area=\u00a0\u00bbpost_content\u00a0\u00bb hover_enabled=\u00a0\u00bb0&Prime; sticky_enabled=\u00a0\u00bb0&Prime;][\/et_pb_divider][\/et_pb_column][\/et_pb_row][et_pb_row _builder_version=\u00a0\u00bb4.17.6&Prime; _module_preset=\u00a0\u00bbdefault\u00a0\u00bb theme_builder_area=\u00a0\u00bbpost_content\u00a0\u00bb][et_pb_column _builder_version=\u00a0\u00bb4.17.6&Prime; _module_preset=\u00a0\u00bbdefault\u00a0\u00bb type=\u00a0\u00bb4_4&Prime; theme_builder_area=\u00a0\u00bbpost_content\u00a0\u00bb][et_pb_text _builder_version=\u00a0\u00bb4.17.6&Prime; _module_preset=\u00a0\u00bbdefault\u00a0\u00bb theme_builder_area=\u00a0\u00bbpost_content\u00a0\u00bb hover_enabled=\u00a0\u00bb0&Prime; sticky_enabled=\u00a0\u00bb0&Prime;]<\/p>\n<ul>\n<li>Les parents qui demandent le bapt\u00eame pour leur\u00a0enfant (de 0 \u00e0 3 ans)\u00a0prennent contact avec la paroisse d\u00e8s qu\u2019ils envisagent la c\u00e9l\u00e9bration \u2013au moins quatre mois avant le jour du bapt\u00eame. Une, deux rencontres de pr\u00e9paration sont alors \u00e0 pr\u00e9voir avec d\u2019autres parents qui demandent \u00e9galement le bapt\u00eame de leur enfant : ces rencontres font partie de la c\u00e9l\u00e9bration du bapt\u00eame ; les dates de ces rencontres vous seront propos\u00e9es lors de l\u2019inscription \u00e0 la paroisse.\u00a0<!-- \/divi:paragraph --><!-- divi:paragraph --><\/li>\n<li>\u00a0Pour les\u00a0enfants de 4 \u00e0 7 ans, une pr\u00e9paration un peu plus soutenue dans le cadre de l\u2019\u00e9veil \u00e0 la foi est pr\u00e9vue avec l\u2019enfant et ses parents, pour l\u2019aider \u00e0 comprendre, \u00e0 sa mesure, son bapt\u00eame.\u00a0<!-- \/divi:paragraph --><!-- divi:paragraph --><\/li>\n<li>Pour ceux et celles qui ont de\u00a08 \u00e0 14 ans, il leur sera propos\u00e9 de vivre deux ann\u00e9es de cat\u00e9ch\u00e8se au cours desquelles le bapt\u00eame sera c\u00e9l\u00e9br\u00e9 par \u00e9tapes.\u00a0<!-- \/divi:paragraph --><!-- divi:paragraph --><\/li>\n<li>Pour\u00a0les jeunes et les adultes\u00a0qui d\u00e9sirent \u00eatre baptis\u00e9s, l\u2019Eglise pr\u00e9voit un cheminement avec un groupe de cat\u00e9chum\u00e9nat, pour mieux comprendre l\u2019engagement du bapt\u00eame ; l\u00e0 aussi le bapt\u00eame se vivra en plusieurs \u00e9tapes et sera c\u00e9l\u00e9br\u00e9 lors de la Veill\u00e9e Pascale.\u00a0\u00a0<!-- \/divi:paragraph --><!-- divi:paragraph --><\/li>\n<li>Dans tous les cas, la personne qui est baptis\u00e9e doit avoir\u00a0un parrain\u00a0ou\u00a0une marraine (ou bien les deux).<br \/>Les parrains et marraines doivent \u00eatre baptis\u00e9s et instruits de l\u2019engagement qu\u2019ils prennent d\u2019aider leur filleul(le) \u00e0 s\u2019\u00e9veiller \u00e0 la foi catholique en collaboration avec les parents et la communaut\u00e9 paroissiale.<\/li>\n<\/ul>\n<p style=\"text-align: center;\">\n<p style=\"text-align: center;\"><!-- \/divi:paragraph --><!-- divi:paragraph --><em>Equipe bapt\u00eame :\u00a0 Marie Bernadette MARTINEZ, Marie-Jo BELLOT<\/em><\/p>\n<p>[\/et_pb_text][\/et_pb_column][\/et_pb_row][et_pb_row _builder_version=\u00a0\u00bb4.16&Prime; background_size=\u00a0\u00bbinitial\u00a0\u00bb background_position=\u00a0\u00bbtop_left\u00a0\u00bb background_repeat=\u00a0\u00bbrepeat\u00a0\u00bb global_colors_info=\u00a0\u00bb{}\u00a0\u00bb theme_builder_area=\u00a0\u00bbpost_content\u00a0\u00bb][et_pb_column type=\u00a0\u00bb4_4&Prime; _builder_version=\u00a0\u00bb4.16&Prime; custom_padding=\u00a0\u00bb|||\u00a0\u00bb global_colors_info=\u00a0\u00bb{}\u00a0\u00bb custom_padding__hover=\u00a0\u00bb|||\u00a0\u00bb theme_builder_area=\u00a0\u00bbpost_content\u00a0\u00bb][et_pb_text _builder_version=\u00a0\u00bb4.17.6&Prime; background_size=\u00a0\u00bbinitial\u00a0\u00bb background_position=\u00a0\u00bbtop_left\u00a0\u00bb background_repeat=\u00a0\u00bbrepeat\u00a0\u00bb hover_enabled=\u00a0\u00bb0&Prime; global_colors_info=\u00a0\u00bb{}\u00a0\u00bb theme_builder_area=\u00a0\u00bbpost_content\u00a0\u00bb sticky_enabled=\u00a0\u00bb0&Prime;]<\/p>\n<p><!-- divi:paragraph --><!-- \/divi:paragraph --><!-- divi:image {\"align\":\"center\",\"id\":4713,\"width\":600,\"height\":401,\"sizeSlug\":\"large\",\"linkDestination\":\"none\",\"className\":\"is-style-default\"} --><\/p>\n<figure class=\"wp-block-image aligncenter size-large is-resized is-style-default\"><img loading=\"lazy\" decoding=\"async\" src=\"https:\/\/catholiques17.fr\/montlieu\/wp-content\/uploads\/sites\/22\/2021\/03\/bapteme.jpg\" alt=\"\" class=\"wp-image-4713\" width=\"600\" height=\"401\" srcset=\"https:\/\/catholiques17.fr\/montlieu\/wp-content\/uploads\/sites\/22\/2021\/03\/bapteme.jpg 600w, https:\/\/catholiques17.fr\/montlieu\/wp-content\/uploads\/sites\/22\/2021\/03\/bapteme-480x320.jpg 480w\" sizes=\"(min-width: 0px) and (max-width: 480px) 480px, (min-width: 481px) 600px, 100vw\" \/><\/p>\n<p>&nbsp;<\/p>\n<p>&nbsp;<\/p>\n<p>Par le bapt\u00eame, nous devenons membre du Corps du Christ, nous entrons dans son Eglise.<\/p>\n<\/figure>\n<p><!-- \/divi:image --><!-- divi:paragraph --><!-- \/divi:paragraph --><\/p>\n<p>[\/et_pb_text][\/et_pb_column][\/et_pb_row][\/et_pb_section]<\/p>\n","protected":false},"excerpt":{"rendered":"<p>LE BAPTEME, C\u2019EST QUOI ? Nous sommes tr\u00e8s nombreux \u00e0 demander le bapt\u00eame pour notre enfant ou pour nous-m\u00eames\u00a0: c\u2019est un engagement auquel nous tenons tr\u00e8s fort. Mais il peut [&hellip;]<\/p>\n","protected":false},"author":31,"featured_media":0,"parent":5635,"menu_order":0,"comment_status":"closed","ping_status":"closed","template":"","meta":{"_et_pb_use_builder":"on","_et_pb_old_content":"<!-- wp:paragraph -->\n<p><\/p>\n<!-- \/wp:paragraph -->\n\n<!-- wp:image {\"align\":\"center\",\"id\":4713,\"width\":600,\"height\":401,\"sizeSlug\":\"large\",\"linkDestination\":\"none\",\"className\":\"is-style-default\"} -->\n<figure class=\"wp-block-image aligncenter size-large is-resized is-style-default\"><img src=\"https:\/\/catholiques17.fr\/montlieu\/wp-content\/uploads\/sites\/22\/2021\/03\/bapteme.jpg\" alt=\"\" class=\"wp-image-4713\" width=\"600\" height=\"401\"\/><figcaption class=\"wp-element-caption\">Par le bapt\u00eame, nous devenons membre du Corps du Christ, nous entrons dans son Eglise.<\/figcaption><\/figure>\n<!-- \/wp:image -->\n\n<!-- wp:paragraph -->\n<p><strong>LE BAPTEME, C\u2019EST QUOI ?<\/strong><\/p>\n<!-- \/wp:paragraph -->\n\n<!-- wp:paragraph -->\n<p>Nous sommes tr\u00e8s nombreux \u00e0 demander le bapt\u00eame pour notre enfant ou pour nous-m\u00eames&nbsp;: c\u2019est un engagement auquel nous tenons tr\u00e8s fort. Mais il peut arriver aussi que nous cherchions \u00e0 nous \u00e9clairer sur le vrai sens de cette d\u00e9marche et le sens de cet engagement.<\/p>\n<!-- \/wp:paragraph -->\n\n<!-- wp:paragraph -->\n<p>Quelques rep\u00e8res peuvent nous aider \u00e0 mieux comprendre le sens de cet acte qui fonde toute vie chr\u00e9tienne :<\/p>\n<!-- \/wp:paragraph -->\n\n<!-- wp:list -->\n<ul><!-- wp:list-item -->\n<li>Le bapt\u00eame est un engagement&nbsp;<strong>essentiellement chr\u00e9tien&nbsp;<\/strong>qui demande un&nbsp;<strong>lien avec la Foi en J\u00e9sus-Christ.&nbsp;<\/strong>Ainsi un bapt\u00eame ne peut jamais \u00eatre s\u00e9par\u00e9 de Dieu\u2026sinon c\u2019est tout sauf un bapt\u00eame. \u00ab Baptiser \u00bb signifie \u00ab baigner \u00bb. Par le bapt\u00eame, nous baignons dans la Vie de Dieu pour ensuite \u00eatre les porte-paroles de cette Vie de Dieu, l\u00e0 o\u00f9 nous vivons.<\/li>\n<!-- \/wp:list-item -->\n\n<!-- wp:list-item -->\n<li>Le bapt\u00eame n\u2019est pas d\u2019abord une simple c\u00e9l\u00e9bration, mais&nbsp;<strong>un engagement libre,&nbsp;<\/strong>pour toute une vie, d\u2019une personne \u00e0 la suite du Christ. C\u2019est lorsque le bapt\u00eame est&nbsp;<strong>v\u00e9cu tout<\/strong><strong>&nbsp;au long de la vie&nbsp;<\/strong>qu\u2019il trouve son sens et non pas seulement lorsqu\u2019il est c\u00e9l\u00e9br\u00e9 et enregistr\u00e9.<\/li>\n<!-- \/wp:list-item -->\n\n<!-- wp:list-item -->\n<li>Le bapt\u00eame est&nbsp;<strong>unique<\/strong>, m\u00eame si aujourd\u2019hui, nous d\u00e9couvrons que le geste baptismal se r\u00e9alise de fa\u00e7ons diverses, \u00e0 divers moments de la vie et dans diverses religions chr\u00e9tiennes. Ce qui fonde son unit\u00e9, c\u2019est&nbsp;<strong>la commune r\u00e9f\u00e9rence au Christ ressuscit\u00e9, \u00e0 l\u2019Eglise et \u00e0 la Parole de Dieu.&nbsp;<\/strong>Il n\u2019est pas possible d\u2019appeler \u00ab bapt\u00eame \u00bb ce qui ne fait pas explicitement de lien avec Dieu et J\u00e9sus mort et ressuscit\u00e9.<\/li>\n<!-- \/wp:list-item -->\n\n<!-- wp:list-item -->\n<li>De plus en plus, le&nbsp;<strong>bapt\u00eame se vit \u00e0 tout \u00e2ge<\/strong>. Le bapt\u00eame n\u2019est pas la f\u00eate de la naissance d\u2019un enfant, m\u00eame s\u2019il est important de se r\u00e9jouir ensemble de l\u2019arriv\u00e9e d\u2019un petit \u00eatre dans une famille, mais c\u2019est une&nbsp;<strong>entr\u00e9e libre,&nbsp;<\/strong>d\u00e9finitive, de la part de la personne,&nbsp;<strong>dans une communion concr\u00e8te avec Dieu.&nbsp;<\/strong>Le bapt\u00eame est un bain dans la vie de Dieu. Que tous les baptis\u00e9s retrouvent le sens du bapt\u00eame qu\u2019ils ont c\u00e9l\u00e9br\u00e9 un jour !<\/li>\n<!-- \/wp:list-item --><\/ul>\n<!-- \/wp:list -->\n\n<!-- wp:paragraph -->\n<p><strong>Demander le bapt\u00e8me :<\/strong><\/p>\n<!-- \/wp:paragraph -->\n\n<!-- wp:paragraph -->\n<p><strong>Le bapt\u00eame<\/strong><\/p>\n<!-- \/wp:paragraph -->\n\n<!-- wp:paragraph -->\n<p><strong>Les parents qui demandent le bapt\u00eame pour leur&nbsp;enfant (de 0 \u00e0 3 ans)&nbsp;prennent contact avec la paroisse d\u00e8s qu\u2019ils envisagent la c\u00e9l\u00e9bration \u2013au moins quatre mois avant le jour du bapt\u00eame. Une, deux rencontres de pr\u00e9paration sont alors \u00e0 pr\u00e9voir avec d\u2019autres parents qui demandent \u00e9galement le bapt\u00eame de leur enfant : ces rencontres font partie de la c\u00e9l\u00e9bration du bapt\u00eame ; les dates de ces rencontres vous seront propos\u00e9es lors de l\u2019inscription \u00e0 la paroisse.&nbsp;<\/strong><\/p>\n<!-- \/wp:paragraph -->\n\n<!-- wp:paragraph -->\n<p><strong>&nbsp;Pour les&nbsp;enfants de 4 \u00e0 7 ans, une pr\u00e9paration un peu plus soutenue dans le cadre de l\u2019\u00e9veil \u00e0 la foi est pr\u00e9vue avec l\u2019enfant et ses parents, pour l\u2019aider \u00e0 comprendre, \u00e0 sa mesure, son bapt\u00eame.&nbsp;<\/strong><\/p>\n<!-- \/wp:paragraph -->\n\n<!-- wp:paragraph -->\n<p><strong>Pour ceux et celles qui ont de&nbsp;8 \u00e0 14 ans, il leur sera propos\u00e9 de vivre deux ann\u00e9es de cat\u00e9ch\u00e8se au cours desquelles le bapt\u00eame sera c\u00e9l\u00e9br\u00e9 par \u00e9tapes.&nbsp;<\/strong><\/p>\n<!-- \/wp:paragraph -->\n\n<!-- wp:paragraph -->\n<p><strong>Pour&nbsp;les jeunes et les adultes&nbsp;qui d\u00e9sirent \u00eatre baptis\u00e9s, l\u2019Eglise pr\u00e9voit un cheminement avec un groupe de cat\u00e9chum\u00e9nat, pour mieux comprendre l\u2019engagement du bapt\u00eame ; l\u00e0 aussi le bapt\u00eame se vivra en plusieurs \u00e9tapes et sera c\u00e9l\u00e9br\u00e9 lors de la Veill\u00e9e Pascale.&nbsp;&nbsp;<\/strong><\/p>\n<!-- \/wp:paragraph -->\n\n<!-- wp:paragraph -->\n<p><strong>Dans tous les cas, la personne qui est baptis\u00e9e doit avoir&nbsp;un parrain&nbsp;ou&nbsp;une marraine (ou bien les deux).<br>Les parrains et marraines doivent \u00eatre baptis\u00e9s et instruits de l\u2019engagement qu\u2019ils prennent d\u2019aider leur filleul(le) \u00e0 s\u2019\u00e9veiller \u00e0 la foi catholique en collaboration avec les parents et la communaut\u00e9 paroissiale.<\/strong><\/p>\n<!-- \/wp:paragraph -->\n\n<!-- wp:paragraph -->\n<p><strong><em>Equipe bapt\u00eame :&nbsp; Marie Bernadette MARTINEZ, Marie-Jo BELLOT<\/em><\/strong><\/p>\n<!-- \/wp:paragraph -->","_et_gb_content_width":"","footnotes":""},"class_list":["post-4712","page","type-page","status-publish","hentry"],"_links":{"self":[{"href":"https:\/\/catholiques17.fr\/montlieu\/wp-json\/wp\/v2\/pages\/4712","targetHints":{"allow":["GET"]}}],"collection":[{"href":"https:\/\/catholiques17.fr\/montlieu\/wp-json\/wp\/v2\/pages"}],"about":[{"href":"https:\/\/catholiques17.fr\/montlieu\/wp-json\/wp\/v2\/types\/page"}],"author":[{"embeddable":true,"href":"https:\/\/catholiques17.fr\/montlieu\/wp-json\/wp\/v2\/users\/31"}],"replies":[{"embeddable":true,"href":"https:\/\/catholiques17.fr\/montlieu\/wp-json\/wp\/v2\/comments?post=4712"}],"version-history":[{"count":5,"href":"https:\/\/catholiques17.fr\/montlieu\/wp-json\/wp\/v2\/pages\/4712\/revisions"}],"predecessor-version":[{"id":5951,"href":"https:\/\/catholiques17.fr\/montlieu\/wp-json\/wp\/v2\/pages\/4712\/revisions\/5951"}],"up":[{"embeddable":true,"href":"https:\/\/catholiques17.fr\/montlieu\/wp-json\/wp\/v2\/pages\/5635"}],"wp:attachment":[{"href":"https:\/\/catholiques17.fr\/montlieu\/wp-json\/wp\/v2\/media?parent=4712"}],"curies":[{"name":"wp","href":"https:\/\/api.w.org\/{rel}","templated":true}]}}