{"id":4688,"date":"2021-03-25T13:02:55","date_gmt":"2021-03-25T12:02:55","guid":{"rendered":"https:\/\/catholiques17.fr\/montlieu\/?page_id=4688"},"modified":"2023-03-23T15:25:14","modified_gmt":"2023-03-23T14:25:14","slug":"4688-2","status":"publish","type":"page","link":"https:\/\/catholiques17.fr\/montlieu\/nos-eglises\/4688-2\/","title":{"rendered":"Eglise Saint Palais"},"content":{"rendered":"<p>[et_pb_section fb_built=\u00a0\u00bb1&Prime; _builder_version=\u00a0\u00bb4.17.6&Prime; _module_preset=\u00a0\u00bbdefault\u00a0\u00bb custom_padding=\u00a0\u00bb8px|||||\u00a0\u00bb global_colors_info=\u00a0\u00bb{}\u00a0\u00bb theme_builder_area=\u00a0\u00bbet_body_layout\u00a0\u00bb][et_pb_row _builder_version=\u00a0\u00bb4.17.6&Prime; _module_preset=\u00a0\u00bbdefault\u00a0\u00bb custom_padding=\u00a0\u00bb14px|||||\u00a0\u00bb global_colors_info=\u00a0\u00bb{}\u00a0\u00bb theme_builder_area=\u00a0\u00bbet_body_layout\u00a0\u00bb][et_pb_column type=\u00a0\u00bb4_4&Prime; _builder_version=\u00a0\u00bb4.17.6&Prime; _module_preset=\u00a0\u00bbdefault\u00a0\u00bb global_colors_info=\u00a0\u00bb{}\u00a0\u00bb theme_builder_area=\u00a0\u00bbet_body_layout\u00a0\u00bb][et_pb_image src=\u00a0\u00bbhttps:\/\/catholiques17.fr\/montlieu\/wp-content\/uploads\/sites\/22\/2023\/03\/466_02.jpg\u00a0\u00bb title_text=\u00a0\u00bb466_02&Prime; align=\u00a0\u00bbcenter\u00a0\u00bb _builder_version=\u00a0\u00bb4.17.6&Prime; _module_preset=\u00a0\u00bbdefault\u00a0\u00bb animation_style=\u00a0\u00bbslide\u00a0\u00bb hover_enabled=\u00a0\u00bb0&Prime; border_radii=\u00a0\u00bbon|20px|20px|20px|20px\u00a0\u00bb global_colors_info=\u00a0\u00bb{}\u00a0\u00bb theme_builder_area=\u00a0\u00bbet_body_layout\u00a0\u00bb sticky_enabled=\u00a0\u00bb0&Prime;][\/et_pb_image][\/et_pb_column][\/et_pb_row][et_pb_row _builder_version=\u00a0\u00bb4.17.6&Prime; _module_preset=\u00a0\u00bbdefault\u00a0\u00bb global_colors_info=\u00a0\u00bb{}\u00a0\u00bb theme_builder_area=\u00a0\u00bbet_body_layout\u00a0\u00bb][et_pb_column type=\u00a0\u00bb4_4&Prime; _builder_version=\u00a0\u00bb4.17.6&Prime; _module_preset=\u00a0\u00bbdefault\u00a0\u00bb global_colors_info=\u00a0\u00bb{}\u00a0\u00bb theme_builder_area=\u00a0\u00bbet_body_layout\u00a0\u00bb][et_pb_text _builder_version=\u00a0\u00bb4.17.6&Prime; _module_preset=\u00a0\u00bbdefault\u00a0\u00bb hover_enabled=\u00a0\u00bb0&Prime; global_colors_info=\u00a0\u00bb{}\u00a0\u00bb theme_builder_area=\u00a0\u00bbet_body_layout\u00a0\u00bb sticky_enabled=\u00a0\u00bb0&Prime;]<\/p>\n<p><span>Saint-Palais-de-N\u00e9grignac, \u00e9glise Saint-Palais.<\/span><br \/><span class=\"cyan gras\">Implant\u00e9<\/span><span>\u00a0dans un petit village, cet ancien prieur\u00e9 de l&rsquo;Abbaye de Romain-de-Blaye a \u00e9t\u00e9 ravag\u00e9 pendant les guerres de Religion. De l\u2019\u00e9difice du XIIe si\u00e8cle, il ne reste que peu de choses. La reconstruction fut presque totale aux XVe et XVIe si\u00e8cles.<\/span><br \/><span class=\"cyan gras\">La fa\u00e7ade ouest<\/span><span>\u00a0a \u00e9t\u00e9 reconstruite au XVIe si\u00e8cle. En pierre de taille, contrebut\u00e9e en pignon par deux contreforts angulaires. Son porche d\u00e9veloppe une typologie tout \u00e0 fait repr\u00e9sentative pour la r\u00e9gion du gothique tardif.<\/span><br \/><span class=\"cyan gras\">Le portail<\/span><span>\u00a0est constitu\u00e9 d\u2019un arc en accolade formant une pointe d\u00e9cor\u00e9e de feuillages encadr\u00e9s de deux pinacles \u00e0 base prismatique de la m\u00eame hauteur que la pointe de l\u2019arc<\/span><br \/><span class=\"cyan gras\">Une niche<\/span><span>\u00a0est ax\u00e9e dans le haut pignon pentu. Elle remplace l&rsquo;oculus plus habituel dans ce genre de fa\u00e7ade.<\/span><br \/><span>Cette fa\u00e7ade de Saint-Palais-de-N\u00e9grignac est \u00e0 rapprocher de celles de Polignac, Tugeras, Fl\u00e9ac. .<\/span><br \/><span class=\"cyan gras\">Le clocher<\/span><span>\u00a0surplombant la troisi\u00e8me trav\u00e9e est rectangulaire, en moellons;ouvert de chaque c\u00f4t\u00e9 de deux baies en plein cintre.<\/span><br \/><span class=\"cyan gras\">Le toit<\/span><span>\u00a0en tuiles creuses \u00e0 faible pente s&rsquo;appuie sur une corniche \u00e0 modillons. On remarque \u00e0 chaque angle une t\u00eate humaine sculpt\u00e9e. Sur le c\u00f4t\u00e9 sud, la tour d&rsquo;escalier qui m\u00e8ne au clocher est parsem\u00e9e de nombreuses traces de balles.<\/span><br \/><span class=\"cyan gras\">La troisi\u00e8me trav\u00e9e<\/span><span>\u00a0sous le clocher laisse appara\u00eetre un arc de d\u00e9charge en plein cintre en bel appareil visible du c\u00f4t\u00e9 nord.<\/span><br \/><span class=\"cyan gras\">Les fen\u00eatres<\/span><span>\u00a0en plein cintre dans le mur sud sont toutes de d\u00e9mentions diff\u00e9rentes.<\/span><br \/><span class=\"cyan gras\">Le ch\u0153ur<\/span><span>\u00a0voit sa baie \u00e0 remplage en partie occult\u00e9e par le toit de la sacristie.<\/span><br \/><span class=\"cyan gras\">Le chevet<\/span><span>, perc\u00e9 d\u2019une large baie, est soutenu par des contreforts angulaires.<\/span><br \/><span class=\"cyan gras\">La nef sud,<span>\u00a0<\/span><\/span><span>comme le mur sud, pr\u00e9sente deux fen\u00eatres \u00e9troites en plein cintre.<\/span><br \/><span class=\"cyan gras\">Les vo\u00fbtes d\u2019ogives<\/span><span>\u00a0portent des clefs pendantes (un blason portant trois fleurs de lys sur celle de la deuxi\u00e8me trav\u00e9e, l\u2019inscription: \u00ab1742. Dono Ludovicus Giraudias\u00bb sur celle de la troisi\u00e8me trav\u00e9e) et deux petits blasons visibles sur le deuxi\u00e8me et troisi\u00e8me arc.<\/span><br \/><span class=\"cyan gras\">Les arcs de la chapelle<\/span><span>, retombant c\u00f4t\u00e9 nef se terminent en cul-de-lampe, repr\u00e9sentent une coquille Saint-Jacqes, valve vers le bas.<\/span><br \/><span class=\"cyan gras\">Le b\u00e9nitier<\/span><span>\u00a0et les fonds baptismaux en pierre, de style n\u00e9o-gothique sont du XIXe si\u00e8cle.<\/span><br \/><span class=\"cyan gras\">Le ma\u00eetre<\/span><span>\u00a0autel en pierre est sign\u00e9 \u00abH\u00e9raud\u00bb de Saintes.<\/span><br \/><span>L\u2019autel de la Vierge, dans la chapelle nord-est aussi command\u00e9e par lui, mais pas sign\u00e9 et fut livr\u00e9 en 1874.<\/span><br \/><span class=\"cyan gras\">La chaire<\/span><span>\u00a0est en pierre avec main-courante en bois.<\/span><br \/><span class=\"cyan gras\">Le lustre<\/span><span>\u00a0en verre dit \u00abde Venise\u00bb, le chemin de croix en pl\u00e2tre polychrome et les statues dites \u00abSaintes sulpiciennes\u00bb.<\/span><br \/><span class=\"cyan gras\">La cloche<\/span><span>\u00a0fut b\u00e9nite le 27 juin 1759 et refondue le 9 mars 1924 apr\u00e8s une chute.<\/span><br \/><span class=\"cyan gras\">Le sol<\/span><span>\u00a0est un pavement de carreaux de terre cuite de facture ancienne.<\/span><\/p>\n<p>[\/et_pb_text][\/et_pb_column][\/et_pb_row][et_pb_row column_structure=\u00a0\u00bb1_3,1_3,1_3&Prime; _builder_version=\u00a0\u00bb4.17.6&Prime; _module_preset=\u00a0\u00bbdefault\u00a0\u00bb global_colors_info=\u00a0\u00bb{}\u00a0\u00bb theme_builder_area=\u00a0\u00bbet_body_layout\u00a0\u00bb][et_pb_column type=\u00a0\u00bb1_3&Prime; _builder_version=\u00a0\u00bb4.17.6&Prime; _module_preset=\u00a0\u00bbdefault\u00a0\u00bb global_colors_info=\u00a0\u00bb{}\u00a0\u00bb theme_builder_area=\u00a0\u00bbet_body_layout\u00a0\u00bb][et_pb_image src=\u00a0\u00bbhttps:\/\/catholiques17.fr\/montlieu\/wp-content\/uploads\/sites\/22\/2023\/03\/20201118_160612-1412&#215;2048-1.jpg\u00a0\u00bb title_text=\u00a0\u00bb20201118_160612-1412&#215;2048-1&Prime; show_in_lightbox=\u00a0\u00bbon\u00a0\u00bb align=\u00a0\u00bbcenter\u00a0\u00bb _builder_version=\u00a0\u00bb4.17.6&Prime; _module_preset=\u00a0\u00bbdefault\u00a0\u00bb hover_enabled=\u00a0\u00bb0&Prime; border_radii=\u00a0\u00bbon|20px|20px|20px|20px\u00a0\u00bb border_width_all=\u00a0\u00bb1px\u00a0\u00bb border_color_all=\u00a0\u00bb#FF8C00&Prime; global_colors_info=\u00a0\u00bb{}\u00a0\u00bb theme_builder_area=\u00a0\u00bbet_body_layout\u00a0\u00bb sticky_enabled=\u00a0\u00bb0&Prime;][\/et_pb_image][\/et_pb_column][et_pb_column type=\u00a0\u00bb1_3&Prime; _builder_version=\u00a0\u00bb4.17.6&Prime; _module_preset=\u00a0\u00bbdefault\u00a0\u00bb global_colors_info=\u00a0\u00bb{}\u00a0\u00bb theme_builder_area=\u00a0\u00bbet_body_layout\u00a0\u00bb][et_pb_image src=\u00a0\u00bbhttps:\/\/catholiques17.fr\/montlieu\/wp-content\/uploads\/sites\/22\/2023\/03\/20201118_160215-1536&#215;901-1.jpg\u00a0\u00bb title_text=\u00a0\u00bb20201118_160215-1536&#215;901-1&Prime; show_in_lightbox=\u00a0\u00bbon\u00a0\u00bb align=\u00a0\u00bbcenter\u00a0\u00bb _builder_version=\u00a0\u00bb4.17.6&Prime; _module_preset=\u00a0\u00bbdefault\u00a0\u00bb hover_enabled=\u00a0\u00bb0&Prime; border_radii=\u00a0\u00bbon|20px|20px|20px|20px\u00a0\u00bb border_width_all=\u00a0\u00bb1px\u00a0\u00bb border_color_all=\u00a0\u00bb#FF8C00&Prime; global_colors_info=\u00a0\u00bb{}\u00a0\u00bb theme_builder_area=\u00a0\u00bbet_body_layout\u00a0\u00bb sticky_enabled=\u00a0\u00bb0&Prime;][\/et_pb_image][\/et_pb_column][et_pb_column type=\u00a0\u00bb1_3&Prime; _builder_version=\u00a0\u00bb4.17.6&Prime; _module_preset=\u00a0\u00bbdefault\u00a0\u00bb global_colors_info=\u00a0\u00bb{}\u00a0\u00bb theme_builder_area=\u00a0\u00bbet_body_layout\u00a0\u00bb][et_pb_image src=\u00a0\u00bbhttps:\/\/catholiques17.fr\/montlieu\/wp-content\/uploads\/sites\/22\/2023\/03\/466_13.jpg\u00a0\u00bb title_text=\u00a0\u00bb466_13&Prime; show_in_lightbox=\u00a0\u00bbon\u00a0\u00bb align=\u00a0\u00bbcenter\u00a0\u00bb _builder_version=\u00a0\u00bb4.17.6&Prime; _module_preset=\u00a0\u00bbdefault\u00a0\u00bb hover_enabled=\u00a0\u00bb0&Prime; border_radii=\u00a0\u00bbon|20px|20px|20px|20px\u00a0\u00bb border_width_all=\u00a0\u00bb1px\u00a0\u00bb border_color_all=\u00a0\u00bb#FF8C00&Prime; global_colors_info=\u00a0\u00bb{}\u00a0\u00bb theme_builder_area=\u00a0\u00bbet_body_layout\u00a0\u00bb sticky_enabled=\u00a0\u00bb0&Prime;][\/et_pb_image][\/et_pb_column][\/et_pb_row][et_pb_row _builder_version=\u00a0\u00bb4.17.6&Prime; _module_preset=\u00a0\u00bbdefault\u00a0\u00bb theme_builder_area=\u00a0\u00bbet_body_layout\u00a0\u00bb column_structure=\u00a0\u00bb1_3,1_3,1_3&Prime;][et_pb_column _builder_version=\u00a0\u00bb4.17.6&Prime; _module_preset=\u00a0\u00bbdefault\u00a0\u00bb type=\u00a0\u00bb1_3&Prime; theme_builder_area=\u00a0\u00bbet_body_layout\u00a0\u00bb][et_pb_image src=\u00a0\u00bbhttps:\/\/catholiques17.fr\/montlieu\/wp-content\/uploads\/sites\/22\/2023\/03\/20201118_160336-1536&#215;1325-1.jpg\u00a0\u00bb _builder_version=\u00a0\u00bb4.17.6&Prime; _module_preset=\u00a0\u00bbdefault\u00a0\u00bb theme_builder_area=\u00a0\u00bbet_body_layout\u00a0\u00bb title_text=\u00a0\u00bb20201118_160336-1536&#215;1325-1&Prime; hover_enabled=\u00a0\u00bb0&Prime; sticky_enabled=\u00a0\u00bb0&Prime;][\/et_pb_image][\/et_pb_column][et_pb_column _builder_version=\u00a0\u00bb4.17.6&Prime; _module_preset=\u00a0\u00bbdefault\u00a0\u00bb type=\u00a0\u00bb1_3&Prime; theme_builder_area=\u00a0\u00bbet_body_layout\u00a0\u00bb][et_pb_image src=\u00a0\u00bbhttps:\/\/catholiques17.fr\/montlieu\/wp-content\/uploads\/sites\/22\/2023\/03\/20201118_160407-1188&#215;1536-1.jpg\u00a0\u00bb _builder_version=\u00a0\u00bb4.17.6&Prime; _module_preset=\u00a0\u00bbdefault\u00a0\u00bb theme_builder_area=\u00a0\u00bbet_body_layout\u00a0\u00bb title_text=\u00a0\u00bb20201118_160407-1188&#215;1536-1&Prime; hover_enabled=\u00a0\u00bb0&Prime; sticky_enabled=\u00a0\u00bb0&Prime;][\/et_pb_image][\/et_pb_column][et_pb_column _builder_version=\u00a0\u00bb4.17.6&Prime; _module_preset=\u00a0\u00bbdefault\u00a0\u00bb type=\u00a0\u00bb1_3&Prime; theme_builder_area=\u00a0\u00bbet_body_layout\u00a0\u00bb][et_pb_image src=\u00a0\u00bbhttps:\/\/catholiques17.fr\/montlieu\/wp-content\/uploads\/sites\/22\/2023\/03\/20201118_160510-1510&#215;1536-1.jpg\u00a0\u00bb _builder_version=\u00a0\u00bb4.17.6&Prime; _module_preset=\u00a0\u00bbdefault\u00a0\u00bb theme_builder_area=\u00a0\u00bbet_body_layout\u00a0\u00bb title_text=\u00a0\u00bb20201118_160510-1510&#215;1536-1&Prime; hover_enabled=\u00a0\u00bb0&Prime; sticky_enabled=\u00a0\u00bb0&Prime;][\/et_pb_image][\/et_pb_column][\/et_pb_row][\/et_pb_section]<\/p>\n","protected":false},"excerpt":{"rendered":"<p>Saint-Palais-de-N\u00e9grignac, \u00e9glise Saint-Palais.Implant\u00e9\u00a0dans un petit village, cet ancien prieur\u00e9 de l&rsquo;Abbaye de Romain-de-Blaye a \u00e9t\u00e9 ravag\u00e9 pendant les guerres de Religion. De l\u2019\u00e9difice du XIIe si\u00e8cle, il ne reste que [&hellip;]<\/p>\n","protected":false},"author":5,"featured_media":0,"parent":4622,"menu_order":0,"comment_status":"closed","ping_status":"closed","template":"","meta":{"_et_pb_use_builder":"on","_et_pb_old_content":"<!-- wp:paragraph -->\n<p>Descriptif et datation de l\u2019\u00e9difice.&nbsp;<strong><a href=\"https:\/\/catholiques17.fr\/haute-saintonge\/paroisses\/clic-descriptif\/\" target=\"_blank\" rel=\"noreferrer noopener\">(cliquer ici)<\/a><\/strong><\/p>\n<!-- \/wp:paragraph -->\n\n<!-- wp:paragraph -->\n<p><strong>L\u2019\u00e9glise<\/strong><br>Inscrite Monument historique le 05\/12\/2000<br>Datation des peintures&nbsp;: XVII\u00b0 si\u00e8cle<br>Restauration&nbsp;: 2007<\/p>\n<!-- \/wp:paragraph -->\n\n<!-- wp:image {\"id\":4689,\"width\":600,\"height\":349,\"sizeSlug\":\"large\",\"linkDestination\":\"none\"} -->\n<figure class=\"wp-block-image size-large is-resized\"><img src=\"https:\/\/catholiques17.fr\/montlieu\/wp-content\/uploads\/sites\/22\/2021\/03\/Eglise-de-Saint-Palais-de-Negrignac-1536x893-1.jpg\" alt=\"\" class=\"wp-image-4689\" width=\"600\" height=\"349\"\/><\/figure>\n<!-- \/wp:image -->\n\n<!-- wp:paragraph -->\n<p>Implant\u00e9 dans un petit village, cet ancien prieur\u00e9 de l\u2019Abbaye de Romain-de-Blaye a \u00e9t\u00e9 ravag\u00e9 pendant les guerres de religions. De l\u2019\u00e9difice du XIII\u00b0 si\u00e8cle, il ne reste que peu de choses. La reconstruction fut presque totale aux XV\u00b0 et XVI\u00b0 si\u00e8cles.<\/p>\n<!-- \/wp:paragraph -->\n\n<!-- wp:paragraph -->\n<p>L\u2019\u00e9glise Saint Palais, de fondation romane, a donc \u00e9t\u00e9 largement remani\u00e9e \u00e0 partir du XV\u00b0 si\u00e8cle. Des travaux ont \u00e9t\u00e9 entrepris au XVIII\u00b0 si\u00e8cle dans le clocher et sans doute dans le transept.<\/p>\n<!-- \/wp:paragraph -->\n\n<!-- wp:paragraph -->\n<p>La fa\u00e7ade ouest a \u00e9t\u00e9 reconstruite au XVI\u00b0 si\u00e8cle. Son porche d\u00e9veloppe une typologie tout \u00e0 fait repr\u00e9sentative pour la r\u00e9gion du gothique tardif.<\/p>\n<!-- \/wp:paragraph -->\n\n<!-- wp:paragraph -->\n<p>Le clocher massif est construit sur la crois\u00e9e du transept. Le toit faiblement pentu s\u2019appuie sur une&nbsp; corniche \u00e0 modillons. On remarque \u00e0 chaque angle une t\u00eate humaine sculpt\u00e9e. Sur le cot\u00e9 sud, la tour d\u2019escalier qui m\u00e8ne au clocher est parsem\u00e9e de nombreuses traces de balles..<\/p>\n<!-- \/wp:paragraph -->\n\n<!-- wp:paragraph -->\n<p>Le mat\u00e9riau de construction est le gr\u00e8s, blocs de pierre de taille ou moellon enduit et la couverture est en tuiles creuses. L\u2019\u00e9difice, long de trente quatre m\u00e8tres, a un plan rectangulaire&nbsp;: nef unique de trois trav\u00e9es (la troisi\u00e8me trav\u00e9e est sous le clocher), ch\u0153ur de deux trav\u00e9es, la crois\u00e9e \u00e9tant prot\u00e9g\u00e9e par une chapelle au nord qui n\u2019a pas son pendant au sud, mais seulement une amorce.<\/p>\n<!-- \/wp:paragraph -->\n\n<!-- wp:image {\"id\":4690,\"sizeSlug\":\"large\",\"linkDestination\":\"none\"} -->\n<figure class=\"wp-block-image size-large\"><img src=\"https:\/\/catholiques17.fr\/montlieu\/wp-content\/uploads\/sites\/22\/2021\/03\/20201118_160612-1412x2048-1.jpg\" alt=\"\" class=\"wp-image-4690\"\/><\/figure>\n<!-- \/wp:image -->\n\n<!-- wp:paragraph -->\n<p>L\u2019\u00e9glise souffrant d\u2019une grande humidit\u00e9, a b\u00e9n\u00e9fici\u00e9 d\u2019une restauration int\u00e9rieure en 2007. C\u2019est au cours de ces travaux qu\u2019ont \u00e9t\u00e9 mises au jour les peintures du transept, au dessus des autels lat\u00e9raux.<\/p>\n<!-- \/wp:paragraph -->\n\n<!-- wp:paragraph -->\n<p>Les peintures ont simplement fait l\u2019objet d\u2019un d\u00e9gagement et non d\u2019une restauration compl\u00e8te, d\u2019o\u00f9 leur aspect lacunaire.<\/p>\n<!-- \/wp:paragraph -->\n\n<!-- wp:paragraph -->\n<p>Elles se distinguent par l\u2019originalit\u00e9 du sujet et par leur \u00e9poque de cr\u00e9ation. On peut sans doute relier la cr\u00e9ation de ce d\u00e9cor aux travaux r\u00e9alis\u00e9s dans l\u2019\u00e9glise au XVIII\u00b0 si\u00e8cle (date de 1742 sur une cl\u00e9 de vo\u00fbte).<\/p>\n<!-- \/wp:paragraph -->\n\n<!-- wp:paragraph -->\n<p>La R\u00e9gion Poitou-Charentes, riche en peintures murales, poss\u00e8de peu de grands ensemble de peinture de la p\u00e9riode moderne et quasiment pas de peintures post\u00e9rieures \u00e0 la Renaissance. Les XVII\u00b0 et XVIII\u00b0 si\u00e8cles sont tr\u00e8s peu repr\u00e9sent\u00e9s.<\/p>\n<!-- \/wp:paragraph -->\n\n<!-- wp:gallery {\"ids\":[4691,4692,4693,4694],\"linkTo\":\"none\"} -->\n<figure class=\"wp-block-gallery columns-3 is-cropped\"><ul class=\"blocks-gallery-grid\"><li class=\"blocks-gallery-item\"><figure><img src=\"https:\/\/catholiques17.fr\/montlieu\/wp-content\/uploads\/sites\/22\/2021\/03\/20201118_160510-1510x1536-1.jpg\" alt=\"\" data-id=\"4691\" data-full-url=\"https:\/\/catholiques17.fr\/montlieu\/wp-content\/uploads\/sites\/22\/2021\/03\/20201118_160510-1510x1536-1.jpg\" data-link=\"https:\/\/catholiques17.fr\/montlieu\/?attachment_id=4691\" class=\"wp-image-4691\"\/><\/figure><\/li><li class=\"blocks-gallery-item\"><figure><img src=\"https:\/\/catholiques17.fr\/montlieu\/wp-content\/uploads\/sites\/22\/2021\/03\/20201118_160407-1188x1536-1.jpg\" alt=\"\" data-id=\"4692\" data-full-url=\"https:\/\/catholiques17.fr\/montlieu\/wp-content\/uploads\/sites\/22\/2021\/03\/20201118_160407-1188x1536-1.jpg\" data-link=\"https:\/\/catholiques17.fr\/montlieu\/?attachment_id=4692\" class=\"wp-image-4692\"\/><\/figure><\/li><li class=\"blocks-gallery-item\"><figure><img src=\"https:\/\/catholiques17.fr\/montlieu\/wp-content\/uploads\/sites\/22\/2021\/03\/20201118_160336-1536x1325-1.jpg\" alt=\"\" data-id=\"4693\" data-full-url=\"https:\/\/catholiques17.fr\/montlieu\/wp-content\/uploads\/sites\/22\/2021\/03\/20201118_160336-1536x1325-1.jpg\" data-link=\"https:\/\/catholiques17.fr\/montlieu\/?attachment_id=4693\" class=\"wp-image-4693\"\/><\/figure><\/li><li class=\"blocks-gallery-item\"><figure><img src=\"https:\/\/catholiques17.fr\/montlieu\/wp-content\/uploads\/sites\/22\/2021\/03\/20201118_160215-1536x901-1.jpg\" alt=\"\" data-id=\"4694\" data-full-url=\"https:\/\/catholiques17.fr\/montlieu\/wp-content\/uploads\/sites\/22\/2021\/03\/20201118_160215-1536x901-1.jpg\" data-link=\"https:\/\/catholiques17.fr\/montlieu\/?attachment_id=4694\" class=\"wp-image-4694\"\/><\/figure><\/li><\/ul><\/figure>\n<!-- \/wp:gallery -->\n\n<!-- wp:paragraph -->\n<p>Les peintures mises au jour en 2007 \u00e9voquent des trompe-l\u2019\u0153il architecturaux. Cot\u00e9 sud, il s\u2019agit de la repr\u00e9sentation d\u2019un grand retable fonctionnant sans doute avec un autel plac\u00e9 juste en dessous. On peut ainsi voir des colonnes encadrant des niches et soutenant un entablement. Des pots \u00e0 feu sont plac\u00e9s au dessus des colonnes. La colombe du Saint Esprit couronne l\u2019ensemble. Les couleurs utilis\u00e9es sont claires et vives.<\/p>\n<!-- \/wp:paragraph -->\n\n<!-- wp:paragraph -->\n<p>Cot\u00e9 nord, le d\u00e9cor est plus lacunaire mais aussi de type architectural. On arrive \u00e0 reconna\u00eetre la pr\u00e9sence deux frontons encadrant l\u2019autel. La gamme chromatique utilis\u00e9e ici est plus fonc\u00e9e et plus soutenue. Ce type de d\u00e9cor architectur\u00e9 \u00e9voquant le mobilier liturgique est tr\u00e8s caract\u00e9ristique de l\u2019\u00e9poque baroque.<\/p>\n<!-- \/wp:paragraph -->\n\n<!-- wp:paragraph -->\n<p>Les murs ont \u00e9t\u00e9 pioch\u00e9s \u00e0 une date inconnue pour pouvoir faire adh\u00e9rer une nouvelle couche de badigeon recouvrant les peintures d\u00e9coratives. C\u2019est pour cette raison qu\u2019il y a une multiplicit\u00e9 de petites encoches sur la couche picturale rendant difficile la lecture g\u00e9n\u00e9rale de la sc\u00e8ne.<\/p>\n<!-- \/wp:paragraph -->\n\n<!-- wp:paragraph -->\n<p>Au moment des travaux, c\u2019est ce badigeon blanc qui a \u00e9t\u00e9 supprim\u00e9. L\u2019op\u00e9ration de d\u00e9gagement consiste \u00e0 gratter et supprimer les enduits de chaux et de pl\u00e2tre.. C\u2019est une op\u00e9ration tr\u00e8s d\u00e9licate et tr\u00e8s minutieuse. Dans un second temps, une restauration des peintures pourra \u00eatre envisag\u00e9e&nbsp;: il s\u2019agira de combler les lacunes des d\u00e9cors peints en pratiquant une r\u00e9int\u00e9gration \u00e0 l\u2019aide d\u2019aquarelle ou de pigments r\u00e9versibles. Cela permettra \u00e0 la sc\u00e8ne de retrouver une plus grande coh\u00e9rence.<\/p>\n<!-- \/wp:paragraph -->","_et_gb_content_width":"","footnotes":""},"class_list":["post-4688","page","type-page","status-publish","hentry"],"_links":{"self":[{"href":"https:\/\/catholiques17.fr\/montlieu\/wp-json\/wp\/v2\/pages\/4688","targetHints":{"allow":["GET"]}}],"collection":[{"href":"https:\/\/catholiques17.fr\/montlieu\/wp-json\/wp\/v2\/pages"}],"about":[{"href":"https:\/\/catholiques17.fr\/montlieu\/wp-json\/wp\/v2\/types\/page"}],"author":[{"embeddable":true,"href":"https:\/\/catholiques17.fr\/montlieu\/wp-json\/wp\/v2\/users\/5"}],"replies":[{"embeddable":true,"href":"https:\/\/catholiques17.fr\/montlieu\/wp-json\/wp\/v2\/comments?post=4688"}],"version-history":[{"count":4,"href":"https:\/\/catholiques17.fr\/montlieu\/wp-json\/wp\/v2\/pages\/4688\/revisions"}],"predecessor-version":[{"id":6035,"href":"https:\/\/catholiques17.fr\/montlieu\/wp-json\/wp\/v2\/pages\/4688\/revisions\/6035"}],"up":[{"embeddable":true,"href":"https:\/\/catholiques17.fr\/montlieu\/wp-json\/wp\/v2\/pages\/4622"}],"wp:attachment":[{"href":"https:\/\/catholiques17.fr\/montlieu\/wp-json\/wp\/v2\/media?parent=4688"}],"curies":[{"name":"wp","href":"https:\/\/api.w.org\/{rel}","templated":true}]}}