{"id":4682,"date":"2021-03-25T12:59:12","date_gmt":"2021-03-25T11:59:12","guid":{"rendered":"https:\/\/catholiques17.fr\/montlieu\/?page_id=4682"},"modified":"2023-03-24T14:34:40","modified_gmt":"2023-03-24T13:34:40","slug":"eglise-saint-martin","status":"publish","type":"page","link":"https:\/\/catholiques17.fr\/montlieu\/nos-eglises\/eglise-saint-martin\/","title":{"rendered":"Eglise Saint Martin"},"content":{"rendered":"<p>[et_pb_section fb_built=\u00a0\u00bb1&Prime; _builder_version=\u00a0\u00bb4.17.6&Prime; _module_preset=\u00a0\u00bbdefault\u00a0\u00bb custom_padding=\u00a0\u00bb8px|||||\u00a0\u00bb global_colors_info=\u00a0\u00bb{}\u00a0\u00bb theme_builder_area=\u00a0\u00bbet_body_layout\u00a0\u00bb][et_pb_row _builder_version=\u00a0\u00bb4.17.6&Prime; _module_preset=\u00a0\u00bbdefault\u00a0\u00bb custom_padding=\u00a0\u00bb14px|||||\u00a0\u00bb global_colors_info=\u00a0\u00bb{}\u00a0\u00bb theme_builder_area=\u00a0\u00bbet_body_layout\u00a0\u00bb][et_pb_column type=\u00a0\u00bb4_4&Prime; _builder_version=\u00a0\u00bb4.17.6&Prime; _module_preset=\u00a0\u00bbdefault\u00a0\u00bb global_colors_info=\u00a0\u00bb{}\u00a0\u00bb theme_builder_area=\u00a0\u00bbet_body_layout\u00a0\u00bb][et_pb_image src=\u00a0\u00bbhttps:\/\/catholiques17.fr\/montlieu\/wp-content\/uploads\/sites\/22\/2023\/03\/456_01.jpg\u00a0\u00bb title_text=\u00a0\u00bb456_01&Prime; align=\u00a0\u00bbcenter\u00a0\u00bb _builder_version=\u00a0\u00bb4.17.6&Prime; _module_preset=\u00a0\u00bbdefault\u00a0\u00bb animation_style=\u00a0\u00bbslide\u00a0\u00bb hover_enabled=\u00a0\u00bb0&Prime; border_radii=\u00a0\u00bbon|20px|20px|20px|20px\u00a0\u00bb global_colors_info=\u00a0\u00bb{}\u00a0\u00bb theme_builder_area=\u00a0\u00bbet_body_layout\u00a0\u00bb sticky_enabled=\u00a0\u00bb0&Prime;][\/et_pb_image][\/et_pb_column][\/et_pb_row][et_pb_row _builder_version=\u00a0\u00bb4.17.6&Prime; _module_preset=\u00a0\u00bbdefault\u00a0\u00bb global_colors_info=\u00a0\u00bb{}\u00a0\u00bb theme_builder_area=\u00a0\u00bbet_body_layout\u00a0\u00bb][et_pb_column type=\u00a0\u00bb4_4&Prime; _builder_version=\u00a0\u00bb4.17.6&Prime; _module_preset=\u00a0\u00bbdefault\u00a0\u00bb global_colors_info=\u00a0\u00bb{}\u00a0\u00bb theme_builder_area=\u00a0\u00bbet_body_layout\u00a0\u00bb][et_pb_text _builder_version=\u00a0\u00bb4.17.6&Prime; _module_preset=\u00a0\u00bbdefault\u00a0\u00bb hover_enabled=\u00a0\u00bb0&Prime; global_colors_info=\u00a0\u00bb{}\u00a0\u00bb theme_builder_area=\u00a0\u00bbet_body_layout\u00a0\u00bb sticky_enabled=\u00a0\u00bb0&Prime;]<\/p>\n<p><span>Saint-Martin-d\u2019Ary, \u00e9glise Saint-Martin.<\/span><br \/><span>L&rsquo;\u00e9glise Saint-Martin est un ancien prieur\u00e9-cure du XIIe si\u00e8cle qui d\u00e9pendait de l&rsquo;abbaye de Gu\u00eetres.<\/span><br \/><span>Cette jolie petite \u00e9glise romane, toujours entour\u00e9e de son cimeti\u00e8re, est rest\u00e9e homog\u00e8ne et montre de nombreuses parties int\u00e9ressantes.<\/span><br \/><span>Sa fa\u00e7ade \u00e0 trois \u00e9tages est typiquement saintongeaise.<\/span><br \/><span>Au premier niveau, elle comprend un portail \u00e0 quatre voussures nues sur pilastres dont les angles sont arrondis, encadr\u00e9 par deux baies aveugles. Un gros cordon accompagne l&rsquo;ensemble.<\/span><br \/><span>Le deuxi\u00e8me niveau se compose de sept arcs en plein cintre port\u00e9s par des colonnes rondes \u00e0 chapiteaux sculpt\u00e9s. Malgr\u00e9 l\u2019usure des pierres, on peut remarquer les tailloirs ouvrag\u00e9s et moulur\u00e9s. La fen\u00eatre centrale \u00e9claire la nef.<\/span><br \/><span>Le pignon reconstruit au XIXe si\u00e8cle, coiff\u00e9 d&rsquo;un campanile, repose sur une corniche saillante \u00e0 modillons o\u00f9 subsiste un modillon expressif (sc\u00e8ne d&rsquo;accouplement).<\/span><br \/><span>Le chevet semi-circulaire, typiquement saintongeais, est compos\u00e9 d&rsquo;une suite d&rsquo;arcs en plein cintre sur colonnes rondes. L&rsquo;ensemble est soulign\u00e9 par des bandeaux de dents de scie et de pointes de diamant<\/span><br \/><span>Une corniche \u00e0 modillons, dont certains sont travaill\u00e9s, termine la composition. Les motifs repr\u00e9sentent des personnages, des animaux, des figures g\u00e9om\u00e9triques.<\/span><br \/><span>A l&rsquo;int\u00e9rieur, la fen\u00eatre occidentale au-dessus du portail repose sur des colonnettes \u00e0 chapiteaux d\u00e9cor\u00e9s de deux fines sculptures, un homme genou \u00e0 terre et un animal ail\u00e9.<\/span><br \/><span>L&rsquo;ancien\u00a0\u00bb faux carr\u00e9\u00a0\u00bb sur lequel s&rsquo;\u00e9levait sans doute le clocher est encadr\u00e9 de pilastres et de colonnes sur pilastres avec d\u00e9parts de voussures.<\/span><br \/><span>L&rsquo;\u00a0<\/span><span class=\"bordure-pointillee\"><a target=\"_blank\" href=\"http:\/\/ch.lerolle.free.fr\/eglises17\/lexique.php#:~:text=abside\" rel=\"noopener\">abside<\/a><\/span><span>\u00a0est orn\u00e9e de sept arcs en plein cintre pos\u00e9s sur des colonnes dont la base est appuy\u00e9e sur une banquette.<\/span><br \/><span>Dans la nef, des vestiges de bandes lombardes sont encore visibles sur le mur nord (ancien support de la vo\u00fbte en pierre).<\/span><br \/><span>La totalit\u00e9 de l\u2019\u00e9difice a \u00e9t\u00e9 inscrite \u00e0 l\u2019inventaire suppl\u00e9mentaire des monuments historiques le 24 mars 1925.<\/span><\/p>\n<p>[\/et_pb_text][\/et_pb_column][\/et_pb_row][et_pb_row column_structure=\u00a0\u00bb1_3,1_3,1_3&Prime; _builder_version=\u00a0\u00bb4.17.6&Prime; _module_preset=\u00a0\u00bbdefault\u00a0\u00bb global_colors_info=\u00a0\u00bb{}\u00a0\u00bb theme_builder_area=\u00a0\u00bbet_body_layout\u00a0\u00bb][et_pb_column type=\u00a0\u00bb1_3&Prime; _builder_version=\u00a0\u00bb4.17.6&Prime; _module_preset=\u00a0\u00bbdefault\u00a0\u00bb global_colors_info=\u00a0\u00bb{}\u00a0\u00bb theme_builder_area=\u00a0\u00bbet_body_layout\u00a0\u00bb][et_pb_image src=\u00a0\u00bbhttps:\/\/catholiques17.fr\/montlieu\/wp-content\/uploads\/sites\/22\/2023\/03\/456_03.jpg\u00a0\u00bb title_text=\u00a0\u00bb456_03&Prime; show_in_lightbox=\u00a0\u00bbon\u00a0\u00bb align=\u00a0\u00bbcenter\u00a0\u00bb _builder_version=\u00a0\u00bb4.17.6&Prime; _module_preset=\u00a0\u00bbdefault\u00a0\u00bb hover_enabled=\u00a0\u00bb0&Prime; border_radii=\u00a0\u00bbon|20px|20px|20px|20px\u00a0\u00bb border_width_all=\u00a0\u00bb1px\u00a0\u00bb border_color_all=\u00a0\u00bb#FF8C00&Prime; global_colors_info=\u00a0\u00bb{}\u00a0\u00bb theme_builder_area=\u00a0\u00bbet_body_layout\u00a0\u00bb sticky_enabled=\u00a0\u00bb0&Prime;][\/et_pb_image][\/et_pb_column][et_pb_column type=\u00a0\u00bb1_3&Prime; _builder_version=\u00a0\u00bb4.17.6&Prime; _module_preset=\u00a0\u00bbdefault\u00a0\u00bb global_colors_info=\u00a0\u00bb{}\u00a0\u00bb theme_builder_area=\u00a0\u00bbet_body_layout\u00a0\u00bb][et_pb_image src=\u00a0\u00bbhttps:\/\/catholiques17.fr\/montlieu\/wp-content\/uploads\/sites\/22\/2023\/03\/Saint-Martin-dAry-interieur-2-1536&#215;2048-1.jpg\u00a0\u00bb title_text=\u00a0\u00bbSaint-Martin-dAry-interieur-2-1536&#215;2048-1&Prime; show_in_lightbox=\u00a0\u00bbon\u00a0\u00bb align=\u00a0\u00bbcenter\u00a0\u00bb _builder_version=\u00a0\u00bb4.17.6&Prime; _module_preset=\u00a0\u00bbdefault\u00a0\u00bb hover_enabled=\u00a0\u00bb0&Prime; border_radii=\u00a0\u00bbon|20px|20px|20px|20px\u00a0\u00bb border_width_all=\u00a0\u00bb1px\u00a0\u00bb border_color_all=\u00a0\u00bb#FF8C00&Prime; global_colors_info=\u00a0\u00bb{}\u00a0\u00bb theme_builder_area=\u00a0\u00bbet_body_layout\u00a0\u00bb sticky_enabled=\u00a0\u00bb0&Prime;][\/et_pb_image][\/et_pb_column][et_pb_column type=\u00a0\u00bb1_3&Prime; _builder_version=\u00a0\u00bb4.17.6&Prime; _module_preset=\u00a0\u00bbdefault\u00a0\u00bb global_colors_info=\u00a0\u00bb{}\u00a0\u00bb theme_builder_area=\u00a0\u00bbet_body_layout\u00a0\u00bb][et_pb_image src=\u00a0\u00bbhttps:\/\/catholiques17.fr\/montlieu\/wp-content\/uploads\/sites\/22\/2023\/03\/456_06.jpg\u00a0\u00bb title_text=\u00a0\u00bb456_06&Prime; show_in_lightbox=\u00a0\u00bbon\u00a0\u00bb align=\u00a0\u00bbcenter\u00a0\u00bb _builder_version=\u00a0\u00bb4.17.6&Prime; _module_preset=\u00a0\u00bbdefault\u00a0\u00bb hover_enabled=\u00a0\u00bb0&Prime; border_radii=\u00a0\u00bbon|20px|20px|20px|20px\u00a0\u00bb border_width_all=\u00a0\u00bb1px\u00a0\u00bb border_color_all=\u00a0\u00bb#FF8C00&Prime; global_colors_info=\u00a0\u00bb{}\u00a0\u00bb theme_builder_area=\u00a0\u00bbet_body_layout\u00a0\u00bb sticky_enabled=\u00a0\u00bb0&Prime;][\/et_pb_image][\/et_pb_column][\/et_pb_row][\/et_pb_section]<\/p>\n","protected":false},"excerpt":{"rendered":"<p>Saint-Martin-d\u2019Ary, \u00e9glise Saint-Martin.L&rsquo;\u00e9glise Saint-Martin est un ancien prieur\u00e9-cure du XIIe si\u00e8cle qui d\u00e9pendait de l&rsquo;abbaye de Gu\u00eetres.Cette jolie petite \u00e9glise romane, toujours entour\u00e9e de son cimeti\u00e8re, est rest\u00e9e homog\u00e8ne et [&hellip;]<\/p>\n","protected":false},"author":31,"featured_media":0,"parent":4622,"menu_order":0,"comment_status":"closed","ping_status":"closed","template":"","meta":{"_et_pb_use_builder":"on","_et_pb_old_content":"<!-- wp:paragraph -->\n<p>L\u2019\u00e9glise Saint Martin est un ancien prieur\u00e9-cure du XII\u00b0 si\u00e8cle qui d\u00e9pendait de l\u2019Abbaye du Guitres.<br>Cette jolie petite \u00e9glise romane, toujours entour\u00e9e de son cimeti\u00e8re, est rest\u00e9e homog\u00e8ne et montre de nombreuses parties int\u00e9ressantes.<\/p>\n<!-- \/wp:paragraph -->\n\n<!-- wp:paragraph -->\n<p>Sa fa\u00e7ade \u00e0 trois \u00e9tages est typiquement saintongeaise.<br>\u2013 Au premier niveau, elle comprend un portail \u00e0 quatre voussures nues sur pilastres dont les angles sont arrondis, encadr\u00e9 par deux baies aveugles. Un gros cordon accompagne l\u2019ensemble.<br>\u2013 Le deuxi\u00e8me niveau se compose de sept arcs en plein cintres port\u00e9s par des colonnes rondes \u00e0 chapiteaux sculpt\u00e9s. Malgr\u00e9 l\u2019usure des pierres, on peut remarquer les tailloirs ouvrag\u00e9s moulur\u00e9s. La fen\u00eatre centrale \u00e9claire la nef.<br>\u2013 Le pignon reconstruit au XIX\u00b0 si\u00e8cle, coiff\u00e9 d\u2019un campanile, repose sur une corniche saillante \u00e0 modillons o\u00f9 subsiste un modillon expressif (sc\u00e8ne d\u2019accouplement).<br>\u2013 Le chevet semi-circulaire, typiquement saintongeais, est compos\u00e9 d\u2019une suite d\u2019arcs en plein cintre sur colonnes rondes. L\u2019ensemble est soulign\u00e9 par des bandeaux de dents de scies et de pointe de diamant.<\/p>\n<!-- \/wp:paragraph -->\n\n<!-- wp:paragraph -->\n<p>Une corniche \u00e0 modillons, dont certains sont travaill\u00e9s, terminent la composition. Les motifs repr\u00e9sentent des personnages, des animaux, des figures g\u00e9om\u00e9triques.<\/p>\n<!-- \/wp:paragraph -->\n\n<!-- wp:image {\"id\":4683,\"width\":600,\"height\":382,\"sizeSlug\":\"large\",\"linkDestination\":\"none\"} -->\n<figure class=\"wp-block-image size-large is-resized\"><img src=\"https:\/\/catholiques17.fr\/montlieu\/wp-content\/uploads\/sites\/22\/2021\/03\/Eglise-de-Saint-Martin-dAry-2-1536x978-1.jpeg\" alt=\"\" class=\"wp-image-4683\" width=\"600\" height=\"382\"\/><\/figure>\n<!-- \/wp:image -->\n\n<!-- wp:paragraph -->\n<p>A l\u2019int\u00e9rieur, la fen\u00eatre occidentale au dessus du portail repose sur des colonnettes \u00e0 chapiteaux d\u00e9cor\u00e9s de deux fines sculptures&nbsp;: un homme genoux \u00e0 terre et un animal ail\u00e9.<\/p>\n<!-- \/wp:paragraph -->\n\n<!-- wp:paragraph -->\n<p>L\u2019ancien \u00ab&nbsp;faux carr\u00e9&nbsp;\u00bb sur lequel s\u2019\u00e9levait sans doute le clocher est encadr\u00e9 de pilastres et de colonnes sur pilastres avec d\u00e9part de voussures.<br>L\u2019abside est orn\u00e9e de sept arcs en plein cintre pos\u00e9s sur des colonnes dont la base est appuy\u00e9e sur une banquette.<br>Dans la nef, des vestiges de bandes lombardes sont encore visibles sur le mur nord.<\/p>\n<!-- \/wp:paragraph -->\n\n<!-- wp:paragraph -->\n<p>La totalit\u00e9 de l\u2019\u00e9difice a \u00e9t\u00e9 inscrite \u00e0 l\u2019inventaire suppl\u00e9mentaire des b\u00e2timents historiques le 24 mars 1925.<br>Quelques colonnes paraissent ant\u00e9rieures au XII\u00b0 si\u00e8cle. A noter, la pr\u00e9sence d\u2019un b\u00e9nitier creus\u00e9 dans une pierre datant de l\u2019\u00e9poque romaine. La cloche dat\u00e9e de 1668 est inscrite au mobilier historique.<\/p>\n<!-- \/wp:paragraph -->\n\n<!-- wp:image {\"id\":4684,\"sizeSlug\":\"large\",\"linkDestination\":\"none\"} -->\n<figure class=\"wp-block-image size-large\"><img src=\"https:\/\/catholiques17.fr\/montlieu\/wp-content\/uploads\/sites\/22\/2021\/03\/Saint-Martin-dAry-interieur-2-1536x2048-1.jpg\" alt=\"\" class=\"wp-image-4684\"\/><\/figure>\n<!-- \/wp:image -->","_et_gb_content_width":"","footnotes":""},"class_list":["post-4682","page","type-page","status-publish","hentry"],"_links":{"self":[{"href":"https:\/\/catholiques17.fr\/montlieu\/wp-json\/wp\/v2\/pages\/4682","targetHints":{"allow":["GET"]}}],"collection":[{"href":"https:\/\/catholiques17.fr\/montlieu\/wp-json\/wp\/v2\/pages"}],"about":[{"href":"https:\/\/catholiques17.fr\/montlieu\/wp-json\/wp\/v2\/types\/page"}],"author":[{"embeddable":true,"href":"https:\/\/catholiques17.fr\/montlieu\/wp-json\/wp\/v2\/users\/31"}],"replies":[{"embeddable":true,"href":"https:\/\/catholiques17.fr\/montlieu\/wp-json\/wp\/v2\/comments?post=4682"}],"version-history":[{"count":5,"href":"https:\/\/catholiques17.fr\/montlieu\/wp-json\/wp\/v2\/pages\/4682\/revisions"}],"predecessor-version":[{"id":6058,"href":"https:\/\/catholiques17.fr\/montlieu\/wp-json\/wp\/v2\/pages\/4682\/revisions\/6058"}],"up":[{"embeddable":true,"href":"https:\/\/catholiques17.fr\/montlieu\/wp-json\/wp\/v2\/pages\/4622"}],"wp:attachment":[{"href":"https:\/\/catholiques17.fr\/montlieu\/wp-json\/wp\/v2\/media?parent=4682"}],"curies":[{"name":"wp","href":"https:\/\/api.w.org\/{rel}","templated":true}]}}