{"id":4678,"date":"2021-03-25T12:56:50","date_gmt":"2021-03-25T11:56:50","guid":{"rendered":"https:\/\/catholiques17.fr\/montlieu\/?page_id=4678"},"modified":"2023-03-26T13:37:34","modified_gmt":"2023-03-26T11:37:34","slug":"eglise-de-chepniers","status":"publish","type":"page","link":"https:\/\/catholiques17.fr\/montlieu\/nos-eglises\/eglise-de-chepniers\/","title":{"rendered":"Eglise de Chepniers"},"content":{"rendered":"<p>[et_pb_section fb_built=\u00a0\u00bb1&Prime; _builder_version=\u00a0\u00bb4.17.6&Prime; _module_preset=\u00a0\u00bbdefault\u00a0\u00bb custom_padding=\u00a0\u00bb8px|||||\u00a0\u00bb global_colors_info=\u00a0\u00bb{}\u00a0\u00bb theme_builder_area=\u00a0\u00bbet_body_layout\u00a0\u00bb][et_pb_row _builder_version=\u00a0\u00bb4.17.6&Prime; _module_preset=\u00a0\u00bbdefault\u00a0\u00bb custom_padding=\u00a0\u00bb14px|||||\u00a0\u00bb global_colors_info=\u00a0\u00bb{}\u00a0\u00bb theme_builder_area=\u00a0\u00bbet_body_layout\u00a0\u00bb][et_pb_column type=\u00a0\u00bb4_4&Prime; _builder_version=\u00a0\u00bb4.17.6&Prime; _module_preset=\u00a0\u00bbdefault\u00a0\u00bb global_colors_info=\u00a0\u00bb{}\u00a0\u00bb theme_builder_area=\u00a0\u00bbet_body_layout\u00a0\u00bb][et_pb_image src=\u00a0\u00bbhttps:\/\/catholiques17.fr\/montlieu\/wp-content\/uploads\/sites\/22\/2023\/03\/098_01.jpg\u00a0\u00bb title_text=\u00a0\u00bb098_01&Prime; align=\u00a0\u00bbcenter\u00a0\u00bb _builder_version=\u00a0\u00bb4.17.6&Prime; _module_preset=\u00a0\u00bbdefault\u00a0\u00bb animation_style=\u00a0\u00bbslide\u00a0\u00bb hover_enabled=\u00a0\u00bb0&Prime; border_radii=\u00a0\u00bbon|20px|20px|20px|20px\u00a0\u00bb global_colors_info=\u00a0\u00bb{}\u00a0\u00bb theme_builder_area=\u00a0\u00bbet_body_layout\u00a0\u00bb sticky_enabled=\u00a0\u00bb0&Prime;][\/et_pb_image][\/et_pb_column][\/et_pb_row][et_pb_row _builder_version=\u00a0\u00bb4.17.6&Prime; _module_preset=\u00a0\u00bbdefault\u00a0\u00bb global_colors_info=\u00a0\u00bb{}\u00a0\u00bb theme_builder_area=\u00a0\u00bbet_body_layout\u00a0\u00bb][et_pb_column type=\u00a0\u00bb4_4&Prime; _builder_version=\u00a0\u00bb4.17.6&Prime; _module_preset=\u00a0\u00bbdefault\u00a0\u00bb global_colors_info=\u00a0\u00bb{}\u00a0\u00bb theme_builder_area=\u00a0\u00bbet_body_layout\u00a0\u00bb][et_pb_text _builder_version=\u00a0\u00bb4.17.6&Prime; _module_preset=\u00a0\u00bbdefault\u00a0\u00bb hover_enabled=\u00a0\u00bb0&Prime; global_colors_info=\u00a0\u00bb{}\u00a0\u00bb theme_builder_area=\u00a0\u00bbet_body_layout\u00a0\u00bb sticky_enabled=\u00a0\u00bb0&Prime;]<\/p>\n<p>Chepniers, \u00e9glise Saint-Etienne.<br \/>Chepniers \u00e9tait autrefois le si\u00e8ge d&rsquo;une commanderie de l&rsquo;Ordre de Malte; son \u00e9glise date du XIIIe si\u00e8cle. D&rsquo;autres constructions plus anciennes s&rsquo;\u00e9taient \u00e9lev\u00e9es \u00e0 cet emplacement.<br \/>En l775, un peu \u00e0 l&rsquo;ouest, un cimeti\u00e8re rempli de sarcophages grossi\u00e8rement taill\u00e9s et les murs d&rsquo;un ancien \u00e9difice religieux ont \u00e9t\u00e9 d\u00e9couverts. Ses belles dimensions et le soin apport\u00e9 \u00e0 sa construction font de l&rsquo;\u00e9glise de Chepniers un \u00e9difice de valeur qui pr\u00e9sente en outre la particularit\u00e9 de poss\u00e9der un d\u00e9cor de grande qualit\u00e9.<br \/>La fa\u00e7ade reconstruite sous un large pignon montre un portail au cintre bris\u00e9 garni de voussures moulur\u00e9es. La plus large est orn\u00e9e de motifs v\u00e9g\u00e9taux. Les pi\u00e9droits sont compos\u00e9s d&rsquo;une arcature \u00e0 quatre cintres support\u00e9s par cinq colonnettes. On retrouve cette d\u00e9coration sur le portail lat\u00e9ral de l&rsquo;\u00e9glise coll\u00e9giale de Saint-Emilion en Gironde.<br \/>Une fen\u00eatre ogivale \u00e0 un meneau et entour\u00e9e de plusieurs moulures s&rsquo;ouvre au-dessus du portail. En observant avec attention, on pourra remarquer \u00e0 c\u00f4t\u00e9 du portail une fleur de lis grav\u00e9e.<br \/>Les murs lat\u00e9raux ont eux aussi \u00e9t\u00e9 reconstruits avec des pierres en r\u00e9emploi. Ils sont perc\u00e9s de longues baies \u00e9troites.<br \/>Le clocher construit sur sa base romane s&rsquo;\u00e9l\u00e8ve sur le carr\u00e9 du transept. Il conserve sur sa face nord des contreforts plats et des arcatures du XIIe si\u00e8cle.<br \/>L&rsquo;\u00e9glise de Chepniers se termine par un \u00e9l\u00e9gant chevet droit. Troislongues et \u00e9troites baies l\u00e9g\u00e8rement bris\u00e9es sont entour\u00e9es de tores coup\u00e9s par de petits chapiteaux. Ce triplet est li\u00e9 par un cordon de pointes de diamant. L&rsquo;ensemble est surmont\u00e9 d&rsquo;un oculus et d&rsquo;une corniche qui se retourne sur les c\u00f4t\u00e9s.<br \/>L&rsquo;int\u00e9rieur vaste et \u00e9lev\u00e9 est enti\u00e8rement peint de motifs extr\u00eamement vari\u00e9s: figures g\u00e9om\u00e9triques, fleurs, guirlandes, mosa\u00efques, personnages, draperies&#8230; L&rsquo;ensemble des peintures murales remonte \u00e0 la fin du XIXe si\u00e8cle. Sans doute faite par des Italiens, elle est d&rsquo;un go\u00fbt tr\u00e8s s\u00fbr et remarquablement ex\u00e9cut\u00e9, et plus particuli\u00e8rement la coupole sur pendentifs sous le clocher.<\/p>\n<p>Vierge en bois de stuc, peint et dor\u00e9, du XVIIIe si\u00e8cle.<br \/>Retable tabernacle en bois sculpt\u00e9, peint et dor\u00e9, du XVIIIe si\u00e8cle.<br \/>Croix<span>\u00a0<\/span><span class=\"bordure-pointillee\"><a target=\"_blank\" href=\"http:\/\/ch.lerolle.free.fr\/eglises17\/lexique.php#:~:text=hosanni%C3%A8re\" rel=\"noopener\">hosanni\u00e8re<\/a><\/span><span>\u00a0<\/span>de 1682, dans le cimeti\u00e8re.<\/p>\n<p>[\/et_pb_text][\/et_pb_column][\/et_pb_row][et_pb_row column_structure=\u00a0\u00bb1_3,1_3,1_3&Prime; _builder_version=\u00a0\u00bb4.17.6&Prime; _module_preset=\u00a0\u00bbdefault\u00a0\u00bb global_colors_info=\u00a0\u00bb{}\u00a0\u00bb theme_builder_area=\u00a0\u00bbet_body_layout\u00a0\u00bb][et_pb_column type=\u00a0\u00bb1_3&Prime; _builder_version=\u00a0\u00bb4.17.6&Prime; _module_preset=\u00a0\u00bbdefault\u00a0\u00bb global_colors_info=\u00a0\u00bb{}\u00a0\u00bb theme_builder_area=\u00a0\u00bbet_body_layout\u00a0\u00bb][et_pb_image src=\u00a0\u00bbhttps:\/\/catholiques17.fr\/montlieu\/wp-content\/uploads\/sites\/22\/2023\/03\/b6e5ypejnnfroxp.jpg\u00a0\u00bb title_text=\u00a0\u00bbb6e5ypejnnfroxp\u00a0\u00bb show_in_lightbox=\u00a0\u00bbon\u00a0\u00bb align=\u00a0\u00bbcenter\u00a0\u00bb _builder_version=\u00a0\u00bb4.17.6&Prime; _module_preset=\u00a0\u00bbdefault\u00a0\u00bb hover_enabled=\u00a0\u00bb0&Prime; border_radii=\u00a0\u00bbon|20px|20px|20px|20px\u00a0\u00bb border_width_all=\u00a0\u00bb1px\u00a0\u00bb border_color_all=\u00a0\u00bb#FF8C00&Prime; global_colors_info=\u00a0\u00bb{}\u00a0\u00bb theme_builder_area=\u00a0\u00bbet_body_layout\u00a0\u00bb sticky_enabled=\u00a0\u00bb0&Prime;][\/et_pb_image][\/et_pb_column][et_pb_column type=\u00a0\u00bb1_3&Prime; _builder_version=\u00a0\u00bb4.17.6&Prime; _module_preset=\u00a0\u00bbdefault\u00a0\u00bb global_colors_info=\u00a0\u00bb{}\u00a0\u00bb theme_builder_area=\u00a0\u00bbet_body_layout\u00a0\u00bb][et_pb_image src=\u00a0\u00bbhttps:\/\/catholiques17.fr\/montlieu\/wp-content\/uploads\/sites\/22\/2023\/03\/09s55ig9mulyai.jpg\u00a0\u00bb title_text=\u00a0\u00bb09s55ig9mulyai\u00a0\u00bb show_in_lightbox=\u00a0\u00bbon\u00a0\u00bb align=\u00a0\u00bbcenter\u00a0\u00bb _builder_version=\u00a0\u00bb4.17.6&Prime; _module_preset=\u00a0\u00bbdefault\u00a0\u00bb hover_enabled=\u00a0\u00bb0&Prime; border_radii=\u00a0\u00bbon|20px|20px|20px|20px\u00a0\u00bb border_width_all=\u00a0\u00bb1px\u00a0\u00bb border_color_all=\u00a0\u00bb#FF8C00&Prime; global_colors_info=\u00a0\u00bb{}\u00a0\u00bb theme_builder_area=\u00a0\u00bbet_body_layout\u00a0\u00bb sticky_enabled=\u00a0\u00bb0&Prime;][\/et_pb_image][\/et_pb_column][et_pb_column type=\u00a0\u00bb1_3&Prime; _builder_version=\u00a0\u00bb4.17.6&Prime; _module_preset=\u00a0\u00bbdefault\u00a0\u00bb global_colors_info=\u00a0\u00bb{}\u00a0\u00bb theme_builder_area=\u00a0\u00bbet_body_layout\u00a0\u00bb][et_pb_image src=\u00a0\u00bbhttps:\/\/catholiques17.fr\/montlieu\/wp-content\/uploads\/sites\/22\/2023\/03\/jpmfwvxgsp60k8l.jpg\u00a0\u00bb title_text=\u00a0\u00bbjpmfwvxgsp60k8l\u00a0\u00bb show_in_lightbox=\u00a0\u00bbon\u00a0\u00bb align=\u00a0\u00bbcenter\u00a0\u00bb _builder_version=\u00a0\u00bb4.17.6&Prime; _module_preset=\u00a0\u00bbdefault\u00a0\u00bb hover_enabled=\u00a0\u00bb0&Prime; border_radii=\u00a0\u00bbon|20px|20px|20px|20px\u00a0\u00bb border_width_all=\u00a0\u00bb1px\u00a0\u00bb border_color_all=\u00a0\u00bb#FF8C00&Prime; global_colors_info=\u00a0\u00bb{}\u00a0\u00bb theme_builder_area=\u00a0\u00bbet_body_layout\u00a0\u00bb sticky_enabled=\u00a0\u00bb0&Prime;][\/et_pb_image][\/et_pb_column][\/et_pb_row][\/et_pb_section]<\/p>\n","protected":false},"excerpt":{"rendered":"<p>Chepniers, \u00e9glise Saint-Etienne.Chepniers \u00e9tait autrefois le si\u00e8ge d&rsquo;une commanderie de l&rsquo;Ordre de Malte; son \u00e9glise date du XIIIe si\u00e8cle. D&rsquo;autres constructions plus anciennes s&rsquo;\u00e9taient \u00e9lev\u00e9es \u00e0 cet emplacement.En l775, un [&hellip;]<\/p>\n","protected":false},"author":31,"featured_media":0,"parent":4622,"menu_order":0,"comment_status":"closed","ping_status":"closed","template":"","meta":{"_et_pb_use_builder":"on","_et_pb_old_content":"<!-- wp:paragraph -->\n<p>Totalit\u00e9 de l\u2019\u00e9difice&nbsp;: Inscrit \u00e0 l\u2019inventaire Suppl\u00e9mentaire des Monuments Historiques le 13 mars 1935<\/p>\n<!-- \/wp:paragraph -->\n\n<!-- wp:paragraph -->\n<p>Chepniers \u00e9tait autrefois le si\u00e8ge d\u2019une commanderie de l\u2019Ordre de Malte&nbsp;; son \u00e9glise date du 13\u00b0 sicle. D\u2019autres constructions plus anciennes s\u2019\u00e9taient \u00e9lev\u00e9es \u00e0 cet emplacement.<\/p>\n<!-- \/wp:paragraph -->\n\n<!-- wp:paragraph -->\n<p>En 1775, un peu \u00e0 l\u2019ouest, un cimeti\u00e8re rempli de sarcophages grossi\u00e8rement taill\u00e9s et les murs d\u2019un ancien \u00e9difice religieux ont \u00e9t\u00e9 d\u00e9couverts. Ses belles dimensions et le soin apport\u00e9 \u00e0 sa construction font de l\u2019\u00e9glise de Chepniers un \u00e9difice de valeur qui pr\u00e9sente en outre la particularit\u00e9 de poss\u00e9der un d\u00e9cor de grande qualit\u00e9.<\/p>\n<!-- \/wp:paragraph -->\n\n<!-- wp:image {\"id\":4680,\"sizeSlug\":\"large\",\"linkDestination\":\"none\"} -->\n<figure class=\"wp-block-image size-large\"><img src=\"https:\/\/catholiques17.fr\/montlieu\/wp-content\/uploads\/sites\/22\/2021\/03\/Eglise-de-Chepniers-1536x1143-2.jpg\" alt=\"\" class=\"wp-image-4680\" \/><\/figure>\n<!-- \/wp:image -->\n\n<!-- wp:paragraph -->\n<p>La fa\u00e7ade reconstruite sous un large pignon montre un portail au cintre bris\u00e9 garni de voussures moulur\u00e9es. La plus large est orn\u00e9e de motifs v\u00e9g\u00e9taux. Les pi\u00e9droits sont compos\u00e9s d\u2019une arcature \u00e0 quatre cintres support\u00e9s par cinq colonnettes. On retrouve cette d\u00e9coration sur le portail int\u00e9rieur de l\u2019\u00e9glise coll\u00e9giale de Saint Emilion en Gironde.<\/p>\n<!-- \/wp:paragraph -->\n\n<!-- wp:paragraph -->\n<p>Une fen\u00eatre ogivale \u00e0 un meneau et entour\u00e9e de plusieurs moulures s\u2019ouvre au dessus du portail. En observant avec attention, on pourra remarquer \u00e0 cot\u00e9 du portail une fleur de lys grav\u00e9e. Les murs lat\u00e9raux ont eux aussi \u00e9t\u00e9 reconstruits avec des pierres en r\u00e9emploi. Ils sont perc\u00e9s de longues baies \u00e9troites. Le clocher construit sur sa base romane s\u2019\u00e9l\u00e8ve sur le carr\u00e9 du transept. Il conserve sur sa face nord des contreforts plats et des arcatures du 12\u00b0 si\u00e8cle.<\/p>\n<!-- \/wp:paragraph -->\n\n<!-- wp:paragraph -->\n<p>L\u2019\u00e9glise de Chepniers se termine par un \u00e9l\u00e9gant chevet droit. Trois longues et \u00e9troites baies l\u00e9g\u00e8rement bris\u00e9es sont entour\u00e9es de tores coup\u00e9s par de petits chapiteaux. Ce triplet est li\u00e9 par un cordon de pointes de diamant. L\u2019ensemble est surmont\u00e9 d\u2019un oculus et d\u2019une corniche qui se retourne sur les cot\u00e9s.<\/p>\n<!-- \/wp:paragraph -->\n\n<!-- wp:paragraph -->\n<p>L\u2019int\u00e9rieur vaste et \u00e9lev\u00e9 est enti\u00e8rement peint de motifs extr\u00eamement vari\u00e9s&nbsp;: figures g\u00e9om\u00e9triques, fleurs, guirlandes, mosa\u00efques, personnages, draperies. L\u2019ensemble des peintures murales remonte \u00e0 la fin du 19\u00b0 si\u00e8cle. Sans doute, faite par des italiens, elle est d\u2019un go\u00fbt tr\u00e8s s\u00fbr et remarquablement ex\u00e9cut\u00e9e, et plus particul\u00e8rement la coupole sur pendantifs sous le clocher.<\/p>\n<!-- \/wp:paragraph -->\n\n<!-- wp:paragraph -->\n<p>L\u2019\u00e9glise de Chepniers est, pendant plusieurs ann\u00e9es, en travaux de restauration\u2026travaux qui devraient se terminer dans la deuxi\u00e8me moiti\u00e9 de l\u2019ann\u00e9e 2020.<\/p>\n<!-- \/wp:paragraph -->","_et_gb_content_width":"","footnotes":""},"class_list":["post-4678","page","type-page","status-publish","hentry"],"_links":{"self":[{"href":"https:\/\/catholiques17.fr\/montlieu\/wp-json\/wp\/v2\/pages\/4678","targetHints":{"allow":["GET"]}}],"collection":[{"href":"https:\/\/catholiques17.fr\/montlieu\/wp-json\/wp\/v2\/pages"}],"about":[{"href":"https:\/\/catholiques17.fr\/montlieu\/wp-json\/wp\/v2\/types\/page"}],"author":[{"embeddable":true,"href":"https:\/\/catholiques17.fr\/montlieu\/wp-json\/wp\/v2\/users\/31"}],"replies":[{"embeddable":true,"href":"https:\/\/catholiques17.fr\/montlieu\/wp-json\/wp\/v2\/comments?post=4678"}],"version-history":[{"count":4,"href":"https:\/\/catholiques17.fr\/montlieu\/wp-json\/wp\/v2\/pages\/4678\/revisions"}],"predecessor-version":[{"id":6115,"href":"https:\/\/catholiques17.fr\/montlieu\/wp-json\/wp\/v2\/pages\/4678\/revisions\/6115"}],"up":[{"embeddable":true,"href":"https:\/\/catholiques17.fr\/montlieu\/wp-json\/wp\/v2\/pages\/4622"}],"wp:attachment":[{"href":"https:\/\/catholiques17.fr\/montlieu\/wp-json\/wp\/v2\/media?parent=4678"}],"curies":[{"name":"wp","href":"https:\/\/api.w.org\/{rel}","templated":true}]}}