{"id":4671,"date":"2021-03-25T12:53:37","date_gmt":"2021-03-25T11:53:37","guid":{"rendered":"https:\/\/catholiques17.fr\/montlieu\/?page_id=4671"},"modified":"2023-04-08T13:11:40","modified_gmt":"2023-04-08T11:11:40","slug":"eglise-du-pin","status":"publish","type":"page","link":"https:\/\/catholiques17.fr\/montlieu\/nos-eglises\/eglise-du-pin\/","title":{"rendered":"Eglise du Pin"},"content":{"rendered":"<p>[et_pb_section fb_built=\u00a0\u00bb1&Prime; _builder_version=\u00a0\u00bb4.17.6&Prime; _module_preset=\u00a0\u00bbdefault\u00a0\u00bb custom_padding=\u00a0\u00bb8px|||||\u00a0\u00bb global_colors_info=\u00a0\u00bb{}\u00a0\u00bb theme_builder_area=\u00a0\u00bbet_body_layout\u00a0\u00bb][et_pb_row _builder_version=\u00a0\u00bb4.17.6&Prime; _module_preset=\u00a0\u00bbdefault\u00a0\u00bb custom_padding=\u00a0\u00bb14px|||||\u00a0\u00bb global_colors_info=\u00a0\u00bb{}\u00a0\u00bb theme_builder_area=\u00a0\u00bbet_body_layout\u00a0\u00bb][et_pb_column type=\u00a0\u00bb4_4&Prime; _builder_version=\u00a0\u00bb4.17.6&Prime; _module_preset=\u00a0\u00bbdefault\u00a0\u00bb global_colors_info=\u00a0\u00bb{}\u00a0\u00bb theme_builder_area=\u00a0\u00bbet_body_layout\u00a0\u00bb][et_pb_image src=\u00a0\u00bbhttps:\/\/catholiques17.fr\/montlieu\/wp-content\/uploads\/sites\/22\/2023\/04\/289_02.jpg\u00a0\u00bb title_text=\u00a0\u00bb289_02&Prime; align=\u00a0\u00bbcenter\u00a0\u00bb _builder_version=\u00a0\u00bb4.17.6&Prime; _module_preset=\u00a0\u00bbdefault\u00a0\u00bb animation_style=\u00a0\u00bbslide\u00a0\u00bb hover_enabled=\u00a0\u00bb0&Prime; border_radii=\u00a0\u00bbon|20px|20px|20px|20px\u00a0\u00bb global_colors_info=\u00a0\u00bb{}\u00a0\u00bb theme_builder_area=\u00a0\u00bbet_body_layout\u00a0\u00bb sticky_enabled=\u00a0\u00bb0&Prime;][\/et_pb_image][\/et_pb_column][\/et_pb_row][et_pb_row _builder_version=\u00a0\u00bb4.17.6&Prime; _module_preset=\u00a0\u00bbdefault\u00a0\u00bb global_colors_info=\u00a0\u00bb{}\u00a0\u00bb theme_builder_area=\u00a0\u00bbet_body_layout\u00a0\u00bb][et_pb_column type=\u00a0\u00bb4_4&Prime; _builder_version=\u00a0\u00bb4.17.6&Prime; _module_preset=\u00a0\u00bbdefault\u00a0\u00bb global_colors_info=\u00a0\u00bb{}\u00a0\u00bb theme_builder_area=\u00a0\u00bbet_body_layout\u00a0\u00bb][et_pb_text _builder_version=\u00a0\u00bb4.17.6&Prime; _module_preset=\u00a0\u00bbdefault\u00a0\u00bb hover_enabled=\u00a0\u00bb0&Prime; global_colors_info=\u00a0\u00bb{}\u00a0\u00bb theme_builder_area=\u00a0\u00bbet_body_layout\u00a0\u00bb sticky_enabled=\u00a0\u00bb0&Prime;]<\/p>\n<p align=\"justify\">Le Pin, \u00e9glise Saint-Martin<br \/>D&rsquo;origine romane sans doute, mais d&rsquo;un roman des plus simple et sans ornementation, comme l\u2019attestent les vestiges des colonnettes cylindriques du ch\u0153ur, l&rsquo;\u00e9glise Saint-Martin a \u00e9t\u00e9 reconstruite au XVe si\u00e8cle puis restaur\u00e9e aux XVIIe et XIXe si\u00e8cles.<br \/>La fa\u00e7ade s&rsquo;ouvre entre deux contreforts d&rsquo;angle. Le portail \u00e0 trois voussures nues repose sur des pilastres sans aucune sculpture. Un petit campanile, sans doute refait au XIXe si\u00e8cle, surmonte l\u2019ensemble.<br \/>La nef rectangulaire s\u2019ouvre sur le ch\u0153ur, marqu\u00e9 par deux minces colonnes du XIIe si\u00e8cle \u00e0 petits chapiteaux orn\u00e9 de feuillages.<\/p>\n<p align=\"justify\">Cloche en bronze, 1770<br \/>Devant d\u2019autel, bois peint, XVIIIe si\u00e8cle<br \/>Cuve baptismale en pierre sculpt\u00e9e du XVIIIe si\u00e8cle<\/p>\n<p>[\/et_pb_text][\/et_pb_column][\/et_pb_row][et_pb_row _builder_version=\u00a0\u00bb4.17.6&Prime; _module_preset=\u00a0\u00bbdefault\u00a0\u00bb global_colors_info=\u00a0\u00bb{}\u00a0\u00bb theme_builder_area=\u00a0\u00bbet_body_layout\u00a0\u00bb][et_pb_column type=\u00a0\u00bb4_4&Prime; _builder_version=\u00a0\u00bb4.17.6&Prime; _module_preset=\u00a0\u00bbdefault\u00a0\u00bb global_colors_info=\u00a0\u00bb{}\u00a0\u00bb theme_builder_area=\u00a0\u00bbet_body_layout\u00a0\u00bb][et_pb_image src=\u00a0\u00bbhttps:\/\/catholiques17.fr\/montlieu\/wp-content\/uploads\/sites\/22\/2023\/04\/289_01.jpg\u00a0\u00bb title_text=\u00a0\u00bb289_01&Prime; show_in_lightbox=\u00a0\u00bbon\u00a0\u00bb align=\u00a0\u00bbcenter\u00a0\u00bb _builder_version=\u00a0\u00bb4.17.6&Prime; _module_preset=\u00a0\u00bbdefault\u00a0\u00bb hover_enabled=\u00a0\u00bb0&Prime; border_radii=\u00a0\u00bbon|20px|20px|20px|20px\u00a0\u00bb border_width_all=\u00a0\u00bb1px\u00a0\u00bb border_color_all=\u00a0\u00bb#FF8C00&Prime; global_colors_info=\u00a0\u00bb{}\u00a0\u00bb theme_builder_area=\u00a0\u00bbet_body_layout\u00a0\u00bb sticky_enabled=\u00a0\u00bb0&Prime;][\/et_pb_image][\/et_pb_column][\/et_pb_row][\/et_pb_section]<\/p>\n","protected":false},"excerpt":{"rendered":"<p>Le Pin, \u00e9glise Saint-MartinD&rsquo;origine romane sans doute, mais d&rsquo;un roman des plus simple et sans ornementation, comme l\u2019attestent les vestiges des colonnettes cylindriques du ch\u0153ur, l&rsquo;\u00e9glise Saint-Martin a \u00e9t\u00e9 reconstruite [&hellip;]<\/p>\n","protected":false},"author":5,"featured_media":0,"parent":4622,"menu_order":0,"comment_status":"closed","ping_status":"closed","template":"","meta":{"_et_pb_use_builder":"on","_et_pb_old_content":"<!-- wp:paragraph -->\n<p><strong>Eglise Saint Martin du Pin<\/strong><\/p>\n<!-- \/wp:paragraph -->\n\n<!-- wp:paragraph -->\n<p>L\u2019\u00e9glise Saint Martin du Pin, entour\u00e9e de son cimeti\u00e8re, daterait du XII\u00b0 si\u00e8cle, mais son chevet a \u00e9t\u00e9 reconstruit au XIV\u00b0 si\u00e8cle. Elle poss\u00e8de un devant d\u2019autel en bois peint du XVIII\u00b0 si\u00e8cle class\u00e9 monument historique ainsi qu\u2019une cloche en bronze grav\u00e9e datant de 1770.<\/p>\n<!-- \/wp:paragraph -->\n\n<!-- wp:image {\"align\":\"center\",\"id\":4672,\"width\":417,\"height\":558,\"sizeSlug\":\"large\",\"linkDestination\":\"none\",\"className\":\"is-style-rounded\"} -->\n<div class=\"wp-block-image is-style-rounded\"><figure class=\"aligncenter size-large is-resized\"><img src=\"https:\/\/catholiques17.fr\/montlieu\/wp-content\/uploads\/sites\/22\/2021\/03\/Le-Pin-eglise-1530x2048-1.jpeg\" alt=\"\" class=\"wp-image-4672\" width=\"417\" height=\"558\"\/><\/figure><\/div>\n<!-- \/wp:image -->","_et_gb_content_width":"","footnotes":""},"class_list":["post-4671","page","type-page","status-publish","hentry"],"_links":{"self":[{"href":"https:\/\/catholiques17.fr\/montlieu\/wp-json\/wp\/v2\/pages\/4671","targetHints":{"allow":["GET"]}}],"collection":[{"href":"https:\/\/catholiques17.fr\/montlieu\/wp-json\/wp\/v2\/pages"}],"about":[{"href":"https:\/\/catholiques17.fr\/montlieu\/wp-json\/wp\/v2\/types\/page"}],"author":[{"embeddable":true,"href":"https:\/\/catholiques17.fr\/montlieu\/wp-json\/wp\/v2\/users\/5"}],"replies":[{"embeddable":true,"href":"https:\/\/catholiques17.fr\/montlieu\/wp-json\/wp\/v2\/comments?post=4671"}],"version-history":[{"count":4,"href":"https:\/\/catholiques17.fr\/montlieu\/wp-json\/wp\/v2\/pages\/4671\/revisions"}],"predecessor-version":[{"id":6142,"href":"https:\/\/catholiques17.fr\/montlieu\/wp-json\/wp\/v2\/pages\/4671\/revisions\/6142"}],"up":[{"embeddable":true,"href":"https:\/\/catholiques17.fr\/montlieu\/wp-json\/wp\/v2\/pages\/4622"}],"wp:attachment":[{"href":"https:\/\/catholiques17.fr\/montlieu\/wp-json\/wp\/v2\/media?parent=4671"}],"curies":[{"name":"wp","href":"https:\/\/api.w.org\/{rel}","templated":true}]}}