{"id":4666,"date":"2021-03-25T12:51:39","date_gmt":"2021-03-25T11:51:39","guid":{"rendered":"https:\/\/catholiques17.fr\/montlieu\/?page_id=4666"},"modified":"2023-04-08T15:20:19","modified_gmt":"2023-04-08T13:20:19","slug":"chevanceaux","status":"publish","type":"page","link":"https:\/\/catholiques17.fr\/montlieu\/nos-eglises\/chevanceaux\/","title":{"rendered":"Chevanceaux"},"content":{"rendered":"<p>[et_pb_section fb_built=\u00a0\u00bb1&Prime; _builder_version=\u00a0\u00bb4.17.6&Prime; _module_preset=\u00a0\u00bbdefault\u00a0\u00bb custom_padding=\u00a0\u00bb8px|||||\u00a0\u00bb global_colors_info=\u00a0\u00bb{}\u00a0\u00bb theme_builder_area=\u00a0\u00bbet_body_layout\u00a0\u00bb][et_pb_row _builder_version=\u00a0\u00bb4.17.6&Prime; _module_preset=\u00a0\u00bbdefault\u00a0\u00bb custom_padding=\u00a0\u00bb14px|||||\u00a0\u00bb global_colors_info=\u00a0\u00bb{}\u00a0\u00bb theme_builder_area=\u00a0\u00bbet_body_layout\u00a0\u00bb][et_pb_column type=\u00a0\u00bb4_4&Prime; _builder_version=\u00a0\u00bb4.17.6&Prime; _module_preset=\u00a0\u00bbdefault\u00a0\u00bb global_colors_info=\u00a0\u00bb{}\u00a0\u00bb theme_builder_area=\u00a0\u00bbet_body_layout\u00a0\u00bb][et_pb_image src=\u00a0\u00bbhttps:\/\/catholiques17.fr\/montlieu\/wp-content\/uploads\/sites\/22\/2023\/04\/103_02.jpg\u00a0\u00bb title_text=\u00a0\u00bb103_02&Prime; align=\u00a0\u00bbcenter\u00a0\u00bb _builder_version=\u00a0\u00bb4.17.6&Prime; _module_preset=\u00a0\u00bbdefault\u00a0\u00bb animation_style=\u00a0\u00bbslide\u00a0\u00bb hover_enabled=\u00a0\u00bb0&Prime; border_radii=\u00a0\u00bbon|20px|20px|20px|20px\u00a0\u00bb global_colors_info=\u00a0\u00bb{}\u00a0\u00bb theme_builder_area=\u00a0\u00bbet_body_layout\u00a0\u00bb sticky_enabled=\u00a0\u00bb0&Prime;][\/et_pb_image][\/et_pb_column][\/et_pb_row][et_pb_row _builder_version=\u00a0\u00bb4.17.6&Prime; _module_preset=\u00a0\u00bbdefault\u00a0\u00bb global_colors_info=\u00a0\u00bb{}\u00a0\u00bb theme_builder_area=\u00a0\u00bbet_body_layout\u00a0\u00bb][et_pb_column type=\u00a0\u00bb4_4&Prime; _builder_version=\u00a0\u00bb4.17.6&Prime; _module_preset=\u00a0\u00bbdefault\u00a0\u00bb global_colors_info=\u00a0\u00bb{}\u00a0\u00bb theme_builder_area=\u00a0\u00bbet_body_layout\u00a0\u00bb][et_pb_text _builder_version=\u00a0\u00bb4.17.6&Prime; _module_preset=\u00a0\u00bbdefault\u00a0\u00bb hover_enabled=\u00a0\u00bb0&Prime; global_colors_info=\u00a0\u00bb{}\u00a0\u00bb theme_builder_area=\u00a0\u00bbet_body_layout\u00a0\u00bb sticky_enabled=\u00a0\u00bb0&Prime;]<\/p>\n<table width=\"100%\" border=\"2\" cellspacing=\"0\" cellpadding=\"30\">\n<tbody>\n<tr>\n<td class=\"fonds-beige-textes\">\n<div align=\"center\">\n<div align=\"justify\">\n<p>Chevanceaux, autrefois Saint-Pierre-de-Chaux, est construite \u00e0 un embranchement important de l\u2019ancien chemin royal Paris-Espagne.<br \/>Cet ancien prieur\u00e9 b\u00e9n\u00e9dictin n\u2019a gard\u00e9 de son origine du XIIe si\u00e8cle, que quelques vestiges. Selon Connou\u00e9, il existerait sous l\u2019\u00e9glise une crypte ossuaire, dont les sondages r\u00e9alis\u00e9s en 2003 semblent confirmer l\u2019existence sous le ch\u0153ur.<br \/>Les r\u00e9centes campagnes de restauration ont fait appara\u00eetre d\u2019anciennes ouvertures mur\u00e9es, traces des modifications successives. Les transformations les plus importantes eurent lieu aux XV et XVIes si\u00e8cles, o\u00f9 le ch\u0153ur, le chevet ainsi que le clocher furent enti\u00e8rement reconstruits.<br \/>Le chevet de m\u00eame \u00e9poque que le clocher est perc\u00e9 d\u2019une large baie ogivale \u00e0, remplage et vitaux. Le pignon tr\u00e8s pentu est termin\u00e9 par un glacis surmont\u00e9 de crosses.<br \/>Le clocher massif est carr\u00e9 du XVe si\u00e8cle est flanqu\u00e9 de lourds et hauts contreforts biais \u00e0 chaque angle.<br \/>La trav\u00e9e sous clocher est cantonn\u00e9e de colonnes flamboyantes. Deux chapelles lat\u00e9rales s&rsquo;ouvrent sur la crois\u00e9e.<br \/>Mais c&rsquo;est \u00e0 la fin du XIXe si\u00e8cle et au d\u00e9but du XXe, que furent perc\u00e9es les fen\u00eatres actuelles de la nef et que la fa\u00e7ade ouest fut \u00e9difi\u00e9e dans un style n\u00e9o-roman un peu raide.<br \/>Cette fa\u00e7ade reprend l&rsquo;arch\u00e9type roman saintongeais: une fa\u00e7ade tripartie \u00e0 deux registres s\u00e9par\u00e9e par un petit glacis et surmont\u00e9e d\u2019un fronton sur corniche repr\u00e9sentant un d\u00e9cor en bas-relief (monogramme du Christ entour\u00e9 de rayons).<br \/>Cette \u00e9glise garde malgr\u00e9 tout un plan homog\u00e8ne en forme de croix latine. Le sol int\u00e9rieur a \u00e9t\u00e9 rehauss\u00e9 cachant les bases des colonnes.<\/p>\n<p>Lurtrin en bois sculpt\u00e9 du XIXe si\u00e8cle. R\u00e9alis\u00e9 dans un style n\u00e9ogothique aurait \u00e9t\u00e9 offert \u00e0 la paroisse par la famille De Lestrange.<br \/>Cloche en bronze de 1770.<\/p>\n<\/div>\n<\/div>\n<\/td>\n<\/tr>\n<\/tbody>\n<\/table>\n<p>[\/et_pb_text][\/et_pb_column][\/et_pb_row][et_pb_row column_structure=\u00a0\u00bb1_3,1_3,1_3&Prime; _builder_version=\u00a0\u00bb4.17.6&Prime; _module_preset=\u00a0\u00bbdefault\u00a0\u00bb global_colors_info=\u00a0\u00bb{}\u00a0\u00bb theme_builder_area=\u00a0\u00bbet_body_layout\u00a0\u00bb][et_pb_column type=\u00a0\u00bb1_3&Prime; _builder_version=\u00a0\u00bb4.17.6&Prime; _module_preset=\u00a0\u00bbdefault\u00a0\u00bb global_colors_info=\u00a0\u00bb{}\u00a0\u00bb theme_builder_area=\u00a0\u00bbet_body_layout\u00a0\u00bb][et_pb_image src=\u00a0\u00bbhttps:\/\/catholiques17.fr\/montlieu\/wp-content\/uploads\/sites\/22\/2023\/04\/103_03.jpg\u00a0\u00bb title_text=\u00a0\u00bb103_03&Prime; show_in_lightbox=\u00a0\u00bbon\u00a0\u00bb align=\u00a0\u00bbcenter\u00a0\u00bb _builder_version=\u00a0\u00bb4.17.6&Prime; _module_preset=\u00a0\u00bbdefault\u00a0\u00bb hover_enabled=\u00a0\u00bb0&Prime; border_radii=\u00a0\u00bbon|20px|20px|20px|20px\u00a0\u00bb border_width_all=\u00a0\u00bb1px\u00a0\u00bb border_color_all=\u00a0\u00bb#FF8C00&Prime; global_colors_info=\u00a0\u00bb{}\u00a0\u00bb theme_builder_area=\u00a0\u00bbet_body_layout\u00a0\u00bb sticky_enabled=\u00a0\u00bb0&Prime;][\/et_pb_image][\/et_pb_column][et_pb_column type=\u00a0\u00bb1_3&Prime; _builder_version=\u00a0\u00bb4.17.6&Prime; _module_preset=\u00a0\u00bbdefault\u00a0\u00bb global_colors_info=\u00a0\u00bb{}\u00a0\u00bb theme_builder_area=\u00a0\u00bbet_body_layout\u00a0\u00bb][et_pb_image src=\u00a0\u00bbhttps:\/\/catholiques17.fr\/montlieu\/wp-content\/uploads\/sites\/22\/2023\/04\/103_04.jpg\u00a0\u00bb title_text=\u00a0\u00bb103_04&Prime; show_in_lightbox=\u00a0\u00bbon\u00a0\u00bb align=\u00a0\u00bbcenter\u00a0\u00bb _builder_version=\u00a0\u00bb4.17.6&Prime; _module_preset=\u00a0\u00bbdefault\u00a0\u00bb hover_enabled=\u00a0\u00bb0&Prime; border_radii=\u00a0\u00bbon|20px|20px|20px|20px\u00a0\u00bb border_width_all=\u00a0\u00bb1px\u00a0\u00bb border_color_all=\u00a0\u00bb#FF8C00&Prime; global_colors_info=\u00a0\u00bb{}\u00a0\u00bb theme_builder_area=\u00a0\u00bbet_body_layout\u00a0\u00bb sticky_enabled=\u00a0\u00bb0&Prime;][\/et_pb_image][\/et_pb_column][et_pb_column type=\u00a0\u00bb1_3&Prime; _builder_version=\u00a0\u00bb4.17.6&Prime; _module_preset=\u00a0\u00bbdefault\u00a0\u00bb global_colors_info=\u00a0\u00bb{}\u00a0\u00bb theme_builder_area=\u00a0\u00bbet_body_layout\u00a0\u00bb][et_pb_image src=\u00a0\u00bbhttps:\/\/catholiques17.fr\/montlieu\/wp-content\/uploads\/sites\/22\/2023\/04\/103_05.jpg\u00a0\u00bb title_text=\u00a0\u00bb103_05&Prime; show_in_lightbox=\u00a0\u00bbon\u00a0\u00bb align=\u00a0\u00bbcenter\u00a0\u00bb _builder_version=\u00a0\u00bb4.17.6&Prime; _module_preset=\u00a0\u00bbdefault\u00a0\u00bb border_radii=\u00a0\u00bbon|20px|20px|20px|20px\u00a0\u00bb border_width_all=\u00a0\u00bb1px\u00a0\u00bb border_color_all=\u00a0\u00bb#FF8C00&Prime; global_colors_info=\u00a0\u00bb{}\u00a0\u00bb theme_builder_area=\u00a0\u00bbet_body_layout\u00a0\u00bb][\/et_pb_image][\/et_pb_column][\/et_pb_row][et_pb_row _builder_version=\u00a0\u00bb4.17.6&Prime; _module_preset=\u00a0\u00bbdefault\u00a0\u00bb theme_builder_area=\u00a0\u00bbet_body_layout\u00a0\u00bb column_structure=\u00a0\u00bb1_2,1_2&Prime;][et_pb_column _builder_version=\u00a0\u00bb4.17.6&Prime; _module_preset=\u00a0\u00bbdefault\u00a0\u00bb type=\u00a0\u00bb1_2&Prime; theme_builder_area=\u00a0\u00bbet_body_layout\u00a0\u00bb][et_pb_image src=\u00a0\u00bbhttps:\/\/catholiques17.fr\/montlieu\/wp-content\/uploads\/sites\/22\/2023\/04\/103_06-1.jpg\u00a0\u00bb _builder_version=\u00a0\u00bb4.17.6&Prime; _module_preset=\u00a0\u00bbdefault\u00a0\u00bb theme_builder_area=\u00a0\u00bbet_body_layout\u00a0\u00bb title_text=\u00a0\u00bb103_06&Prime; hover_enabled=\u00a0\u00bb0&Prime; sticky_enabled=\u00a0\u00bb0&Prime;][\/et_pb_image][\/et_pb_column][et_pb_column _builder_version=\u00a0\u00bb4.17.6&Prime; _module_preset=\u00a0\u00bbdefault\u00a0\u00bb type=\u00a0\u00bb1_2&Prime; theme_builder_area=\u00a0\u00bbet_body_layout\u00a0\u00bb][et_pb_image src=\u00a0\u00bbhttps:\/\/catholiques17.fr\/montlieu\/wp-content\/uploads\/sites\/22\/2023\/04\/103_07.jpg\u00a0\u00bb _builder_version=\u00a0\u00bb4.17.6&Prime; _module_preset=\u00a0\u00bbdefault\u00a0\u00bb theme_builder_area=\u00a0\u00bbet_body_layout\u00a0\u00bb title_text=\u00a0\u00bb103_07&Prime; hover_enabled=\u00a0\u00bb0&Prime; sticky_enabled=\u00a0\u00bb0&Prime;][\/et_pb_image][\/et_pb_column][\/et_pb_row][et_pb_row column_structure=\u00a0\u00bb1_6,1_6,1_6,1_6,1_6,1_6&Prime; _builder_version=\u00a0\u00bb4.17.6&Prime; _module_preset=\u00a0\u00bbdefault\u00a0\u00bb global_colors_info=\u00a0\u00bb{}\u00a0\u00bb theme_builder_area=\u00a0\u00bbet_body_layout\u00a0\u00bb][et_pb_column type=\u00a0\u00bb1_6&Prime; _builder_version=\u00a0\u00bb4.17.6&Prime; _module_preset=\u00a0\u00bbdefault\u00a0\u00bb global_colors_info=\u00a0\u00bb{}\u00a0\u00bb theme_builder_area=\u00a0\u00bbet_body_layout\u00a0\u00bb][et_pb_image src=\u00a0\u00bbhttps:\/\/catholiques17.fr\/montlieu\/wp-content\/uploads\/sites\/22\/2023\/04\/103_21.jpg\u00a0\u00bb title_text=\u00a0\u00bb103_21&Prime; _builder_version=\u00a0\u00bb4.17.6&Prime; _module_preset=\u00a0\u00bbdefault\u00a0\u00bb hover_enabled=\u00a0\u00bb0&Prime; global_colors_info=\u00a0\u00bb{}\u00a0\u00bb theme_builder_area=\u00a0\u00bbet_body_layout\u00a0\u00bb sticky_enabled=\u00a0\u00bb0&Prime;][\/et_pb_image][\/et_pb_column][et_pb_column type=\u00a0\u00bb1_6&Prime; _builder_version=\u00a0\u00bb4.17.6&Prime; _module_preset=\u00a0\u00bbdefault\u00a0\u00bb global_colors_info=\u00a0\u00bb{}\u00a0\u00bb theme_builder_area=\u00a0\u00bbet_body_layout\u00a0\u00bb][et_pb_image src=\u00a0\u00bbhttps:\/\/catholiques17.fr\/montlieu\/wp-content\/uploads\/sites\/22\/2023\/04\/103_08.jpg\u00a0\u00bb title_text=\u00a0\u00bb103_08&Prime; _builder_version=\u00a0\u00bb4.17.6&Prime; _module_preset=\u00a0\u00bbdefault\u00a0\u00bb custom_margin=\u00a0\u00bb|||10px||\u00a0\u00bb custom_padding=\u00a0\u00bb|105px||0px||\u00a0\u00bb hover_enabled=\u00a0\u00bb0&Prime; global_colors_info=\u00a0\u00bb{}\u00a0\u00bb theme_builder_area=\u00a0\u00bbet_body_layout\u00a0\u00bb sticky_enabled=\u00a0\u00bb0&Prime;][\/et_pb_image][et_pb_image src=\u00a0\u00bbhttps:\/\/catholiques17.fr\/montlieu\/wp-content\/uploads\/sites\/22\/2023\/04\/103_10.jpg\u00a0\u00bb title_text=\u00a0\u00bb103_10&Prime; _builder_version=\u00a0\u00bb4.17.6&Prime; _module_preset=\u00a0\u00bbdefault\u00a0\u00bb hover_enabled=\u00a0\u00bb0&Prime; global_colors_info=\u00a0\u00bb{}\u00a0\u00bb theme_builder_area=\u00a0\u00bbet_body_layout\u00a0\u00bb sticky_enabled=\u00a0\u00bb0&Prime;][\/et_pb_image][\/et_pb_column][et_pb_column type=\u00a0\u00bb1_6&Prime; _builder_version=\u00a0\u00bb4.17.6&Prime; _module_preset=\u00a0\u00bbdefault\u00a0\u00bb global_colors_info=\u00a0\u00bb{}\u00a0\u00bb theme_builder_area=\u00a0\u00bbet_body_layout\u00a0\u00bb][et_pb_image src=\u00a0\u00bbhttps:\/\/catholiques17.fr\/montlieu\/wp-content\/uploads\/sites\/22\/2023\/04\/103_11.jpg\u00a0\u00bb _builder_version=\u00a0\u00bb4.17.6&Prime; _module_preset=\u00a0\u00bbdefault\u00a0\u00bb theme_builder_area=\u00a0\u00bbet_body_layout\u00a0\u00bb title_text=\u00a0\u00bb103_11&Prime; hover_enabled=\u00a0\u00bb0&Prime; sticky_enabled=\u00a0\u00bb0&Prime;][\/et_pb_image][\/et_pb_column][et_pb_column type=\u00a0\u00bb1_6&Prime; _builder_version=\u00a0\u00bb4.17.6&Prime; _module_preset=\u00a0\u00bbdefault\u00a0\u00bb global_colors_info=\u00a0\u00bb{}\u00a0\u00bb theme_builder_area=\u00a0\u00bbet_body_layout\u00a0\u00bb][et_pb_image src=\u00a0\u00bbhttps:\/\/catholiques17.fr\/montlieu\/wp-content\/uploads\/sites\/22\/2023\/04\/103_20.jpg\u00a0\u00bb _builder_version=\u00a0\u00bb4.17.6&Prime; _module_preset=\u00a0\u00bbdefault\u00a0\u00bb theme_builder_area=\u00a0\u00bbet_body_layout\u00a0\u00bb title_text=\u00a0\u00bb103_20&Prime; hover_enabled=\u00a0\u00bb0&Prime; sticky_enabled=\u00a0\u00bb0&Prime;][\/et_pb_image][\/et_pb_column][et_pb_column type=\u00a0\u00bb1_6&Prime; _builder_version=\u00a0\u00bb4.17.6&Prime; _module_preset=\u00a0\u00bbdefault\u00a0\u00bb global_colors_info=\u00a0\u00bb{}\u00a0\u00bb theme_builder_area=\u00a0\u00bbet_body_layout\u00a0\u00bb][et_pb_image src=\u00a0\u00bbhttps:\/\/catholiques17.fr\/montlieu\/wp-content\/uploads\/sites\/22\/2023\/04\/103_19.jpg\u00a0\u00bb _builder_version=\u00a0\u00bb4.17.6&Prime; _module_preset=\u00a0\u00bbdefault\u00a0\u00bb theme_builder_area=\u00a0\u00bbet_body_layout\u00a0\u00bb title_text=\u00a0\u00bb103_19&Prime; hover_enabled=\u00a0\u00bb0&Prime; sticky_enabled=\u00a0\u00bb0&Prime;][\/et_pb_image][\/et_pb_column][et_pb_column type=\u00a0\u00bb1_6&Prime; _builder_version=\u00a0\u00bb4.17.6&Prime; _module_preset=\u00a0\u00bbdefault\u00a0\u00bb global_colors_info=\u00a0\u00bb{}\u00a0\u00bb theme_builder_area=\u00a0\u00bbet_body_layout\u00a0\u00bb][et_pb_image src=\u00a0\u00bbhttps:\/\/catholiques17.fr\/montlieu\/wp-content\/uploads\/sites\/22\/2023\/04\/103_18.jpg\u00a0\u00bb _builder_version=\u00a0\u00bb4.17.6&Prime; _module_preset=\u00a0\u00bbdefault\u00a0\u00bb theme_builder_area=\u00a0\u00bbet_body_layout\u00a0\u00bb title_text=\u00a0\u00bb103_18&Prime; hover_enabled=\u00a0\u00bb0&Prime; sticky_enabled=\u00a0\u00bb0&Prime;][\/et_pb_image][\/et_pb_column][\/et_pb_row][et_pb_row _builder_version=\u00a0\u00bb4.17.6&Prime; _module_preset=\u00a0\u00bbdefault\u00a0\u00bb theme_builder_area=\u00a0\u00bbet_body_layout\u00a0\u00bb column_structure=\u00a0\u00bb1_6,1_6,1_6,1_6,1_6,1_6&Prime; hover_enabled=\u00a0\u00bb0&Prime; sticky_enabled=\u00a0\u00bb0&Prime;][et_pb_column _builder_version=\u00a0\u00bb4.17.6&Prime; _module_preset=\u00a0\u00bbdefault\u00a0\u00bb type=\u00a0\u00bb1_6&Prime; theme_builder_area=\u00a0\u00bbet_body_layout\u00a0\u00bb][et_pb_image src=\u00a0\u00bbhttps:\/\/catholiques17.fr\/montlieu\/wp-content\/uploads\/sites\/22\/2023\/04\/103_17.jpg\u00a0\u00bb _builder_version=\u00a0\u00bb4.17.6&Prime; _module_preset=\u00a0\u00bbdefault\u00a0\u00bb theme_builder_area=\u00a0\u00bbet_body_layout\u00a0\u00bb title_text=\u00a0\u00bb103_17&Prime; hover_enabled=\u00a0\u00bb0&Prime; sticky_enabled=\u00a0\u00bb0&Prime;][\/et_pb_image][\/et_pb_column][et_pb_column _builder_version=\u00a0\u00bb4.17.6&Prime; _module_preset=\u00a0\u00bbdefault\u00a0\u00bb type=\u00a0\u00bb1_6&Prime; theme_builder_area=\u00a0\u00bbet_body_layout\u00a0\u00bb][et_pb_image src=\u00a0\u00bbhttps:\/\/catholiques17.fr\/montlieu\/wp-content\/uploads\/sites\/22\/2023\/04\/103_14.jpg\u00a0\u00bb _builder_version=\u00a0\u00bb4.17.6&Prime; _module_preset=\u00a0\u00bbdefault\u00a0\u00bb theme_builder_area=\u00a0\u00bbet_body_layout\u00a0\u00bb title_text=\u00a0\u00bb103_14&Prime; hover_enabled=\u00a0\u00bb0&Prime; sticky_enabled=\u00a0\u00bb0&Prime;][\/et_pb_image][\/et_pb_column][et_pb_column _builder_version=\u00a0\u00bb4.17.6&Prime; _module_preset=\u00a0\u00bbdefault\u00a0\u00bb type=\u00a0\u00bb1_6&Prime; theme_builder_area=\u00a0\u00bbet_body_layout\u00a0\u00bb][et_pb_image src=\u00a0\u00bbhttps:\/\/catholiques17.fr\/montlieu\/wp-content\/uploads\/sites\/22\/2023\/04\/103_13.jpg\u00a0\u00bb _builder_version=\u00a0\u00bb4.17.6&Prime; _module_preset=\u00a0\u00bbdefault\u00a0\u00bb theme_builder_area=\u00a0\u00bbet_body_layout\u00a0\u00bb title_text=\u00a0\u00bb103_13&Prime; hover_enabled=\u00a0\u00bb0&Prime; sticky_enabled=\u00a0\u00bb0&Prime;][\/et_pb_image][\/et_pb_column][et_pb_column _builder_version=\u00a0\u00bb4.17.6&Prime; _module_preset=\u00a0\u00bbdefault\u00a0\u00bb type=\u00a0\u00bb1_6&Prime; theme_builder_area=\u00a0\u00bbet_body_layout\u00a0\u00bb][et_pb_image src=\u00a0\u00bbhttps:\/\/catholiques17.fr\/montlieu\/wp-content\/uploads\/sites\/22\/2023\/04\/103_12.jpg\u00a0\u00bb _builder_version=\u00a0\u00bb4.17.6&Prime; _module_preset=\u00a0\u00bbdefault\u00a0\u00bb theme_builder_area=\u00a0\u00bbet_body_layout\u00a0\u00bb title_text=\u00a0\u00bb103_12&Prime; hover_enabled=\u00a0\u00bb0&Prime; sticky_enabled=\u00a0\u00bb0&Prime;][\/et_pb_image][\/et_pb_column][et_pb_column _builder_version=\u00a0\u00bb4.17.6&Prime; _module_preset=\u00a0\u00bbdefault\u00a0\u00bb type=\u00a0\u00bb1_6&Prime; theme_builder_area=\u00a0\u00bbet_body_layout\u00a0\u00bb][et_pb_image src=\u00a0\u00bbhttps:\/\/catholiques17.fr\/montlieu\/wp-content\/uploads\/sites\/22\/2023\/04\/103_09.jpg\u00a0\u00bb _builder_version=\u00a0\u00bb4.17.6&Prime; _module_preset=\u00a0\u00bbdefault\u00a0\u00bb theme_builder_area=\u00a0\u00bbet_body_layout\u00a0\u00bb title_text=\u00a0\u00bb103_09&Prime; hover_enabled=\u00a0\u00bb0&Prime; sticky_enabled=\u00a0\u00bb0&Prime;][\/et_pb_image][\/et_pb_column][et_pb_column _builder_version=\u00a0\u00bb4.17.6&Prime; _module_preset=\u00a0\u00bbdefault\u00a0\u00bb type=\u00a0\u00bb1_6&Prime; theme_builder_area=\u00a0\u00bbet_body_layout\u00a0\u00bb][et_pb_image src=\u00a0\u00bbhttps:\/\/catholiques17.fr\/montlieu\/wp-content\/uploads\/sites\/22\/2023\/04\/103_08.jpg\u00a0\u00bb _builder_version=\u00a0\u00bb4.17.6&Prime; _module_preset=\u00a0\u00bbdefault\u00a0\u00bb theme_builder_area=\u00a0\u00bbet_body_layout\u00a0\u00bb title_text=\u00a0\u00bb103_08&Prime; hover_enabled=\u00a0\u00bb0&Prime; sticky_enabled=\u00a0\u00bb0&Prime;][\/et_pb_image][\/et_pb_column][\/et_pb_row][\/et_pb_section]<\/p>\n","protected":false},"excerpt":{"rendered":"<p>Chevanceaux, autrefois Saint-Pierre-de-Chaux, est construite \u00e0 un embranchement important de l\u2019ancien chemin royal Paris-Espagne.Cet ancien prieur\u00e9 b\u00e9n\u00e9dictin n\u2019a gard\u00e9 de son origine du XIIe si\u00e8cle, que quelques vestiges. Selon Connou\u00e9, [&hellip;]<\/p>\n","protected":false},"author":31,"featured_media":0,"parent":4622,"menu_order":0,"comment_status":"closed","ping_status":"closed","template":"","meta":{"_et_pb_use_builder":"on","_et_pb_old_content":"<!-- wp:paragraph -->\n<p>Chevanceaux, autrefois Saint-Pierre-de-Chaux, est construite \u00e0 un embranchement important de l\u2019ancien chemin royal Paris-Espagne. Cet ancien prieur\u00e9 b\u00e9n\u00e9dictin n\u2019a gard\u00e9 de son origine du XIIe si\u00e8cle, que quelques vestiges. Selon Connou\u00e9, il existerait sous l\u2019\u00e9glise une crypte ossuaire, dont les sondages r\u00e9alis\u00e9s en 2003 semblent confirmer l\u2019existence sous le ch\u0153ur.<br>Les r\u00e9centes campagnes de restauration ont fait appara\u00eetre d\u2019anciennes ouvertures mur\u00e9es, traces des modifications successives. Les transformations les plus importantes eurent lieu aux XV et XVIes si\u00e8cles, o\u00f9 le ch\u0153ur, le chevet ainsi que le clocher furent enti\u00e8rement reconstruits.<\/p>\n<!-- \/wp:paragraph -->\n\n<!-- wp:image {\"align\":\"center\",\"id\":4667,\"sizeSlug\":\"large\",\"linkDestination\":\"none\"} -->\n<div class=\"wp-block-image\"><figure class=\"aligncenter size-large\"><img src=\"https:\/\/catholiques17.fr\/montlieu\/wp-content\/uploads\/sites\/22\/2021\/03\/Chevanceaux-1.jpg\" alt=\"\" class=\"wp-image-4667\" \/><\/figure><\/div>\n<!-- \/wp:image -->\n\n<!-- wp:paragraph -->\n<p>Le chevet de m\u00eame \u00e9poque que le clocher est perc\u00e9 d\u2019une large baie ogivale \u00e0, remplage et vitaux. Le pignon tr\u00e8s pentu est termin\u00e9 par un glacis surmont\u00e9 de crosses. Le clocher massif est carr\u00e9 du XVe si\u00e8cle est flanqu\u00e9 de lourds et hauts contreforts biais \u00e0 chaque angle.<\/p>\n<!-- \/wp:paragraph -->\n\n<!-- wp:paragraph -->\n<p>La trav\u00e9e sous clocher est cantonn\u00e9e de colonnes flamboyantes. Deux chapelles lat\u00e9rales s\u2019ouvrent sur la crois\u00e9e.<br>Mais c\u2019est \u00e0 la fin du XIXe si\u00e8cle et au d\u00e9but du XXe, que furent perc\u00e9es les fen\u00eatres actuelles de la nef et que la fa\u00e7ade ouest fut \u00e9difi\u00e9e dans un style n\u00e9o-roman un peu raide. Cette fa\u00e7ade reprend l\u2019arch\u00e9type roman saintongeais: une fa\u00e7ade tripartie \u00e0 deux registres s\u00e9par\u00e9e par un petit glacis et surmont\u00e9e d\u2019un fronton sur corniche repr\u00e9sentant un d\u00e9cor en bas-relief (monogramme du Christ entour\u00e9 de rayons).<\/p>\n<!-- \/wp:paragraph -->\n\n<!-- wp:paragraph -->\n<p>Cette \u00e9glise garde malgr\u00e9 tout un plan homog\u00e8ne en forme de croix latine. Le sol int\u00e9rieur a \u00e9t\u00e9 rehauss\u00e9 cachant les bases des colonnes. Lutrin en bois sculpt\u00e9 du XIXe si\u00e8cle. R\u00e9alis\u00e9 dans un style n\u00e9ogothique aurait \u00e9t\u00e9 offert \u00e0 la paroisse par la famille De Lestrange. Cloche en bronze de 1770.<\/p>\n<!-- \/wp:paragraph -->\n\n<!-- wp:gallery {\"ids\":[4668],\"linkTo\":\"none\"} -->\n<figure class=\"wp-block-gallery columns-1 is-cropped\"><ul class=\"blocks-gallery-grid\"><li class=\"blocks-gallery-item\"><figure><img src=\"https:\/\/catholiques17.fr\/montlieu\/wp-content\/uploads\/sites\/22\/2021\/03\/Chevanceaux_fusion.jpg\" alt=\"\" data-id=\"4668\" data-full-url=\"https:\/\/catholiques17.fr\/montlieu\/wp-content\/uploads\/sites\/22\/2021\/03\/Chevanceaux_fusion.jpg\" data-link=\"https:\/\/catholiques17.fr\/montlieu\/?attachment_id=4668\" class=\"wp-image-4668\" \/><\/figure><\/li><\/ul><\/figure>\n<!-- \/wp:gallery -->\n\n<!-- wp:image {\"align\":\"center\",\"id\":4669,\"sizeSlug\":\"large\",\"linkDestination\":\"none\"} -->\n<div class=\"wp-block-image\"><figure class=\"aligncenter size-large\"><img src=\"https:\/\/catholiques17.fr\/montlieu\/wp-content\/uploads\/sites\/22\/2021\/03\/vitraux.jpg\" alt=\"\" class=\"wp-image-4669\" \/><\/figure><\/div>\n<!-- \/wp:image -->","_et_gb_content_width":"","footnotes":""},"class_list":["post-4666","page","type-page","status-publish","hentry"],"_links":{"self":[{"href":"https:\/\/catholiques17.fr\/montlieu\/wp-json\/wp\/v2\/pages\/4666","targetHints":{"allow":["GET"]}}],"collection":[{"href":"https:\/\/catholiques17.fr\/montlieu\/wp-json\/wp\/v2\/pages"}],"about":[{"href":"https:\/\/catholiques17.fr\/montlieu\/wp-json\/wp\/v2\/types\/page"}],"author":[{"embeddable":true,"href":"https:\/\/catholiques17.fr\/montlieu\/wp-json\/wp\/v2\/users\/31"}],"replies":[{"embeddable":true,"href":"https:\/\/catholiques17.fr\/montlieu\/wp-json\/wp\/v2\/comments?post=4666"}],"version-history":[{"count":4,"href":"https:\/\/catholiques17.fr\/montlieu\/wp-json\/wp\/v2\/pages\/4666\/revisions"}],"predecessor-version":[{"id":6195,"href":"https:\/\/catholiques17.fr\/montlieu\/wp-json\/wp\/v2\/pages\/4666\/revisions\/6195"}],"up":[{"embeddable":true,"href":"https:\/\/catholiques17.fr\/montlieu\/wp-json\/wp\/v2\/pages\/4622"}],"wp:attachment":[{"href":"https:\/\/catholiques17.fr\/montlieu\/wp-json\/wp\/v2\/media?parent=4666"}],"curies":[{"name":"wp","href":"https:\/\/api.w.org\/{rel}","templated":true}]}}