{"id":4662,"date":"2021-03-25T12:47:29","date_gmt":"2021-03-25T11:47:29","guid":{"rendered":"https:\/\/catholiques17.fr\/montlieu\/?page_id=4662"},"modified":"2023-04-08T19:35:07","modified_gmt":"2023-04-08T17:35:07","slug":"bors-de-baignes","status":"publish","type":"page","link":"https:\/\/catholiques17.fr\/montlieu\/nos-eglises\/bors-de-baignes\/","title":{"rendered":"Bors de Baignes"},"content":{"rendered":"<p>[et_pb_section fb_built=\u00a0\u00bb1&Prime; _builder_version=\u00a0\u00bb4.17.6&Prime; _module_preset=\u00a0\u00bbdefault\u00a0\u00bb custom_padding=\u00a0\u00bb8px|||||\u00a0\u00bb global_colors_info=\u00a0\u00bb{}\u00a0\u00bb theme_builder_area=\u00a0\u00bbet_body_layout\u00a0\u00bb][et_pb_row _builder_version=\u00a0\u00bb4.17.6&Prime; _module_preset=\u00a0\u00bbdefault\u00a0\u00bb custom_padding=\u00a0\u00bb14px|||||\u00a0\u00bb global_colors_info=\u00a0\u00bb{}\u00a0\u00bb theme_builder_area=\u00a0\u00bbet_body_layout\u00a0\u00bb][et_pb_column type=\u00a0\u00bb4_4&Prime; _builder_version=\u00a0\u00bb4.17.6&Prime; _module_preset=\u00a0\u00bbdefault\u00a0\u00bb global_colors_info=\u00a0\u00bb{}\u00a0\u00bb theme_builder_area=\u00a0\u00bbet_body_layout\u00a0\u00bb][et_pb_image src=\u00a0\u00bbhttps:\/\/catholiques17.fr\/montlieu\/wp-content\/uploads\/sites\/22\/2023\/04\/resize_image_dnc.jpg\u00a0\u00bb title_text=\u00a0\u00bbresize_image_dnc\u00a0\u00bb align=\u00a0\u00bbcenter\u00a0\u00bb _builder_version=\u00a0\u00bb4.17.6&Prime; _module_preset=\u00a0\u00bbdefault\u00a0\u00bb animation_style=\u00a0\u00bbslide\u00a0\u00bb hover_enabled=\u00a0\u00bb0&Prime; border_radii=\u00a0\u00bbon|20px|20px|20px|20px\u00a0\u00bb global_colors_info=\u00a0\u00bb{}\u00a0\u00bb theme_builder_area=\u00a0\u00bbet_body_layout\u00a0\u00bb sticky_enabled=\u00a0\u00bb0&Prime;][\/et_pb_image][\/et_pb_column][\/et_pb_row][et_pb_row _builder_version=\u00a0\u00bb4.17.6&Prime; _module_preset=\u00a0\u00bbdefault\u00a0\u00bb global_colors_info=\u00a0\u00bb{}\u00a0\u00bb theme_builder_area=\u00a0\u00bbet_body_layout\u00a0\u00bb][et_pb_column type=\u00a0\u00bb4_4&Prime; _builder_version=\u00a0\u00bb4.17.6&Prime; _module_preset=\u00a0\u00bbdefault\u00a0\u00bb global_colors_info=\u00a0\u00bb{}\u00a0\u00bb theme_builder_area=\u00a0\u00bbet_body_layout\u00a0\u00bb][et_pb_text _builder_version=\u00a0\u00bb4.17.6&Prime; _module_preset=\u00a0\u00bbdefault\u00a0\u00bb hover_enabled=\u00a0\u00bb0&Prime; global_colors_info=\u00a0\u00bb{}\u00a0\u00bb theme_builder_area=\u00a0\u00bbet_body_layout\u00a0\u00bb sticky_enabled=\u00a0\u00bb0&Prime;]<\/p>\n<p class=\"texte\">Situ\u00e9e dans le sud-ouest du d\u00e9partement de la Charente, l\u2019\u00e9glise romane Sainte-Marie-Madeleine de Bors-de-Baignes a fait l\u2019objet en\u00a01996 d\u2019un programme de restauration suite \u00e0 son classement au titre des Monuments\u00a0Historiques.<\/p>\n<p class=\"texte\">Afin de finaliser ce projet, la commune a mis en place un assainissement de l\u2019\u00e9difice et du cimeti\u00e8re avec la r\u00e9alisation de drains enterr\u00e9s recueillant les \u00e9coulements pluviaux. \u00c0 cette occasion le service r\u00e9gional de l\u2019Arch\u00e9ologie a prescrit une surveillance arch\u00e9ologique afin de renseigner la topographie du cimeti\u00e8re et de collecter des informations concernant sa fr\u00e9quentation et sa chronologie.<\/p>\n<p class=\"texte\">Cette op\u00e9ration s\u2019est d\u00e9roul\u00e9e sur deux jours et se r\u00e9v\u00e8le en grande partie n\u00e9gative. En effet, les stratigraphies observ\u00e9es montrent une s\u00e9quence de remblaiement entre le\u00a0XVIII<sup>e\u00a0<\/sup>s. et le\u00a0XX<sup>e<\/sup>\u00a0s., constituant un talus autour de l\u2019\u00e9glise.<\/p>\n<p class=\"texte\">Les seuls indices arch\u00e9ologiques per\u00e7us correspondent \u00e0 deux couvercles monolithes de sarcophage en pierre de grison. Leurs positions stratigraphiques au sein d\u2019un remblai et l\u2019absence de fonds indiquent qu\u2019ils sont en position secondaire. Le r\u00e9emploi de ces \u00e9l\u00e9ments, probablement \u00e0 l\u2019\u00e9poque Moderne, ne peut \u00e0 ce jour \u00eatre interpr\u00e9t\u00e9. Ils peuvent correspondre \u00e0 des s\u00e9pultures, mais ceci n\u2019a pas pu \u00eatre v\u00e9rifi\u00e9.<\/p>\n<p class=\"texte\">La d\u00e9couverte de structures similaires \u00e0 proximit\u00e9 indiquerait que ces r\u00e9emplois concernent tout un secteur du cimeti\u00e8re. En l\u2019absence de contexte stratigraphique fiable et compte tenu de la faible emprise d\u2019observation, on ne peut pas attribuer de datation \u00e0 ces couvercles. Leurs aspects massifs ne constituent pas une caract\u00e9ristique d\u00e9terminante pour les rattacher au haut Moyen\u00a0\u00c2ge (V<sup>e<\/sup>\u00a0s. au\u00a0XI<sup>e<\/sup>\u00a0s.) ou au Moyen\u00a0\u00c2ge classique (XII<sup>e\u00a0<\/sup>s. au\u00a0XV<sup>e\u00a0<\/sup>s.).<\/p>\n<p>[\/et_pb_text][\/et_pb_column][\/et_pb_row][et_pb_row column_structure=\u00a0\u00bb1_2,1_2&Prime; _builder_version=\u00a0\u00bb4.17.6&Prime; _module_preset=\u00a0\u00bbdefault\u00a0\u00bb global_colors_info=\u00a0\u00bb{}\u00a0\u00bb theme_builder_area=\u00a0\u00bbet_body_layout\u00a0\u00bb][et_pb_column type=\u00a0\u00bb1_2&Prime; _builder_version=\u00a0\u00bb4.17.6&Prime; _module_preset=\u00a0\u00bbdefault\u00a0\u00bb global_colors_info=\u00a0\u00bb{}\u00a0\u00bb theme_builder_area=\u00a0\u00bbet_body_layout\u00a0\u00bb][et_pb_image src=\u00a0\u00bbhttps:\/\/catholiques17.fr\/montlieu\/wp-content\/uploads\/sites\/22\/2023\/04\/2.jpg\u00a0\u00bb title_text=\u00a0\u00bb2&Prime; show_in_lightbox=\u00a0\u00bbon\u00a0\u00bb align=\u00a0\u00bbcenter\u00a0\u00bb _builder_version=\u00a0\u00bb4.17.6&Prime; _module_preset=\u00a0\u00bbdefault\u00a0\u00bb hover_enabled=\u00a0\u00bb0&Prime; border_radii=\u00a0\u00bbon|20px|20px|20px|20px\u00a0\u00bb border_width_all=\u00a0\u00bb1px\u00a0\u00bb border_color_all=\u00a0\u00bb#FF8C00&Prime; global_colors_info=\u00a0\u00bb{}\u00a0\u00bb theme_builder_area=\u00a0\u00bbet_body_layout\u00a0\u00bb sticky_enabled=\u00a0\u00bb0&Prime;][\/et_pb_image][\/et_pb_column][et_pb_column type=\u00a0\u00bb1_2&Prime; _builder_version=\u00a0\u00bb4.17.6&Prime; _module_preset=\u00a0\u00bbdefault\u00a0\u00bb global_colors_info=\u00a0\u00bb{}\u00a0\u00bb theme_builder_area=\u00a0\u00bbet_body_layout\u00a0\u00bb][et_pb_image src=\u00a0\u00bbhttps:\/\/catholiques17.fr\/montlieu\/wp-content\/uploads\/sites\/22\/2023\/04\/3.jpg\u00a0\u00bb title_text=\u00a0\u00bb3&Prime; show_in_lightbox=\u00a0\u00bbon\u00a0\u00bb align=\u00a0\u00bbcenter\u00a0\u00bb _builder_version=\u00a0\u00bb4.17.6&Prime; _module_preset=\u00a0\u00bbdefault\u00a0\u00bb hover_enabled=\u00a0\u00bb0&Prime; border_radii=\u00a0\u00bbon|20px|20px|20px|20px\u00a0\u00bb border_width_all=\u00a0\u00bb1px\u00a0\u00bb border_color_all=\u00a0\u00bb#FF8C00&Prime; global_colors_info=\u00a0\u00bb{}\u00a0\u00bb theme_builder_area=\u00a0\u00bbet_body_layout\u00a0\u00bb sticky_enabled=\u00a0\u00bb0&Prime;][\/et_pb_image][\/et_pb_column][\/et_pb_row][\/et_pb_section]<\/p>\n","protected":false},"excerpt":{"rendered":"<p>Situ\u00e9e dans le sud-ouest du d\u00e9partement de la Charente, l\u2019\u00e9glise romane Sainte-Marie-Madeleine de Bors-de-Baignes a fait l\u2019objet en\u00a01996 d\u2019un programme de restauration suite \u00e0 son classement au titre des Monuments\u00a0Historiques. [&hellip;]<\/p>\n","protected":false},"author":31,"featured_media":0,"parent":4622,"menu_order":0,"comment_status":"closed","ping_status":"closed","template":"","meta":{"_et_pb_use_builder":"on","_et_pb_old_content":"<!-- wp:image {\"align\":\"center\",\"id\":4663,\"width\":505,\"height\":379,\"sizeSlug\":\"large\",\"linkDestination\":\"none\"} -->\n<div class=\"wp-block-image\"><figure class=\"aligncenter size-large is-resized\"><img src=\"https:\/\/catholiques17.fr\/montlieu\/wp-content\/uploads\/sites\/22\/2021\/03\/eglise-de-Bors-de-Baignes-Sainte-Madeleine.jpg\" alt=\"\" class=\"wp-image-4663\" width=\"505\" height=\"379\"\/><\/figure><\/div>\n<!-- \/wp:image -->\n\n<!-- wp:image {\"id\":4664,\"sizeSlug\":\"large\",\"linkDestination\":\"none\",\"className\":\"is-style-default\"} -->\n<figure class=\"wp-block-image size-large is-style-default\"><img src=\"https:\/\/catholiques17.fr\/montlieu\/wp-content\/uploads\/sites\/22\/2021\/03\/Eglise-Ste-Madeleine-de-Bors-de-Baignes-classee-en-1994-2-1536x2048-1.jpg\" alt=\"\" class=\"wp-image-4664\"\/><figcaption>int\u00e9rieur de l\u2019\u00e9glise Ste Madeleine de Bors de Baignes, class\u00e9e en 1994<\/figcaption><\/figure>\n<!-- \/wp:image -->","_et_gb_content_width":"","footnotes":""},"class_list":["post-4662","page","type-page","status-publish","hentry"],"_links":{"self":[{"href":"https:\/\/catholiques17.fr\/montlieu\/wp-json\/wp\/v2\/pages\/4662","targetHints":{"allow":["GET"]}}],"collection":[{"href":"https:\/\/catholiques17.fr\/montlieu\/wp-json\/wp\/v2\/pages"}],"about":[{"href":"https:\/\/catholiques17.fr\/montlieu\/wp-json\/wp\/v2\/types\/page"}],"author":[{"embeddable":true,"href":"https:\/\/catholiques17.fr\/montlieu\/wp-json\/wp\/v2\/users\/31"}],"replies":[{"embeddable":true,"href":"https:\/\/catholiques17.fr\/montlieu\/wp-json\/wp\/v2\/comments?post=4662"}],"version-history":[{"count":5,"href":"https:\/\/catholiques17.fr\/montlieu\/wp-json\/wp\/v2\/pages\/4662\/revisions"}],"predecessor-version":[{"id":6206,"href":"https:\/\/catholiques17.fr\/montlieu\/wp-json\/wp\/v2\/pages\/4662\/revisions\/6206"}],"up":[{"embeddable":true,"href":"https:\/\/catholiques17.fr\/montlieu\/wp-json\/wp\/v2\/pages\/4622"}],"wp:attachment":[{"href":"https:\/\/catholiques17.fr\/montlieu\/wp-json\/wp\/v2\/media?parent=4662"}],"curies":[{"name":"wp","href":"https:\/\/api.w.org\/{rel}","templated":true}]}}