{"id":4655,"date":"2021-03-25T12:42:58","date_gmt":"2021-03-25T11:42:58","guid":{"rendered":"https:\/\/catholiques17.fr\/montlieu\/?page_id=4655"},"modified":"2023-04-08T19:15:50","modified_gmt":"2023-04-08T17:15:50","slug":"eglise-de-chantillac","status":"publish","type":"page","link":"https:\/\/catholiques17.fr\/montlieu\/nos-eglises\/eglise-de-chantillac\/","title":{"rendered":"Eglise de Chantillac"},"content":{"rendered":"<p>[et_pb_section fb_built=\u00a0\u00bb1&Prime; _builder_version=\u00a0\u00bb4.17.6&Prime; _module_preset=\u00a0\u00bbdefault\u00a0\u00bb custom_padding=\u00a0\u00bb8px|||||\u00a0\u00bb global_colors_info=\u00a0\u00bb{}\u00a0\u00bb theme_builder_area=\u00a0\u00bbet_body_layout\u00a0\u00bb][et_pb_row _builder_version=\u00a0\u00bb4.17.6&Prime; _module_preset=\u00a0\u00bbdefault\u00a0\u00bb custom_padding=\u00a0\u00bb14px|||||\u00a0\u00bb global_colors_info=\u00a0\u00bb{}\u00a0\u00bb theme_builder_area=\u00a0\u00bbet_body_layout\u00a0\u00bb][et_pb_column type=\u00a0\u00bb4_4&Prime; _builder_version=\u00a0\u00bb4.17.6&Prime; _module_preset=\u00a0\u00bbdefault\u00a0\u00bb global_colors_info=\u00a0\u00bb{}\u00a0\u00bb theme_builder_area=\u00a0\u00bbet_body_layout\u00a0\u00bb][et_pb_image src=\u00a0\u00bbhttps:\/\/catholiques17.fr\/montlieu\/wp-content\/uploads\/sites\/22\/2023\/04\/A-Chantillac.jpg\u00a0\u00bb title_text=\u00a0\u00bbA Chantillac\u00a0\u00bb align=\u00a0\u00bbcenter\u00a0\u00bb _builder_version=\u00a0\u00bb4.17.6&Prime; _module_preset=\u00a0\u00bbdefault\u00a0\u00bb animation_style=\u00a0\u00bbslide\u00a0\u00bb hover_enabled=\u00a0\u00bb0&Prime; border_radii=\u00a0\u00bbon|20px|20px|20px|20px\u00a0\u00bb global_colors_info=\u00a0\u00bb{}\u00a0\u00bb theme_builder_area=\u00a0\u00bbet_body_layout\u00a0\u00bb sticky_enabled=\u00a0\u00bb0&Prime;][\/et_pb_image][\/et_pb_column][\/et_pb_row][et_pb_row _builder_version=\u00a0\u00bb4.17.6&Prime; _module_preset=\u00a0\u00bbdefault\u00a0\u00bb global_colors_info=\u00a0\u00bb{}\u00a0\u00bb theme_builder_area=\u00a0\u00bbet_body_layout\u00a0\u00bb][et_pb_column type=\u00a0\u00bb4_4&Prime; _builder_version=\u00a0\u00bb4.17.6&Prime; _module_preset=\u00a0\u00bbdefault\u00a0\u00bb global_colors_info=\u00a0\u00bb{}\u00a0\u00bb theme_builder_area=\u00a0\u00bbet_body_layout\u00a0\u00bb][et_pb_text _builder_version=\u00a0\u00bb4.17.6&Prime; _module_preset=\u00a0\u00bbdefault\u00a0\u00bb hover_enabled=\u00a0\u00bb0&Prime; global_colors_info=\u00a0\u00bb{}\u00a0\u00bb theme_builder_area=\u00a0\u00bbet_body_layout\u00a0\u00bb sticky_enabled=\u00a0\u00bb0&Prime;]<\/p>\n<p><strong>Chantillac<br \/><\/strong>\u00a0Commune du canton de Baignes (Charente 16), arrondissement de Cognac\u00a0; elle est situ\u00e9e \u00e0 l\u2019extr\u00eame pointe sud du d\u00e9partement de la Charente, \u00e0 deux kilom\u00e8tres de la Charente Maritime.\u00a0 Chantillac fait partie de la paroisse Sainte Th\u00e9r\u00e8se (Montlieu la Garde) et donc du dioc\u00e8se de la Rochelle.<\/p>\n<p>En effet, Chantillac faisait partie de l\u2019ancien dioc\u00e8se de Saintes, et \u00e9tait unie \u00e0 l\u2019abbaye de Baignes Sainte Rad\u00e9gonde entre 1085 et 1098.<\/p>\n<p>\u00a0Son \u00e9glise, d\u00e9di\u00e9e \u00e0 Saint Jean-Baptiste, construite au XII\u00b0 et XIV\u00b0 si\u00e8cle, puis mutil\u00e9e et r\u00e9par\u00e9e en 1838, a une curieuse particularit\u00e9. Elle poss\u00e8de une source \u00e0 l\u2019int\u00e9rieur, \u00e0 l\u2019entr\u00e9e du croisillon nord.<\/p>\n<p>Il est vraisemblable de penser que la premi\u00e8re \u00e9glise en ce lieu a \u00e9t\u00e9 construite sur la source, peut-\u00eatre abondante jadis, car elle \u00e9tait d\u00e9j\u00e0 auparavant l\u2019objet d\u2019un culte pa\u00efen.<\/p>\n<p>Aujourd\u2019hui, l\u2019eau coule beaucoup moins et il s\u2019agit plut\u00f4t d\u2019un peti puits entour\u00e9 d\u2019une margelle carr\u00e9e o\u00f9 l\u2019eau s\u2019aper\u00e7oit \u00e0 1m50 environ. Au dessus est une statue de Saint Jean-Baptiste.<\/p>\n<p>La fa\u00e7ade refaite, surmont\u00e9e d\u2019un \u00e9troit clocher presque moderne, est perc\u00e9e d\u2019un portail bas pr\u00e9c\u00e9d\u00e9 de marches. Les trois voussures sont amorties en tore et s\u2019appuient sur de tr\u00e8s fines colonnes. Au dessus s\u2019ouvre un oculus.<\/p>\n<p>Le corps de l\u2019\u00e9difice est en moellons et porte de nombreuses traces de r\u00e9fections. Quelques modillons sont travaill\u00e9s\u00a0; de longues fen\u00eatres mur\u00e9es ornent les croisillons et le chevet plat.<\/p>\n<p>A l\u2019int\u00e9rieur se d\u00e9veloppe une nef sans s\u00e9parations. Dans les angles des croisillons et du chevet, il existe des groupes de trois fines colonnes avec des petits chapitaux orn\u00e9s de gros feuillages portant encore quelques d\u00e9parts de neervures ogivales et de formerets.<\/p>\n<p>Dans l\u2019ancien cimeti\u00e8re qui environnait l\u2019\u00e9glise, se dresse une belle croix dont la colonne est sculpt\u00e9e de personnages malheureusement tr\u00e8s mutil\u00e9s.<\/p>\n<p>La fontaine passait autrefois (et encore au si\u00e8cle pr\u00e9c\u00e9dent) pour gu\u00e9rir les enfants atteints de maladies de langueur. On s\u2019y rendait le 29 ao\u00fbt et la f\u00eate rev\u00eatait un certain c\u00e9r\u00e9monial.<\/p>\n<p>\u00a0Les \u00e9glises de Saintonge. Livre IV\u00a0 CONNOUE Charles.<\/p>\n<p>&nbsp;<\/p>\n<p>La <strong>croix <\/strong>de Chantillac (\u00e0 cot\u00e9 de l\u2019\u00e9glise, \u00e0 l\u2019endroit de l\u2019ancien cimeti\u00e8re) est tr\u00e8s int\u00e9ressante\u00a0: sur chaque face de son f\u00fbt sont sculpt\u00e9s trois personnages, parmi lesquels Saint Jean Baptiste et Sainte Catherine.<\/p>\n<p>[\/et_pb_text][\/et_pb_column][\/et_pb_row][et_pb_row column_structure=\u00a0\u00bb1_4,1_4,1_4,1_4&Prime; _builder_version=\u00a0\u00bb4.17.6&Prime; _module_preset=\u00a0\u00bbdefault\u00a0\u00bb global_colors_info=\u00a0\u00bb{}\u00a0\u00bb theme_builder_area=\u00a0\u00bbet_body_layout\u00a0\u00bb][et_pb_column type=\u00a0\u00bb1_4&Prime; _builder_version=\u00a0\u00bb4.17.6&Prime; _module_preset=\u00a0\u00bbdefault\u00a0\u00bb global_colors_info=\u00a0\u00bb{}\u00a0\u00bb theme_builder_area=\u00a0\u00bbet_body_layout\u00a0\u00bb][et_pb_image src=\u00a0\u00bbhttps:\/\/catholiques17.fr\/montlieu\/wp-content\/uploads\/sites\/22\/2023\/04\/B-Eglise-de-Chantillac.jpg\u00a0\u00bb title_text=\u00a0\u00bbB Eglise de Chantillac\u00a0\u00bb show_in_lightbox=\u00a0\u00bbon\u00a0\u00bb align=\u00a0\u00bbcenter\u00a0\u00bb _builder_version=\u00a0\u00bb4.17.6&Prime; _module_preset=\u00a0\u00bbdefault\u00a0\u00bb hover_enabled=\u00a0\u00bb0&Prime; border_radii=\u00a0\u00bbon|20px|20px|20px|20px\u00a0\u00bb border_width_all=\u00a0\u00bb1px\u00a0\u00bb border_color_all=\u00a0\u00bb#FF8C00&Prime; global_colors_info=\u00a0\u00bb{}\u00a0\u00bb theme_builder_area=\u00a0\u00bbet_body_layout\u00a0\u00bb sticky_enabled=\u00a0\u00bb0&Prime;][\/et_pb_image][\/et_pb_column][et_pb_column type=\u00a0\u00bb1_4&Prime; _builder_version=\u00a0\u00bb4.17.6&Prime; _module_preset=\u00a0\u00bbdefault\u00a0\u00bb global_colors_info=\u00a0\u00bb{}\u00a0\u00bb theme_builder_area=\u00a0\u00bbet_body_layout\u00a0\u00bb][et_pb_image src=\u00a0\u00bbhttps:\/\/catholiques17.fr\/montlieu\/wp-content\/uploads\/sites\/22\/2023\/04\/C-Chantillac-Puits-pres-de-choeur-de-leglise.jpg\u00a0\u00bb title_text=\u00a0\u00bbC Chantillac Puits pr\u00e8s de choeur de l&rsquo;\u00e9glise\u00a0\u00bb show_in_lightbox=\u00a0\u00bbon\u00a0\u00bb align=\u00a0\u00bbcenter\u00a0\u00bb _builder_version=\u00a0\u00bb4.17.6&Prime; _module_preset=\u00a0\u00bbdefault\u00a0\u00bb hover_enabled=\u00a0\u00bb0&Prime; border_radii=\u00a0\u00bbon|20px|20px|20px|20px\u00a0\u00bb border_width_all=\u00a0\u00bb1px\u00a0\u00bb border_color_all=\u00a0\u00bb#FF8C00&Prime; global_colors_info=\u00a0\u00bb{}\u00a0\u00bb theme_builder_area=\u00a0\u00bbet_body_layout\u00a0\u00bb sticky_enabled=\u00a0\u00bb0&Prime;][\/et_pb_image][\/et_pb_column][et_pb_column type=\u00a0\u00bb1_4&Prime; _builder_version=\u00a0\u00bb4.17.6&Prime; _module_preset=\u00a0\u00bbdefault\u00a0\u00bb global_colors_info=\u00a0\u00bb{}\u00a0\u00bb theme_builder_area=\u00a0\u00bbet_body_layout\u00a0\u00bb][et_pb_image src=\u00a0\u00bbhttps:\/\/catholiques17.fr\/montlieu\/wp-content\/uploads\/sites\/22\/2023\/04\/D-Descente-de-croix.jpg\u00a0\u00bb title_text=\u00a0\u00bbD Descente de croix\u00a0\u00bb show_in_lightbox=\u00a0\u00bbon\u00a0\u00bb align=\u00a0\u00bbcenter\u00a0\u00bb _builder_version=\u00a0\u00bb4.17.6&Prime; _module_preset=\u00a0\u00bbdefault\u00a0\u00bb hover_enabled=\u00a0\u00bb0&Prime; border_radii=\u00a0\u00bbon|20px|20px|20px|20px\u00a0\u00bb border_width_all=\u00a0\u00bb1px\u00a0\u00bb border_color_all=\u00a0\u00bb#FF8C00&Prime; global_colors_info=\u00a0\u00bb{}\u00a0\u00bb theme_builder_area=\u00a0\u00bbet_body_layout\u00a0\u00bb sticky_enabled=\u00a0\u00bb0&Prime;][\/et_pb_image][\/et_pb_column][et_pb_column type=\u00a0\u00bb1_4&Prime; _builder_version=\u00a0\u00bb4.17.6&Prime; _module_preset=\u00a0\u00bbdefault\u00a0\u00bb global_colors_info=\u00a0\u00bb{}\u00a0\u00bb theme_builder_area=\u00a0\u00bbet_body_layout\u00a0\u00bb][et_pb_image src=\u00a0\u00bbhttps:\/\/catholiques17.fr\/montlieu\/wp-content\/uploads\/sites\/22\/2023\/04\/E-Chantillac-Croix-a-cote-de-leglise.jpg\u00a0\u00bb _builder_version=\u00a0\u00bb4.17.6&Prime; _module_preset=\u00a0\u00bbdefault\u00a0\u00bb theme_builder_area=\u00a0\u00bbet_body_layout\u00a0\u00bb title_text=\u00a0\u00bbE Chantillac Croix \u00e0 c\u00f4t\u00e9 de l&rsquo;\u00e9glise\u00a0\u00bb hover_enabled=\u00a0\u00bb0&Prime; sticky_enabled=\u00a0\u00bb0&Prime;][\/et_pb_image][\/et_pb_column][\/et_pb_row][\/et_pb_section]<\/p>\n","protected":false},"excerpt":{"rendered":"<p>Chantillac\u00a0Commune du canton de Baignes (Charente 16), arrondissement de Cognac\u00a0; elle est situ\u00e9e \u00e0 l\u2019extr\u00eame pointe sud du d\u00e9partement de la Charente, \u00e0 deux kilom\u00e8tres de la Charente Maritime.\u00a0 Chantillac [&hellip;]<\/p>\n","protected":false},"author":31,"featured_media":0,"parent":4622,"menu_order":0,"comment_status":"closed","ping_status":"closed","template":"","meta":{"_et_pb_use_builder":"on","_et_pb_old_content":"<!-- wp:paragraph -->\n<p><strong>Chantillac\u00a0<\/strong>: Commune du canton de Baignes (Charente 16), arrondissement de Cognac\u00a0; elle est situ\u00e9e \u00e0 l\u2019extr\u00eame pointe sud du d\u00e9partement de la Charente, \u00e0 deux kilom\u00e8tres de la Charente Maritime.\u00a0 Chantillac fait partie de la paroisse Sainte Th\u00e9r\u00e8se (Montlieu la Garde) et donc du dioc\u00e8se de la Rochelle. En effet, Chantillac faisait partie de l\u2019ancien dioc\u00e8se de Saintes, et \u00e9tait unie \u00e0 l\u2019abbaye de Baignes Sainte Rad\u00e9gonde entre 1085 et 1098.<\/p>\n<!-- \/wp:paragraph -->\n\n<!-- wp:image {\"align\":\"center\",\"id\":4656,\"width\":547,\"height\":408,\"sizeSlug\":\"large\",\"linkDestination\":\"none\",\"className\":\"is-style-default\"} -->\n<div class=\"wp-block-image is-style-default\"><figure class=\"aligncenter size-large is-resized\"><img src=\"https:\/\/catholiques17.fr\/montlieu\/wp-content\/uploads\/sites\/22\/2021\/03\/A-Chantillac-1536x1147-1.jpg\" alt=\"\" class=\"wp-image-4656\" width=\"547\" height=\"408\" \/><\/figure><\/div>\n<!-- \/wp:image -->\n\n<!-- wp:paragraph -->\n<p>Son \u00e9glise, d\u00e9di\u00e9e \u00e0 Saint Jean-Baptiste, construite au XII\u00b0 et XIV\u00b0 si\u00e8cle, puis mutil\u00e9e et r\u00e9par\u00e9e en 1838, a une curieuse particularit\u00e9. Elle poss\u00e8de une source \u00e0 l\u2019int\u00e9rieur, \u00e0 l\u2019entr\u00e9e du croisillon nord. Il est vraisemblable de penser que la premi\u00e8re \u00e9glise en ce lieu a \u00e9t\u00e9 construite sur la source, peut-\u00eatre abondante jadis, car elle \u00e9tait d\u00e9j\u00e0 auparavant l\u2019objet d\u2019un culte pa\u00efen.<\/p>\n<!-- \/wp:paragraph -->\n\n<!-- wp:paragraph -->\n<p>Aujourd\u2019hui, l\u2019eau coule beaucoup moins et il s\u2019agit plut\u00f4t d\u2019un peti puits entour\u00e9 d\u2019une margelle carr\u00e9e o\u00f9 l\u2019eau s\u2019aper\u00e7oit \u00e0 1m50 environ. Au dessus est une statue de Saint Jean-Baptiste. La fa\u00e7ade refaite, surmont\u00e9e d\u2019un \u00e9troit clocher presque moderne, est perc\u00e9e d\u2019un portail bas pr\u00e9c\u00e9d\u00e9 de marches. Les trois voussures sont amorties en tore et s\u2019appuient sur de tr\u00e8s fines colonnes. Au dessus s\u2019ouvre un oculus.<\/p>\n<!-- \/wp:paragraph -->\n\n<!-- wp:paragraph -->\n<p>Le corps de l\u2019\u00e9difice est en moellons et porte de nombreuses traces de r\u00e9fections. Quelques modillons sont travaill\u00e9s\u00a0; de longues fen\u00eatres mur\u00e9es ornent les croisillons et le chevet plat. A l\u2019int\u00e9rieur se d\u00e9veloppe une nef sans s\u00e9parations. Dans les angles des croisillons et du chevet, il existe des groupes de trois fines colonnes avec des petits chapiteaux orn\u00e9s de gros feuillages portant encore quelques d\u00e9parts de nervures ogivales et de formerets.<\/p>\n<!-- \/wp:paragraph -->\n\n<!-- wp:gallery {\"ids\":[4657,4658,4659],\"linkTo\":\"none\"} -->\n<figure class=\"wp-block-gallery columns-3 is-cropped\"><ul class=\"blocks-gallery-grid\"><li class=\"blocks-gallery-item\"><figure><img src=\"https:\/\/catholiques17.fr\/montlieu\/wp-content\/uploads\/sites\/22\/2021\/03\/D-Descente-de-croix-1536x1455-1.jpg\" alt=\"\" data-id=\"4657\" data-full-url=\"https:\/\/catholiques17.fr\/montlieu\/wp-content\/uploads\/sites\/22\/2021\/03\/D-Descente-de-croix-1536x1455-1.jpg\" data-link=\"https:\/\/catholiques17.fr\/montlieu\/?attachment_id=4657\" class=\"wp-image-4657\" \/><figcaption class=\"blocks-gallery-item__caption\">Descente de croix<\/figcaption><\/figure><\/li><li class=\"blocks-gallery-item\"><figure><img src=\"https:\/\/catholiques17.fr\/montlieu\/wp-content\/uploads\/sites\/22\/2021\/03\/C-Chantillac-Puits-pres-de-choeur-de-leglise-1530x2048-1.jpg\" alt=\"\" data-id=\"4658\" data-full-url=\"https:\/\/catholiques17.fr\/montlieu\/wp-content\/uploads\/sites\/22\/2021\/03\/C-Chantillac-Puits-pres-de-choeur-de-leglise-1530x2048-1.jpg\" data-link=\"https:\/\/catholiques17.fr\/montlieu\/?attachment_id=4658\" class=\"wp-image-4658\" \/><figcaption class=\"blocks-gallery-item__caption\">Puits pr\u00e8s de ch\u0153ur de l\u2019\u00e9glise<\/figcaption><\/figure><\/li><li class=\"blocks-gallery-item\"><figure><img src=\"https:\/\/catholiques17.fr\/montlieu\/wp-content\/uploads\/sites\/22\/2021\/03\/B-Eglise-de-Chantillac-1536x2048-1.jpg\" alt=\"\" data-id=\"4659\" data-full-url=\"https:\/\/catholiques17.fr\/montlieu\/wp-content\/uploads\/sites\/22\/2021\/03\/B-Eglise-de-Chantillac-1536x2048-1.jpg\" data-link=\"https:\/\/catholiques17.fr\/montlieu\/?attachment_id=4659\" class=\"wp-image-4659\" \/><\/figure><\/li><\/ul><\/figure>\n<!-- \/wp:gallery -->\n\n<!-- wp:media-text {\"mediaId\":4660,\"mediaType\":\"image\",\"mediaWidth\":18,\"mediaSizeSlug\":\"full\"} -->\n<div class=\"wp-block-media-text alignwide is-stacked-on-mobile\" style=\"grid-template-columns:18% auto\"><figure class=\"wp-block-media-text__media\"><img src=\"https:\/\/catholiques17.fr\/montlieu\/wp-content\/uploads\/sites\/22\/2021\/03\/E-Chantillac-Croix-a-cote-de-leglise-815x2048-1.jpg\" alt=\"\" class=\"wp-image-4660 size-full\" \/><\/figure><div class=\"wp-block-media-text__content\"><!-- wp:paragraph {\"placeholder\":\"Contenu\u2026\"} -->\n<p>Dans l\u2019ancien cimeti\u00e8re qui environnait l\u2019\u00e9glise, se dresse une belle croix dont la colonne est sculpt\u00e9e de personnages malheureusement tr\u00e8s mutil\u00e9s. <\/p>\n<!-- \/wp:paragraph -->\n\n<!-- wp:paragraph {\"placeholder\":\"Contenu\u2026\"} -->\n<p>La fontaine passait autrefois (et encore au si\u00e8cle pr\u00e9c\u00e9dent) pour gu\u00e9rir les enfants atteints de maladies de langueur. <\/p>\n<!-- \/wp:paragraph -->\n\n<!-- wp:paragraph {\"placeholder\":\"Contenu\u2026\"} -->\n<p>On s\u2019y rendait le 29 ao\u00fbt et la f\u00eate rev\u00eatait un certain c\u00e9r\u00e9monial. <\/p>\n<!-- \/wp:paragraph -->\n\n<!-- wp:paragraph {\"placeholder\":\"Contenu\u2026\"} -->\n<p>La\u00a0<strong>croix\u00a0<\/strong>de Chantillac (\u00e0 cot\u00e9 de l\u2019\u00e9glise, \u00e0 l\u2019endroit de l\u2019ancien cimeti\u00e8re) est tr\u00e8s int\u00e9ressante\u00a0: sur chaque face de son f\u00fbt sont sculpt\u00e9s trois personnages, parmi lesquels saint Jean Baptiste et sainte Catherine.<\/p>\n<!-- \/wp:paragraph --><\/div><\/div>\n<!-- \/wp:media-text -->","_et_gb_content_width":"","footnotes":""},"class_list":["post-4655","page","type-page","status-publish","hentry"],"_links":{"self":[{"href":"https:\/\/catholiques17.fr\/montlieu\/wp-json\/wp\/v2\/pages\/4655","targetHints":{"allow":["GET"]}}],"collection":[{"href":"https:\/\/catholiques17.fr\/montlieu\/wp-json\/wp\/v2\/pages"}],"about":[{"href":"https:\/\/catholiques17.fr\/montlieu\/wp-json\/wp\/v2\/types\/page"}],"author":[{"embeddable":true,"href":"https:\/\/catholiques17.fr\/montlieu\/wp-json\/wp\/v2\/users\/31"}],"replies":[{"embeddable":true,"href":"https:\/\/catholiques17.fr\/montlieu\/wp-json\/wp\/v2\/comments?post=4655"}],"version-history":[{"count":4,"href":"https:\/\/catholiques17.fr\/montlieu\/wp-json\/wp\/v2\/pages\/4655\/revisions"}],"predecessor-version":[{"id":6202,"href":"https:\/\/catholiques17.fr\/montlieu\/wp-json\/wp\/v2\/pages\/4655\/revisions\/6202"}],"up":[{"embeddable":true,"href":"https:\/\/catholiques17.fr\/montlieu\/wp-json\/wp\/v2\/pages\/4622"}],"wp:attachment":[{"href":"https:\/\/catholiques17.fr\/montlieu\/wp-json\/wp\/v2\/media?parent=4655"}],"curies":[{"name":"wp","href":"https:\/\/api.w.org\/{rel}","templated":true}]}}