{"id":4643,"date":"2021-03-25T12:35:15","date_gmt":"2021-03-25T11:35:15","guid":{"rendered":"https:\/\/catholiques17.fr\/montlieu\/?page_id=4643"},"modified":"2023-03-26T13:13:10","modified_gmt":"2023-03-26T11:13:10","slug":"deux-eglises-sur-le-territoire-de-la-commune-de-bedenac","status":"publish","type":"page","link":"https:\/\/catholiques17.fr\/montlieu\/nos-eglises\/deux-eglises-sur-le-territoire-de-la-commune-de-bedenac\/","title":{"rendered":"Deux \u00e9glises sur le territoire de la commune de B\u00e9denac"},"content":{"rendered":"<p>[et_pb_section fb_built=\u00a0\u00bb1&Prime; _builder_version=\u00a0\u00bb4.17.6&Prime; _module_preset=\u00a0\u00bbdefault\u00a0\u00bb custom_padding=\u00a0\u00bb8px|||||\u00a0\u00bb global_colors_info=\u00a0\u00bb{}\u00a0\u00bb theme_builder_area=\u00a0\u00bbet_body_layout\u00a0\u00bb][et_pb_row _builder_version=\u00a0\u00bb4.17.6&Prime; _module_preset=\u00a0\u00bbdefault\u00a0\u00bb custom_padding=\u00a0\u00bb14px|||||\u00a0\u00bb global_colors_info=\u00a0\u00bb{}\u00a0\u00bb theme_builder_area=\u00a0\u00bbet_body_layout\u00a0\u00bb][et_pb_column type=\u00a0\u00bb4_4&Prime; _builder_version=\u00a0\u00bb4.17.6&Prime; _module_preset=\u00a0\u00bbdefault\u00a0\u00bb global_colors_info=\u00a0\u00bb{}\u00a0\u00bb theme_builder_area=\u00a0\u00bbet_body_layout\u00a0\u00bb][et_pb_image src=\u00a0\u00bbhttps:\/\/catholiques17.fr\/montlieu\/wp-content\/uploads\/sites\/22\/2023\/03\/036_01.jpg\u00a0\u00bb title_text=\u00a0\u00bb036_01&Prime; align=\u00a0\u00bbcenter\u00a0\u00bb _builder_version=\u00a0\u00bb4.17.6&Prime; _module_preset=\u00a0\u00bbdefault\u00a0\u00bb animation_style=\u00a0\u00bbslide\u00a0\u00bb hover_enabled=\u00a0\u00bb0&Prime; border_radii=\u00a0\u00bbon|20px|20px|20px|20px\u00a0\u00bb global_colors_info=\u00a0\u00bb{}\u00a0\u00bb theme_builder_area=\u00a0\u00bbet_body_layout\u00a0\u00bb sticky_enabled=\u00a0\u00bb0&Prime;][\/et_pb_image][\/et_pb_column][\/et_pb_row][et_pb_row _builder_version=\u00a0\u00bb4.17.6&Prime; _module_preset=\u00a0\u00bbdefault\u00a0\u00bb global_colors_info=\u00a0\u00bb{}\u00a0\u00bb theme_builder_area=\u00a0\u00bbet_body_layout\u00a0\u00bb][et_pb_column type=\u00a0\u00bb4_4&Prime; _builder_version=\u00a0\u00bb4.17.6&Prime; _module_preset=\u00a0\u00bbdefault\u00a0\u00bb global_colors_info=\u00a0\u00bb{}\u00a0\u00bb theme_builder_area=\u00a0\u00bbet_body_layout\u00a0\u00bb][et_pb_text _builder_version=\u00a0\u00bb4.17.6&Prime; _module_preset=\u00a0\u00bbdefault\u00a0\u00bb hover_enabled=\u00a0\u00bb0&Prime; global_colors_info=\u00a0\u00bb{}\u00a0\u00bb theme_builder_area=\u00a0\u00bbet_body_layout\u00a0\u00bb sticky_enabled=\u00a0\u00bb0&Prime;]<\/p>\n<p><strong>L\u2019\u00e9glise du centre bourg<\/strong><br \/>Historiquement, il y a eu trois \u00e9glises\u00a0:<\/p>\n<ul>\n<li>une primitive, de style roman, b\u00e2tie en 1171 et qui a dur\u00e9 500 ans<\/li>\n<li>une seconde, b\u00e2tie en 1617 et utilis\u00e9e durant 250 ans<\/li>\n<li>la troisi\u00e8me, actuelle, construite en 1853<\/li>\n<\/ul>\n<p>Arr\u00eatons-nous sur la seconde \u00e9glise dont la naissance a \u00e9t\u00e9 tr\u00e8s particuli\u00e8re\u00a0: au mois de novembre 1615, Anne d\u2019Autriche, Infante d\u2019Espagne, vient d\u2019\u00e9pouser le roi Louis XIII \u00e0 Bordeaux. Elle doit gagner Paris et passe par B\u00e9denac, mais son carrosse s\u2019embourbe dangereusement\u00a0: elle fait alors v\u0153u \u00e0 la Vierge. A une servante qui lui aurait dit \u00ab\u00a0Quel affreux pays\u00a0!\u00a0\u00bb, la jeune reine aurait r\u00e9pondu\u00a0: \u00ab\u00a0Ne parlez pas ainsi. Dieu aidant, j\u2019y rem\u00e9dierai et je rendrai ce lieu beau et agr\u00e9able\u00a0!\u00a0\u00bb<\/p>\n<p>Promesse tenue\u00a0! La reine fit dresser le plan de l\u2019\u00e9glise \u00e0 son retour \u00e0 Paris et la nouvelle \u00e9glise fut achev\u00e9e en 1617. Cette \u00e9glise tombera en ruine apr\u00e8s 250 ans de service.<\/p>\n<p>Quant \u00e0 l\u2019\u00e9glise actuelle, on peut dire qu\u2019elle est sans style, de forme rectangulaire avec chevet plat en pignon. Sur sa fa\u00e7ade, se dresse le clocher de 20 m\u00e8tres de haut, avec fl\u00e8che en charpente et ardoises\u00a0: il renferme une cloche de 150 kgs, portant cette inscription\u00a0: \u00ab\u00a0j\u2019ai \u00e9t\u00e9 fondue en 1817, b\u00e9nie par M. Delcazal, cur\u00e9, Isidore Cornevin, fondeur.<\/p>\n<p>Int\u00e9rieurement, sous une vo\u00fbte de bois en berceau, une large nef, sans chapelle lat\u00e9rale\u00a0; dans le ch\u0153ur, un autel moderne avec colonnes. Deux tableaux ornent l\u2019\u00e9difice\u00a0: un grand repr\u00e9sentant l\u2019Assomption et offert aux B\u00e9denacais par Napol\u00e9on III, et un plus petit repr\u00e9sentant la Nativit\u00e9 de la Vierge, f\u00eat\u00e9e le 8 septembre et \u00e0 laquelle cette \u00e9glise lui est d\u00e9di\u00e9e.<\/p>\n<p><span><strong>L&rsquo;\u00e9glise de B\u00e9denac<\/strong><\/span>\u00a0est d&rsquo;origine romane. Elle a \u00e9t\u00e9 ruin\u00e9e au XVIe si\u00e8cle et aurait \u00e9t\u00e9 reconstruite \u00e0 la suite d&rsquo;un v\u0153u d&rsquo;Anne d&rsquo;Autriche, \u00e9pouse de Louis XIII, dont l&rsquo;\u00e9quipage aurait eu des difficult\u00e9s dans la travers\u00e9e du village, situ\u00e9 \u00e0 l&rsquo;\u00e9poque sur la voie royale Paris-Madrid.<br \/>Devenue trop petite, elle fut reb\u00e2tie en 1854. Elle a la particularit\u00e9 d&rsquo;avoir \u00e9t\u00e9 construite sans aucune r\u00e9f\u00e9rence \u00e0 une \u00e9glise de la r\u00e9gion.<br \/>La fa\u00e7ade tr\u00e8s large pr\u00e9sente trois portes en arc plein cintre tr\u00e8s espac\u00e9es. La porte centrale, plus haute et plus large que les deux autres, est flanqu\u00e9e de deux pilastres plats.<br \/><span><strong>La nef<\/strong><\/span>\u00a0haute et tr\u00e8s large est construite sans support interm\u00e9diaire. Elle est recouverte d&rsquo;un voligeage en bois formant une vo\u00fbte en berceau tr\u00e8s ample enjambant toute la largeur de la nef.<br \/>Ce couvrement est construit directement sous une charpente reprenant le principe \u00e9labor\u00e9 par Philibert Delorme. Principe de structure qui permet de franchir une large port\u00e9e et de reprendre la pouss\u00e9e des charges \u00e0 la verticale sans avoir besoin de contreforts lat\u00e9raux. Principe de structure qui permet de franchir une large port\u00e9e et de reprendre la pouss\u00e9e des charges \u00e0 la verticale sans avoir besoin de contreforts lat\u00e9raux.<br \/>Une maquette de cette charpente est expos\u00e9e \u00e0 la Maison du Bois et de la For\u00eat de Montlieu-la-Garde.<br \/><span><strong>Le ch\u0153ur<\/strong><\/span>\u00a0forme une niche de plan carr\u00e9 contenant un monumental autel \u00e0 baldaquin avec une toile peinte portant la mention\u00a0 \u00abdonn\u00e9 par l&#8217;empereur en 1862\u00bb.<\/p>\n<p>Baldaquin monumental avec autel tabernacle<br \/>Tableau de la Sainte-Famille d\u00e9but XIXe si\u00e8cle<br \/>Cuve baptismale en pierre<br \/>Croix de procession, banni\u00e8re<\/p>\n<p>[\/et_pb_text][\/et_pb_column][\/et_pb_row][et_pb_row column_structure=\u00a0\u00bb1_3,1_3,1_3&Prime; _builder_version=\u00a0\u00bb4.17.6&Prime; _module_preset=\u00a0\u00bbdefault\u00a0\u00bb global_colors_info=\u00a0\u00bb{}\u00a0\u00bb theme_builder_area=\u00a0\u00bbet_body_layout\u00a0\u00bb][et_pb_column type=\u00a0\u00bb1_3&Prime; _builder_version=\u00a0\u00bb4.17.6&Prime; _module_preset=\u00a0\u00bbdefault\u00a0\u00bb global_colors_info=\u00a0\u00bb{}\u00a0\u00bb theme_builder_area=\u00a0\u00bbet_body_layout\u00a0\u00bb][et_pb_image src=\u00a0\u00bbhttps:\/\/catholiques17.fr\/montlieu\/wp-content\/uploads\/sites\/22\/2023\/03\/choeur.jpg\u00a0\u00bb title_text=\u00a0\u00bbchoeur\u00a0\u00bb show_in_lightbox=\u00a0\u00bbon\u00a0\u00bb align=\u00a0\u00bbcenter\u00a0\u00bb _builder_version=\u00a0\u00bb4.17.6&Prime; _module_preset=\u00a0\u00bbdefault\u00a0\u00bb hover_enabled=\u00a0\u00bb0&Prime; border_radii=\u00a0\u00bbon|20px|20px|20px|20px\u00a0\u00bb border_width_all=\u00a0\u00bb1px\u00a0\u00bb border_color_all=\u00a0\u00bb#FF8C00&Prime; global_colors_info=\u00a0\u00bb{}\u00a0\u00bb theme_builder_area=\u00a0\u00bbet_body_layout\u00a0\u00bb sticky_enabled=\u00a0\u00bb0&Prime;][\/et_pb_image][\/et_pb_column][et_pb_column type=\u00a0\u00bb1_3&Prime; _builder_version=\u00a0\u00bb4.17.6&Prime; _module_preset=\u00a0\u00bbdefault\u00a0\u00bb global_colors_info=\u00a0\u00bb{}\u00a0\u00bb theme_builder_area=\u00a0\u00bbet_body_layout\u00a0\u00bb][et_pb_image src=\u00a0\u00bbhttps:\/\/catholiques17.fr\/montlieu\/wp-content\/uploads\/sites\/22\/2023\/03\/autel.jpg\u00a0\u00bb title_text=\u00a0\u00bbautel\u00a0\u00bb show_in_lightbox=\u00a0\u00bbon\u00a0\u00bb align=\u00a0\u00bbcenter\u00a0\u00bb _builder_version=\u00a0\u00bb4.17.6&Prime; _module_preset=\u00a0\u00bbdefault\u00a0\u00bb hover_enabled=\u00a0\u00bb0&Prime; border_radii=\u00a0\u00bbon|20px|20px|20px|20px\u00a0\u00bb border_width_all=\u00a0\u00bb1px\u00a0\u00bb border_color_all=\u00a0\u00bb#FF8C00&Prime; global_colors_info=\u00a0\u00bb{}\u00a0\u00bb theme_builder_area=\u00a0\u00bbet_body_layout\u00a0\u00bb sticky_enabled=\u00a0\u00bb0&Prime;][\/et_pb_image][\/et_pb_column][et_pb_column type=\u00a0\u00bb1_3&Prime; _builder_version=\u00a0\u00bb4.17.6&Prime; _module_preset=\u00a0\u00bbdefault\u00a0\u00bb global_colors_info=\u00a0\u00bb{}\u00a0\u00bb theme_builder_area=\u00a0\u00bbet_body_layout\u00a0\u00bb][et_pb_image src=\u00a0\u00bbhttps:\/\/catholiques17.fr\/montlieu\/wp-content\/uploads\/sites\/22\/2023\/03\/La-Vierge.jpg\u00a0\u00bb title_text=\u00a0\u00bbLa Vierge\u00a0\u00bb show_in_lightbox=\u00a0\u00bbon\u00a0\u00bb align=\u00a0\u00bbcenter\u00a0\u00bb _builder_version=\u00a0\u00bb4.17.6&Prime; _module_preset=\u00a0\u00bbdefault\u00a0\u00bb hover_enabled=\u00a0\u00bb0&Prime; border_radii=\u00a0\u00bbon|20px|20px|20px|20px\u00a0\u00bb border_width_all=\u00a0\u00bb1px\u00a0\u00bb border_color_all=\u00a0\u00bb#FF8C00&Prime; global_colors_info=\u00a0\u00bb{}\u00a0\u00bb theme_builder_area=\u00a0\u00bbet_body_layout\u00a0\u00bb sticky_enabled=\u00a0\u00bb0&Prime;][\/et_pb_image][\/et_pb_column][\/et_pb_row][et_pb_row _builder_version=\u00a0\u00bb4.17.6&Prime; _module_preset=\u00a0\u00bbdefault\u00a0\u00bb theme_builder_area=\u00a0\u00bbet_body_layout\u00a0\u00bb][et_pb_column _builder_version=\u00a0\u00bb4.17.6&Prime; _module_preset=\u00a0\u00bbdefault\u00a0\u00bb type=\u00a0\u00bb4_4&Prime; theme_builder_area=\u00a0\u00bbet_body_layout\u00a0\u00bb][et_pb_text _builder_version=\u00a0\u00bb4.17.6&Prime; _module_preset=\u00a0\u00bbdefault\u00a0\u00bb theme_builder_area=\u00a0\u00bbet_body_layout\u00a0\u00bb hover_enabled=\u00a0\u00bb0&Prime; sticky_enabled=\u00a0\u00bb0&Prime;]<\/p>\n<p>Notre Dame des dons<\/p>\n<p><strong>L\u2019\u00e9glise de Chierzac<\/strong><\/p>\n<p>Construite \u00e0 5 kms du bourg de B\u00e9denac, l\u2019\u00e9glise de Ligni\u00e8res (ou Lini\u00e8re) est d\u00e9di\u00e9e \u00e0 Notre Dame des Dons\u00a0; elle est b\u00e2tie sur une sorte de tertre qui semble \u00eatre de mains d\u2019hommes. Elle date du XII\u00b0 si\u00e8cle et a juste \u00e9t\u00e9 remani\u00e9e au XIV\u00b0 si\u00e8cle. La fa\u00e7ade occidentale comprend un portail original en arc bris\u00e9, orn\u00e9 de moulures rondes et de colonnettes sur le cot\u00e9 gauche, une petite arcade enfonc\u00e9e dans le mur qui devait servir \u00e0 la b\u00e9n\u00e9diction du feu au soir du Samedi Saint. Le pignon date du XVII\u00b0 si\u00e8cle surmont\u00e9 d\u2019une croix. Au dessus du portail, un campanile renfermant une cloche de 105 kgs, fondue en 1860 et b\u00e9nie par l\u2019Abb\u00e9 Rainguet, sup\u00e9rieur du petit s\u00e9minaire de Montlieu le 31 janvier 1861. Elle porte cette inscription\u00a0: \u00ab\u00a0Je me nomme Marie-Elisabeth (pr\u00e9nom de sa marraine, Mme Amaniou), Notre Dame des dons de la chapelle de Chierzac, M. Forton, maire, M. Mariau, cur\u00e9, Vauthier, fondeur\u00a0\u00bb.<\/p>\n<p>Int\u00e9rieurement, l\u2019\u00e9glise a \u00e9t\u00e9 restaur\u00e9e en 2008 \u2013 2009 et l\u2019on peut y voir un banc de pierre, dit le banc des pauvres. Tous les vitraux ont \u00e9t\u00e9 refaits et offrent une belle luminosit\u00e9.<\/p>\n<p>[\/et_pb_text][\/et_pb_column][\/et_pb_row][et_pb_row _builder_version=\u00a0\u00bb4.17.6&Prime; _module_preset=\u00a0\u00bbdefault\u00a0\u00bb theme_builder_area=\u00a0\u00bbet_body_layout\u00a0\u00bb column_structure=\u00a0\u00bb1_2,1_2&Prime;][et_pb_column _builder_version=\u00a0\u00bb4.17.6&Prime; _module_preset=\u00a0\u00bbdefault\u00a0\u00bb type=\u00a0\u00bb1_2&Prime; theme_builder_area=\u00a0\u00bbet_body_layout\u00a0\u00bb][et_pb_image src=\u00a0\u00bbhttps:\/\/catholiques17.fr\/montlieu\/wp-content\/uploads\/sites\/22\/2023\/03\/Eglise-de-Chierzac.jpg\u00a0\u00bb _builder_version=\u00a0\u00bb4.17.6&Prime; _module_preset=\u00a0\u00bbdefault\u00a0\u00bb theme_builder_area=\u00a0\u00bbet_body_layout\u00a0\u00bb title_text=\u00a0\u00bbEglise de Chierzac\u00a0\u00bb hover_enabled=\u00a0\u00bb0&Prime; sticky_enabled=\u00a0\u00bb0&Prime;][\/et_pb_image][\/et_pb_column][et_pb_column _builder_version=\u00a0\u00bb4.17.6&Prime; _module_preset=\u00a0\u00bbdefault\u00a0\u00bb type=\u00a0\u00bb1_2&Prime; theme_builder_area=\u00a0\u00bbet_body_layout\u00a0\u00bb hover_enabled=\u00a0\u00bb0&Prime; sticky_enabled=\u00a0\u00bb0&Prime;][et_pb_image src=\u00a0\u00bbhttps:\/\/catholiques17.fr\/montlieu\/wp-content\/uploads\/sites\/22\/2023\/03\/Notre-Dame-des-Monts-Chierzac.jpg\u00a0\u00bb _builder_version=\u00a0\u00bb4.17.6&Prime; _module_preset=\u00a0\u00bbdefault\u00a0\u00bb theme_builder_area=\u00a0\u00bbet_body_layout\u00a0\u00bb title_text=\u00a0\u00bbNotre Dame des Monts Chierzac\u00a0\u00bb hover_enabled=\u00a0\u00bb0&Prime; sticky_enabled=\u00a0\u00bb0&Prime;][\/et_pb_image][\/et_pb_column][\/et_pb_row][\/et_pb_section]<\/p>\n","protected":false},"excerpt":{"rendered":"<p>L\u2019\u00e9glise du centre bourgHistoriquement, il y a eu trois \u00e9glises\u00a0: une primitive, de style roman, b\u00e2tie en 1171 et qui a dur\u00e9 500 ans une seconde, b\u00e2tie en 1617 et [&hellip;]<\/p>\n","protected":false},"author":31,"featured_media":0,"parent":4622,"menu_order":0,"comment_status":"closed","ping_status":"closed","template":"","meta":{"_et_pb_use_builder":"on","_et_pb_old_content":"<!-- wp:paragraph -->\n<p>La commune de B\u00e9denac poss\u00e8de deux \u00e9glises, une situ\u00e9e en centre Bourg et une autre \u00e0 Lign\u00e8re, tout pr\u00e8s de Chierzac. Pour \u00e9crire cet article, nous nous sommes inspir\u00e9s d\u2019un texte d\u2019un pr\u00eatre&nbsp;:&nbsp; le p\u00e8re Lucien Augier<\/p>\n<!-- \/wp:paragraph -->\n\n<!-- wp:paragraph -->\n<p><strong>L\u2019\u00e9glise du centre bourg<\/strong><br>Historiquement, il y a eu trois \u00e9glises&nbsp;:<\/p>\n<!-- \/wp:paragraph -->\n\n<!-- wp:list -->\n<ul><li>une primitive, de style roman, b\u00e2tie en 1171 et qui a dur\u00e9 500 ans<\/li><li>une seconde, b\u00e2tie en 1617 et utilis\u00e9e durant 250 ans<\/li><li>la troisi\u00e8me, actuelle, construite en 1853<\/li><\/ul>\n<!-- \/wp:list -->\n\n<!-- wp:paragraph -->\n<p>Arr\u00eatons-nous sur la seconde \u00e9glise dont la naissance a \u00e9t\u00e9 tr\u00e8s particuli\u00e8re\u00a0: au mois de novembre 1615, Anne d\u2019Autriche, Infante d\u2019Espagne, vient d\u2019\u00e9pouser le roi Louis XIII \u00e0 Bordeaux. Elle doit gagner Paris et passe par B\u00e9denac, mais son carrosse s\u2019embourbe dangereusement\u00a0: elle fait alors v\u0153u \u00e0 la Vierge. A une servante qui lui aurait dit \u00ab\u00a0Quel affreux pays\u00a0!\u00a0\u00bb, la jeune reine aurait r\u00e9pondu\u00a0: \u00ab\u00a0Ne parlez pas ainsi. Dieu aidant, j\u2019y rem\u00e9dierai et je rendrai ce lieu beau et agr\u00e9able\u00a0!\u00a0\u00bb<\/p>\n<!-- \/wp:paragraph -->\n\n<!-- wp:paragraph -->\n<p>Promesse tenue\u00a0! La reine fit dresser le plan de l\u2019\u00e9glise \u00e0 son retour \u00e0 Paris et la nouvelle \u00e9glise fut achev\u00e9e en 1617. Cette \u00e9glise tombera en ruine apr\u00e8s 250 ans de service.<\/p>\n<!-- \/wp:paragraph -->\n\n<!-- wp:paragraph -->\n<p>Quant \u00e0 l\u2019\u00e9glise actuelle, on peut dire qu\u2019elle est sans style, de forme rectangulaire avec chevet plat en pignon. Sur sa fa\u00e7ade, se dresse le clocher de 20 m\u00e8tres de haut, avec fl\u00e8che en charpente et ardoises\u00a0: il renferme une cloche de 150 kgs, portant cette inscription\u00a0: \u00ab\u00a0j\u2019ai \u00e9t\u00e9 fondue en 1817, b\u00e9nie par M. Delcazal, cur\u00e9, Isidore Cornevin, fondeur.<\/p>\n<!-- \/wp:paragraph -->\n\n<!-- wp:paragraph -->\n<p>Int\u00e9rieurement, sous une vo\u00fbte de bois en berceau, une large nef, sans chapelle lat\u00e9rale\u00a0; dans le ch\u0153ur, un autel moderne avec colonnes. Deux tableaux ornent l\u2019\u00e9difice\u00a0: un grand repr\u00e9sentant l\u2019Assomption et offert aux B\u00e9denacais par Napol\u00e9on III, et un plus petit repr\u00e9sentant la Nativit\u00e9 de la Vierge, f\u00eat\u00e9e le 8 septembre et \u00e0 laquelle cette \u00e9glise lui est d\u00e9di\u00e9e.<\/p>\n<!-- \/wp:paragraph -->\n\n<!-- wp:gallery {\"ids\":[4644,4645,4646],\"linkTo\":\"none\"} -->\n<figure class=\"wp-block-gallery columns-3 is-cropped\"><ul class=\"blocks-gallery-grid\"><li class=\"blocks-gallery-item\"><figure><img src=\"https:\/\/catholiques17.fr\/montlieu\/wp-content\/uploads\/sites\/22\/2021\/03\/B-Interieur-eglise-Centre-bourg-Bedenac-1536x1147-1.jpg\" alt=\"\" data-id=\"4644\" data-full-url=\"https:\/\/catholiques17.fr\/montlieu\/wp-content\/uploads\/sites\/22\/2021\/03\/B-Interieur-eglise-Centre-bourg-Bedenac-1536x1147-1.jpg\" data-link=\"https:\/\/catholiques17.fr\/montlieu\/?attachment_id=4644\" class=\"wp-image-4644\" \/><\/figure><\/li><li class=\"blocks-gallery-item\"><figure><img src=\"https:\/\/catholiques17.fr\/montlieu\/wp-content\/uploads\/sites\/22\/2021\/03\/C-Eglise-centre-bourg-Bedenac-1530x2048-1.jpg\" alt=\"\" data-id=\"4645\" data-full-url=\"https:\/\/catholiques17.fr\/montlieu\/wp-content\/uploads\/sites\/22\/2021\/03\/C-Eglise-centre-bourg-Bedenac-1530x2048-1.jpg\" data-link=\"https:\/\/catholiques17.fr\/montlieu\/?attachment_id=4645\" class=\"wp-image-4645\" \/><\/figure><\/li><li class=\"blocks-gallery-item\"><figure><img src=\"https:\/\/catholiques17.fr\/montlieu\/wp-content\/uploads\/sites\/22\/2021\/03\/D-Eglise-centre-bourg.jpg\" alt=\"\" data-id=\"4646\" data-full-url=\"https:\/\/catholiques17.fr\/montlieu\/wp-content\/uploads\/sites\/22\/2021\/03\/D-Eglise-centre-bourg.jpg\" data-link=\"https:\/\/catholiques17.fr\/montlieu\/?attachment_id=4646\" class=\"wp-image-4646\" \/><\/figure><\/li><\/ul><\/figure>\n<!-- \/wp:gallery -->\n\n<!-- wp:paragraph -->\n<p>Notre Dame des dons<\/p>\n<!-- \/wp:paragraph -->\n\n<!-- wp:paragraph -->\n<p><strong>L\u2019\u00e9glise de Chierzac<\/strong><\/p>\n<!-- \/wp:paragraph -->\n\n<!-- wp:paragraph -->\n<p>Construite \u00e0 5 kms du bourg de B\u00e9denac, l\u2019\u00e9glise de Ligni\u00e8res (ou Lini\u00e8re) est d\u00e9di\u00e9e \u00e0 Notre Dame des Dons\u00a0; elle est b\u00e2tie sur une sorte de tertre qui semble \u00eatre de mains d\u2019hommes. Elle date du XII\u00b0 si\u00e8cle et a juste \u00e9t\u00e9 remani\u00e9e au XIV\u00b0 si\u00e8cle. La fa\u00e7ade occidentale comprend un portail original en arc bris\u00e9, orn\u00e9 de moulures rondes et de colonnettes sur le cot\u00e9 gauche, une petite arcade enfonc\u00e9e dans le mur qui devait servir \u00e0 la b\u00e9n\u00e9diction du feu au soir du Samedi Saint. Le pignon date du XVII\u00b0 si\u00e8cle surmont\u00e9 d\u2019une croix. Au dessus du portail, un campanile renfermant une cloche de 105 kgs, fondue en 1860 et b\u00e9nie par l\u2019Abb\u00e9 Rainguet, sup\u00e9rieur du petit s\u00e9minaire de Montlieu le 31 janvier 1861. Elle porte cette inscription\u00a0: \u00ab\u00a0Je me nomme Marie-Elisabeth (pr\u00e9nom de sa marraine, Mme Amaniou), Notre Dame des dons de la chapelle de Chierzac, M. Forton, maire, M. Mariau, cur\u00e9, Vauthier, fondeur\u00a0\u00bb.<\/p>\n<!-- \/wp:paragraph -->\n\n<!-- wp:paragraph -->\n<p>Int\u00e9rieurement, l\u2019\u00e9glise a \u00e9t\u00e9 restaur\u00e9e en 2008 \u2013 2009 et l\u2019on peut y voir un banc de pierre, dit le banc des pauvres. Tous les vitraux ont \u00e9t\u00e9 refaits et offrent une belle luminosit\u00e9.<\/p>\n<!-- \/wp:paragraph -->\n\n<!-- wp:gallery {\"ids\":[4647,4648],\"linkTo\":\"none\"} -->\n<figure class=\"wp-block-gallery columns-2 is-cropped\"><ul class=\"blocks-gallery-grid\"><li class=\"blocks-gallery-item\"><figure><img src=\"https:\/\/catholiques17.fr\/montlieu\/wp-content\/uploads\/sites\/22\/2021\/03\/F-Interieur-eglise-de-Chierzac-1530x2048-1.jpg\" alt=\"\" data-id=\"4647\" data-full-url=\"https:\/\/catholiques17.fr\/montlieu\/wp-content\/uploads\/sites\/22\/2021\/03\/F-Interieur-eglise-de-Chierzac-1530x2048-1.jpg\" data-link=\"https:\/\/catholiques17.fr\/montlieu\/?attachment_id=4647\" class=\"wp-image-4647\" \/><\/figure><\/li><li class=\"blocks-gallery-item\"><figure><img src=\"https:\/\/catholiques17.fr\/montlieu\/wp-content\/uploads\/sites\/22\/2021\/03\/E-Eglise-de-Chierzac-1536x1147-1.jpg\" alt=\"\" data-id=\"4648\" data-full-url=\"https:\/\/catholiques17.fr\/montlieu\/wp-content\/uploads\/sites\/22\/2021\/03\/E-Eglise-de-Chierzac-1536x1147-1.jpg\" data-link=\"https:\/\/catholiques17.fr\/montlieu\/?attachment_id=4648\" class=\"wp-image-4648\" \/><\/figure><\/li><\/ul><\/figure>\n<!-- \/wp:gallery -->","_et_gb_content_width":"","footnotes":""},"class_list":["post-4643","page","type-page","status-publish","hentry"],"_links":{"self":[{"href":"https:\/\/catholiques17.fr\/montlieu\/wp-json\/wp\/v2\/pages\/4643","targetHints":{"allow":["GET"]}}],"collection":[{"href":"https:\/\/catholiques17.fr\/montlieu\/wp-json\/wp\/v2\/pages"}],"about":[{"href":"https:\/\/catholiques17.fr\/montlieu\/wp-json\/wp\/v2\/types\/page"}],"author":[{"embeddable":true,"href":"https:\/\/catholiques17.fr\/montlieu\/wp-json\/wp\/v2\/users\/31"}],"replies":[{"embeddable":true,"href":"https:\/\/catholiques17.fr\/montlieu\/wp-json\/wp\/v2\/comments?post=4643"}],"version-history":[{"count":5,"href":"https:\/\/catholiques17.fr\/montlieu\/wp-json\/wp\/v2\/pages\/4643\/revisions"}],"predecessor-version":[{"id":6102,"href":"https:\/\/catholiques17.fr\/montlieu\/wp-json\/wp\/v2\/pages\/4643\/revisions\/6102"}],"up":[{"embeddable":true,"href":"https:\/\/catholiques17.fr\/montlieu\/wp-json\/wp\/v2\/pages\/4622"}],"wp:attachment":[{"href":"https:\/\/catholiques17.fr\/montlieu\/wp-json\/wp\/v2\/media?parent=4643"}],"curies":[{"name":"wp","href":"https:\/\/api.w.org\/{rel}","templated":true}]}}