{"id":4620,"date":"2021-03-25T12:06:58","date_gmt":"2021-03-25T11:06:58","guid":{"rendered":"https:\/\/catholiques17.fr\/montlieu\/?page_id=4620"},"modified":"2026-03-23T11:11:31","modified_gmt":"2026-03-23T10:11:31","slug":"les-obseques-sur-notre-paroisse","status":"publish","type":"page","link":"https:\/\/catholiques17.fr\/montlieu\/evenements-sur-notre-paroisse\/les-obseques-sur-notre-paroisse\/","title":{"rendered":"Les obs\u00e8ques sur notre paroisse"},"content":{"rendered":"<p>[et_pb_section fb_built=\u00a0\u00bb1&Prime; admin_label=\u00a0\u00bbsection\u00a0\u00bb _builder_version=\u00a0\u00bb4.16&Prime; custom_padding=\u00a0\u00bb11px|||||\u00a0\u00bb global_colors_info=\u00a0\u00bb{}\u00a0\u00bb theme_builder_area=\u00a0\u00bbpost_content\u00a0\u00bb][et_pb_row _builder_version=\u00a0\u00bb4.17.6&Prime; _module_preset=\u00a0\u00bbdefault\u00a0\u00bb custom_padding=\u00a0\u00bb7px|||||\u00a0\u00bb global_colors_info=\u00a0\u00bb{}\u00a0\u00bb theme_builder_area=\u00a0\u00bbpost_content\u00a0\u00bb][et_pb_column type=\u00a0\u00bb4_4&Prime; _builder_version=\u00a0\u00bb4.17.6&Prime; _module_preset=\u00a0\u00bbdefault\u00a0\u00bb global_colors_info=\u00a0\u00bb{}\u00a0\u00bb theme_builder_area=\u00a0\u00bbpost_content\u00a0\u00bb][et_pb_image src=\u00a0\u00bbhttps:\/\/catholiques17.fr\/montlieu\/wp-content\/uploads\/sites\/22\/2023\/03\/Deuil-1.jpeg\u00a0\u00bb title_text=\u00a0\u00bbDeuil (1)\u00a0\u00bb align=\u00a0\u00bbcenter\u00a0\u00bb _builder_version=\u00a0\u00bb4.17.6&Prime; _module_preset=\u00a0\u00bbdefault\u00a0\u00bb border_radii=\u00a0\u00bbon|20px|20px|20px|20px\u00a0\u00bb global_colors_info=\u00a0\u00bb{}\u00a0\u00bb theme_builder_area=\u00a0\u00bbpost_content\u00a0\u00bb][\/et_pb_image][\/et_pb_column][\/et_pb_row][et_pb_row admin_label=\u00a0\u00bbrow\u00a0\u00bb _builder_version=\u00a0\u00bb4.16&Prime; global_colors_info=\u00a0\u00bb{}\u00a0\u00bb theme_builder_area=\u00a0\u00bbpost_content\u00a0\u00bb][et_pb_column type=\u00a0\u00bb4_4&Prime; _builder_version=\u00a0\u00bb4.16&Prime; custom_padding=\u00a0\u00bb|||\u00a0\u00bb global_colors_info=\u00a0\u00bb{}\u00a0\u00bb custom_padding__hover=\u00a0\u00bb|||\u00a0\u00bb theme_builder_area=\u00a0\u00bbpost_content\u00a0\u00bb][et_pb_text admin_label=\u00a0\u00bbText\u00a0\u00bb _builder_version=\u00a0\u00bb4.27.5&Prime; background_size=\u00a0\u00bbinitial\u00a0\u00bb background_position=\u00a0\u00bbtop_left\u00a0\u00bb background_repeat=\u00a0\u00bbrepeat\u00a0\u00bb hover_enabled=\u00a0\u00bb0&Prime; global_colors_info=\u00a0\u00bb{}\u00a0\u00bb theme_builder_area=\u00a0\u00bbpost_content\u00a0\u00bb sticky_enabled=\u00a0\u00bb0&Prime;]<\/p>\n<p><span style=\"text-decoration: underline\"><strong><u>Obs\u00e8ques de 2016 \u00e0 2024<\/u><\/strong><\/span><strong> : <a href=\"https:\/\/catholiques17.fr\/montlieu\/wp-content\/uploads\/sites\/22\/2025\/02\/Obseques-de-2016-a-2024.pdf\" target=\"_blank\" rel=\"noopener\">ici<\/a><br \/><\/strong><strong><span style=\"text-decoration: underline\"><u>Obs\u00e8ques de 2025<\/u><\/span>\u00a0: <a href=\"https:\/\/catholiques17.fr\/montlieu\/wp-content\/uploads\/sites\/22\/2026\/01\/Obseques-2025.pdf\" target=\"_blank\" rel=\"noopener\" title=\"Obs\u00e8ques\">ici<\/a><br \/>Obs\u00e8ques de 2026\u00a0 \u00a0 : <a href=\"https:\/\/catholiques17.fr\/montlieu\/wp-content\/uploads\/sites\/22\/2026\/03\/Defunts-de-2026.pdf\" target=\"_blank\" rel=\"noopener\">ici<\/a><\/strong><\/p>\n<p><!-- \/divi:paragraph --><\/p>\n<p>[\/et_pb_text][\/et_pb_column][\/et_pb_row][\/et_pb_section]<\/p>\n","protected":false},"excerpt":{"rendered":"<p>Obs\u00e8ques de 2016 \u00e0 2024 : iciObs\u00e8ques de 2025\u00a0: iciObs\u00e8ques de 2026\u00a0 \u00a0 : ici<\/p>\n","protected":false},"author":31,"featured_media":0,"parent":5629,"menu_order":0,"comment_status":"closed","ping_status":"closed","template":"","meta":{"_et_pb_use_builder":"on","_et_pb_old_content":"<!-- wp:paragraph -->\n<p><strong><u>Obs\u00e8ques en JANVIER 2022<\/u><\/strong><br>2 janvier&nbsp;: Blanche POURTEAU, 94 ans, Montlieu La Garde<br>3 janvier&nbsp;: Jacques FAGOT, 96 ans, Chepniers<br>12 janvier&nbsp;: Claude MARTINET, 93 ans, St Palais de N\u00e9grignac<br>13 janvier&nbsp;: Jean BOUCHET, 89 ans, Montlieu La Garde<br>16 janvier&nbsp;: Lucie SAUNIER, 93, Cercoux<br>17 janvier&nbsp;: Eliane AUBERTI, 93 ans, Montguyon<br>17 janvier&nbsp;: Armande PORTE, 90 ans, Montguyon<br>19 janvier&nbsp;: P\u00e8re Michel GROLLEAUD, 90 ans, Cl\u00e9rac<br>21 janvier&nbsp;: Claude MERLE, 94 ans, Montguyon<br>24 janvier&nbsp;: Michel PASQUET, 88 ans, St Pierre du Palais<br>27 janvier&nbsp;: Raymonde SARRAZIN, 92 ans, Montlieu La Garde<br>30 janvier&nbsp;: Michel ROUSSELOT, 69 ans, Orignolles<br>30 janvier&nbsp;: Ginette VIGNEAU, 97 ans, Chantillac<br>31 janvier&nbsp;: Patrick JULLION, 74 ans, Montlieu La Garde<\/p>\n<!-- \/wp:paragraph -->\n\n<!-- wp:paragraph -->\n<p><strong><u>Obs\u00e8ques en DECEMBRE 2022<\/u><\/strong><br>1<sup>er<\/sup> d\u00e9cembre&nbsp;: Huguette BERTET, 90 ans, Cl\u00e9rac<br>1<sup>er<\/sup> d\u00e9cembre&nbsp;: Pierre FAURE, 90 ans, Neuvicq<br>2 d\u00e9cembre&nbsp;: Francette MARTIN, 85 ans, St Pierre du Palais<br>8 d\u00e9cembre&nbsp;: Michel DUBRAUD, 88 ans, Orignolles<br>9 d\u00e9cembre&nbsp;: H\u00e9l\u00e8ne MORAT, 90 ans, Chepniers<br>16 d\u00e9cembre&nbsp;: Marie-Claude ELIE, 65 ans, Cercoux<br>20 d\u00e9cembre&nbsp;: Micheline SIMON, 88 ans, Montguyon<br>21 D\u00e9cembre&nbsp;: G\u00e9rard BOYER, 67 ans, Chevanceaux<br>22 d\u00e9cembre&nbsp;: Marius MENZATO,71 ans, Chatenet<br>26 d\u00e9cembre&nbsp;: Fran\u00e7oise DAVID, 65 ans, Cl\u00e9rac<br>29 d\u00e9cembre&nbsp;: Michel GODINAUD, 93 ans, Cercoux<br>29 d\u00e9cembre&nbsp;: Simone GROLIERE, 91 ans, Cercoux<br>30 d\u00e9cembre&nbsp;: Bernadette FOUCHEREAU, 65 ans, Montlieu La Garde<\/p>\n<!-- \/wp:paragraph -->\n\n<!-- wp:paragraph -->\n<p><strong><u>Obs\u00e8ques en NOVEMBRE 2022<\/u><\/strong><br>Le 5 Novembre&nbsp;: Liliane CRONN, 96 ans, Montguyon<br>Le 9 Novembre&nbsp;: Robert FENOUILLAT, 67 ans, Chevanceaux<br>Le 10 Novembre&nbsp;: Jean Claude NIBERON, 85 ans, Montguyon<br>Le 19 Novembre&nbsp;: Rolland PERPIGNAN, 93 ans, Chepniers<br>Le 22 Novembre&nbsp;: Michel MAURICE, 91 ans, Saint Palais de N\u00e9grignac<br>Le 28 novembre&nbsp;: Rina MENZATO&nbsp;, 91 ans, Neuvicq<br>Le 29 novembre&nbsp;: Gis\u00e8le CLEMENCEAU, 94 ans, Chepniers<\/p>\n<!-- \/wp:paragraph -->\n\n<!-- wp:paragraph -->\n<p><strong><u>Obs\u00e8ques en OCTOBRE 2022<\/u><\/strong><br>Le 4 Octobre&nbsp;: C\u00e9dric MOULINIER, 46 ans, Chevanceaux<br>Le 7 Octobre&nbsp;: Patrick RAVON, 67 ans, Saint Pierre du Palais<br>Le 10 Octobre&nbsp;: No\u00ebl BERTRAND ,66 ans, Montlieu La Garde<br>Le 11 Octobre&nbsp;: Jack VERGNAUD, 91 ans, Montguyon<br>Le 13 Octobre&nbsp;: Claudette BERTRAND, 91 ans, Chevanceaux<br>Le 14 Octobre&nbsp;: Thierry CHAUSSE, 57 ans, Chevanceaux<br>Le 20 Octobre&nbsp;: Jeanne CHIRON, 79 ans, Cercoux<br>Le 22 Octobre&nbsp;: Robert MOUCHEBOEUF, 93 ans, Montguyon<br>Le 26 Octobre&nbsp;: Francette LAVAUR, 70 ans, Saint Pierre du Palais<br>Le 28 Octobre&nbsp;: Paulette LOUASSIER, 95 ans, Chatenet <br>Le 31 Octobre&nbsp;: Marcelle BOYE, 87 ans, Chepniers<\/p>\n<!-- \/wp:paragraph -->\n\n<!-- wp:paragraph -->\n<p><strong><u><em>Obs\u00e8ques en&nbsp; SEPTEMBRE 2022<\/em><\/u><\/strong><br>Le 02 : Jacqueline PELTIER n\u00e9e DURET \u00e0 CHEVANCEAUX,<br>Le 20 : Jean SUDRIE \u00e0 Sainte COLOMBE,<\/p>\n<!-- \/wp:paragraph -->\n\n<!-- wp:paragraph -->\n<p><strong><u><em>Obs\u00e8ques en&nbsp; AO\u00dbt 2022<\/em><\/u><\/strong><br>Le 02 ao\u00fbt \u00e0 Saint MARTIN d\u2019ARY, G\u00e9rard ETIENNE<br>Le 02 ao\u00fbt \u00e0 Saint Palais de NEGRIGNAC, Marie Madeleine TILLARD n\u00e9e VAURAT<br>Le 03 ao\u00fbt \u00e0 POUILLAC, Pierre GAUTRIAUD<br>Le 04 ao\u00fbt \u00e0 CHAVANCEAUX, Bernard FRADON<br>Le 09 ao\u00fbt \u00e0 Montlieu la Garde, Paule EVEILLE n\u00e9e REY<br>Le 12 ao\u00fbt \u00e0 CHEVANCEAUX, Guiseppe GALLO<br>Le 18 ao\u00fbt \u00e0 POUILLAC, Jean Louis HERAUD<br>Le 23 ao\u00fbt \u00e0 Montlieu la Garde, Suzanne GELIX n\u00e9e TEXIER<br>Le 25 ao\u00fbt \u00e0 Saint Pierre du PALAIS, Bernadette PETIT n\u00e9e BERNARD<br>Le 25 ao\u00fbt \u00e0 MONTGUYON, Paul TANCHAUD<\/p>\n<!-- \/wp:paragraph -->\n\n<!-- wp:paragraph -->\n<p><strong><u><em>Obs\u00e8ques en&nbsp; JUILLET 2022<\/em><\/u><\/strong><br>Le 05 juillet \u00e0 CLERAC, Germaine COURS n\u00e9e DUPAS<br>Le 07 juillet \u00e0 CHEVANCEAUX, Christiane DENIS n\u00e9e TUFFREAU<br>Le 15 juillet \u00e0 CHEVANCEAUX, Robert ANTOINE<br>Le 15 juillet \u00e0 MONTGYON, Chantal MONSALUT n\u00e9e METAY<br>Le 16 juillet \u00e0 ORIGNOLLES, Mich\u00e8le EYSSON n\u00e9e DESCHINO<br>Le 20 Juillet \u00e0 Montlieu la Garde, Marie COIFFARD n\u00e9e REAL<br>Le 25 juillet \u00e0 Saint Pierre du Palais, Gis\u00e8le FILLATREAU n\u00e9e PARLANT<br>Le 26 juillet \u00e0 CHATENET, Sandra GOUY n\u00e9e PITON<br>Le 28 juillet \u00e0 CHEVANCEAUX, Jeanne POUVY<\/p>\n<!-- \/wp:paragraph -->\n\n<!-- wp:paragraph -->\n<p><strong><u><em>Obs\u00e8ques en&nbsp; JUIN 2022<\/em><\/u><\/strong><br>1er&nbsp;Juin&nbsp;: Daniel VERDON, 92 ans, Montguyon<br> 1er Juin&nbsp;: Jacqueline PINAUD, 88 ans, Montguyon<br>4 Juin&nbsp;: Alfred RIGEADE, 96 ans, Montguyon<br>9 Juin&nbsp;: Arlette GOLDET, 89 ans, Chantillac<br>13 Juin&nbsp;: Eliane DE CHECCHI, 92 ans,&nbsp; Montguyon<br>14 Juin&nbsp;: Micheline PRAUD, 88 ans, Chantillac<br>17 Juin&nbsp;: Christiane WILBURN, 87 ans, Polignac<br>23 Juin&nbsp;: R\u00e9gis BODET, 69 ans, Montguyon<br>24 Juin : Marie-Louise DELAIR, 84 ans, Le Pin<br>27 Juin&nbsp;: Odon DE ROUMEFORT, 90 ans, Montlieu La Garde<\/p>\n<!-- \/wp:paragraph -->\n\n<!-- wp:paragraph -->\n<p><strong><u><em>Obs\u00e8ques en MAI 2022<\/em><\/u><\/strong><br>4 Mai&nbsp;: Guy VEYSSIERE,87 ans, Chantillac<br>6 Mai&nbsp;: Serge CLISSON, 90 ans, Montlieu la Garde<br>7 Mai&nbsp;: Math\u00e9o OJEDA, 17 ans, Montguyon<br>11 Mai&nbsp;: Christian BLUT, 71 ans, Neuvicq Montguyon<br>12 Mai&nbsp;: Jeanne HERAUD,97 ans, M\u00e9rignac<br>17 Mai&nbsp;: Albert TEXIER, 92 ans, Cl\u00e9rac<br>18 Mai&nbsp;: Claire JEANNOTS, 88 ans, Saint Pierre du Palais<br>21 Mai&nbsp;: Gilbert NAISSANT, 77 ans, Chantillac<br>23 Mai&nbsp;: Yvette STRIBEAU, 94 ans, Montguyon<br>23 Mai&nbsp;: Lucette GUENON, 87 ans, Saint Pierre du Palais<br>24 Mai&nbsp;: Louisette BARBIER, 96 ans, Sainte Colombe<br>25 Mai&nbsp;: Jacqueline RAMBEAU, 85 ans, Cercoux<br>30 Mai&nbsp;: Anne-Marie CORMEL, 86 ans, Orignolles<br>31 Mai&nbsp;: Jean-Fran\u00e7ois LEGER, 67 ans, Chevanceaux<\/p>\n<!-- \/wp:paragraph -->\n\n<!-- wp:paragraph -->\n<p><strong><u><em>Obs\u00e9ques en avril 2022<\/em><\/u><\/strong><br>7 Avril&nbsp;: Camille BOUTET, 96 ans, Cercoux<br>8 Avril&nbsp;: James BARDET, 83 ans, St Palais de N\u00e9grignac<br>14 Avril&nbsp;: Didier GUITARD, 62 ans, Chantillac<br>15 Avril&nbsp;: Francis BRULETOUT, 72 ans, Montguyon<br>19 Avril&nbsp;: Marcelle METREAU, 92 ans, Cercoux<br>20 Avril&nbsp;: L\u00e9onie FOURMEAUX, 84 ans, Boresse et Martron<br>21 Avril&nbsp;: Paulette BARSOU, 86 ans, Orignolles<br>21 Avril&nbsp;: Herv\u00e9 ANDRE, 54 ans, Montguyon<br>22 Avril&nbsp;: Jean-Paul MARCHAND, 69 ans, Montlieu La Garde<br>25 Avril&nbsp;: Bernard COULON, 78 ans, St Pierre du Palais<br>27 Avril&nbsp;: Marguerite FARRE, 99 ans, Montguyon<\/p>\n<!-- \/wp:paragraph -->\n\n<!-- wp:paragraph -->\n<p><strong><u><em>Obs\u00e9ques en mars 2O22<\/em><\/u><\/strong><br>3 Mars&nbsp;: Yvette POMMIER, 88 ans, Montlieu La Garde<br>4 Mars&nbsp;: Patrick BERTET,65 ans, Cercoux<br>4 Mars&nbsp;: Jacqueline REYSSET, 84 ans, Montguyon<br>5 Mars&nbsp;: Annick GRENET, 75 ans, Ste Colombe<br>8 Mars&nbsp;: Jacqueline BOUTIN, 78 ans, Montguyon<br>9 Mars&nbsp;: Roger HALFORD, 85 ans, Cercoux<br>9 Mars&nbsp;: Jacqueline BAYARD, 97 ans, Montlieu La Garde<br>11 Mars&nbsp;: Robert GIRARD, 84 ans, M\u00e9rignac<br>14 Mars&nbsp;: Jacqueline GAUTRIAUD, 87 ans, Chantillac<br>16 Mars&nbsp;: Fernand BONNIN, 91 ans, Cercoux<br>18 Mars&nbsp;: Claudette LAVAURE, 83 ans, St Palais de N\u00e9grignac<br>18 Mars&nbsp;: Claude DUMORA, 88 ans, Montlieu La Garde<br>19 Mars&nbsp;: Jacky PLATON, 82 ans, Cercoux<br>24 Mars&nbsp;: Jacqueline LUMINIC, 81 ans, Montlieu La Garde<br>25 Mars&nbsp;: Dominique TARDIVEAU, 65 ans, Orignolles<\/p>\n<!-- \/wp:paragraph -->\n\n<!-- wp:paragraph -->\n<p><strong><u><em>Obs\u00e8ques en F\u00e9vier 202<\/em><\/u><\/strong>2 <br>04 f\u00e9vrier : Andr\u00e9e MENIER, 99 ans, St PIERRE DU PALAIS<br>11 f\u00e9vrier : Paul TEURLAY, 87 ans, CERCOUX<br>12 f\u00e9vrier : Paul Guy GARCEAU, 90 ans, Cl\u00e9rac<br>17 f\u00e9vrier : Annie AUDOUIN, 83 ans, Cercoux<br>17  f\u00e9vrier :  Marie Louis RIGEADE, 91 ans, Montguyon<br>21  f\u00e9vrier :  Genevi\u00e8ve SUDRIE, 84 ans, Ste Colombe<br>22  f\u00e9vrier :  Suzanne VIECELI, 94 ans,Chevanceaux<br>26  f\u00e9vrier :  LAROCHE, Chantillac<\/p>\n<!-- \/wp:paragraph -->\n\n<!-- wp:paragraph -->\n<p><strong><u><em>Obs\u00e8ques en Janvier 202<\/em><\/u><\/strong>2<br>05 janvier : Monique LOUASSIER, 86 ans, MONTLIEU LA GARDE<br>11 janvier : Jean-Marie VALLAEYS, 74 ans, MONTGUYON<br>13 J janvier : Gilbert PEROT, 94 ans, CHEVANCEAUX<br>15 janvier : Pierre COURRET, 93 ans, ORIGNOLLES<br>18 janvier : Jean BASSRI, 79 ans, CERCOUX<br>19 janvier : Bernadette ZAPIRAIN, 84 ans, CHEVANCEAUX<br>19 janvier&nbsp;: Sylviane GAUTRIAUD, 73 ans, POUILLAC<br>26 janvier : Jean Claude MENZATO, 72 ans, CHANTILLAC<br>27 janvier : Marcel TEURLAIS, 83 ans, MONLIEU LA GARDE<\/p>\n<!-- \/wp:paragraph -->\n\n<!-- wp:paragraph -->\n<p><strong><u><em>Obs\u00e8ques en D\u00e9cembre 2021<\/em><\/u><\/strong><br>1er&nbsp;D\u00e9cembre&nbsp;: Corinne CELERIER, 65 ans, M\u00e9rignac<br>7 D\u00e9cembre&nbsp;: Gilbert MATHIEU, 90 ans, Cl\u00e9rac<br>14 D\u00e9cembre&nbsp;: Christianne GALMAN, 83 ans, Saint Martin d\u2019Ary<br>17 D\u00e9cembre&nbsp;: Gis\u00e8le CELLIER, 87 ans, Cercoux<br>18 D\u00e9cembre&nbsp;: Annie BERTEAU, 74 ans, Cl\u00e9rac<br>20 D\u00e9cembre&nbsp;: Marie-Th\u00e9r\u00e8se AUBER, Cercoux<br>20 D\u00e9cembre&nbsp;: Carmen PELETTE, 96 ans, Le Pin<br>23 D\u00e9cembre&nbsp;: Nadine RESTOINT, 63 ans, Cl\u00e9rac<br>23 D\u00e9cembre&nbsp;: Lucien PICQ, 95 ans, Montguyon<br>27 D\u00e9cembre&nbsp;: Raymonde BARBOT, 89 ans, Montlieu La Garde<br>28 D\u00e9cembre&nbsp;: Maurice CALLUAUD, 96 ans, Montlieu La Garde<br>29 D\u00e9cembre&nbsp;: Mireille AUBERT, 92 ans, Neuvicq<br>30 D\u00e9cembre&nbsp;: Didier AUBERT,&nbsp; &nbsp; ans, Montlieu La Garde<br>31 D\u00e9cembre&nbsp;: L\u00e9o BRUNETEAU, 82 ans, B\u00e9denac<\/p>\n<!-- \/wp:paragraph -->\n\n<!-- wp:paragraph -->\n<p><strong><u><em>Obs\u00e8ques en&nbsp; Novembre 2O21<\/em><\/u><\/strong><br>5 Novembre : Suzanne FAUBERT, 88 ans, Montguyon<br>5 Novembre&nbsp;: Mimma TROGER,95 ans, Cercoux<br>12 Novembre&nbsp;: Marcelle BERNARD, 87 ans, Cercoux<br>12 Novembre&nbsp;: R\u00e9gis DUMON, 92 ans, Neuvicq<br>20 Novembre&nbsp;: Paulette LAROCHE, 101 ans, Chantillac<br>23 Novembre&nbsp;: Marc LEGER, 83 ans, Montlieu La Garde<br>23 Novembre&nbsp;: G\u00e9rard CHIRON, 85 ans, Cercoux<br>24 Novembre&nbsp;: Denise SEVREIN, 89 ans, Cercoux<br>25 Novembre&nbsp;: Jean-Pierre ESCOUROLLE, 75 ans, Chevanceaux<br>26 Novembre&nbsp;: Marie-H\u00e9l\u00e8ne BERNARD, 81 ans, Chevanceaux<br>30 Novembre&nbsp;: Yolande VIECELI, 95 ans, Chevanceaux<\/p>\n<!-- \/wp:paragraph -->\n\n<!-- wp:paragraph -->\n<p><strong><u><em>Obs\u00e8ques en Octobre 2O21<\/em><\/u><\/strong><br>28 Octobre&nbsp;: Odette MANON, 69 ans, Cercoux<\/p>\n<!-- \/wp:paragraph -->\n\n<!-- wp:paragraph -->\n<p><strong><em><u>Obs\u00e8ques en&nbsp; ao\u00fbt 2021<\/u><\/em><\/strong><br>5 Ao\u00fbt : Francette RICHARD, 98 ans, Chevanceaux<br>13 Ao\u00fbt : Edith PINTO, 90 ans, Cercoux<br>13 Ao\u00fbt : Francette SOUC, 79 ans, Cl\u00e9rac<br>20 Ao\u00fbt : Gabriel BOISDRON, 69 ans, Cl\u00e9rac<br>24 Ao\u00fbt Christiane MOREAU, 90 ans, Neuvicq<br>25 Ao\u00fbt : G\u00e9rard EYSSON, 77 ans, Orignolles<\/p>\n<!-- \/wp:paragraph -->\n\n<!-- wp:paragraph -->\n<p><strong><em><u>Obs\u00e8ques en&nbsp; Juillet 2021<\/u><\/em><\/strong><br>6 Juillet : Guy LAROCHE,87 ans, St Palais de N\u00e9grignac<br>16 Juillet : Laure MASSE, 98 ans, Le Pin<br>17 Juillet : Anne-Marie ROBIN, 87 ans, Montlieu La Garde<br>21 Juillet : Simone BOUYER, 90 ans, Chantillac<br>22 Juillet : Marcelle FRISCAT, 97 ans, Cl\u00e9rac<br>27 Juillet : Albert BARDET, 84 ans, Chantillac<br>29 Juillet : Th\u00e9r\u00e8se GALLAY, 90 ans, Neuvicq<br>30 Juillet : Jacques RACROUL 90 ans, Montlieu La Garde<br>30 Juillet : Pierrette AUBAIN, 89 ans, Chevanceaux<br>31 Juillet : Yolande BERTON, 93 ans, Montlieu La Garde<\/p>\n<!-- \/wp:paragraph -->\n\n<!-- wp:paragraph -->\n<p><strong><em><u>Obs\u00e8ques en&nbsp; Juin 2021<\/u><\/em><\/strong><br><em>1<sup>er<\/sup> Juin&nbsp;: Pierrette GODICHAUD, 93 ans, Orignolles<\/em><br><em>7 Juin&nbsp;: Edithe CHATEAU, 91 ans,&nbsp; Cercoux<\/em><br><em>15 Juin&nbsp;: Josette GODINAUD, 90 ans, Cercoux<\/em><br><em>17 Juin&nbsp;: Catherine BLANCHET, 61 ans, Montlieu La Garde<\/em><br><em>18 Juin&nbsp;: Jean-Pierre PAYEN, 75 ans, Chevanceaux<\/em><br><em>18 Juin: Raymond FURET, 93 ans, Cl\u00e9rac<\/em><br><em>29 Juin&nbsp;: Solange MASSE, 78 ans, Orignollles<\/em><br><em>29 Juin&nbsp;: Serge JOUANY, 55ans, Neuvicq<\/em><br><em>30 Juin&nbsp;: Francis BERNARD, 90 ans, Montguyon<\/em><\/p>\n<!-- \/wp:paragraph -->\n\n<!-- wp:paragraph -->\n<p><strong><u>Obs\u00e8ques en Mai 2O21<\/u><\/strong><br>6 Mai&nbsp;: Lucette BASSAT, 88 ans, Saint Pierre du Palais<br>6 Mai&nbsp;: Paulette FORESTIER, 92 ans, Montguyon<br>7 Mai&nbsp;: Franck RULLIER, 71 ans, Neuvicq<br>9 Mars&nbsp;: Muriel LAFLEUR, 60 ans, Montlieu La Garde<br>12 Mai&nbsp;: Yvette FERRUAU, 97 ans, Montguyon<br>18 Mai&nbsp;: Ren\u00e9e MAUGET, 88 ans, Montlieu La Garde<br>18 Mai&nbsp;: Raymonde PERONNEAU, 86 ans, Pouillac<br>20 Mai&nbsp;: Manuel DE MATOS, 67 ans, M\u00e9rignac<br>21 Mai&nbsp;: Gislaine ROZANT, 90 ans, Montlieu La Garde<br>27 Mai&nbsp;: Roland CARRE, 76 ans,&nbsp; Montlieu La Garde <br>28 Mai&nbsp;: Nicole RAMBEAU, 62 ans, Cercoux<\/p>\n<!-- \/wp:paragraph -->\n\n<!-- wp:paragraph -->\n<p><strong><em><u>Obs\u00e8ques en&nbsp; Avril 2021<\/u><\/em><\/strong><br><em>1<sup>er<\/sup> Avril&nbsp;: Alice PERRIER,98 ans, Pouillac<\/em><br><em>2 Avril&nbsp;: Yvon BERNARD, 91 ans, Montlieu La Garde<\/em><br><em>2 Avril&nbsp;: Jo\u00ebl PITAUD, 87 ans, Cl\u00e9rac<\/em><br><em>8 Avril&nbsp;: Jean-Michel HURTEAU, 64 ans, Chevanceaux<\/em><br><em>12 Avril&nbsp;: Ginette DENIS, 88 ans, Sainte Colombe<\/em><br><em>13 Avril&nbsp;: Michel BLANC, 83 ans, Cl\u00e9rac<\/em><br><em>20 Avril&nbsp;: Ir\u00e8ne BENASSIT, 92 ans, Chevanceaux<\/em><br><em>21 Avril&nbsp;: Nicole TONIN, 87 ans, Montlieu La Garde<\/em><br><em>22 Avril&nbsp;: Claude BERTRAND, 89 ans, Chevanceaux<\/em><br><em>23 Avril&nbsp;: Serge GABORIAU, 88 ans, Cercoux<\/em><\/p>\n<!-- \/wp:paragraph -->\n\n<!-- wp:paragraph -->\n<p><strong><u>Obs\u00e8ques en Mars 2O21<\/u><\/strong><br>3 Mars&nbsp;: Th\u00e9r\u00e8se LEGER, 93 ans, Montlieu La Garde<br>4 Mars&nbsp;: Arlette GARRAUD, 84 ans, Cl\u00e9rac<br>5 Mars&nbsp;: Jeannnina BRONDY, 92 ans, Sainte Colombe<br>9 Mars&nbsp;: Muriel LAFLEUR, 60 ans, Montlieu La Garde<br>13 Mars&nbsp;: Huguette BRACONNIER,85 ans, Montguyon<br>18 Mars&nbsp;: Sabrina GAUNIE-MOREAU, 34 ans, Montlieu La Garde<br>18 Mars&nbsp;: Simonne CLISSON, 84 ans, Montlieu La Garde<br>19 Mars&nbsp;: Nicole ROLAND, 85 ans, B\u00e9denac<br>23 Mars&nbsp;: Angel PINTO, 95 ans, Cercoux<br>25 Mars&nbsp;: Raymond ALLAIRE, 81 ans, Montguyon<br>25 Mars&nbsp;: Didier BOUSSATON, 65 ans, Montlieu La Garde<br>27 Mars&nbsp;: Raymond NADAUD, 88 ans, Montlieu La Garde<\/p>\n<!-- \/wp:paragraph -->\n\n<!-- wp:paragraph -->\n<p><strong><em>Obs\u00e8ques en f\u00e9vrier 2021<\/em><\/strong><br><em>3 F\u00e9vrier&nbsp;: Mauricette FRANC, 98 ans, Orignolles<\/em><br><em>3 F\u00e9vrier&nbsp;: Arlette CHEVALLIER, 97 ans, Montguyon<\/em><br><em>5 F\u00e9vrier&nbsp;: Claude NADAUD, 84 ans, Montlieu La Garde<\/em><br><em>17 F\u00e9vrier&nbsp;: Pierre GELLIE, 90 ans, Saint Pierre du Palais<\/em><br><em>18 F\u00e9vrier&nbsp;: Huguette HYMES, , 95 ans, Polignac<\/em><br><em>19 F\u00e9vrier&nbsp;: Suzanne PEROT, 85 ans, Chevanceaux<\/em><br><em>19 F\u00e9vrier&nbsp;: Monique BACLE,85 ans, Bors de Baignes<\/em><br><em>20 F\u00e9vrier&nbsp;: Jean Yves CHASSAIGNE, 89 ans, Neuvicq<\/em><br><em>20 F\u00e9vrier&nbsp;: Jean KI, 66 ans, Montguyon<\/em><br><em>26 F\u00e9vrier&nbsp;: Andr\u00e9 RAMBAUD, 96 ans, Cl\u00e9rac<\/em><\/p>\n<!-- \/wp:paragraph -->\n\n<!-- wp:paragraph -->\n<p><strong><em>Obs\u00e8ques en janvier 2021<\/em><\/strong><br><em>5 Janvier&nbsp;: Odette MARCHENOIR, 90 ans, Montguyon<\/em><br><em>9 Janvier&nbsp;: Yves MERLE&nbsp;, 95 ans, Chevanceaux<\/em><br><em>11 Janvier&nbsp;: Alice LANDREAU, 88 ans, Pouillac<\/em><br><em>15 Janvier&nbsp;: Gabrielle GARDIE&nbsp;, 86 ans&nbsp;, Cercoux<\/em><br><em>16 Janvier&nbsp;: Gis\u00e8le DESSAIVRE, 87 ans, Chevanceaux<\/em><br><em>21 Janvier&nbsp;: L\u00e9ona CHAIGNEAU,92 ans, Montlieu La Garde<\/em><br><em>23 Janvier&nbsp;: Henri PINAUD,95 ans, Montguyon<\/em><br><em>23 Janvier&nbsp;: Anne-Marie SOUFFLARD, 77 ans, Montguyon<\/em><br><em>23 Janvier&nbsp;: Mireille MERIAUD, 80 ans, Polignac<\/em><br><em>27 Janvier&nbsp;: Jacqueline CLOUTOU, 92 ans, Cl\u00e9rac<\/em><br><em>30 Janvier : Yvon RECAPPE, 91 ans, Polignac<\/em><\/p>\n<!-- \/wp:paragraph -->\n\n<!-- wp:paragraph -->\n<p><strong><em>Obs\u00e8ques en&nbsp; D\u00e9cembre 2020<\/em><\/strong><br><em>1erD\u00e9cembre&nbsp;:Albert LEGER, 92 ans, Orignolles<\/em><br><em>2 D\u00e9cembre&nbsp;: Serge BROUILLAUD, 68 ans, Pouillac<\/em><br><em>3 D\u00e9cembre&nbsp;: Jean-Claude BOUT, 67 ans, Cercoux<\/em><br><em>4 D\u00e9cembre&nbsp;: France GUILLON, 77 ans, Montlieu La Garde<\/em><br><em>4 D\u00e9cembre&nbsp;: Gilbert RIBERAUD, 89 ans, Saint Palais de N\u00e9grignac<\/em><br><em>11 D\u00e9cembre&nbsp;: Louis MAUGET, 95 ans, Montguyon<\/em><br><em>14 D\u00e9cembre&nbsp;: H\u00e9l\u00e8ne REAL, 97 ans, Neuvicq<\/em><br><em>15 D\u00e9cembre&nbsp;: L\u00e9one MOTARD, 89 ans, Montlieu La Garde<\/em><br><em>16 D\u00e9cembre&nbsp;: Alice MORASSUTTI, 99 ans, Montguyon<\/em><br><em>22 D\u00e9cembre&nbsp;: Michelle DEVEAU, 84 ans, Montlieu La Garde<\/em><br><em>31 D\u00e9cembre : Sylvette PERRIER, 70 ans, Pouillac<\/em><br><em>31 D\u00e9cembre :<\/em>&nbsp;<em>Lucette METREAU, 93 ans, Cercoux<\/em><\/p>\n<!-- \/wp:paragraph -->\n\n<!-- wp:paragraph -->\n<p><strong><em>Obs\u00e8ques en Novembre 2020<\/em><\/strong><br><em>12 Novembre&nbsp;: Ren\u00e9e LAVIDALIE, 98 ans, Cercoux<\/em><br><em>16 Novembre&nbsp;: Michel BOBINEAU, 88 ans, LE PIN<\/em><br><em>18 Novembre&nbsp;: Roberte FORESTIER, 96 ans, Saint Palais de N\u00e9grignac<\/em><br><em>19 Novembre&nbsp;: Jeanne BRUNEAU, 105 ans, Montguyon<\/em><br><em>20 Novembre&nbsp;: Paulette PEYRON, 96 ans, Pouillac<\/em><br><em>21 Novembre&nbsp;: Michel MULLER, 82 ans, Montguyon<\/em><br><em>24 Novembre&nbsp;: Gilbert CHAPRON, 86 ans, Cercoux<\/em><br><em>25 Novembre&nbsp;: Lucien BRILLANT, 85 ans, Saint Pierre du Palais2<\/em><br>2<em>8 Novembre&nbsp;: Jean PARENT, 70 ans, Chevanceaux<\/em><\/p>\n<!-- \/wp:paragraph -->\n\n<!-- wp:paragraph -->\n<p><strong>Obs\u00e8ques en Octobre 2020<\/strong><br><em>3 Octobre&nbsp;: Jean Marc BOUDIN, 90 ans, Cercoux<\/em><br><em>5 Octobre&nbsp;: R\u00e9gine MIMAUD, 75 ans, Montlieu La Garde<\/em><br><em>7 Octobre&nbsp;: Guy&nbsp; MERLE, 66 ans, Chevanceaux,<\/em><br><em>13 Octobre&nbsp;: Yves GRIVET, 76 ans, Cercoux<\/em><br><em>21 Octobre&nbsp;: Jean-Philippe MERLE, 56 ans, Chantillac<\/em><br><em>23 octobre&nbsp;: Mme Anny De PAEP-PIERS, 54 ans, Neuvicq<\/em><\/p>\n<!-- \/wp:paragraph -->\n\n<!-- wp:paragraph -->\n<p><strong>Obs\u00e8ques en Septembre 2020<\/strong><br><em>1\u00b0 Septembre&nbsp;: Armand GLENISSON, 83 ans, Cl\u00e9rac<\/em><br><em>9 Septembre&nbsp;: Edmond ARDOIN, 87 ans, Cercoux<\/em><br><em>11 Septembre&nbsp;: Odile FIRSCHING, 92 ans, Cercoux<\/em><br><em>18 Septembre&nbsp;: Jacqueline CATELLA, 88 ans, Montlieu La Garde (Eglise de Saint Vivien)<\/em><br><em>22 Septembre&nbsp;: Jean Pierre RIGEADE, 82 ans, Saint Pierre du Palais<\/em><br><em>26 Septembre&nbsp;: Germaine ARNAUD, 71 ans, Bors de Baignes<\/em><br><em>26 Septembre&nbsp;: Suzette SOULARD, 81 ans, Cercoux<\/em><\/p>\n<!-- \/wp:paragraph -->\n\n<!-- wp:paragraph -->\n<p><strong>Obs\u00e8ques en Ao\u00fbt 2020<\/strong><br>1\u00b0 ao\u00fbt&nbsp;: Donald MORATINOS, 72 ans, Montguyon<br>10 ao\u00fbt&nbsp;: Jean-Pierre LAPOSTOLLE,&nbsp; 90 ans, Montguyon<br>11 ao\u00fbt&nbsp;: Rolland CHASSAIGNE, 84 ans, Neuvicq<br>12 ao\u00fbt&nbsp;: Guy COUTURE, 86 ans, Cl\u00e9rac<br>13 ao\u00fbt&nbsp;: Fr\u00e9d\u00e9ric BERNARD, 60 ans, Saint Pierre du Palais<br>13 ao\u00fbt&nbsp;: Vigilio DELLA GIOVANNA, 91 ans, Montlieu la Garde<br>13 ao\u00fbt&nbsp;: F\u00e9licien Aim\u00e9 CHAILLOU, 93 ans, Chepniers<br>18 ao\u00fbt&nbsp;: Raymond GUILMINEAU, 98 ans, Orignolles<br><em>20 Ao\u00fbt: Claude LACOSTE, 77 ans, Montlieu La Garde&nbsp;<\/em><br><em>26 Ao\u00f9t&nbsp;: Odette COMBEAU, 91 ans, Montlieu La Garde<\/em><br><em>27 Ao\u00fbt&nbsp;: Pierre FURET, 84 ans, Neuvicq<\/em><br><em>28 Ao\u00fbt&nbsp;: Michel TAILLARD, 77 ans, Montguyon<\/em><\/p>\n<!-- \/wp:paragraph -->\n\n<!-- wp:paragraph -->\n<p><strong>Obs\u00e8ques en Juillet 202<em>0<\/em><\/strong><br>1\u00b0 juillet&nbsp;: Emile BERLUREAU&nbsp;, 77 ans, St Martin d\u2019Ary<br>9 juillet: Jeannine COIFFARD, 76 ans, Chierzac<br>13 juillet&nbsp;: Jean-Pierre GAGNIER, 78 ans, Montguyon<br>21 juillet&nbsp;: Philippe GIREAUD, 82 ans, Montlieu la Garde<br>28 juillet&nbsp;: Jean Pierre LONGIN, 86 ans, Saint Pierre du Palais<br>28 juillet&nbsp;: Maryvonne ARNAUD, 76 ans, Montlieu la Garde<br>30 juillet&nbsp;:Jeannine CHARVET, 87 ans, Montguyon<br>30 juillet&nbsp;: Ad\u00e9la\u00efde DA CONCEICAO DE MATOS, 90 ans, M\u00e9rignac<br>31 juillet&nbsp;: Paulette RIFFE, 93 ans, Saint Martin d\u2019Ary<\/p>\n<!-- \/wp:paragraph -->\n\n<!-- wp:paragraph -->\n<p><strong>Obs\u00e8ques en JUIN 2020<\/strong><br>6 Juin Augusta DAVID, 94 ans, \u00e9glise de Cl\u00e9rac<br>9 Juin Raymonde DELAVIE, 90 ans, \u00e9glise de Saint Palais de N\u00e9grignac<br>9 Juin Daniel COUTRAS, 91 ans, \u00e9glise de Neuvicq de Montguyon<br>11 Juin Ubaldina ROSSETTO, 92 ans, \u00e9glise de Chevanceaux<br>12 Juin Odette GUITON, 93 ans, \u00e9glise de Chantillac<br>13 Juin Nad\u00e8ge GARNIER, 39 ans, \u00e9glise de B\u00e9denac<br>17 Juin Inesse THIBAUD, 93 ans, \u00e9glise de Cercoux<br>18 Juin Roberte LATOUCHE, 99 ans, \u00e9glise d\u2019Orignolles<br>19 Juin Jean-No\u00eal HERVE, 77 ans, \u00e9glise de Montlieu La Garde<br>27 juin Edouard FOURCADE, 69 ans, Le Pin<br>30 juin Herbert ASKEW, 85 ans, Cercoux<\/p>\n<!-- \/wp:paragraph -->\n\n<!-- wp:paragraph -->\n<p><strong>Obs\u00e8ques en MAI 2020<\/strong><br>4 Mai Denise FLEURANCEAU, 92 ans, cimeti\u00e8re d\u2019Orignolles<br>9 Mai Louise MIQUEL, 9 jours, cimeti\u00e8re de Polignac<br>18 Mai Primo DE CHECCHI, 100 ans, cimeti\u00e8re de Montguyon<br>19 Mai Elianne LEGER, 72 ans, cimeti\u00e8re de Montguyon<br>25 Mai Jean Claude ARNAUD, 76 ans, cimeti\u00e8re de Chepniers<br>29 Mai Jean Michel BRIS, 58 ans, cimeti\u00e8re de CHANTILLAC<\/p>\n<!-- \/wp:paragraph -->\n\n<!-- wp:paragraph -->\n<p><strong>Obs\u00e8ques en AVRIL 2020<\/strong><br>Le 3 avril : M. Henri RAPITEAU, 95 ans, cimeti\u00e8re d\u2019Orignolles<br>Le 8 avril : Mme Michelle CALLUAUD, 89 ans, cimeti\u00e8re de Chepniers<br>Le 8 avril : Mme L\u00e9a LAUDY, 99 ans, cimeti\u00e8re de Bors de Baignes<br>Le 15 avril : Mme Pierrette FERRAROLI, 86 ans, cimeti\u00e8re de Pouillac<br>Le 16 avril : Mme Ginette KOPELIOFF, 96 ans, cimeti\u00e8re de Chevanceaux<br>Le 28 avril : M. Daniel POIRIER, 89 ans, cimeti\u00e8re de Cercoux<br>Le 29 avril : M Claude JAGOUX , 93 ans, cimeti\u00e8re de Chevanceaux<\/p>\n<!-- \/wp:paragraph -->\n\n<!-- wp:paragraph -->\n<p><strong>Obs\u00e8ques en MARS 2020<\/strong><br>Le 12 mars : M Emilien VIAUD, 92 ans, \u00e9glise de Montguyon<br>Le 13 mars : Mme Madeleine TRIGO, 93 ans, \u00e9glise de Montlieu la Garde<br>Le 17 mars : Mme Odette POU, 86 ans, cimeti\u00e8re d\u2019Orignolles<br>Le 18 mars : Mme Anita SARRAUTE, 102 ans, cimeti\u00e8re de B\u00e9denac<br>Le 24 mars : M Jean-Pierre AMANIOU, 74 ans, cimeti\u00e8re de Cercoux<br>Le 26 mars : M Max VIGNEAUD, 83 ans, cimeti\u00e8re de Saint Palais de N\u00e9grignac<br>Le 27 mars : Mme Sonia SOARES, 38 ans, cimeti\u00e8re de Saint Pierre du Palais<br>Le 27 mars : M. Lionel MURARO, 77 ans, cimeti\u00e8re de Montguyon<\/p>\n<!-- \/wp:paragraph -->\n\n<!-- wp:paragraph -->\n<p><strong>Obs\u00e8ques en f\u00e9vrier 2020<\/strong><br>3 F\u00e9vrier Nathalie CHARRIER, 52 ans, \u00e0 CHEVANCEAUX<br>3 F\u00e9vrier Andr\u00e9 MAUDET 93 ans, \u00e0 CHEVANCEAUX<br>14 f\u00e9vrier Florent PINTO, 35 ans, \u00e0 CERCOUX<br>15 F\u00e9vrier Jeannine BORDELAIS, 93 ans, \u00e0 MONTGUYON<br>21 F\u00e9vrier Georgette MAUGIS, 98 ans, \u00e0 BEDENAC<\/p>\n<!-- \/wp:paragraph -->\n\n<!-- wp:paragraph -->\n<p><strong>Obs\u00e8ques en janvier 2020<\/strong><br>6 Janvier Pierre CORMELIER, 93 ans, \u00e0 POUILLAC<br>9 Janvier Marinette GISCLON, 65 ans, \u00e0 MONTLIE U LA GARDE (CHEPNIERS)<br>13 Janvier Andr\u00e9 BEBIN, 89 ans , \u00e0 CERCOUX<br>17 Janvier Patrick LELONG, 76 ans, \u00e0 CHANTILLAC<br>21 Janvier Gilbert BOUYER, 85 ans, \u00e5 MONTLIEU LA GARDE<br>25 Janvier Jean RAMBAUD, 75 ans, \u00e0 B0RS DE BAIGNES<br>30 Janvier Jacki SUREA U, 64 ans, \u00e0 ORIGNOLLES<br>30 Janvier, No\u00ebl PICARD, 71 ans, \u00e0 MONTGUYON<\/p>\n<!-- \/wp:paragraph -->\n\n<!-- wp:paragraph -->\n<p><strong>Obs\u00e8ques en d\u00e9cembre 2019<\/strong><br>2 D\u00e9cembre Henri SEBILLAUD, 93 ans, \u00e0 MONTLIEU LA GARDE<br>11 D\u00e9cembre Denise AGRICOLE, 91 ans, \u00e0 MONTGUYON<br>12 D\u00e9cembre Jacques MIMAUD, 75 ans, \u00e0 ORIGNOLLES<br>16 D\u00e9cembre Monique MENARD , 80 ans, \u00e0 MONTGUYON<br>20 D\u00e9cembre Alichel MILLOZ 72 ans, \u00e0 CLERAC<br>23 D\u00e9cembre Carmen LAGARDE, 92 ans, \u00e0 NEUVICQ \u2013 MONTGUYON<br>24 D\u00e9cembre Yvette JAULIN, 93 ans, \u00e0 SAINT PALAIS DE NEGRIGNAC<br>27 D\u00e9cembre Viviane BLUT65 ans, \u00e0 NEUVICQ \u2013 MONTGUYON<br>28 D\u00e9cembre Francis VIGNAUD, 82 ans, \u00e0 MONTGUY ON<br>30 D\u00e9cembre Etienne DUMAS, 32 ans, \u00e0 BORESSE<\/p>\n<!-- \/wp:paragraph -->\n\n<!-- wp:paragraph -->\n<p><strong>Obs\u00e8ques en novembre 2019<\/strong><br>8 Novembre Raymonde MARPAUD, 87 ans, \u00e0 BORS DE BAIGNES<br>9 Novembre Anita GUILBON ,48 ans, \u00e0 MONTLIEU LA GARDE<br>19 Novembre Andr\u00e9e LEGENDRE, 92 ans, \u00e0 MONTGUYON<br>20 Novembre Pierre DUTOUR, 80 ans, \u00e0 CERCOUX<br>22 Novembre Monique LAROCHE, 85 ans, \u00e0 MONTGUYON<br>23 Novembre Madeleine GAGNEROT, 88 ans, \u00e0 MONTGUYON<br>27 Novembre Lucienne DEPITRE, 88 ans , \u00e0 MONTGUYON.<br>28 Novembre Christiane BOUYER, 90 ans, \u00e0 MONTGUYON<\/p>\n<!-- \/wp:paragraph -->\n\n<!-- wp:paragraph -->\n<p><strong>Obs\u00e8ques en octobre 2019<\/strong><br>23 Octobre Marie Elisabeth COURBIN ,53 ans, \u00e0 BEDENAC<br>Mme Gilberte GAUTRIAUD,93ans, MONTGUYON<br>Mme Giovanna BORDIGNON,88ans, MONTGUYON<br>Mme Jeanne BOUINOT, 97 ans, CERCOUX<br>Mme Georgette FONTAINE, 89 ans, MONTGUYON<br>M Jean-Pierre CARMAGNAT, 48 ans, CERCOUX<br>M Thierry BLUT, 50 ans, MONTGUYON<br>Mme Jacqueline CHICHE, 75 ans CHEVANCEAUX<br>Mme Josette VAN DEN BERG, 95 ans, &nbsp;SAINT PALAIS DE NEGRIGNAC<\/p>\n<!-- \/wp:paragraph -->\n\n<!-- wp:paragraph -->\n<p><strong>Obs\u00e8ques en septembre 2019<\/strong><br>Mr G\u00e9rarld MARRAUD,50 ans, MONTLIEU LA GARDE<br>Mr Franck BOURSIER,88 ans, MONTGUYON<br>Mme Lilianne VERDON,84 ans, SAINT PIERRE DU PALAIS<br>Mr Jean-Michel MICHEAU, 66ans, SAINT PALAIS DE NEGRIGNAC<br>Mr Guy BERTELOT,82ans, CLERAC<br>Mme Genevi\u00e8ve DANIAUD,87 ans, NEUVICQ<br>MR Gilles MORINIERE,72 ans, BORS DE BAIGNES.<br>Mr Yvon MACOUILLARD, 90 ans, CLERAC<br>Mme Yvonne PARONNEAU,93ans, SAINT PALAIS DE NEGRIGNAC<\/p>\n<!-- \/wp:paragraph -->\n\n<!-- wp:paragraph -->\n<p><strong>Obs\u00e8ques en ao\u00fbt 2019<\/strong><br>Mr Jean-Adrien ARNAUD, 66 ans, Bors de Baignes<br>Mme Chantal VIOLET, 67 ans, Pouillac<br>Mr Bernard LACHAISE 85 ans, Montguyon<br>Mr Daniel BODET, 78 ans, Cercoux<br>M William SOUC, 93 ans, Cl\u00e9rac<br>Mme Suzanne DELAGE, 91 ans, Chepniers<br>Mr Christian NICOLLE, 71 ans, Montlieu la Garde<br>Mr Trieste MILESI, 94 ans, Cl\u00e9rac<\/p>\n<!-- \/wp:paragraph -->\n\n<!-- wp:paragraph -->\n<p><strong>Obs\u00e8ques en juillet 2019<\/strong><br>Mme Isabelle CHOIME, 57 ans, Chevanceaux<br>Mme Martine PIRE, 69 ans, Montguyon<br>Mr Ren\u00e9 CLAUZURE, 101 ans, Chevanceaux<br>Mr Michel AMBROISE, 82 ans, Cercoux<br>Mme Odette PERRIER, 97 ans, Pouillac<br>Mr Jean DELOUME, 87 ans, Montlieu la G.<br>Mr Francis CAGNIN, 89 ans, St Martin d\u2019Ary<\/p>\n<!-- \/wp:paragraph -->\n\n<!-- wp:paragraph -->\n<p><strong>Obs\u00e8ques en juin 2019<\/strong><br>Mme Simone BOILEVIN, 89 ans, Montguyon<br>Mme Nicole DEMAY, 62 ans, Montguyon<br>Mr Claude AUBERT, 93 ans, Cercoux<br>Mr S\u00e9bastien GINET, 43 ans, Cercoux<br>Mme Germaine CHAPUZET, 92 ans, Montlieu la Garde<br>Mr Christian LAPOSTOLE, 61 ans, Montguyon<br>Mr Georges DUPUY, 65 ans, Chepniers<br>Mr Henri ANUS, 85 ans, Chevanceaux<br>Mme Rolande TEURLAIS, 83 ans, Polignac<br>Mr Philippe NIBERON, 58 ans, Chevanceaux<br>Mr Gilbert FESTAL, 70 ans, Chevanceaux<br>Mr Gaston BACLE 89 ans, Bors de Baignes<br>Mr James AUBRY, 75 ans, Chevanceaux<br>Mr Christian VIGNEAU, 94 ans, Pouillac<\/p>\n<!-- \/wp:paragraph -->\n\n<!-- wp:paragraph -->\n<p><strong>Obs\u00e8ques en mai 2019<\/strong><br>Mr Bruno BOUTINEAU, 54 ans,Montguyon<br>Mme Raymonde CATHELINEAU, 92 ans, Chevanceaux<\/p>\n<!-- \/wp:paragraph -->\n\n<!-- wp:paragraph -->\n<p><strong>Obs\u00e8ques en avril 2019<\/strong><br>Mme MONTANGON Louisette 97 ans \u00e0 Chepniers<br>Mme SIMON Micheline 89 ans \u00e0Montguyon<br>M. VIECELI Daniel 73 ans \u00e0 Chevanceaux<br>M. LAINE Lucien 90 ans \u00e0 Montlieu la Garde<br>M.DEMAY Micka\u00ebl 42 ans \u00e0 Orignolles<\/p>\n<!-- \/wp:paragraph -->\n\n<!-- wp:paragraph -->\n<p><strong>Obs\u00e8ques en mars 2019<\/strong><br>Mme BESSON B\u00e9atrice 69 ans, \u00e0 Cercoux<br>M. MIMAUD Laurent 41 ans Orignolles<br>Mme BERGON Pierrette 81 ans Bedenac<br>Mme GAUTRIAUD Agn\u00e8s 55 ans Pouillac<br>Mme PERODEAU Gis\u00e8le 95 ansMontguyon<br>Mme POMIER Alice 98 ans Cl\u00e9rac<br>M. VALETTE Didier 55 ans \u00e0 Cercoux<br>M . DOMMANGEAU Didier 57 ans \u00e0 Clerac<br>Mme FORT Jeanne 95 ans \u00e0 Montguyon<br>M. AVILA Damien 66 ans Montguyon<br>Mme GUILLAUD Simone 86 ans \u00e0 Montlieu la Garde<br>M. DECOMBE Andr\u00e9 94 ans \u00e0 Boresse et Martron<\/p>\n<!-- \/wp:paragraph -->\n\n<!-- wp:paragraph -->\n<p><strong>Obs\u00e8ques en f\u00e9vrier 2019<\/strong><br>Mme.BOURDEILLETAS Jacqueline, 62 ans, \u00e0 Montguyon<br>M. ARCHAIN Jean-Claude, 65 ans, \u00e0 Cl\u00e9rac<br>Mme COMTE Yvonne, 81 ans, \u00e0 Cl\u00e9rac<br>M. BRILLET Robert, 97 ans, \u00e0 Montlieu la Garde<br>Mme LOPEZ L\u00e9once, 87 ans, \u00e0 Boresse<br>M. MICHAUD L\u00e9once, 93 ans, \u00e0 Cercoux<br>Mme. BERGERONT Nicole, 76 ans, \u00e0<br>Montlieu la Garde<br>M. FLEURANCEAU Raymond, 93 ans, \u00e0 Orignolles<br>M. BARSOU Raymond, 87 ans, \u00e0 Montlieu la Garde<\/p>\n<!-- \/wp:paragraph -->\n\n<!-- wp:paragraph -->\n<p><strong>Obs\u00e8ques en janvier 2019<\/strong><br>M. BERNON Claude, 88 ans, \u00e0 Cl\u00e9rac<br>Mme. AUTIER Henriette, 94 ans, \u00e0 Cl\u00e9rac<br>Mme. VAREILLE Huguette, 93 ans, \u00e0 Cl\u00e9rac<br>M. REMAUD Ren\u00e9, 72 ans, \u00e0 Cercoux<br>M. BONNIN Frantz Jo\u00ebl, 84 ans, \u00e0 Orignolles<br>Mme. CHARTIER Raymonde, 88 ans, \u00e0 Cercoux<br>Mme. MAHU Yolande, 87 ans, \u00e0 Chevanceaux<br>M. GIRET G\u00e9rard, 76 ans, \u00e0 Cercoux<br>Mme. ROUSSELOT Marcelle, 89 ans, Orignolles<br>M. DUBOIS Jean-Claude, 60 ans, \u00e0 Neuvicq<br>M. MULON Francis, 71ans, \u00e0 St. Martin d\u2019Ary<br>M. GABARD Andr\u00e9, 68 ans, \u00e0 Montguyon<br>M. FLEURY Didier, 57 ans, \u00e0 Chevanceaux<br>M. OLIVIER Serge, 76 ans, \u00e0 St. Palais de N\u00e9grignac<br>M. GOUAS Christian, 58 ans, \u00e0 Montlieu la Garde<br>M. BOSSUET Marcel, 78 ans, \u00e0 Cercoux<br>Mme. MARCELLY Yvette, 78 ans, \u00e0 Orignolles<br>Mme. DURAND Marie-Th\u00e9r\u00e8se, 94 ans, \u00e0 Cl\u00e9rac<\/p>\n<!-- \/wp:paragraph -->\n\n<!-- wp:paragraph -->\n<p><strong>Obs\u00e8ques en d\u00e9cembre 2018<\/strong><br>M. SICAUD Roger, 89 ans, \u00e0 Chevanceaux<br>M. GISCLON Andr\u00e9, 92 ans, \u00e0 Chepniers<br>Mme. MARCHAIS Denise, 92 ans, \u00e0 Montguyon<br>Mme. MERCADIER Genevi\u00e8ve, 93 ans, \u00e0 Montguyon<br>Mme. COUTRAS Madeleine,98 ans, \u00e0 Cercoux<\/p>\n<!-- \/wp:paragraph -->\n\n<!-- wp:paragraph -->\n<p><strong>Obs\u00e8ques en novembre 2018<\/strong><br>M.MASSIAS Marcel, 84 ans, \u00e0 Montlieu La Garde<br>M. FENOUILLARD Jacques, 88 ans, \u00e0 Chevanceaux<br>M. BOUSSIRON Roger, 85 ans, \u00e0 St. Martin d\u2019Ary<br>Mme PASQUEREAUD Yvette, 92 ans, \u00e0 Bedenac<br>M. BRIZARD Andr\u00e9 Elie, 89 ans, \u00e0 Cercoux<br>M. BERTRAND Michel, 83 ans, \u00e0 Chevanceaux<\/p>\n<!-- \/wp:paragraph -->\n\n<!-- wp:paragraph -->\n<p><strong>Obs\u00e8ques en octobre 2018<\/strong><br>A Saint-Palais-de-N\u00e9grignac, Pascal Couture, 50 ans<br>A Cercoux, Didier Paillard, 54 ans<br>A Saint-Palais-de-N\u00e9grignac, Rogella Gaillard, 89 ans<br>A Boresse, Emila D\u00e8combe, 96 ans<br>A Montlieu, Simone Hyvert, 86 ans<br>A Cl\u00e9rac, Jo\u00ebl Massias, 54 ans<br>A Montguyon, Nathalie Hetier, 52 ans<br>A Cercoux, Christian Grand, 72 ans<br>A Montlieu, Simone Lignat, 94 ans<br>A Cl\u00e9rac, Guy Arnaud, 85 ans<br>A Cercoux, Jeanne Manon, 88 ans<br>A Montlieu, Sandrine Biguet, 46 ans<br>A Chepniers, Mauricette Barbier, 91 ans<\/p>\n<!-- \/wp:paragraph -->\n\n<!-- wp:paragraph -->\n<p><strong>Obs\u00e8ques en Septembre 2018<\/strong><br>A Cercoux, Colette Carmagnat, 76 ans<br>A Cercoux, James Bertet, 69 ans<\/p>\n<!-- \/wp:paragraph -->\n\n<!-- wp:paragraph -->\n<p><strong>Obs\u00e8ques en juillet et ao\u00fbt 2018<\/strong><br>A Le Pin, Jacqueline Bolineau, 81 ans<br>A Cercoux, Armande Bertet, 90 ans<br>A Montlieu la Garde, Francine Guillon,76ans<br>A Chevanceaux, Th\u00e9r\u00e8se Dupouy, 94 ans<br>A Bedenac, Lucien Borie, 84 ans<br>A Neuvicq, Robert Menzato, 89 ans<br>A Polignac, G\u00e9rard Amanoui , 74 ans<br>A Montlieu la Garde, Jeannine Teurlais, 86 ans<br>A Chevanceaux, Guylaine Fillon, 61 ans<br>A Cercoux, Olivier Poirier, 87 ans<br>A Montguyon, G\u00e9rard Dillemann, 89 ans<br>A Orignolles, Marie-Pierrette Dagnaud, 87 ans<br>A Bedenac-Chierzac, Anthony Chagnaud, 26 ans<\/p>\n<!-- \/wp:paragraph -->\n\n<!-- wp:paragraph -->\n<p><strong>Obs\u00e8ques en juin 2018<\/strong><br>A Bors de Baignes, Denise Vaslin, 89 ans<br>A Cercoux, Andr\u00e9 Gagnier, 71 ans<br>A Neuvicq, Odile Mass\u00e9, 88 ans<br>A Montguyon, Viaud Jean-Claude, 51 ans<br>A Chevanceaux, Jagoux Paulette, 88 ans<br>A Montlieu la Garde, Michenneau Claude, 72 ans<br>A Cercoux, Scapin Yvette, 86 ans<br>A Polignac, Meriaud Yves, 81 ans<\/p>\n<!-- \/wp:paragraph -->\n\n<!-- wp:paragraph -->\n<p><strong>Obs\u00e8ques en mai 2018<\/strong><br>A Chevanceaux, Anne-Marie Blanc,94 ans<br>A Bors de Baignes, Marie-Elisabeth de Belleville, 92 ans<br>A Montguyon, Hugette Frid\u00e9rique 86 ans<br>A Orignolles, Arlette Dubois, 95 ans<br>A Boresse, Marius Baratto, 85 ans<br>A Montguyon, Gill Simond, 89 ans<br>A St.Pierre du Palais, Micheline Rouel, 88 ans<\/p>\n<!-- \/wp:paragraph -->\n\n<!-- wp:paragraph -->\n<p><strong>Obs\u00e8ques en avril 2018<\/strong><br>Mme SOULARD Ginette,87 ans,Clerac<br>Mme GAUTIER Jeanne, 88 ans, Cercoux<br>Mme. TRIMOULET Simone, 91 ans, Bedenac<br>M. LARUE Eric, 46 ans, Polignac<br>M. BOUCHET James, 80 ans, St. Palais de Nac.<br>M. MOREAU Roger, 87 ans, Neuvicq<br>M. LESAULT Marcel, 79 ans, Montguyon<br>M. JOANNE Michel , 90 ans, Chevanceaux<br>Mme. CHAINTRIER Marie-France, 53 ans, Cercoux<br>Mme. DUBOIS Arlette, 94 ans, Montlieu La Garde<\/p>\n<!-- \/wp:paragraph -->\n\n<!-- wp:paragraph -->\n<p><strong>Obs\u00e8ques en mars 2018<\/strong><br>M.HEULET Didier, 64 ans, Cl\u00e9rac<br>Mme .LEGER Ir\u00e8ne, 91 ans, Cepniers<br>M. RICHON R\u00e9my,83 ans, Montlieu La Garde<br>Mme. JEFE MOREAU Simone, 95 ans, Cl\u00e9rac<br>M. JAGOU Jean-Claude, 76 ans, Chepniers<br>Mme. GINET Suzanne, 96 ans, Cercoux<br>M. LEGER Christian, 72 ans, Chepniers<br>Mme ROBIN Josette, 85 ans, Orignolles<br>M. MICHAUD Michel, 85 ans, Clerac<br>Mme. RAVON Marie-Louise, 94 ans, Chantillac<br>Mme. MORANDIERE Pierrette, 94 ans, Montlieu La Garde<br>A Chepniers, Pierrette Na\u00e7abal, 95 ans<br>A Cercoux, Gautier Jeanne , 88 ans<br>A Bedenac, Simone Trimoulet, 91 ans<\/p>\n<!-- \/wp:paragraph -->\n\n<!-- wp:paragraph -->\n<p><strong>Obs\u00e8ques en f\u00e9vrier 2018<\/strong><br>M. SEGUIN Michel, 62 ans, Chatenet<br>M. VILLENEUVE Yvon, 86 ans ,Chevanceaux<br>M. ROLLAND Pierre, 84 ans, Montlieu la Garde<br>Mme. BONNIN Suzanne, 94 ans, Chantillac<br>Mme. CUVILLIER Anne-Marie, 85 ans, Montguyon<br>Mme. DAVID Amanda, 96 ans, Chierzac-Bedenac<br>Mme. EGRON Henriette, 95 ans, Montguyon<br>Mme. De CHECCHI Emilia, 92 ans, Montlieu la Garde<br>M. LAMBERT Roger, 91 ans, Saint Palais de N\u00e9grignac<br>Mme Prisca REROLLE, 97 ans, Cercoux<br>M. Robert FETIVEAU, 97 ans, Cercoux<br>Mme Suzanne C0URET, 93 ans, Orignolles<\/p>\n<!-- \/wp:paragraph -->\n\n<!-- wp:paragraph -->\n<p><strong>Obs\u00e8ques en janvier 2018<\/strong><br>M. GARNIER Jacques, Rochefort\/Neuvicq<br>M. RENARD Andr\u00e9, 89 ans, Montguyon<br>Mme . FOUCHE Denise, 96 ans, Chantillac<br>M. FERRAROLI Guy, 49ans, Pouillac<br>Mme. RENAUD Denise, 96 ans, Montguyon<br>Mme. VAN DEN BERG Simone, 83 ans, Saint Palais de N\u00e9grignac<br>Mme. MARCHAIS-MARCEL Claudette, 86 ans, Montguyon<br>Mme. PHELIPPEAUD Georgette, 77 ans, Le Pin<br>Mme. LADEPECHE Ren\u00e9e, 99ans, Montguyon<br>M. ROBERT Albert, 79 ans, Neuvicq<br>Mme. GALLAIS Ginette, 89 ans, Cl\u00e9rac<\/p>\n<!-- \/wp:paragraph -->\n\n<!-- wp:paragraph -->\n<p><strong>Obs\u00e8ques en d\u00e9cembre 2017<\/strong><br>Mme TUFFREAU H\u00e9l\u00e8ne, 98 ans,\u00e0 M\u00e9rignac<br>Mme PELTIER Ghislaine, 69 ans, \u00e0 Chevanceaux<br>Mme LUTARD Ren\u00e9e, 98 ans, \u00e0 Cl\u00e9rac<br>Mme.DELUGIN Daneille, 68 ans, Chantillac<br>Mme VALLAEYS Alberte, 95 ans, \u00e0 Montguyon<br>Mme MARTIN Lydie, 76 ans, \u00e0 Montlieu La Garde<br>Mme PHELIPPEAUD Marthe, 96 ans,\u00e0 Le Pin<br>M. CANDATEN Gino, 94 ans, \u00e0 Montguyon<br>M.MORET Pierre, 82 ans, \u00e0 Montguyon<br>M. PERUFFO Albino, 92 ans, \u00e0 Chatenet<br>M.MIGNONNEAU Raymond, 87 ans, \u00e0 Cl\u00e9rac<\/p>\n<!-- \/wp:paragraph -->\n\n<!-- wp:paragraph -->\n<p><strong>Obs\u00e8ques en novembre 2017<\/strong><br>Mme CONSTANTIN Marie-Christine , 61 ans St. Palais de N\u00e9grignac<br>M. BRUNET Jacky, 61 ans \u00e0 Montguyon<br>M. NOININ Gim, 95 ans, \u00e0 St.Martin d\u2019Ary et Cl\u00e9rac<br>M. VERDON Roger, 86 ans, \u00e0 St. Pierre du Palais<br>Mme BRUN Simone, 79 ans, Orignolles<br>M. METAY Alain, 68 ans, St. Martin d\u2019Ary<\/p>\n<!-- \/wp:paragraph -->\n\n<!-- wp:paragraph -->\n<p><strong>Obs\u00e8ques en octobre 2017<\/strong><br>Mme. BERTEAU Lucette, 92 ans, \u00e0 Cercoux<br>Mme MOUCHE Olga, 88 ans \u00e0 St. Pierre du Palais<br>M. NATTER Charles, 89 ans, \u00e0 Chatenet<br>M. JOUANNEAU Jean-Marie,81 ans, \u00e0 Saint-Palais de N\u00e9grignac<br>M. PINTO Jean-Marie, 87 ans, \u00e0 Montlieu La Garde<br>Mme. CHEVALIER Denise, 92 ans, \u00e0 Chepniers<br>M. LAVANCIER Jacques,88 ans, \u00e0 Montlieu La Garde<br>Mme. PAQUEREAU Lucie, 102 ans, \u00e0 Montguyon<br>Mme. PUAUD Val\u00e9rie, 99 ans, \u00e0 M\u00e9rignac<br>Mme. ACHAT Paulette, 90 ans, \u00e0 Neuvicq<br>M. FORT Jo\u00ebl, 61 ans, \u00e0 Montguyon<br>Mme. DUBERNET Christiane, 93 ans, \u00e0 Cercoux<br>Mme. DUBRAUD Yvonne, 104 ans, \u00e0 Orignolles<\/p>\n<!-- \/wp:paragraph -->\n\n<!-- wp:paragraph -->\n<p><strong>Obs\u00e8ques en septembre 2017<\/strong><br>M. MOTARD Jean, 87 ans, \u00e0 Cercoux<br>Mme. BERTIN Annie, 68 ans, \u00e0 Montlieu La Garde<br>Mme. BERTRAND H\u00e9l\u00e8ne, 93 ans, \u00e0 Montlieu La Garde<br>Mme. DUPUY Pascale, 57 ans, \u00e0 Neuvicq<br>Mme. BOUCHE Lucette, 78 ans, \u00e0 Neuvicq<\/p>\n<!-- \/wp:paragraph -->\n\n<!-- wp:paragraph -->\n<p><strong>Obs\u00e8ques en ao\u00fbt 2017<\/strong><br>M. KAUFFMANN Jean-Roger, 94 ans, en l\u2019\u00e9glise de St. Pierre du Palais<br>Mme. ROULET Raymonde, 83 ans, \u00e0 Cl\u00e9rac<br>M. COUSSEAUD Paul, 93 ans, \u00e0 Chevanceaux<\/p>\n<!-- \/wp:paragraph -->\n\n<!-- wp:paragraph -->\n<p><strong>Obs\u00e8ques en Juillet 2017<\/strong><br>Mme. DUNIAUD Ginette, 88 ans, en l\u2019\u00e9glise de St. Palais de N\u00e9grignac<br>Mme. COURNAULT Marie,87 ans, en l\u2019\u00e9glise d\u2019 Orignolles<br>Mme GOUAS Claudette, 78 ans, en l\u2019\u00e9glise de Montlieu La Garde<br>M. LAINE Guy, 82 ans, en l\u2019\u00e9glise de Montlieu La Garde<br>M. FOUCHEREAU David, 43 ans, en l\u2019\u00e9glise de Pouillac \u2013 Bors de Baignes<br>Mme. LUCAS Marcelle , 89 ans, en l\u2019\u00e9glise de M\u00e9rignac<br>M. PARMENTIER Jacques, 72 ans, en l\u2019\u00e9glise de Chepniers<br>M. TREVISAN Jacques, 82 ans, en l\u2019\u00e9glise de Bors de Baignes<br>Mme . JOLIET Monique, 80 ans, en l\u2019\u00e9glise de Chepniers<br>Mme. PERRIER Jeanne, 93 ans, en l\u2019\u00e9glise de Chevanceaux<br>M. AUDOIN Armand , 91 ans, en l\u2019\u00e9glise de Cl\u00e9rac<br>Mme. BRODUT Georges, 84 ans, en l\u2019\u00e9glise de Cercoux<br>M. POMMIER Jacques , 90 ans, en l\u2019\u00e9glise de Chepniers<\/p>\n<!-- \/wp:paragraph -->\n\n<!-- wp:paragraph -->\n<p><strong>Obs\u00e8ques en juin 2017<\/strong><br>M Ang\u00e9lo Rossetto, 87 ans, de Sainte Colombe<br>Mme Ren\u00e9e Rodriguez, 84 ans, Cercoux<br>M Georges Vallaeys, 95 ans, Montguyon<\/p>\n<!-- \/wp:paragraph -->\n\n<!-- wp:paragraph -->\n<p><strong>Obs\u00e8ques en mai 2017<\/strong><br>M. MASERO en l\u2019\u00e9glise de Neuvicq<br>Mme DECASTRO Maria, 86 ans, en l\u2019\u00e9glise de Montlieu La Garde<br>M. LAVAURE Pascal, 57 ans, en l\u2019\u00e9glise de St. Palais de N\u00e9grignac<br>M. SEGUIN Jean-Pierre, 74 ans, en l\u2019\u00e9glise de Chevanceaux<br>Mme PASQUET Marie-Louise, 99 ans, en l\u2019\u00e9glise Cl\u00e9rac<br>M. BOUCHE Claude , 77 ans, en l\u2019\u00e9glise de Neuvicq<br>Mme. COUSSEAUD Micheline , 85 ans, en l\u2019\u00e9glise de Chevanceaux<\/p>\n<!-- \/wp:paragraph -->\n\n<!-- wp:paragraph -->\n<p><strong>Obs\u00e8ques en avril 2017<\/strong><br>M. BALESTRA Marcello , 85 ans, en l\u2019\u00e9glise de Cl\u00e9rac<br>M. PERCIRA-AGOSTINHO Adelino, 69 ans ,en l\u2019\u00e9glise de Bedenac<br>M.METREAU Guy, 86 ans, en l\u2019\u00e9glise de Montguyon<br>Mme GIRAUD Odette, 89 ans, en l\u2019\u00e9glise de Montguyon<br>M. GILLOT Philippe, 87 ans, en l\u2019\u00e9glise de St. Palais de N\u00e9grignac<br>M.PAYEN Roger, 85 ans, en l\u2019\u00e9glise de Chevanceaux<br>M. BARONNET Pierre-Serge, 83 ans, en l\u2019\u00e9glise de Montlieu La Garde<br>Mme TEXIER Pierrette, 88 ans, en l\u2019\u00e9glise de Chantillac (16)<br>Mme GOUGAY Ath\u00e9nais en l\u2019\u00e9glise de Chantillac<br>Mr. PAQUET Ren\u00e9, 80 ans, en l\u2019\u00e9glise de Chevanceaux<br>Mme. CASOL Edith , 81 ans, en l\u2019\u00e9glise de Montguyon<\/p>\n<!-- \/wp:paragraph -->\n\n<!-- wp:paragraph -->\n<p><strong>Obs\u00e8ques en mars 2017<\/strong><br>M.CAILLAUD Patrice, 67 ans, en l\u2019\u00e9glise d\u2019 Orignolles<br>Mme LANDREAU Madeleine, 96 ans, en l\u2019\u00e9glise de Chatenet<br>Mme AUDOUIN Yolande, 83 ans, en l\u2019\u00e9glise de Cl\u00e9rac<br>M.SEGUIN Guy, Jacques, 87 ans, en l\u2019\u00e9glise de Chatenet<br>Mme TUFFREAU Louise ,98 ans, \u00e0 Angoul\u00eame (16)<br>M.SILVESTRE Jean-Claude, 79 ans, en l\u2019\u00e9glise d\u2019Orignolles<br>Mme PICQ Colette, 86 ans, en l\u2019\u00e9glise de Montguyon<br>Mme ALVEZ DE SOUZA Andr\u00e9e, 96 ans, en l\u2019\u00e9glise de Neuvicq<br>Mme THIZON Pierrette, 90 ans, en l\u2019\u00e9glise de Chevanceaux<br>Mme ROCHE Yvonne, 98 ans, en l\u2019\u00e9glise d\u2019Orignolles<br>Mme CHAGNEAU Ginette, 90 ans, en l\u2019\u00e9glise de Cercoux<\/p>\n<!-- \/wp:paragraph -->\n\n<!-- wp:paragraph -->\n<p><strong>Obs\u00e8ques en f\u00e9vrier 2017<\/strong><br>M.VILFROY Christian , 67 ans, en l\u2019\u00e9glise de Neuvicq<br>M.LAURENT Maurice, 70 ans, en l\u2019\u00e9glise de Chantillac (16)<br>Mme VERDON Berthe, 93 ans, en l\u2019\u00e9glise de St.Pierre du Palais<br>MOREAU Germaine, 85 ans, en l\u2019\u00e9glise de Montguyon<br>GOY Jacques, 84 ans, en l\u2019\u00e9glise de Chevanceaux<br>AUDUREAU Solange, 92 ans, en l\u2019\u00e9glise de Pouillac<br>NUVET Denise, 80 ans, en l\u2019\u00e9glise de Montguyon<br>MOREAU Armel, 95 ans, en l\u2019\u00e9glise de Montguyon<\/p>\n<!-- \/wp:paragraph -->\n\n<!-- wp:paragraph -->\n<p><strong>Obs\u00e8ques en janvier 2017<\/strong><br>BRUNELIERE Andr\u00e9, 88 ans, en l\u2019\u00e9glise de Cl\u00e9rac<br>GUIMARD Yvon, 78 ans, en l\u2019\u00e9glise de Cercoux<br>PETIT Michel, 83 ans, en l\u2019\u00e9glise de Cl\u00e9rac<br>DAVIAS H\u00e9l\u00e8ne, 91 ans, en l\u2019\u00e9glise de Chevanceaux<br>STEFANUTO Daniel, 66 ans, en l\u2019\u00e9glise de Cercoux<br>TEXIER-PICCO Bernadette, 81 ans, en l\u2019\u00e9glise de Chevanceaux- Versailles<br>SOUC Abel, 88 ans, en l\u2019\u00e9glise de Cl\u00e9rac<br>BERNON Gis\u00e8le, 86 ans, en l\u2019\u00e9glise de Cl\u00e9rac<\/p>\n<!-- \/wp:paragraph -->\n\n<!-- wp:paragraph -->\n<p><strong>Obs\u00e8ques en D\u00e9cembre 2016<\/strong><br>Le 1er, FILLATREAU Marcelle, 67 ans, en l\u2019\u00e9glise de Cercoux<br>Le 7, BOUCHERIE Aline, 96ans, en l\u2019\u00e9glise de Montguyon<br>Le 8, GATINEAU Jacqueline, 82 ans, en l\u2019\u00e9glise de Cl\u00e9rac<br>Le 8, JONGES Marc, 85 ans, en l\u2019\u00e9glise de Montguyon<\/p>\n<!-- \/wp:paragraph -->\n\n<!-- wp:paragraph -->\n<p><strong>Obs\u00e8ques en novembre 2016<\/strong><br>Le 4, MARIE Josette, 83ans, en l\u2019\u00e9glise de Montlieu La Garde<br>Le 4, NOUET Robert, 93 ans, en l\u2019\u00e9glise de St. Pierre du Palais<br>Le 9, FONTANAUD Marie-Madeleine, 94 ans, en l\u2019\u00e9glise de Montguyon<br>Le 10, GABORIAUD Gilbert, 90 ans, en l\u2019\u00e9glise de Chepniers<br>Le 12, THIEFFRY Francine, 86 ans, en l\u2019\u00e9glise de Cercoux<br>Le 13 BOULET Roger, 92 ans, en l\u2019\u00e9glise de Montlieu La Garde<br>Le 15, BERNARD Mo\u00efse, 76 ans, en l\u2019\u00e9glise de Montguyon<br>Le 15 FILLON Simone, 92 ans, en l\u2019\u00e9glise de Chevanceaux<br>Le 16, BERTET-DESAGE Suzette, 89 ans, en l\u2019\u00e9glise de Cercoux<br>Le 18, CANDATEN Robert-Fran\u00e7ois, 88 ans, en l\u2019\u00e9glise de Montguyon<br>Le 19 PONTANA G\u00e9rard, 77 ans, en l\u2019\u00e9glise de Montlieu la Garde<br>Le 21, REAL Andr\u00e9e , 88 ans, en l\u2019\u00e9glise de Chierzac-Bedenac<br>Le 22, BERTAUD Suzanne, 88 ans, en l\u2019\u00e9glise de Chepners<br>Le 24, MAGUIS L\u00e9one , 92 ans, en l\u2019\u00e9glise de Montlieu La Garde<br>Le 26, LE BOUHELLEC V\u00e9ronique, 47 ans, en l\u2019\u00e9glise de Ch\u00e2tenet<br>Le 26, DANIAUD Ren\u00e9, 81 ans, en l\u2019\u00e9glise de Neuvicq<br>Le 29, MAURICE Simone, 96 ans, en l\u2019\u00e9glise de Saint-Palais-de-N\u00e9grignac<br>Le 29, MOREAU Didier, 58 ans, en l\u2019\u00e9glise de Neuvicq<br>Le 30, BARZOTTI Marthe, 98 ans, en l\u2019\u00e9glise de Cl\u00e9rac<\/p>\n<!-- \/wp:paragraph -->\n\n<!-- wp:paragraph -->\n<p><strong>Obs\u00e8ques en octobre 2016<\/strong><br>Le 21, LAVILLE Jean-Jacques, 55 ans, en l\u2019\u00e9glise de Montguyon<br>Le 21, POULELAIN Jacqueline, 86 ans, en l\u2019\u00e9glise de Cl\u00e9rac<br>Le 24, PERRIER Jean-Paul, 59 ans, en l\u2019\u00e9glise de Chevanceaux<br>Le 25, LABAYE Bernard, 56 ans, en l\u2019\u00e9glise de Montguyon<br>Le 31, BRUNET Albert, 90 ans, en l\u2019\u00e9glise de Montguyon<\/p>\n<!-- \/wp:paragraph -->","_et_gb_content_width":"","footnotes":""},"class_list":["post-4620","page","type-page","status-publish","hentry"],"_links":{"self":[{"href":"https:\/\/catholiques17.fr\/montlieu\/wp-json\/wp\/v2\/pages\/4620","targetHints":{"allow":["GET"]}}],"collection":[{"href":"https:\/\/catholiques17.fr\/montlieu\/wp-json\/wp\/v2\/pages"}],"about":[{"href":"https:\/\/catholiques17.fr\/montlieu\/wp-json\/wp\/v2\/types\/page"}],"author":[{"embeddable":true,"href":"https:\/\/catholiques17.fr\/montlieu\/wp-json\/wp\/v2\/users\/31"}],"replies":[{"embeddable":true,"href":"https:\/\/catholiques17.fr\/montlieu\/wp-json\/wp\/v2\/comments?post=4620"}],"version-history":[{"count":48,"href":"https:\/\/catholiques17.fr\/montlieu\/wp-json\/wp\/v2\/pages\/4620\/revisions"}],"predecessor-version":[{"id":7310,"href":"https:\/\/catholiques17.fr\/montlieu\/wp-json\/wp\/v2\/pages\/4620\/revisions\/7310"}],"up":[{"embeddable":true,"href":"https:\/\/catholiques17.fr\/montlieu\/wp-json\/wp\/v2\/pages\/5629"}],"wp:attachment":[{"href":"https:\/\/catholiques17.fr\/montlieu\/wp-json\/wp\/v2\/media?parent=4620"}],"curies":[{"name":"wp","href":"https:\/\/api.w.org\/{rel}","templated":true}]}}