{"id":4616,"date":"2021-03-25T12:04:43","date_gmt":"2021-03-25T11:04:43","guid":{"rendered":"https:\/\/catholiques17.fr\/montlieu\/?page_id=4616"},"modified":"2025-04-17T17:39:57","modified_gmt":"2025-04-17T15:39:57","slug":"les-baptemes-sur-notre-paroisse","status":"publish","type":"page","link":"https:\/\/catholiques17.fr\/montlieu\/evenements-sur-notre-paroisse\/les-baptemes-sur-notre-paroisse\/","title":{"rendered":"Les bapt\u00eames sur notre paroisse"},"content":{"rendered":"[et_pb_section fb_built=\u00a0\u00bb1&Prime; admin_label=\u00a0\u00bbsection\u00a0\u00bb _builder_version=\u00a0\u00bb4.16&Prime; custom_padding=\u00a0\u00bb19px|||||\u00a0\u00bb global_colors_info=\u00a0\u00bb{}\u00a0\u00bb theme_builder_area=\u00a0\u00bbpost_content\u00a0\u00bb][et_pb_row _builder_version=\u00a0\u00bb4.17.6&Prime; _module_preset=\u00a0\u00bbdefault\u00a0\u00bb custom_padding=\u00a0\u00bb11px|||||\u00a0\u00bb global_colors_info=\u00a0\u00bb{}\u00a0\u00bb theme_builder_area=\u00a0\u00bbpost_content\u00a0\u00bb][et_pb_column type=\u00a0\u00bb4_4&Prime; _builder_version=\u00a0\u00bb4.17.6&Prime; _module_preset=\u00a0\u00bbdefault\u00a0\u00bb global_colors_info=\u00a0\u00bb{}\u00a0\u00bb theme_builder_area=\u00a0\u00bbpost_content\u00a0\u00bb][et_pb_image src=\u00a0\u00bbhttps:\/\/catholiques17.fr\/montlieu\/wp-content\/uploads\/sites\/22\/2023\/03\/Bapteme.jpeg\u00a0\u00bb title_text=\u00a0\u00bbBapteme\u00a0\u00bb align=\u00a0\u00bbcenter\u00a0\u00bb _builder_version=\u00a0\u00bb4.17.6&Prime; _module_preset=\u00a0\u00bbdefault\u00a0\u00bb border_radii=\u00a0\u00bbon|20px|20px|20px|20px\u00a0\u00bb global_colors_info=\u00a0\u00bb{}\u00a0\u00bb theme_builder_area=\u00a0\u00bbpost_content\u00a0\u00bb][\/et_pb_image][\/et_pb_column][\/et_pb_row][et_pb_row admin_label=\u00a0\u00bbrow\u00a0\u00bb _builder_version=\u00a0\u00bb4.16&Prime; global_colors_info=\u00a0\u00bb{}\u00a0\u00bb theme_builder_area=\u00a0\u00bbpost_content\u00a0\u00bb][et_pb_column type=\u00a0\u00bb4_4&Prime; _builder_version=\u00a0\u00bb4.16&Prime; custom_padding=\u00a0\u00bb|||\u00a0\u00bb global_colors_info=\u00a0\u00bb{}\u00a0\u00bb custom_padding__hover=\u00a0\u00bb|||\u00a0\u00bb theme_builder_area=\u00a0\u00bbpost_content\u00a0\u00bb][et_pb_text admin_label=\u00a0\u00bbText\u00a0\u00bb _builder_version=\u00a0\u00bb4.27.4&Prime; background_size=\u00a0\u00bbinitial\u00a0\u00bb background_position=\u00a0\u00bbtop_left\u00a0\u00bb background_repeat=\u00a0\u00bbrepeat\u00a0\u00bb hover_enabled=\u00a0\u00bb0&Prime; global_colors_info=\u00a0\u00bb{}\u00a0\u00bb theme_builder_area=\u00a0\u00bbpost_content\u00a0\u00bb sticky_enabled=\u00a0\u00bb0&Prime;]<p><span style=\"text-decoration: underline\"><strong>Bapt\u00eame novembre 2024<br \/><\/strong><\/span>09 novembre\u00a0 \u00a0 \u00a0 \u00a0Martin, Mano\u00e9, Fernand VERDIER\u00a0 \u00a0 \u00a0 \u00a0 \u00a0 \u00a0 \u00a0 \u00a0 \u00a0 \u00a0 \u00a0 \u00a0 Pouillac<br \/>23 novembre\u00a0 \u00a0 \u00a0 \u00a0 Amaya, Corinne, Marie C\u00e9line TESSIER\u00a0 \u00a0 \u00a0 \u00a0 \u00a0 \u00a0 \u00a0 Pouillac<span style=\"text-decoration: underline\"><br \/><\/span><\/p>\n<p><span style=\"text-decoration: underline\"><strong>Bapt\u00eame octobre 2024<br \/><\/strong><\/span>20 octobre\u00a0 \u00a0 \u00a0 \u00a0 \u00a0 \u00a0 \u00a0 \u00a0 \u00a0 \u00a0 \u00a0 \u00a0 \u00a0 Mathias JO\u00cbTS LABADIE\u00a0 \u00a0 \u00a0 \u00a0 \u00a0 \u00a0 \u00a0 \u00a0 \u00a0 \u00a0 \u00a0 \u00a0 \u00a0 \u00a0Montlieu la Garde<strong><\/strong><span style=\"text-decoration: underline\"><strong><br \/><\/strong><\/span><\/p>\n<p><span style=\"text-decoration: underline\"><strong>Bapt\u00eame septembre 2024<\/strong><\/span><br \/>15 septembre\u00a0 \u00a0 \u00a0 \u00a0 \u00a0 \u00a0 \u00a0 \u00a0 \u00a0 \u00a0 \u00a0N\u00e9lann, Jonathan, Ryan DARDY\u00a0 \u00a0 \u00a0 \u00a0 \u00a0 \u00a0 \u00a0Montlieu la Garde<br \/>21 septembre\u00a0 \u00a0 \u00a0 \u00a0 \u00a0 \u00a0 \u00a0 \u00a0 \u00a0 \u00a0 \u00a0Elena, Diane, Marie PITON\u00a0 \u00a0 \u00a0 \u00a0 \u00a0 \u00a0 \u00a0 \u00a0 \u00a0 \u00a0 \u00a0 Cl\u00e9rac<br \/>28 septembre\u00a0 \u00a0 \u00a0 \u00a0 \u00a0 \u00a0 \u00a0 \u00a0 \u00a0 \u00a0 \u00a0L\u00e9andra BOMMARD\u00a0 \u00a0 \u00a0 \u00a0 \u00a0 \u00a0 \u00a0 \u00a0 \u00a0 \u00a0 \u00a0 \u00a0 \u00a0 \u00a0 \u00a0 \u00a0 \u00a0St Palais de N\u00e9grignac<\/p>\n<p><em><strong><u>Bapt\u00eames en ao\u00fbt 2024<br \/><\/u><\/strong><\/em>11 ao\u00fbt\u00a0\u00a0\u00a0\u00a0\u00a0\u00a0\u00a0\u00a0\u00a0\u00a0\u00a0\u00a0\u00a0\u00a0\u00a0\u00a0\u00a0\u00a0\u00a0\u00a0\u00a0\u00a0\u00a0\u00a0\u00a0\u00a0\u00a0\u00a0\u00a0\u00a0\u00a0 Mylhan AMOREAU\u00a0 \u00a0 \u00a0 \u00a0 \u00a0 \u00a0 \u00a0 \u00a0 \u00a0 \u00a0 \u00a0 \u00a0 \u00a0 \u00a0 \u00a0 \u00a0 \u00a0 \u00a0 \u00a0Montlieu la Garde<br \/>18 ao\u00fbt\u00a0\u00a0\u00a0\u00a0\u00a0\u00a0\u00a0\u00a0\u00a0\u00a0\u00a0\u00a0\u00a0\u00a0\u00a0\u00a0\u00a0\u00a0\u00a0\u00a0\u00a0\u00a0\u00a0\u00a0\u00a0\u00a0\u00a0\u00a0\u00a0\u00a0\u00a0 Jules ARCHAT\u00a0 \u00a0 \u00a0 \u00a0 \u00a0 \u00a0 \u00a0 \u00a0 \u00a0 \u00a0 \u00a0 \u00a0 \u00a0 \u00a0 \u00a0 \u00a0 \u00a0 \u00a0 \u00a0 \u00a0 \u00a0 \u00a0 \u00a0 \u00a0Montlieu la Garde<br \/><em>25 ao\u00fbt\u00a0\u00a0\u00a0\u00a0\u00a0\u00a0\u00a0\u00a0\u00a0\u00a0\u00a0\u00a0\u00a0\u00a0\u00a0\u00a0\u00a0\u00a0\u00a0\u00a0\u00a0\u00a0\u00a0\u00a0\u00a0\u00a0\u00a0\u00a0\u00a0\u00a0\u00a0 Gabriel GUILLET\u00a0 \u00a0 \u00a0 \u00a0 \u00a0 \u00a0 \u00a0 \u00a0 \u00a0 \u00a0 \u00a0 \u00a0 \u00a0 \u00a0 \u00a0 \u00a0 \u00a0 \u00a0 \u00a0 \u00a0 \u00a0 \u00a0 Neuvicq<br \/><\/em><em><\/em><\/p>\n<p><em><strong><u>Bapt\u00eames en juillet 2024<br \/><\/u><\/strong><\/em>13 juillet\u00a0\u00a0\u00a0\u00a0\u00a0\u00a0\u00a0\u00a0\u00a0\u00a0\u00a0\u00a0\u00a0\u00a0\u00a0\u00a0\u00a0\u00a0\u00a0\u00a0\u00a0\u00a0\u00a0\u00a0\u00a0\u00a0\u00a0\u00a0\u00a0 Kaylee BUGEAT\u00a0 \u00a0 \u00a0 \u00a0 \u00a0 \u00a0 \u00a0 \u00a0 \u00a0 \u00a0 \u00a0 \u00a0 \u00a0 \u00a0 \u00a0 \u00a0 \u00a0 \u00a0 \u00a0 \u00a0 \u00a0 \u00a0 Cl\u00e9rac<br \/><em>28 juillet\u00a0\u00a0\u00a0\u00a0\u00a0\u00a0\u00a0\u00a0\u00a0\u00a0\u00a0\u00a0\u00a0\u00a0\u00a0\u00a0\u00a0\u00a0\u00a0\u00a0\u00a0\u00a0\u00a0\u00a0\u00a0\u00a0\u00a0\u00a0\u00a0 Malicia COUDRE\u00a0 \u00a0 \u00a0 \u00a0 \u00a0 \u00a0 \u00a0 \u00a0 \u00a0 \u00a0 \u00a0 \u00a0 \u00a0 \u00a0 \u00a0 \u00a0 \u00a0 \u00a0 \u00a0 \u00a0 \u00a0 \u00a0 \u00a0Montguyon<br \/><\/em><\/p>\n<p><em><strong><u>Bapt\u00eames en juin 2024<br \/><\/u><\/strong><\/em>02 juin\u00a0\u00a0\u00a0\u00a0\u00a0\u00a0\u00a0\u00a0\u00a0\u00a0\u00a0\u00a0\u00a0\u00a0\u00a0\u00a0\u00a0\u00a0\u00a0\u00a0\u00a0\u00a0\u00a0\u00a0\u00a0\u00a0\u00a0\u00a0\u00a0\u00a0\u00a0\u00a0\u00a0 Louna, Agathe, Alice MONTIGNY\u00a0\u00a0\u00a0\u00a0\u00a0\u00a0\u00a0\u00a0\u00a0\u00a0\u00a0\u00a0\u00a0 Cl\u00e9rac<br \/>02 juin\u00a0\u00a0\u00a0\u00a0\u00a0\u00a0\u00a0\u00a0\u00a0\u00a0\u00a0\u00a0\u00a0\u00a0\u00a0\u00a0\u00a0\u00a0\u00a0\u00a0\u00a0\u00a0\u00a0\u00a0\u00a0\u00a0\u00a0\u00a0\u00a0\u00a0\u00a0\u00a0\u00a0 Owen, Nolan, Samuel MONTIGNY\u00a0\u00a0\u00a0\u00a0\u00a0\u00a0\u00a0\u00a0\u00a0\u00a0\u00a0 Cl\u00e9rac<br \/>09 juin\u00a0\u00a0\u00a0\u00a0\u00a0\u00a0\u00a0\u00a0\u00a0\u00a0\u00a0\u00a0\u00a0\u00a0\u00a0\u00a0\u00a0\u00a0\u00a0\u00a0\u00a0\u00a0\u00a0\u00a0\u00a0\u00a0\u00a0\u00a0\u00a0\u00a0\u00a0\u00a0\u00a0 Eva, Danielle, Aur\u00e9lie ROULET\u00a0\u00a0\u00a0\u00a0\u00a0\u00a0\u00a0\u00a0\u00a0\u00a0\u00a0\u00a0\u00a0\u00a0\u00a0\u00a0\u00a0\u00a0\u00a0 Orignolles<br \/>09 juin\u00a0\u00a0\u00a0\u00a0\u00a0\u00a0\u00a0\u00a0\u00a0\u00a0\u00a0\u00a0\u00a0\u00a0\u00a0\u00a0\u00a0\u00a0\u00a0\u00a0\u00a0\u00a0\u00a0\u00a0\u00a0\u00a0\u00a0\u00a0\u00a0\u00a0\u00a0\u00a0\u00a0 Elya MACOUILLARD\u00a0\u00a0\u00a0\u00a0\u00a0\u00a0\u00a0\u00a0\u00a0\u00a0\u00a0\u00a0\u00a0\u00a0\u00a0\u00a0\u00a0\u00a0\u00a0\u00a0\u00a0\u00a0\u00a0\u00a0\u00a0\u00a0\u00a0\u00a0\u00a0\u00a0\u00a0\u00a0\u00a0\u00a0\u00a0\u00a0\u00a0\u00a0 Montguyon<br \/><em>22 juin\u00a0\u00a0\u00a0\u00a0\u00a0\u00a0\u00a0\u00a0\u00a0\u00a0\u00a0\u00a0\u00a0\u00a0\u00a0\u00a0\u00a0\u00a0\u00a0\u00a0\u00a0\u00a0\u00a0\u00a0\u00a0\u00a0\u00a0\u00a0\u00a0\u00a0\u00a0\u00a0\u00a0 Celestina RENAUD\u00a0\u00a0\u00a0\u00a0\u00a0\u00a0\u00a0\u00a0\u00a0\u00a0\u00a0\u00a0\u00a0\u00a0\u00a0\u00a0\u00a0\u00a0\u00a0\u00a0\u00a0\u00a0\u00a0\u00a0\u00a0\u00a0\u00a0\u00a0\u00a0\u00a0\u00a0\u00a0\u00a0\u00a0\u00a0\u00a0\u00a0\u00a0\u00a0\u00a0\u00a0 Orignolles<br \/><\/em><\/p>\n<p><em><strong><u>Bapt\u00eames 1er semestre 2024<br \/><\/u><\/strong><\/em>Manon BIENDINE et Andrea DUMET \u00e0 la veill\u00e9e pascale<br \/>Lilou Christine DAVID le jour de P\u00e2ques<br \/>22 mars 2024 Mme Lucile ROLLAND 93 ans Montlieu la Garde<br \/>25 mars Mme Sylvie LAURENT 63 ans Cercoux<br \/>25 mars Mme Delma BESSE 82 ans Saint Pierre du Palais<br \/>26 mars M Robert PINAUD 101 ans Montguyon<br \/>15 avril Mme Eliane NICOU M\u00e9rignac<br \/>15 avril M Alain FEZANCIEUX 68 ans Chevanceaux<br \/>16 avril M Jo\u00ebl HERVE 68 ans Cl\u00e9rac<br \/>22 avril Mme Mich\u00e8le NEVEU 91 ans Cl\u00e9rac<br \/>30 avril Mme Paulette BUREAU 93 ans Cl\u00e9rac<br \/>06 mai Mme Marie Th\u00e9r\u00e8se BEURIOT 89 ans Chepniers<br \/>10 mai M Patrice FABIEN 71 ans Montlieu la Garde<br \/>10 mai Mme Lucienne SANCHEZ 96 ans Cercoux<br \/>23 mai M Erick ACHAT 73 ans Neuvicq<br \/>23 mai Mme Corinne LIGNEY 65 ans Saint Palais de N\u00e9grignac<br \/>24 mai Mme Germaine WEISS 67 ans Saint Pierre du Palais<br \/>31 mai Mme Pierrette TARDY 78 ans Chevanceaux<\/p>\n<p><em><strong><u>Bapt\u00eames en d\u00e9cembre 2023<\/u><\/strong><\/em><br \/>16 d\u00e9cembre\u00a0\u00a0\u00a0\u00a0 Ha\u00efly Marie BONNAC\u00a0\u00a0\u00a0\u00a0\u00a0\u00a0\u00a0\u00a0\u00a0\u00a0\u00a0\u00a0\u00a0\u00a0\u00a0\u00a0\u00a0\u00a0\u00a0\u00a0 Montlieu la Garde<\/p>\n<p><em><strong><u>Bapt\u00eames en septembre 2023<\/u><\/strong><\/em><br \/>02 septembre\u00a0\u00a0\u00a0\u00a0\u00a0\u00a0\u00a0\u00a0\u00a0 Martin CORNEAU\u00a0\u00a0\u00a0\u00a0\u00a0\u00a0\u00a0\u00a0\u00a0\u00a0\u00a0\u00a0\u00a0\u00a0 \u00a0\u00a0\u00a0\u00a0\u00a0\u00a0\u00a0\u00a0\u00a0\u00a0\u00a0 Chevanceaux<br \/>03 septembre\u00a0\u00a0\u00a0\u00a0\u00a0\u00a0\u00a0\u00a0\u00a0 Ad\u00e8le MOROTE\u00a0\u00a0\u00a0\u00a0\u00a0\u00a0\u00a0\u00a0\u00a0\u00a0\u00a0\u00a0\u00a0\u00a0\u00a0\u00a0\u00a0\u00a0\u00a0\u00a0\u00a0\u00a0\u00a0\u00a0\u00a0\u00a0\u00a0\u00a0\u00a0 Montlieu la Garde<br \/>09 septembre\u00a0\u00a0\u00a0\u00a0\u00a0\u00a0\u00a0\u00a0\u00a0 Aubin DUTOURNIER\u00a0\u00a0\u00a0\u00a0\u00a0\u00a0\u00a0\u00a0\u00a0\u00a0\u00a0\u00a0\u00a0\u00a0\u00a0\u00a0\u00a0\u00a0\u00a0\u00a0\u00a0 Chevanceaux<br \/>10 septembre\u00a0\u00a0\u00a0\u00a0\u00a0\u00a0\u00a0\u00a0\u00a0 N\u00e9lya MERIAUX\u00a0\u00a0\u00a0\u00a0\u00a0\u00a0\u00a0\u00a0\u00a0\u00a0\u00a0\u00a0\u00a0\u00a0\u00a0\u00a0\u00a0\u00a0\u00a0\u00a0\u00a0\u00a0\u00a0\u00a0\u00a0\u00a0\u00a0\u00a0 Montlieu la Garde<\/p>\n<p><em><strong><u>Bapt\u00eames en ao\u00fbt 2023<br \/><\/u><\/strong><\/em>05 ao\u00fbt\u00a0: Pablo TESSIER, \u00e0 Montlieu la Garde (Pouillac)<br \/>13 ao\u00fbt\u00a0: Castille TAILLARD, \u00e0 Montlieu la Garde (Chevanceaux)<br \/>19 ao\u00fbt : Pablo LARRUE, \u00e0 Gu\u00eetres (Cercoux)<\/p>\n<p><strong><u><em>Bapt\u00eames en juillet 2023<br \/><\/em><\/u><\/strong>02 juillet\u00a0: Lyloo Nathalie VIARD CORRE, \u00e0 Montlieu la Garde<br \/>15 juillet\u00a0: Nathan BOSSUET, \u00e0 Montguyon<br \/>15 juillet\u00a0: Simon BOSSUET, \u00e0 Montguyon<br \/>16 juillet\u00a0: Santino Pierre OBERSON, \u00e0 Montlieu la Garde<\/p>\n<p><strong><u><em>Bapt\u00eames en juin 2023<\/em><br \/><\/u><\/strong>04 juin\u00a0: Mia-Valentina PEREZ, \u00e0 Montlieu la Garde (Cl\u00e9rac)<br \/>25 juin\u00a0: Axel ARNAUD-POIVERT, \u00e0 Montlieu la Garde<\/p>\n<p><em><strong><u>Bapt\u00eames en mai 2023<br \/><\/u><\/strong><\/em>21 mai\u00a0: Ambre MAINVIELLE<br \/>27 mai\u00a0: Andr\u00e9a ALACCHI<br \/>27 mai\u00a0: L\u00e9o GARCIA<br \/>28 mai\u00a0: Louise POUPELAIN<br \/>28 mai\u00a0: Enea BERTHELOT<\/p>\n<p><em><strong><u>Bapt\u00eames en avril 2023<br \/><\/u><\/strong><\/em>09 avril\u00a0: Anatole GLEMET<br \/>21 avril\u00a0: K\u00e9wan BOURCIER<br \/>29 avril\u00a0: Lina CLERBOUT<br \/>29 avril\u00a0: Le\u00efya FOUCHE<\/p>\n<p><strong><em><u>Bapt\u00eames en mars 2023<br \/><\/u><\/em><\/strong>12 Mars : Lyvio et L\u00e9andro HEMERY DELGADO SARAIVA, Montlieu La Garde<br \/>26 Mars : Simon BOUCHET, Montlieu La Garde<strong><em><u><br \/><\/u><\/em><\/strong><\/p>\n<p><strong><em><strong><u><em>Bapt\u00eames en d\u00e9cembre 2022<\/em><\/u><\/strong><\/em><\/strong><br \/>Le 18 d\u00e9cembre : Elyna HERIAUD, \u00e0 Montlieu La Garde<\/p>\n<p><\/p>\n<p><strong><em><strong><u><em>Bapt\u00eames en octobre 2022<\/em><\/u><\/strong><\/em><\/strong><br \/>Le 29 Octobre\u00a0: Nino FAMEY, \u00e0 Cl\u00e9rac<br \/>Le 29 Octobre\u00a0: Elias et Ma\u00ebl BORDELAIS, \u00e0 Cl\u00e9rac<\/p>\n<p><\/p>\n<p><strong><u><em>Bapt\u00eames en septembre 2022<\/em><\/u><\/strong><br \/>Le 03 septembre : Th\u00e9o ARSICAUD-MARLOT, \u00e0 MONTGUYON,<br \/>Et le m\u00eame jour Hugo et Julia PANGAULT, \u00e0 Montlieu la Garde<br \/>Le 04 septembre : Gabriel et Sofia DUPUY, \u00e0 Cercoux<br \/>Le 10 septembre : Margaux AUDOIN et Herv\u00e9 ARDOUIN-JOSEPH, \u00e0 Montlieu la Garde<br \/>Le 17 septembre : Malo POUVY-GAZDA, \u00e0 NEUVICQ<\/p>\n<p><\/p>\n<p><strong><u><em>Bapt\u00eames en ao\u00fbt 2022<\/em><\/u><\/strong><br \/>Le 06 ao\u00fbt : \u00e0 Montlieu la Garde, Kellya Manon MASSE<br \/>Le 07 ao\u00fbt : Enzo ARNAUD et Imaya DELAUTRE, \u00e0 Montlieu la Garde,<br \/>Le 13 ao\u00fbt : Louis DAVI, \u00e0 CHEPNIERS<br \/>Le 27 ao\u00fbt : Baptiste NAUD, \u00e0 NEUVICQ,<\/p>\n<p><\/p>\n<p><strong><u><em>Bapt\u00eames en Juillet 2022<\/em><\/u><\/strong><br \/>Le 02 juillet \u00e0 CHEPNIERS, Adonis GARROT<br \/>Le 09 juillet \u00e0 ORIGNOLLES, Mia WAGENER<br \/>Le 16 juillet \u00e0 CHEVANCEAUX, Ana\u00efs BOYER et \u00e0 CERCOUX, Tym\u00e9o DURET<br \/>Le 31 juillet \u00e0 Montlieu la Garde, Jessy LANDART<\/p>\n<p><\/p>\n<p><strong><u><em>Bapt\u00eames en Juin 2022<\/em><\/u><\/strong><br \/>5 Juin\u00a0: Rafa\u00eal OLIVIER<br \/>11 Juin\u00a0: Aaron PERONNEAU<br \/>12 Juin\u00a0: Emma ROBALO<br \/>18 Juin\u00a0: Martin RICARD<br \/>19 Juin\u00a0: Pierre FAURIE<br \/>26 Juin\u00a0: Math\u00e9o LAFRAIE<\/p>\n<p><\/p>\n<p><strong><u><em>Bapt\u00eames en Mai 2022<\/em><\/u><\/strong><br \/>1er Mai : Nora BLONDEL<br \/>7 Mai\u00a0: Shanna SA ROGRON<br \/>8 Mai\u00a0: Capucine DUPART<br \/>15 Mai\u00a0: Johan MEURICE<br \/>28 Mai\u00a0: Alice TARIN<\/p>\n<p><\/p>\n<p><strong><u><em>Bapt\u00eames en avri 202<\/em><\/u><\/strong>2<br \/>24 avril\u00a0: No\u00e9mie JULLIEN, Montlieu La Garde<\/p>\n<p><\/p>\n<p><strong><u><em>Bapt\u00eames en mars 202<\/em><\/u><\/strong>2<br \/>20 mars : Jade BARBIN, Montlieu La Garde<\/p>\n<p><\/p>\n<p> <strong><u><em>Bapt\u00eames en D\u00e9cembre 2021<\/em><\/u><\/strong><br \/>19 D\u00e9cembre\u00a0: Katelyne LOUASSIER<\/p>\n<p><\/p>\n<p><strong><em><u>Bapt\u00eames en AO\u00dbt 2021<\/u><\/em><\/strong><br \/>1er Ao\u00fbt : Ma\u00eal CORS-DUTOUR, Montlieu La Garde<br \/>1er Ao\u00fbt : Gabriel ARCHAT, Montlieu La Garde<br \/>7 Ao\u00fbt : Eden GUILLOIS, Cl\u00e9rac<br \/>8 Ao\u00fbt : Clary CHEVREUL, Montlieu La Garde<br \/>8 Ao\u00fbt : Marie DAVID, Montlieu La Garde<br \/>8 Ao\u00fbt : Gabriel CARROT, Montlieu La Garde<br \/>14 Ao\u00fbt : Lucio BARROS, et Rosa BARROS, Chierzac<br \/>15 Ao\u00fbt: Jade MIQUEL, Montlieu La Garde<br \/>22 Ao\u00fbt : Tyzio HUILIER, Montlieu La Garde<br \/>22 Ao\u00fbt : Aaron SCHAEFER, Montlieu La Garde<\/p>\n<p><\/p>\n<p><strong><em><u>Bapt\u00eames en JUILLET 2021<\/u><\/em><\/strong><br \/>4 Juillet : Liam MATTIO, Montlieu La Garde<br \/>4 Juillet : Lenny CRUZ, Montlieu La Garde<br \/>10 Juillet : Inaya BIZET, Orignolles<br \/>18 Juillet : Evy DUTOUR, Montlieu La Garde<br \/>18 Juillet : Prescilia TREMBLIER et Laura TREMBLIER, Montlieu La Garde<\/p>\n<p><\/p>\n<p><strong><em><u>Bapt\u00eames en JUIN 2021<\/u><\/em><\/strong><br \/><em>5 Juin\u00a0: L\u00e9na PELETTE, Sainte Colombe<\/em><br \/><em>5 Juin\u00a0: L\u00e9na ROLLAND, Chevanceaux<\/em><br \/><em>6 Juin\u00a0: Constance TETOIN, Montlieu La Garde<\/em><br \/><em>12 Juin\u00a0: Tayron VIBEY-RICHAMP, Cl\u00e9rac<\/em><br \/><em>13 Juin\u00a0: Thiago PEREZ, Montlieu La Garde<\/em><br \/><em>19 Juin\u00a0: Cl\u00e9ment OVIDE, Chevanceaux<\/em><br \/><em>20 Juin\u00a0: Rachel GIRARD, Montlieu La Garde<\/em><\/p>\n<p><\/p>\n<p><strong><em><u>Bapt\u00eames en\u00a0 MAI 2021<\/u><\/em><\/strong><br \/><em>9 Mai\u00a0: L\u00e9ane HOAREAU, Montlieu La Garde<\/em><br \/><em>23 Mai\u00a0: Joseph RENAUDIE, Montlieu La Garde<\/em><\/p>\n<p><\/p>\n<p><strong>Bapt\u00eame en avril 2021<\/strong><br \/><em>4 Avril\u00a0: Lyliana BEGUIN, Montlieu La Garde<\/em><\/p>\n<p><\/p>\n<p><strong>Bapt\u00eames en D\u00e9cembre 2020<\/strong><br \/><em>Le 24 d\u00e9cembre\u00a0: Lindsay ESTAY, Montlieu la Garde<\/em><\/p>\n<p><\/p>\n<p><strong>Bapt\u00eame en octobre 2020<\/strong><br \/>Le 4 Octobre\u00a0: Camille BLONDEL, Montlieu La Garde<\/p>\n<p><\/p>\n<p><strong>Bapt\u00eame en septembre 2020<\/strong><br \/>Le 20 Septembre\u00a0: L\u00e9a VIOLET, Montlieu La Garde<\/p>\n<p><\/p>\n<p><strong>Bapt\u00eames en ao\u00fbt 2020<\/strong><br \/>Le 1\u00b0 ao\u00fbt\u00a0:Jade LEBOUCQ, Saint Pierre du Palais<br \/>Le 1\u00b0 ao\u00fbt\u00a0: Sofia GUICHARD, Chevanceaux<br \/>Le 15 ao\u00fbt\u00a0: Ethan BOSQUET DIEU, Montlieu la G.<br \/>Le 22 ao\u00fbt\u00a0: Dilou HERREYRE, Montlieu la Garde<br \/>Le 22 ao\u00fbt\u00a0: Mathis PASQUET, Cercoux<br \/>Le 23 ao\u00fbt\u00a0: Joris LANDARD, Montlieu la Garde<br \/>Le 29 ao\u00fbt\u00a0: Malo DUTOURNIER, Chevanceaux<\/p>\n<p><\/p>\n<p><strong>Bapt\u00eames en Juillet 2020<\/strong><br \/>Le 13\u00a0: Lucien LAM, Chevanceaux<br \/>Le 25\u00a0: Ana\u00ebe LURMIN, M\u00e9rignac<br \/>Le 26\u00a0: L\u00e9na LIONARD, Montlieu la Garde<\/p>\n<p><\/p>\n<p><strong>Bapt\u00eames en septembre \u2013 octobre 2019<\/strong><br \/>Le 13\u00a0: Zelia NIKAM-PERPIGNAN \u2013Chepniers<br \/>Le 12\u00a0: Matteo DEPRAETE \u2013 Cercoux<br \/>Le 12\u00a0: Thiago DEPRAETE \u2013 Cercoux<br \/>Le 22\u00a0: Hugo FERRAROLI \u2013 Pouillac<\/p>\n<p><\/p>\n<p><strong>Bapt\u00eames en ao\u00fbt 2019<\/strong><br \/>Le 03 Ethan PERONNEAU Chevanceaux<br \/>Le 10 Djoulia VERDON Cl\u00e9rac<br \/>Le 11 Sacha BERNARD Saint Martin d\u2019Ary<br \/>Le 11 Thao JEAN Chepniers<br \/>Le 11 L\u00e9a JEAN Chepniers<br \/>Le 18 Axel BUAUD Neuvicq<br \/>Le 24 C\u00e9lestin MARTINAUD Chantillac<br \/>Le 24 Lymondzo CASTELAIN MOREAU Cercoux<br \/>Le 25 Lylou CLOCHET Orignolles<br \/>Le 25 Gladys SEBILLAUD St Palais de N\u00e9grignac<br \/>Le 31 Louane MONTANE Cercoux<br \/>Le 31 Alice FERCHAUD Cercoux<br \/>Le 31 Th\u00e9a MAINVIELLE Cl\u00e9rac<br \/>Le 31 Emy MAINVIELLE Cl\u00e9rac<\/p>\n<p><\/p>\n<p><strong>Bapt\u00eames en juillet 2019<\/strong><br \/>Le 07 Charlotte AUDOUIN Cl\u00e9rac<br \/>Le 20 Na\u00ebl OURTEAU CHATENET B\u00e9denac<br \/>Le 28 Elliot FAURIE Cl\u00e9rac<br \/>Le 28 Lucas EYRAUT Montlieu la Garde<br \/>Le 28 Charlize EYRAUT Montlieu la Garde<\/p>\n<p><\/p>\n<p><strong>Bapt\u00eames en juin 2019<\/strong><br \/>Le 1\u00b0- Louis Courilleau, Chepniers<br \/>Le 2- Prune Pajot, Montlieu la Garde<br \/>Le 8- Ma\u00eblys Thonnat, Cl\u00e9rac<br \/>Le 16- Thomas Gu\u00e9rinet-D\u00e9cluseau, Montlieu la Garde<br \/>Le 29- Lo\u00efs Berth\u00e9, B\u00e9denac<br \/>Le 30- Manon Deveau, Orignolles<\/p>\n<p><\/p>\n<p><strong>Bapt\u00eames en mai 2019<\/strong><br \/>Le 04 \u2013 Gabin Martineau, Orignolles<br \/>Le 11- Jade Ferreira, Chevanceaux<br \/>Le 12- Louis T\u00e9toin, Orignolles<br \/>Le 18- Tom Andrieux, Chepniers<br \/>Le 18- Lola Andrieux, Chepniers<br \/>Le 25- C\u00e9leste L\u00e9ger, Cercoux<br \/>Le 26- Alex Joseph-Lurmin, Neuvicq<br \/>Le 26- Tim\u00e9o Gagn\u00e9, Chevanceaux<br \/>Le 26- A\u00ebleen Dupuy, Cercoux<\/p>\n<p><\/p>\n<p><strong>Bapt\u00eames en Avril 2019<\/strong><br \/>Le 20 \u2013 NAUDIN Eug\u00e9nie \u00e0 Cl\u00e9rac<br \/>Le 21- MOINARD ROULET Malaysia<br \/>Le 21 DURAND Lorenzo \u00e0 Montlieu la Garde<br \/>Le 21- SCHAEFER Alexia \u00e0 Montlieu la Garde<\/p>\n<p><\/p>\n<p><strong>Bapt\u00eames en mars 2019<\/strong><br \/>Le 9 \u2013OLIVIER Karla \u00e0 Cl\u00e9rac<\/p>\n<p><\/p>\n<p><strong>Bapt\u00eames en janvier 2019<\/strong><br \/>le 20 \u2013LOUASSIER Ethan \u00e0 Montlieu La Garde<\/p>\n<p><\/p>\n<p>Bapt\u00eames en d\u00e9cembre 2018<br \/>le 2 \u2013 CHAGNAUD Mya \u00e0 Montlieu La Garde<\/p>\n<p><\/p>\n<p>Bapt\u00eames en octobre 20181<br \/>Le 6, \u00e0 Bedenac, Meyli Gimenez<\/p>\n<p><\/p>\n<p>Bapt\u00eames en septembre 2018<br \/>le 2, \u00e0 Montlieu, Olivia Giraudeau<br \/>le 8, \u00e0 Montguyon, Noam Bernard<br \/>le 8, \u00e0 Cl\u00e9rac, Damon Naudin<br \/>le 9, \u00e0 Montlieu, Morgane Ardouin<br \/>le 9, \u00e0 Montlieu, Ma\u00eblle Ardouin<br \/>le 15, \u00e0 Cl\u00e9rac, Tyler Estay<br \/>le 16, \u00e0 Montlieu, Lou Pradet<br \/>le 22, \u00e0 Cercoux, Mathilde Martinez<br \/>le 30, \u00e0 Montlieu, Lou Ardoin<\/p>\n<p><\/p>\n<p>Bapt\u00eames en juillet et ao\u00fbt 2018<br \/>L\u00e9o Sautron, de Cl\u00e9rac<br \/>Eddy Bertet-Larrazet, de Cl\u00e9rac<br \/>Chlo\u00e9 Brisson, de Bussac-For\u00eat<br \/>Charlotte Brisson, de Bussac-For\u00eat<br \/>Anna-Lysa Grandet, d\u2019Orignolles<br \/>Abby Grandet, d\u2019Orignolles<br \/>Lola Heriaud, de Montlieu la Garde<br \/>ArthurBoyer, de Chevanceaux<br \/>Ma\u00efana Ganibal, de B\u00e9denac<br \/>Julia Debien, de Saint Palais de N\u00e9grignac<br \/>Oc\u00e9ane Bailleul-Jo\u00e9ts, de M\u00e9rignac- Reignac<br \/>Makenzy Barthe, de Polignac<br \/>Loum\u00e8ne Renault-Seigle-Buyat, de Cercoux<br \/>Richard Johan, de Neuvicq<br \/>Margot Ambroise, de Saint Palais de N\u00e9grignac<\/p>\n<p><\/p>\n<p>Bapt\u00eame en mai \u2013 juin 2018<br \/>De Ste. Colombe, Lorenzo Bizet<br \/>De Chepniers, L\u00e9ya Reis Barboca<br \/>De Montlieu La Garde, Alban Le Gendre<br \/>De Merignac, Haaron Ralido Fa<br \/>De Boresse, Elea Seraphin<br \/>De Neuvicq, Livia Guedon<br \/>De Orignolles, Nathan Auduberteau<br \/>De Montlieu La Garde, Charlize Cot<br \/>De St. Martin d\u2019Ary, Aimie Rault<\/p>\n<p><\/p>\n<p>Bapt\u00eame en avril 2018<br \/>Le 1er avril \u00e0 Montlieu la Garde L\u00e9onor Matignon<br \/>Le 14 avril \u00e0 Montlieu la Garde Kimberley Moulinier<br \/>Le 15 avril \u00e0 Montlieu la Garde (17) Elaya Chenoury<\/p>\n<p><\/p>\n<p>Bapt\u00eame en f\u00e9vrier 2018<br \/>Le 10, BLONDEL Lenny \u00e0 Sainte Colombe<\/p>\n<p><\/p>\n<p>Bapt\u00eames en octobre 2017<br \/>DELLAC Maeva \u00e0 Montlieu La Garde<br \/>le 29 \u2013 CARON Giulyan \u00e0 Montlieu La Garde<\/p>\n<p><\/p>\n<p>Bapt\u00eames en septembre 2017<br \/>BODET Mathis \u00e0 Montlieu La Garde<br \/>ROQUE No\u00eblie \u00e0 Cercoux<br \/>MERLE Elise \u00e0 Montlieu La Garde<br \/>SEGUN Ethan \u00e0 Montlieu La Garde<\/p>\n<p><\/p>\n<p>Bapt\u00eames en ao\u00fbt 2017<br \/>Le 6 ao\u00fbt, BERLUREAU-BAFFOIGNE In\u00e9s \u00e0 Montlieu La Garde<br \/>Le 6 ao\u00fbt, SERDOT Donovan \u00e0 Montlieu La Garde<br \/>Le 6 ao\u00fbt, FAVRE Ambre \u00e0 Montlieu La Garde<br \/>Le 6 ao\u00fbt, JO\u00cbTS-LABADIE Mathis \u00e0 Montlieu La Garde<br \/>Le 12 ao\u00fbt, OLIVIER Thim\u00e9o \u00e0 Cl\u00e9rac<br \/>Le 12 ao\u00fbt, SANZ-NEYRAC Th\u00e9o \u00e0 Cl\u00e9rac<br \/>Le 13 ao\u00fbt, TARIN Louis \u00e0 Orignolles<br \/>Le 15 ao\u00fbt, MAYET Soan \u00e0 Montlieu La Garde<br \/>Le 20 ao\u00fbt, THIEBAUT Thim\u00e9o \u00e0 Montlieu La Garde<br \/>MURY Cameron \u00e0 Cercoux<br \/>VIAUD Inaya \u00e0 Cercoux<br \/>PETIT Alexandre \u00e0 Montlieu La Garde<br \/>ARMANDOU Kendra \u00e0 Montlieu La Garde<br \/>MOULINIER Lily-Rose \u00e0 Montlieu La Garde<\/p>\n<p><\/p>\n<p>Bapt\u00eames en juillet 2017<br \/>Le 1er juillet, OVIDE Armelle \u00e0 Chevanceaux<br \/>Le 9 juillet, GERON-SALICETI L\u00e9onie \u00e0 Montlieu La Garde<br \/>Le 9 juillet, GERON-SALICETI Nolan \u00e0 Montlieu La Garde<br \/>Le 22 juillet, DESGRANGE-VAZ Liz\u00e9a \u00e0 Chevanceaux<\/p>\n<p><\/p>\n<p><strong>Bapt\u00eames en juin 2017<\/strong><br \/>Le 4 juin, PAGNOUX Paloma \u00e0 Montlieu La Garde<br \/>Le 10 juin, PICHARD-BOOM Katniss \u00e0 Neuvicq<br \/>Le 11 juin, CHEVREUL Noamie, \u00e0 Montlieu La Garde<br \/>Le 17 juin, LURMIN Ambre, \u00e0 M\u00e9rignac<br \/>Le 17 juin, MORICE Malya, \u00e0 Montguyon<br \/>Le 25 juin, LAVAUD Sandra \u00e0 Montlieu La Garde<br \/>Le 25 juin, GENDRE Constant \u00e0 Montlieu La Garde<\/p>\n<p><\/p>\n<p><strong>Bapt\u00eames en mai 2017<\/strong><br \/>Le 7 mai, Castillo Marion \u00e0 Montlieu La Garde<br \/>Le 7 mai, TUGNOLI Enza, \u00e0 Montlieu La Garde<br \/>Le 7 mai, JULLIEN Baptiste \u00e0 Montlieu La Garde<br \/>Le 14 mai, AUDIN Tom \u00e0 Montlieu La Garde<br \/>Le 20 mai, FESTAL Alice \u00e0 Montguyon<br \/>Le 20 mai, FAURE Louis \u00e0 Montguyon<br \/>Le 20 mai, DIGONAL Loulya-Nova \u00e0 Montguyon<br \/>Le 27 mai, SANNA Nino \u00e0 Cercoux<\/p>\n<p><\/p>\n<p><strong>Bapt\u00eames en avril 2017<\/strong><br \/>Le 8, MICHEAU Claire, Sophie, en l\u2019\u00e9glise de Polignac<br \/>Le 15, CHAMBAUD S\u00e9r\u00e9na, Ma\u00efly, en l\u2019\u00e9glise de Montlieu La Garde<br \/>CHAMBAUD Keyla, Myriane, en l\u2019\u00e9glise de Montlieu La Garde<br \/>Le 16, GLEMET-BLANC, Jos\u00e9phine,Ir\u00e8ne, en l\u2019\u00e9glise de Cercoux<br \/>TORCQ Charles, Marc en l\u2019\u00e9glise de Cercoux<br \/>BLANC Auguste, Gabriel en l\u2019\u00e9glise de Cercoux<br \/>Le 18, GOUGAY Athena\u00efs, Jeanne en l\u2019\u00e9glise de Chantillac<br \/>Le 22, THONNAT Shayna, Adeline en l\u2019\u00e9glise de Montlieu La Garde<br \/>Le 29 avril, PINAUD Louis \u00e0 St. Pierre du<br \/>Palais<br \/>Le 30 avril, CHABOT Jules \u00e0 Montlieu La<br \/>Garde<br \/>Le 30 avril, BRET Alaric \u00e0 Montlieu La Garde<\/p>\n<p><\/p>\n<p>Bapt\u00eame en mars 2017<br \/>Le 11, MAGUIS Pierre, St\u00e9phane, en l\u2019\u00e9glise de Cl\u00e9rac<\/p>\n<p><\/p>\n<p>Bapt\u00eame en f\u00e9vrier 2017<br \/>Le 19, LACOURARIE Lenny, en l\u2019\u00e9glise de Montlieu La Garde<\/p>\n<p><\/p>\n<p>Bapt\u00eames en novembre 2016<br \/>Le 27, MERIAU Bastien, Cl\u00e9ment en l\u2019\u00e9glise de Montlieu La Garde<\/p>\n<p><\/p>[\/et_pb_text][\/et_pb_column][\/et_pb_row][\/et_pb_section]","protected":false},"excerpt":{"rendered":"<p>Bapt\u00eame novembre 202409 novembre\u00a0 \u00a0 \u00a0 \u00a0Martin, Mano\u00e9, Fernand VERDIER\u00a0 \u00a0 \u00a0 \u00a0 \u00a0 \u00a0 \u00a0 \u00a0 \u00a0 \u00a0 \u00a0 \u00a0 Pouillac23 novembre\u00a0 \u00a0 \u00a0 \u00a0 Amaya, Corinne, Marie C\u00e9line [&hellip;]<\/p>\n","protected":false},"author":31,"featured_media":0,"parent":5629,"menu_order":0,"comment_status":"closed","ping_status":"closed","template":"","meta":{"_et_pb_use_builder":"on","_et_pb_old_content":"<!-- wp:paragraph -->\n<p><strong><em><strong><u><em>Bapt\u00eames en d\u00e9cembre 2022<\/em><\/u><\/strong><\/em><\/strong><br>Le 18 d\u00e9cembre : Elyna HERIAUD, \u00e0 Montlieu La Garde<\/p>\n<!-- \/wp:paragraph -->\n\n<!-- wp:paragraph -->\n<p><strong><em><strong><u><em>Bapt\u00eames en octobre 2022<\/em><\/u><\/strong><\/em><\/strong><br>Le 29 Octobre\u00a0: Nino FAMEY, \u00e0 Cl\u00e9rac<br>Le 29 Octobre\u00a0: Elias et Ma\u00ebl BORDELAIS, \u00e0 Cl\u00e9rac<\/p>\n<!-- \/wp:paragraph -->\n\n<!-- wp:paragraph -->\n<p><strong><u><em>Bapt\u00eames en septembre 2022<\/em><\/u><\/strong><br>Le 03 septembre : Th\u00e9o ARSICAUD-MARLOT, \u00e0 MONTGUYON,<br>Et le m\u00eame jour  Hugo et Julia PANGAULT, \u00e0 Montlieu la Garde<br>Le 04 septembre : Gabriel et Sofia DUPUY, \u00e0 Cercoux<br>Le 10 septembre : Margaux AUDOIN et Herv\u00e9 ARDOUIN-JOSEPH, \u00e0 Montlieu la Garde<br>Le 17 septembre : Malo POUVY-GAZDA, \u00e0 NEUVICQ<\/p>\n<!-- \/wp:paragraph -->\n\n<!-- wp:paragraph -->\n<p><strong><u><em>Bapt\u00eames en ao\u00fbt 2022<\/em><\/u><\/strong><br>Le 06 ao\u00fbt : \u00e0 Montlieu la Garde, Kellya Manon MASSE<br>Le 07 ao\u00fbt : Enzo ARNAUD et Imaya DELAUTRE, \u00e0 Montlieu la Garde,<br>Le 13 ao\u00fbt : Louis DAVI, \u00e0 CHEPNIERS<br> Le 27 ao\u00fbt : Baptiste NAUD, \u00e0 NEUVICQ,<\/p>\n<!-- \/wp:paragraph -->\n\n<!-- wp:paragraph -->\n<p><strong><u><em>Bapt\u00eames en Juillet 2022<\/em><\/u><\/strong><br>Le 02 juillet \u00e0 CHEPNIERS, Adonis GARROT<br>Le 09 juillet \u00e0 ORIGNOLLES, Mia WAGENER<br>Le 16 juillet \u00e0 CHEVANCEAUX, Ana\u00efs BOYER et \u00e0 CERCOUX, Tym\u00e9o DURET<br>Le 31 juillet \u00e0 Montlieu la Garde, Jessy LANDART<\/p>\n<!-- \/wp:paragraph -->\n\n<!-- wp:paragraph -->\n<p><strong><u><em>Bapt\u00eames en Juin 2022<\/em><\/u><\/strong><br>5 Juin&nbsp;: Rafa\u00eal OLIVIER<br>11 Juin&nbsp;: Aaron PERONNEAU<br>12 Juin&nbsp;: Emma ROBALO<br>18 Juin&nbsp;: Martin RICARD<br>19 Juin&nbsp;: Pierre FAURIE<br>26 Juin&nbsp;: Math\u00e9o LAFRAIE<\/p>\n<!-- \/wp:paragraph -->\n\n<!-- wp:paragraph -->\n<p><strong><u><em>Bapt\u00eames en Mai 2022<\/em><\/u><\/strong><br>1er Mai : Nora BLONDEL<br>7 Mai&nbsp;: Shanna SA ROGRON<br>8 Mai&nbsp;: Capucine DUPART<br>15 Mai&nbsp;: Johan MEURICE<br>28 Mai&nbsp;: Alice TARIN <\/p>\n<!-- \/wp:paragraph -->\n\n<!-- wp:paragraph -->\n<p><strong><u><em>Bapt\u00eames en avri 202<\/em><\/u><\/strong>2<br>24 avril&nbsp;: No\u00e9mie JULLIEN, Montlieu La Garde<\/p>\n<!-- \/wp:paragraph -->\n\n<!-- wp:paragraph -->\n<p><strong><u><em>Bapt\u00eames en mars 202<\/em><\/u><\/strong>2<br>20 mars : Jade BARBIN, Montlieu La Garde<\/p>\n<!-- \/wp:paragraph -->\n\n<!-- wp:paragraph -->\n<p> <strong><u><em>Bapt\u00eames en D\u00e9cembre 2021<\/em><\/u><\/strong><br>19 D\u00e9cembre&nbsp;: Katelyne LOUASSIER <\/p>\n<!-- \/wp:paragraph -->\n\n<!-- wp:paragraph -->\n<p><strong><em><u>Bapt\u00eames en AO\u00dbt 2021<\/u><\/em><\/strong><br>1er Ao\u00fbt : Ma\u00eal CORS-DUTOUR, Montlieu La Garde<br>1er Ao\u00fbt : Gabriel ARCHAT, Montlieu La Garde<br>7 Ao\u00fbt : Eden GUILLOIS, Cl\u00e9rac<br>8 Ao\u00fbt : Clary CHEVREUL, Montlieu La Garde<br>8 Ao\u00fbt : Marie DAVID, Montlieu La Garde<br>8 Ao\u00fbt : Gabriel CARROT, Montlieu La Garde<br>14 Ao\u00fbt : Lucio BARROS, et Rosa BARROS, Chierzac<br>15 Ao\u00fbt: Jade MIQUEL, Montlieu La Garde<br>22 Ao\u00fbt : Tyzio HUILIER, Montlieu La Garde<br>22 Ao\u00fbt : Aaron SCHAEFER, Montlieu La Garde<\/p>\n<!-- \/wp:paragraph -->\n\n<!-- wp:paragraph -->\n<p><strong><em><u>Bapt\u00eames en JUILLET 2021<\/u><\/em><\/strong><br>4 Juillet : Liam MATTIO, Montlieu La Garde<br>4 Juillet : Lenny CRUZ, Montlieu La Garde<br>10 Juillet : Inaya BIZET, Orignolles<br>18 Juillet : Evy DUTOUR, Montlieu La Garde<br>18 Juillet : Prescilia TREMBLIER et Laura TREMBLIER, Montlieu La Garde<\/p>\n<!-- \/wp:paragraph -->\n\n<!-- wp:paragraph -->\n<p><strong><em><u>Bapt\u00eames en JUIN 2021<\/u><\/em><\/strong><br><em>5 Juin&nbsp;: L\u00e9na PELETTE, Sainte Colombe<\/em><br><em>5 Juin&nbsp;: L\u00e9na ROLLAND, Chevanceaux<\/em><br><em>6 Juin&nbsp;: Constance TETOIN, Montlieu La Garde<\/em><br><em>12 Juin&nbsp;: Tayron VIBEY-RICHAMP, Cl\u00e9rac<\/em><br><em>13 Juin&nbsp;: Thiago PEREZ, Montlieu La Garde<\/em><br><em>19 Juin&nbsp;: Cl\u00e9ment OVIDE, Chevanceaux<\/em><br><em>20 Juin&nbsp;: Rachel GIRARD, Montlieu La Garde<\/em><\/p>\n<!-- \/wp:paragraph -->\n\n<!-- wp:paragraph -->\n<p><strong><em><u>Bapt\u00eames en&nbsp; MAI 2021<\/u><\/em><\/strong><br><em>9 Mai&nbsp;: L\u00e9ane HOAREAU, Montlieu La Garde<\/em><br><em>23 Mai&nbsp;: Joseph RENAUDIE, Montlieu La Garde<\/em><\/p>\n<!-- \/wp:paragraph -->\n\n<!-- wp:paragraph -->\n<p><strong>Bapt\u00eame en avril 2021<\/strong><br><em>4 Avril&nbsp;: Lyliana BEGUIN, Montlieu La Garde<\/em><\/p>\n<!-- \/wp:paragraph -->\n\n<!-- wp:paragraph -->\n<p><strong>Bapt\u00eames en D\u00e9cembre 2020<\/strong><br><em>Le 24 d\u00e9cembre&nbsp;: Lindsay ESTAY, Montlieu la Garde<\/em><\/p>\n<!-- \/wp:paragraph -->\n\n<!-- wp:paragraph -->\n<p><strong>Bapt\u00eame en octobre 2020<\/strong><br>Le 4 Octobre&nbsp;: Camille BLONDEL, Montlieu La Garde<\/p>\n<!-- \/wp:paragraph -->\n\n<!-- wp:paragraph -->\n<p><strong>Bapt\u00eame en septembre 2020<\/strong><br>Le 20 Septembre&nbsp;: L\u00e9a VIOLET, Montlieu La Garde<\/p>\n<!-- \/wp:paragraph -->\n\n<!-- wp:paragraph -->\n<p><strong>Bapt\u00eames en ao\u00fbt 2020<\/strong><br>Le 1\u00b0 ao\u00fbt&nbsp;:Jade LEBOUCQ, Saint Pierre du Palais<br>Le 1\u00b0 ao\u00fbt&nbsp;: Sofia GUICHARD, Chevanceaux<br>Le 15 ao\u00fbt&nbsp;: Ethan BOSQUET DIEU, Montlieu la G.<br>Le 22 ao\u00fbt&nbsp;: Dilou HERREYRE, Montlieu la Garde<br>Le 22 ao\u00fbt&nbsp;: Mathis PASQUET, Cercoux<br>Le 23 ao\u00fbt&nbsp;: Joris LANDARD, Montlieu la Garde<br>Le 29 ao\u00fbt&nbsp;: Malo DUTOURNIER, Chevanceaux<\/p>\n<!-- \/wp:paragraph -->\n\n<!-- wp:paragraph -->\n<p><strong>Bapt\u00eames en Juillet 2020<\/strong><br>Le 13&nbsp;: Lucien LAM, Chevanceaux<br>Le 25&nbsp;: Ana\u00ebe LURMIN, M\u00e9rignac<br>Le 26&nbsp;: L\u00e9na LIONARD, Montlieu la Garde<\/p>\n<!-- \/wp:paragraph -->\n\n<!-- wp:paragraph -->\n<p><strong>Bapt\u00eames en septembre \u2013 octobre 2019<\/strong><br>Le 13&nbsp;: Zelia NIKAM-PERPIGNAN \u2013Chepniers<br>Le 12&nbsp;: Matteo DEPRAETE \u2013 Cercoux<br>Le 12&nbsp;: Thiago DEPRAETE \u2013 Cercoux<br>Le 22&nbsp;: Hugo FERRAROLI \u2013 Pouillac<\/p>\n<!-- \/wp:paragraph -->\n\n<!-- wp:paragraph -->\n<p><strong>Bapt\u00eames en ao\u00fbt 2019<\/strong><br>Le 03 Ethan PERONNEAU Chevanceaux<br>Le 10 Djoulia VERDON Cl\u00e9rac<br>Le 11 Sacha BERNARD Saint Martin d\u2019Ary<br>Le 11 Thao JEAN Chepniers<br>Le 11 L\u00e9a JEAN Chepniers<br>Le 18 Axel BUAUD Neuvicq<br>Le 24 C\u00e9lestin MARTINAUD Chantillac<br>Le 24 Lymondzo CASTELAIN MOREAU Cercoux<br>Le 25 Lylou CLOCHET Orignolles<br>Le 25 Gladys SEBILLAUD St Palais de N\u00e9grignac<br>Le 31 Louane MONTANE Cercoux<br>Le 31 Alice FERCHAUD Cercoux<br>Le 31 Th\u00e9a MAINVIELLE Cl\u00e9rac<br>Le 31 Emy MAINVIELLE Cl\u00e9rac<\/p>\n<!-- \/wp:paragraph -->\n\n<!-- wp:paragraph -->\n<p><strong>Bapt\u00eames en juillet 2019<\/strong><br>Le 07 Charlotte AUDOUIN Cl\u00e9rac<br>Le 20 Na\u00ebl OURTEAU CHATENET B\u00e9denac<br>Le 28 Elliot FAURIE Cl\u00e9rac<br>Le 28 Lucas EYRAUT Montlieu la Garde<br>Le 28 Charlize EYRAUT Montlieu la Garde<\/p>\n<!-- \/wp:paragraph -->\n\n<!-- wp:paragraph -->\n<p><strong>Bapt\u00eames en juin 2019<\/strong><br>Le 1\u00b0- Louis Courilleau, Chepniers<br>Le 2- Prune Pajot, Montlieu la Garde<br>Le 8- Ma\u00eblys Thonnat, Cl\u00e9rac<br>Le 16- Thomas Gu\u00e9rinet-D\u00e9cluseau, Montlieu la Garde<br>Le 29- Lo\u00efs Berth\u00e9, B\u00e9denac<br>Le 30- Manon Deveau, Orignolles<\/p>\n<!-- \/wp:paragraph -->\n\n<!-- wp:paragraph -->\n<p><strong>Bapt\u00eames en mai 2019<\/strong><br>Le 04 \u2013 Gabin Martineau, Orignolles<br>Le 11- Jade Ferreira, Chevanceaux<br>Le 12- Louis T\u00e9toin, Orignolles<br>Le 18- Tom Andrieux, Chepniers<br>Le 18- Lola Andrieux, Chepniers<br>Le 25- C\u00e9leste L\u00e9ger, Cercoux<br>Le 26- Alex Joseph-Lurmin, Neuvicq<br>Le 26- Tim\u00e9o Gagn\u00e9, Chevanceaux<br>Le 26- A\u00ebleen Dupuy, Cercoux<\/p>\n<!-- \/wp:paragraph -->\n\n<!-- wp:paragraph -->\n<p><strong>Bapt\u00eames en Avril 2019<\/strong><br>Le 20 \u2013 NAUDIN Eug\u00e9nie \u00e0 Cl\u00e9rac<br>Le 21- MOINARD ROULET Malaysia<br>Le 21 DURAND Lorenzo \u00e0 Montlieu la Garde<br>Le 21- SCHAEFER Alexia \u00e0 Montlieu la Garde<\/p>\n<!-- \/wp:paragraph -->\n\n<!-- wp:paragraph -->\n<p><strong>Bapt\u00eames en mars 2019<\/strong><br>Le 9 \u2013OLIVIER Karla \u00e0 Cl\u00e9rac<\/p>\n<!-- \/wp:paragraph -->\n\n<!-- wp:paragraph -->\n<p><strong>Bapt\u00eames en janvier 2019<\/strong><br>le 20 \u2013LOUASSIER Ethan \u00e0 Montlieu La Garde<\/p>\n<!-- \/wp:paragraph -->\n\n<!-- wp:paragraph -->\n<p>Bapt\u00eames en d\u00e9cembre 2018<br>le 2 \u2013 CHAGNAUD Mya \u00e0 Montlieu La Garde<\/p>\n<!-- \/wp:paragraph -->\n\n<!-- wp:paragraph -->\n<p>Bapt\u00eames en octobre 20181<br>Le 6, \u00e0 Bedenac, Meyli Gimenez<\/p>\n<!-- \/wp:paragraph -->\n\n<!-- wp:paragraph -->\n<p>Bapt\u00eames en septembre 2018<br>le 2, \u00e0 Montlieu, Olivia Giraudeau<br>le 8, \u00e0 Montguyon, Noam Bernard<br>le 8, \u00e0 Cl\u00e9rac, Damon Naudin<br>le 9, \u00e0 Montlieu, Morgane Ardouin<br>le 9, \u00e0 Montlieu, Ma\u00eblle Ardouin<br>le 15, \u00e0 Cl\u00e9rac, Tyler Estay<br>le 16, \u00e0 Montlieu, Lou Pradet<br>le 22, \u00e0 Cercoux, Mathilde Martinez<br>le 30, \u00e0 Montlieu, Lou Ardoin<\/p>\n<!-- \/wp:paragraph -->\n\n<!-- wp:paragraph -->\n<p>Bapt\u00eames en juillet et ao\u00fbt 2018<br>L\u00e9o Sautron, de Cl\u00e9rac<br>Eddy Bertet-Larrazet, de Cl\u00e9rac<br>Chlo\u00e9 Brisson, de Bussac-For\u00eat<br>Charlotte Brisson, de Bussac-For\u00eat<br>Anna-Lysa Grandet, d\u2019Orignolles<br>Abby Grandet, d\u2019Orignolles<br>Lola Heriaud, de Montlieu la Garde<br>ArthurBoyer, de Chevanceaux<br>Ma\u00efana Ganibal, de B\u00e9denac<br>Julia Debien, de Saint Palais de N\u00e9grignac<br>Oc\u00e9ane Bailleul-Jo\u00e9ts, de M\u00e9rignac- Reignac<br>Makenzy Barthe, de Polignac<br>Loum\u00e8ne Renault-Seigle-Buyat, de Cercoux<br>Richard Johan, de Neuvicq<br>Margot Ambroise, de Saint Palais de N\u00e9grignac<\/p>\n<!-- \/wp:paragraph -->\n\n<!-- wp:paragraph -->\n<p>Bapt\u00eame en mai \u2013 juin 2018<br>De Ste. Colombe, Lorenzo Bizet<br>De Chepniers, L\u00e9ya Reis Barboca<br>De Montlieu La Garde, Alban Le Gendre<br>De Merignac, Haaron Ralido Fa<br>De Boresse, Elea Seraphin<br>De Neuvicq, Livia Guedon<br>De Orignolles, Nathan Auduberteau<br>De Montlieu La Garde, Charlize Cot<br>De St. Martin d\u2019Ary, Aimie Rault<\/p>\n<!-- \/wp:paragraph -->\n\n<!-- wp:paragraph -->\n<p>Bapt\u00eame en avril 2018<br>Le 1er avril \u00e0 Montlieu la Garde L\u00e9onor Matignon<br>Le 14 avril \u00e0 Montlieu la Garde Kimberley Moulinier<br>Le 15 avril \u00e0 Montlieu la Garde (17) Elaya Chenoury<\/p>\n<!-- \/wp:paragraph -->\n\n<!-- wp:paragraph -->\n<p>Bapt\u00eame en f\u00e9vrier 2018<br>Le 10, BLONDEL Lenny \u00e0 Sainte Colombe<\/p>\n<!-- \/wp:paragraph -->\n\n<!-- wp:paragraph -->\n<p>Bapt\u00eames en octobre 2017<br>DELLAC Maeva \u00e0 Montlieu La Garde<br>le 29 \u2013 CARON Giulyan \u00e0 Montlieu La Garde<\/p>\n<!-- \/wp:paragraph -->\n\n<!-- wp:paragraph -->\n<p>Bapt\u00eames en septembre 2017<br>BODET Mathis \u00e0 Montlieu La Garde<br>ROQUE No\u00eblie \u00e0 Cercoux<br>MERLE Elise \u00e0 Montlieu La Garde<br>SEGUN Ethan \u00e0 Montlieu La Garde<\/p>\n<!-- \/wp:paragraph -->\n\n<!-- wp:paragraph -->\n<p>Bapt\u00eames en ao\u00fbt 2017<br>Le 6 ao\u00fbt, BERLUREAU-BAFFOIGNE In\u00e9s \u00e0 Montlieu La Garde<br>Le 6 ao\u00fbt, SERDOT Donovan \u00e0 Montlieu La Garde<br>Le 6 ao\u00fbt, FAVRE Ambre \u00e0 Montlieu La Garde<br>Le 6 ao\u00fbt, JO\u00cbTS-LABADIE Mathis \u00e0 Montlieu La Garde<br>Le 12 ao\u00fbt, OLIVIER Thim\u00e9o \u00e0 Cl\u00e9rac<br>Le 12 ao\u00fbt, SANZ-NEYRAC Th\u00e9o \u00e0 Cl\u00e9rac<br>Le 13 ao\u00fbt, TARIN Louis \u00e0 Orignolles<br>Le 15 ao\u00fbt, MAYET Soan \u00e0 Montlieu La Garde<br>Le 20 ao\u00fbt, THIEBAUT Thim\u00e9o \u00e0 Montlieu La Garde<br>MURY Cameron \u00e0 Cercoux<br>VIAUD Inaya \u00e0 Cercoux<br>PETIT Alexandre \u00e0 Montlieu La Garde<br>ARMANDOU Kendra \u00e0 Montlieu La Garde<br>MOULINIER Lily-Rose \u00e0 Montlieu La Garde<\/p>\n<!-- \/wp:paragraph -->\n\n<!-- wp:paragraph -->\n<p>Bapt\u00eames en juillet 2017<br>Le 1er juillet, OVIDE Armelle \u00e0 Chevanceaux<br>Le 9 juillet, GERON-SALICETI L\u00e9onie \u00e0 Montlieu La Garde<br>Le 9 juillet, GERON-SALICETI Nolan \u00e0 Montlieu La Garde<br>Le 22 juillet, DESGRANGE-VAZ Liz\u00e9a \u00e0 Chevanceaux<\/p>\n<!-- \/wp:paragraph -->\n\n<!-- wp:paragraph -->\n<p><strong>Bapt\u00eames en juin 2017<\/strong><br>Le 4 juin, PAGNOUX Paloma \u00e0 Montlieu La Garde<br>Le 10 juin, PICHARD-BOOM Katniss \u00e0 Neuvicq<br>Le 11 juin, CHEVREUL Noamie, \u00e0 Montlieu La Garde<br>Le 17 juin, LURMIN Ambre, \u00e0 M\u00e9rignac<br>Le 17 juin, MORICE Malya, \u00e0 Montguyon<br>Le 25 juin, LAVAUD Sandra \u00e0 Montlieu La Garde<br>Le 25 juin, GENDRE Constant \u00e0 Montlieu La Garde<\/p>\n<!-- \/wp:paragraph -->\n\n<!-- wp:paragraph -->\n<p><strong>Bapt\u00eames en mai 2017<\/strong><br>Le 7 mai, Castillo Marion \u00e0 Montlieu La Garde<br>Le 7 mai, TUGNOLI Enza, \u00e0 Montlieu La Garde<br>Le 7 mai, JULLIEN Baptiste \u00e0 Montlieu La Garde<br>Le 14 mai, AUDIN Tom \u00e0 Montlieu La Garde<br>Le 20 mai, FESTAL Alice \u00e0 Montguyon<br>Le 20 mai, FAURE Louis \u00e0 Montguyon<br>Le 20 mai, DIGONAL Loulya-Nova \u00e0 Montguyon<br>Le 27 mai, SANNA Nino \u00e0 Cercoux<\/p>\n<!-- \/wp:paragraph -->\n\n<!-- wp:paragraph -->\n<p><strong>Bapt\u00eames en avril 2017<\/strong><br>Le 8, MICHEAU Claire, Sophie, en l\u2019\u00e9glise de Polignac<br>Le 15, CHAMBAUD S\u00e9r\u00e9na, Ma\u00efly, en l\u2019\u00e9glise de Montlieu La Garde<br>CHAMBAUD Keyla, Myriane, en l\u2019\u00e9glise de Montlieu La Garde<br>Le 16, GLEMET-BLANC, Jos\u00e9phine,Ir\u00e8ne, en l\u2019\u00e9glise de Cercoux<br>TORCQ Charles, Marc en l\u2019\u00e9glise de Cercoux<br>BLANC Auguste, Gabriel en l\u2019\u00e9glise de Cercoux<br>Le 18, GOUGAY Athena\u00efs, Jeanne en l\u2019\u00e9glise de Chantillac<br>Le 22, THONNAT Shayna, Adeline en l\u2019\u00e9glise de Montlieu La Garde<br>Le 29 avril, PINAUD Louis \u00e0 St. Pierre du<br>Palais<br>Le 30 avril, CHABOT Jules \u00e0 Montlieu La<br>Garde<br>Le 30 avril, BRET Alaric \u00e0 Montlieu La Garde<\/p>\n<!-- \/wp:paragraph -->\n\n<!-- wp:paragraph -->\n<p>Bapt\u00eame en mars 2017<br>Le 11, MAGUIS Pierre, St\u00e9phane, en l\u2019\u00e9glise de Cl\u00e9rac<\/p>\n<!-- \/wp:paragraph -->\n\n<!-- wp:paragraph -->\n<p>Bapt\u00eame en f\u00e9vrier 2017<br>Le 19, LACOURARIE Lenny, en l\u2019\u00e9glise de Montlieu La Garde<\/p>\n<!-- \/wp:paragraph -->\n\n<!-- wp:paragraph -->\n<p>Bapt\u00eames en novembre 2016<br>Le 27, MERIAU Bastien, Cl\u00e9ment en l\u2019\u00e9glise de Montlieu La Garde<\/p>\n<!-- \/wp:paragraph -->","_et_gb_content_width":"","footnotes":""},"class_list":["post-4616","page","type-page","status-publish","hentry"],"_links":{"self":[{"href":"https:\/\/catholiques17.fr\/montlieu\/wp-json\/wp\/v2\/pages\/4616","targetHints":{"allow":["GET"]}}],"collection":[{"href":"https:\/\/catholiques17.fr\/montlieu\/wp-json\/wp\/v2\/pages"}],"about":[{"href":"https:\/\/catholiques17.fr\/montlieu\/wp-json\/wp\/v2\/types\/page"}],"author":[{"embeddable":true,"href":"https:\/\/catholiques17.fr\/montlieu\/wp-json\/wp\/v2\/users\/31"}],"replies":[{"embeddable":true,"href":"https:\/\/catholiques17.fr\/montlieu\/wp-json\/wp\/v2\/comments?post=4616"}],"version-history":[{"count":24,"href":"https:\/\/catholiques17.fr\/montlieu\/wp-json\/wp\/v2\/pages\/4616\/revisions"}],"predecessor-version":[{"id":6988,"href":"https:\/\/catholiques17.fr\/montlieu\/wp-json\/wp\/v2\/pages\/4616\/revisions\/6988"}],"up":[{"embeddable":true,"href":"https:\/\/catholiques17.fr\/montlieu\/wp-json\/wp\/v2\/pages\/5629"}],"wp:attachment":[{"href":"https:\/\/catholiques17.fr\/montlieu\/wp-json\/wp\/v2\/media?parent=4616"}],"curies":[{"name":"wp","href":"https:\/\/api.w.org\/{rel}","templated":true}]}}