{"id":5864,"date":"2021-12-09T12:28:41","date_gmt":"2021-12-09T11:28:41","guid":{"rendered":"https:\/\/catholiques17.fr\/mir-sg\/?page_id=5864"},"modified":"2025-12-03T14:18:56","modified_gmt":"2025-12-03T13:18:56","slug":"deroule-de-la-messe-dominicale-2","status":"publish","type":"page","link":"https:\/\/catholiques17.fr\/mir-sg\/deroule-de-la-messe-dominicale-2\/","title":{"rendered":"D\u00e9roul\u00e9 de la messe dominicale"},"content":{"rendered":"\n[et_pb_section fb_built=\u00a0\u00bb1&Prime; _builder_version=\u00a0\u00bb4.11.1&Prime; _module_preset=\u00a0\u00bbdefault\u00a0\u00bb global_colors_info=\u00a0\u00bb{}\u00a0\u00bb][et_pb_row _builder_version=\u00a0\u00bb4.11.1&Prime; _module_preset=\u00a0\u00bbdefault\u00a0\u00bb global_colors_info=\u00a0\u00bb{}\u00a0\u00bb][et_pb_column type=\u00a0\u00bb4_4&Prime; _builder_version=\u00a0\u00bb4.11.1&Prime; _module_preset=\u00a0\u00bbdefault\u00a0\u00bb global_colors_info=\u00a0\u00bb{}\u00a0\u00bb][et_pb_text _builder_version=\u00a0\u00bb4.11.1&Prime; _module_preset=\u00a0\u00bbdefault\u00a0\u00bb hover_enabled=\u00a0\u00bb0&Prime; global_colors_info=\u00a0\u00bb{}\u00a0\u00bb sticky_enabled=\u00a0\u00bb0&Prime;]<p>D\u00e9roul\u00e9 de la messe dominicale hors textes du jour<\/p>\n<p>&nbsp;<\/p>\n<p><strong>OUVERTURE DE LA CELEBRATION<\/strong><\/p>\n<p><strong><em>Chant d&rsquo;entr\u00e9<\/em><\/strong><\/p>\n<p><strong><em>Ou<\/em><\/strong><\/p>\n<p><strong><em>Antienne d&rsquo;ouverture<\/em><\/strong><\/p>\n<p><strong><em>Salutation<\/em><\/strong><\/p>\n<p>La gr\u00e2ce de J\u00e9sus notre Seigneur, l&rsquo;amour de Dieu le P\u00e8re et la communion de l&rsquo;Esprit Saint, soient toujours avec vous.<\/p>\n<p><strong><em>&#8211; Et avec votre esprit<\/em><\/strong><\/p>\n<p>&nbsp;<\/p>\n<p><strong><em>\u00a0Pr\u00e9paration p\u00e9nitentielle<\/em><\/strong><\/p>\n<p><strong><em>Je Confesse \u00e0 DIeu<\/em><\/strong><\/p>\n<p><strong>Je confesse \u00e0 Dieu tout-puissant, je reconnais devant vous, fr\u00e8res et s\u0153urs,<\/strong><\/p>\n<p><strong>Que j&rsquo;ai p\u00e9ch\u00e9 en pens\u00e9e, en parole, par action et par omission,<\/strong><\/p>\n<p><strong>\u00a0oui j&rsquo;ai vraiment p\u00e9ch\u00e9. C&rsquo;est pourquoi je supplie la bienheureuse Vierge Marie,<\/strong><\/p>\n<p><strong>\u00a0les anges et tous les saints, et vous aussi, fr\u00e8res et s\u0153urs<\/strong>,<\/p>\n<p><strong>\u00a0de prier pour moi le Seigneur notre Dieu.<\/strong><\/p>\n<p>&nbsp;<\/p>\n<p><strong><em>Kyrie<\/em><\/strong><\/p>\n<p><strong><em>GLOIRE A DIEU\u00a0<\/em><\/strong><\/p>\n<p><em>\u00a0\u00a0<strong>Pri\u00e8re<\/strong><\/em><\/p>\n<p><strong>\u2014 Amen<\/strong><\/p>\n<p>&nbsp;<\/p>\n<p><strong>LITURGIE DE LA PAROLE<\/strong><\/p>\n<p><strong><em>Lecture<\/em><\/strong><\/p>\n<p>\u2013 Parole du Seigneur<\/p>\n<p><strong><em>&#8211; Nous rendons gr\u00e2ce \u00e0 Dieu<\/em><\/strong><\/p>\n<p><strong><em>Psaume<\/em><\/strong> 24 (25)<\/p>\n<p><strong><em>Lecture<\/em><\/strong><\/p>\n<p>&#8211; <em>Parole du Seigneur<\/em><\/p>\n<p>&#8211;\u00a0<strong>Nous rendons gr\u00e2ce \u00e0 Dieu<\/strong><\/p>\n<p><strong><em>Acclamation de l&rsquo;Evangile<\/em><\/strong><\/p>\n<p><strong><em>\u00c9vangile\u00a0de J\u00e9sus Christ\u00a0<\/em><\/strong><strong>\u00a0<\/strong><\/p>\n<p><strong><em>Hom\u00e9lie<\/em><\/strong><\/p>\n<p>&nbsp;<\/p>\n<p><strong><em>Profession de foi<\/em><\/strong><\/p>\n<p><strong><em>SYMBOLE DES AP\u00f4TRE<\/em><\/strong>S<\/p>\n<p><strong>Je crois en Dieu, le P\u00e8re tout-puissant, cr\u00e9ateur du ciel et de la terre<\/strong>,<\/p>\n<p><strong>Et en J\u00e9sus Christ, son Fils unique, notre Seigneur,<\/strong><\/p>\n<p><strong>Qui a \u00e9t\u00e9 con\u00e7u du Saint Esprit, est n\u00e9 de la Vierge Marie,<\/strong><\/p>\n<p><strong>A souffert sous Ponce Pilate, a \u00e9t\u00e9 crucifi\u00e9<\/strong>,<\/p>\n<p><strong>Est mort et a \u00e9t\u00e9 enseveli, est descendu aux enfers,<\/strong><\/p>\n<p><strong>Le troisi\u00e8me jour est ressuscit\u00e9 des morts, est mont\u00e9 aux cieux,<\/strong><\/p>\n<p><strong>Est assis \u00e0 la droite de Dieu le P\u00e8re tout-puissant,<\/strong><\/p>\n<p><strong>D\u2019o\u00f9 il viendra juger les vivants et les morts.<\/strong><\/p>\n<p><strong>Je crois en l\u2019Esprit Saint,<\/strong><\/p>\n<p><strong>\u00e0 la sainte Eglise catholique, \u00e0 la communion des saints,<\/strong><\/p>\n<p><strong>\u00e0 la r\u00e9mission des p\u00e9ch\u00e9s, \u00e0 la r\u00e9surrection de la chair,<\/strong><\/p>\n<p><strong>\u00e0 la vie \u00e9ternelle.<\/strong><\/p>\n<p><strong>Amen.<\/strong><\/p>\n<p>&nbsp;<\/p>\n<p><strong>Ou<\/strong><\/p>\n<p>&nbsp;<\/p>\n<p><strong><em>SYMBOLE DE\u00a0NICEE \u2013\u00a0CONSTANTINOPLE<\/em><\/strong><\/p>\n<p><strong>Je crois en un seul Dieu, le P\u00e8re tout-puissant,<\/strong><\/p>\n<p><strong>cr\u00e9ateur du ciel et de la terre, de l\u2019univers visible et invisible,<\/strong><\/p>\n<p><strong>n\u00e9 du p\u00e8re avant tous les si\u00e8cles\u00a0:<\/strong><\/p>\n<p><strong>ll \u00a0est Dieu, n\u00e9 de Dieu, lumi\u00e8re, n\u00e9e de la lumi\u00e8re, vrai Dieu, n\u00e9 du vrai Dieu,<\/strong><\/p>\n<p><strong>engendr\u00e9, non pas cr\u00e9\u00e9, de m\u00eame nature que le P\u00e8re\u00a0; et par lui tout a \u00e9t\u00e9 fait.<\/strong><\/p>\n<p><strong>Pour nous les hommes, et pour notre salut, il descendit du ciel\u00a0;<\/strong><\/p>\n<p><strong>par l\u2019Esprit Saint, il a pris chair de la Vierge Marie, et s\u2019est fait homme.<\/strong><\/p>\n<p><strong>Crucifi\u00e9 pour nous sous Ponce Pilate,<\/strong><\/p>\n<p><strong>\u00a0il souffrit sa passion et fut mis au tombeau.<\/strong><\/p>\n<p><strong>Il ressuscita le troisi\u00e8me jour, conform\u00e9ment aux \u00e9critures<\/strong><\/p>\n<p><strong>\u00a0et il monta au ciel ; il est assis \u00e0 la droite du P\u00e8re<\/strong><\/p>\n<p><strong>Il reviendra dans la gloire, pour juger les vivants et les morts\u00a0<\/strong><\/p>\n<p><strong>\u00a0et son r\u00e8gne n\u2019aura pas de fin.<\/strong><\/p>\n<p><strong>Je crois en l\u2019Esprit Saint, qui est Seigneur et qui donne la vie\u00a0<\/strong><\/p>\n<p><strong>\u00a0il proc\u00e8de du P\u00e8re et du Fils ;<\/strong><\/p>\n<p><strong>avec le P\u00e8re et le Fils, il re\u00e7oit m\u00eame adoration et m\u00eame gloire<\/strong><\/p>\n<p><strong>\u00a0il a parl\u00e9 par les proph\u00e8tes.<\/strong><\/p>\n<p><strong>Je crois en l\u2019Eglise, une, sainte, catholique et apostolique.<\/strong><\/p>\n<p><strong>Je reconnais un seul bapt\u00eame pour le pardon des p\u00e9ch\u00e9s.<\/strong><\/p>\n<p><strong>J\u2019attends la r\u00e9surrection des morts, et la vie du monde \u00e0 venir.<\/strong><\/p>\n<p><strong>Amen.<\/strong><\/p>\n<p><strong>\u00a0<\/strong><\/p>\n<p>&nbsp;<\/p>\n<p><strong><em>Pri\u00e8re universelle<\/em><\/strong><\/p>\n<p>Le pr\u00eatre<\/p>\n<p><strong>Le diacre\u00a0<\/strong><\/p>\n<p>&nbsp;<\/p>\n<p>&nbsp;<\/p>\n<p><strong>LITURGIE EUCHARISTIQUE<\/strong><\/p>\n<p>&nbsp;<\/p>\n<p><strong>Pr\u00e9paration des don<\/strong><\/p>\n<p>Tu es b\u00e9ni, Dieu de l\u2019univers, toi qui nous donnes ce pain, fruit de la terre et du travail des hommes\u00a0; nous te le pr\u00e9sentons\u00a0: il deviendra le pain de la vie.\u00a0<strong><em>\u2013 B\u00e9ni soit Dieu, maintenant et toujours\u00a0!<\/em><\/strong><\/p>\n<p><em>Comme cette eau se m\u00eale au vin pour le sacrement de l\u2019Alliance, puissions-nous \u00eatre unis \u00e0 la divinit\u00e9 de Celui qui a pris notre humanit\u00e9.<\/em><\/p>\n<p>Tu es b\u00e9ni, Dieu de l\u2019univers, toi qui nous donnes ce vin, fruit de la vigne et du travail des hommes\u00a0; nous te le pr\u00e9sentons\u00a0: il deviendra le vin du Royaume \u00e9ternel.\u00a0<strong><em>\u2013 B\u00e9ni soit Dieu, maintenant et toujours\u00a0!<\/em><\/strong><\/p>\n<p><em>Humbles et pauvres, nous te supplions, Seigneur, accueil-nous : que notre sacrifice, en ce jour, trouve gr\u00e2ce devant toi<\/em><\/p>\n<p><em>Lave-moi de mes fautes, Seigneur, purifie-moi de mon p\u00e9ch\u00e9.<\/em><\/p>\n<p>Prions ensemble, au moment d\u2019offrir le sacrifice de toute l\u2019Eglise.<\/p>\n<p><strong><em>&#8211; Pour la gloire de Dieu et le salut du monde.<\/em><\/strong><\/p>\n<p><strong><em>\u00a0\u00a0Pri\u00e8re sur les offrandes<\/em><\/strong><\/p>\n<p><strong><em>&#8211; Amen.<\/em><\/strong><\/p>\n<p>&nbsp;<\/p>\n<p>&nbsp;<\/p>\n<p><strong><em>\u00a0Pri\u00e8re eucharistique<\/em><\/strong><\/p>\n<p>&nbsp;<\/p>\n<p>Le Seigneur soit avec vous.\u00a0<strong><em>\u2013 Et avec votre esprit<\/em><\/strong><\/p>\n<p>Elevons notre c\u0153ur.\u00a0<strong><em>\u2013 Nous le tournons vers le Seigneur<\/em><\/strong><\/p>\n<p>Rendons gr\u00e2ce au Seigneur notre Dieu.\u00a0<strong><em>\u2013 Cela est juste et bon.<\/em><\/strong><\/p>\n<p><strong><em>Pri\u00e8re eucharistique<\/em><\/strong><\/p>\n<p>Vraiment, il est juste et bon de te rendre gloire, de t\u2019offrir notre action de gr\u00e2ce, toujours et en tout lieu, \u00e0 toi, P\u00e8re tr\u00e8s saint, Dieu \u00e9ternel et tout-puissant, par le Christ, notre Seigneur. En je\u00fbnant quarante jours au d\u00e9sert, il consacrait le temps du Car\u00eame; lorsqu\u2019il d\u00e9jouait les pi\u00e8ges du Tentateur, il nous apprenait \u00e0 r\u00e9sister au p\u00e9ch\u00e9, pour c\u00e9l\u00e9brer d\u2019un c\u0153ur pur le myst\u00e8re pascal, et parvenir enfin \u00e0 la P\u00e2que \u00e9ternelle. C\u2019est pourquoi, avec tous les anges et tous les saints, nous chantons l\u2019hymne de ta gloire et nous proclamons :<\/p>\n<p><strong><em>Saint! Saint! Saint,<\/em><\/strong><\/p>\n<p><strong><em>le Seigneur, Dieu de l&rsquo;univers!<\/em><\/strong><\/p>\n<p><strong><em>Le ciel et la terre sont remplis de ta gloire.<\/em><\/strong><\/p>\n<p><strong><em>Hosanna au plus haut des cieux<\/em><\/strong>,<\/p>\n<p><strong><em>B\u00e9ni soit celui qui vient au nom du Seigneur.<\/em><\/strong><\/p>\n<p><strong><em>Hosanna au plus haut des cieux.<\/em><\/strong><\/p>\n<p>&nbsp;<\/p>\n<p>ou<\/p>\n<p>&nbsp;<\/p>\n<p><strong><em>Sanctus, Sanctus, Sanctus<\/em><\/strong><\/p>\n<p><strong><em>Dominus Deus Sabaot<\/em><\/strong><\/p>\n<p><strong><em>Pleni sunt caeli et terra gloria tua.<\/em><\/strong><\/p>\n<p><strong><em>Hosanna in excelsis.<\/em><\/strong><\/p>\n<p><strong><em>Benedictus qui venit in nomine Domini.<\/em><\/strong><\/p>\n<p><strong><em>Hosanna in excelsis<\/em><\/strong><\/p>\n<p>&nbsp;<\/p>\n<p><em><u>Sanctus\u00a0<\/u><\/em><em>:\u00a0\u00a0<\/em><\/p>\n<p><strong><em>Pri\u00e8re eucharistique N\u00b01<\/em><\/strong><\/p>\n<p><strong>P<\/strong>\u00e8re infiniment bon, toi vers qui montent nos louanges, nous te supplions par J\u00e9sus Christ, ton fils, notre Seigneur, d\u2019accepter et de b\u00e9nir ces offrandes saintes.<\/p>\n<p>Nous te les pr\u00e9sentons avant tout pour ta sainte Eglise catholique\u00a0: accorde-lui la paix et prot\u00e8ge la, daigne la rassembler dans l\u2019unit\u00e9 et la gouverner par toute la terre\u00a0; nous les pr\u00e9sentons en m\u00eame temps pour ton serviteur la pape Fran\u00e7ois, pour notre \u00e9v\u00eaque Georges, et tous ceux qui veillent fid\u00e8lement sur la foi catholique re\u00e7ue des Ap\u00f4tres.<\/p>\n<p>Souviens-toi de tes serviteurs et de tous ceux qui sont ici r\u00e9unis, dont tu connais la foi et l\u2019attachement.<\/p>\n<p>Nous t\u2019offrons pour eux, ou ils t\u2019offrent pour eux-m\u00eames et tous les leurs ce sacrifice de louange, pour leur propre r\u00e9demption, pour le salut qu\u2019ils esp\u00e8rent\u00a0; et ils te rendent cet hommage, \u00e0 toi, Dieu \u00e9ternel, vivant et vrai.<\/p>\n<p><strong>D<\/strong>ans la communion de toute l\u2019Eglise, en ce premier jour de la semaine, nous c\u00e9l\u00e9brons le jour o\u00f9 le Christ est ressuscit\u00e9 d\u2019entre les morts\u00a0; et nous voulons nommer en premier lieu la bienheureuse Marie toujours vierge, M\u00e8re de notre Dieu et Seigneur, J\u00e9sus Christ\u00a0;\u00a0saint Joseph, son \u00e9poux, les saints Ap\u00f4tres et Martyrs Pierre et Paul, Andr\u00e9, Jacques et Jean, Thomas, Jacques et Philippe, Barth\u00e9l\u00e9my et Matthieu,\u00a0 Simon et Jude, Lin, Clet, Cl\u00e9ment, Sixte, Corneille, Chysogone, Jean et Paul, C\u00f4me et Damien, et tous les saints. Accorde-nous, par leur pri\u00e8re et leurs m\u00e9rites, d\u2019\u00eatre toujours et partout, forts de ton secours et de ta protection.<\/p>\n<p><strong>V<\/strong>oici l\u2019offrande que nous pr\u00e9sentons devant toi, nous, tes serviteurs, et ta famille enti\u00e8re, dans ta bienveillance accepte-l<\/p>\n<p>Assure toi-m\u00eame la paix de notre vie, arrache-nous \u00e0 la damnation et re\u00e7ois-nous parmi tes \u00e9lus<\/p>\n<p><strong>S<\/strong>anctifie pleinement cette offrande par la puissance de ta b\u00e9n\u00e9diction, rends-la parfaite et digne de toi\u00a0: qu\u2019elle devienne pour nous le corps et le sang de ton fils bien-aim\u00e9, J\u00e9sus Christ, notre Seigneur.<\/p>\n<p>La veille de sa passion, il prit le pain dans ses mains tr\u00e8s saintes, et, les yeux lev\u00e9s au ciel, vers toi, Dieu, son P\u00e8re tout-puissant, en te rendant gr\u00e2ce il le b\u00e9nit, le rompit, et le donna \u00e0 ses disciples, en disant : \u00ab Prenez, et mangez-en tous : ceci est mon corps livr\u00e9 pour vous.<\/p>\n<p>De m\u00eame, \u00e0 la fin du repas, il prit dans ses mains cette coupe incomparable\u00a0; et te rendant gr\u00e2ce \u00e0 nouveau, il la b\u00e9nit, et la donna \u00e0 ses disciples en disant\u00a0:<\/p>\n<p>\u00ab Prenez et buvez-en tous, car ceci est la coupe de mon sang, le sang de l\u2019Alliance nouvelle et \u00e9ternelle, qui sera vers\u00e9 pour vous et pour la multitude, en r\u00e9mission des p\u00e9ch\u00e9s. Vous ferez cela, en m\u00e9moire de moi. \u00bbIl est grand le myst\u00e8re de la foi.<\/p>\n<p>&nbsp;<\/p>\n<p><strong>(1)<\/strong>\u00a0Il est grand, le myst\u00e8re de la foi:<\/p>\n<p><strong>Nous proclamons ta mort,<\/strong><\/p>\n<p><strong>Seigneur J\u00e9sus,<\/strong><\/p>\n<p><strong>Nous c\u00e9l\u00e9brons ta r\u00e9surrection,<\/strong><\/p>\n<p><strong>Nous attendons ta venue dans la gloire<\/strong><\/p>\n<p>&nbsp;<\/p>\n<p><strong>(2)\u00a0<\/strong>Quand nous mangeons ce pain et buvons cette coupe, nous c\u00e9l\u00e9brons le myst\u00e8re de la foi<\/p>\n<p><strong>Nous rappelons ta mort,<\/strong><\/p>\n<p><strong>Seigneur ressuscit\u00e9,<\/strong><\/p>\n<p><strong>Nous attendons que tu viennes<\/strong><\/p>\n<p>&nbsp;<\/p>\n<p><strong>(3)<\/strong>\u00a0Proclamons le myst\u00e8re de la foi\u00a0:<\/p>\n<p><strong>Gloire \u00e0 toi qui \u00e9tait mort,<\/strong><\/p>\n<p><strong>Gloire \u00e0 toi qui es vivant,<\/strong><\/p>\n<p><strong>Notre Sauveur et notre Dieu\u00a0:<\/strong><\/p>\n<p><strong>Viens, Seigneur J\u00e9sus.<\/strong><\/p>\n<p>&nbsp;<\/p>\n<p>C\u2019est pourquoi nous aussi, tes serviteurs, et ton peuple saint avec nous, faisant m\u00e9moire de la passion bienheureuse de ton Fils, J\u00e9sus Christ, notre Seigneur, de sa r\u00e9surrection du s\u00e9jour des morts et de sa glorieuse ascension dans le ciel, nous te pr\u00e9sentons, Dieu de gloire et de majest\u00e9, cette offrande pr\u00e9lev\u00e9e sur les biens que tu nous donnes, le sacrifice pur et saint, le sacrifice parfait, pain de la vie \u00e9ternelle et coupe du salut.<\/p>\n<p>Et comme il t\u2019a plu d\u2019accueillir les pr\u00e9sents d\u2019Abel le juste, le sacrifice de notre p\u00e8re Abraham, et celui que t\u2019offrit Melchis\u00e9dech, ton grand pr\u00eatre, en signe parfait, regarde cette offrande avec amour et, dans ta bienveillance, accepte-la. Nous t\u2019en supplions, Dieu tout-puissant\u00a0: qu\u2019elle soit port\u00e9e par ton ange en pr\u00e9sence de ta gloire, sur ton autel c\u00e9leste, afin qu\u2019en recevant ici, par notre communion \u00e0 l\u2019autel, le corps et le sang de ton Fils, nous soyons combl\u00e9s de ta gr\u00e2ce et de tes b\u00e9n\u00e9dictions.<\/p>\n<p><strong>S<\/strong>ouviens-toi de tes serviteurs qui nous ont pr\u00e9c\u00e9d\u00e9s, marqu\u00e9s du signe de la foi, et qui dorment dans la paix\u2026<\/p>\n<p>Pour eux et pour ceux qui reposent dans le Christ, nous implorons ta bont\u00e9\u00a0: qu\u2019ils entrent dans la joie, la paix et la lumi\u00e8re.<\/p>\n<p>Et nous, p\u00e9cheurs qui mettons notre esp\u00e9rance en ta mis\u00e9ricorde in\u00e9puisable, admets-nous dans la communion des bienheureux Ap\u00f4tres et Martyrs, de Jean Baptiste, Etienne, Matthias et Barnab\u00e9, Ignace, Alexandre, Marcellin et Pierre, F\u00e9licit\u00e9 et Perp\u00e9tue, Agathe, Lucie, Agn\u00e8s, C\u00e9cile, Anastasie, et de tous les saints. Accueille-nous dans leur compagnie, sans nous juger sur le m\u00e9rite mais en accordant ton pardon, par J\u00e9sus Christ, notre Seigneur.<\/p>\n<p>C\u2019est par lui que tu ne cesses de cr\u00e9er tous ces biens, que tu les b\u00e9nis, leur donnes la vie, les sanctifies et nous en fais le don.<\/p>\n<p><strong>P<\/strong>ar lui, avec lui et en lui, \u00e0 toi, Dieu le P\u00e8re tout-puissant, dans l\u2019unit\u00e9 du Saint-Esprit, tout honneur et toute gloire, pour les si\u00e8cles des si\u00e8cles.<\/p>\n<p><strong>&#8211; Amen<\/strong><\/p>\n<p>&nbsp;<\/p>\n<p>&nbsp;<\/p>\n<p><strong><em>Pri\u00e8re eucharistique N\u00b02<\/em><\/strong><\/p>\n<p>&nbsp;<\/p>\n<p><strong>T<\/strong>oi qui es vraiment saint, toi qui es la source de toute saintet\u00e9, nous voici rassembl\u00e9s devant toi, et, dans la communion de toute l&rsquo;Eglise, en ce premier jour de la semaine, nous c\u00e9l\u00e9brons le jour o\u00f9 le Christ est ressuscit\u00e9 d&rsquo;entre les morts. Par lui que tu as \u00e9lev\u00e9 \u00e0 ta droite, Dieu notre P\u00e8re, nous te prions:<\/p>\n<p><strong>S<\/strong>anctifie ces offrandes, en r\u00e9pandant sur elles ton Esprit\u00a0; qu\u2019elles deviennent pour nous le corps et le sang de J\u00e9sus, notre Seigneur.<\/p>\n<p>Au moment d\u2019\u00eatre livr\u00e9 et d\u2019entrer librement dans sa passion, il prit le pain, il rendit gr\u00e2ce, il le rompit et le donna \u00e0 ses disciples, en disant\u00a0:<\/p>\n<p>\u00ab\u00a0Prenez, et mangez-en tous\u00a0: ceci est mon corps livr\u00e9 pour vous.\u00a0\u00bb<\/p>\n<p>De m\u00eame, \u00e0 la fin du repas, il prit la coupe\u00a0; de nouveau il rendit gr\u00e2ce, et la donna \u00e0 ses disciples, en disant\u00a0:<\/p>\n<p>\u00ab\u00a0Prenez, et buvez-en tous, car ceci est la coupe de mon sang, le sang de l\u2019Alliance nouvelle et \u00e9ternelle, qui sera vers\u00e9 pour vous et pour la multitude en r\u00e9mission des p\u00e9ch\u00e9s. Vous ferez cela, en m\u00e9moire de moi.\u00a0\u00bb<\/p>\n<p>(1) il est grand&#8230;\u00a0<strong><em>(voir pri\u00e8re eucharistique N\u00b01)<\/em><\/strong><\/p>\n<p>&nbsp;<\/p>\n<p><strong><em> \u00a0 \u00a0 \u00a0Anamn\u00e8se:<\/em><\/strong><\/p>\n<p><strong>Ta mort, Seigneur, nous l\u2019annon\u00e7ons. Soleil de Dieu qui nous lib\u00e8re.<\/strong><\/p>\n<p><strong>Tu es pour nous r\u00e9surrection, la joie promise \u00e0 notre terre.<\/strong><\/p>\n<p>&nbsp;<\/p>\n<p>Faisant ici m\u00e9moire de la mort et de la r\u00e9surrection de ton fils, nous t\u2019offrons, Seigneur, le pain de la vie et la coupe du salut, et nous te rendons gr\u00e2ce, car tu nous as choisi pour servir en ta pr\u00e9sence. Humblement, nous te demandons qu\u2019en ayant part au corps et au sang du Christ, nous soyons rassembl\u00e9s par l\u2019Esprit Saint en un seul corps.<\/p>\n<p>Souviens toi, Seigneur, de ton Eglise r\u00e9pandue \u00e0 travers le monde: fais-la grandir dans ta charit\u00e9 avec le pape Fran\u00e7ois, notre \u00e9v\u00eaque Georges, et tous ceux qui ont la charge de ton peuple.<\/p>\n<p>Souviens-toi aussi de nos fr\u00e8res qui se sont endormis dans l\u2019esp\u00e9rance de la r\u00e9surrection, de tous les hommes qui ont quitt\u00e9 cette vie\u00a0: re\u00e7ois-les dans ta lumi\u00e8re, aupr\u00e8s de toi.<\/p>\n<p>Sur nous tous enfin, nous implorons ta bont\u00e9\u00a0: permets qu\u2019avec la Vierge Marie, la bienheureuse M\u00e8re de Dieu, avec saint Joseph, son \u00e9poux, avec les Ap\u00f4tres et les saints de tous les temps qui ont v\u00e9cu dans ton amiti\u00e9, nous ayons part \u00e0 la vie \u00e9ternelle, et que nous chantions ta louange, par J\u00e9sus Christ, ton fils bien-aim\u00e9.<\/p>\n<p><strong>P<\/strong>ar lui, avec lui et en lui, \u00e0 toi, Dieu le P\u00e8re tout-puissant, dans l\u2019unit\u00e9 du Saint-Esprit, tout honneur et toute gloire, pour les si\u00e8cles des si\u00e8cles.<\/p>\n<p><strong>&#8211; Amen<\/strong><\/p>\n<p>&nbsp;<\/p>\n<p>&nbsp;<\/p>\n<p><strong><em>Pri\u00e8re eucharistique N\u00b03<\/em><\/strong><\/p>\n<p>&nbsp;<\/p>\n<p><strong>T<\/strong>u es vraiment saint, Dieu de l\u2019univers, et toute ta cr\u00e9ation proclame ta louange, car c\u2019est toi qui donnes la vie, c\u2019est toi qui sanctifies toutes choses, par ton Fils, J\u00e9sus Christ, notre Seigneur, avec la puissance de l\u2019Esprit Saint\u00a0; et tu ne cesses de rassembler ton peuple, afin qu\u2019il te pr\u00e9sente partout dans le monde une offrande pure.<\/p>\n<p>C\u2019est pourquoi nous voici rassembl\u00e9s devant toi, et, dans la communion de toute l\u2019Eglise, en ce premier jour de la semaine nous c\u00e9l\u00e9brons le jour o\u00f9 le Christ est ressuscit\u00e9 d\u2019entre les morts. Par lui, que tu as \u00e9lev\u00e9 \u00e0 ta droite, Dieu tout-puissant, nous te supplions de consacrer toi-m\u00eame les offrandes que nous apportons\u00a0:<\/p>\n<p><strong>S<\/strong>anctifie-les par ton Esprit, pour qu\u2019elles deviennent le corps et le sang de ton Fils J\u00e9sus Christ, notre Seigneur, qui nous as dit de c\u00e9l\u00e9brer ce myst\u00e8re.<\/p>\n<p>La nuit m\u00eame o\u00f9 il fut livr\u00e9, il prit le pain en te rendant gr\u00e2ce il le b\u00e9nit, il le rompit et le donna \u00e0 ses disciples, en disant\u00a0:<\/p>\n<p>\u00ab\u00a0Prenez, et mangez-en tous\u00a0: ceci est mon corps livr\u00e9 pour vous.\u00a0\u00bb<\/p>\n<p>De m\u00eame, \u00e0 la fin du repas, il prit la coupe, en te rendant gr\u00e2ce il la b\u00e9nit et la donna \u00e0 ses disciples, en disant\u00a0:<\/p>\n<p>\u00ab\u00a0Prenez, et buvez-en tous, car ceci est la coupe de mon sang, le sang de l\u2019Alliance nouvelle et \u00e9ternelle, qui sera vers\u00e9 pour vous et pour la multitude en r\u00e9mission des p\u00e9ch\u00e9s. Vous ferez cela, en m\u00e9moire de moi.\u00a0\u00bb<\/p>\n<p>(1) il est grand&#8230;\u00a0<strong><em>(voir pri\u00e8re eucharistique N\u00b01)<\/em><\/strong><\/p>\n<p><em>\u00a0 \u00a0\u00a0 \u00a0 \u00a0 Anamn\u00e8se:\u00a0<\/em><\/p>\n<p><strong>Ta mort, Seigneur, nous l\u2019annon\u00e7ons. Soleil de Dieu qui nous lib\u00e8re.<\/strong><\/p>\n<p><strong>Tu es pour nous r\u00e9surrection, la joie promise \u00e0 notre terre.<\/strong><\/p>\n<p>&nbsp;<\/p>\n<p>En faisant m\u00e9moire de ton Fils, de sa passion qui nous sauve, de sa glorieuse r\u00e9surrection et de son ascension dans le ciel, alors que nous attendons son dernier av\u00e8nement, nous pr\u00e9sentons cette offrande vivante et sainte pour te rendre gr\u00e2ce.\u00a0Regarde, Seigneur, le sacrifice de ton Eglise, et daigne y reconna\u00eetre celui de ton Fils qui nous a r\u00e9tablis dans ton Alliance\u00a0; quand nous serons nourris de ton corps et de ton sang et remplis de l\u2019Esprit Saint, accorde-nous d\u2019\u00eatre un seul corps et un seul esprit dans le Christ.<\/p>\n<p><strong>Q<\/strong>ue l\u2019Esprit Saint fasse de nous une \u00e9ternelle offrande \u00e0 ta gloire, pour que nous obtenions un jour les biens du monde \u00e0 venir, aupr\u00e8s de la Vierge Marie, la bienheureuse M\u00e8re de Dieu, avec saint Joseph, son \u00e9poux, avec les Ap\u00f4tres, les Martyrs, et tous les saints, qui ne cessent d\u2019interc\u00e9der pour nous.<\/p>\n<p>Et maintenant, nous te supplions, Seigneur\u00a0: par le sacrifice qui nous r\u00e9concilie avec toi, \u00e9tends au monde entier le salut et la paix. Affermis la foi et la charit\u00e9 de ton Eglise au long de son chemin sur la terre\u00a0: veille sur ton serviteur le pape Fran\u00e7ois, et notre \u00e9v\u00eaque Georges, l\u2019ensemble des \u00e9v\u00eaques, les pr\u00eatres, les diacres, et tout le peuple des rachet\u00e9s.<\/p>\n<p>Ecoute les pri\u00e8res de ta famille assembl\u00e9e devant toi, et ram\u00e8ne \u00e0 toi, P\u00e8re tr\u00e8s aimant, tous tes enfants dispers\u00e9s. Pour nos fr\u00e8res d\u00e9funts, pour les hommes qui ont quitt\u00e9 ce monde, et dont tu connais la droiture, nous te prions\u00a0: re\u00e7ois-les dans ton Royaume, o\u00f9 nous esp\u00e9rons \u00eatre combl\u00e9s de ta gloire, tous ensemble et pour l\u2019\u00e9ternit\u00e9, par le Christ, notre Seigneur, par qui tu donnes au monde toute gr\u00e2ce et tout bien.<\/p>\n<p><strong>P<\/strong>ar lui, avec lui et en lui, \u00e0 toi, Dieu le P\u00e8re tout-puissant, dans l\u2019unit\u00e9 du Saint-Esprit, tout honneur et toute gloire, pour les si\u00e8cles des si\u00e8cles.<\/p>\n<p><strong>&#8211; Amen<\/strong><\/p>\n<p>&nbsp;<\/p>\n<p><strong><em>Pri\u00e8re eucharistique N\u00b04<\/em><\/strong><\/p>\n<p><strong>P<\/strong>\u00e8re tr\u00e8s saint, nous proclamons que tu es grand et que tu as cr\u00e9\u00e9 toutes choses avec sagesse et par amour\u00a0: tu as fait l\u2019homme \u00e0 ton image, et tu lui as confi\u00e9 l\u2019univers, afin qu\u2019en te servant, toi son Cr\u00e9ateur, il r\u00e8gne sur la cr\u00e9ation.<\/p>\n<p>Comme il avait perdu ton amiti\u00e9 en se d\u00e9tournant de toi, tu ne l\u2019as pas abandonn\u00e9 au pouvoir de la mort. Dans ta mis\u00e9ricorde, tu es venu en aide \u00e0 tous les hommes pour qu\u2019ils te cherchent et puissent te trouver. Tu as multipli\u00e9 les alliances avec eux, et tu les as form\u00e9s, par les proph\u00e8tes, dans l\u2019esp\u00e9rance du salut. Tu as tellement aim\u00e9 le monde, P\u00e8re tr\u00e8s saint, que nous as envoy\u00e9 ton propre Fils, lorsque les temps furent accomplis, pour qu\u2019il soit notre Sauveur.<\/p>\n<p>Con\u00e7u de l\u2019Esprit Saint, n\u00e9 de la Vierge Marie, il a v\u00e9cu notre condition d\u2019homme en toute chose, except\u00e9 le p\u00e9ch\u00e9, annon\u00e7ant aux pauvres la bonne nouvelle du salut\u00a0; aux captifs, la d\u00e9livrance\u00a0; aux afflig\u00e9s, la joie.<\/p>\n<p>Pour accomplir le dessein de ton amour, il s\u2019est livr\u00e9 lui-m\u00eame \u00e0 la mort, et, par sa r\u00e9surrection, il a d\u00e9truit la mort et renouvel\u00e9 la vie. Afin que notre vie ne soit plus \u00e0 nous-m\u00eames, mais \u00e0 lui qui est mort et ressuscit\u00e9 pour nous, il a envoy\u00e9 d\u2019aupr\u00e8s de toi, comme premier don fait aux croyants, l\u2019Esprit qui poursuit son \u0153uvre dans le monde et ach\u00e8ve toute sanctification.<\/p>\n<p><strong>Q<\/strong>ue ce m\u00eame Esprit Saint, nous t\u2019en prions, Seigneur, sanctifie ces offrandes\u00a0: qu\u2019elles deviennent ainsi le corps et le sang de ton Fils dans la c\u00e9l\u00e9bration de ce grand myst\u00e8re, que lui-m\u00eame nous a laiss\u00e9 en signe de l\u2019Alliance \u00e9ternelle.<\/p>\n<p>Quand l\u2019heure fut venue o\u00f9 tu allais le glorifier, comme il avait aim\u00e9 les siens qui \u00e9taient dans le monde, il les aima jusqu\u2019au bout\u00a0: pendant le repas qu\u2019il partageait avec eux, il prit le pain, il le b\u00e9nit, le rompit et le donna \u00e0 ses disciples en disant\u00a0:<\/p>\n<p>\u00ab\u00a0Prenez, et mangez-en tous\u00a0: ceci est mon corps livr\u00e9 pour vous.\u00a0\u00bb<\/p>\n<p>De m\u00eame, il prit la coupe remplie de vin, il rendit gr\u00e2ce et la donna \u00e0 ses disciples, en disant\u00a0:<\/p>\n<p>\u00ab\u00a0Prenez, et buvez-en tous, car ceci est la coupe de mon sang, le sang de l\u2019Alliance nouvelle et \u00e9ternelle, qui sera vers\u00e9 pour vous et pour la multitude en r\u00e9mission des p\u00e9ch\u00e9s. Vous ferez cela, en m\u00e9moire de moi.\u00a0\u00bb<\/p>\n<p>&nbsp;<\/p>\n<p>(1) il est grand&#8230;\u00a0<strong><em>(voir pri\u00e8re eucharistique N\u00b01)<\/em><\/strong><\/p>\n<p>&nbsp;<\/p>\n<p>Voil\u00e0 pourquoi, Seigneur, nous c\u00e9l\u00e9brons aujourd\u2019hui le m\u00e9morial de notre r\u00e9demption\u00a0: en rappelant la mort de J\u00e9sus Christ et sa descente au s\u00e9jour des morts, en proclamant sa r\u00e9surrection et son ascension \u00e0 ta droite dans le ciel, en attendant aussi qu&rsquo;il vienne dans la gloire, nous t&rsquo;offrons son corps et son sang, le sacrifice qui est digne de toi et qui sauve le monde.<\/p>\n<p>Regarde, Seigneur, cette offrande que tu as donn\u00e9e toi-m\u00eame \u00e0 ton Eglise\u00a0; accorde \u00e0 tous ceux qui vont partager ce pain et boire \u00e0 cette coupe d\u2019\u00eatre rassembl\u00e9s par l\u2019Esprit Saint en un seul corps, pour qu\u2019ils soient eux-m\u00eames dans le Christ une vivante offrande \u00e0 la louange de ta gloire.<\/p>\n<p><strong>E<\/strong>t maintenant, Seigneur, rappelle-toi tous ceux pour qui nous offrons ce sacrifice: le pape Fran\u00e7ois, notre \u00e9v\u00eaque Georges et tous les \u00e9v\u00eaques, les pr\u00eatres et ceux qui les assistent, les fid\u00e8les qui pr\u00e9sentent cette offrande, les membres de notre assembl\u00e9e, le peuple qui t&rsquo;appartient et tous les hommes qui te cherchent avec droiture.<\/p>\n<p>Souviens-toi aussi de nos fr\u00e8res qui sont morts dans la paix du Christ, et de tous les morts dont toi seul connais la foi.<\/p>\n<p>A nous qui sommes tes enfants, accorde, P\u00e8re tr\u00e8s bon, l\u2019h\u00e9ritage de la vie \u00e9ternelle aupr\u00e8s de la Vierge Marie, la bienheureuse M\u00e8re de Dieu, aupr\u00e8s de saint Joseph, son \u00e9poux, aupr\u00e8s des Ap\u00f4tres et de tous les saints, dans ton Royaume, o\u00f9 nous pourrons, avec la cr\u00e9ation tout enti\u00e8re enfin lib\u00e9r\u00e9e du p\u00e9ch\u00e9 et de la mort, te glorifier par le Christ, notre Seigneur, par qui tu donnes au monde toute gr\u00e2ce et tout bien.<\/p>\n<p>&nbsp;<\/p>\n<p><strong>P<\/strong>ar lui, avec lui et en lui, \u00e0 toi, Dieu le P\u00e8re tout-puissant, dans l\u2019unit\u00e9 du Saint-Esprit, tout honneur et toute gloire, pour les si\u00e8cles des si\u00e8cles.<\/p>\n<p><strong>&#8211; Amen<\/strong><\/p>\n<p>&nbsp;<\/p>\n<p><strong>COMMUNION<\/strong><\/p>\n<p>&nbsp;<\/p>\n<p><strong>Notre P\u00e8re<\/strong><\/p>\n<p><strong>\u00a0 (1)<\/strong>\u00a0Unis dans le m\u00eame esprit, nous pouvons dire avec confiance la pri\u00e8re que nous avons re\u00e7u du Sauveur:<\/p>\n<p><strong>(2)<\/strong>\u00a0Comme nous l&rsquo;avons appris du Sauveur et selon son commandement, nous osons dire:<\/p>\n<p><strong>Notre P\u00e8re qui es aux cieux, que ton nom soit sanctifi\u00e9,<\/strong><\/p>\n<p><strong>Que ton r\u00e8gne vienne, que ta volont\u00e9 soit faite sur la terre comme au ciel.<\/strong><\/p>\n<p><strong>Donne-nous aujourd\u2019hui notre pain de ce jour. Pardonne-nous<\/strong><\/p>\n<p><strong>Nos offenses, comme nous pardonnons \u00e0 ceux qui nous ont offens\u00e9s.<\/strong><\/p>\n<p><strong>Et ne nous laisse pas entrer en tentation, mais d\u00e9livre-nous du mal.<\/strong><\/p>\n<p>&nbsp;<\/p>\n<p>D\u00e9livre-nous de tout mal, Seigneur, et donne la paix \u00e0 notre temps\u00a0:\u00a0Par ta mis\u00e9ricorde, lib\u00e8re-nous du p\u00e9ch\u00e9, rassure-nous devant les \u00e9preuves en cette vie o\u00f9 nous esp\u00e9rons le bonheur que tu promets et l\u2019av\u00e8nement de J\u00e9sus Christ, notre Sauveur.<strong><em>\u00a0-Car c\u2019est \u00e0 toi qu\u2019appartiennent le r\u00e8gne, la puissance et la gloire pour les si\u00e8cles des si\u00e8cles\u00a0!<\/em><\/strong><\/p>\n<p>&nbsp;<\/p>\n<p><strong>Echange de la paix<\/strong><\/p>\n<p>Seigneur J\u00e9sus Christ, tu as dit \u00e0 tes Ap\u00f4tres\u00a0:\u00a0\u00bbje vous laisse la paix, je vous donne ma paix\u00a0\u00bb\u00a0: ne regarde pas nos p\u00e9ch\u00e9s mais la foi de ton Eglise\u00a0; pour que ta volont\u00e9 s\u2019accomplisse, donne-lui toujours cette paix, et conduis la vers l\u2019unit\u00e9 parfaite, toi qui r\u00e8gnes pour les si\u00e8cles des si\u00e8cles.\u00a0<strong><em>\u2013 Amen.<\/em><\/strong><\/p>\n<p>Que la paix du Seigneur soit toujours avec vous.\u00a0<strong><em>\u2013 Et avec votre esprit.<\/em><\/strong><\/p>\n<p>Fr\u00e8res et s\u0153urs, dans la charit\u00e9 du Christ, donnez-vous la paix.<\/p>\n<p>&nbsp;<\/p>\n<p><strong>Fraction du pain<\/strong><\/p>\n<p>&nbsp;<\/p>\n<p><strong>Agneau de Dieu<\/strong><\/p>\n<p><strong><em>Agneau de Dieu, qui enl\u00e8ves le p\u00e9ch\u00e9 du monde, prends piti\u00e9 de nous (bis)<\/em><\/strong><\/p>\n<p><strong><em>Agneau de Dieu, qui enl\u00e8ves le p\u00e9ch\u00e9 du monde, donne-nous la paix.<\/em><\/strong><\/p>\n<p><strong>Agneau de Dieu vainqueur du mal, Agneau de Dieu le fils du P\u00e8re,<\/strong><\/p>\n<p><strong>Agneau de Dieu lib\u00e9rateur, donne la paix \u00e0 notre monde.<\/strong><\/p>\n<p>&nbsp;<\/p>\n<p><strong>Communion<\/strong><\/p>\n<p>Heureux les invit\u00e9s au repas du Seigneur\u00a0!<\/p>\n<p>Voici l\u2019Agneau de Dieu qui enl\u00e8ve le p\u00e9ch\u00e9 du monde.<\/p>\n<p><strong><em>&#8211; Seigneur, je ne suis pas digne de te recevoir\u00a0;<\/em><\/strong><\/p>\n<p><strong><em>Mais dis seulement une parole et je serai gu\u00e9ri.<\/em><\/strong><\/p>\n<p>&nbsp;<\/p>\n<p><strong>Chant de communion<\/strong><\/p>\n<p><strong>ou antienne de la communion<\/strong><\/p>\n<p>OU<\/p>\n<p><strong>Pri\u00e8re apr\u00e8s la communion<\/strong><\/p>\n<p><strong>\u2014 Amen.<\/strong><\/p>\n<p>&nbsp;<\/p>\n<p><strong>Conclusion de la CELEBRATION<\/strong><\/p>\n<p>&nbsp;<\/p>\n<p><strong>B\u00e9n\u00e9diction<\/strong><\/p>\n<p>Le Seigneur soit avec vous.\u00a0<strong><em>&#8211; Et avec votre esprit.<\/em><\/strong><\/p>\n<p>Que Dieu le P\u00e8re tout-puissant vous b\u00e9nisse,<\/p>\n<p>Le P\u00e8re, Le Fils et le Saint-Esprit.\u00a0<strong><em>&#8211; Amen.<\/em><\/strong><\/p>\n<p>&nbsp;<\/p>\n<p><strong>Envoi<\/strong><\/p>\n<p>Allez, dans la paix du Christ.<\/p>\n<p><strong><em>&#8211; Nous rendons gr\u00e2ce \u00e0 Dieu<\/em><\/strong><\/p>\n<p>&nbsp;<\/p>\n<p><strong><em>Chant de sortie<\/em><\/strong><\/p>[\/et_pb_text][\/et_pb_column][\/et_pb_row][\/et_pb_section]\n","protected":false},"excerpt":{"rendered":"<p>D\u00e9roul\u00e9 de la messe dominicale hors textes du jour &nbsp; OUVERTURE DE LA CELEBRATION Chant d&rsquo;entr\u00e9 Ou Antienne d&rsquo;ouverture Salutation La gr\u00e2ce de J\u00e9sus notre Seigneur, l&rsquo;amour de Dieu le [&hellip;]<\/p>\n","protected":false},"author":4,"featured_media":5731,"parent":0,"menu_order":0,"comment_status":"closed","ping_status":"closed","template":"","meta":{"_et_pb_use_builder":"on","_et_pb_old_content":"","_et_gb_content_width":"","footnotes":""},"class_list":["post-5864","page","type-page","status-publish","has-post-thumbnail","hentry"],"_links":{"self":[{"href":"https:\/\/catholiques17.fr\/mir-sg\/wp-json\/wp\/v2\/pages\/5864","targetHints":{"allow":["GET"]}}],"collection":[{"href":"https:\/\/catholiques17.fr\/mir-sg\/wp-json\/wp\/v2\/pages"}],"about":[{"href":"https:\/\/catholiques17.fr\/mir-sg\/wp-json\/wp\/v2\/types\/page"}],"author":[{"embeddable":true,"href":"https:\/\/catholiques17.fr\/mir-sg\/wp-json\/wp\/v2\/users\/4"}],"replies":[{"embeddable":true,"href":"https:\/\/catholiques17.fr\/mir-sg\/wp-json\/wp\/v2\/comments?post=5864"}],"version-history":[{"count":4,"href":"https:\/\/catholiques17.fr\/mir-sg\/wp-json\/wp\/v2\/pages\/5864\/revisions"}],"predecessor-version":[{"id":5869,"href":"https:\/\/catholiques17.fr\/mir-sg\/wp-json\/wp\/v2\/pages\/5864\/revisions\/5869"}],"wp:featuredmedia":[{"embeddable":true,"href":"https:\/\/catholiques17.fr\/mir-sg\/wp-json\/wp\/v2\/media\/5731"}],"wp:attachment":[{"href":"https:\/\/catholiques17.fr\/mir-sg\/wp-json\/wp\/v2\/media?parent=5864"}],"curies":[{"name":"wp","href":"https:\/\/api.w.org\/{rel}","templated":true}]}}