{"id":5413,"date":"2021-07-25T23:48:40","date_gmt":"2021-07-25T21:48:40","guid":{"rendered":"https:\/\/catholiques17.fr\/mir-sg\/?page_id=5413"},"modified":"2024-10-07T15:51:52","modified_gmt":"2024-10-07T13:51:52","slug":"le-conseil-aux-affaires-economiques","status":"publish","type":"page","link":"https:\/\/catholiques17.fr\/mir-sg\/la-paroisse\/le-conseil-aux-affaires-economiques\/","title":{"rendered":"Le conseil aux affaires \u00e9conomiques"},"content":{"rendered":"<p>[et_pb_section fb_built=\u00a0\u00bb1&Prime; _builder_version=\u00a0\u00bb4.16&Prime; global_colors_info=\u00a0\u00bb{}\u00a0\u00bb theme_builder_area=\u00a0\u00bbpost_content\u00a0\u00bb][et_pb_row _builder_version=\u00a0\u00bb4.16&Prime; background_size=\u00a0\u00bbinitial\u00a0\u00bb background_position=\u00a0\u00bbtop_left\u00a0\u00bb background_repeat=\u00a0\u00bbrepeat\u00a0\u00bb global_colors_info=\u00a0\u00bb{}\u00a0\u00bb theme_builder_area=\u00a0\u00bbpost_content\u00a0\u00bb][et_pb_column type=\u00a0\u00bb4_4&Prime; _builder_version=\u00a0\u00bb4.16&Prime; custom_padding=\u00a0\u00bb|||\u00a0\u00bb global_colors_info=\u00a0\u00bb{}\u00a0\u00bb custom_padding__hover=\u00a0\u00bb|||\u00a0\u00bb theme_builder_area=\u00a0\u00bbpost_content\u00a0\u00bb][et_pb_text _builder_version=\u00a0\u00bb4.21.0&Prime; background_size=\u00a0\u00bbinitial\u00a0\u00bb background_position=\u00a0\u00bbtop_left\u00a0\u00bb background_repeat=\u00a0\u00bbrepeat\u00a0\u00bb global_colors_info=\u00a0\u00bb{}\u00a0\u00bb theme_builder_area=\u00a0\u00bbpost_content\u00a0\u00bb]<!-- divi:paragraph {\"fontSize\":\"large\"} --><\/p>\n<p class=\"has-large-font-size\">Le Conseil aux Affaires Economiques<\/p>\n<p><!-- \/divi:paragraph --><!-- divi:paragraph --><\/p>\n<p>Il aide le Cur\u00e9 \u00e0 g\u00e9rer les finances de la paroisse:<\/p>\n<p>&nbsp;<\/p>\n<p><!-- \/divi:paragraph --><!-- divi:list --><\/p>\n<ul>\n<li>optimiser les recettes<\/li>\n<li>trouver de nouvelles recettes<\/li>\n<li>optimiser les d\u00e9penses en recherchant les \u00e9conomies qui ne nuisent pas \u00e0 l&rsquo;action pastorale<\/li>\n<li>d\u00e9cider et suivre les investissements<\/li>\n<\/ul>\n<p><!-- \/divi:list --><!-- divi:paragraph --><\/p>\n<p>Sa composition actuelle:<\/p>\n<p>&nbsp;<\/p>\n<p><!-- \/divi:paragraph --><!-- divi:paragraph --><\/p>\n<p>Le P\u00e8re <strong>Victor Serge Jaonarivelo<br \/><\/strong><\/p>\n<p>&nbsp;<\/p>\n<p><!-- \/divi:paragraph --><!-- divi:paragraph --><\/p>\n<p>La Tr\u00e9soreri\u00e8re : Christiane Dallet<\/p>\n<p>&nbsp;<\/p>\n<p>Responsable d\u00e9l\u00e9gu\u00e9 : R\u00e9my Enfrun<\/p>\n<p>Secr\u00e9taire du conseil : Cl\u00e9ment Rondeau<\/p>\n<p>Responsable immobilier : Roug\u00e9 Claude<\/p>\n<p>Membre : Cazulet Bernadette<\/p>\n<p>\u00a0\u00a0\u00a0\u00a0\u00a0\u00a0\u00a0\u00a0\u00a0\u00a0\u00a0\u00a0\u00a0\u00a0\u00a0\u00a0\u00a0\u00a0 Ch\u00e8re Yvette<\/p>\n<p>\u00a0\u00a0\u00a0\u00a0\u00a0\u00a0\u00a0\u00a0\u00a0\u00a0\u00a0\u00a0\u00a0\u00a0\u00a0\u00a0\u00a0\u00a0 Giraud Mich\u00e8le<\/p>\n<p>\u00a0\u00a0\u00a0\u00a0\u00a0\u00a0\u00a0\u00a0\u00a0\u00a0\u00a0\u00a0\u00a0\u00a0\u00a0\u00a0\u00a0\u00a0 Gu\u00e9rineau Annie<\/p>\n<p>\u00a0\u00a0\u00a0\u00a0\u00a0\u00a0\u00a0\u00a0\u00a0\u00a0\u00a0\u00a0\u00a0\u00a0\u00a0\u00a0\u00a0\u00a0 Marchais Bernard<\/p>\n<p><!-- \/divi:paragraph --><!-- divi:paragraph --><!-- \/divi:paragraph --><!-- divi:paragraph --><!-- divi:paragraph --><!-- \/divi:paragraph --><!-- \/divi:paragraph -->[\/et_pb_text][\/et_pb_column][\/et_pb_row][\/et_pb_section]<\/p>\n","protected":false},"excerpt":{"rendered":"<p>Le Conseil aux Affaires Economiques Il aide le Cur\u00e9 \u00e0 g\u00e9rer les finances de la paroisse: &nbsp; optimiser les recettes trouver de nouvelles recettes optimiser les d\u00e9penses en recherchant les [&hellip;]<\/p>\n","protected":false},"author":33,"featured_media":0,"parent":5165,"menu_order":0,"comment_status":"closed","ping_status":"closed","template":"","meta":{"_et_pb_use_builder":"on","_et_pb_old_content":"<!-- wp:paragraph {\"fontSize\":\"large\"} -->\n<p class=\"has-large-font-size\">Le Conseil aux Affaires Economiques<\/p>\n<!-- \/wp:paragraph -->\n\n<!-- wp:paragraph -->\n<p>Il aide le Cur\u00e9 \u00e0 g\u00e9rer les finances de la paroisse:<\/p>\n<!-- \/wp:paragraph -->\n\n<!-- wp:list -->\n<ul><li>optimiser les recettes<\/li><li>trouver de nouvelles recettes<\/li><li>optimiser les d\u00e9penses en recherchant les \u00e9conomies qui ne nuisent pas \u00e0 l'action pastorale<\/li><li>d\u00e9cider et suivre les investissements<\/li><\/ul>\n<!-- \/wp:list -->\n\n<!-- wp:paragraph -->\n<p>Sa composition actuelle:<\/p>\n<!-- \/wp:paragraph -->\n\n<!-- wp:paragraph -->\n<p>Le Cur\u00e9:  Le P\u00e8re Massimiliano Piazza<\/p>\n<!-- \/wp:paragraph -->\n\n<!-- wp:paragraph -->\n<p>Le Tr\u00e9sorerier: Jean-Luc Duflot<\/p>\n<!-- \/wp:paragraph -->\n\n<!-- wp:paragraph -->\n<p>Marie Pierre Regeasse repr\u00e9sentant l'Equipe Pastorale<\/p>\n<!-- \/wp:paragraph -->\n\n<!-- wp:paragraph -->\n<p>Dany Belon<\/p>\n<!-- \/wp:paragraph -->\n\n<!-- wp:paragraph -->\n<p>Bernard Verstraten<\/p>\n<!-- \/wp:paragraph -->","_et_gb_content_width":"","footnotes":""},"class_list":["post-5413","page","type-page","status-publish","hentry"],"_links":{"self":[{"href":"https:\/\/catholiques17.fr\/mir-sg\/wp-json\/wp\/v2\/pages\/5413","targetHints":{"allow":["GET"]}}],"collection":[{"href":"https:\/\/catholiques17.fr\/mir-sg\/wp-json\/wp\/v2\/pages"}],"about":[{"href":"https:\/\/catholiques17.fr\/mir-sg\/wp-json\/wp\/v2\/types\/page"}],"author":[{"embeddable":true,"href":"https:\/\/catholiques17.fr\/mir-sg\/wp-json\/wp\/v2\/users\/33"}],"replies":[{"embeddable":true,"href":"https:\/\/catholiques17.fr\/mir-sg\/wp-json\/wp\/v2\/comments?post=5413"}],"version-history":[{"count":7,"href":"https:\/\/catholiques17.fr\/mir-sg\/wp-json\/wp\/v2\/pages\/5413\/revisions"}],"predecessor-version":[{"id":7881,"href":"https:\/\/catholiques17.fr\/mir-sg\/wp-json\/wp\/v2\/pages\/5413\/revisions\/7881"}],"up":[{"embeddable":true,"href":"https:\/\/catholiques17.fr\/mir-sg\/wp-json\/wp\/v2\/pages\/5165"}],"wp:attachment":[{"href":"https:\/\/catholiques17.fr\/mir-sg\/wp-json\/wp\/v2\/media?parent=5413"}],"curies":[{"name":"wp","href":"https:\/\/api.w.org\/{rel}","templated":true}]}}