{"id":5165,"date":"2021-07-25T16:56:47","date_gmt":"2021-07-25T14:56:47","guid":{"rendered":"https:\/\/catholiques17.fr\/mir-sg\/?page_id=5165"},"modified":"2026-02-27T10:57:18","modified_gmt":"2026-02-27T09:57:18","slug":"la-paroisse","status":"publish","type":"page","link":"https:\/\/catholiques17.fr\/mir-sg\/la-paroisse\/","title":{"rendered":"La paroisse"},"content":{"rendered":"<p>[et_pb_section fb_built=\u00a0\u00bb1&Prime; theme_builder_area=\u00a0\u00bbpost_content\u00a0\u00bb _builder_version=\u00a0\u00bb4.27.5&Prime; _module_preset=\u00a0\u00bbdefault\u00a0\u00bb][et_pb_row _builder_version=\u00a0\u00bb4.27.5&Prime; _module_preset=\u00a0\u00bbdefault\u00a0\u00bb theme_builder_area=\u00a0\u00bbpost_content\u00a0\u00bb][et_pb_column _builder_version=\u00a0\u00bb4.27.5&Prime; _module_preset=\u00a0\u00bbdefault\u00a0\u00bb type=\u00a0\u00bb4_4&Prime; theme_builder_area=\u00a0\u00bbpost_content\u00a0\u00bb][et_pb_text _builder_version=\u00a0\u00bb4.27.5&Prime; _module_preset=\u00a0\u00bbdefault\u00a0\u00bb theme_builder_area=\u00a0\u00bbpost_content\u00a0\u00bb text_text_color=\u00a0\u00bb#000000&Prime; text_font_size=\u00a0\u00bb25px\u00a0\u00bb text_orientation=\u00a0\u00bbcenter\u00a0\u00bb module_alignment=\u00a0\u00bbcenter\u00a0\u00bb hover_enabled=\u00a0\u00bb0&Prime; sticky_enabled=\u00a0\u00bb0&Prime;]<\/p>\n<p style=\"text-align: center\">Projet Pastoral<\/p>\n<p>[\/et_pb_text][\/et_pb_column][\/et_pb_row][et_pb_row _builder_version=\u00a0\u00bb4.27.5&Prime; _module_preset=\u00a0\u00bbdefault\u00a0\u00bb theme_builder_area=\u00a0\u00bbpost_content\u00a0\u00bb][et_pb_column _builder_version=\u00a0\u00bb4.27.5&Prime; _module_preset=\u00a0\u00bbdefault\u00a0\u00bb type=\u00a0\u00bb4_4&Prime; theme_builder_area=\u00a0\u00bbpost_content\u00a0\u00bb][et_pb_image src=\u00a0\u00bbhttps:\/\/catholiques17.fr\/mir-sg\/wp-content\/uploads\/sites\/27\/2026\/02\/Projet-pastoral.png\u00a0\u00bb _builder_version=\u00a0\u00bb4.27.5&Prime; _module_preset=\u00a0\u00bbdefault\u00a0\u00bb theme_builder_area=\u00a0\u00bbpost_content\u00a0\u00bb hover_enabled=\u00a0\u00bb0&Prime; sticky_enabled=\u00a0\u00bb0&Prime; title_text=\u00a0\u00bbProjet pastoral\u00a0\u00bb][\/et_pb_image][\/et_pb_column][\/et_pb_row][et_pb_row _builder_version=\u00a0\u00bb4.27.5&Prime; _module_preset=\u00a0\u00bbdefault\u00a0\u00bb theme_builder_area=\u00a0\u00bbpost_content\u00a0\u00bb][et_pb_column _builder_version=\u00a0\u00bb4.27.5&Prime; _module_preset=\u00a0\u00bbdefault\u00a0\u00bb type=\u00a0\u00bb4_4&Prime; theme_builder_area=\u00a0\u00bbpost_content\u00a0\u00bb][et_pb_text _builder_version=\u00a0\u00bb4.27.5&Prime; _module_preset=\u00a0\u00bbdefault\u00a0\u00bb theme_builder_area=\u00a0\u00bbpost_content\u00a0\u00bb hover_enabled=\u00a0\u00bb0&Prime; sticky_enabled=\u00a0\u00bb0&Prime;]<\/p>\n<p><span style=\"font-weight: 400\">Offrir \u00e0 tous et \u00e0 chacun la possibilit\u00e9 de d\u00e9couvrir le Christ en mettant \u00e0 disposition les moyens adapt\u00e9s pour grandir dans la Foi.<\/span><\/p>\n<p><span style=\"font-weight: 400\">Notre projet paroissial s\u2019inscrit sur les cinq axes d\u2019actions suivants\u00a0:<\/span><\/p>\n<ul>\n<li style=\"font-weight: 400\"><span style=\"font-weight: 400\">Embellir la liturgie pour la gloire de Dieu<\/span><\/li>\n<li style=\"font-weight: 400\"><span style=\"font-weight: 400\">Vivre des Sacrements pour avancer en saintet\u00e9<\/span><\/li>\n<li style=\"font-weight: 400\"><span style=\"font-weight: 400\">Se former pour renforcer la connaissance de Dieu\u00a0<\/span><\/li>\n<li style=\"font-weight: 400\"><span style=\"font-weight: 400\">Pratiquer la charit\u00e9 pour aider les autres<\/span><\/li>\n<li style=\"font-weight: 400\"><span style=\"font-weight: 400\">Prier le Seigneur se rapprocher de Dieu<\/span><\/li>\n<\/ul>\n<p><b><\/b><\/p>\n<ul>\n<li><b>Embellir la liturgie pour la gloire de Dieu\u00a0<\/b><\/li>\n<\/ul>\n<p><i><span style=\"font-weight: 400\">La liturgie chr\u00e9tienne rappelle la mort et la r\u00e9surrection de notre Seigneur J\u00e9sus-Christ. L\u2019ambition de nos paroisses est de rendre plus belles toutes les c\u00e9r\u00e9monies religieuses.<\/span><\/i><\/p>\n<ul>\n<li style=\"font-weight: 400\"><b>Fleurir les \u00e9glises<\/b><span style=\"font-weight: 400\"> en fonction des temps\u00a0liturgiques\u00a0: chaque p\u00f4le liturgique dispose d\u2019une \u00e9quipe en charge de choisir les fleurs et de composer les bouquets qui seront d\u00e9pos\u00e9s sur les autels des \u00e9glises accueillant les messes dominicales.\u00a0<\/span><\/li>\n<li style=\"font-weight: 400\"><b>Chanter la louange de Dieu<\/b><span style=\"font-weight: 400\">\u00a0: sous la responsabilit\u00e9 du responsable des chants, trois ma\u00eetres de c\u0153ur animent les chants des messes dominicales et les grandes f\u00eates de l\u2019ann\u00e9e liturgique.<\/span><\/li>\n<li style=\"font-weight: 400\"><b>Pr\u00e9parer les autels<\/b><span style=\"font-weight: 400\">\u00a0: Les \u00e9quipes relais se forment et se mettent au service du pr\u00eatre pour assurer la pr\u00e9paration mat\u00e9rielle des autels avant les offices religieux.<\/span><\/li>\n<li style=\"font-weight: 400\"><span style=\"font-weight: 400\">\u00a0<\/span><b>Service de l\u2019autel<\/b><span style=\"font-weight: 400\">\u00a0: au service de la liturgie du dimanche, les enfants ayant fait leur premi\u00e8re communion et qui le souhaitent peuvent vivre au plus pr\u00e8s la c\u00e9l\u00e9bration de la Messe en servant \u00e0 l\u2019autel pour les gar\u00e7ons et en suivant au 1<\/span><span style=\"font-weight: 400\">er<\/span><span style=\"font-weight: 400\"> rang pour les filles apr\u00e8s avoir accueilli les fid\u00e8les.<\/span><\/li>\n<\/ul>\n<p><b><\/b><\/p>\n<ul>\n<li><b>Vivre des Sacrements pour avancer en saintet\u00e9<\/b><\/li>\n<\/ul>\n<p><i><span style=\"font-weight: 400\">Renfor\u00e7ant l\u2019alliance entre Dieu et les hommes, la pratique r\u00e9guli\u00e8re des sacrements par lesquels Dieu donne sa gr\u00e2ce permet d\u2019avancer en saintet\u00e9. Au nombre de 7, ils sont mis \u00e0 disposition des fid\u00e8les.<\/span><\/i><\/p>\n<ul>\n<li><b>Sacrement du Bapt\u00eame<\/b><span style=\"font-weight: 400\">\u00a0: une \u00e9quipe est en place pour assurer la pr\u00e9paration au bapt\u00eame sur une dur\u00e9e de 3 mois.<\/span><\/li>\n<\/ul>\n<ul>\n<li><b>Sacrement de la Confirmation\u00a0<\/b><span style=\"font-weight: 400\">: demande \u00e0 faire au secr\u00e9tariat, suivie d\u2019un \u00a0 \u00a0 \u00e9change avec monsieur le Cur\u00e9 pour \u00e9tudier les modalit\u00e9s de pr\u00e9paration.<\/span><\/li>\n<\/ul>\n<ul>\n<li style=\"font-weight: 400\"><b>Sacrement de l\u2019Eucharistie\u00a0: <\/b><span style=\"font-weight: 400\">lors des messes dominicales et chaque jour au monast\u00e8re Sainte Jeanne d\u2019Arc.<\/span><\/li>\n<li style=\"font-weight: 400\"><b>Sacrement de la R\u00e9conciliation\u00a0<\/b><span style=\"font-weight: 400\">: tus les samedis avant la messe anticip\u00e9e du samedi ou sur demande particuli\u00e8re au secr\u00e9tariat.<\/span><\/li>\n<li style=\"font-weight: 400\"><b>Sacrement du Mariage\u00a0<\/b><span style=\"font-weight: 400\">: une \u00e9quipe est en place pour assurer une pr\u00e9paration sur une dur\u00e9e de 7 mois \u00e0 raison d\u2019une rencontre mensuelle.<\/span><\/li>\n<li style=\"font-weight: 400\"><b>Sacrement de l\u2019Ordre\u00a0<\/b><span style=\"font-weight: 400\">: demande particuli\u00e8re \u00e0 faire \u00e0 monsieur le Cur\u00e9.<\/span><\/li>\n<li style=\"font-weight: 400\"><b>Sacrement des malades<\/b><span style=\"font-weight: 400\">\u00a0: demande particuli\u00e8re \u00e0 faire au secr\u00e9tariat.<\/span><\/li>\n<\/ul>\n<p><b><\/b><\/p>\n<ul>\n<li><b>Se former pour renforcer la connaissance de Dieu\u00a0<\/b><\/li>\n<\/ul>\n<p><i><span style=\"font-weight: 400\">Par la parabole des talents, le Seigneur nous demande de ne pas g\u00e2cher les dons re\u00e7us de Dieu mais de s\u2019engager pour les faire fructifier. Chaque fid\u00e8le est incit\u00e9 \u00e0 mieux conna\u00eetre Dieu.<\/span><\/i><\/p>\n<ul>\n<li><b>Les soir\u00e9es du Cur\u00e9\u00a0<\/b><span style=\"font-weight: 400\">: organis\u00e9e chaque mois par l\u2019\u00e9quipe paroissiale, ces soir\u00e9es sont l\u2019occasion de r\u00e9fl\u00e9chir, d\u2019\u00e9changer et d\u2019approfondir un sujet de th\u00e9ologie, de liturgie ou de la parole de Dieu.<\/span><\/li>\n<\/ul>\n<ul>\n<li><b>Les formations liturgiques\u00a0<\/b><span style=\"font-weight: 400\">: organis\u00e9es une fois par trimestre, ces rencontres permettent d\u2019approfondir un point liturgique avec un intervenant ext\u00e9rieur.<\/span><\/li>\n<\/ul>\n<ul>\n<li><b>Les formations dioc\u00e9saines<\/b><span style=\"font-weight: 400\">\u00a0: ouvertes \u00e0 tout fid\u00e8le, ces formations sont accessibles apr\u00e8s inscription soit sur le lieu de formation, soit par visio-conf\u00e9rence, soit en replay par internet.<\/span><\/li>\n<\/ul>\n<p><b><\/b><br \/><b><\/b><\/p>\n<ul>\n<li><b>Pratiquer la charit\u00e9 pour aider les autres<\/b><\/li>\n<\/ul>\n<p><i><span style=\"font-weight: 400\">La charit\u00e9 se d\u00e9finit comme l\u2019amour de l\u2019homme envers son prochain en tant que cr\u00e9ature de Dieu.<\/span><\/i><\/p>\n<ul>\n<li style=\"font-weight: 400\"><b>Service aux malades<\/b><span style=\"font-weight: 400\">\u00a0: une \u00e9quipe de service aux malades est active au sein de chaque p\u00f4le liturgique pour rester \u00e0 l\u2019\u00e9coute des personnes n\u00e9cessiteuse, apporter la communion et informer le secr\u00e9tariat des besoins particuliers.\u00a0<\/span><\/li>\n<li style=\"font-weight: 400\"><b>Aide aux EHPAD<\/b><span style=\"font-weight: 400\">\u00a0: une \u00e9quipe de fid\u00e8les reste en contact avec les EHPADs de Mirambeau, Saint Bonnet, Saint Thomas de Conac, Saint Sorlin de Conac et Saint Genis de Saintonge pour organiser des messes les 2<\/span><span style=\"font-weight: 400\">\u00e8mes<\/span><span style=\"font-weight: 400\"> mardis et 2<\/span><span style=\"font-weight: 400\">\u00e8mes<\/span><span style=\"font-weight: 400\"> mercredis de chaque mois.<\/span><\/li>\n<li style=\"font-weight: 400\"><b>Aide au Monast\u00e8re Sainte Jeanne d\u2019Arc<\/b><span style=\"font-weight: 400\">\u00a0: toutes les initiatives personnelles et collectives sont encourag\u00e9es et organis\u00e9es pour aider mat\u00e9riellement les s\u0153urs contemplatives du Verbe Incarn\u00e9 install\u00e9es \u00e0 Saint Fort sur Gironde dans le Monast\u00e8re Sainte Jeanne d\u2019Arc<\/span><\/li>\n<li style=\"font-weight: 400\"><b>Participer aux qu\u00eates imp\u00e9r\u00e9es<\/b><span style=\"font-weight: 400\">\u00a0: en appui du Dioc\u00e8se, les paroisses soutiennent particuli\u00e8rement l\u2019aide aux \u00e9glises d\u2019Afrique, le CCFD, les lieux Saints, le denier de Saint Pierre, la qu\u00eate Pontificale pour la mission (OPM), le Secours Catholique dans le respect du calendrier des qu\u00eates.<\/span><\/li>\n<li style=\"font-weight: 400\"><b>Aider les paroisses du Cameroun\u00a0<\/b><span style=\"font-weight: 400\">: \u00e0 l\u2019initiative des fid\u00e8les, une \u00e9quipe approfondit la faisabilit\u00e9 d\u2019un projet d\u2019aide au profit des paroisses du Cameroun sous la forme d\u2019un soutien scolaire et sanitaire.<\/span><\/li>\n<li style=\"font-weight: 400\"><b>Organiser les obs\u00e8ques<\/b><span style=\"font-weight: 400\">\u00a0: pour accompagner les fid\u00e8les qui connaissent la douleur du d\u00e9c\u00e8s d\u2019un proche, monsieur le Cur\u00e9 et une \u00e9quipe de la\u00efcs se mettent au service pour accompagner les familles, pr\u00e9parer et c\u00e9l\u00e9brer la c\u00e9r\u00e9monie des obs\u00e8ques.<\/span><\/li>\n<\/ul>\n<p><b><\/b><\/p>\n<ul>\n<li><b>Prier le Seigneur pour se rapprocher de Dieu<\/b><\/li>\n<\/ul>\n<p><i><span style=\"font-weight: 400\">Collective ou individuelle, la pri\u00e8re est un acte par lequel tout fid\u00e8le s\u2019adresse \u00e0 Dieu.\u00a0<\/span><\/i><\/p>\n<ul>\n<li><b>Rosaire vivant<\/b><span style=\"font-weight: 400\">\u00a0: au sein de chaque p\u00f4le liturgique se d\u00e9ploie une \u00e9quipe de rosaire qui fait vivre le chapelet\u00a0: le 2<\/span><span style=\"font-weight: 400\">\u00e8me<\/span><span style=\"font-weight: 400\"> lundi de chaque mois dans le p\u00f4le de Mirambeau\u00a0; le 1<\/span><span style=\"font-weight: 400\">er<\/span><span style=\"font-weight: 400\"> samedi de chaque mois pour le p\u00f4le de Saint Genis et le 3<\/span><span style=\"font-weight: 400\">\u00e8me<\/span><span style=\"font-weight: 400\"> vendredi de chaque mois pour le p\u00f4le de Saint Fort.<\/span><\/li>\n<\/ul>\n<p><b><\/b><b>Adoration eucharistique<\/b><span style=\"font-weight: 400\">\u00a0: les s\u0153urs apostoliques du monast\u00e8re Sainte Jeanne d\u2019Arc \u00e0 Saint Fort sur Gironde offrent aux fid\u00e8les qui le souhaitent de prier dans leur chapelle tous les jours en fin d\u2019apr\u00e8s-midi pour un moment d\u2019adoration.<\/span><\/p>\n<p>[\/et_pb_text][\/et_pb_column][\/et_pb_row][\/et_pb_section]<\/p>\n","protected":false},"excerpt":{"rendered":"<p>Projet PastoralOffrir \u00e0 tous et \u00e0 chacun la possibilit\u00e9 de d\u00e9couvrir le Christ en mettant \u00e0 disposition les moyens adapt\u00e9s pour grandir dans la Foi. Notre projet paroissial s\u2019inscrit sur [&hellip;]<\/p>\n","protected":false},"author":33,"featured_media":0,"parent":0,"menu_order":0,"comment_status":"closed","ping_status":"closed","template":"","meta":{"_et_pb_use_builder":"on","_et_pb_old_content":"","_et_gb_content_width":"","footnotes":""},"class_list":["post-5165","page","type-page","status-publish","hentry"],"_links":{"self":[{"href":"https:\/\/catholiques17.fr\/mir-sg\/wp-json\/wp\/v2\/pages\/5165","targetHints":{"allow":["GET"]}}],"collection":[{"href":"https:\/\/catholiques17.fr\/mir-sg\/wp-json\/wp\/v2\/pages"}],"about":[{"href":"https:\/\/catholiques17.fr\/mir-sg\/wp-json\/wp\/v2\/types\/page"}],"author":[{"embeddable":true,"href":"https:\/\/catholiques17.fr\/mir-sg\/wp-json\/wp\/v2\/users\/33"}],"replies":[{"embeddable":true,"href":"https:\/\/catholiques17.fr\/mir-sg\/wp-json\/wp\/v2\/comments?post=5165"}],"version-history":[{"count":4,"href":"https:\/\/catholiques17.fr\/mir-sg\/wp-json\/wp\/v2\/pages\/5165\/revisions"}],"predecessor-version":[{"id":9727,"href":"https:\/\/catholiques17.fr\/mir-sg\/wp-json\/wp\/v2\/pages\/5165\/revisions\/9727"}],"wp:attachment":[{"href":"https:\/\/catholiques17.fr\/mir-sg\/wp-json\/wp\/v2\/media?parent=5165"}],"curies":[{"name":"wp","href":"https:\/\/api.w.org\/{rel}","templated":true}]}}