{"id":5156,"date":"2021-07-25T16:48:07","date_gmt":"2021-07-25T14:48:07","guid":{"rendered":"https:\/\/catholiques17.fr\/mir-sg\/?page_id=5156"},"modified":"2025-12-04T15:34:53","modified_gmt":"2025-12-04T14:34:53","slug":"catechese","status":"publish","type":"page","link":"https:\/\/catholiques17.fr\/mir-sg\/grandir-dans-la-foi\/catechese\/","title":{"rendered":"Cat\u00e9ch\u00e8se"},"content":{"rendered":"<p>[et_pb_section fb_built=\u00a0\u00bb1&Prime; _builder_version=\u00a0\u00bb4.27.4&Prime; _module_preset=\u00a0\u00bbdefault\u00a0\u00bb custom_padding=\u00a0\u00bb10px|||||\u00a0\u00bb global_colors_info=\u00a0\u00bb{}\u00a0\u00bb theme_builder_area=\u00a0\u00bbet_body_layout\u00a0\u00bb][et_pb_row _builder_version=\u00a0\u00bb4.27.4&Prime; _module_preset=\u00a0\u00bbdefault\u00a0\u00bb global_colors_info=\u00a0\u00bb{}\u00a0\u00bb theme_builder_area=\u00a0\u00bbet_body_layout\u00a0\u00bb][et_pb_column type=\u00a0\u00bb4_4&Prime; _builder_version=\u00a0\u00bb4.27.4&Prime; _module_preset=\u00a0\u00bbdefault\u00a0\u00bb global_colors_info=\u00a0\u00bb{}\u00a0\u00bb theme_builder_area=\u00a0\u00bbet_body_layout\u00a0\u00bb][et_pb_image src=\u00a0\u00bbhttps:\/\/catholiques17.fr\/mir-sg\/wp-content\/uploads\/sites\/27\/2025\/12\/Ichtus-EDD.jpg\u00a0\u00bb title_text=\u00a0\u00bbIchtus-EDD\u00a0\u00bb align=\u00a0\u00bbcenter\u00a0\u00bb force_fullwidth=\u00a0\u00bbon\u00a0\u00bb _builder_version=\u00a0\u00bb4.27.4&Prime; _module_preset=\u00a0\u00bbdefault\u00a0\u00bb hover_enabled=\u00a0\u00bb0&Prime; global_colors_info=\u00a0\u00bb{}\u00a0\u00bb theme_builder_area=\u00a0\u00bbet_body_layout\u00a0\u00bb sticky_enabled=\u00a0\u00bb0&Prime;][\/et_pb_image][\/et_pb_column][\/et_pb_row][et_pb_row _builder_version=\u00a0\u00bb4.27.4&Prime; _module_preset=\u00a0\u00bbdefault\u00a0\u00bb global_colors_info=\u00a0\u00bb{}\u00a0\u00bb theme_builder_area=\u00a0\u00bbet_body_layout\u00a0\u00bb][et_pb_column type=\u00a0\u00bb4_4&Prime; _builder_version=\u00a0\u00bb4.27.4&Prime; _module_preset=\u00a0\u00bbdefault\u00a0\u00bb global_colors_info=\u00a0\u00bb{}\u00a0\u00bb theme_builder_area=\u00a0\u00bbet_body_layout\u00a0\u00bb][et_pb_text _builder_version=\u00a0\u00bb4.27.4&Prime; _module_preset=\u00a0\u00bbdefault\u00a0\u00bb hover_enabled=\u00a0\u00bb0&Prime; global_colors_info=\u00a0\u00bb{}\u00a0\u00bb theme_builder_area=\u00a0\u00bbet_body_layout\u00a0\u00bb sticky_enabled=\u00a0\u00bb0&Prime;]<\/p>\n<p><span>La cat\u00e9ch\u00e8se est offerte \u00e0 tous les enfants \u2013 baptis\u00e9s ou non. Elle concerne l\u2019initiation chr\u00e9tienne des enfants en \u00e2ge scolaire. Au cat\u00e9, les enfants d\u00e9couvrent la Bible. Par la pri\u00e8re, la m\u00e9ditation, ils d\u00e9veloppent leur int\u00e9riorit\u00e9, le go\u00fbt du silence. Ils abordent les questions existentielles et se donnent librement des rep\u00e8res pour se construire dans la vie, \u00eatre solidaires. Avec d\u2019autres, ils grandissent dans la foi et sont initi\u00e9s aux sacrements (bapt\u00eame, premi\u00e8re des communions)<\/span><\/p>\n<p>[\/et_pb_text][\/et_pb_column][\/et_pb_row][et_pb_row _builder_version=\u00a0\u00bb4.27.4&Prime; _module_preset=\u00a0\u00bbdefault\u00a0\u00bb global_colors_info=\u00a0\u00bb{}\u00a0\u00bb theme_builder_area=\u00a0\u00bbet_body_layout\u00a0\u00bb][et_pb_column type=\u00a0\u00bb4_4&Prime; _builder_version=\u00a0\u00bb4.27.4&Prime; _module_preset=\u00a0\u00bbdefault\u00a0\u00bb global_colors_info=\u00a0\u00bb{}\u00a0\u00bb theme_builder_area=\u00a0\u00bbet_body_layout\u00a0\u00bb][et_pb_divider color=\u00a0\u00bb#327F51&Prime; divider_weight=\u00a0\u00bb2px\u00a0\u00bb _builder_version=\u00a0\u00bb4.27.4&Prime; _module_preset=\u00a0\u00bbdefault\u00a0\u00bb global_colors_info=\u00a0\u00bb{}\u00a0\u00bb theme_builder_area=\u00a0\u00bbet_body_layout\u00a0\u00bb][\/et_pb_divider][\/et_pb_column][\/et_pb_row][et_pb_row _builder_version=\u00a0\u00bb4.27.4&Prime; _module_preset=\u00a0\u00bbdefault\u00a0\u00bb global_colors_info=\u00a0\u00bb{}\u00a0\u00bb theme_builder_area=\u00a0\u00bbet_body_layout\u00a0\u00bb][et_pb_column type=\u00a0\u00bb4_4&Prime; _builder_version=\u00a0\u00bb4.27.4&Prime; _module_preset=\u00a0\u00bbdefault\u00a0\u00bb global_colors_info=\u00a0\u00bb{}\u00a0\u00bb theme_builder_area=\u00a0\u00bbet_body_layout\u00a0\u00bb][et_pb_text _builder_version=\u00a0\u00bb4.27.4&Prime; _module_preset=\u00a0\u00bbdefault\u00a0\u00bb global_colors_info=\u00a0\u00bb{}\u00a0\u00bb theme_builder_area=\u00a0\u00bbet_body_layout\u00a0\u00bb]<\/p>\n<p style=\"text-align: center;\">DANS NOTRE PAROISSE :<\/p>\n<p>[\/et_pb_text][\/et_pb_column][\/et_pb_row][\/et_pb_section]<\/p>\n","protected":false},"excerpt":{"rendered":"<p>La cat\u00e9ch\u00e8se est offerte \u00e0 tous les enfants \u2013 baptis\u00e9s ou non. Elle concerne l\u2019initiation chr\u00e9tienne des enfants en \u00e2ge scolaire. Au cat\u00e9, les enfants d\u00e9couvrent la Bible. Par la [&hellip;]<\/p>\n","protected":false},"author":33,"featured_media":0,"parent":8858,"menu_order":0,"comment_status":"closed","ping_status":"closed","template":"","meta":{"_et_pb_use_builder":"on","_et_pb_old_content":"","_et_gb_content_width":"","footnotes":""},"class_list":["post-5156","page","type-page","status-publish","hentry"],"_links":{"self":[{"href":"https:\/\/catholiques17.fr\/mir-sg\/wp-json\/wp\/v2\/pages\/5156","targetHints":{"allow":["GET"]}}],"collection":[{"href":"https:\/\/catholiques17.fr\/mir-sg\/wp-json\/wp\/v2\/pages"}],"about":[{"href":"https:\/\/catholiques17.fr\/mir-sg\/wp-json\/wp\/v2\/types\/page"}],"author":[{"embeddable":true,"href":"https:\/\/catholiques17.fr\/mir-sg\/wp-json\/wp\/v2\/users\/33"}],"replies":[{"embeddable":true,"href":"https:\/\/catholiques17.fr\/mir-sg\/wp-json\/wp\/v2\/comments?post=5156"}],"version-history":[{"count":2,"href":"https:\/\/catholiques17.fr\/mir-sg\/wp-json\/wp\/v2\/pages\/5156\/revisions"}],"predecessor-version":[{"id":8998,"href":"https:\/\/catholiques17.fr\/mir-sg\/wp-json\/wp\/v2\/pages\/5156\/revisions\/8998"}],"up":[{"embeddable":true,"href":"https:\/\/catholiques17.fr\/mir-sg\/wp-json\/wp\/v2\/pages\/8858"}],"wp:attachment":[{"href":"https:\/\/catholiques17.fr\/mir-sg\/wp-json\/wp\/v2\/media?parent=5156"}],"curies":[{"name":"wp","href":"https:\/\/api.w.org\/{rel}","templated":true}]}}