{"id":245,"date":"2019-07-18T19:56:21","date_gmt":"2019-07-18T17:56:21","guid":{"rendered":"https:\/\/catholiques17.fr\/mir-sg\/?page_id=245"},"modified":"2025-12-09T17:25:11","modified_gmt":"2025-12-09T16:25:11","slug":"le-sacrement-de-la-reconciliation","status":"publish","type":"page","link":"https:\/\/catholiques17.fr\/mir-sg\/etapes-de-la-vie\/le-sacrement-de-la-reconciliation\/","title":{"rendered":"Le sacrement de la r\u00e9conciliation"},"content":{"rendered":"<p>[et_pb_section fb_built=\u00a0\u00bb1&Prime; _builder_version=\u00a0\u00bb4.16&Prime; custom_padding=\u00a0\u00bb4px|||||\u00a0\u00bb global_colors_info=\u00a0\u00bb{}\u00a0\u00bb theme_builder_area=\u00a0\u00bbpost_content\u00a0\u00bb][et_pb_row _builder_version=\u00a0\u00bb4.16&Prime; background_size=\u00a0\u00bbinitial\u00a0\u00bb background_position=\u00a0\u00bbtop_left\u00a0\u00bb background_repeat=\u00a0\u00bbrepeat\u00a0\u00bb custom_padding=\u00a0\u00bb5px|||||\u00a0\u00bb global_colors_info=\u00a0\u00bb{}\u00a0\u00bb theme_builder_area=\u00a0\u00bbpost_content\u00a0\u00bb][et_pb_column type=\u00a0\u00bb4_4&Prime; _builder_version=\u00a0\u00bb4.16&Prime; custom_padding=\u00a0\u00bb|||\u00a0\u00bb global_colors_info=\u00a0\u00bb{}\u00a0\u00bb custom_padding__hover=\u00a0\u00bb|||\u00a0\u00bb theme_builder_area=\u00a0\u00bbpost_content\u00a0\u00bb][et_pb_image src=\u00a0\u00bbhttps:\/\/catholiques17.fr\/mir-sg\/wp-content\/uploads\/sites\/27\/2025\/12\/Sacrement-reconciliation-Grande.jpeg\u00a0\u00bb title_text=\u00a0\u00bbSacrement-reconciliation-Grande\u00a0\u00bb force_fullwidth=\u00a0\u00bbon\u00a0\u00bb _builder_version=\u00a0\u00bb4.27.4&Prime; _module_preset=\u00a0\u00bbdefault\u00a0\u00bb min_height=\u00a0\u00bb369px\u00a0\u00bb custom_padding=\u00a0\u00bb||0px|||\u00a0\u00bb border_radii=\u00a0\u00bbon|20px|20px|20px|20px\u00a0\u00bb global_colors_info=\u00a0\u00bb{}\u00a0\u00bb theme_builder_area=\u00a0\u00bbpost_content\u00a0\u00bb][\/et_pb_image][\/et_pb_column][\/et_pb_row][et_pb_row _builder_version=\u00a0\u00bb4.27.4&Prime; _module_preset=\u00a0\u00bbdefault\u00a0\u00bb global_colors_info=\u00a0\u00bb{}\u00a0\u00bb theme_builder_area=\u00a0\u00bbpost_content\u00a0\u00bb][et_pb_column type=\u00a0\u00bb4_4&Prime; _builder_version=\u00a0\u00bb4.27.4&Prime; _module_preset=\u00a0\u00bbdefault\u00a0\u00bb global_colors_info=\u00a0\u00bb{}\u00a0\u00bb theme_builder_area=\u00a0\u00bbpost_content\u00a0\u00bb][et_pb_text _builder_version=\u00a0\u00bb4.27.4&Prime; _module_preset=\u00a0\u00bbdefault\u00a0\u00bb global_colors_info=\u00a0\u00bb{}\u00a0\u00bb theme_builder_area=\u00a0\u00bbpost_content\u00a0\u00bb]<\/p>\n<p><span>Le <\/span>sacrement de la p\u00e9nitence ou de la r\u00e9conciliation\u00a0<span>est par excellence le sacrement de l\u2019amour et de la consolation de Dieu. En tout premier lieu,\u00a0<\/span>se confesser<span>, c\u2019est confesser l\u2019amour de Dieu et sa mis\u00e9ricorde. Et \u00e9galement se rappeler la gr\u00e2ce du <\/span>bapt\u00eame<span> qui nous a arrach\u00e9 au pouvoir du mal. Dans la suite de notre existence, le sacrement de p\u00e9nitence est un peu un nouveau bapt\u00eame.\u00a0<\/span><\/p>\n<p>[\/et_pb_text][et_pb_testimonial author=\u00a0\u00bbPape Fran\u00e7ois\u00a0\u00bb job_title=\u00a0\u00bbAudience g\u00e9n\u00e9rale, mercredi 19 f\u00e9vrier 2014&Prime; portrait_url=\u00a0\u00bbhttps:\/\/catholiques17.fr\/mir-sg\/wp-content\/uploads\/sites\/27\/2025\/12\/Pape-Francois.jpg\u00a0\u00bb portrait_width=\u00a0\u00bb100px\u00a0\u00bb _builder_version=\u00a0\u00bb4.27.4&Prime; _module_preset=\u00a0\u00bbdefault\u00a0\u00bb global_colors_info=\u00a0\u00bb{}\u00a0\u00bb theme_builder_area=\u00a0\u00bbpost_content\u00a0\u00bb]<\/p>\n<div class=\"et_pb_testimonial_description_inner\">\n<div class=\"et_pb_testimonial_content\">\n<p><span>\u00ab<\/span><em>\u00a0Chers amis, c\u00e9l\u00e9brer le sacrement de la r\u00e9conciliation signifie \u00eatre envelopp\u00e9s par une \u00e9treinte chaleureuse : c\u2019est l\u2019\u00e9treinte de la mis\u00e9ricorde infinie du P\u00e8re. Rappelons cette belle parabole du fils qui est parti de chez lui avec l\u2019argent de son h\u00e9ritage ; il a gaspill\u00e9 tout son argent et ensuite, quand il n\u2019avait plus rien, il a d\u00e9cid\u00e9 de revenir chez lui, non comme un fils, mais comme un serviteur. Il ressentait profond\u00e9ment sa faute dans son c\u0153ur et tant de honte. La surprise a \u00e9t\u00e9 que quand il commen\u00e7a \u00e0 parler, \u00e0 demander pardon, son p\u00e8re ne le laissa pas parler, il l\u2019embrassa et fit la f\u00eate. Quant \u00e0 moi je vous dis: chaque fois que nous nous confessons, Dieu nous embrasse, Dieu fait la f\u00eate ! Allons de l\u2019avant sur cette route.\u00a0<\/em><span>\u00bb<\/span><\/p>\n<\/div>\n<\/div>\n<p>[\/et_pb_testimonial][\/et_pb_column][\/et_pb_row][et_pb_row _builder_version=\u00a0\u00bb4.27.4&Prime; _module_preset=\u00a0\u00bbdefault\u00a0\u00bb global_colors_info=\u00a0\u00bb{}\u00a0\u00bb theme_builder_area=\u00a0\u00bbpost_content\u00a0\u00bb][et_pb_column type=\u00a0\u00bb4_4&Prime; _builder_version=\u00a0\u00bb4.27.4&Prime; _module_preset=\u00a0\u00bbdefault\u00a0\u00bb global_colors_info=\u00a0\u00bb{}\u00a0\u00bb theme_builder_area=\u00a0\u00bbpost_content\u00a0\u00bb][et_pb_divider divider_weight=\u00a0\u00bb2px\u00a0\u00bb _builder_version=\u00a0\u00bb4.27.4&Prime; _module_preset=\u00a0\u00bbdefault\u00a0\u00bb global_colors_info=\u00a0\u00bb{}\u00a0\u00bb theme_builder_area=\u00a0\u00bbpost_content\u00a0\u00bb][\/et_pb_divider][\/et_pb_column][\/et_pb_row][et_pb_row _builder_version=\u00a0\u00bb4.27.4&Prime; _module_preset=\u00a0\u00bbdefault\u00a0\u00bb global_colors_info=\u00a0\u00bb{}\u00a0\u00bb theme_builder_area=\u00a0\u00bbpost_content\u00a0\u00bb][et_pb_column type=\u00a0\u00bb4_4&Prime; _builder_version=\u00a0\u00bb4.27.4&Prime; _module_preset=\u00a0\u00bbdefault\u00a0\u00bb global_colors_info=\u00a0\u00bb{}\u00a0\u00bb theme_builder_area=\u00a0\u00bbpost_content\u00a0\u00bb][et_pb_text _builder_version=\u00a0\u00bb4.27.4&Prime; _module_preset=\u00a0\u00bbdefault\u00a0\u00bb text_line_height=\u00a0\u00bb0.9em\u00a0\u00bb background_color=\u00a0\u00bb#64A47F\u00a0\u00bb global_colors_info=\u00a0\u00bb{}\u00a0\u00bb theme_builder_area=\u00a0\u00bbpost_content\u00a0\u00bb]<\/p>\n<p style=\"text-align: center\"><span style=\"color: #000000\"><\/span><\/p>\n<p style=\"text-align: center\"><span style=\"color: #000000\"><\/span><\/p>\n<p style=\"text-align: center\"><strong><span style=\"color: #ffffff\">Le pr\u00eatre est disponible pour la confession une heure avant chaque c\u00e9l\u00e9bration (samedi et dimanche). Pour d&rsquo;autres cr\u00e9neaux, contactez-nous : <\/span><\/strong><span style=\"color: #ffffff\"><\/span><\/p>\n<p style=\"text-align: center\"><span style=\"color: #ffffff\"><a href=\"mailto:paroisse.mir.sg@gmail.com\" style=\"color: #ffffff\">paroisse.mir.sg@gmail.com <\/a>&#8211;\u00a0 05 46 70 28 11<\/span><span style=\"color: #ffffff\"><\/span><\/p>\n<p style=\"text-align: center\"><span style=\"color: #ffffff\"><\/span><\/p>\n<p style=\"text-align: center\"><span style=\"color: #ffffff\"><strong>Presbyt\u00e8re<\/strong> de Mirambeau<\/span><\/p>\n<p style=\"text-align: center\"><span style=\"color: #ffffff\">\u00a011 rue des Recollets<\/span><\/p>\n<p style=\"text-align: center\"><span style=\"color: #ffffff\">\u00a0 \u00a0 17150 Mirambeau<\/span><\/p>\n<p style=\"text-align: center\"><span style=\"color: #ffffff\"><strong>Permanences du secr\u00e9tariat :\u00a0 \u00a0\u00a0<\/strong>Les jeudis de 14h30 \u00e0 16h30 et les samedis de 9h30 \u00e0 11h30<\/span><\/p>\n<p style=\"text-align: center\"><span style=\"color: #000000\"><\/span><\/p>\n<p style=\"text-align: center\"><span style=\"color: #000000\"><\/span><\/p>\n<p>[\/et_pb_text][\/et_pb_column][\/et_pb_row][\/et_pb_section]<\/p>\n","protected":false},"excerpt":{"rendered":"<p>Le sacrement de la p\u00e9nitence ou de la r\u00e9conciliation\u00a0est par excellence le sacrement de l\u2019amour et de la consolation de Dieu. En tout premier lieu,\u00a0se confesser, c\u2019est confesser l\u2019amour de [&hellip;]<\/p>\n","protected":false},"author":1,"featured_media":0,"parent":222,"menu_order":0,"comment_status":"closed","ping_status":"closed","template":"","meta":{"_et_pb_use_builder":"on","_et_pb_old_content":"<!-- wp:paragraph -->\n<p>La <a rel=\"noreferrer noopener\" href=\"http:\/\/eglise.catholique.fr\/approfondir-sa-foi\/la-celebration-de-la-foi\/les-sacrements\/la-penitence-et-la-reconciliation\/\" target=\"_blank\"><strong>confession<\/strong><\/a><strong>, <\/strong>sacrement du pardon ou de r\u00e9conciliation est la manifestation de l\u2019Amour de Dieu. Par ce sacrement, nous sommes lib\u00e9r\u00e9s du p\u00e9ch\u00e9 et fortifi\u00e9s lorsque nous sommes faibles moralement et physiquement.<\/p>\n<!-- \/wp:paragraph -->\n\n<!-- wp:paragraph {\"backgroundColor\":\"very-light-gray\"} -->\n<p class=\"has-very-light-gray-background-color has-background\"><em><strong>\u00ab&nbsp;Car tu es bon, Seigneur, tu pardonnes, tu es plein d\u2019amour pour ceux qui t\u2019invoquent&nbsp;\u00bb Psaumes 86, 5 <\/strong><\/em>Confessions<\/p>\n<!-- \/wp:paragraph -->\n\n<!-- wp:paragraph -->\n<p>Chaque ann\u00e9e, des c\u00e9l\u00e9brations p\u00e9nitentielles seront pr\u00e9vues, habituellement aux moments importants de l'ann\u00e9e liturgique (P\u00e2ques, Toussaint, No\u00ebl). Le calendrier sera annonc\u00e9 sur le site de la paroisse.<\/p>\n<!-- \/wp:paragraph -->\n\n<!-- wp:paragraph -->\n<p>Une d\u00e9marche individuelle est \u00e9galement possible, en appelant directement le cur\u00e9 de la paroisse.<\/p>\n<!-- \/wp:paragraph -->","_et_gb_content_width":"","footnotes":""},"class_list":["post-245","page","type-page","status-publish","hentry"],"_links":{"self":[{"href":"https:\/\/catholiques17.fr\/mir-sg\/wp-json\/wp\/v2\/pages\/245","targetHints":{"allow":["GET"]}}],"collection":[{"href":"https:\/\/catholiques17.fr\/mir-sg\/wp-json\/wp\/v2\/pages"}],"about":[{"href":"https:\/\/catholiques17.fr\/mir-sg\/wp-json\/wp\/v2\/types\/page"}],"author":[{"embeddable":true,"href":"https:\/\/catholiques17.fr\/mir-sg\/wp-json\/wp\/v2\/users\/1"}],"replies":[{"embeddable":true,"href":"https:\/\/catholiques17.fr\/mir-sg\/wp-json\/wp\/v2\/comments?post=245"}],"version-history":[{"count":10,"href":"https:\/\/catholiques17.fr\/mir-sg\/wp-json\/wp\/v2\/pages\/245\/revisions"}],"predecessor-version":[{"id":9219,"href":"https:\/\/catholiques17.fr\/mir-sg\/wp-json\/wp\/v2\/pages\/245\/revisions\/9219"}],"up":[{"embeddable":true,"href":"https:\/\/catholiques17.fr\/mir-sg\/wp-json\/wp\/v2\/pages\/222"}],"wp:attachment":[{"href":"https:\/\/catholiques17.fr\/mir-sg\/wp-json\/wp\/v2\/media?parent=245"}],"curies":[{"name":"wp","href":"https:\/\/api.w.org\/{rel}","templated":true}]}}