{"id":6510,"date":"2022-02-06T09:47:33","date_gmt":"2022-02-06T08:47:33","guid":{"rendered":"https:\/\/catholiques17.fr\/matha\/?page_id=6510"},"modified":"2023-08-29T08:07:34","modified_gmt":"2023-08-29T06:07:34","slug":"le-bapteme-des-petits-enfants","status":"publish","type":"page","link":"https:\/\/catholiques17.fr\/matha\/le-bapteme-des-petits-enfants\/","title":{"rendered":"Le bapt\u00eame des petits enfants"},"content":{"rendered":"\n<figure class=\"wp-block-image aligncenter size-full\"><img loading=\"lazy\" decoding=\"async\" width=\"200\" height=\"271\" src=\"https:\/\/catholiques17.fr\/matha\/wp-content\/uploads\/sites\/15\/2022\/02\/Image-bapteme-1-e1644250346138.png\" alt=\"\" class=\"wp-image-6521\" \/><\/figure>\n\n\n\n<p>Il y a plusieurs mois que vous y pensiez. Vous le savez, depuis un peu plus de mille ans, les chr\u00e9tiens ont souhait\u00e9 que les petits enfants re\u00e7oivent le bapt\u00eame. M\u00eame tout petit on peut accueillir l\u2019amour de Dieu. En pr\u00e9sentant votre enfant \u00e0 l\u2019Eglise pour qu\u2019il soit baptis\u00e9, vous voulez lui ouvrir le chemin de la foi chr\u00e9tienne.<\/p>\n\n\n\n<p>La pr\u00e9paration du bapt\u00eame se fait :<br>\u00b7 par une session de 2 rencontres avec une \u00e9quipe de chr\u00e9tiens.<br>. par une rencontre, ou plusieurs, avec le pr\u00eatre,<br>\u00b7 par une r\u00e9p\u00e9tition et r\u00e9flexion sur le d\u00e9roulement du bapt\u00eame, la veille dans l\u2019\u00e9glise avec le pr\u00eatre et un membre de l\u2019\u00e9quipe pastorale. Le parrain et la marraine sont vivement invit\u00e9s aussi.<\/p>\n\n\n\n<p>Les prochaines sessions de rencontres, en soir\u00e9e (20 h 30) sont pr\u00e9vues :<br>\u00b7\u00a0session du mardi 6 et du mardi 20\u00a0 f\u00e9vrier 2024<br>\u00b7\u00a0session du mardi 9 et du mardi 30 avril 2024<br>\u00b7\u00a0session du mardi 25 Juin et du mardi 9 juillet\u00a0 2024<\/p>\n\n\n\n<p>Les bapt\u00eames sont c\u00e9l\u00e9br\u00e9s le plus souvent au cours de la messe paroissiale du dimanche, mais aussi le samedi dans une \u00e9glise de village<\/p>\n\n\n\n<p>Renseignements et inscription toute l\u2019ann\u00e9e<br>Maison paroissiale, 25 rue de St H\u00e9rie \u00e0 Matha<br>\u260f 05 46 58 51 82 \u2013 Courriel : paroisse-matha@orange.fr<\/p>\n\n\n\n<p>T\u00e9l\u00e9charger un <a href=\"https:\/\/catholiques17.fr\/matha\/wp-content\/uploads\/sites\/15\/2023\/08\/Information-preparation-au-bapteme-2024.pdf\" target=\"_blank\" rel=\"noreferrer noopener\">document de pr\u00e9sentation de la pr\u00e9paration au bapt\u00eame dans la paroisse<\/a><\/p>\n\n\n\n<p>Pour plus d\u2019information :<br><a rel=\"noreferrer noopener\" href=\"http:\/\/www.eglise.catholique.fr\/approfondir-sa-foi\/la-celebration-de-la-foi\/les-sacrements\/le-bapteme\/\" target=\"_blank\">http:\/\/www.eglise.catholique.fr\/approfondir-sa-foi\/la-celebration-de-la-foi\/les-sacrements\/le-bapteme\/<\/a><\/p>\n","protected":false},"excerpt":{"rendered":"<p>Il y a plusieurs mois que vous y pensiez. Vous le savez, depuis un peu plus de mille ans, les chr\u00e9tiens ont souhait\u00e9 que les petits enfants re\u00e7oivent le bapt\u00eame. [&hellip;]<\/p>\n","protected":false},"author":20,"featured_media":0,"parent":0,"menu_order":0,"comment_status":"closed","ping_status":"closed","template":"","meta":{"_et_pb_use_builder":"off","_et_pb_old_content":"","_et_gb_content_width":"","footnotes":""},"class_list":["post-6510","page","type-page","status-publish","hentry"],"_links":{"self":[{"href":"https:\/\/catholiques17.fr\/matha\/wp-json\/wp\/v2\/pages\/6510","targetHints":{"allow":["GET"]}}],"collection":[{"href":"https:\/\/catholiques17.fr\/matha\/wp-json\/wp\/v2\/pages"}],"about":[{"href":"https:\/\/catholiques17.fr\/matha\/wp-json\/wp\/v2\/types\/page"}],"author":[{"embeddable":true,"href":"https:\/\/catholiques17.fr\/matha\/wp-json\/wp\/v2\/users\/20"}],"replies":[{"embeddable":true,"href":"https:\/\/catholiques17.fr\/matha\/wp-json\/wp\/v2\/comments?post=6510"}],"version-history":[{"count":6,"href":"https:\/\/catholiques17.fr\/matha\/wp-json\/wp\/v2\/pages\/6510\/revisions"}],"predecessor-version":[{"id":8575,"href":"https:\/\/catholiques17.fr\/matha\/wp-json\/wp\/v2\/pages\/6510\/revisions\/8575"}],"wp:attachment":[{"href":"https:\/\/catholiques17.fr\/matha\/wp-json\/wp\/v2\/media?parent=6510"}],"curies":[{"name":"wp","href":"https:\/\/api.w.org\/{rel}","templated":true}]}}