{"id":6002,"date":"2021-10-14T18:55:58","date_gmt":"2021-10-14T16:55:58","guid":{"rendered":"https:\/\/catholiques17.fr\/matha\/?page_id=6002"},"modified":"2021-10-31T12:42:40","modified_gmt":"2021-10-31T11:42:40","slug":"fraternites-missionnaires-de-la-plaine-et-de-sainte-therese","status":"publish","type":"page","link":"https:\/\/catholiques17.fr\/matha\/paroisse-matha\/mouvement-et-service\/fraternites-missionnaires-de-la-plaine-et-de-sainte-therese\/","title":{"rendered":"Fraternit\u00e9 missionnaire de la plaine et de Sainte-Th\u00e9r\u00e8se"},"content":{"rendered":"\n<div class=\"wp-block-media-text alignwide is-stacked-on-mobile\" style=\"grid-template-columns:22% auto\"><figure class=\"wp-block-media-text__media\"><img loading=\"lazy\" decoding=\"async\" width=\"150\" height=\"150\" src=\"https:\/\/catholiques17.fr\/matha\/wp-content\/uploads\/sites\/15\/2021\/10\/Photo-Ste-Therese-150x150.jpg\" alt=\"\" class=\"wp-image-6010 size-thumbnail\" \/><\/figure><div class=\"wp-block-media-text__content\">\n<p><\/p>\n\n\n\n<blockquote class=\"wp-block-quote is-style-default is-layout-flow wp-block-quote-is-layout-flow\"><p>Au d\u00e9but du XX\u00e8me si\u00e8cle, La spiritualit\u00e9 de Sainte-Th\u00e9r\u00e8se a fortement &nbsp;inspir\u00e9 le p\u00e8re Gabriel Martin, pr\u00eatre missionnaire qui vivait dans les plaines de Vend\u00e9e. Il avait constat\u00e9 que cette r\u00e9gion \u00e9tait \u00e9loign\u00e9e de la pratique religieuse et de la connaissance du Dieu mis\u00e9ricordieux. C\u2019est l\u2019esprit missionnaire de Sainte-Th\u00e9r\u00e8se qui l\u2019a conduit \u00e0 se lancer dans la \u00ab&nbsp;rechristianisassions&nbsp;\u00bb de la Plaine.<\/p><p>Ainsi est n\u00e9e en 1929 la congr\u00e9gation des missionnaires de la plaine et de Sainte-Th\u00e9r\u00e9se, puis une communaut\u00e9 de fr\u00e8res et de s\u0153urs oblates ont vu le jour apr\u00e8s la guerre, ainsi qu\u2019une autre communaut\u00e9 de fr\u00e8re \u00e0 Bassac en Charente.<\/p><p><\/p><\/blockquote>\n<\/div><\/div>\n\n\n\n<p><\/p>\n\n\n\n<p>Des religieux sont envoy\u00e9s ailleurs en Vend\u00e9e et dans d\u2019autres dioc\u00e8ses, vers d\u2019autres terres de mission&nbsp;: milieux urbains, notamment en Charente maritime et pendant pr\u00e8s de 20 ans \u00e0 Saintes et \u00e0 Matha \u2013St Hilaire-Burie .On peut citer les p\u00e8res Lebot, Belhomme, de La Bruni\u00e8re, Mespect, Geffard , Mallard,&nbsp; Boudaud, Brossaud, Geay, Pacraud, Aubron, fr\u00e8re Coirier au service de nos paroisses .<\/p>\n\n\n\n<p>C\u2019est bien plus tard, en 1994, que des la\u00efcs se sont associ\u00e9s aux missionnaires de la plaine, pour vivre leur mission de baptis\u00e9s  enracin\u00e9s dans l\u2019Eglise dioc\u00e9saine, dans la r\u00e9alit\u00e9 concr\u00e8te de leurs vies quotidiennes, et selon la diversit\u00e9 de leurs vocations, en se soutenant par une vie de fraternit\u00e9, et en suivant les pas de Sainte-Th\u00e9r\u00e8se notre patronne.<\/p>\n\n\n\n<p>Aujourd\u2019hui les fraternit\u00e9s missionnaires de la plaine et de Sainte-Th\u00e9r\u00e8se sont au nombre de 7 en Charente-Maritime&nbsp;: 1 \u00e0 La Rochelle,1 \u00e0 Marans , &nbsp;2 \u00e0 Surg\u00e8res, 1 \u00e0 Saintes, 1 \u00e0 Matha-St Hilaire, 1 \u00e0 Montlieu . La Fraternit\u00e9 est reconnue &nbsp;<strong>associations de fid\u00e8les<\/strong> depuis 2017. &nbsp;Nous sommes ici deux fraternit\u00e9s r\u00e9unies chacune compos\u00e9e de 8 \u00e0 9 membres avec un responsable et un accompagnateur venant d\u2019une autre fraternit\u00e9.<\/p>\n\n\n\n<p>Aujourd\u2019hui l\u2019expression \u00ab&nbsp;ma Plaine&nbsp;\u00bb peut \u00eatre comprise comme mon lieu de vie, de travail, d\u2019engagement,&nbsp;de service,&nbsp;le lieu o\u00f9 j&rsquo;ai \u00e0 vivre ma foi.<\/p>\n\n\n\n<p>Localement, nous nous rencontrons pour des temps de pri\u00e8re, partage de vie, pour s\u2019entraider \u00e0 vivre notre vie de baptis\u00e9s , approfondir notre engagement et &nbsp;partager la convivialit\u00e9.<\/p>\n\n\n\n<p>&nbsp;La fraternit\u00e9 est ouverte \u00e0 tous.<\/p>\n\n\n\n<p>Vous pouvez obtenir des informations sur le site internet <strong><a rel=\"noreferrer noopener\" href=\"https:\/\/www.fratmdp.fr\/\" target=\"_blank\">fratmdp.fr<\/a><\/strong> ou bien aupr\u00e8s d\u2019un de ses membres : Marie-Odile Desherbiers, responsable de l&rsquo;\u00e9quipe ; Anna Moreau (06 67 46 93 17 \/ 05 46 26 20 15) ; Bernadette Baudry<\/p>\n","protected":false},"excerpt":{"rendered":"<p>Au d\u00e9but du XX\u00e8me si\u00e8cle, La spiritualit\u00e9 de Sainte-Th\u00e9r\u00e8se a fortement &nbsp;inspir\u00e9 le p\u00e8re Gabriel Martin, pr\u00eatre missionnaire qui vivait dans les plaines de Vend\u00e9e. Il avait constat\u00e9 que cette [&hellip;]<\/p>\n","protected":false},"author":20,"featured_media":6003,"parent":4942,"menu_order":0,"comment_status":"closed","ping_status":"closed","template":"","meta":{"_et_pb_use_builder":"off","_et_pb_old_content":"","_et_gb_content_width":"","footnotes":""},"class_list":["post-6002","page","type-page","status-publish","has-post-thumbnail","hentry"],"_links":{"self":[{"href":"https:\/\/catholiques17.fr\/matha\/wp-json\/wp\/v2\/pages\/6002","targetHints":{"allow":["GET"]}}],"collection":[{"href":"https:\/\/catholiques17.fr\/matha\/wp-json\/wp\/v2\/pages"}],"about":[{"href":"https:\/\/catholiques17.fr\/matha\/wp-json\/wp\/v2\/types\/page"}],"author":[{"embeddable":true,"href":"https:\/\/catholiques17.fr\/matha\/wp-json\/wp\/v2\/users\/20"}],"replies":[{"embeddable":true,"href":"https:\/\/catholiques17.fr\/matha\/wp-json\/wp\/v2\/comments?post=6002"}],"version-history":[{"count":7,"href":"https:\/\/catholiques17.fr\/matha\/wp-json\/wp\/v2\/pages\/6002\/revisions"}],"predecessor-version":[{"id":6084,"href":"https:\/\/catholiques17.fr\/matha\/wp-json\/wp\/v2\/pages\/6002\/revisions\/6084"}],"up":[{"embeddable":true,"href":"https:\/\/catholiques17.fr\/matha\/wp-json\/wp\/v2\/pages\/4942"}],"wp:featuredmedia":[{"embeddable":true,"href":"https:\/\/catholiques17.fr\/matha\/wp-json\/wp\/v2\/media\/6003"}],"wp:attachment":[{"href":"https:\/\/catholiques17.fr\/matha\/wp-json\/wp\/v2\/media?parent=6002"}],"curies":[{"name":"wp","href":"https:\/\/api.w.org\/{rel}","templated":true}]}}