{"id":4902,"date":"2021-03-24T10:19:36","date_gmt":"2021-03-24T09:19:36","guid":{"rendered":"https:\/\/catholiques17.fr\/matha\/?page_id=4902"},"modified":"2021-03-24T10:34:16","modified_gmt":"2021-03-24T09:34:16","slug":"le-bapteme-des-jeunes-et-des-adultes","status":"publish","type":"page","link":"https:\/\/catholiques17.fr\/matha\/paroisse-matha\/les-etapes-de-la-vie\/le-bapteme-des-jeunes-et-des-adultes\/","title":{"rendered":"Le bapt\u00eame des jeunes et des adultes"},"content":{"rendered":"<p>[et_pb_section fb_built=\u00a0\u00bb1&Prime; _builder_version=\u00a0\u00bb4.9.2&Prime; _module_preset=\u00a0\u00bbdefault\u00a0\u00bb custom_padding=\u00a0\u00bb0px|||||\u00a0\u00bb][et_pb_row _builder_version=\u00a0\u00bb4.9.2&Prime; _module_preset=\u00a0\u00bbdefault\u00a0\u00bb][et_pb_column _builder_version=\u00a0\u00bb4.9.2&Prime; _module_preset=\u00a0\u00bbdefault\u00a0\u00bb type=\u00a0\u00bb4_4&Prime;][et_pb_text _builder_version=\u00a0\u00bb4.9.2&Prime; _module_preset=\u00a0\u00bbdefault\u00a0\u00bb hover_enabled=\u00a0\u00bb0&Prime; sticky_enabled=\u00a0\u00bb0&Prime;]<\/p>\n<p>Le cat\u00e9chum\u00e9nat a pour but d\u2019accueillir les jeunes et les adultes qui frappent \u00e0 la porte de l\u2019Eglise en demandant les sacrements de l\u2019initiation chr\u00e9tienne (Bapt\u00eame, Confirmation, Eucharistie), et de leur faire d\u00e9couvrir le Dieu de J\u00e9sus-Christ.<\/p>\n<p>Le cat\u00e9chum\u00e9nat est le temps de formation des cat\u00e9chum\u00e8nes, \u00ab cat\u00e9chum\u00e8ne \u00bb vient du grec et signifie celui qui est enseign\u00e9 et en qui r\u00e9sonne la parole de Dieu. On appelle aussi cat\u00e9chum\u00e8ne toute personne qui a manifest\u00e9 le d\u00e9sir de d\u00e9couvrir Dieu et de recevoir le bapt\u00eame, la confirmation et l\u2019eucharistie.<\/p>\n<p>L\u2019accompagnement des jeunes et des adultes en demande de sacrement d\u2019initiation se fait sur le mode de l\u2019adaptation en fonction des personnes accueillies. Dans notre paroisse, cet accompagnement est assur\u00e9 par un \u00e9quipe comprenant le pr\u00eatre et des personnes de la communaut\u00e9 (la\u00efcs).<\/p>\n<p>Le cat\u00e9chum\u00e9nat se d\u00e9roule avec plusieurs \u00e9tapes :<br \/>\u2013 une entr\u00e9e en cat\u00e9chum\u00e9nat, en g\u00e9n\u00e9ral quelques mois apr\u00e8s le d\u00e9but des rencontres avec l\u2019\u00e9quipe d\u2019accompagnement<br \/>\u2013 \u201d l\u2019appel d\u00e9cisif \u201d par l\u2019\u00e9v\u00eaque des adultes qui seront baptis\u00e9s \u00e0 P\u00e2ques : le premier dimanche des car\u00eame<br \/>\u2013 un temps de retraite spirituelle et de conversion pendant le car\u00eame avec trois rites appel\u00e9s \u201d scrutins \u201d<br \/>\u2013 le bapt\u00eame et la premi\u00e8re des communions pendant la vigile pascale (dans la nuit de P\u00e2ques)<\/p>\n<p>Pour se renseigner : Maison paroissiale 25 rue de St H\u00e9rie \u2013 17160 Matha<br \/>05 46 58 51 82 ou 06 77 75 85 36<br \/>paroisse-matha@orange.fr<\/p>\n<p>Pour en savoir plus :<br \/>\u2013 Sur le site de l\u2019Eglise de France : Cat\u00e9chum\u00e9nat<\/p>\n<p>[\/et_pb_text][\/et_pb_column][\/et_pb_row][\/et_pb_section]<\/p>\n","protected":false},"excerpt":{"rendered":"<p>Le cat\u00e9chum\u00e9nat a pour but d\u2019accueillir les jeunes et les adultes qui frappent \u00e0 la porte de l\u2019Eglise en demandant les sacrements de l\u2019initiation chr\u00e9tienne (Bapt\u00eame, Confirmation, Eucharistie), et de [&hellip;]<\/p>\n","protected":false},"author":4,"featured_media":0,"parent":4894,"menu_order":0,"comment_status":"closed","ping_status":"closed","template":"","meta":{"_et_pb_use_builder":"on","_et_pb_old_content":"","_et_gb_content_width":"","footnotes":""},"class_list":["post-4902","page","type-page","status-publish","hentry"],"_links":{"self":[{"href":"https:\/\/catholiques17.fr\/matha\/wp-json\/wp\/v2\/pages\/4902","targetHints":{"allow":["GET"]}}],"collection":[{"href":"https:\/\/catholiques17.fr\/matha\/wp-json\/wp\/v2\/pages"}],"about":[{"href":"https:\/\/catholiques17.fr\/matha\/wp-json\/wp\/v2\/types\/page"}],"author":[{"embeddable":true,"href":"https:\/\/catholiques17.fr\/matha\/wp-json\/wp\/v2\/users\/4"}],"replies":[{"embeddable":true,"href":"https:\/\/catholiques17.fr\/matha\/wp-json\/wp\/v2\/comments?post=4902"}],"version-history":[{"count":2,"href":"https:\/\/catholiques17.fr\/matha\/wp-json\/wp\/v2\/pages\/4902\/revisions"}],"predecessor-version":[{"id":4905,"href":"https:\/\/catholiques17.fr\/matha\/wp-json\/wp\/v2\/pages\/4902\/revisions\/4905"}],"up":[{"embeddable":true,"href":"https:\/\/catholiques17.fr\/matha\/wp-json\/wp\/v2\/pages\/4894"}],"wp:attachment":[{"href":"https:\/\/catholiques17.fr\/matha\/wp-json\/wp\/v2\/media?parent=4902"}],"curies":[{"name":"wp","href":"https:\/\/api.w.org\/{rel}","templated":true}]}}