{"id":6419,"date":"2023-02-21T14:29:52","date_gmt":"2023-02-21T13:29:52","guid":{"rendered":"https:\/\/catholiques17.fr\/marie-eustelle\/?page_id=6419"},"modified":"2023-05-31T16:20:41","modified_gmt":"2023-05-31T14:20:41","slug":"marie-eustelle-pour-aujourdhui","status":"publish","type":"page","link":"https:\/\/catholiques17.fr\/marie-eustelle\/marie-eustelle-pour-aujourdhui\/","title":{"rendered":"Marie-Eustelle pour aujourd&rsquo;hui ?"},"content":{"rendered":"<p>[et_pb_section fb_built=\u00a0\u00bb1&Prime; _builder_version=\u00a0\u00bb4.17.6&Prime; _module_preset=\u00a0\u00bbdefault\u00a0\u00bb global_colors_info=\u00a0\u00bb{}\u00a0\u00bb theme_builder_area=\u00a0\u00bbpost_content\u00a0\u00bb][et_pb_row _builder_version=\u00a0\u00bb4.17.6&Prime; _module_preset=\u00a0\u00bbdefault\u00a0\u00bb global_colors_info=\u00a0\u00bb{}\u00a0\u00bb theme_builder_area=\u00a0\u00bbpost_content\u00a0\u00bb][et_pb_column type=\u00a0\u00bb4_4&Prime; _builder_version=\u00a0\u00bb4.17.6&Prime; _module_preset=\u00a0\u00bbdefault\u00a0\u00bb global_colors_info=\u00a0\u00bb{}\u00a0\u00bb theme_builder_area=\u00a0\u00bbpost_content\u00a0\u00bb][et_pb_text _builder_version=\u00a0\u00bb4.17.6&Prime; _module_preset=\u00a0\u00bbdefault\u00a0\u00bb hover_enabled=\u00a0\u00bb0&Prime; global_colors_info=\u00a0\u00bb{}\u00a0\u00bb theme_builder_area=\u00a0\u00bbpost_content\u00a0\u00bb sticky_enabled=\u00a0\u00bb0&Prime;]<\/p>\n<p>Que peut bien nous apprendre aujourd\u2019hui une jeune femme ayant v\u00e9cu il y a pre\u0300s de 200 ans ?<\/p>\n<p>En premier lieu, \u00e0 mettre J\u00e9sus au centre de notre vie, ce qui n\u2019a pas toujours \u00e9t\u00e9 une \u00e9vidence pour Marie Eustelle. Avant de se convertir d\u00e9finitivement \u00e0 l\u2019adolescence, elle partageait la vie ordinaire des jeunes filles de son \u00e2ge, plus attir\u00e9es par les bals que par l\u2019\u00e9glise. Puis, \u00e0 15 ans elle choisit de suivre l\u2019appel du Christ, mais elle n\u2019est pas parfaite : elle explique longuement ses tentations, ses erreurs, avec, cependant, le de\u0301sir de toujours revenir \u00e0 Dieu. Ne sommes-nous pas, nous aussi, souvent d\u00e9sesp\u00e9r\u00e9s de nos erreurs et de nos chutes ?<\/p>\n<p>Elle peut nous aider a\u0300 avoir confiance en Dieu, en sa mise\u0301ricorde qui vient nous relever. Elle peut aussi nous apprendre a\u0300 nous organiser pour mettre Je\u0301sus a\u0300 la premie\u0300re place dans nos vies, a\u0300 Le prier, a\u0300 Lui confier tous les d\u00e9tails de notre vie, a\u0300 nous abandonner a\u0300 Lui dans l\u2019adoration et l\u2019eucharistie.<\/p>\n<p>N\u2019\u00e9tant pas appele\u0301e a\u0300 devenir religieuse, c\u2019est comme lai\u0308que, dans son travail et dans sa paroisse, qu\u2019elle a donn\u00e9 sa vie a\u0300 J\u00e9sus, entie\u0300rement pre\u0301occupe\u0301e par un monde qui avait choisi de vivre sans Dieu, tout comme celui dans lequel nous vivons. Sa vie fait \u00e9cho \u00e0 la parole de saint Franc\u0327ois de Sales invitant a\u0300 la saintete\u0301 : \u00ab Il faut fleurir la\u0300 ou\u0300 nous sommes plante\u0301s. \u00bb<\/p>\n<p>C\u2019est parce que la figure de Marie-Eustelle est toujours actuelle aujourd\u2019hui que le dioc\u00e8se de La Rochelle a choisi de relancer la proc\u00e9dure de b\u00e9atification.<\/p>\n<p>Dans les pages suivantes, d\u00e9couvrez ce que Marie-Eustelle peut dire \u00e0 chacun de nous aujourd\u2019hui !<\/p>\n<p>[\/et_pb_text][et_pb_testimonial author=\u00a0\u00bbMarie-Eustelle Harpain\u00a0\u00bb company_name=\u00a0\u00bbXCVIe lettre\u00a0\u00bb portrait_url=\u00a0\u00bbhttps:\/\/catholiques17.fr\/marie-eustelle\/wp-content\/uploads\/sites\/35\/2023\/02\/Marie-Eustelle-detoure-Copie.png\u00a0\u00bb _builder_version=\u00a0\u00bb4.17.6&Prime; _module_preset=\u00a0\u00bbdefault\u00a0\u00bb global_colors_info=\u00a0\u00bb{}\u00a0\u00bb theme_builder_area=\u00a0\u00bbpost_content\u00a0\u00bb]<\/p>\n<p>Pas tous appel\u00e9s \u00e0 ressembler \u00e0 Marie-Eustelle, mais tous appel\u00e9s \u00e0 aimer Dieu\u00a0!<\/p>\n<p>\u00a0Nous ne sommes pas appel\u00e9s \u00e0 ressembler en toute chose \u00e0 Marie-Eustelle, comme elle l\u2019expose elle-m\u00eame \u00e0 une amie. En revanche inspirons-nous de son t\u00e9moignage qui nous \u00e9claire sur l\u2019immensit\u00e9 de l\u2019amour du Christ dont elle a eu une connaissance particuli\u00e8re. Car nous sommes tous appel\u00e9s \u00e0 r\u00e9pondre \u00e0 l\u2019amour de Dieu, \u00e0 notre mani\u00e8re. Telle est notre vocation et Marie-Eustelle nous y encourage.<\/p>\n<blockquote>\n<p>\u00a0<em>\u00ab Vous savez que les \u00e2mes ne sont pas toutes conduites par la m\u00eame voie ; il y a donc diff\u00e9rentes directions pour elles. Ainsi les fleurs d&rsquo;un jardin r\u00e9clament une culture diff\u00e9rente, selon leur esp\u00e8ce et leur qualit\u00e9. J\u00e9sus, ce divin jardinier, donne \u00e0 notre \u00e2me les dons qui lui sont propres, pour faire en elle et par elle ce qui est dans l&rsquo;ordre de sa sagesse divine.<\/p>\n<p><\/em><em>Mon intention aurait \u00e9t\u00e9 de vous indiquer ici quelque moyen de faire l&rsquo;oraison ; mais j\u2019attendrai que vous soyez moins cach\u00e9e avec moi, et que vous me fassiez connaitre votre attrait : vous ne me refuserez pas cela, je pense, \u00e0 notre premi\u00e8re entrevue. Je vous dirai plus s\u00fbrement ce que je croirai \u00eatre le plus utile pour votre \u00e2me.<\/p>\n<p><\/em><em>J\u00e9sus veut que vous l\u2019aimiez beaucoup ; avec cela, l&rsquo;oraison est tr\u00e8s facile \u00e0 faire. Ayez bon courage ; allez au Tabernacle. \u00bb<\/em><\/p>\n<\/blockquote>\n<p>[\/et_pb_testimonial][et_pb_post_slider posts_number=\u00a0\u00bb10&Prime; include_categories=\u00a0\u00bb6&Prime; orderby=\u00a0\u00bbdate_asc\u00a0\u00bb more_text=\u00a0\u00bbEn savoir plus\u00a0\u00bb excerpt_length=\u00a0\u00bb100&Prime; show_meta=\u00a0\u00bboff\u00a0\u00bb _builder_version=\u00a0\u00bb4.17.6&Prime; _module_preset=\u00a0\u00bbdefault\u00a0\u00bb auto=\u00a0\u00bbon\u00a0\u00bb locked=\u00a0\u00bboff\u00a0\u00bb global_colors_info=\u00a0\u00bb{}\u00a0\u00bb theme_builder_area=\u00a0\u00bbpost_content\u00a0\u00bb][\/et_pb_post_slider][\/et_pb_column][\/et_pb_row][\/et_pb_section]<\/p>\n","protected":false},"excerpt":{"rendered":"<p>Que peut bien nous apprendre aujourd\u2019hui une jeune femme ayant v\u00e9cu il y a pre\u0300s de 200 ans ? En premier lieu, \u00e0 mettre J\u00e9sus au centre de notre vie, [&hellip;]<\/p>\n","protected":false},"author":41,"featured_media":0,"parent":0,"menu_order":0,"comment_status":"closed","ping_status":"closed","template":"","meta":{"_et_pb_use_builder":"on","_et_pb_old_content":"","_et_gb_content_width":"","footnotes":""},"class_list":["post-6419","page","type-page","status-publish","hentry"],"_links":{"self":[{"href":"https:\/\/catholiques17.fr\/marie-eustelle\/wp-json\/wp\/v2\/pages\/6419","targetHints":{"allow":["GET"]}}],"collection":[{"href":"https:\/\/catholiques17.fr\/marie-eustelle\/wp-json\/wp\/v2\/pages"}],"about":[{"href":"https:\/\/catholiques17.fr\/marie-eustelle\/wp-json\/wp\/v2\/types\/page"}],"author":[{"embeddable":true,"href":"https:\/\/catholiques17.fr\/marie-eustelle\/wp-json\/wp\/v2\/users\/41"}],"replies":[{"embeddable":true,"href":"https:\/\/catholiques17.fr\/marie-eustelle\/wp-json\/wp\/v2\/comments?post=6419"}],"version-history":[{"count":7,"href":"https:\/\/catholiques17.fr\/marie-eustelle\/wp-json\/wp\/v2\/pages\/6419\/revisions"}],"predecessor-version":[{"id":6612,"href":"https:\/\/catholiques17.fr\/marie-eustelle\/wp-json\/wp\/v2\/pages\/6419\/revisions\/6612"}],"wp:attachment":[{"href":"https:\/\/catholiques17.fr\/marie-eustelle\/wp-json\/wp\/v2\/media?parent=6419"}],"curies":[{"name":"wp","href":"https:\/\/api.w.org\/{rel}","templated":true}]}}