{"id":6394,"date":"2023-02-20T10:55:31","date_gmt":"2023-02-20T09:55:31","guid":{"rendered":"https:\/\/catholiques17.fr\/marie-eustelle\/?page_id=6394"},"modified":"2023-04-27T17:34:58","modified_gmt":"2023-04-27T15:34:58","slug":"textes-et-articles-sur-marie-eustelle","status":"publish","type":"page","link":"https:\/\/catholiques17.fr\/marie-eustelle\/textes-et-articles-sur-marie-eustelle\/","title":{"rendered":"Textes et articles sur Marie-Eustelle"},"content":{"rendered":"<p>[et_pb_section fb_built=\u00a0\u00bb1&Prime; _builder_version=\u00a0\u00bb4.17.6&Prime; _module_preset=\u00a0\u00bbdefault\u00a0\u00bb global_colors_info=\u00a0\u00bb{}\u00a0\u00bb theme_builder_area=\u00a0\u00bbpost_content\u00a0\u00bb][et_pb_row _builder_version=\u00a0\u00bb4.17.6&Prime; _module_preset=\u00a0\u00bbdefault\u00a0\u00bb global_colors_info=\u00a0\u00bb{}\u00a0\u00bb theme_builder_area=\u00a0\u00bbpost_content\u00a0\u00bb][et_pb_column type=\u00a0\u00bb4_4&Prime; _builder_version=\u00a0\u00bb4.17.6&Prime; _module_preset=\u00a0\u00bbdefault\u00a0\u00bb global_colors_info=\u00a0\u00bb{}\u00a0\u00bb theme_builder_area=\u00a0\u00bbpost_content\u00a0\u00bb][et_pb_text _builder_version=\u00a0\u00bb4.17.6&Prime; _module_preset=\u00a0\u00bbdefault\u00a0\u00bb global_colors_info=\u00a0\u00bb{}\u00a0\u00bb theme_builder_area=\u00a0\u00bbpost_content\u00a0\u00bb]<\/p>\n<p>Apr\u00e8s la mort de Marie-Eustelle, ses \u00e9crits sont rapidement publi\u00e9s, ainsi qu\u2019un certain nombre d\u2019ouvrages consacr\u00e9s \u00e0 sa vie,<\/p>\n<ul>\n<li>1843 : <strong>Recueil des \u00e9crits de Marie-Eustelle<\/strong> \u2013 il existe de nombreuses \u00e9ditions<\/li>\n<li>1845 : <strong>Notice sur la vie de Marie-Eustelle Harpain<\/strong>, Lyon<\/li>\n<li>1847 :<strong> \u00ab Marie-Eustelle ou la fervente adoratrice du St Sacrement \u00bb<\/strong><br \/>Par Jos\u00e9phine Marie de Gaulle (1806 \u2013 1886), Grand-m\u00e8re de Charles de Gaulle<br \/>Editions Lille L. Lefort<br \/>(R\u00e9\u00e9ditions en 1851, 1864\u2026)<\/li>\n<li>1857 :<strong> \u00ab Maire Eustelle Harpain, Notice biographique \u00bb<\/strong><br \/>Par l\u2019Abb\u00e9 Izard<br \/>Soligny la Grande Trappe, imprimerie de la Grande Trappe<\/li>\n<li>1863 :<strong> \u00ab L\u2019Ange de l\u2019Eucharistie ou Vie et Esprit de Marie Eustelle Harpain \u00bb<\/strong><br \/>Par Claudius Maria Mayet, Mariste (1809 \u2013 1894)<br \/>(Nombreuses r\u00e9\u00e9ditions, jusqu\u2019en 1903..)<\/li>\n<li>1868 : \u00e9dition polonaise des \u00e9crits de Marie-Eustelle, traduite par le P. Grenot<\/li>\n<li>1898 :<strong> \u00ab Dossier biographique \u00bb<\/strong> n\u00b0284 de la revue Les Contemporains paru le 20 mars.<br \/>Par S. Halley<\/li>\n<li>1910 :<strong> \u00ab El\u00e9vations eucharistiques \u00bb<\/strong>, contient des extraits de ses \u00e9crits<br \/>Editions Avignon Aubanel fr\u00e8res<\/li>\n<li>1911 : <strong>Cause de b\u00e9atification<\/strong><br \/>Par Ludovicus Cop\u00e9r\u00e9, Postulateur<\/li>\n<li>1919 : un ouvrage du Chanoine Plumeau<\/li>\n<li>1921 : <strong>Vie et Vertus de Marie Eustelle Harpain<\/strong><br \/>Par Chanoine L. Poivert<br \/>(R\u00e9\u00e9dition en 1929)<\/li>\n<li>1925 :<strong> \u00ab Une amante de J\u00e9sus Hostie : Marie Eustelle Harpain \u00bb<\/strong><br \/>Par Elie Maire, Aumonier du coll\u00e8ge Stanislas<\/li>\n<li>1926 : <strong>Bulletin religieux dioc\u00e9sain<\/strong> du 15 mai, relatant le transfert des restes de Marie-Eustelle<br \/>Par Chanoine L. Poivert<\/li>\n<li>Article dans le <strong>Dictionnaire de Spiritualit\u00e9<\/strong> \u2013 tome 7, colonnes 80-82<br \/>Par Georges Blond (1906 \u2013 1989)<br \/>Editions Beauchesne<\/li>\n<li>1931 :<strong> \u00ab Aux jeunes filles ap\u00f4tres, un mod\u00e8le : Marie Eustelle Harpain \u00bb<\/strong><br \/>Par Abb\u00e9 Charton, R\u00e9demptoriste<br \/>Editions Paris VI, Librairie St Paul \/ St Etienne, Ap\u00f4tre du Foyer<\/li>\n<\/ul>\n<p>[\/et_pb_text][et_pb_cta title=\u00a0\u00bbAux Jeunes Filles Ap\u00f4tres&#8230;\u00a0\u00bb button_url=\u00a0\u00bbhttps:\/\/catholiques17.fr\/marie-eustelle\/aux-jeunes-filles-apotres-un-modele-marie-eustelle-harpain\/\u00a0\u00bb button_text=\u00a0\u00bbVoir le livre\u00a0\u00bb _builder_version=\u00a0\u00bb4.17.6&Prime; _module_preset=\u00a0\u00bbdefault\u00a0\u00bb background_color=\u00a0\u00bb#356D89&Prime; global_colors_info=\u00a0\u00bb{}\u00a0\u00bb theme_builder_area=\u00a0\u00bbpost_content\u00a0\u00bb]<\/p>\n<div class=\"et_pb_module et_pb_text et_pb_text_0  et_pb_text_align_left et_pb_bg_layout_light\">\n<div class=\"et_pb_text_inner\">\n<p>L&rsquo;ouvrage du P. Charton,<span>\u00a0<\/span><strong>Aux Jeunes Filles Ap\u00f4tres : un mod\u00e8le, Marie-Eustelle Harpain,<\/strong>\u00a0a \u00e9t\u00e9 num\u00e9ris\u00e9 par la BNF.<\/p>\n<\/div>\n<\/div>\n<div class=\"et_pb_module et_pb_code et_pb_code_0\">\n<div class=\"et_pb_code_inner\"><\/div>\n<\/div>\n<p>[\/et_pb_cta][et_pb_cta title=\u00a0\u00bbRessources sur Marie-Eustelle\u00a0\u00bb _builder_version=\u00a0\u00bb4.17.6&Prime; _module_preset=\u00a0\u00bbdefault\u00a0\u00bb background_color=\u00a0\u00bb#356D89&Prime; global_colors_info=\u00a0\u00bb{}\u00a0\u00bb theme_builder_area=\u00a0\u00bbpost_content\u00a0\u00bb]<\/p>\n<div class=\"et_pb_module et_pb_text et_pb_text_0  et_pb_text_align_left et_pb_bg_layout_light\">\n<div class=\"et_pb_text_inner\">\n<p><span style=\"text-decoration: underline;\"><span style=\"color: #ffffff; text-decoration: underline;\"><\/span><\/span><\/p>\n<p><span style=\"text-decoration: underline;\"><span style=\"color: #ffffff; text-decoration: underline;\"><\/span><\/span><\/p>\n<ul>\n<li>\n<h4><span style=\"text-decoration: underline;\"><span style=\"color: #ffffff; text-decoration: underline;\"><a href=\"https:\/\/catholiques17.fr\/saintes\/marie-eustelle-harpain\/\" style=\"color: #ffffff; text-decoration: underline;\">Le site internet des paroisses de Saintes<\/a><\/span><\/span><\/h4>\n<\/li>\n<li>\n<h4><span style=\"text-decoration: underline;\"><span style=\"color: #ffffff; text-decoration: underline;\"><a href=\"https:\/\/fr.wikipedia.org\/wiki\/Marie-Eustelle_Harpain\" style=\"color: #ffffff; text-decoration: underline;\">La page Wikipedia sur Marie-Eustelle Harpain<\/a><\/span><\/span><\/h4>\n<\/li>\n<\/ul>\n<\/div>\n<\/div>\n<div class=\"et_pb_module et_pb_code et_pb_code_0\">\n<h4 class=\"et_pb_code_inner\"><\/h4>\n<\/div>\n<p>[\/et_pb_cta][et_pb_cta title=\u00a0\u00bbArticles de presse\u00a0\u00bb _builder_version=\u00a0\u00bb4.17.6&Prime; _module_preset=\u00a0\u00bbdefault\u00a0\u00bb background_color=\u00a0\u00bb#356D89&Prime; locked=\u00a0\u00bboff\u00a0\u00bb global_colors_info=\u00a0\u00bb{}\u00a0\u00bb theme_builder_area=\u00a0\u00bbpost_content\u00a0\u00bb]<\/p>\n<p style=\"text-align: left;\"><span style=\"color: #ffffff;\">En novembre 2022, la cause de b\u00e9atification de Marie-Eustelle a \u00e9t\u00e9 relanc\u00e9e. A cette occasion, quelques articles ont \u00e9t\u00e9 publi\u00e9s :<\/span><\/p>\n<ul>\n<li class=\"css-jpidgt efftk62\" style=\"text-align: left;\"><span style=\"color: #ffffff;\"><strong>Marie-Eustelle Harpain, une vie au pied du Tabernacle <\/strong>sur<span style=\"text-decoration: underline;\"><a href=\"https:\/\/fr.aleteia.org\/2022\/11\/13\/marie-eustelle-harpain-une-vie-au-pied-du-tabernacle\/\" style=\"color: #ffffff; text-decoration: underline;\"> Aleteia<\/a><\/span><\/span><\/li>\n<li class=\"css-jpidgt efftk62\" style=\"text-align: left;\"><span style=\"color: #ffffff;\"><strong>R\u00e9ouverture du dossier de b\u00e9atification de Marie-Eustelle, l&rsquo;ange de l&rsquo;Eucharistie<\/strong> sur<span style=\"text-decoration: underline;\"> <a href=\"https:\/\/www.famillechretienne.fr\/39418\/article\/reouverture-du-dossier-de-beatification-de-marie-eustelle-lange-de-leucharistie\" style=\"color: #ffffff; text-decoration: underline;\">Famille Chr\u00e9tienne<\/a><\/span><\/span><\/li>\n<li style=\"text-align: left;\">\n<p class=\"entry-title\"><span style=\"color: #ffffff;\"><strong>Marie-Eustelle Harpain, l\u2019Ange de l\u2019eucharistie<\/strong> <span style=\"text-decoration: underline;\"><a href=\"https:\/\/eglise.catholique.fr\/approfondir-sa-foi\/temoigner\/temoins\/536303-marie-eustelle-harpain-lange-de-leucharistie\/\" style=\"color: #ffffff; text-decoration: underline;\">sur le site de la Conf\u00e9rence des \u00e9v\u00eaques de France<\/a><\/span><\/span><\/p>\n<\/li>\n<\/ul>\n<p>[\/et_pb_cta][et_pb_text _builder_version=\u00a0\u00bb4.17.6&Prime; _module_preset=\u00a0\u00bbdefault\u00a0\u00bb global_colors_info=\u00a0\u00bb{}\u00a0\u00bb theme_builder_area=\u00a0\u00bbpost_content\u00a0\u00bb]<\/p>\n<p>D&rsquo;autres articles ont \u00e9t\u00e9 publi\u00e9s, par exemple dans le journal La Croix le 23 juillet 1926 et le 3 septembre 1942, \u00e0 l&rsquo;occasion des 100 ans de la mort de Marie-Eustelle.<\/p>\n<p>[\/et_pb_text][et_pb_gallery gallery_ids=\u00a0\u00bb6454,6455&Prime; fullwidth=\u00a0\u00bbon\u00a0\u00bb _builder_version=\u00a0\u00bb4.17.6&Prime; _module_preset=\u00a0\u00bbdefault\u00a0\u00bb global_colors_info=\u00a0\u00bb{}\u00a0\u00bb theme_builder_area=\u00a0\u00bbpost_content\u00a0\u00bb][\/et_pb_gallery][\/et_pb_column][\/et_pb_row][\/et_pb_section]<\/p>\n","protected":false},"excerpt":{"rendered":"<p>Apr\u00e8s la mort de Marie-Eustelle, ses \u00e9crits sont rapidement publi\u00e9s, ainsi qu\u2019un certain nombre d\u2019ouvrages consacr\u00e9s \u00e0 sa vie, 1843 : Recueil des \u00e9crits de Marie-Eustelle \u2013 il existe de [&hellip;]<\/p>\n","protected":false},"author":41,"featured_media":0,"parent":0,"menu_order":0,"comment_status":"closed","ping_status":"closed","template":"","meta":{"_et_pb_use_builder":"on","_et_pb_old_content":"","_et_gb_content_width":"","footnotes":""},"class_list":["post-6394","page","type-page","status-publish","hentry"],"_links":{"self":[{"href":"https:\/\/catholiques17.fr\/marie-eustelle\/wp-json\/wp\/v2\/pages\/6394","targetHints":{"allow":["GET"]}}],"collection":[{"href":"https:\/\/catholiques17.fr\/marie-eustelle\/wp-json\/wp\/v2\/pages"}],"about":[{"href":"https:\/\/catholiques17.fr\/marie-eustelle\/wp-json\/wp\/v2\/types\/page"}],"author":[{"embeddable":true,"href":"https:\/\/catholiques17.fr\/marie-eustelle\/wp-json\/wp\/v2\/users\/41"}],"replies":[{"embeddable":true,"href":"https:\/\/catholiques17.fr\/marie-eustelle\/wp-json\/wp\/v2\/comments?post=6394"}],"version-history":[{"count":8,"href":"https:\/\/catholiques17.fr\/marie-eustelle\/wp-json\/wp\/v2\/pages\/6394\/revisions"}],"predecessor-version":[{"id":6562,"href":"https:\/\/catholiques17.fr\/marie-eustelle\/wp-json\/wp\/v2\/pages\/6394\/revisions\/6562"}],"wp:attachment":[{"href":"https:\/\/catholiques17.fr\/marie-eustelle\/wp-json\/wp\/v2\/media?parent=6394"}],"curies":[{"name":"wp","href":"https:\/\/api.w.org\/{rel}","templated":true}]}}