{"id":6273,"date":"2023-02-15T16:14:40","date_gmt":"2023-02-15T15:14:40","guid":{"rendered":"https:\/\/catholiques17.fr\/marie-eustelle\/?page_id=6273"},"modified":"2026-02-24T10:30:08","modified_gmt":"2026-02-24T09:30:08","slug":"la-cause-de-beatification","status":"publish","type":"page","link":"https:\/\/catholiques17.fr\/marie-eustelle\/la-cause-de-beatification\/","title":{"rendered":"La cause de b\u00e9atification"},"content":{"rendered":"<p>[et_pb_section fb_built=\u00a0\u00bb1&Prime; _builder_version=\u00a0\u00bb4.27.5&Prime; _module_preset=\u00a0\u00bbdefault\u00a0\u00bb hover_enabled=\u00a0\u00bb0&Prime; global_colors_info=\u00a0\u00bb{}\u00a0\u00bb theme_builder_area=\u00a0\u00bbpost_content\u00a0\u00bb sticky_enabled=\u00a0\u00bb0&Prime;][et_pb_row _builder_version=\u00a0\u00bb4.17.6&Prime; _module_preset=\u00a0\u00bbdefault\u00a0\u00bb global_colors_info=\u00a0\u00bb{}\u00a0\u00bb theme_builder_area=\u00a0\u00bbpost_content\u00a0\u00bb][et_pb_column type=\u00a0\u00bb4_4&Prime; _builder_version=\u00a0\u00bb4.17.6&Prime; _module_preset=\u00a0\u00bbdefault\u00a0\u00bb global_colors_info=\u00a0\u00bb{}\u00a0\u00bb theme_builder_area=\u00a0\u00bbpost_content\u00a0\u00bb][et_pb_text _builder_version=\u00a0\u00bb4.21.0&Prime; _module_preset=\u00a0\u00bbdefault\u00a0\u00bb global_colors_info=\u00a0\u00bb{}\u00a0\u00bb theme_builder_area=\u00a0\u00bbpost_content\u00a0\u00bb]<\/p>\n<p style=\"margin: 0cm; margin-bottom: .0001pt; vertical-align: baseline;\">\n<p style=\"margin: 0cm; margin-bottom: .0001pt; vertical-align: baseline;\">En novembre 2022, l\u2019assembl\u00e9e pl\u00e9ni\u00e8re des \u00e9v\u00eaques de France a vot\u00e9 l\u2019ouverture de la cause en vue d\u2019une \u00e9ventuelle b\u00e9atification de Marie-Eustelle Harpain, n\u00e9e \u00e0 Saintes, dans le dioc\u00e8se de La Rochelle, en 1814, et morte en 1842.<\/p>\n<p style=\"margin: 0cm; margin-bottom: .0001pt; vertical-align: baseline;\">La cause de b\u00e9atification avait \u00e9t\u00e9 ouverte d\u00e8s les ann\u00e9es 1860, mais n\u2019avait toutefois \u00e9t\u00e9 introduite \u00e0 Rome qu\u2019en 1921, avant d\u2019\u00eatre \u00e0 nouveau oubli\u00e9e. Au mois de novembre 2022, les \u00e9v\u00eaques de France r\u00e9unis \u00e0 Lourdes ont donn\u00e9 leur accord pour la r\u00e9ouverture du dossier.<\/p>\n<p style=\"margin: 0cm; margin-bottom: .0001pt; vertical-align: baseline;\">En mars 2024, le Saint-Si\u00e8ge a donn\u00e9 son Nihil Obstat, qui autorise l\u2019ouverture de la phase dioc\u00e9saine de la cause de la Servante de Dieu, Marie-Eustelle Harpain.<\/p>\n<p style=\"margin: 0cm; margin-bottom: .0001pt; vertical-align: baseline;\"><span>L&rsquo;administrateur apostolique Sede Plena du dioc\u00e8se de La Rochelle<\/span> a donc \u00e9tabli un <span style=\"text-decoration: underline;\"><a href=\"https:\/\/catholiques17.fr\/marie-eustelle\/marie-eustelle-la-phase-diocesaine-du-proces-en-beatification\/\">d\u00e9cret pour rendre public la demande du postulateur<\/a><\/span>\u00a0et lanc\u00e9 les travaux de l\u2019enqu\u00eate dioc\u00e9saine.<\/p>\n<p style=\"margin: 0cm; margin-bottom: .0001pt; vertical-align: baseline;\">Les th\u00e9ologiens et les historiens ont \u00e9tudi\u00e9 les \u00e9crits de Marie-Eustelle et des archives la concernant.<\/p>\n<p style=\"margin: 0cm; margin-bottom: .0001pt; vertical-align: baseline;\">\n<p style=\"margin: 0cm; margin-bottom: .0001pt; vertical-align: baseline;\">Le vendredi 20 f\u00e9vrier 2026, en l&rsquo;\u00e9glise Saint-Pallais de Saintes, Mgr Pierre-Antoine Bozo, notre \u00e9v\u00eaque coadjuteur, a pr\u00e9sid\u00e9 la <span style=\"text-decoration: underline;\"><a href=\"https:\/\/catholiques17.fr\/marie-eustelle\/marie-eustelle-harpain-la-phase-diocesaine-du-proces-est-ouverte\/\">c\u00e9l\u00e9bration d&rsquo;ouverture de la phase d\u2019instruction dioc\u00e9saine du proc\u00e8s en b\u00e9atification<\/a><\/span> de Marie-Eustelle Harpain.<\/p>\n<p>[\/et_pb_text][et_pb_cta title=\u00a0\u00bbLes \u00e9tapes d&rsquo;une b\u00e9atification\u00a0\u00bb button_text=\u00a0\u00bbClics\u00a0\u00bb _builder_version=\u00a0\u00bb4.17.6&Prime; _module_preset=\u00a0\u00bbdefault\u00a0\u00bb background_color=\u00a0\u00bb#356D89&Prime; global_colors_info=\u00a0\u00bb{}\u00a0\u00bb theme_builder_area=\u00a0\u00bbpost_content\u00a0\u00bb]<\/p>\n<p class=\"MsoNormal\" style=\"line-height: 12pt; text-align: justify;\"><b><span style=\"font-family: 'Open Sans', sans-serif; padding: 0cm; border: 1pt none windowtext;\">QU\u2019EST-CE QU\u2019UN SAINT ?<\/span><\/b><span style=\"font-family: 'Open Sans',sans-serif;\"><o:p><\/o:p><\/span><\/p>\n<p style=\"text-align: justify;\">Pour devenir saints, pas besoin d\u2019avoir accompli des \u0153uvres extraordinaires, ni d\u2019\u00eatre martyr, ni encore d\u2019avoir fait des miracles de son vivant, pas besoin non plus d\u2019\u00eatre religieuse ou pr\u00eatre (m\u00eame si, bien entendu, tout cela est tr\u00e8s bien !).<\/p>\n<p style=\"text-align: justify;\">Nous sommes tous appel\u00e9s \u00e0 la saintet\u00e9, c\u2019est-\u00e0-dire \u00e0 l\u2019amour de Dieu et de nos fr\u00e8res et s\u0153urs. Nous sommes appel\u00e9s \u00e0 aimer comme Dieu, qui seul est saint !<\/p>\n<p style=\"text-align: justify;\">Apr\u00e8s leur mort, certains chr\u00e9tiens ont une r\u00e9putation particuli\u00e8re de saintet\u00e9. L\u2019\u00c9glise catholique peut \u00e9tudier leur vie, et discerner pour v\u00e9rifier qu\u2019ils peuvent \u00eatre propos\u00e9s comme mod\u00e8les de vie et comme intercesseurs aupr\u00e8s de Dieu \u00e0 l\u2019ensemble des fid\u00e8les.<\/p>\n<p style=\"text-align: justify;\"><strong>COMMENT l\u2019EGLISE DECLARE-T-ELLE UN FID\u00c8LE BIENHEUREUX OU SAINT ?<\/strong><\/p>\n<p style=\"text-align: justify;\">Les diff\u00e9rentes \u00e9tapes :<\/p>\n<ol style=\"text-align: justify;\">\n<li><strong>La demande \u00e0 un postulateur<\/strong>. Lorsque des fid\u00e8les souhaitent qu\u2019une personne soit reconnue sainte, ils confient leur demande \u00e0 un postulateur. Celui-ci s\u2019adresse \u00e0 l\u2019\u00c9v\u00eaque du lieu o\u00f9 est mort le fid\u00e8le. Ce peut \u00eatre l\u2019\u00c9v\u00eaque lui-m\u00eame qui lance la proc\u00e9dure, en d\u00e9signant un postulateur (ce qui est le cas dans la proc\u00e9dure de Marie-Eustelle).<br \/>Le r\u00f4le du postulateur est de promouvoir la cause.<br \/>Le fid\u00e8le dont la cause de b\u00e9atification est entreprise est appel\u00e9 Serviteur \/ Servante de Dieu.<\/li>\n<li><strong>L\u2019enqu\u00eate dioc\u00e9saine<\/strong>.<strong>\u00a0<\/strong>Elle est confi\u00e9e par l\u2019\u00c9v\u00eaque \u00e0 un d\u00e9l\u00e9gu\u00e9 ainsi qu\u2019\u00e0 un promoteur de justice qui veillent au respect de la l\u00e9galit\u00e9 de la proc\u00e9dure, et \u00e0 un notaire actuaire qui en est le greffier.<br \/>Apr\u00e8s avoir re\u00e7u les avis favorables des \u00e9v\u00eaques et du Saint-Si\u00e8ge, l\u2019enqu\u00eate commence par le travail de th\u00e9ologiens qui devront \u00e9tudier tous les \u00e9crits de Marie-Eustelle et remettre un rapport sur sa personnalit\u00e9 et sa spiritualit\u00e9.<br \/>En parall\u00e8le, des historiens et archivistes devront rechercher et \u00e9tudier tous les documents historiques qui concernent la cause et remettre un rapport d\u00e9taill\u00e9.<br \/>Suite \u00e0 ces travaux, le promoteur de justice interrogera des t\u00e9moins afin de mettre en valeur la persistance de la r\u00e9putation de saintet\u00e9 de la Servante de Dieu aujourd\u2019hui.<\/li>\n<li><strong>La transmission \u00e0 la Congr\u00e9gation romaine pour les Causes des Saints<\/strong>. \u00c0\u00a0l\u2019issue de l\u2019enqu\u00eate dioc\u00e9saine, les actes \u2013 documents, rapports et t\u00e9moignages \u2013 sont transmis par l\u2019\u00c9v\u00eaque \u00e0 la Congr\u00e9gation pour validation, puis soumis \u00e0 l\u2019examen de consulteurs historiens et th\u00e9ologiens qui donnent un avis critique. Les cardinaux et \u00e9v\u00eaques d\u00e9lib\u00e8rent en dernier lieu.<\/li>\n<li><strong>L\u2019h\u00e9ro\u00efcit\u00e9 des vertus<\/strong>. Le congr\u00e8s des cardinaux et \u00e9v\u00eaques d\u00e9cide de l\u2019opportunit\u00e9 de soumettre le cas au pape, en vue de la d\u00e9claration d\u2019h\u00e9ro\u00efcit\u00e9 des vertus, c\u2019est \u00e0 dire \u201d la perfection de l\u2019amour humain et chr\u00e9tien, et son d\u00e9ploiement dans toute la vie \u201c.<br \/>Une fois ce d\u00e9cret publi\u00e9 par d\u00e9cision du pape, le Serviteur de Dieu est qualifi\u00e9 de \u2018V\u00e9n\u00e9rable\u2019.<\/li>\n<li><strong>La reconnaissance d\u2019un miracle<\/strong>. Sauf pour un martyr, c\u2019est une \u00e9tape n\u00e9cessaire avant la b\u00e9atification. Ph\u00e9nom\u00e8ne prodigieux ou gu\u00e9rison inexplicable dans l\u2019\u00e9tat actuel de la m\u00e9decine, le miracle comporte une dimension spirituelle essentielle \u00e0 sa qualit\u00e9 de signe de la volont\u00e9 de Dieu. Il fait d\u2019abord l\u2019objet d\u2019une enqu\u00eate dioc\u00e9saine men\u00e9e l\u00e0 o\u00f9 a \u00e9t\u00e9 constat\u00e9e une gu\u00e9rison ou le ph\u00e9nom\u00e8ne, puis la proc\u00e9dure se poursuit devant la Congr\u00e9gation romaine pour les causes des saints. Au terme de la proc\u00e9dure romaine, le congr\u00e8s des cardinaux et \u00e9v\u00eaques d\u00e9lib\u00e8re sur l\u2019opportunit\u00e9 de pr\u00e9senter le cas au pape en vue de la d\u00e9claration d\u2019un miracle obtenu par l\u2019intercession du V\u00e9n\u00e9rable.<br \/>Ayant en mains l\u2019avis de la Congr\u00e9gation, le pape d\u00e9cide librement, en conscience.<\/li>\n<li><strong>La b\u00e9atification\u00a0<\/strong>: La foi du peuple chr\u00e9tien dans la saintet\u00e9 du fid\u00e8le, l\u2019h\u00e9ro\u00efcit\u00e9 de ses vertus et le miracle attribu\u00e9 \u00e0 son intercession sont les trois arguments n\u00e9cessaires \u00e0 la d\u00e9cision du pape d\u2019ordonner la b\u00e9atification du fid\u00e8le, qui sera d\u00e8s lors appel\u00e9 Bienheureux \/ Bienheureuse.<br \/>Les bienheureux font l\u2019objet d\u2019un culte public, r\u00e9duit cependant \u00e0 certains dioc\u00e8ses ou communaut\u00e9s religieuses.<\/li>\n<li>La canonisation exigera la reconnaissance d\u2019un autre miracle survenu apr\u00e8s la b\u00e9atification, pour qu\u2019un Bienheureux soit d\u00e9clar\u00e9 Saint.<br \/>Les saints peuvent \u00eatre f\u00eat\u00e9s au-del\u00e0 du dioc\u00e8se, dans l\u2019\u00c9glise universelle. Ils sont inscrits au calendrier liturgique de la pri\u00e8re publique de l\u2019\u00c9glise, pour \u00eatre f\u00eat\u00e9s et pri\u00e9s \u00e0 un jour d\u00e9termin\u00e9.<\/li>\n<\/ol>\n<p class=\"MsoNormal\" style=\"text-align: justify;\">D&rsquo;apr\u00e8s le <a href=\"https:\/\/evreux.catholique.fr\/je-me-documente\/le-diocese\/le-peuple-des-baptises\/les-saints-du-diocese\/la-procedure-pour-etre-declare-e-bienheureux-se\">site du dioc\u00e8se d&rsquo;Evreux<\/a><\/p>\n<p>[\/et_pb_cta][\/et_pb_column][\/et_pb_row][\/et_pb_section]<\/p>\n","protected":false},"excerpt":{"rendered":"<p>En novembre 2022, l\u2019assembl\u00e9e pl\u00e9ni\u00e8re des \u00e9v\u00eaques de France a vot\u00e9 l\u2019ouverture de la cause en vue d\u2019une \u00e9ventuelle b\u00e9atification de Marie-Eustelle Harpain, n\u00e9e \u00e0 Saintes, dans le dioc\u00e8se de [&hellip;]<\/p>\n","protected":false},"author":41,"featured_media":0,"parent":0,"menu_order":0,"comment_status":"closed","ping_status":"closed","template":"","meta":{"_et_pb_use_builder":"on","_et_pb_old_content":"","_et_gb_content_width":"","footnotes":""},"class_list":["post-6273","page","type-page","status-publish","hentry"],"_links":{"self":[{"href":"https:\/\/catholiques17.fr\/marie-eustelle\/wp-json\/wp\/v2\/pages\/6273","targetHints":{"allow":["GET"]}}],"collection":[{"href":"https:\/\/catholiques17.fr\/marie-eustelle\/wp-json\/wp\/v2\/pages"}],"about":[{"href":"https:\/\/catholiques17.fr\/marie-eustelle\/wp-json\/wp\/v2\/types\/page"}],"author":[{"embeddable":true,"href":"https:\/\/catholiques17.fr\/marie-eustelle\/wp-json\/wp\/v2\/users\/41"}],"replies":[{"embeddable":true,"href":"https:\/\/catholiques17.fr\/marie-eustelle\/wp-json\/wp\/v2\/comments?post=6273"}],"version-history":[{"count":9,"href":"https:\/\/catholiques17.fr\/marie-eustelle\/wp-json\/wp\/v2\/pages\/6273\/revisions"}],"predecessor-version":[{"id":6770,"href":"https:\/\/catholiques17.fr\/marie-eustelle\/wp-json\/wp\/v2\/pages\/6273\/revisions\/6770"}],"wp:attachment":[{"href":"https:\/\/catholiques17.fr\/marie-eustelle\/wp-json\/wp\/v2\/media?parent=6273"}],"curies":[{"name":"wp","href":"https:\/\/api.w.org\/{rel}","templated":true}]}}