{"id":5948,"date":"2022-10-12T18:24:31","date_gmt":"2022-10-12T16:24:31","guid":{"rendered":"https:\/\/catholiques17.fr\/maisondiocesaine\/?page_id=5948"},"modified":"2023-01-11T12:08:49","modified_gmt":"2023-01-11T11:08:49","slug":"histoire-de-la-maison-diocesaine","status":"publish","type":"page","link":"https:\/\/catholiques17.fr\/maisondiocesaine\/decouvrir\/histoire-de-la-maison-diocesaine\/","title":{"rendered":"Histoire de la Maison dioc\u00e9saine"},"content":{"rendered":"\n[et_pb_section fb_built=\u00a0\u00bb1&Prime; _builder_version=\u00a0\u00bb4.17.6&Prime; _module_preset=\u00a0\u00bbdefault\u00a0\u00bb global_colors_info=\u00a0\u00bb{}\u00a0\u00bb theme_builder_area=\u00a0\u00bbpost_content\u00a0\u00bb][et_pb_row _builder_version=\u00a0\u00bb4.17.6&Prime; _module_preset=\u00a0\u00bbdefault\u00a0\u00bb global_colors_info=\u00a0\u00bb{}\u00a0\u00bb theme_builder_area=\u00a0\u00bbpost_content\u00a0\u00bb][et_pb_column type=\u00a0\u00bb4_4&Prime; _builder_version=\u00a0\u00bb4.17.6&Prime; _module_preset=\u00a0\u00bbdefault\u00a0\u00bb global_colors_info=\u00a0\u00bb{}\u00a0\u00bb theme_builder_area=\u00a0\u00bbpost_content\u00a0\u00bb][et_pb_text _builder_version=\u00a0\u00bb4.17.6&Prime; _module_preset=\u00a0\u00bbdefault\u00a0\u00bb global_colors_info=\u00a0\u00bb{}\u00a0\u00bb theme_builder_area=\u00a0\u00bbpost_content\u00a0\u00bb]<h3><span>Le Carmel de Saintes<\/span><\/h3>\n<p><span>Depuis 1615 existait \u00e0 Saintes un Carmel, install\u00e9 en centre-ville. Il fut dissout en 1789 \u00e0 la R\u00e9volution, mais la vie religieuse reprit en 1854, pr\u00e8s de la chapelle Sainte-Colombe.<\/span><\/p>\n<p><span>Cependant, la v\u00e9tust\u00e9 du couvent pousse les religieuses \u00e0 construire un nouveau Carmel, en p\u00e9riph\u00e9rie de la ville. C&rsquo;est en 1892, que le Carmel de Saintes est transf\u00e9r\u00e9 et inaugur\u00e9 \u00e0 la \u201cPinellerie\u201d. Les plans des b\u00e2timents sont l&rsquo;oeuvre de l&rsquo;architecte <i>Marc-Alexandre-Eustase Rullier.<\/i><\/span><\/p>\n<p><span>En 1901, en raison des lois sur les congr\u00e9gations religieuses, les Carm\u00e9lites doivent quitter leur couvent et s&rsquo;exiler en Belgique. En 1919, elles seront autoris\u00e9es \u00e0 revenir en France et s\u2019\u00e9tabliront en Vend\u00e9e, \u00e0 La Fouchardi\u00e8re (d&rsquo;o\u00f9 elles partiront en 2016 pour rejoindre le Carmel de Lu\u00e7on). <\/span><\/p>[\/et_pb_text][et_pb_image src=\u00a0\u00bbhttps:\/\/catholiques17.fr\/maisondiocesaine\/wp-content\/uploads\/sites\/33\/2023\/01\/Vue-aerienne.png\u00a0\u00bb title_text=\u00a0\u00bbVue a\u00e9rienne\u00a0\u00bb _builder_version=\u00a0\u00bb4.17.6&Prime; _module_preset=\u00a0\u00bbdefault\u00a0\u00bb global_colors_info=\u00a0\u00bb{}\u00a0\u00bb theme_builder_area=\u00a0\u00bbpost_content\u00a0\u00bb][\/et_pb_image][et_pb_text _builder_version=\u00a0\u00bb4.17.6&Prime; _module_preset=\u00a0\u00bbdefault\u00a0\u00bb global_colors_info=\u00a0\u00bb{}\u00a0\u00bb theme_builder_area=\u00a0\u00bbpost_content\u00a0\u00bb]<h3>L&rsquo;h\u00f4pital militaire et le Petit S\u00e9minaire.<span><\/span><\/h3>\n<p>Pendant la Premi\u00e8re Guerre mondiale, le Carmel est transform\u00e9 en h\u00f4pital militaire, pour accueillir les soldats bless\u00e9s.<\/p>\n<p><span>En 1918, le dioc\u00e8se de La Rochelle rach\u00e8te les b\u00e2timents pour en faire un Petit S\u00e9minaire, un \u00e9tablissement d&rsquo;enseignement qui formera les futurs s\u00e9minaristes du dioc\u00e8se, mais aussi d&rsquo;autres jeunes gar\u00e7ons, en lien avec l&rsquo;Institution Notre-Dame de Recouvrance.<\/span><\/p>\n<p><span>En 1969, le Petit S\u00e9minaire ferme, et les b\u00e2timents deviennent la Maison dioc\u00e9saine, accueillant une partie des services du dioc\u00e8se, des formations et des retraites.<\/span><\/p>[\/et_pb_text][et_pb_image src=\u00a0\u00bbhttps:\/\/catholiques17.fr\/maisondiocesaine\/wp-content\/uploads\/sites\/33\/2022\/10\/Petit-Seminaire-e1665590460470.jpg\u00a0\u00bb title_text=\u00a0\u00bbLe Petit S\u00e9minaire\u00a0\u00bb align=\u00a0\u00bbcenter\u00a0\u00bb _builder_version=\u00a0\u00bb4.17.6&Prime; _module_preset=\u00a0\u00bbdefault\u00a0\u00bb global_colors_info=\u00a0\u00bb{}\u00a0\u00bb theme_builder_area=\u00a0\u00bbpost_content\u00a0\u00bb][\/et_pb_image][et_pb_text _builder_version=\u00a0\u00bb4.17.6&Prime; _module_preset=\u00a0\u00bbdefault\u00a0\u00bb global_colors_info=\u00a0\u00bb{}\u00a0\u00bb theme_builder_area=\u00a0\u00bbpost_content\u00a0\u00bb]<h3>La Maison dioc\u00e9saine<\/h3>\n<p>Le dioc\u00e8se a d\u00e9cid\u00e9 de regrouper \u00e0 Saintes l&rsquo;ensemble de ses services, qui \u00e9taient jusqu&rsquo;alors r\u00e9partis entre La Rochelle et Saintes. D&rsquo;importants travaux d&rsquo;am\u00e9nagement et de remise aux normes ont \u00e9t\u00e9 effectu\u00e9s avec l&rsquo;agence d&rsquo;architecture Caillaud-Piguet, et \u00e0 la fin de l&rsquo;ann\u00e9e 2019, la chancellerie, la comptabilit\u00e9, l&rsquo;\u00e9conomat, les archives administratives et l&rsquo;officialit\u00e9 ont d\u00e9m\u00e9nag\u00e9 vers cette maison.\u00a0<\/p>\n<p>25 studios ont \u00e9galement \u00e9t\u00e9 cr\u00e9\u00e9s pour h\u00e9berger des \u00e9tudiants, et des appartements pour accueillir des pr\u00eatres retrait\u00e9s. Le clo\u00eetre, au centre de la Maison, a \u00e9t\u00e9 mis en valeur, des salles de conf\u00e9rence et des archives ont \u00e9t\u00e9 am\u00e9nag\u00e9es.<\/p>\n<h3><em>\u201cDans la continuit\u00e9 des carm\u00e9lites puis des s\u00e9minaristes qui ont fait vivre ce b\u00e2timent depuis cent ans, la nouvelle maison dioc\u00e9saine P\u00e8re Jacquinot est un lieu privil\u00e9gi\u00e9 au service de la mission de l\u2019Eglise, inspir\u00e9e par la Parole de Dieu.\u201d<\/em><\/h3>\n<p style=\"text-align: right;\">Georges Colomb,<br \/>Ev\u00eaque de La Rochelle et Saintes<\/p>[\/et_pb_text][et_pb_image src=\u00a0\u00bbhttps:\/\/catholiques17.fr\/maisondiocesaine\/wp-content\/uploads\/sites\/33\/2022\/10\/Entree-Maison-diocesaine.jpg\u00a0\u00bb title_text=\u00a0\u00bbL&rsquo;entr\u00e9e de la Maison dioc\u00e9saine\u00a0\u00bb _builder_version=\u00a0\u00bb4.17.6&Prime; _module_preset=\u00a0\u00bbdefault\u00a0\u00bb global_colors_info=\u00a0\u00bb{}\u00a0\u00bb theme_builder_area=\u00a0\u00bbpost_content\u00a0\u00bb][\/et_pb_image][et_pb_image src=\u00a0\u00bbhttps:\/\/catholiques17.fr\/maisondiocesaine\/wp-content\/uploads\/sites\/33\/2023\/01\/Logo-bleu.png\u00a0\u00bb title_text=\u00a0\u00bbLogo bleu\u00a0\u00bb align=\u00a0\u00bbcenter\u00a0\u00bb _builder_version=\u00a0\u00bb4.17.6&Prime; _module_preset=\u00a0\u00bbdefault\u00a0\u00bb hover_enabled=\u00a0\u00bb0&Prime; global_colors_info=\u00a0\u00bb{}\u00a0\u00bb theme_builder_area=\u00a0\u00bbpost_content\u00a0\u00bb sticky_enabled=\u00a0\u00bb0&Prime; width=\u00a0\u00bb42%\u00a0\u00bb][\/et_pb_image][\/et_pb_column][\/et_pb_row][\/et_pb_section]\n","protected":false},"excerpt":{"rendered":"<p>Le Carmel de Saintes Depuis 1615 existait \u00e0 Saintes un Carmel, install\u00e9 en centre-ville. Il fut dissout en 1789 \u00e0 la R\u00e9volution, mais la vie religieuse reprit en 1854, pr\u00e8s [&hellip;]<\/p>\n","protected":false},"author":41,"featured_media":5949,"parent":5195,"menu_order":0,"comment_status":"closed","ping_status":"closed","template":"","meta":{"_et_pb_use_builder":"on","_et_pb_old_content":"","_et_gb_content_width":"","footnotes":""},"class_list":["post-5948","page","type-page","status-publish","has-post-thumbnail","hentry"],"_links":{"self":[{"href":"https:\/\/catholiques17.fr\/maisondiocesaine\/wp-json\/wp\/v2\/pages\/5948","targetHints":{"allow":["GET"]}}],"collection":[{"href":"https:\/\/catholiques17.fr\/maisondiocesaine\/wp-json\/wp\/v2\/pages"}],"about":[{"href":"https:\/\/catholiques17.fr\/maisondiocesaine\/wp-json\/wp\/v2\/types\/page"}],"author":[{"embeddable":true,"href":"https:\/\/catholiques17.fr\/maisondiocesaine\/wp-json\/wp\/v2\/users\/41"}],"replies":[{"embeddable":true,"href":"https:\/\/catholiques17.fr\/maisondiocesaine\/wp-json\/wp\/v2\/comments?post=5948"}],"version-history":[{"count":12,"href":"https:\/\/catholiques17.fr\/maisondiocesaine\/wp-json\/wp\/v2\/pages\/5948\/revisions"}],"predecessor-version":[{"id":6233,"href":"https:\/\/catholiques17.fr\/maisondiocesaine\/wp-json\/wp\/v2\/pages\/5948\/revisions\/6233"}],"up":[{"embeddable":true,"href":"https:\/\/catholiques17.fr\/maisondiocesaine\/wp-json\/wp\/v2\/pages\/5195"}],"wp:featuredmedia":[{"embeddable":true,"href":"https:\/\/catholiques17.fr\/maisondiocesaine\/wp-json\/wp\/v2\/media\/5949"}],"wp:attachment":[{"href":"https:\/\/catholiques17.fr\/maisondiocesaine\/wp-json\/wp\/v2\/media?parent=5948"}],"curies":[{"name":"wp","href":"https:\/\/api.w.org\/{rel}","templated":true}]}}