{"id":5241,"date":"2021-12-02T14:45:02","date_gmt":"2021-12-02T13:45:02","guid":{"rendered":"https:\/\/catholiques17.fr\/maisondiocesaine\/?page_id=5241"},"modified":"2025-11-18T10:57:30","modified_gmt":"2025-11-18T09:57:30","slug":"animations","status":"publish","type":"page","link":"https:\/\/catholiques17.fr\/maisondiocesaine\/decouvrir\/animations\/","title":{"rendered":"Animations"},"content":{"rendered":"<p>[et_pb_section fb_built=\u00a0\u00bb1&Prime; _builder_version=\u00a0\u00bb4.17.6&Prime; _module_preset=\u00a0\u00bbdefault\u00a0\u00bb global_colors_info=\u00a0\u00bb{}\u00a0\u00bb theme_builder_area=\u00a0\u00bbpost_content\u00a0\u00bb][et_pb_row column_structure=\u00a0\u00bb2_5,3_5&Prime; _builder_version=\u00a0\u00bb4.27.4&Prime; _module_preset=\u00a0\u00bbdefault\u00a0\u00bb global_colors_info=\u00a0\u00bb{}\u00a0\u00bb theme_builder_area=\u00a0\u00bbpost_content\u00a0\u00bb][et_pb_column type=\u00a0\u00bb2_5&Prime; _builder_version=\u00a0\u00bb4.27.4&Prime; _module_preset=\u00a0\u00bbdefault\u00a0\u00bb global_colors_info=\u00a0\u00bb{}\u00a0\u00bb theme_builder_area=\u00a0\u00bbpost_content\u00a0\u00bb][et_pb_image src=\u00a0\u00bbhttps:\/\/catholiques17.fr\/maisondiocesaine\/wp-content\/uploads\/sites\/33\/2025\/11\/MARCHE-DE-NOEL-MD-1.jpg\u00a0\u00bb title_text=\u00a0\u00bbMARCHE\u0301 DE NOE\u0308L MD (1)\u00a0\u00bb _builder_version=\u00a0\u00bb4.27.4&Prime; _module_preset=\u00a0\u00bbdefault\u00a0\u00bb hover_enabled=\u00a0\u00bb0&Prime; global_colors_info=\u00a0\u00bb{}\u00a0\u00bb theme_builder_area=\u00a0\u00bbpost_content\u00a0\u00bb sticky_enabled=\u00a0\u00bb0&Prime;][\/et_pb_image][\/et_pb_column][et_pb_column type=\u00a0\u00bb3_5&Prime; _builder_version=\u00a0\u00bb4.27.4&Prime; _module_preset=\u00a0\u00bbdefault\u00a0\u00bb global_colors_info=\u00a0\u00bb{}\u00a0\u00bb theme_builder_area=\u00a0\u00bbpost_content\u00a0\u00bb][et_pb_text _builder_version=\u00a0\u00bb4.27.4&Prime; _module_preset=\u00a0\u00bbdefault\u00a0\u00bb global_colors_info=\u00a0\u00bb{}\u00a0\u00bb theme_builder_area=\u00a0\u00bbpost_content\u00a0\u00bb]<\/p>\n<h3><strong><span style=\"color: #ff6600;\">MARCH\u00c9 DE NO\u00cbL<\/span><\/strong><\/h3>\n<p>[\/et_pb_text][et_pb_text _builder_version=\u00a0\u00bb4.27.4&Prime; _module_preset=\u00a0\u00bbdefault\u00a0\u00bb hover_enabled=\u00a0\u00bb0&Prime; global_colors_info=\u00a0\u00bb{}\u00a0\u00bb theme_builder_area=\u00a0\u00bbpost_content\u00a0\u00bb sticky_enabled=\u00a0\u00bb0&Prime;]<\/p>\n<p>La maison dioc\u00e9saine ouvre grand ses portes le jeudi\u00a0 18 d\u00e9cembre 2025, \u00e0 l&rsquo;occasion de son march\u00e9 de No\u00ebl.<\/p>\n<p>Vous pourrez y trouver de nombreuses r\u00e9alisations artisanales, des livres et objets religieux en lien avec No\u00ebl, mais aussi de d\u00e9licieuses pr\u00e9parations culinaires que vous aurez plaisir \u00e0 partager \u00e0 l&rsquo;occasion des f\u00eates.<\/p>\n<p>&nbsp;<\/p>\n<p><strong>Horaires :<\/strong> de 9h \u00e0 11h30 et de 14h30 \u00e0 18h<\/p>\n<p>[\/et_pb_text][\/et_pb_column][\/et_pb_row][et_pb_row _builder_version=\u00a0\u00bb4.27.4&Prime; _module_preset=\u00a0\u00bbdefault\u00a0\u00bb global_colors_info=\u00a0\u00bb{}\u00a0\u00bb theme_builder_area=\u00a0\u00bbpost_content\u00a0\u00bb][et_pb_column type=\u00a0\u00bb4_4&Prime; _builder_version=\u00a0\u00bb4.27.4&Prime; _module_preset=\u00a0\u00bbdefault\u00a0\u00bb global_colors_info=\u00a0\u00bb{}\u00a0\u00bb theme_builder_area=\u00a0\u00bbpost_content\u00a0\u00bb][et_pb_divider _builder_version=\u00a0\u00bb4.27.4&Prime; _module_preset=\u00a0\u00bbdefault\u00a0\u00bb global_colors_info=\u00a0\u00bb{}\u00a0\u00bb theme_builder_area=\u00a0\u00bbpost_content\u00a0\u00bb][\/et_pb_divider][\/et_pb_column][\/et_pb_row][et_pb_row column_structure=\u00a0\u00bb2_5,3_5&Prime; _builder_version=\u00a0\u00bb4.21.0&Prime; _module_preset=\u00a0\u00bbdefault\u00a0\u00bb global_colors_info=\u00a0\u00bb{}\u00a0\u00bb theme_builder_area=\u00a0\u00bbpost_content\u00a0\u00bb][et_pb_column type=\u00a0\u00bb2_5&Prime; _builder_version=\u00a0\u00bb4.21.0&Prime; _module_preset=\u00a0\u00bbdefault\u00a0\u00bb global_colors_info=\u00a0\u00bb{}\u00a0\u00bb theme_builder_area=\u00a0\u00bbpost_content\u00a0\u00bb][et_pb_image src=\u00a0\u00bbhttps:\/\/catholiques17.fr\/maisondiocesaine\/wp-content\/uploads\/sites\/33\/2024\/02\/Expo-MD-Grande.jpeg\u00a0\u00bb title_text=\u00a0\u00bbExpo MD &#8211; Grande\u00a0\u00bb _builder_version=\u00a0\u00bb4.21.0&Prime; _module_preset=\u00a0\u00bbdefault\u00a0\u00bb global_colors_info=\u00a0\u00bb{}\u00a0\u00bb theme_builder_area=\u00a0\u00bbpost_content\u00a0\u00bb][\/et_pb_image][\/et_pb_column][et_pb_column type=\u00a0\u00bb3_5&Prime; _builder_version=\u00a0\u00bb4.21.0&Prime; _module_preset=\u00a0\u00bbdefault\u00a0\u00bb global_colors_info=\u00a0\u00bb{}\u00a0\u00bb theme_builder_area=\u00a0\u00bbpost_content\u00a0\u00bb][et_pb_text _builder_version=\u00a0\u00bb4.21.0&Prime; _module_preset=\u00a0\u00bbdefault\u00a0\u00bb global_colors_info=\u00a0\u00bb{}\u00a0\u00bb theme_builder_area=\u00a0\u00bbpost_content\u00a0\u00bb]<\/p>\n<h3><strong><span style=\"color: #ff6600;\">EXPOSITION\u00a0 \u00a0\u00a0\u00bb A TABLE \u00ab\u00a0<\/span><\/strong><\/h3>\n<p>[\/et_pb_text][et_pb_text _builder_version=\u00a0\u00bb4.21.0&Prime; _module_preset=\u00a0\u00bbdefault\u00a0\u00bb global_colors_info=\u00a0\u00bb{}\u00a0\u00bb theme_builder_area=\u00a0\u00bbpost_content\u00a0\u00bb]<\/p>\n<p><span>Entre 2004 et 2007, arm\u00e9 de son appareil photo, le journaliste ind\u00e9pendant Peter MENZEL a rendu visite \u00e0 une trentaine de familles \u00e0 travers le monde, qu\u2019il a photographi\u00e9es devant leur consommation alimentaire pour une semaine.<\/span><\/p>\n<p><span>L&rsquo;objectif est de comprendre le monde : la s\u00e9curit\u00e9 alimentaire, les in\u00e9galit\u00e9s alimentaires mondiales, l\u2019uniformisation superficielle et la diversit\u00e9 culturelle qui domine, niveaux de richesse et de d\u00e9veloppement, agriculture, consommation et d\u00e9veloppement durable.<\/span><\/p>\n<p><strong>Cette exposition est pr\u00e9sent\u00e9e \u00e0 la Maison dioc\u00e9saine \u00e0 Saintes du 1er mars au 22 avril : vous y d\u00e9couvrirez 16 photographies de 16 familles dans 15 pays diff\u00e9rents.<\/strong><\/p>\n<p>[\/et_pb_text][\/et_pb_column][\/et_pb_row][et_pb_row _builder_version=\u00a0\u00bb4.21.0&Prime; _module_preset=\u00a0\u00bbdefault\u00a0\u00bb custom_padding=\u00a0\u00bb2px|||||\u00a0\u00bb global_colors_info=\u00a0\u00bb{}\u00a0\u00bb theme_builder_area=\u00a0\u00bbpost_content\u00a0\u00bb][et_pb_column type=\u00a0\u00bb4_4&Prime; _builder_version=\u00a0\u00bb4.21.0&Prime; _module_preset=\u00a0\u00bbdefault\u00a0\u00bb global_colors_info=\u00a0\u00bb{}\u00a0\u00bb theme_builder_area=\u00a0\u00bbpost_content\u00a0\u00bb][et_pb_text _builder_version=\u00a0\u00bb4.21.0&Prime; _module_preset=\u00a0\u00bbdefault\u00a0\u00bb global_colors_info=\u00a0\u00bb{}\u00a0\u00bb theme_builder_area=\u00a0\u00bbpost_content\u00a0\u00bb]<\/p>\n<div class=\"et_pb_promo_description\">\n<p>&nbsp;<\/p>\n<\/div>\n<div class=\"et_pb_button_wrapper\" style=\"text-align: center;\"><\/div>\n<p>[\/et_pb_text][et_pb_text _builder_version=\u00a0\u00bb4.21.0&Prime; _module_preset=\u00a0\u00bbdefault\u00a0\u00bb global_colors_info=\u00a0\u00bb{}\u00a0\u00bb theme_builder_area=\u00a0\u00bbpost_content\u00a0\u00bb]<\/p>\n<p style=\"text-align: center;\"><em>Exposition ouverte \u00e0 tous, du lundi au vendredi, de 9h00 \u00e0 12h30 et de 13h30 \u00e0 17h00.<\/em><\/p>\n<p>[\/et_pb_text][\/et_pb_column][\/et_pb_row][et_pb_row _builder_version=\u00a0\u00bb4.21.0&Prime; _module_preset=\u00a0\u00bbdefault\u00a0\u00bb global_colors_info=\u00a0\u00bb{}\u00a0\u00bb theme_builder_area=\u00a0\u00bbpost_content\u00a0\u00bb][et_pb_column type=\u00a0\u00bb4_4&Prime; _builder_version=\u00a0\u00bb4.21.0&Prime; _module_preset=\u00a0\u00bbdefault\u00a0\u00bb global_colors_info=\u00a0\u00bb{}\u00a0\u00bb theme_builder_area=\u00a0\u00bbpost_content\u00a0\u00bb][et_pb_divider _builder_version=\u00a0\u00bb4.21.0&Prime; _module_preset=\u00a0\u00bbdefault\u00a0\u00bb global_colors_info=\u00a0\u00bb{}\u00a0\u00bb theme_builder_area=\u00a0\u00bbpost_content\u00a0\u00bb][\/et_pb_divider][\/et_pb_column][\/et_pb_row][et_pb_row column_structure=\u00a0\u00bb2_5,3_5&Prime; _builder_version=\u00a0\u00bb4.21.0&Prime; _module_preset=\u00a0\u00bbdefault\u00a0\u00bb global_colors_info=\u00a0\u00bb{}\u00a0\u00bb theme_builder_area=\u00a0\u00bbpost_content\u00a0\u00bb][et_pb_column type=\u00a0\u00bb2_5&Prime; _builder_version=\u00a0\u00bb4.21.0&Prime; _module_preset=\u00a0\u00bbdefault\u00a0\u00bb global_colors_info=\u00a0\u00bb{}\u00a0\u00bb theme_builder_area=\u00a0\u00bbpost_content\u00a0\u00bb][et_pb_image src=\u00a0\u00bbhttps:\/\/catholiques17.fr\/maisondiocesaine\/wp-content\/uploads\/sites\/33\/2023\/09\/Soiree-Jeux-a-la-MD.jpg\u00a0\u00bb title_text=\u00a0\u00bbSoire\u0301e Jeux a\u0300 la MD\u00a0\u00bb url=\u00a0\u00bb@ET-DC@eyJkeW5hbWljIjp0cnVlLCJjb250ZW50IjoicG9zdF9saW5rX3VybF9hdHRhY2htZW50Iiwic2V0dGluZ3MiOnsicG9zdF9pZCI6IjYyNzIifX0=@\u00a0\u00bb _builder_version=\u00a0\u00bb4.21.0&Prime; _dynamic_attributes=\u00a0\u00bburl\u00a0\u00bb _module_preset=\u00a0\u00bbdefault\u00a0\u00bb global_colors_info=\u00a0\u00bb{}\u00a0\u00bb theme_builder_area=\u00a0\u00bbpost_content\u00a0\u00bb][\/et_pb_image][\/et_pb_column][et_pb_column type=\u00a0\u00bb3_5&Prime; _builder_version=\u00a0\u00bb4.21.0&Prime; _module_preset=\u00a0\u00bbdefault\u00a0\u00bb global_colors_info=\u00a0\u00bb{}\u00a0\u00bb theme_builder_area=\u00a0\u00bbpost_content\u00a0\u00bb][et_pb_text _builder_version=\u00a0\u00bb4.21.0&Prime; _module_preset=\u00a0\u00bbdefault\u00a0\u00bb custom_margin=\u00a0\u00bb4px||||false|false\u00a0\u00bb custom_margin_tablet=\u00a0\u00bb4px||||false|false\u00a0\u00bb custom_margin_phone=\u00a0\u00bb4px||||false|false\u00a0\u00bb custom_margin_last_edited=\u00a0\u00bbon|desktop\u00a0\u00bb global_colors_info=\u00a0\u00bb{}\u00a0\u00bb theme_builder_area=\u00a0\u00bbpost_content\u00a0\u00bb]<\/p>\n<h3 style=\"text-align: center;\"><span style=\"color: #ff6600;\"><strong>NOUVEAUT\u00c9 \u00c0 LA MAISON DIOC\u00c9SAINE\u00a0 !<\/strong><\/span><\/h3>\n<p>[\/et_pb_text][et_pb_text _builder_version=\u00a0\u00bb4.21.0&Prime; _module_preset=\u00a0\u00bbdefault\u00a0\u00bb global_colors_info=\u00a0\u00bb{}\u00a0\u00bb theme_builder_area=\u00a0\u00bbpost_content\u00a0\u00bb]<\/p>\n<p>&nbsp;<\/p>\n<p>A compter du 4 octobre 2023, des animations jeux seront propos\u00e9es deux fois par semaine, les mercredis soirs (de 20h \u00e0 22h) et les jeudis apr\u00e8s-midis (de 15h \u00e0 17h).<\/p>\n<p>Interg\u00e9n\u00e9rationnels, ces moments ludiques sont ouverts <strong>\u00e0 tous<\/strong> et vous permettront de jouer \u00e0 votre jeu favori et d&rsquo;en d\u00e9couvrir de nouveaux !\u00a0<\/p>\n<p>Une cotisation annuelle de 5 euros vous sera demand\u00e9e. N&rsquo;h\u00e9sitez pas \u00e0 inviter largement autour de vous famille, coll\u00e8gues et amis pour jouer ensemble, ou avec d&rsquo;autres, dans le cadre magnifique de la maison dioc\u00e9saine !<\/p>\n<p>[\/et_pb_text][et_pb_text _builder_version=\u00a0\u00bb4.21.0&Prime; _module_preset=\u00a0\u00bbdefault\u00a0\u00bb global_colors_info=\u00a0\u00bb{}\u00a0\u00bb theme_builder_area=\u00a0\u00bbpost_content\u00a0\u00bb]<\/p>\n<p><strong><span style=\"text-decoration: underline;\">Contact<\/span> :<\/strong> Sandrine 06 87 55 44 36 &#8211; <a href=\"mailto:md@diocese17.fr\" target=\"_blank\" rel=\"noopener\">md@diocese17.fr<\/a><\/p>\n<p>[\/et_pb_text][\/et_pb_column][\/et_pb_row][et_pb_row _builder_version=\u00a0\u00bb4.17.6&Prime; _module_preset=\u00a0\u00bbdefault\u00a0\u00bb custom_padding=\u00a0\u00bb60px|||||\u00a0\u00bb global_colors_info=\u00a0\u00bb{}\u00a0\u00bb theme_builder_area=\u00a0\u00bbpost_content\u00a0\u00bb][et_pb_column type=\u00a0\u00bb4_4&Prime; _builder_version=\u00a0\u00bb4.17.6&Prime; _module_preset=\u00a0\u00bbdefault\u00a0\u00bb global_colors_info=\u00a0\u00bb{}\u00a0\u00bb theme_builder_area=\u00a0\u00bbpost_content\u00a0\u00bb][et_pb_text _builder_version=\u00a0\u00bb4.21.0&Prime; _module_preset=\u00a0\u00bbdefault\u00a0\u00bb global_colors_info=\u00a0\u00bb{}\u00a0\u00bb theme_builder_area=\u00a0\u00bbpost_content\u00a0\u00bb]<\/p>\n<p style=\"text-align: center;\">Par ailleurs, des expositions artistiques, culturelles ou religieuses peuvent \u00eatre propos\u00e9es dans le clo\u00eetre de la Maison dioc\u00e9saine. Nous vous en informerons par le biais de cette page ainsi que sur les r\u00e9seaux sociaux.<\/p>\n<p>[\/et_pb_text][\/et_pb_column][\/et_pb_row][\/et_pb_section]<\/p>\n","protected":false},"excerpt":{"rendered":"<p>MARCH\u00c9 DE NO\u00cbLLa maison dioc\u00e9saine ouvre grand ses portes le jeudi\u00a0 18 d\u00e9cembre 2025, \u00e0 l&rsquo;occasion de son march\u00e9 de No\u00ebl. Vous pourrez y trouver de nombreuses r\u00e9alisations artisanales, des [&hellip;]<\/p>\n","protected":false},"author":4,"featured_media":0,"parent":5195,"menu_order":0,"comment_status":"closed","ping_status":"closed","template":"","meta":{"_et_pb_use_builder":"on","_et_pb_old_content":"","_et_gb_content_width":"","footnotes":""},"class_list":["post-5241","page","type-page","status-publish","hentry"],"_links":{"self":[{"href":"https:\/\/catholiques17.fr\/maisondiocesaine\/wp-json\/wp\/v2\/pages\/5241","targetHints":{"allow":["GET"]}}],"collection":[{"href":"https:\/\/catholiques17.fr\/maisondiocesaine\/wp-json\/wp\/v2\/pages"}],"about":[{"href":"https:\/\/catholiques17.fr\/maisondiocesaine\/wp-json\/wp\/v2\/types\/page"}],"author":[{"embeddable":true,"href":"https:\/\/catholiques17.fr\/maisondiocesaine\/wp-json\/wp\/v2\/users\/4"}],"replies":[{"embeddable":true,"href":"https:\/\/catholiques17.fr\/maisondiocesaine\/wp-json\/wp\/v2\/comments?post=5241"}],"version-history":[{"count":11,"href":"https:\/\/catholiques17.fr\/maisondiocesaine\/wp-json\/wp\/v2\/pages\/5241\/revisions"}],"predecessor-version":[{"id":6337,"href":"https:\/\/catholiques17.fr\/maisondiocesaine\/wp-json\/wp\/v2\/pages\/5241\/revisions\/6337"}],"up":[{"embeddable":true,"href":"https:\/\/catholiques17.fr\/maisondiocesaine\/wp-json\/wp\/v2\/pages\/5195"}],"wp:attachment":[{"href":"https:\/\/catholiques17.fr\/maisondiocesaine\/wp-json\/wp\/v2\/media?parent=5241"}],"curies":[{"name":"wp","href":"https:\/\/api.w.org\/{rel}","templated":true}]}}