{"id":5235,"date":"2021-12-02T14:43:18","date_gmt":"2021-12-02T13:43:18","guid":{"rendered":"https:\/\/catholiques17.fr\/maisondiocesaine\/?page_id=5235"},"modified":"2023-09-22T10:10:38","modified_gmt":"2023-09-22T08:10:38","slug":"bibliotheque","status":"publish","type":"page","link":"https:\/\/catholiques17.fr\/maisondiocesaine\/bibliotheque\/","title":{"rendered":"Biblioth\u00e8que dioc\u00e9saine"},"content":{"rendered":"<p>[et_pb_section fb_built=\u00a0\u00bb1&Prime; admin_label=\u00a0\u00bbService Section\u00a0\u00bb _builder_version=\u00a0\u00bb4.16&Prime; custom_margin=\u00a0\u00bb|||\u00a0\u00bb custom_padding=\u00a0\u00bb110px||110px|\u00a0\u00bb global_colors_info=\u00a0\u00bb{}\u00a0\u00bb theme_builder_area=\u00a0\u00bbpost_content\u00a0\u00bb][et_pb_row _builder_version=\u00a0\u00bb4.17.6&Prime; _module_preset=\u00a0\u00bbdefault\u00a0\u00bb global_colors_info=\u00a0\u00bb{}\u00a0\u00bb theme_builder_area=\u00a0\u00bbpost_content\u00a0\u00bb][et_pb_column type=\u00a0\u00bb4_4&Prime; _builder_version=\u00a0\u00bb4.17.6&Prime; _module_preset=\u00a0\u00bbdefault\u00a0\u00bb global_colors_info=\u00a0\u00bb{}\u00a0\u00bb theme_builder_area=\u00a0\u00bbpost_content\u00a0\u00bb][et_pb_text _builder_version=\u00a0\u00bb4.17.6&Prime; _module_preset=\u00a0\u00bbdefault\u00a0\u00bb global_colors_info=\u00a0\u00bb{}\u00a0\u00bb theme_builder_area=\u00a0\u00bbpost_content\u00a0\u00bb]<\/p>\n<p>La biblioth\u00e8que dioc\u00e9saine est en priorit\u00e9 orient\u00e9e vers les sciences religieuses : bible, th\u00e9ologie, patristique, histoire de l\u2019Eglise, hagiographie\u2026 mais elle couvre aussi des demandes en histoire locale et r\u00e9gionale, en litt\u00e9rature, histoire et g\u00e9ographie, sociologie et arts.<\/p>\n<p>La biblioth\u00e8que dioc\u00e9saine est<span>\u00a0<\/span><strong>ouverte \u00e0 tous<\/strong><span> <\/span><span>\u00a0<\/span>: Christiane Pommier vous accueille les mercredis de 14h \u00e0 17h et les vendredis de 13h30 \u00e0 17h. \u00a0(La biblioth\u00e8que dioc\u00e9saine a une autre antenne au <a href=\"https:\/\/catholiques17.fr\/diocese\/je-me-forme\/bibliotheque-diocesaine\/\">Centre Jean-Baptiste Souzy<\/a>, \u00e0 La Rochelle).<\/p>\n<p><strong>Contact<\/strong><span> : 05 46 74 79 74 \u2013 <\/span><a href=\"mailto:bibliotheque.diocesaine@wanadoo.fr\">bibliotheque.diocesaine@wanadoo.fr<\/a><\/p>\n<p>[\/et_pb_text][\/et_pb_column][\/et_pb_row][et_pb_row admin_label=\u00a0\u00bbService Section Title\u00a0\u00bb _builder_version=\u00a0\u00bb4.16&Prime; custom_margin=\u00a0\u00bb||40px|\u00a0\u00bb animation_style=\u00a0\u00bbfade\u00a0\u00bb animation_direction=\u00a0\u00bbtop\u00a0\u00bb saved_tabs=\u00a0\u00bball\u00a0\u00bb global_colors_info=\u00a0\u00bb{}\u00a0\u00bb theme_builder_area=\u00a0\u00bbpost_content\u00a0\u00bb][et_pb_column type=\u00a0\u00bb4_4&Prime; _builder_version=\u00a0\u00bb4.16&Prime; custom_padding=\u00a0\u00bb|||\u00a0\u00bb global_colors_info=\u00a0\u00bb{}\u00a0\u00bb custom_padding__hover=\u00a0\u00bb|||\u00a0\u00bb theme_builder_area=\u00a0\u00bbpost_content\u00a0\u00bb][et_pb_text content_tablet=\u00a0\u00bb\u00a0\u00bb content_phone=\u00a0\u00bb<\/p>\n<h3>La biblioth\u00e8que<br \/>est ouverte :<\/h3>\n<p>\u00a0\u00bb content_last_edited=\u00a0\u00bbon|phone\u00a0\u00bb admin_label=\u00a0\u00bbTitle\u00a0\u00bb _builder_version=\u00a0\u00bb4.16&Prime; text_font=\u00a0\u00bbMontserrat||||||||\u00a0\u00bb text_text_color=\u00a0\u00bb#747d88&Prime; text_font_size=\u00a0\u00bb16px\u00a0\u00bb text_line_height=\u00a0\u00bb1.9em\u00a0\u00bb header_font=\u00a0\u00bb||||||||\u00a0\u00bb header_2_font=\u00a0\u00bbMontserrat|700||on|||||\u00a0\u00bb header_2_font_size=\u00a0\u00bb42px\u00a0\u00bb header_2_line_height=\u00a0\u00bb1.3em\u00a0\u00bb text_orientation=\u00a0\u00bbcenter\u00a0\u00bb max_width=\u00a0\u00bb700px\u00a0\u00bb module_alignment=\u00a0\u00bbcenter\u00a0\u00bb animation_style=\u00a0\u00bbslide\u00a0\u00bb animation_direction=\u00a0\u00bbbottom\u00a0\u00bb animation_intensity_slide=\u00a0\u00bb4%\u00a0\u00bb global_colors_info=\u00a0\u00bb{}\u00a0\u00bb theme_builder_area=\u00a0\u00bbpost_content\u00a0\u00bb]<\/p>\n<h2>La biblioth\u00e8que<br \/>est ouverte :<\/h2>\n<p>[\/et_pb_text][et_pb_text admin_label=\u00a0\u00bbSubtitle\u00a0\u00bb _builder_version=\u00a0\u00bb4.16&Prime; text_font=\u00a0\u00bbMontserrat||||\u00a0\u00bb text_text_color=\u00a0\u00bb#747d88&Prime; text_font_size=\u00a0\u00bb16px\u00a0\u00bb text_line_height=\u00a0\u00bb1.8em\u00a0\u00bb header_font=\u00a0\u00bb||||||||\u00a0\u00bb text_orientation=\u00a0\u00bbcenter\u00a0\u00bb max_width=\u00a0\u00bb700px\u00a0\u00bb module_alignment=\u00a0\u00bbcenter\u00a0\u00bb custom_margin=\u00a0\u00bb|||\u00a0\u00bb animation_style=\u00a0\u00bbslide\u00a0\u00bb animation_direction=\u00a0\u00bbbottom\u00a0\u00bb animation_delay=\u00a0\u00bb100ms\u00a0\u00bb animation_intensity_slide=\u00a0\u00bb4%\u00a0\u00bb global_colors_info=\u00a0\u00bb{}\u00a0\u00bb theme_builder_area=\u00a0\u00bbpost_content\u00a0\u00bb]<\/p>\n<p>le mardi de 14h30 \u00e0 18h,<br \/>le jeudi de 14h30 \u00e0 16h30,<br \/>hors p\u00e9riodes de vacances scolaires,<br \/>ou quand vous le souhaitez sur rendez-vous.<\/p>\n<p>[\/et_pb_text][\/et_pb_column][\/et_pb_row][et_pb_row _builder_version=\u00a0\u00bb4.17.6&Prime; _module_preset=\u00a0\u00bbdefault\u00a0\u00bb global_colors_info=\u00a0\u00bb{}\u00a0\u00bb theme_builder_area=\u00a0\u00bbpost_content\u00a0\u00bb][et_pb_column type=\u00a0\u00bb4_4&Prime; _builder_version=\u00a0\u00bb4.17.6&Prime; _module_preset=\u00a0\u00bbdefault\u00a0\u00bb global_colors_info=\u00a0\u00bb{}\u00a0\u00bb theme_builder_area=\u00a0\u00bbpost_content\u00a0\u00bb][et_pb_cta title=\u00a0\u00bbVente de livres\u00a0\u00bb _builder_version=\u00a0\u00bb4.21.0&Prime; _module_preset=\u00a0\u00bbdefault\u00a0\u00bb background_color=\u00a0\u00bb#FF8C00&Prime; hover_enabled=\u00a0\u00bb0&Prime; global_colors_info=\u00a0\u00bb{}\u00a0\u00bb theme_builder_area=\u00a0\u00bbpost_content\u00a0\u00bb sticky_enabled=\u00a0\u00bb0&Prime;]<\/p>\n<h3 style=\"font-weight: 400;\"><strong>Du 10 au 16 juin 2024<\/strong><\/h3>\n<h3 style=\"font-weight: 400;\">vente de livres organis\u00e9e par la bibliotheque \u00e0 la Salle Sainte-Th\u00e9r\u00e8se de la Maison Dioc\u00e9saine.<\/h3>\n<p>[\/et_pb_cta][et_pb_cta title=\u00a0\u00bbRecherche de B\u00e9n\u00e9voles\u00a0\u00bb _builder_version=\u00a0\u00bb4.17.6&Prime; _module_preset=\u00a0\u00bbdefault\u00a0\u00bb background_color=\u00a0\u00bb#BC3434&Prime; global_colors_info=\u00a0\u00bb{}\u00a0\u00bb theme_builder_area=\u00a0\u00bbpost_content\u00a0\u00bb]<\/p>\n<ol>\n<li style=\"text-align: left;\">Avec une formation, g\u00e9rer le logiciel de la biblioth\u00e8que, pour l&rsquo;enregistrement des livres et la gestion des pr\u00eats.<\/li>\n<li style=\"text-align: left;\">Avoir un bagage biblique et th\u00e9ologique, voire philosophique pour \u00ab\u00a0coter\u00a0\u00bb les livres avant l\u2019enregistrement.<\/li>\n<li style=\"text-align: left;\">Aimer les livres<\/li>\n<li style=\"text-align: left;\">Pouvoir prendre la responsabilit\u00e9, \u00e0 plus ou moins long terme, de la biblioth\u00e8que.<\/li>\n<\/ol>\n<p>&nbsp;<\/p>\n<h4><strong>Contacter Christiane Pommier 06 71 62 93 74<\/strong><\/h4>\n<p>[\/et_pb_cta][\/et_pb_column][\/et_pb_row][\/et_pb_section]<\/p>\n","protected":false},"excerpt":{"rendered":"<p>La biblioth\u00e8que dioc\u00e9saine est en priorit\u00e9 orient\u00e9e vers les sciences religieuses : bible, th\u00e9ologie, patristique, histoire de l\u2019Eglise, hagiographie\u2026 mais elle couvre aussi des demandes en histoire locale et r\u00e9gionale, [&hellip;]<\/p>\n","protected":false},"author":4,"featured_media":6052,"parent":0,"menu_order":0,"comment_status":"closed","ping_status":"closed","template":"","meta":{"_et_pb_use_builder":"on","_et_pb_old_content":"","_et_gb_content_width":"","footnotes":""},"class_list":["post-5235","page","type-page","status-publish","has-post-thumbnail","hentry"],"_links":{"self":[{"href":"https:\/\/catholiques17.fr\/maisondiocesaine\/wp-json\/wp\/v2\/pages\/5235","targetHints":{"allow":["GET"]}}],"collection":[{"href":"https:\/\/catholiques17.fr\/maisondiocesaine\/wp-json\/wp\/v2\/pages"}],"about":[{"href":"https:\/\/catholiques17.fr\/maisondiocesaine\/wp-json\/wp\/v2\/types\/page"}],"author":[{"embeddable":true,"href":"https:\/\/catholiques17.fr\/maisondiocesaine\/wp-json\/wp\/v2\/users\/4"}],"replies":[{"embeddable":true,"href":"https:\/\/catholiques17.fr\/maisondiocesaine\/wp-json\/wp\/v2\/comments?post=5235"}],"version-history":[{"count":14,"href":"https:\/\/catholiques17.fr\/maisondiocesaine\/wp-json\/wp\/v2\/pages\/5235\/revisions"}],"predecessor-version":[{"id":6276,"href":"https:\/\/catholiques17.fr\/maisondiocesaine\/wp-json\/wp\/v2\/pages\/5235\/revisions\/6276"}],"wp:featuredmedia":[{"embeddable":true,"href":"https:\/\/catholiques17.fr\/maisondiocesaine\/wp-json\/wp\/v2\/media\/6052"}],"wp:attachment":[{"href":"https:\/\/catholiques17.fr\/maisondiocesaine\/wp-json\/wp\/v2\/media?parent=5235"}],"curies":[{"name":"wp","href":"https:\/\/api.w.org\/{rel}","templated":true}]}}