{"id":6277,"date":"2023-10-25T15:24:33","date_gmt":"2023-10-25T13:24:33","guid":{"rendered":"https:\/\/catholiques17.fr\/latremblade\/?page_id=6277"},"modified":"2024-03-11T08:56:20","modified_gmt":"2024-03-11T07:56:20","slug":"catechumenat","status":"publish","type":"page","link":"https:\/\/catholiques17.fr\/latremblade\/vie-chretienne\/catechumenat\/","title":{"rendered":"Cat\u00e9chum\u00e8nat"},"content":{"rendered":"<p>[et_pb_section fb_built=\u00a0\u00bb1&Prime; _builder_version=\u00a0\u00bb4.21.0&Prime; _module_preset=\u00a0\u00bbdefault\u00a0\u00bb custom_padding=\u00a0\u00bb23px|||||\u00a0\u00bb global_colors_info=\u00a0\u00bb{}\u00a0\u00bb theme_builder_area=\u00a0\u00bbpost_content\u00a0\u00bb][et_pb_row _builder_version=\u00a0\u00bb4.21.0&Prime; _module_preset=\u00a0\u00bbdefault\u00a0\u00bb global_colors_info=\u00a0\u00bb{}\u00a0\u00bb theme_builder_area=\u00a0\u00bbpost_content\u00a0\u00bb][et_pb_column type=\u00a0\u00bb4_4&Prime; _builder_version=\u00a0\u00bb4.21.0&Prime; _module_preset=\u00a0\u00bbdefault\u00a0\u00bb global_colors_info=\u00a0\u00bb{}\u00a0\u00bb theme_builder_area=\u00a0\u00bbpost_content\u00a0\u00bb][et_pb_image src=\u00a0\u00bbhttps:\/\/catholiques17.fr\/latremblade\/wp-content\/uploads\/sites\/16\/2023\/10\/catechumenat-.jpg\u00a0\u00bb title_text=\u00a0\u00bbcatechumenat\u00a0\u00bb align=\u00a0\u00bbcenter\u00a0\u00bb src_tablet=\u00a0\u00bbhttps:\/\/catholiques17.fr\/latremblade\/wp-content\/uploads\/sites\/16\/2023\/10\/IMG20231024183830.jpg\u00a0\u00bb src_phone=\u00a0\u00bbhttps:\/\/catholiques17.fr\/latremblade\/wp-content\/uploads\/sites\/16\/2023\/10\/IMG20231024183830.jpg\u00a0\u00bb src_last_edited=\u00a0\u00bbon|phone\u00a0\u00bb _builder_version=\u00a0\u00bb4.21.0&Prime; _module_preset=\u00a0\u00bbdefault\u00a0\u00bb max_height=\u00a0\u00bb347px\u00a0\u00bb animation_style=\u00a0\u00bbslide\u00a0\u00bb border_radii=\u00a0\u00bbon|20px|20px|20px|20px\u00a0\u00bb border_color_all=\u00a0\u00bb#207172&Prime; global_colors_info=\u00a0\u00bb{}\u00a0\u00bb theme_builder_area=\u00a0\u00bbpost_content\u00a0\u00bb][\/et_pb_image][\/et_pb_column][\/et_pb_row][et_pb_row _builder_version=\u00a0\u00bb4.21.0&Prime; _module_preset=\u00a0\u00bbdefault\u00a0\u00bb global_colors_info=\u00a0\u00bb{}\u00a0\u00bb theme_builder_area=\u00a0\u00bbpost_content\u00a0\u00bb][et_pb_column type=\u00a0\u00bb4_4&Prime; _builder_version=\u00a0\u00bb4.21.0&Prime; _module_preset=\u00a0\u00bbdefault\u00a0\u00bb global_colors_info=\u00a0\u00bb{}\u00a0\u00bb theme_builder_area=\u00a0\u00bbpost_content\u00a0\u00bb][et_pb_text _builder_version=\u00a0\u00bb4.21.0&Prime; _module_preset=\u00a0\u00bbdefault\u00a0\u00bb text_text_color=\u00a0\u00bb#207172&Prime; text_font_size=\u00a0\u00bb55px\u00a0\u00bb header_text_color=\u00a0\u00bb#FF8C00&Prime; background_layout=\u00a0\u00bbdark\u00a0\u00bb global_colors_info=\u00a0\u00bb{}\u00a0\u00bb theme_builder_area=\u00a0\u00bbpost_content\u00a0\u00bb]<\/p>\n<h1><span style=\"color: #008000\"><strong><span style=\"font-family: Calibri, Helvetica, sans-serif, serif, EmojiFont\"><span class=\"ILfuVd\" lang=\"fr\"><span class=\"hgKElc\"><b>U<\/b><\/span><\/span><\/span><\/strong><strong><span style=\"font-family: Calibri, Helvetica, sans-serif, serif, EmojiFont\"><span class=\"ILfuVd\" lang=\"fr\"><span class=\"hgKElc\"><b>n cat\u00e9chum\u00e8ne<\/b><\/span><\/span><\/span><\/strong><\/span><\/h1>\n<h3 style=\"direction: ltr\"><span style=\"font-family: Calibri, Helvetica, sans-serif, serif, EmojiFont;color: #000000\"><span class=\"ILfuVd\" lang=\"fr\"><span class=\"hgKElc\">C&rsquo;est\u00a0 une personne qui, ayant entendu parler de <\/span><\/span><\/span><span style=\"font-family: Calibri, Helvetica, sans-serif, serif, EmojiFont;color: #000000\"><span class=\"ILfuVd\" lang=\"fr\"><span class=\"hgKElc\">J\u00e9sus-Christ, demande \u00e0 l&rsquo;\u00c9glise de le lui faire <\/span><\/span><\/span><span style=\"font-family: Calibri, Helvetica, sans-serif, serif, EmojiFont;color: #000000\"><span class=\"ILfuVd\" lang=\"fr\"><span class=\"hgKElc\"><\/span><\/span><\/span><span style=\"font-family: Calibri, Helvetica, sans-serif, serif, EmojiFont;color: #000000\"><span class=\"ILfuVd\" lang=\"fr\"><span class=\"hgKElc\">connaitre et souhaite acc\u00e9der au bapt\u00eame<\/span><\/span><\/span><span style=\"font-family: Calibri, Helvetica, sans-serif, serif, EmojiFont;color: #000000\"><span class=\"ILfuVd\" lang=\"fr\"><span class=\"hgKElc\"><\/span><\/span><\/span><\/h3>\n<h1><span style=\"color: #008000\"><strong><span style=\"font-family: Calibri, Helvetica, sans-serif, serif, EmojiFont\"><span class=\"ILfuVd\" lang=\"fr\"><span class=\"hgKElc\">Un n\u00e9ophyte<br \/><\/span><\/span><\/span><\/strong><\/span><\/h1>\n<h3><span style=\"font-family: Calibri, Helvetica, sans-serif, serif, EmojiFont;color: #000000\"><span class=\"ILfuVd\" lang=\"fr\"><span class=\"hgKElc\">( Nouveau n\u00e9\u00a0 dans la foi)\u00a0 c&rsquo;est une personne\u00a0 nouvellement baptis\u00e9e qui demande\u00a0 un autre sacrement de l&rsquo;initiation : l&rsquo;Eucharistie ou la Confirmation<\/span><\/span><\/span><span style=\"font-family: Calibri, Helvetica, sans-serif, serif, EmojiFont;color: #000000\"><span class=\"ILfuVd\" lang=\"fr\"><span class=\"hgKElc\"><\/span><\/span><\/span><\/h3>\n<h1><span style=\"color: #008000\"><strong><span style=\"font-family: Calibri, Helvetica, sans-serif, serif, EmojiFont\"><span class=\"ILfuVd\" lang=\"fr\"><span class=\"hgKElc\">Le cat\u00e9chum\u00e9nat ?<\/span><\/span><\/span><\/strong><\/span><\/h1>\n<h3><span style=\"font-family: Calibri, Helvetica, sans-serif, serif, EmojiFont;color: #000000\"><span class=\"ILfuVd\" lang=\"fr\"><span class=\"hgKElc\">Le cat\u00e9chum\u00e9nat des adultes est un chemin propos\u00e9 par l\u2019\u00c9glise \u00e0 toute personne qui cherche Dieu et d\u00e9sire devenir chr\u00e9tien en se pr\u00e9parant aux sacrements de l\u2019Initiation : Bapt\u00eame, Confirmation, Eucharistie.<\/span><\/span><\/span><span style=\"font-family: Calibri, Helvetica, sans-serif, serif, EmojiFont;color: #000000\"><span class=\"ILfuVd\" lang=\"fr\"><span class=\"hgKElc\"><\/span><\/span><\/span><span style=\"font-family: Calibri, Helvetica, sans-serif, serif, EmojiFont;color: #000000\"><span class=\"ILfuVd\" lang=\"fr\"><span class=\"hgKElc\"><\/span><\/span><\/span><strong><span style=\"font-family: Calibri, Helvetica, sans-serif, serif, EmojiFont;color: #000000\"><span class=\"ILfuVd\" lang=\"fr\"><span class=\"hgKElc\"><b><\/b><\/span><\/span><\/span><\/strong><\/h3>\n<p><strong><span style=\"font-family: Calibri, Helvetica, sans-serif, serif, EmojiFont;color: #000000\"><span class=\"ILfuVd\" lang=\"fr\"><span class=\"hgKElc\"><\/span><\/span><\/span><\/strong><\/p>\n<h1 style=\"direction: ltr\"><span style=\"color: #008000\"><span style=\"font-family: Calibri, Helvetica, sans-serif, serif, EmojiFont\"><span class=\"ILfuVd\" lang=\"fr\"><span class=\"hgKElc\"><strong>D\u00e9marche vers le Bapt\u00eame\u00a0 <\/strong><\/span><\/span><\/span><span style=\"font-family: Calibri, Helvetica, sans-serif, serif, EmojiFont;font-size: 12pt\"><\/span><\/span><span style=\"font-family: Calibri, Helvetica, sans-serif, serif, EmojiFont;color: #000000\"><span class=\"ILfuVd\" lang=\"fr\"><span class=\"hgKElc\"><span style=\"color: #008000\"><strong>du Cat\u00e9chum\u00e8ne<\/strong><\/span><\/span><\/span><\/span><strong><span style=\"font-family: Calibri, Helvetica, sans-serif, serif, EmojiFont;color: #000000\"><span class=\"ILfuVd\" lang=\"fr\"><span class=\"hgKElc\"><\/span><\/span><\/span><\/strong><\/h1>\n<h2 style=\"direction: ltr\"><strong><span style=\"font-family: Calibri, Helvetica, sans-serif, serif, EmojiFont;color: #000000\"><\/span><\/strong><\/h2>\n<h2 style=\"direction: ltr\"><strong><span style=\"font-family: Calibri, Helvetica, sans-serif, serif, EmojiFont;color: #000000\"><\/span><\/strong><\/h2>\n<h2 style=\"direction: ltr\"><strong><span style=\"font-family: Calibri, Helvetica, sans-serif, serif, EmojiFont;color: #000000\"><\/span><\/strong><\/h2>\n<h2 style=\"direction: ltr\"><strong><span style=\"font-family: Calibri, Helvetica, sans-serif, serif, EmojiFont;color: #000000\">1er Temps\u00a0 :\u00a0\u00a0 Accueil et \u00e9coute pour un discernement\u00a0<\/span><\/strong><span style=\"font-family: Calibri, Helvetica, sans-serif, serif, EmojiFont;font-size: 12pt;color: #000000\"><\/span><span style=\"font-family: Calibri, Helvetica, sans-serif, serif, EmojiFont\"><\/span><\/h2>\n<h3 style=\"direction: ltr\"><span style=\"font-family: Calibri, Helvetica, sans-serif, serif, EmojiFont;color: #000000\">\u00a0Temps\u00a0 de l&rsquo;accueil du demandeur .\u00a0\u00a0\u00a0 Ecoute et Echange avec les accompagnateurs\u00a0 pour aboutir \u00e0 une d\u00e9cision de rentrer en\u00a0 cat\u00e9chum\u00e9nat<\/span><\/h3>\n<p><span style=\"font-family: Calibri, Helvetica, sans-serif, serif, EmojiFont;color: #000000\"><\/span><\/p>\n<h2><strong><span style=\"font-family: Calibri, Helvetica, sans-serif, serif, EmojiFont;color: #000000\">\u00a02\u00e8me Temps :\u00a0 Cat\u00e9ch\u00e8se de la Resurrection<\/span><\/strong><\/h2>\n<h3 style=\"direction: ltr\"><span style=\"font-family: Calibri, Helvetica, sans-serif, serif, EmojiFont;color: #000000\">Cat\u00e9ch\u00e8se centr\u00e9e sur le myst\u00e8re de la R\u00e9surrection, la pri\u00e8re.<\/span><\/h3>\n<h3 style=\"direction: ltr\"><span style=\"font-family: Calibri, Helvetica, sans-serif, serif, EmojiFont;color: #000000\">Agir en chr\u00e9tien : Discerner sur sa coh\u00e9rence de vie en int\u00e9grant la mission du chr\u00e9tien .<br \/><\/span><\/h3>\n<h2><span style=\"font-family: Calibri, Helvetica, sans-serif, serif, EmojiFont;font-size: 12pt;color: #000000\"><\/span><\/h2>\n<p><span style=\"font-family: Calibri, Helvetica, sans-serif, serif, EmojiFont;font-size: 12pt;color: #000000\"><\/span><\/p>\n<h2><span style=\"font-family: Calibri, Helvetica, sans-serif, serif, EmojiFont;font-size: 12pt;color: #000000\">\u00a0<\/span><strong><span style=\"font-family: Calibri, Helvetica, sans-serif, serif, EmojiFont;color: #000000\">3\u00e8me Temps : C<\/span><\/strong><span style=\"font-family: Calibri, Helvetica, sans-serif, serif, EmojiFont;font-size: 12pt;color: #000000\"><\/span><strong><span style=\"font-family: Calibri, Helvetica, sans-serif, serif, EmojiFont;color: #000000\">elui de\u00a0 la Purification et de l\u2019Illumination<\/span><\/strong><\/h2>\n<p><span style=\"font-family: Calibri, Helvetica, sans-serif, serif, EmojiFont;color: #000000\"><\/span><\/p>\n<p><span style=\"font-family: Calibri, Helvetica, sans-serif, serif, EmojiFont;color: #000000\"><\/span><\/p>\n<h2 style=\"direction: ltr\"><strong><span style=\"font-family: Calibri, Helvetica, sans-serif, serif, EmojiFont;color: #000000\">\u00a04\u00e8me Temps<\/span><span style=\"font-family: Calibri, Helvetica, sans-serif, serif, EmojiFont;color: #000000\"> : Vivre le myst\u00e8re Pascal et aboutir au Bapt\u00eame <\/span><\/strong><span style=\"font-family: Calibri, Helvetica, sans-serif, serif, EmojiFont;font-size: 12pt;color: #000000\"><\/span><span style=\"font-family: Calibri, Helvetica, sans-serif, serif, EmojiFont;font-size: 12pt;color: #000000\"><\/span><strong><span style=\"font-family: Calibri, Helvetica, sans-serif, serif, EmojiFont;color: #000000\"><\/span><\/strong><strong><span style=\"font-family: Calibri, Helvetica, sans-serif, serif, EmojiFont;color: #000000\"><\/span><\/strong><strong><span style=\"font-family: Calibri, Helvetica, sans-serif, serif, EmojiFont;color: #000000\"><\/span><\/strong><\/h2>\n<p><strong><span style=\"font-family: Calibri, Helvetica, sans-serif, serif, EmojiFont;color: #000000\"><\/span><\/strong><\/p>\n<p><strong><span style=\"font-family: Calibri, Helvetica, sans-serif, serif, EmojiFont;color: #000000\"><\/span><\/strong><\/p>\n<h2><strong><span style=\"font-family: Calibri, Helvetica, sans-serif, serif, EmojiFont;color: #000000\"><span style=\"color: #008000\">Cette ann\u00e9e\u00a0 3 jeunes de notre paroisse ( 18, 20 et 24 ans ) sont engag\u00e9s en cat\u00e9chum\u00e9nat :\u00a0 2\u00a0 n\u00e9ophytes et 1\u00a0 cat\u00e9chum\u00e8ne<\/span><br \/><\/span><\/strong><\/h2>\n<p>&nbsp;<\/p>\n<p>[\/et_pb_text][\/et_pb_column][\/et_pb_row][et_pb_row _builder_version=\u00a0\u00bb4.21.0&Prime; _module_preset=\u00a0\u00bbdefault\u00a0\u00bb global_colors_info=\u00a0\u00bb{}\u00a0\u00bb theme_builder_area=\u00a0\u00bbpost_content\u00a0\u00bb][et_pb_column type=\u00a0\u00bb4_4&Prime; _builder_version=\u00a0\u00bb4.21.0&Prime; _module_preset=\u00a0\u00bbdefault\u00a0\u00bb global_colors_info=\u00a0\u00bb{}\u00a0\u00bb theme_builder_area=\u00a0\u00bbpost_content\u00a0\u00bb][et_pb_divider _builder_version=\u00a0\u00bb4.21.0&Prime; _module_preset=\u00a0\u00bbdefault\u00a0\u00bb global_colors_info=\u00a0\u00bb{}\u00a0\u00bb theme_builder_area=\u00a0\u00bbpost_content\u00a0\u00bb][\/et_pb_divider][\/et_pb_column][\/et_pb_row][et_pb_row _builder_version=\u00a0\u00bb4.21.0&Prime; _module_preset=\u00a0\u00bbdefault\u00a0\u00bb global_colors_info=\u00a0\u00bb{}\u00a0\u00bb theme_builder_area=\u00a0\u00bbpost_content\u00a0\u00bb][et_pb_column type=\u00a0\u00bb4_4&Prime; _builder_version=\u00a0\u00bb4.21.0&Prime; _module_preset=\u00a0\u00bbdefault\u00a0\u00bb global_colors_info=\u00a0\u00bb{}\u00a0\u00bb theme_builder_area=\u00a0\u00bbpost_content\u00a0\u00bb][et_pb_text _builder_version=\u00a0\u00bb4.21.0&Prime; _module_preset=\u00a0\u00bbdefault\u00a0\u00bb global_colors_info=\u00a0\u00bb{}\u00a0\u00bb theme_builder_area=\u00a0\u00bbpost_content\u00a0\u00bb]<\/p>\n<h3 style=\"text-align: center\"><span style=\"color: #008000\">:<\/span><\/h3>\n<h3 style=\"text-align: center\"><span style=\"color: #008000\">Dans notre paroisse, <\/span><\/h3>\n<h3 style=\"text-align: center\"><span style=\"color: #008000\">Le catechumenat est\u00a0 assur\u00e9 par une \u00e9quipe d&rsquo;accompagnateurs <\/span><span style=\"color: #008000\"><a href=\"mailto:paroissepresquile@gmail.com\"><strong><\/strong><\/a><\/span><span style=\"color: #008000\">Jean Claude Mogis -Pierre Cartry et Maryvonne Papin\u00a0 en lien avec\u00a0 P\u00e8re David <\/span><span style=\"color: #008000\"><br \/><\/span><\/h3>\n<p><span style=\"color: #008000\"><\/span><\/p>\n<p><span style=\"color: #008000\"><\/span><\/p>\n<p><span style=\"color: #008000\"><\/span><\/p>\n<p><span style=\"color: #008000\"><\/span><\/p>\n<h3 style=\"text-align: center\"><span style=\"color: #008000\">Vous souhaitez en parler ? Contactez le secr\u00e9tariat :<\/span><\/h3>\n<h3 style=\"text-align: center\"><span style=\"color: #008000\"><a href=\"mailto:paroissepresquile@gmail.com\"><strong>p<\/strong><\/a><strong><a href=\"mailto:aroissepresquile@gmail.com\">aroissepresquile@gmail.com<\/a><\/strong><\/span><\/h3>\n<h3 style=\"text-align: center\"><span style=\"color: #008000\"><a href=\"mailto:paroissepresquile@gmail.com\"><strong><\/strong><\/a><strong><a href=\"mailto:aroissepresquile@gmail.com\"> 07 50 55 51 35<\/a><\/strong><\/span><span style=\"color: #008000\"><strong><\/strong><\/span><\/h3>\n<p><span style=\"color: #008000\">\u00a0<\/span><\/p>\n<p><span style=\"color: #008000\"><\/span><\/p>\n<p><span style=\"color: #008000\"><\/span><\/p>\n<p><span style=\"color: #008000\"><\/span><\/p>\n<h3 style=\"text-align: center\"><\/h3>\n<p>[\/et_pb_text][\/et_pb_column][\/et_pb_row][\/et_pb_section]<\/p>\n","protected":false},"excerpt":{"rendered":"<p>Un cat\u00e9chum\u00e8ne C&rsquo;est\u00a0 une personne qui, ayant entendu parler de J\u00e9sus-Christ, demande \u00e0 l&rsquo;\u00c9glise de le lui faire connaitre et souhaite acc\u00e9der au bapt\u00eame Un n\u00e9ophyte ( Nouveau n\u00e9\u00a0 dans [&hellip;]<\/p>\n","protected":false},"author":4,"featured_media":0,"parent":5829,"menu_order":0,"comment_status":"closed","ping_status":"closed","template":"","meta":{"_et_pb_use_builder":"on","_et_pb_old_content":"","_et_gb_content_width":"","footnotes":""},"class_list":["post-6277","page","type-page","status-publish","hentry"],"_links":{"self":[{"href":"https:\/\/catholiques17.fr\/latremblade\/wp-json\/wp\/v2\/pages\/6277","targetHints":{"allow":["GET"]}}],"collection":[{"href":"https:\/\/catholiques17.fr\/latremblade\/wp-json\/wp\/v2\/pages"}],"about":[{"href":"https:\/\/catholiques17.fr\/latremblade\/wp-json\/wp\/v2\/types\/page"}],"author":[{"embeddable":true,"href":"https:\/\/catholiques17.fr\/latremblade\/wp-json\/wp\/v2\/users\/4"}],"replies":[{"embeddable":true,"href":"https:\/\/catholiques17.fr\/latremblade\/wp-json\/wp\/v2\/comments?post=6277"}],"version-history":[{"count":20,"href":"https:\/\/catholiques17.fr\/latremblade\/wp-json\/wp\/v2\/pages\/6277\/revisions"}],"predecessor-version":[{"id":7307,"href":"https:\/\/catholiques17.fr\/latremblade\/wp-json\/wp\/v2\/pages\/6277\/revisions\/7307"}],"up":[{"embeddable":true,"href":"https:\/\/catholiques17.fr\/latremblade\/wp-json\/wp\/v2\/pages\/5829"}],"wp:attachment":[{"href":"https:\/\/catholiques17.fr\/latremblade\/wp-json\/wp\/v2\/media?parent=6277"}],"curies":[{"name":"wp","href":"https:\/\/api.w.org\/{rel}","templated":true}]}}