{"id":6075,"date":"2023-10-17T15:36:07","date_gmt":"2023-10-17T13:36:07","guid":{"rendered":"https:\/\/catholiques17.fr\/latremblade\/?page_id=6075"},"modified":"2023-10-21T08:44:43","modified_gmt":"2023-10-21T06:44:43","slug":"objectifs-de-la-paroisse","status":"publish","type":"page","link":"https:\/\/catholiques17.fr\/latremblade\/la-paroisse\/objectifs-de-la-paroisse\/","title":{"rendered":"Objectifs de la paroisse"},"content":{"rendered":"<p>[et_pb_section fb_built=\u00a0\u00bb1&Prime; _builder_version=\u00a0\u00bb4.21.0&Prime; _module_preset=\u00a0\u00bbdefault\u00a0\u00bb custom_padding=\u00a0\u00bb23px|||||\u00a0\u00bb global_colors_info=\u00a0\u00bb{}\u00a0\u00bb theme_builder_area=\u00a0\u00bbpost_content\u00a0\u00bb][et_pb_row _builder_version=\u00a0\u00bb4.21.0&Prime; _module_preset=\u00a0\u00bbdefault\u00a0\u00bb global_colors_info=\u00a0\u00bb{}\u00a0\u00bb theme_builder_area=\u00a0\u00bbpost_content\u00a0\u00bb][et_pb_column type=\u00a0\u00bb4_4&Prime; _builder_version=\u00a0\u00bb4.21.0&Prime; _module_preset=\u00a0\u00bbdefault\u00a0\u00bb global_colors_info=\u00a0\u00bb{}\u00a0\u00bb theme_builder_area=\u00a0\u00bbpost_content\u00a0\u00bb][et_pb_image src=\u00a0\u00bbhttps:\/\/catholiques17.fr\/latremblade\/wp-content\/uploads\/sites\/16\/2023\/10\/team-386673_1280.jpg\u00a0\u00bb title_text=\u00a0\u00bbteam-386673_1280&Prime; align=\u00a0\u00bbcenter\u00a0\u00bb _builder_version=\u00a0\u00bb4.21.0&Prime; _module_preset=\u00a0\u00bbdefault\u00a0\u00bb width=\u00a0\u00bb67%\u00a0\u00bb max_width=\u00a0\u00bb90%\u00a0\u00bb min_height=\u00a0\u00bb151px\u00a0\u00bb height=\u00a0\u00bb329px\u00a0\u00bb animation_style=\u00a0\u00bbslide\u00a0\u00bb hover_enabled=\u00a0\u00bb0&Prime; border_radii=\u00a0\u00bbon|20px|20px|20px|20px\u00a0\u00bb border_color_all=\u00a0\u00bb#207172&Prime; global_colors_info=\u00a0\u00bb{}\u00a0\u00bb theme_builder_area=\u00a0\u00bbpost_content\u00a0\u00bb sticky_enabled=\u00a0\u00bb0&Prime; min_height_last_edited=\u00a0\u00bbon|phone\u00a0\u00bb width_last_edited=\u00a0\u00bbon|phone\u00a0\u00bb min_height_tablet=\u00a0\u00bb151px\u00a0\u00bb min_height_phone=\u00a0\u00bb151px\u00a0\u00bb width_tablet=\u00a0\u00bb67%\u00a0\u00bb width_phone=\u00a0\u00bb67%\u00a0\u00bb][\/et_pb_image][\/et_pb_column][\/et_pb_row][et_pb_row _builder_version=\u00a0\u00bb4.21.0&Prime; _module_preset=\u00a0\u00bbdefault\u00a0\u00bb global_colors_info=\u00a0\u00bb{}\u00a0\u00bb theme_builder_area=\u00a0\u00bbpost_content\u00a0\u00bb][et_pb_column type=\u00a0\u00bb4_4&Prime; _builder_version=\u00a0\u00bb4.21.0&Prime; _module_preset=\u00a0\u00bbdefault\u00a0\u00bb global_colors_info=\u00a0\u00bb{}\u00a0\u00bb theme_builder_area=\u00a0\u00bbpost_content\u00a0\u00bb][et_pb_text _builder_version=\u00a0\u00bb4.21.0&Prime; _module_preset=\u00a0\u00bbdefault\u00a0\u00bb hover_enabled=\u00a0\u00bb0&Prime; global_colors_info=\u00a0\u00bb{}\u00a0\u00bb theme_builder_area=\u00a0\u00bbpost_content\u00a0\u00bb sticky_enabled=\u00a0\u00bb0&Prime;]<\/p>\n<p style=\"text-align: center\">Notre communaut\u00e9 paroissiale est principalement compos\u00e9e de seniors r\u00e9sidents mais aussi de beaucoup de fid\u00e8les ayant un pied \u00e0 terre dans la Presqu&rsquo;Ile . Nous aimons les revoir au beau temps . Beaucoup de nouveaux rejoignent aussi\u00a0 la r\u00e9gion ,le moment de la retraite venu. Les vacances\u00a0 nous apportent\u00a0 par ailleurs beaucoup de fid\u00e8les de passage.<\/p>\n<p style=\"text-align: center\">Le temps de l&rsquo;\u00e9t\u00e9\u00a0 beaucoup de benevoles\u00a0 se mettent a disposition voire\u00a0 prennent en charge l&rsquo;enti\u00e8re animation des stations baln\u00e9aires de la Palmyre et des Ronces . Magnifique support et investissement\u00a0 , une belle diversit\u00e9 qui nous enrichit tous!<\/p>\n<p style=\"text-align: left\"><strong>Notre premier objectif paroissial<\/strong> est de prendre grand soin de cette communaut\u00e9 \u00e9largie,en cr\u00e9ant\u00a0 une ambiance joyeuse o\u00f9 nous avons plaisir \u00e0 nous retrouver\u00a0 et\u00a0 partager . Nous souhaitons faire plus encore de pots d&rsquo;amiti\u00e9 , de repas partag\u00e9s .Nous pensons aussi aux personnes isol\u00e9es.<\/p>\n<p style=\"text-align: left\"><span><\/span><strong>Notre deuxi\u00e8me objectif s&rsquo;attache \u00e0 mieux accueillir les vacanciers<\/strong> et faciliter leur spiritualit\u00e9 en leur t\u00e9moignant\u00a0 notre reconnaissance<\/p>\n<p><strong>Notre troisi\u00e8me objectif est\u00a0 l&rsquo;Evang\u00e9lisation des jeunes <\/strong><\/p>\n<p>Pour y parvenir nous souhaitons tout d&rsquo;abord<\/p>\n<p><strong>-Redynamiser<\/strong> <strong>la proximit\u00e9 avec les parents<\/strong> .<\/p>\n<p>Cr\u00e9er des c\u00e9l\u00e9brations des familles le jour de la f\u00eate du bapt\u00eame du Seigneur .<strong>.<\/strong><\/p>\n<p>Proposer des animations de chants de Noel dans les familles<\/p>\n<p>Aller \u00e0 la rencontre des parents sur les lieux de vie<\/p>\n<p>&#8211;<strong> Renforcer le lien avec l&rsquo;Ecole Priv\u00e9e<\/strong><\/p>\n<p>Renforcer le lien avec l&rsquo;Ecole priv\u00e9e et developper\u00a0 l&rsquo;accompagnement de foi des jeunes scolaris\u00e9s.<\/p>\n<p>&#8211;\u00a0 <strong>Accompagner particuli\u00e8rement les jeunes coll\u00e9giens<\/strong> en leur proposant un parcours adapt\u00e9 bas\u00e9 sur le t\u00e9moignage de chr\u00e9tiens engag\u00e9s<\/p>\n<p>&nbsp;<\/p>\n<p><strong><\/strong><\/p>\n<p>&nbsp;<\/p>\n<p>&nbsp;<\/p>\n<p>&nbsp;<\/p>\n<p>&nbsp;<\/p>\n<p>&nbsp;<\/p>\n<p>[\/et_pb_text][\/et_pb_column][\/et_pb_row][et_pb_row _builder_version=\u00a0\u00bb4.21.0&Prime; _module_preset=\u00a0\u00bbdefault\u00a0\u00bb global_colors_info=\u00a0\u00bb{}\u00a0\u00bb theme_builder_area=\u00a0\u00bbpost_content\u00a0\u00bb][et_pb_column type=\u00a0\u00bb4_4&Prime; _builder_version=\u00a0\u00bb4.21.0&Prime; _module_preset=\u00a0\u00bbdefault\u00a0\u00bb global_colors_info=\u00a0\u00bb{}\u00a0\u00bb theme_builder_area=\u00a0\u00bbpost_content\u00a0\u00bb][et_pb_divider _builder_version=\u00a0\u00bb4.21.0&Prime; _module_preset=\u00a0\u00bbdefault\u00a0\u00bb global_colors_info=\u00a0\u00bb{}\u00a0\u00bb theme_builder_area=\u00a0\u00bbpost_content\u00a0\u00bb][\/et_pb_divider][\/et_pb_column][\/et_pb_row][et_pb_row _builder_version=\u00a0\u00bb4.21.0&Prime; _module_preset=\u00a0\u00bbdefault\u00a0\u00bb global_colors_info=\u00a0\u00bb{}\u00a0\u00bb theme_builder_area=\u00a0\u00bbpost_content\u00a0\u00bb][et_pb_column type=\u00a0\u00bb4_4&Prime; _builder_version=\u00a0\u00bb4.21.0&Prime; _module_preset=\u00a0\u00bbdefault\u00a0\u00bb global_colors_info=\u00a0\u00bb{}\u00a0\u00bb theme_builder_area=\u00a0\u00bbpost_content\u00a0\u00bb][et_pb_text _builder_version=\u00a0\u00bb4.21.0&Prime; _module_preset=\u00a0\u00bbdefault\u00a0\u00bb global_colors_info=\u00a0\u00bb{}\u00a0\u00bb theme_builder_area=\u00a0\u00bbpost_content\u00a0\u00bb]<\/p>\n<h3 style=\"text-align: center\"><span style=\"color: #008000\">\u00a0<\/span><\/h3>\n<p><span style=\"color: #008000\"><\/span><\/p>\n<p>[\/et_pb_text][\/et_pb_column][\/et_pb_row][\/et_pb_section]<\/p>\n","protected":false},"excerpt":{"rendered":"<p>Notre communaut\u00e9 paroissiale est principalement compos\u00e9e de seniors r\u00e9sidents mais aussi de beaucoup de fid\u00e8les ayant un pied \u00e0 terre dans la Presqu&rsquo;Ile . Nous aimons les revoir au beau [&hellip;]<\/p>\n","protected":false},"author":4,"featured_media":0,"parent":5819,"menu_order":0,"comment_status":"closed","ping_status":"closed","template":"","meta":{"_et_pb_use_builder":"on","_et_pb_old_content":"","_et_gb_content_width":"","footnotes":""},"class_list":["post-6075","page","type-page","status-publish","hentry"],"_links":{"self":[{"href":"https:\/\/catholiques17.fr\/latremblade\/wp-json\/wp\/v2\/pages\/6075","targetHints":{"allow":["GET"]}}],"collection":[{"href":"https:\/\/catholiques17.fr\/latremblade\/wp-json\/wp\/v2\/pages"}],"about":[{"href":"https:\/\/catholiques17.fr\/latremblade\/wp-json\/wp\/v2\/types\/page"}],"author":[{"embeddable":true,"href":"https:\/\/catholiques17.fr\/latremblade\/wp-json\/wp\/v2\/users\/4"}],"replies":[{"embeddable":true,"href":"https:\/\/catholiques17.fr\/latremblade\/wp-json\/wp\/v2\/comments?post=6075"}],"version-history":[{"count":8,"href":"https:\/\/catholiques17.fr\/latremblade\/wp-json\/wp\/v2\/pages\/6075\/revisions"}],"predecessor-version":[{"id":6196,"href":"https:\/\/catholiques17.fr\/latremblade\/wp-json\/wp\/v2\/pages\/6075\/revisions\/6196"}],"up":[{"embeddable":true,"href":"https:\/\/catholiques17.fr\/latremblade\/wp-json\/wp\/v2\/pages\/5819"}],"wp:attachment":[{"href":"https:\/\/catholiques17.fr\/latremblade\/wp-json\/wp\/v2\/media?parent=6075"}],"curies":[{"name":"wp","href":"https:\/\/api.w.org\/{rel}","templated":true}]}}