{"id":5863,"date":"2023-10-13T10:17:54","date_gmt":"2023-10-13T08:17:54","guid":{"rendered":"https:\/\/catholiques17.fr\/latremblade\/?page_id=5863"},"modified":"2023-10-27T21:49:10","modified_gmt":"2023-10-27T19:49:10","slug":"entretien-des-eglises","status":"publish","type":"page","link":"https:\/\/catholiques17.fr\/latremblade\/services\/entretien-des-eglises\/","title":{"rendered":"Entretien des \u00e9glises"},"content":{"rendered":"<p>[et_pb_section fb_built=\u00a0\u00bb1&Prime; _builder_version=\u00a0\u00bb4.21.0&Prime; _module_preset=\u00a0\u00bbdefault\u00a0\u00bb custom_padding=\u00a0\u00bb23px|||||\u00a0\u00bb global_colors_info=\u00a0\u00bb{}\u00a0\u00bb theme_builder_area=\u00a0\u00bbpost_content\u00a0\u00bb][et_pb_row _builder_version=\u00a0\u00bb4.21.0&Prime; _module_preset=\u00a0\u00bbdefault\u00a0\u00bb global_colors_info=\u00a0\u00bb{}\u00a0\u00bb theme_builder_area=\u00a0\u00bbpost_content\u00a0\u00bb][et_pb_column type=\u00a0\u00bb4_4&Prime; _builder_version=\u00a0\u00bb4.21.0&Prime; _module_preset=\u00a0\u00bbdefault\u00a0\u00bb global_colors_info=\u00a0\u00bb{}\u00a0\u00bb theme_builder_area=\u00a0\u00bbpost_content\u00a0\u00bb][et_pb_image src=\u00a0\u00bbhttps:\/\/catholiques17.fr\/latremblade\/wp-content\/uploads\/sites\/16\/2023\/10\/clean-1346686_1280.jpg\u00a0\u00bb title_text=\u00a0\u00bbclean-1346686_1280&Prime; align=\u00a0\u00bbcenter\u00a0\u00bb _builder_version=\u00a0\u00bb4.21.0&Prime; _module_preset=\u00a0\u00bbdefault\u00a0\u00bb max_width=\u00a0\u00bb73%\u00a0\u00bb max_height=\u00a0\u00bb675px\u00a0\u00bb animation_style=\u00a0\u00bbslide\u00a0\u00bb border_radii=\u00a0\u00bbon|20px|20px|20px|20px\u00a0\u00bb border_color_all=\u00a0\u00bb#207172&Prime; global_colors_info=\u00a0\u00bb{}\u00a0\u00bb theme_builder_area=\u00a0\u00bbpost_content\u00a0\u00bb][\/et_pb_image][\/et_pb_column][\/et_pb_row][et_pb_row _builder_version=\u00a0\u00bb4.21.0&Prime; _module_preset=\u00a0\u00bbdefault\u00a0\u00bb global_colors_info=\u00a0\u00bb{}\u00a0\u00bb theme_builder_area=\u00a0\u00bbpost_content\u00a0\u00bb][et_pb_column type=\u00a0\u00bb4_4&Prime; _builder_version=\u00a0\u00bb4.21.0&Prime; _module_preset=\u00a0\u00bbdefault\u00a0\u00bb global_colors_info=\u00a0\u00bb{}\u00a0\u00bb theme_builder_area=\u00a0\u00bbpost_content\u00a0\u00bb][et_pb_text _builder_version=\u00a0\u00bb4.21.0&Prime; _module_preset=\u00a0\u00bbdefault\u00a0\u00bb text_text_color=\u00a0\u00bb#000000&Prime; text_font_size=\u00a0\u00bb15px\u00a0\u00bb header_text_color=\u00a0\u00bb#000000&Prime; hover_enabled=\u00a0\u00bb0&Prime; global_colors_info=\u00a0\u00bb{}\u00a0\u00bb theme_builder_area=\u00a0\u00bbpost_content\u00a0\u00bb sticky_enabled=\u00a0\u00bb0&Prime;]<\/p>\n<h3><strong>Entretien des \u00e9glises<\/strong><\/h3>\n<p><strong><\/strong><\/p>\n<p>Notre paroisse comprend 5 \u00e9glises qui sont ouvertes tous les jours de l&rsquo;ann\u00e9e<\/p>\n<p>Dans chacune de ces \u00e9glises, quelques paroissiennes mais aussi paroissiens s&#8217;emploient \u00e0 la garder propre, et fonctionnelle.<\/p>\n<p style=\"text-align: left\">\u00a0\u00a0\u00a0\u00a0 &#8211; Ouvrir et fermer chaque jour\u00a0 l&rsquo;\u00e9glise<\/p>\n<p style=\"text-align: left\">\u00a0\u00a0\u00a0\u00a0 &#8211; Effectuer\u00a0 l&rsquo;entretien ordinaire du lieu (sol, bancs, mobilier, statues&#8230;)<\/p>\n<p style=\"text-align: left\">\u00a0\u00a0\u00a0\u00a0 &#8211; Fleurir\u00a0 les \u00e9glises<\/p>\n<p style=\"text-align: left\">\u00a0 \u00a0 \u00a0 -Approvisionner en\u00a0 cierges, hosties,\u00a0 vin et de l&rsquo;eau, du charbon pour l&rsquo;encensoir &#8230;<\/p>\n<p style=\"text-align: left\">\u00a0 \u00a0 \u00a0 -Entretenir le\u00a0 linge d&rsquo;autel<\/p>\n<p style=\"text-align: left\">\u00a0 \u00a0\u00a0 &#8211; Mettre\u00a0 \u00e0 jour de la table de presse, des affiches &#8230;<\/p>\n<p><strong>Toute ces actions discr\u00e8tes mais n\u00e9anmoins essentielles sont entre les mains de\u00a0 serviteurs discrets que nous devons remercier<br \/><\/strong><\/p>\n<p><strong>\u00c9glise du Sacr\u00e9-C\u0153ur de La Tremblade<\/strong> : Jacqueline B, Magali A\u00a0 Claudine Chttps:\/\/catholiques17.fr\/latremblade\/vie-chretienne\/catechumenat\/<\/p>\n<p><strong>Eglise du Sacr\u00e9-Coeur de La Tremblade:<\/strong> Fleurissement\u00a0 : Marie Claude\u00a0 A\u00a0 et Paulette B<\/p>\n<p><strong>\u00c9glise St Pierre de Chaillevette<\/strong> : Christiane J et Marguerite D<\/p>\n<p><strong>\u00c9glise St Cyr et Ste Julitte des Mathes<\/strong>: Mireille M, Pierre C et Mauricette.Genevi\u00e8ve D entretient les nappes et le linge d&rsquo;autel<strong><\/strong><\/p>\n<p><strong>\u00c9glise Notre Dame de la Nativit\u00e9 d&rsquo;\u00c9taules<\/strong> :entretien \u00c9lisabeth D et Andr\u00e9 S avec l&rsquo;aide de Manuela ..Ouverture\/fermeture de l&rsquo;\u00e9glise : deux \u00e9quipes ont \u00e9t\u00e9 constitu\u00e9es pour assurer r\u00e9guli\u00e8rement ce service Jean-Pierre B \/ Andr\u00e9 S, G\u00e9rald S \/ Daniel M et des rempla\u00e7antes Nicole P ou Fran\u00e7oise R en cas de besoin.<\/p>\n<p><strong>L&rsquo;\u00e9glise St \u00c9tienne d&rsquo;Arvert:<\/strong> (en travaux pour un temps ind\u00e9termin\u00e9)<\/p>\n<p>&nbsp;<\/p>\n<p><strong>En juillet\/ao\u00fbt, des c\u00e9l\u00e9brations Eucharistiques ont lieu tous les dimanches \u00e0 la chapelle Notre Dame des pins \u00e0 La Palmyre et la chapelle de Ronce les bains<\/strong><\/p>\n<p><strong><\/strong><\/p>\n<p><strong><\/strong><\/p>\n<p><strong>L&rsquo;entretien g\u00e9n\u00e9ral de La chapelle de la Palmyre<\/strong> est assur\u00e9 le matin par la municipalit\u00e9 et les finitions par Mireille M et Chantal.<\/p>\n<p>La pr\u00e9paration mat\u00e9rielle pour la c\u00e9l\u00e9bration Eucharistique (mise en place de l&rsquo;autel, des accessoires n\u00e9cessaires, de la sono, du mat\u00e9riel pour le diaporama ..) est assur\u00e9e tous les dimanches de l&rsquo;\u00e9t\u00e9 par Fran\u00e7oise L et Pierre C.<\/p>\n<p><strong>L&rsquo;entretien de la Chapelle de Ronce les bains<\/strong> est assur\u00e9 par Jacqueline B et la pr\u00e9paration de l&rsquo;autel avant la messe par Danielle P et Ma\u00eft\u00e9<\/p>\n<p>&nbsp;<\/p>\n<p>[\/et_pb_text][\/et_pb_column][\/et_pb_row][et_pb_row _builder_version=\u00a0\u00bb4.21.0&Prime; _module_preset=\u00a0\u00bbdefault\u00a0\u00bb global_colors_info=\u00a0\u00bb{}\u00a0\u00bb theme_builder_area=\u00a0\u00bbpost_content\u00a0\u00bb][et_pb_column type=\u00a0\u00bb4_4&Prime; _builder_version=\u00a0\u00bb4.21.0&Prime; _module_preset=\u00a0\u00bbdefault\u00a0\u00bb global_colors_info=\u00a0\u00bb{}\u00a0\u00bb theme_builder_area=\u00a0\u00bbpost_content\u00a0\u00bb][et_pb_divider _builder_version=\u00a0\u00bb4.21.0&Prime; _module_preset=\u00a0\u00bbdefault\u00a0\u00bb global_colors_info=\u00a0\u00bb{}\u00a0\u00bb theme_builder_area=\u00a0\u00bbpost_content\u00a0\u00bb][\/et_pb_divider][\/et_pb_column][\/et_pb_row][et_pb_row _builder_version=\u00a0\u00bb4.21.0&Prime; _module_preset=\u00a0\u00bbdefault\u00a0\u00bb global_colors_info=\u00a0\u00bb{}\u00a0\u00bb theme_builder_area=\u00a0\u00bbpost_content\u00a0\u00bb][et_pb_column type=\u00a0\u00bb4_4&Prime; _builder_version=\u00a0\u00bb4.21.0&Prime; _module_preset=\u00a0\u00bbdefault\u00a0\u00bb global_colors_info=\u00a0\u00bb{}\u00a0\u00bb theme_builder_area=\u00a0\u00bbpost_content\u00a0\u00bb][et_pb_text _builder_version=\u00a0\u00bb4.21.0&Prime; _module_preset=\u00a0\u00bbdefault\u00a0\u00bb global_colors_info=\u00a0\u00bb{}\u00a0\u00bb theme_builder_area=\u00a0\u00bbpost_content\u00a0\u00bb]<\/p>\n<h3 style=\"text-align: center\"><span style=\"color: #008000\">L&rsquo;entretien des Eglises est probablement le service le plus discret mais tellement\u00a0 important pour la beaut\u00e9 de\u00a0 nos c\u00e9l\u00e9brations<br \/><\/span><\/h3>\n<h3 style=\"text-align: center\"><span style=\"color: #008000\">Vous souhaitez\u00a0 rejoindre ces equipes <\/span><\/h3>\n<h3 style=\"text-align: center\"><span style=\"color: #008000\"><\/span><\/h3>\n<h3 style=\"text-align: center\"><span style=\"color: #008000\"><\/span><\/h3>\n<h2 style=\"text-align: center\"><span style=\"color: #008000\"><strong><a href=\"mailto:Paroissepresquile@gmail.com\">Paroissepresquile@gmail.com<\/a><\/strong><br \/><\/span><\/h2>\n<p>&nbsp;<\/p>\n<p><span style=\"color: #008000\"><\/span><\/p>\n<p><span style=\"color: #008000\">\u00a0\u00a0 https:\/\/catholiques17.fr\/latremblade\/vie-chretienne\/catechumenat\/<\/span><strong><span style=\"color: #008000\"><\/span><\/strong><\/p>\n<p><span style=\"color: #008000\"><\/span><\/p>\n<p><span style=\"color: #008000\"><\/span><\/p>\n<h3 style=\"text-align: center\"><\/h3>\n<p>[\/et_pb_text][\/et_pb_column][\/et_pb_row][\/et_pb_section]<\/p>\n","protected":false},"excerpt":{"rendered":"<p>Entretien des \u00e9glises Notre paroisse comprend 5 \u00e9glises qui sont ouvertes tous les jours de l&rsquo;ann\u00e9e Dans chacune de ces \u00e9glises, quelques paroissiennes mais aussi paroissiens s&#8217;emploient \u00e0 la garder [&hellip;]<\/p>\n","protected":false},"author":4,"featured_media":0,"parent":5855,"menu_order":0,"comment_status":"closed","ping_status":"closed","template":"","meta":{"_et_pb_use_builder":"on","_et_pb_old_content":"","_et_gb_content_width":"","footnotes":""},"class_list":["post-5863","page","type-page","status-publish","hentry"],"_links":{"self":[{"href":"https:\/\/catholiques17.fr\/latremblade\/wp-json\/wp\/v2\/pages\/5863","targetHints":{"allow":["GET"]}}],"collection":[{"href":"https:\/\/catholiques17.fr\/latremblade\/wp-json\/wp\/v2\/pages"}],"about":[{"href":"https:\/\/catholiques17.fr\/latremblade\/wp-json\/wp\/v2\/types\/page"}],"author":[{"embeddable":true,"href":"https:\/\/catholiques17.fr\/latremblade\/wp-json\/wp\/v2\/users\/4"}],"replies":[{"embeddable":true,"href":"https:\/\/catholiques17.fr\/latremblade\/wp-json\/wp\/v2\/comments?post=5863"}],"version-history":[{"count":10,"href":"https:\/\/catholiques17.fr\/latremblade\/wp-json\/wp\/v2\/pages\/5863\/revisions"}],"predecessor-version":[{"id":6332,"href":"https:\/\/catholiques17.fr\/latremblade\/wp-json\/wp\/v2\/pages\/5863\/revisions\/6332"}],"up":[{"embeddable":true,"href":"https:\/\/catholiques17.fr\/latremblade\/wp-json\/wp\/v2\/pages\/5855"}],"wp:attachment":[{"href":"https:\/\/catholiques17.fr\/latremblade\/wp-json\/wp\/v2\/media?parent=5863"}],"curies":[{"name":"wp","href":"https:\/\/api.w.org\/{rel}","templated":true}]}}