{"id":5839,"date":"2023-10-13T10:04:02","date_gmt":"2023-10-13T08:04:02","guid":{"rendered":"https:\/\/catholiques17.fr\/latremblade\/?page_id=5839"},"modified":"2024-12-04T18:56:08","modified_gmt":"2024-12-04T17:56:08","slug":"mariage","status":"publish","type":"page","link":"https:\/\/catholiques17.fr\/latremblade\/vie-chretienne\/mariage\/","title":{"rendered":"Mariage"},"content":{"rendered":"<p>[et_pb_section fb_built=\u00a0\u00bb1&Prime; _builder_version=\u00a0\u00bb4.21.0&Prime; _module_preset=\u00a0\u00bbdefault\u00a0\u00bb custom_padding=\u00a0\u00bb23px|||||\u00a0\u00bb global_colors_info=\u00a0\u00bb{}\u00a0\u00bb theme_builder_area=\u00a0\u00bbpost_content\u00a0\u00bb][et_pb_row _builder_version=\u00a0\u00bb4.21.0&Prime; _module_preset=\u00a0\u00bbdefault\u00a0\u00bb global_colors_info=\u00a0\u00bb{}\u00a0\u00bb theme_builder_area=\u00a0\u00bbpost_content\u00a0\u00bb][et_pb_column type=\u00a0\u00bb4_4&Prime; _builder_version=\u00a0\u00bb4.21.0&Prime; _module_preset=\u00a0\u00bbdefault\u00a0\u00bb global_colors_info=\u00a0\u00bb{}\u00a0\u00bb theme_builder_area=\u00a0\u00bbpost_content\u00a0\u00bb][et_pb_image src=\u00a0\u00bbhttps:\/\/catholiques17.fr\/latremblade\/wp-content\/uploads\/sites\/16\/2023\/10\/wedding-352947_1280.jpg\u00a0\u00bb title_text=\u00a0\u00bbwedding-352947_1280&Prime; align=\u00a0\u00bbcenter\u00a0\u00bb _builder_version=\u00a0\u00bb4.21.0&Prime; _module_preset=\u00a0\u00bbdefault\u00a0\u00bb animation_style=\u00a0\u00bbslide\u00a0\u00bb border_radii=\u00a0\u00bbon|20px|20px|20px|20px\u00a0\u00bb border_color_all=\u00a0\u00bb#207172&Prime; global_colors_info=\u00a0\u00bb{}\u00a0\u00bb theme_builder_area=\u00a0\u00bbpost_content\u00a0\u00bb][\/et_pb_image][\/et_pb_column][\/et_pb_row][et_pb_row _builder_version=\u00a0\u00bb4.21.0&Prime; _module_preset=\u00a0\u00bbdefault\u00a0\u00bb global_colors_info=\u00a0\u00bb{}\u00a0\u00bb theme_builder_area=\u00a0\u00bbpost_content\u00a0\u00bb][et_pb_column type=\u00a0\u00bb4_4&Prime; _builder_version=\u00a0\u00bb4.21.0&Prime; _module_preset=\u00a0\u00bbdefault\u00a0\u00bb global_colors_info=\u00a0\u00bb{}\u00a0\u00bb theme_builder_area=\u00a0\u00bbpost_content\u00a0\u00bb][et_pb_text _builder_version=\u00a0\u00bb4.21.0&Prime; _module_preset=\u00a0\u00bbdefault\u00a0\u00bb global_colors_info=\u00a0\u00bb{}\u00a0\u00bb theme_builder_area=\u00a0\u00bbpost_content\u00a0\u00bb]<\/p>\n<div style=\"text-align: center\"><\/div>\n<p style=\"text-align: center\"><strong>La pr\u00e9paration au mariage\u00a0<\/strong><\/p>\n<div>\n<div><\/div>\n<div><\/div>\n<div>Le mariage \u00e0 l\u2019\u00e9glise n\u00e9cessite une pr\u00e9paration car le mariage est un sacrement.<\/div>\n<div><\/div>\n<div>Ce moment fondateur de la vie d\u2019un couple doit \u00eatre r\u00e9fl\u00e9chi, approfondi par les futurs mari\u00e9s.<\/div>\n<div><\/div>\n<div><\/div>\n<div><\/div>\n<div>Dans notre paroisse,\u00a0en plus du pr\u00eatre, un couple \u00ab t\u00e9moin \u00bb les accompagne dans leur pr\u00e9paration.<\/div>\n<div><\/div>\n<div><\/div>\n<div>Durant cette rencontre de deux heures qui r\u00e9unit plusieurs couples de\u00a0futurs mari\u00e9s, nous \u00e9changeons avec respect, bonne humeur et bienveillance sur le th\u00e8me de l\u2019importance du mariage,en particulier du mariage religieux.<\/div>\n<div><\/div>\n<div>Nous lisons ensemble des textes de l\u2019Evangile ainsi que des pri\u00e8res afin de nous unir \u00e0 Dieu.<\/div>\n<div><\/div>\n<div><\/div>\n<div>Les futurs mari\u00e9s doivent \u00e9galement prendre rendez-vous avec le P\u00e8re David \u00a0pour faire connaissance, parler de leur demande de mariage, \u00e9tablir le dossier administratif et pr\u00e9voir la c\u00e9r\u00e9monie.<\/div>\n<\/div>\n<div><\/div>\n<p style=\"text-align: center\">[\/et_pb_text][\/et_pb_column][\/et_pb_row][et_pb_row _builder_version=\u00a0\u00bb4.21.0&Prime; _module_preset=\u00a0\u00bbdefault\u00a0\u00bb global_colors_info=\u00a0\u00bb{}\u00a0\u00bb theme_builder_area=\u00a0\u00bbpost_content\u00a0\u00bb][et_pb_column type=\u00a0\u00bb4_4&Prime; _builder_version=\u00a0\u00bb4.21.0&Prime; _module_preset=\u00a0\u00bbdefault\u00a0\u00bb global_colors_info=\u00a0\u00bb{}\u00a0\u00bb theme_builder_area=\u00a0\u00bbpost_content\u00a0\u00bb][et_pb_text _builder_version=\u00a0\u00bb4.21.0&Prime; _module_preset=\u00a0\u00bbdefault\u00a0\u00bb global_colors_info=\u00a0\u00bb{}\u00a0\u00bb theme_builder_area=\u00a0\u00bbpost_content\u00a0\u00bb]<\/p>\n<div>\n<div>\u00a0Les rencontres de l\u2019ann\u00e9e 2025 auront lieu le samedi matin de 10h \u00e0 12h au Presbyt\u00e8re, \u00e0 la salle St Nicolas selon le calendrier suivant :<\/div>\n<div><\/div>\n<ul>\n<li>Samedi 25 Janvier<\/li>\n<li>Samedi 22 F\u00e9vrier<\/li>\n<li>Samedi 22 Mars<\/li>\n<\/ul>\n<div><\/div>\n<div style=\"text-align: center\"><\/div>\n<div style=\"text-align: center\"><\/div>\n<div><\/div>\n<div><\/div>\n<div>Futurs mari\u00e9s choisissez une date et inscrivez-vous en t\u00e9l\u00e9phonant au presbyt\u00e8re\u00a0\u00a0 07 50 55 51 35 <span id=\"et-info-phone\">ou alors envoyez un courriel : <a href=\"mailto:paroissepresquile@gmail.com\">paroissepresquile@gmail.com<\/a><\/span><\/div>\n<div><span><\/span><\/div>\n<div><span><\/span><\/div>\n<div><span><\/span><\/div>\n<div><\/div>\n<div><\/div>\n<div style=\"text-align: center\">Merci beaucoup<\/div>\n<div style=\"text-align: center\"><\/div>\n<div style=\"text-align: center\"><\/div>\n<div style=\"text-align: center\">Au plaisir de vous accueillir<\/div>\n<div style=\"text-align: center\"><\/div>\n<div style=\"text-align: center\">Patricia et Fran\u00e7ois<\/div>\n<\/div>\n<div><\/div>\n<p>[\/et_pb_text][\/et_pb_column][\/et_pb_row][et_pb_row _builder_version=\u00a0\u00bb4.21.0&Prime; _module_preset=\u00a0\u00bbdefault\u00a0\u00bb global_colors_info=\u00a0\u00bb{}\u00a0\u00bb theme_builder_area=\u00a0\u00bbpost_content\u00a0\u00bb][et_pb_column type=\u00a0\u00bb4_4&Prime; _builder_version=\u00a0\u00bb4.21.0&Prime; _module_preset=\u00a0\u00bbdefault\u00a0\u00bb global_colors_info=\u00a0\u00bb{}\u00a0\u00bb theme_builder_area=\u00a0\u00bbpost_content\u00a0\u00bb][et_pb_divider _builder_version=\u00a0\u00bb4.21.0&Prime; _module_preset=\u00a0\u00bbdefault\u00a0\u00bb global_colors_info=\u00a0\u00bb{}\u00a0\u00bb theme_builder_area=\u00a0\u00bbpost_content\u00a0\u00bb][\/et_pb_divider][\/et_pb_column][\/et_pb_row][et_pb_row _builder_version=\u00a0\u00bb4.21.0&Prime; _module_preset=\u00a0\u00bbdefault\u00a0\u00bb global_colors_info=\u00a0\u00bb{}\u00a0\u00bb theme_builder_area=\u00a0\u00bbpost_content\u00a0\u00bb][et_pb_column type=\u00a0\u00bb4_4&Prime; _builder_version=\u00a0\u00bb4.21.0&Prime; _module_preset=\u00a0\u00bbdefault\u00a0\u00bb global_colors_info=\u00a0\u00bb{}\u00a0\u00bb theme_builder_area=\u00a0\u00bbpost_content\u00a0\u00bb][et_pb_text _builder_version=\u00a0\u00bb4.21.0&Prime; _module_preset=\u00a0\u00bbdefault\u00a0\u00bb global_colors_info=\u00a0\u00bb{}\u00a0\u00bb theme_builder_area=\u00a0\u00bbpost_content\u00a0\u00bb]<\/p>\n<h4 style=\"text-align: center\"><span style=\"color: #008000\">Dans notre paroisse, ce sont Patricia et Fran\u00e7ois qui vous accompagneront\u00a0<\/span><\/h4>\n<p><span style=\"color: #008000\"><\/span><\/p>\n<p>[\/et_pb_text][\/et_pb_column][\/et_pb_row][\/et_pb_section]<\/p>\n","protected":false},"excerpt":{"rendered":"<p>La pr\u00e9paration au mariage\u00a0 Le mariage \u00e0 l\u2019\u00e9glise n\u00e9cessite une pr\u00e9paration car le mariage est un sacrement. Ce moment fondateur de la vie d\u2019un couple doit \u00eatre r\u00e9fl\u00e9chi, approfondi par [&hellip;]<\/p>\n","protected":false},"author":4,"featured_media":0,"parent":5829,"menu_order":0,"comment_status":"closed","ping_status":"closed","template":"","meta":{"_et_pb_use_builder":"on","_et_pb_old_content":"","_et_gb_content_width":"","footnotes":""},"class_list":["post-5839","page","type-page","status-publish","hentry"],"_links":{"self":[{"href":"https:\/\/catholiques17.fr\/latremblade\/wp-json\/wp\/v2\/pages\/5839","targetHints":{"allow":["GET"]}}],"collection":[{"href":"https:\/\/catholiques17.fr\/latremblade\/wp-json\/wp\/v2\/pages"}],"about":[{"href":"https:\/\/catholiques17.fr\/latremblade\/wp-json\/wp\/v2\/types\/page"}],"author":[{"embeddable":true,"href":"https:\/\/catholiques17.fr\/latremblade\/wp-json\/wp\/v2\/users\/4"}],"replies":[{"embeddable":true,"href":"https:\/\/catholiques17.fr\/latremblade\/wp-json\/wp\/v2\/comments?post=5839"}],"version-history":[{"count":10,"href":"https:\/\/catholiques17.fr\/latremblade\/wp-json\/wp\/v2\/pages\/5839\/revisions"}],"predecessor-version":[{"id":8874,"href":"https:\/\/catholiques17.fr\/latremblade\/wp-json\/wp\/v2\/pages\/5839\/revisions\/8874"}],"up":[{"embeddable":true,"href":"https:\/\/catholiques17.fr\/latremblade\/wp-json\/wp\/v2\/pages\/5829"}],"wp:attachment":[{"href":"https:\/\/catholiques17.fr\/latremblade\/wp-json\/wp\/v2\/media?parent=5839"}],"curies":[{"name":"wp","href":"https:\/\/api.w.org\/{rel}","templated":true}]}}