{"id":5831,"date":"2023-10-13T10:02:57","date_gmt":"2023-10-13T08:02:57","guid":{"rendered":"https:\/\/catholiques17.fr\/latremblade\/?page_id=5831"},"modified":"2023-10-16T15:50:04","modified_gmt":"2023-10-16T13:50:04","slug":"bapteme","status":"publish","type":"page","link":"https:\/\/catholiques17.fr\/latremblade\/vie-chretienne\/bapteme\/","title":{"rendered":"Bapt\u00eame"},"content":{"rendered":"<p>[et_pb_section fb_built=\u00a0\u00bb1&Prime; theme_builder_area=\u00a0\u00bbpost_content\u00a0\u00bb _builder_version=\u00a0\u00bb4.21.0&Prime; _module_preset=\u00a0\u00bbdefault\u00a0\u00bb custom_padding=\u00a0\u00bb23px|||||\u00a0\u00bb][et_pb_row _builder_version=\u00a0\u00bb4.21.0&Prime; _module_preset=\u00a0\u00bbdefault\u00a0\u00bb theme_builder_area=\u00a0\u00bbpost_content\u00a0\u00bb][et_pb_column _builder_version=\u00a0\u00bb4.21.0&Prime; _module_preset=\u00a0\u00bbdefault\u00a0\u00bb type=\u00a0\u00bb4_4&Prime; theme_builder_area=\u00a0\u00bbpost_content\u00a0\u00bb][et_pb_image src=\u00a0\u00bbhttps:\/\/catholiques17.fr\/latremblade\/wp-content\/uploads\/sites\/16\/2023\/10\/newborn-baby-baptism-2022-06-01-19-56-30-utc.jpg\u00a0\u00bb _builder_version=\u00a0\u00bb4.21.0&Prime; _module_preset=\u00a0\u00bbdefault\u00a0\u00bb theme_builder_area=\u00a0\u00bbpost_content\u00a0\u00bb title_text=\u00a0\u00bbnewborn-baby-baptism-2022-06-01-19-56-30-utc\u00a0\u00bb hover_enabled=\u00a0\u00bb0&Prime; sticky_enabled=\u00a0\u00bb0&Prime; border_radii=\u00a0\u00bbon|20px|20px|20px|20px\u00a0\u00bb border_color_all=\u00a0\u00bb#207172&Prime; animation_style=\u00a0\u00bbslide\u00a0\u00bb align=\u00a0\u00bbcenter\u00a0\u00bb][\/et_pb_image][\/et_pb_column][\/et_pb_row][et_pb_row _builder_version=\u00a0\u00bb4.21.0&Prime; _module_preset=\u00a0\u00bbdefault\u00a0\u00bb theme_builder_area=\u00a0\u00bbpost_content\u00a0\u00bb][et_pb_column _builder_version=\u00a0\u00bb4.21.0&Prime; _module_preset=\u00a0\u00bbdefault\u00a0\u00bb type=\u00a0\u00bb4_4&Prime; theme_builder_area=\u00a0\u00bbpost_content\u00a0\u00bb][et_pb_text _builder_version=\u00a0\u00bb4.21.0&Prime; _module_preset=\u00a0\u00bbdefault\u00a0\u00bb theme_builder_area=\u00a0\u00bbpost_content\u00a0\u00bb hover_enabled=\u00a0\u00bb0&Prime; sticky_enabled=\u00a0\u00bb0&Prime;]<\/p>\n<p><span>Le bapt\u00eame est le premier des sacrements. La personne baptis\u00e9e devient enfant de Dieu,\u00a0<\/span><strong>il entre dans la grande famille des chr\u00e9tiens<\/strong><span>. Le nouveau baptis\u00e9 pourra compter tout au long de sa <\/span><span>vie sur cette famille.<\/span><\/p>\n<p>[\/et_pb_text][\/et_pb_column][\/et_pb_row][et_pb_row _builder_version=\u00a0\u00bb4.21.0&Prime; _module_preset=\u00a0\u00bbdefault\u00a0\u00bb theme_builder_area=\u00a0\u00bbpost_content\u00a0\u00bb column_structure=\u00a0\u00bb1_3,1_3,1_3&Prime;][et_pb_column _builder_version=\u00a0\u00bb4.21.0&Prime; _module_preset=\u00a0\u00bbdefault\u00a0\u00bb type=\u00a0\u00bb1_3&Prime; theme_builder_area=\u00a0\u00bbpost_content\u00a0\u00bb][et_pb_image src=\u00a0\u00bbhttps:\/\/catholiques17.fr\/latremblade\/wp-content\/uploads\/sites\/16\/2023\/10\/bapteme_1-1.jpg\u00a0\u00bb _builder_version=\u00a0\u00bb4.21.0&Prime; _module_preset=\u00a0\u00bbdefault\u00a0\u00bb theme_builder_area=\u00a0\u00bbpost_content\u00a0\u00bb title_text=\u00a0\u00bbbapteme_1 (1)\u00a0\u00bb align=\u00a0\u00bbcenter\u00a0\u00bb hover_enabled=\u00a0\u00bb0&Prime; sticky_enabled=\u00a0\u00bb0&Prime;][\/et_pb_image][et_pb_text _builder_version=\u00a0\u00bb4.21.0&Prime; _module_preset=\u00a0\u00bbdefault\u00a0\u00bb theme_builder_area=\u00a0\u00bbpost_content\u00a0\u00bb hover_enabled=\u00a0\u00bb0&Prime; sticky_enabled=\u00a0\u00bb0&Prime;]<\/p>\n<p align=\"justify\">Les demandes de bapt\u00eames de b\u00e9b\u00e9s doivent \u00eatre faites au presbyt\u00e8re,<span>\u00a0<\/span><strong>AU MOINS TROIS MOIS AVANT<span>\u00a0<\/span><\/strong>la date pr\u00e9vue pour le bapt\u00eame :<br \/>La pr\u00e9paration comporte plusieurs rencontres pour r\u00e9fl\u00e9chir au sens des rites du bapt\u00eame.<\/p>\n<div align=\"justify\">Les dates de ces rencontres sont communiqu\u00e9es aux parents lors de leur prise de contact.<br \/>Les bapt\u00eamespeuvent \u00eatre c\u00e9l\u00e9br\u00e9s le dimanche, lors de la messe de 10h30.<\/div>\n<p>[\/et_pb_text][\/et_pb_column][et_pb_column _builder_version=\u00a0\u00bb4.21.0&Prime; _module_preset=\u00a0\u00bbdefault\u00a0\u00bb type=\u00a0\u00bb1_3&Prime; theme_builder_area=\u00a0\u00bbpost_content\u00a0\u00bb][et_pb_image src=\u00a0\u00bbhttps:\/\/catholiques17.fr\/latremblade\/wp-content\/uploads\/sites\/16\/2023\/10\/Bapteme-ado.jpg\u00a0\u00bb _builder_version=\u00a0\u00bb4.21.0&Prime; _module_preset=\u00a0\u00bbdefault\u00a0\u00bb theme_builder_area=\u00a0\u00bbpost_content\u00a0\u00bb title_text=\u00a0\u00bbBapteme-ado\u00a0\u00bb hover_enabled=\u00a0\u00bb0&Prime; sticky_enabled=\u00a0\u00bb0&Prime; align=\u00a0\u00bbcenter\u00a0\u00bb custom_padding_last_edited=\u00a0\u00bbon|desktop\u00a0\u00bb custom_padding=\u00a0\u00bb0px||||false|false\u00a0\u00bb custom_margin_last_edited=\u00a0\u00bbon|desktop\u00a0\u00bb custom_padding_tablet=\u00a0\u00bb0px||||false|false\u00a0\u00bb custom_padding_phone=\u00a0\u00bb0px||||false|false\u00a0\u00bb][\/et_pb_image][et_pb_text _builder_version=\u00a0\u00bb4.21.0&Prime; _module_preset=\u00a0\u00bbdefault\u00a0\u00bb theme_builder_area=\u00a0\u00bbpost_content\u00a0\u00bb hover_enabled=\u00a0\u00bb0&Prime; sticky_enabled=\u00a0\u00bb0&Prime;]<\/p>\n<p><span>Il n\u2019y a pas d\u2019\u00e2ge pour \u00eatre baptis\u00e9 : L\u2019\u00c9glise accueille avec joie toute personne qui vient demander le\u00a0<\/span>bapt\u00eame<span>\u00a0quelque soit son \u00e2ge. Les coll\u00e9giens et lyc\u00e9eens peuvent se pr\u00e9parer au bapt\u00eame, dans le cadre de l&rsquo;aum\u00f4nerie, <\/span><span>avec l\u2019autorisation de leurs parents.<\/span><\/p>\n<p>[\/et_pb_text][\/et_pb_column][et_pb_column _builder_version=\u00a0\u00bb4.21.0&Prime; _module_preset=\u00a0\u00bbdefault\u00a0\u00bb type=\u00a0\u00bb1_3&Prime; theme_builder_area=\u00a0\u00bbpost_content\u00a0\u00bb][et_pb_image src=\u00a0\u00bbhttps:\/\/catholiques17.fr\/latremblade\/wp-content\/uploads\/sites\/16\/2023\/10\/christening-997585_1280.jpg\u00a0\u00bb _builder_version=\u00a0\u00bb4.21.0&Prime; _module_preset=\u00a0\u00bbdefault\u00a0\u00bb theme_builder_area=\u00a0\u00bbpost_content\u00a0\u00bb title_text=\u00a0\u00bbchristening-997585_1280&Prime; align=\u00a0\u00bbcenter\u00a0\u00bb hover_enabled=\u00a0\u00bb0&Prime; sticky_enabled=\u00a0\u00bb0&Prime;][\/et_pb_image][et_pb_text _builder_version=\u00a0\u00bb4.21.0&Prime; _module_preset=\u00a0\u00bbdefault\u00a0\u00bb theme_builder_area=\u00a0\u00bbpost_content\u00a0\u00bb hover_enabled=\u00a0\u00bb0&Prime; sticky_enabled=\u00a0\u00bb0&Prime;]<\/p>\n<p><span>Les adultes suivent un itin\u00e9raire balis\u00e9 qui comprend 4 grandes \u00e9tapes qui seront c\u00e9l\u00e9br\u00e9es dans la communaut\u00e9 chr\u00e9tienne : l\u2019entr\u00e9e en \u00c9glise, l\u2019appel d\u00e9cisif, le\u00a0<\/span>bapt\u00eame<span>\u00a0et la\u00a0<\/span>confirmation<span>. Entre ces \u00e9tapes sont propos\u00e9es des rencontres \u00e0 un rythme variable qui permettent de d\u00e9couvrir progressivement la foi chr\u00e9tienne.<\/span><\/p>\n<p>[\/et_pb_text][\/et_pb_column][\/et_pb_row][et_pb_row _builder_version=\u00a0\u00bb4.21.0&Prime; _module_preset=\u00a0\u00bbdefault\u00a0\u00bb theme_builder_area=\u00a0\u00bbpost_content\u00a0\u00bb][et_pb_column _builder_version=\u00a0\u00bb4.21.0&Prime; _module_preset=\u00a0\u00bbdefault\u00a0\u00bb type=\u00a0\u00bb4_4&Prime; theme_builder_area=\u00a0\u00bbpost_content\u00a0\u00bb][et_pb_divider _builder_version=\u00a0\u00bb4.21.0&Prime; _module_preset=\u00a0\u00bbdefault\u00a0\u00bb theme_builder_area=\u00a0\u00bbpost_content\u00a0\u00bb hover_enabled=\u00a0\u00bb0&Prime; sticky_enabled=\u00a0\u00bb0&Prime;][\/et_pb_divider][\/et_pb_column][\/et_pb_row][et_pb_row _builder_version=\u00a0\u00bb4.21.0&Prime; _module_preset=\u00a0\u00bbdefault\u00a0\u00bb theme_builder_area=\u00a0\u00bbpost_content\u00a0\u00bb][et_pb_column _builder_version=\u00a0\u00bb4.21.0&Prime; _module_preset=\u00a0\u00bbdefault\u00a0\u00bb type=\u00a0\u00bb4_4&Prime; theme_builder_area=\u00a0\u00bbpost_content\u00a0\u00bb][et_pb_text _builder_version=\u00a0\u00bb4.21.0&Prime; _module_preset=\u00a0\u00bbdefault\u00a0\u00bb theme_builder_area=\u00a0\u00bbpost_content\u00a0\u00bb hover_enabled=\u00a0\u00bb0&Prime; sticky_enabled=\u00a0\u00bb0&Prime;]<\/p>\n<h3 style=\"text-align: center;\"><span style=\"color: #008000;\">Dans notre paroisse, pour toute demande de bapt\u00eame, contactez le secr\u00e9tariat\u00a0<\/span><\/h3>\n<p><span style=\"color: #008000;\"><\/span><\/p>\n<h3 style=\"text-align: center;\"><a href=\"mailto:paroissepresquile@gmail.com\" target=\"_blank\" rel=\"noopener\">paroissepresquile@gmail.com<\/a><\/h3>\n<p>[\/et_pb_text][\/et_pb_column][\/et_pb_row][\/et_pb_section]<\/p>\n","protected":false},"excerpt":{"rendered":"<p>Le bapt\u00eame est le premier des sacrements. La personne baptis\u00e9e devient enfant de Dieu,\u00a0il entre dans la grande famille des chr\u00e9tiens. Le nouveau baptis\u00e9 pourra compter tout au long de [&hellip;]<\/p>\n","protected":false},"author":4,"featured_media":0,"parent":5829,"menu_order":0,"comment_status":"closed","ping_status":"closed","template":"","meta":{"_et_pb_use_builder":"on","_et_pb_old_content":"","_et_gb_content_width":"","footnotes":""},"class_list":["post-5831","page","type-page","status-publish","hentry"],"_links":{"self":[{"href":"https:\/\/catholiques17.fr\/latremblade\/wp-json\/wp\/v2\/pages\/5831","targetHints":{"allow":["GET"]}}],"collection":[{"href":"https:\/\/catholiques17.fr\/latremblade\/wp-json\/wp\/v2\/pages"}],"about":[{"href":"https:\/\/catholiques17.fr\/latremblade\/wp-json\/wp\/v2\/types\/page"}],"author":[{"embeddable":true,"href":"https:\/\/catholiques17.fr\/latremblade\/wp-json\/wp\/v2\/users\/4"}],"replies":[{"embeddable":true,"href":"https:\/\/catholiques17.fr\/latremblade\/wp-json\/wp\/v2\/comments?post=5831"}],"version-history":[{"count":2,"href":"https:\/\/catholiques17.fr\/latremblade\/wp-json\/wp\/v2\/pages\/5831\/revisions"}],"predecessor-version":[{"id":6027,"href":"https:\/\/catholiques17.fr\/latremblade\/wp-json\/wp\/v2\/pages\/5831\/revisions\/6027"}],"up":[{"embeddable":true,"href":"https:\/\/catholiques17.fr\/latremblade\/wp-json\/wp\/v2\/pages\/5829"}],"wp:attachment":[{"href":"https:\/\/catholiques17.fr\/latremblade\/wp-json\/wp\/v2\/media?parent=5831"}],"curies":[{"name":"wp","href":"https:\/\/api.w.org\/{rel}","templated":true}]}}