{"id":5825,"date":"2023-10-13T09:59:07","date_gmt":"2023-10-13T07:59:07","guid":{"rendered":"https:\/\/catholiques17.fr\/latremblade\/?page_id=5825"},"modified":"2023-12-07T09:10:47","modified_gmt":"2023-12-07T08:10:47","slug":"le-conseil-paroisial","status":"publish","type":"page","link":"https:\/\/catholiques17.fr\/latremblade\/la-paroisse\/le-conseil-paroisial\/","title":{"rendered":"Le conseil paroissial"},"content":{"rendered":"\n[et_pb_section fb_built=\u00a0\u00bb1&Prime; _builder_version=\u00a0\u00bb4.21.0&Prime; _module_preset=\u00a0\u00bbdefault\u00a0\u00bb custom_padding=\u00a0\u00bb23px|||||\u00a0\u00bb global_colors_info=\u00a0\u00bb{}\u00a0\u00bb theme_builder_area=\u00a0\u00bbpost_content\u00a0\u00bb][et_pb_row _builder_version=\u00a0\u00bb4.21.0&Prime; _module_preset=\u00a0\u00bbdefault\u00a0\u00bb global_colors_info=\u00a0\u00bb{}\u00a0\u00bb theme_builder_area=\u00a0\u00bbpost_content\u00a0\u00bb][et_pb_column type=\u00a0\u00bb4_4&Prime; _builder_version=\u00a0\u00bb4.21.0&Prime; _module_preset=\u00a0\u00bbdefault\u00a0\u00bb global_colors_info=\u00a0\u00bb{}\u00a0\u00bb theme_builder_area=\u00a0\u00bbpost_content\u00a0\u00bb][et_pb_image src=\u00a0\u00bbhttps:\/\/catholiques17.fr\/latremblade\/wp-content\/uploads\/sites\/16\/2023\/10\/image_6804098_20220124_ob_4ff7d7_le-conseil-pastoral.png\u00a0\u00bb title_text=\u00a0\u00bbimage_6804098_20220124_ob_4ff7d7_le-conseil-pastoral\u00a0\u00bb align=\u00a0\u00bbcenter\u00a0\u00bb _builder_version=\u00a0\u00bb4.21.0&Prime; _module_preset=\u00a0\u00bbdefault\u00a0\u00bb animation_style=\u00a0\u00bbslide\u00a0\u00bb border_radii=\u00a0\u00bbon|20px|20px|20px|20px\u00a0\u00bb border_color_all=\u00a0\u00bb#207172&Prime; global_colors_info=\u00a0\u00bb{}\u00a0\u00bb theme_builder_area=\u00a0\u00bbpost_content\u00a0\u00bb][\/et_pb_image][\/et_pb_column][\/et_pb_row][et_pb_row _builder_version=\u00a0\u00bb4.21.0&Prime; _module_preset=\u00a0\u00bbdefault\u00a0\u00bb global_colors_info=\u00a0\u00bb{}\u00a0\u00bb theme_builder_area=\u00a0\u00bbpost_content\u00a0\u00bb][et_pb_column type=\u00a0\u00bb4_4&Prime; _builder_version=\u00a0\u00bb4.21.0&Prime; _module_preset=\u00a0\u00bbdefault\u00a0\u00bb global_colors_info=\u00a0\u00bb{}\u00a0\u00bb theme_builder_area=\u00a0\u00bbpost_content\u00a0\u00bb][et_pb_text _builder_version=\u00a0\u00bb4.21.0&Prime; _module_preset=\u00a0\u00bbdefault\u00a0\u00bb global_colors_info=\u00a0\u00bb{}\u00a0\u00bb theme_builder_area=\u00a0\u00bbpost_content\u00a0\u00bb]<div class=\"et_pb_row et_pb_row_1\">\n<div class=\"et_pb_column et_pb_column_4_4 et_pb_column_1  et_pb_css_mix_blend_mode_passthrough et-last-child\">\n<div class=\"et_pb_module et_pb_text et_pb_text_0  et_pb_text_align_left et_pb_bg_layout_light\">\n<div class=\"et_pb_text_inner\">\n<p style=\"text-align: center\"><strong><span style=\"color: #008080\">Le conseil pastoral assiste le cur\u00e9 et l\u2019\u00e9quipe pastorale dans leur mission de gouvernance.<\/span><br \/><\/strong><\/p>\n<\/div>\n<\/div>\n<\/div>\n<\/div>\n<div class=\"et_pb_row et_pb_row_2\">\n<div class=\"et_pb_column et_pb_column_4_4 et_pb_column_2  et_pb_css_mix_blend_mode_passthrough et-last-child\">\n<div class=\"et_pb_module et_pb_text et_pb_text_1  et_pb_text_align_left et_pb_bg_layout_light\">\n<div class=\"et_pb_text_inner\">\n<p style=\"text-align: justify\"><span class=\"font_medium\">Le Conseil Pastoral (CP) est un lieu d\u2019engagement et de discernement. Ce conseil, n\u00e9 dans la foul\u00e9e du Concile Vatican II, permet de mettre en route le \u00ab concours de tous \u00bb au sein de la paroisse. <\/span><span class=\"font_medium\">Pr\u00e9sid\u00e9 par le cur\u00e9 de la paroisse, le CP est un conseil constitu\u00e9 des diacres, de l\u2019\u00e9quipe d\u2019animation pastorale (EAP) et de la\u00efcs qui se r\u00e9unissent pour favoriser l\u2019activit\u00e9 de toute la communaut\u00e9 paroissiale et pour l\u2019aider \u00e0 \u00eatre une v\u00e9ritable communaut\u00e9 chr\u00e9tienne, fid\u00e8le \u00e0 l\u2019\u00c9vangile et f\u00e9conde dans la charit\u00e9. <\/span><span class=\"font_medium\">Le CP est au service de la communaut\u00e9 chr\u00e9tienne pour permettre \u00e0 tous ses membres de r\u00e9aliser leur mission.<\/span><\/p>\n<p style=\"text-align: justify\"><span class=\"font_medium\"><span style=\"text-decoration: underline\">Son r\u00f4le est triple<\/span> : <strong>\u00e9tudier<\/strong> ce qui touche l\u2019activit\u00e9 pastorale, <strong>l\u2019\u00e9valuer<\/strong> et <strong>proposer<\/strong> des solutions pratiques. <\/span><span class=\"font_medium\">La paroisse \u00e9tant une communaut\u00e9 chr\u00e9tienne parmi d\u2019autres dans le secteur pastoral, le CP est en lien \u00e9troit avec l\u2019\u00e9quipe pastorale et le conseil \u00e9conomique de la paroisse.<br \/><\/span><\/p>\n<p style=\"text-align: justify\"><span class=\"font_medium\"><strong>Le CP est un lieu de r\u00e9flexion missionnaire :<\/strong> il se met \u00e0 l\u2019\u00e9coute de la vie des hommes, il recueille les id\u00e9es et les suggestions de la communaut\u00e9, il est attentif aux besoins nouveaux qui peuvent na\u00eetre dans la communaut\u00e9, aux questions d\u2019actualit\u00e9 qui interpellent une partie ou l\u2019ensemble de la communaut\u00e9. Il bouscule la communaut\u00e9 afin qu\u2019elle prenne ses responsabilit\u00e9 dans la mission de l\u2019Eglise. Toute la vie apport\u00e9e au CP est examin\u00e9e \u00e0 la lumi\u00e8re de l\u2019\u00c9vangile. <\/span><span class=\"font_medium\">Le CP est une force de proposition : \u00e0 partir de son travail de r\u00e9flexion et d\u2019analyse, le CP propose des orientations, met en place des projets pour dynamiser la vie de la communaut\u00e9. Il rend compte de son travail \u00e0 la communaut\u00e9 soit par \u00e9crit, soit lors d\u2019une Assembl\u00e9e de paroisse.<\/span><\/p>\n<\/div>\n<\/div>\n<\/div>\n<\/div>[\/et_pb_text][\/et_pb_column][\/et_pb_row][et_pb_row _builder_version=\u00a0\u00bb4.21.0&Prime; _module_preset=\u00a0\u00bbdefault\u00a0\u00bb global_colors_info=\u00a0\u00bb{}\u00a0\u00bb theme_builder_area=\u00a0\u00bbpost_content\u00a0\u00bb][et_pb_column type=\u00a0\u00bb4_4&Prime; _builder_version=\u00a0\u00bb4.21.0&Prime; _module_preset=\u00a0\u00bbdefault\u00a0\u00bb global_colors_info=\u00a0\u00bb{}\u00a0\u00bb theme_builder_area=\u00a0\u00bbpost_content\u00a0\u00bb][et_pb_divider _builder_version=\u00a0\u00bb4.21.0&Prime; _module_preset=\u00a0\u00bbdefault\u00a0\u00bb global_colors_info=\u00a0\u00bb{}\u00a0\u00bb theme_builder_area=\u00a0\u00bbpost_content\u00a0\u00bb][\/et_pb_divider][\/et_pb_column][\/et_pb_row][et_pb_row _builder_version=\u00a0\u00bb4.21.0&Prime; _module_preset=\u00a0\u00bbdefault\u00a0\u00bb global_colors_info=\u00a0\u00bb{}\u00a0\u00bb theme_builder_area=\u00a0\u00bbpost_content\u00a0\u00bb][et_pb_column type=\u00a0\u00bb4_4&Prime; _builder_version=\u00a0\u00bb4.21.0&Prime; _module_preset=\u00a0\u00bbdefault\u00a0\u00bb global_colors_info=\u00a0\u00bb{}\u00a0\u00bb theme_builder_area=\u00a0\u00bbpost_content\u00a0\u00bb][et_pb_text _builder_version=\u00a0\u00bb4.21.0&Prime; _module_preset=\u00a0\u00bbdefault\u00a0\u00bb hover_enabled=\u00a0\u00bb0&Prime; global_colors_info=\u00a0\u00bb{}\u00a0\u00bb theme_builder_area=\u00a0\u00bbpost_content\u00a0\u00bb sticky_enabled=\u00a0\u00bb0&Prime;]<h2 style=\"text-align: center\"><span style=\"color: #008000\">Le conseil pastoral est compos\u00e9 de :<br \/><\/span><\/h2>\n<p><span style=\"color: #008000\"><\/span><\/p>\n<h2 style=\"text-align: center\"><span style=\"color: #008000\">David Amaladoss &#8211; Pierre Cartry- Patricia Chamorro de la Rosa- Regine Coppola-Elisabeth Durand-Bernard Lambert-Daniel Merlin-Jean Claude Mogis-Maryvonne Papin-Gilbert Perrier-Josette Ragogewski-Francoise Raze-marie Marthe Riand-Lisette Rouy\u00e9-Gerald Saint Aubert- Andr\u00e9 Salmon- Quentin Lerno -Gery Brasselet <\/span><\/h2>[\/et_pb_text][\/et_pb_column][\/et_pb_row][\/et_pb_section]\n","protected":false},"excerpt":{"rendered":"<p>Le conseil pastoral assiste le cur\u00e9 et l\u2019\u00e9quipe pastorale dans leur mission de gouvernance. Le Conseil Pastoral (CP) est un lieu d\u2019engagement et de discernement. Ce conseil, n\u00e9 dans la [&hellip;]<\/p>\n","protected":false},"author":4,"featured_media":0,"parent":5819,"menu_order":0,"comment_status":"closed","ping_status":"closed","template":"","meta":{"_et_pb_use_builder":"on","_et_pb_old_content":"","_et_gb_content_width":"","footnotes":""},"class_list":["post-5825","page","type-page","status-publish","hentry"],"_links":{"self":[{"href":"https:\/\/catholiques17.fr\/latremblade\/wp-json\/wp\/v2\/pages\/5825","targetHints":{"allow":["GET"]}}],"collection":[{"href":"https:\/\/catholiques17.fr\/latremblade\/wp-json\/wp\/v2\/pages"}],"about":[{"href":"https:\/\/catholiques17.fr\/latremblade\/wp-json\/wp\/v2\/types\/page"}],"author":[{"embeddable":true,"href":"https:\/\/catholiques17.fr\/latremblade\/wp-json\/wp\/v2\/users\/4"}],"replies":[{"embeddable":true,"href":"https:\/\/catholiques17.fr\/latremblade\/wp-json\/wp\/v2\/comments?post=5825"}],"version-history":[{"count":4,"href":"https:\/\/catholiques17.fr\/latremblade\/wp-json\/wp\/v2\/pages\/5825\/revisions"}],"predecessor-version":[{"id":6830,"href":"https:\/\/catholiques17.fr\/latremblade\/wp-json\/wp\/v2\/pages\/5825\/revisions\/6830"}],"up":[{"embeddable":true,"href":"https:\/\/catholiques17.fr\/latremblade\/wp-json\/wp\/v2\/pages\/5819"}],"wp:attachment":[{"href":"https:\/\/catholiques17.fr\/latremblade\/wp-json\/wp\/v2\/media?parent=5825"}],"curies":[{"name":"wp","href":"https:\/\/api.w.org\/{rel}","templated":true}]}}