{"id":5823,"date":"2023-10-13T09:58:47","date_gmt":"2023-10-13T07:58:47","guid":{"rendered":"https:\/\/catholiques17.fr\/latremblade\/?page_id=5823"},"modified":"2023-10-17T15:03:46","modified_gmt":"2023-10-17T13:03:46","slug":"lequipe-pastorale","status":"publish","type":"page","link":"https:\/\/catholiques17.fr\/latremblade\/la-paroisse\/lequipe-pastorale\/","title":{"rendered":"L&rsquo;\u00e9quipe pastorale"},"content":{"rendered":"<p>[et_pb_section fb_built=\u00a0\u00bb1&Prime; _builder_version=\u00a0\u00bb4.21.0&Prime; _module_preset=\u00a0\u00bbdefault\u00a0\u00bb custom_padding=\u00a0\u00bb23px|||||\u00a0\u00bb global_colors_info=\u00a0\u00bb{}\u00a0\u00bb theme_builder_area=\u00a0\u00bbpost_content\u00a0\u00bb][et_pb_row _builder_version=\u00a0\u00bb4.21.0&Prime; _module_preset=\u00a0\u00bbdefault\u00a0\u00bb global_colors_info=\u00a0\u00bb{}\u00a0\u00bb theme_builder_area=\u00a0\u00bbpost_content\u00a0\u00bb][et_pb_column type=\u00a0\u00bb4_4&Prime; _builder_version=\u00a0\u00bb4.21.0&Prime; _module_preset=\u00a0\u00bbdefault\u00a0\u00bb global_colors_info=\u00a0\u00bb{}\u00a0\u00bb theme_builder_area=\u00a0\u00bbpost_content\u00a0\u00bb][et_pb_image src=\u00a0\u00bbhttps:\/\/catholiques17.fr\/latremblade\/wp-content\/uploads\/sites\/16\/2023\/10\/team-spirit-2447163_12801.jpg\u00a0\u00bb title_text=\u00a0\u00bbteam-spirit-2447163_1280(1)\u00a0\u00bb align=\u00a0\u00bbcenter\u00a0\u00bb _builder_version=\u00a0\u00bb4.21.0&Prime; _module_preset=\u00a0\u00bbdefault\u00a0\u00bb animation_style=\u00a0\u00bbslide\u00a0\u00bb hover_enabled=\u00a0\u00bb0&Prime; border_radii=\u00a0\u00bbon|20px|20px|20px|20px\u00a0\u00bb border_color_all=\u00a0\u00bb#207172&Prime; global_colors_info=\u00a0\u00bb{}\u00a0\u00bb theme_builder_area=\u00a0\u00bbpost_content\u00a0\u00bb sticky_enabled=\u00a0\u00bb0&Prime;][\/et_pb_image][\/et_pb_column][\/et_pb_row][et_pb_row _builder_version=\u00a0\u00bb4.21.0&Prime; _module_preset=\u00a0\u00bbdefault\u00a0\u00bb global_colors_info=\u00a0\u00bb{}\u00a0\u00bb theme_builder_area=\u00a0\u00bbpost_content\u00a0\u00bb][et_pb_column type=\u00a0\u00bb4_4&Prime; _builder_version=\u00a0\u00bb4.21.0&Prime; _module_preset=\u00a0\u00bbdefault\u00a0\u00bb global_colors_info=\u00a0\u00bb{}\u00a0\u00bb theme_builder_area=\u00a0\u00bbpost_content\u00a0\u00bb][et_pb_text _builder_version=\u00a0\u00bb4.21.0&Prime; _module_preset=\u00a0\u00bbdefault\u00a0\u00bb global_colors_info=\u00a0\u00bb{}\u00a0\u00bb theme_builder_area=\u00a0\u00bbpost_content\u00a0\u00bb]<\/p>\n<div class=\"et_pb_row et_pb_row_1\">\n<div class=\"et_pb_column et_pb_column_4_4 et_pb_column_1  et_pb_css_mix_blend_mode_passthrough et-last-child\">\n<div class=\"et_pb_module et_pb_text et_pb_text_0  et_pb_text_align_left et_pb_bg_layout_light\">\n<div class=\"et_pb_text_inner\">\n<p style=\"text-align: center\"><strong><span style=\"color: #008080\">Cette \u00e9quipe est charg\u00e9e, avec le cur\u00e9, de la gouvernance de la paroisse.<\/span> <\/strong><\/p>\n<\/div>\n<\/div>\n<\/div>\n<\/div>\n<div class=\"et_pb_row et_pb_row_2\">\n<div class=\"et_pb_column et_pb_column_4_4 et_pb_column_2  et_pb_css_mix_blend_mode_passthrough et-last-child\">\n<div class=\"et_pb_module et_pb_text et_pb_text_1  et_pb_text_align_left et_pb_bg_layout_light\">\n<div class=\"et_pb_text_inner\">\n<blockquote>\n<p class=\"\" style=\"text-align: justify\">L\u2019Equipe Pastorale est constitu\u00e9e de chr\u00e9tiens participant, de mani\u00e8re stable et reconnue, \u00e0 l\u2019exercice de la charge pastorale du cur\u00e9, d\u2019une ou plusieurs paroisses ou d\u2019un secteur inter-paroissial. Les membres qui, en plus du cur\u00e9, constituent cette \u00e9quipe sont la\u00efcs, parfois religieux ou religieuses, parfois diacres et re\u00e7oivent leur mission de l\u2019\u00e9v\u00eaque, ce qui est signifi\u00e9 par la lettre de mission qu\u2019ils re\u00e7oivent au d\u00e9but de leur mandat. Le cur\u00e9, de par son ordination sacerdotale et sa nomination par l\u2019\u00e9v\u00eaque, re\u00e7oit la charge pastorale de la ou des paroisses, c\u2019est-\u00e0-dire- la responsabilit\u00e9 de conduire la communaut\u00e9. Ce qui est nouveau avec les Equipes Pastorales, c\u2019est qu\u2019il n\u2019est plus seul \u00e0 l\u2019exercer, puisque d\u2019autres membres de la communaut\u00e9 lui sont associ\u00e9s dans l\u2019exercice de sa charge pastorale.<\/p>\n<p class=\"\" style=\"text-align: justify\"><em> (extraits du document \u201cEquipes Pastorale\u201d \u2013 P\u00e2ques 2009)<\/em><\/p>\n<\/blockquote>\n<\/div>\n<\/div>\n<\/div>\n<\/div>\n<div class=\"et_pb_row et_pb_row_3\">\n<div class=\"et_pb_column et_pb_column_4_4 et_pb_column_3  et_pb_css_mix_blend_mode_passthrough et-last-child\">\n<div class=\"et_pb_module et_pb_text et_pb_text_2  et_pb_text_align_left et_pb_bg_layout_light\">\n<div class=\"et_pb_text_inner\">\n<p>L\u2019Equipe Pastorale se retrouve r\u00e9guli\u00e8rement toutes les deux semaines et ses membres sont membres de droit du Conseil pastoral et du Conseil \u00e9conomique. Ils participent \u00e9galement aux rencontres de doyenn\u00e9. Ils visitent avec le cur\u00e9 les diff\u00e9rents clochers de notre paroisse, viennent soutenir les mouvements et services de notre communaut\u00e9 et sont les vis-\u00e0-vis l\u00e9gitimes des autorit\u00e9s civiles des communes constituant notre paroisse<\/p>\n<\/div>\n<\/div>\n<\/div>\n<\/div>\n<p>[\/et_pb_text][\/et_pb_column][\/et_pb_row][et_pb_row _builder_version=\u00a0\u00bb4.21.0&Prime; _module_preset=\u00a0\u00bbdefault\u00a0\u00bb global_colors_info=\u00a0\u00bb{}\u00a0\u00bb theme_builder_area=\u00a0\u00bbpost_content\u00a0\u00bb][et_pb_column type=\u00a0\u00bb4_4&Prime; _builder_version=\u00a0\u00bb4.21.0&Prime; _module_preset=\u00a0\u00bbdefault\u00a0\u00bb global_colors_info=\u00a0\u00bb{}\u00a0\u00bb theme_builder_area=\u00a0\u00bbpost_content\u00a0\u00bb][et_pb_divider _builder_version=\u00a0\u00bb4.21.0&Prime; _module_preset=\u00a0\u00bbdefault\u00a0\u00bb global_colors_info=\u00a0\u00bb{}\u00a0\u00bb theme_builder_area=\u00a0\u00bbpost_content\u00a0\u00bb][\/et_pb_divider][\/et_pb_column][\/et_pb_row][et_pb_row _builder_version=\u00a0\u00bb4.21.0&Prime; _module_preset=\u00a0\u00bbdefault\u00a0\u00bb global_colors_info=\u00a0\u00bb{}\u00a0\u00bb theme_builder_area=\u00a0\u00bbpost_content\u00a0\u00bb][et_pb_column type=\u00a0\u00bb4_4&Prime; _builder_version=\u00a0\u00bb4.21.0&Prime; _module_preset=\u00a0\u00bbdefault\u00a0\u00bb global_colors_info=\u00a0\u00bb{}\u00a0\u00bb theme_builder_area=\u00a0\u00bbpost_content\u00a0\u00bb][et_pb_text _builder_version=\u00a0\u00bb4.21.0&Prime; _module_preset=\u00a0\u00bbdefault\u00a0\u00bb hover_enabled=\u00a0\u00bb0&Prime; global_colors_info=\u00a0\u00bb{}\u00a0\u00bb theme_builder_area=\u00a0\u00bbpost_content\u00a0\u00bb sticky_enabled=\u00a0\u00bb0&Prime;]<\/p>\n<h3 style=\"text-align: center\"><span style=\"color: #008000\"><strong>Dans notre paroisse, l&rsquo;\u00e9quipe pastorale\u00a0 est compos\u00e9e\u00a0 de :<\/strong> <\/span><\/h3>\n<h3 style=\"text-align: center\"><span style=\"color: #008000\">P\u00e8re David Ramesh , Maryvonne Papin, Andr\u00e9 Salmon, Pierre Cartry<br \/><\/span><\/h3>\n<p>[\/et_pb_text][\/et_pb_column][\/et_pb_row][\/et_pb_section]<\/p>\n","protected":false},"excerpt":{"rendered":"<p>Cette \u00e9quipe est charg\u00e9e, avec le cur\u00e9, de la gouvernance de la paroisse. L\u2019Equipe Pastorale est constitu\u00e9e de chr\u00e9tiens participant, de mani\u00e8re stable et reconnue, \u00e0 l\u2019exercice de la charge [&hellip;]<\/p>\n","protected":false},"author":4,"featured_media":0,"parent":5819,"menu_order":0,"comment_status":"closed","ping_status":"closed","template":"","meta":{"_et_pb_use_builder":"on","_et_pb_old_content":"","_et_gb_content_width":"","footnotes":""},"class_list":["post-5823","page","type-page","status-publish","hentry"],"_links":{"self":[{"href":"https:\/\/catholiques17.fr\/latremblade\/wp-json\/wp\/v2\/pages\/5823","targetHints":{"allow":["GET"]}}],"collection":[{"href":"https:\/\/catholiques17.fr\/latremblade\/wp-json\/wp\/v2\/pages"}],"about":[{"href":"https:\/\/catholiques17.fr\/latremblade\/wp-json\/wp\/v2\/types\/page"}],"author":[{"embeddable":true,"href":"https:\/\/catholiques17.fr\/latremblade\/wp-json\/wp\/v2\/users\/4"}],"replies":[{"embeddable":true,"href":"https:\/\/catholiques17.fr\/latremblade\/wp-json\/wp\/v2\/comments?post=5823"}],"version-history":[{"count":5,"href":"https:\/\/catholiques17.fr\/latremblade\/wp-json\/wp\/v2\/pages\/5823\/revisions"}],"predecessor-version":[{"id":6071,"href":"https:\/\/catholiques17.fr\/latremblade\/wp-json\/wp\/v2\/pages\/5823\/revisions\/6071"}],"up":[{"embeddable":true,"href":"https:\/\/catholiques17.fr\/latremblade\/wp-json\/wp\/v2\/pages\/5819"}],"wp:attachment":[{"href":"https:\/\/catholiques17.fr\/latremblade\/wp-json\/wp\/v2\/media?parent=5823"}],"curies":[{"name":"wp","href":"https:\/\/api.w.org\/{rel}","templated":true}]}}