{"id":4899,"date":"2021-03-24T14:43:12","date_gmt":"2021-03-24T13:43:12","guid":{"rendered":"https:\/\/catholiques17.fr\/latremblade\/?page_id=4899"},"modified":"2023-11-03T14:41:52","modified_gmt":"2023-11-03T13:41:52","slug":"secours-catholique","status":"publish","type":"page","link":"https:\/\/catholiques17.fr\/latremblade\/associations\/secours-catholique\/","title":{"rendered":"Secours Catholique"},"content":{"rendered":"\n[et_pb_section fb_built=\u00a0\u00bb1&Prime; _builder_version=\u00a0\u00bb4.16&Prime; _module_preset=\u00a0\u00bbdefault\u00a0\u00bb custom_padding=\u00a0\u00bb3px||7px|||\u00a0\u00bb global_colors_info=\u00a0\u00bb{}\u00a0\u00bb theme_builder_area=\u00a0\u00bbpost_content\u00a0\u00bb][et_pb_row _builder_version=\u00a0\u00bb4.16&Prime; _module_preset=\u00a0\u00bbdefault\u00a0\u00bb custom_margin=\u00a0\u00bb-12px|auto||auto||\u00a0\u00bb custom_padding=\u00a0\u00bb2px|||||\u00a0\u00bb global_colors_info=\u00a0\u00bb{}\u00a0\u00bb theme_builder_area=\u00a0\u00bbpost_content\u00a0\u00bb][et_pb_column type=\u00a0\u00bb4_4&Prime; _builder_version=\u00a0\u00bb4.16&Prime; _module_preset=\u00a0\u00bbdefault\u00a0\u00bb global_colors_info=\u00a0\u00bb{}\u00a0\u00bb theme_builder_area=\u00a0\u00bbpost_content\u00a0\u00bb][et_pb_text _builder_version=\u00a0\u00bb4.21.0&Prime; _module_preset=\u00a0\u00bbdefault\u00a0\u00bb hover_enabled=\u00a0\u00bb0&Prime; global_colors_info=\u00a0\u00bb{}\u00a0\u00bb theme_builder_area=\u00a0\u00bbpost_content\u00a0\u00bb sticky_enabled=\u00a0\u00bb0&Prime;]<h3 style=\"text-align: center\"><strong>Le Secours Catholique est une association reconnue d&rsquo;utilit\u00e9 publique et un\u00a0 service de l&rsquo;Eglise Catholique ouvert \u00e0 tous .<\/strong><strong><\/strong><\/h3>\n<p>&nbsp;<\/p>\n<h2><strong><span style=\"color: #ff6600\">Nos Valeurs<\/span><\/strong><\/h2>\n<p><span style=\"color: #ff6600\"><\/span><\/p>\n<h4><span style=\"color: #0000ff\"><strong>Confiance : \u00a0\u00a0\u00a0\u00a0\u00a0 <\/strong><\/span><span style=\"color: #000000\">Croire et esp\u00e9rer en chaque personne et valoriser ses capacit\u00e9s.<\/span><\/h4>\n<h4><span style=\"color: #0000ff\"><strong>Engagement<\/strong> <span style=\"color: #0000ff\"> <span style=\"color: #000000\"> :\u00a0\u00a0 Se mettre au service , recevoir et donner , agir pour la justice<\/span><\/span><\/span><\/h4>\n<h4><strong><span style=\"color: #0000ff\"><span style=\"color: #0000ff\"><span style=\"color: #000000\"><span style=\"color: #0000ff\">Fraternit\u00e9<\/span> :\u00a0\u00a0\u00a0\u00a0\u00a0\u00a0 <\/span><\/span><\/span><\/strong><span style=\"color: #0000ff\"><span style=\"color: #0000ff\"><span style=\"color: #000000\"><span style=\"color: #000000\">Manifester du respect , de la bienveillance , de l&rsquo;entraide et la joie d&rsquo;\u00eatre ensemble<br \/><\/span><\/span><\/span><\/span><\/h4>\n<p><span style=\"color: #0000ff\"><span style=\"color: #0000ff\"><span style=\"color: #000000\"><span style=\"color: #000000\"><\/span><\/span><\/span><\/span><\/p>\n<p><span style=\"color: #0000ff\"><span style=\"color: #0000ff\"><span style=\"color: #000000\"><span style=\"color: #000000\"><\/span><\/span><\/span><\/span><\/p>\n<h2><strong><span style=\"color: #ff6600\">Nos Objectifs<\/span><\/strong><\/h2>\n<p><span style=\"color: #ff6600\"><\/span><\/p>\n<h4><span style=\"color: #000000\"><strong>Rompre l&rsquo;isolement <\/strong><\/span><\/h4>\n<h4><span style=\"color: #000000\"><strong>Venir en aide aux personnes en difficult\u00e9 <\/strong><\/span><\/h4>\n<h4><span style=\"color: #000000\"><strong>Vivre des moments de convivialit\u00e9 et de partage<\/strong><\/span><span style=\"color: #ff6600\"><\/span><\/h4>\n<p><span style=\"color: #000000\"><strong><\/strong><\/span><\/p>\n<p><span style=\"color: #000000\"><strong><\/strong><\/span><\/p>\n<p><span style=\"color: #000000\"><strong><\/strong><\/span><\/p>\n<h2><span style=\"color: #ff6600\"><strong>Nos Actions<\/strong><br \/><\/span><\/h2>\n<p><span style=\"color: #000000\"><\/span><\/p>\n<p><span style=\"color: #000000\"><\/span><\/p>\n<h4><span style=\"color: #ff6600\"><strong>Accueil et accompagnement des personnes isol\u00e9es ou familles <\/strong><\/span><\/h4>\n<p>Vous \u00eates en difficult\u00e9 . nous pouvons vous apporter des aides ponctuelles , des conseils et\u00a0\u00a0 un accompagnement dans la confidentialit\u00e9.<\/p>\n<p><em>Tous les jeudis de 14 h 30 \u00e0 17 h sur rendez-vous.\u00a0\u00a0\u00a0\u00a0\u00a0\u00a0\u00a0\u00a0\u00a0\u00a0\u00a0\u00a0\u00a0\u00a0\u00a0\u00a0\u00a0\u00a0\u00a0\u00a0\u00a0\u00a0\u00a0\u00a0\u00a0\u00a0\u00a0\u00a0\u00a0\u00a0\u00a0\u00a0\u00a0\u00a0\u00a0\u00a0\u00a0\u00a0\u00a0\u00a0\u00a0\u00a0\u00a0\u00a0\u00a0\u00a0\u00a0\u00a0\u00a0\u00a0\u00a0\u00a0\u00a0\u00a0\u00a0\u00a0\u00a0\u00a0\u00a0\u00a0\u00a0\u00a0\u00a0\u00a0\u00a0\u00a0\u00a0\u00a0\u00a0\u00a0\u00a0\u00a0\u00a0\u00a0\u00a0\u00a0\u00a0\u00a0\u00a0\u00a0\u00a0\u00a0\u00a0\u00a0\u00a0\u00a0\u00a0\u00a0\u00a0\u00a0\u00a0\u00a0\u00a0\u00a0\u00a0\u00a0\u00a0\u00a0\u00a0\u00a0\u00a0\u00a0\u00a0\u00a0\u00a0\u00a0\u00a0\u00a0\u00a0\u00a0\u00a0\u00a0\u00a0\u00a0\u00a0\u00a0\u00a0\u00a0\u00a0\u00a0\u00a0\u00a0\u00a0\u00a0\u00a0\u00a0\u00a0\u00a0\u00a0\u00a0\u00a0\u00a0\u00a0\u00a0\u00a0\u00a0\u00a0\u00a0\u00a0 Pour les personnes n\u2019ayant pas de moyen de locomotion, il est possible au Secours Catholique de se d\u00e9placer.<strong><br \/><\/strong><\/em><\/p>\n<p><em><\/em><\/p>\n<h4><strong><span style=\"color: #ff6600\">L\u2019instant coiffure, pour les personnes b\u00e9n\u00e9ficiaires des Restos du Coeur<\/span><br \/><\/strong><\/h4>\n<p>Un moment de bien \u00eatre pour les femmes , hommes et enfants<br \/><em>Le mercredi de 14 h 30 \u00e0 17 h, deux fois par mois, sur rendez-vous.Le mercredi de 14 h 30 \u00e0 17 h, deux fois par mois, sur rendez-vous.<\/em><\/p>\n<p><em><\/em><\/p>\n<h4><span style=\"color: #ff6600\"><strong>La boutique solidaire\u00a0<\/strong><\/span><\/h4>\n<p><span style=\"color: #ff6600\"><span style=\"color: #000000\">C&rsquo;est <span style=\"color: #000000\">un espace de rencontre et de partage favorisant le lien social. Vous y trouverez des v\u00eatements , du linge de maison et divers accessoires contre une participation financi\u00e8re tr\u00e8s modeste .<\/span><\/span><\/span><\/p>\n<p><span style=\"color: #ff6600\"><span style=\"color: #000000\"><span style=\"color: #000000\"><\/span><\/span><\/span><\/p>\n<p><span style=\"color: #ff6600\"><span style=\"color: #000000\"><span style=\"color: #000000\"><\/span><\/span><\/span><\/p>\n<p><span style=\"color: #ff6600\"><span style=\"color: #000000\"><span style=\"color: #000000\"><\/span><\/span><\/span><\/p>\n<p><span style=\"color: #ff6600\"><span style=\"color: #000000\"><span style=\"color: #000000\"><\/span><\/span><\/span><\/p>\n<h4 style=\"text-align: center\"><strong><em>Nos b\u00e9n\u00e9voles vous accueillent les mardis de 09 h \u00e0 12 h et de 14 h \u00e0 17 h.\u00a0<\/em><\/strong><\/h4>\n<h4 style=\"text-align: center\"><strong><em> Vous souhaitez devenir b\u00e9n\u00e9vole du Secours\u00a0 Catholique ..appelez nous<\/em><em><br \/><\/em><\/strong><\/h4>\n<p><strong><em><\/em><\/strong><\/p>\n<p><strong><em><\/em><\/strong><\/p>\n<p><strong><em><\/em><\/strong><\/p>\n<h2 style=\"text-align: center\"><strong>\u00a0<span style=\"color: #008080\">Secours Catholique\u00a0<\/span><\/strong><\/h2>\n<h3 style=\"text-align: center\">\u00a0<strong><span style=\"color: #008080\">Adresse : 22 rue Gaston Guichard 17390 La Tremblade<\/span><\/strong><\/h3>\n<p>&nbsp;<\/p>\n<h3 style=\"text-align: center\"><strong><span style=\"color: #008080\"> mail : sc-seudre@orange.fr<\/span><\/strong><br \/><strong><span style=\"color: #008080\"> tel : 06 79 24 94 93<\/span><\/strong><\/h3>\n<p>&nbsp;<\/p>[\/et_pb_text][\/et_pb_column][\/et_pb_row][et_pb_row _builder_version=\u00a0\u00bb4.16&Prime; _module_preset=\u00a0\u00bbdefault\u00a0\u00bb global_colors_info=\u00a0\u00bb{}\u00a0\u00bb theme_builder_area=\u00a0\u00bbpost_content\u00a0\u00bb][et_pb_column type=\u00a0\u00bb4_4&Prime; _builder_version=\u00a0\u00bb4.16&Prime; _module_preset=\u00a0\u00bbdefault\u00a0\u00bb global_colors_info=\u00a0\u00bb{}\u00a0\u00bb theme_builder_area=\u00a0\u00bbpost_content\u00a0\u00bb][et_pb_image src=\u00a0\u00bbhttps:\/\/catholiques17.fr\/latremblade\/wp-content\/uploads\/sites\/16\/2023\/11\/Logo-Secours-Catholique-Caritas-France.png\u00a0\u00bb title_text=\u00a0\u00bbLogo-Secours-Catholique-Caritas-France\u00a0\u00bb align=\u00a0\u00bbcenter\u00a0\u00bb _builder_version=\u00a0\u00bb4.21.0&Prime; _module_preset=\u00a0\u00bbdefault\u00a0\u00bb global_colors_info=\u00a0\u00bb{}\u00a0\u00bb theme_builder_area=\u00a0\u00bbpost_content\u00a0\u00bb][\/et_pb_image][\/et_pb_column][\/et_pb_row][\/et_pb_section]\n","protected":false},"excerpt":{"rendered":"<p>Le Secours Catholique est une association reconnue d&rsquo;utilit\u00e9 publique et un\u00a0 service de l&rsquo;Eglise Catholique ouvert \u00e0 tous . &nbsp; Nos Valeurs Confiance : \u00a0\u00a0\u00a0\u00a0\u00a0 Croire et esp\u00e9rer en chaque [&hellip;]<\/p>\n","protected":false},"author":4,"featured_media":6456,"parent":5870,"menu_order":0,"comment_status":"closed","ping_status":"closed","template":"","meta":{"_et_pb_use_builder":"on","_et_pb_old_content":"","_et_gb_content_width":"","footnotes":""},"class_list":["post-4899","page","type-page","status-publish","has-post-thumbnail","hentry"],"_links":{"self":[{"href":"https:\/\/catholiques17.fr\/latremblade\/wp-json\/wp\/v2\/pages\/4899","targetHints":{"allow":["GET"]}}],"collection":[{"href":"https:\/\/catholiques17.fr\/latremblade\/wp-json\/wp\/v2\/pages"}],"about":[{"href":"https:\/\/catholiques17.fr\/latremblade\/wp-json\/wp\/v2\/types\/page"}],"author":[{"embeddable":true,"href":"https:\/\/catholiques17.fr\/latremblade\/wp-json\/wp\/v2\/users\/4"}],"replies":[{"embeddable":true,"href":"https:\/\/catholiques17.fr\/latremblade\/wp-json\/wp\/v2\/comments?post=4899"}],"version-history":[{"count":15,"href":"https:\/\/catholiques17.fr\/latremblade\/wp-json\/wp\/v2\/pages\/4899\/revisions"}],"predecessor-version":[{"id":6461,"href":"https:\/\/catholiques17.fr\/latremblade\/wp-json\/wp\/v2\/pages\/4899\/revisions\/6461"}],"up":[{"embeddable":true,"href":"https:\/\/catholiques17.fr\/latremblade\/wp-json\/wp\/v2\/pages\/5870"}],"wp:featuredmedia":[{"embeddable":true,"href":"https:\/\/catholiques17.fr\/latremblade\/wp-json\/wp\/v2\/media\/6456"}],"wp:attachment":[{"href":"https:\/\/catholiques17.fr\/latremblade\/wp-json\/wp\/v2\/media?parent=4899"}],"curies":[{"name":"wp","href":"https:\/\/api.w.org\/{rel}","templated":true}]}}