{"id":11970,"date":"2026-04-26T13:37:10","date_gmt":"2026-04-26T11:37:10","guid":{"rendered":"https:\/\/catholiques17.fr\/laleumireuil\/?post_type=tribe_events&#038;p=11970"},"modified":"2026-04-26T13:44:00","modified_gmt":"2026-04-26T11:44:00","slug":"priere-du-chapelet-25","status":"publish","type":"tribe_events","link":"https:\/\/catholiques17.fr\/laleumireuil\/event\/priere-du-chapelet-25\/","title":{"rendered":"Pri\u00e8re du Chapelet"},"content":{"rendered":"<p>[et_pb_section fb_built=\u00a0\u00bb1&Prime; admin_label=\u00a0\u00bbsection\u00a0\u00bb _builder_version=\u00a0\u00bb4.16&Prime; global_colors_info=\u00a0\u00bb{}\u00a0\u00bb][et_pb_row admin_label=\u00a0\u00bbrow\u00a0\u00bb _builder_version=\u00a0\u00bb4.16&Prime; background_size=\u00a0\u00bbinitial\u00a0\u00bb background_position=\u00a0\u00bbtop_left\u00a0\u00bb background_repeat=\u00a0\u00bbrepeat\u00a0\u00bb global_colors_info=\u00a0\u00bb{}\u00a0\u00bb][et_pb_column type=\u00a0\u00bb4_4&Prime; _builder_version=\u00a0\u00bb4.16&Prime; custom_padding=\u00a0\u00bb|||\u00a0\u00bb global_colors_info=\u00a0\u00bb{}\u00a0\u00bb custom_padding__hover=\u00a0\u00bb|||\u00a0\u00bb][et_pb_text admin_label=\u00a0\u00bbText\u00a0\u00bb _builder_version=\u00a0\u00bb4.27.5&Prime; background_size=\u00a0\u00bbinitial\u00a0\u00bb background_position=\u00a0\u00bbtop_left\u00a0\u00bb background_repeat=\u00a0\u00bbrepeat\u00a0\u00bb hover_enabled=\u00a0\u00bb0&Prime; global_colors_info=\u00a0\u00bb{}\u00a0\u00bb sticky_enabled=\u00a0\u00bb0&Prime;]<\/p>\n<p>\ud83c\udf3f <strong>Mois de mai, mois de Marie<\/strong> \ud83c\udf3f<\/p>\n<p>En ce mois qui lui est consacr\u00e9, confions nos vies \u00e0 la Vierge Marie.<\/p>\n<p>\ud83d\ude4f Rendez-vous chaque dimanche \u00e0 10h15<br \/>pour la pri\u00e8re du chapelet<br \/>\u00e0 l\u2019\u00e9glise Saint Paul de Mireuil.<\/p>\n<p>\ud83d\udc99 Avec Marie, avan\u00e7ons dans la foi et l\u2019esp\u00e9rance.<\/p>\n<p>[\/et_pb_text][\/et_pb_column][\/et_pb_row][\/et_pb_section]<\/p>\n","protected":false},"excerpt":{"rendered":"<p>\ud83c\udf3f Mois de mai, mois de Marie \ud83c\udf3f En ce mois qui lui est consacr\u00e9, confions nos vies \u00e0 la Vierge Marie. \ud83d\ude4f Rendez-vous chaque dimanche \u00e0 10h15pour la pri\u00e8re [&hellip;]<\/p>\n","protected":false},"author":74,"featured_media":0,"template":"","meta":{"_et_pb_use_builder":"on","_et_pb_old_content":"Pendant le mois de mai consacr\u00e9e \u00e0 Marie, tous les dimanches \u00e0 10h15 \u00e0 Mireuil : <strong>pri\u00e8re du chapelet<\/strong>","_et_gb_content_width":"","_tribe_events_status":"","_tribe_events_status_reason":"","footnotes":""},"tags":[],"tribe_events_cat":[],"class_list":["post-11970","tribe_events","type-tribe_events","status-publish","hentry"],"_links":{"self":[{"href":"https:\/\/catholiques17.fr\/laleumireuil\/wp-json\/wp\/v2\/tribe_events\/11970","targetHints":{"allow":["GET"]}}],"collection":[{"href":"https:\/\/catholiques17.fr\/laleumireuil\/wp-json\/wp\/v2\/tribe_events"}],"about":[{"href":"https:\/\/catholiques17.fr\/laleumireuil\/wp-json\/wp\/v2\/types\/tribe_events"}],"author":[{"embeddable":true,"href":"https:\/\/catholiques17.fr\/laleumireuil\/wp-json\/wp\/v2\/users\/74"}],"version-history":[{"count":3,"href":"https:\/\/catholiques17.fr\/laleumireuil\/wp-json\/wp\/v2\/tribe_events\/11970\/revisions"}],"predecessor-version":[{"id":11981,"href":"https:\/\/catholiques17.fr\/laleumireuil\/wp-json\/wp\/v2\/tribe_events\/11970\/revisions\/11981"}],"wp:attachment":[{"href":"https:\/\/catholiques17.fr\/laleumireuil\/wp-json\/wp\/v2\/media?parent=11970"}],"wp:term":[{"taxonomy":"post_tag","embeddable":true,"href":"https:\/\/catholiques17.fr\/laleumireuil\/wp-json\/wp\/v2\/tags?post=11970"},{"taxonomy":"tribe_events_cat","embeddable":true,"href":"https:\/\/catholiques17.fr\/laleumireuil\/wp-json\/wp\/v2\/tribe_events_cat?post=11970"}],"curies":[{"name":"wp","href":"https:\/\/api.w.org\/{rel}","templated":true}]}}