{"id":11599,"date":"2026-01-08T10:36:13","date_gmt":"2026-01-08T09:36:13","guid":{"rendered":"https:\/\/catholiques17.fr\/laleumireuil\/?post_type=tribe_events&#038;p=11599"},"modified":"2026-01-08T11:20:55","modified_gmt":"2026-01-08T10:20:55","slug":"messe-animee-par-la-chorale-magnificat","status":"publish","type":"tribe_events","link":"https:\/\/catholiques17.fr\/laleumireuil\/event\/messe-animee-par-la-chorale-magnificat\/","title":{"rendered":"Messe anim\u00e9e par la Chorale Magnificat"},"content":{"rendered":"<p>[et_pb_section fb_built=\u00a0\u00bb1&Prime; admin_label=\u00a0\u00bbsection\u00a0\u00bb _builder_version=\u00a0\u00bb4.16&Prime; global_colors_info=\u00a0\u00bb{}\u00a0\u00bb][et_pb_row admin_label=\u00a0\u00bbrow\u00a0\u00bb _builder_version=\u00a0\u00bb4.16&Prime; background_size=\u00a0\u00bbinitial\u00a0\u00bb background_position=\u00a0\u00bbtop_left\u00a0\u00bb background_repeat=\u00a0\u00bbrepeat\u00a0\u00bb global_colors_info=\u00a0\u00bb{}\u00a0\u00bb][et_pb_column type=\u00a0\u00bb4_4&Prime; _builder_version=\u00a0\u00bb4.16&Prime; custom_padding=\u00a0\u00bb|||\u00a0\u00bb global_colors_info=\u00a0\u00bb{}\u00a0\u00bb custom_padding__hover=\u00a0\u00bb|||\u00a0\u00bb][et_pb_text admin_label=\u00a0\u00bbText\u00a0\u00bb _builder_version=\u00a0\u00bb4.16&Prime; background_size=\u00a0\u00bbinitial\u00a0\u00bb background_position=\u00a0\u00bbtop_left\u00a0\u00bb background_repeat=\u00a0\u00bbrepeat\u00a0\u00bb global_colors_info=\u00a0\u00bb{}\u00a0\u00bb]<\/p>\n<p data-start=\"91\" data-end=\"146\"><strong data-start=\"91\" data-end=\"146\">Dimanche 11 janvier \u2013 Bapt\u00eame du Seigneur \u00e0 Mireuil<\/strong><\/p>\n<p data-start=\"148\" data-end=\"290\">La paroisse <strong data-start=\"160\" data-end=\"189\">Saint Pierre \u2013 Saint Paul<\/strong> vous invite \u00e0 vivre une journ\u00e9e riche en sens et en fraternit\u00e9 \u00e0 l\u2019\u00e9glise <strong data-start=\"264\" data-end=\"289\">Saint Paul de Mireuil<\/strong>.<\/p>\n<p data-start=\"292\" data-end=\"554\"><strong data-start=\"295\" data-end=\"335\">\u00c0 11h \u2013 Messe du Bapt\u00eame du Seigneur<\/strong><br data-start=\"335\" data-end=\"338\" \/>Au cours de cette c\u00e9l\u00e9bration, nous aurons la joie d\u2019accompagner <strong data-start=\"403\" data-end=\"451\">l\u2019entr\u00e9e en cat\u00e9chum\u00e9nat de 4 jeunes adultes<\/strong> qui expriment leur d\u00e9sir de recevoir le bapt\u00eame.<br data-start=\"500\" data-end=\"503\" \/>La messe sera <strong data-start=\"517\" data-end=\"553\">anim\u00e9e par la chorale Magnificat<\/strong>.<\/p>\n<p data-start=\"556\" data-end=\"739\"><strong data-start=\"559\" data-end=\"602\">\u00c0 16h \u2013 F\u00eate de l\u2019\u00c9piphanie du Seigneur<\/strong><br data-start=\"602\" data-end=\"605\" \/>Un temps convivial et fraternel pour <strong data-start=\"642\" data-end=\"707\">tous : enfants, jeunes, parents, paroissiens de tous les \u00e2ges<\/strong>, autour de la galette des rois.<\/p>\n<p data-start=\"741\" data-end=\"826\"><strong data-start=\"741\" data-end=\"826\">Retrouvons-nous nombreux pour partager ces beaux moments de foi et de fraternit\u00e9.<\/strong><\/p>\n<p data-start=\"741\" data-end=\"826\"><img loading=\"lazy\" decoding=\"async\" class=\"alignleft  wp-image-11582\" src=\"https:\/\/catholiques17.fr\/laleumireuil\/wp-content\/uploads\/sites\/43\/2025\/12\/tempImageerWuYn.jpg\" alt=\"\" width=\"671\" height=\"378\" srcset=\"https:\/\/catholiques17.fr\/laleumireuil\/wp-content\/uploads\/sites\/43\/2025\/12\/tempImageerWuYn.jpg 671w, https:\/\/catholiques17.fr\/laleumireuil\/wp-content\/uploads\/sites\/43\/2025\/12\/tempImageerWuYn-480x271.jpg 480w\" sizes=\"(min-width: 0px) and (max-width: 480px) 480px, (min-width: 481px) 671px, 100vw\" \/><\/p>\n<p>[\/et_pb_text][\/et_pb_column][\/et_pb_row][\/et_pb_section]<\/p>\n","protected":false},"excerpt":{"rendered":"<p>Dimanche 11 janvier \u2013 Bapt\u00eame du Seigneur \u00e0 Mireuil La paroisse Saint Pierre \u2013 Saint Paul vous invite \u00e0 vivre une journ\u00e9e riche en sens et en fraternit\u00e9 \u00e0 l\u2019\u00e9glise [&hellip;]<\/p>\n","protected":false},"author":74,"featured_media":0,"template":"","meta":{"_et_pb_use_builder":"on","_et_pb_old_content":"<p data-start=\"91\" data-end=\"146\"><strong data-start=\"91\" data-end=\"146\">Dimanche 11 janvier \u2013 Bapt\u00eame du Seigneur \u00e0 Mireuil<\/strong><\/p>\r\n<p data-start=\"148\" data-end=\"290\">La paroisse <strong data-start=\"160\" data-end=\"189\">Saint Pierre \u2013 Saint Paul<\/strong> vous invite \u00e0 vivre une journ\u00e9e riche en sens et en fraternit\u00e9 \u00e0 l\u2019\u00e9glise <strong data-start=\"264\" data-end=\"289\">Saint Paul de Mireuil<\/strong>.<\/p>\r\n<p data-start=\"292\" data-end=\"554\"><strong data-start=\"295\" data-end=\"335\">\u00c0 11h \u2013 Messe du Bapt\u00eame du Seigneur<\/strong><br data-start=\"335\" data-end=\"338\" \/>Au cours de cette c\u00e9l\u00e9bration, nous aurons la joie d\u2019accompagner <strong data-start=\"403\" data-end=\"451\">l\u2019entr\u00e9e en cat\u00e9chum\u00e9nat de 4 jeunes adultes<\/strong> qui expriment leur d\u00e9sir de recevoir le bapt\u00eame.<br data-start=\"500\" data-end=\"503\" \/>La messe sera <strong data-start=\"517\" data-end=\"553\">anim\u00e9e par la chorale Magnificat<\/strong>.<\/p>\r\n<p data-start=\"556\" data-end=\"739\"><strong data-start=\"559\" data-end=\"602\">\u00c0 16h \u2013 F\u00eate de l\u2019\u00c9piphanie du Seigneur<\/strong><br data-start=\"602\" data-end=\"605\" \/>Un temps convivial et fraternel pour <strong data-start=\"642\" data-end=\"707\">tous : enfants, jeunes, parents, paroissiens de tous les \u00e2ges<\/strong>, autour de la galette des rois.<\/p>\r\n<p data-start=\"741\" data-end=\"826\"><strong data-start=\"741\" data-end=\"826\">Retrouvons-nous nombreux pour partager ces beaux moments de foi et de fraternit\u00e9.<\/strong><\/p>\r\n<p data-start=\"741\" data-end=\"826\"><img class=\"alignleft  wp-image-11582\" src=\"https:\/\/catholiques17.fr\/laleumireuil\/wp-content\/uploads\/sites\/43\/2025\/12\/tempImageerWuYn.jpg\" alt=\"\" width=\"671\" height=\"378\" \/><\/p>","_et_gb_content_width":"","_tribe_events_status":"","_tribe_events_status_reason":"","footnotes":""},"tags":[],"tribe_events_cat":[],"class_list":["post-11599","tribe_events","type-tribe_events","status-publish","hentry"],"_links":{"self":[{"href":"https:\/\/catholiques17.fr\/laleumireuil\/wp-json\/wp\/v2\/tribe_events\/11599","targetHints":{"allow":["GET"]}}],"collection":[{"href":"https:\/\/catholiques17.fr\/laleumireuil\/wp-json\/wp\/v2\/tribe_events"}],"about":[{"href":"https:\/\/catholiques17.fr\/laleumireuil\/wp-json\/wp\/v2\/types\/tribe_events"}],"author":[{"embeddable":true,"href":"https:\/\/catholiques17.fr\/laleumireuil\/wp-json\/wp\/v2\/users\/74"}],"version-history":[{"count":3,"href":"https:\/\/catholiques17.fr\/laleumireuil\/wp-json\/wp\/v2\/tribe_events\/11599\/revisions"}],"predecessor-version":[{"id":11602,"href":"https:\/\/catholiques17.fr\/laleumireuil\/wp-json\/wp\/v2\/tribe_events\/11599\/revisions\/11602"}],"wp:attachment":[{"href":"https:\/\/catholiques17.fr\/laleumireuil\/wp-json\/wp\/v2\/media?parent=11599"}],"wp:term":[{"taxonomy":"post_tag","embeddable":true,"href":"https:\/\/catholiques17.fr\/laleumireuil\/wp-json\/wp\/v2\/tags?post=11599"},{"taxonomy":"tribe_events_cat","embeddable":true,"href":"https:\/\/catholiques17.fr\/laleumireuil\/wp-json\/wp\/v2\/tribe_events_cat?post=11599"}],"curies":[{"name":"wp","href":"https:\/\/api.w.org\/{rel}","templated":true}]}}