{"id":11448,"date":"2025-11-21T10:16:06","date_gmt":"2025-11-21T09:16:06","guid":{"rendered":"https:\/\/catholiques17.fr\/laleumireuil\/?post_type=tribe_events&#038;p=11448"},"modified":"2025-11-21T10:16:06","modified_gmt":"2025-11-21T09:16:06","slug":"reunion-du-pole-liturgique-4","status":"publish","type":"tribe_events","link":"https:\/\/catholiques17.fr\/laleumireuil\/event\/reunion-du-pole-liturgique-4\/","title":{"rendered":"R\u00e9union du P\u00f4le Liturgique"},"content":{"rendered":"<p>Chers amis du P\u00f4le Liturgique, L\u2019Avent, No\u00ebl approchent rapidement!<\/p>\n<div>Pour pr\u00e9parer ces temps forts liturgiques, faire le point sur ce d\u00e9but d\u2019ann\u00e9e, \u00a0nous nous r\u00e9unirons<\/div>\n<div><\/div>\n<div>JEUDI 27 NOVEMBRE \u00c0 18H30<\/div>\n<div>\u00c0 MIREUIL, \u00c9GLISE SAINT PAUL<\/div>\n<div><\/div>\n<div>Nous pr\u00e9voirons aussi le planning jusqu\u2019au car\u00eame.<\/div>\n<div>N\u2019h\u00e9sitons pas \u00e0 solliciter et inviter de nouvelles personnes pour renforcer notre \u00e9quipe!<\/div>\n<div>\u00c0 jeudi, fraternellement,<\/div>\n<div>Marie-Helene avec P.Xavier<\/div>\n","protected":false},"excerpt":{"rendered":"<p>Chers amis du P\u00f4le Liturgique, L\u2019Avent, No\u00ebl approchent rapidement! Pour pr\u00e9parer ces temps forts liturgiques, faire le point sur ce d\u00e9but d\u2019ann\u00e9e, \u00a0nous nous r\u00e9unirons JEUDI 27 NOVEMBRE \u00c0 18H30 [&hellip;]<\/p>\n","protected":false},"author":74,"featured_media":0,"template":"","meta":{"_et_pb_use_builder":"","_et_pb_old_content":"","_et_gb_content_width":"","_tribe_events_status":"","_tribe_events_status_reason":"","footnotes":""},"tags":[],"tribe_events_cat":[],"class_list":["post-11448","tribe_events","type-tribe_events","status-publish","hentry"],"_links":{"self":[{"href":"https:\/\/catholiques17.fr\/laleumireuil\/wp-json\/wp\/v2\/tribe_events\/11448","targetHints":{"allow":["GET"]}}],"collection":[{"href":"https:\/\/catholiques17.fr\/laleumireuil\/wp-json\/wp\/v2\/tribe_events"}],"about":[{"href":"https:\/\/catholiques17.fr\/laleumireuil\/wp-json\/wp\/v2\/types\/tribe_events"}],"author":[{"embeddable":true,"href":"https:\/\/catholiques17.fr\/laleumireuil\/wp-json\/wp\/v2\/users\/74"}],"version-history":[{"count":1,"href":"https:\/\/catholiques17.fr\/laleumireuil\/wp-json\/wp\/v2\/tribe_events\/11448\/revisions"}],"predecessor-version":[{"id":11449,"href":"https:\/\/catholiques17.fr\/laleumireuil\/wp-json\/wp\/v2\/tribe_events\/11448\/revisions\/11449"}],"wp:attachment":[{"href":"https:\/\/catholiques17.fr\/laleumireuil\/wp-json\/wp\/v2\/media?parent=11448"}],"wp:term":[{"taxonomy":"post_tag","embeddable":true,"href":"https:\/\/catholiques17.fr\/laleumireuil\/wp-json\/wp\/v2\/tags?post=11448"},{"taxonomy":"tribe_events_cat","embeddable":true,"href":"https:\/\/catholiques17.fr\/laleumireuil\/wp-json\/wp\/v2\/tribe_events_cat?post=11448"}],"curies":[{"name":"wp","href":"https:\/\/api.w.org\/{rel}","templated":true}]}}