{"id":6625,"date":"2021-12-27T09:28:16","date_gmt":"2021-12-27T08:28:16","guid":{"rendered":"https:\/\/catholiques17.fr\/laleumireuil\/?page_id=6625"},"modified":"2025-03-26T09:30:57","modified_gmt":"2025-03-26T08:30:57","slug":"equipe-liturgique","status":"publish","type":"page","link":"https:\/\/catholiques17.fr\/laleumireuil\/les-services\/equipe-liturgique\/","title":{"rendered":"Equipe liturgique"},"content":{"rendered":"<p>[et_pb_section fb_built=\u00a0\u00bb1&Prime; _builder_version=\u00a0\u00bb4.16&Prime; _module_preset=\u00a0\u00bbdefault\u00a0\u00bb custom_padding=\u00a0\u00bb0px|||||\u00a0\u00bb global_colors_info=\u00a0\u00bb{}\u00a0\u00bb theme_builder_area=\u00a0\u00bbpost_content\u00a0\u00bb][et_pb_row _builder_version=\u00a0\u00bb4.16&Prime; _module_preset=\u00a0\u00bbdefault\u00a0\u00bb custom_padding=\u00a0\u00bb0px|||||\u00a0\u00bb global_colors_info=\u00a0\u00bb{}\u00a0\u00bb theme_builder_area=\u00a0\u00bbpost_content\u00a0\u00bb][et_pb_column type=\u00a0\u00bb4_4&Prime; _builder_version=\u00a0\u00bb4.16&Prime; _module_preset=\u00a0\u00bbdefault\u00a0\u00bb global_colors_info=\u00a0\u00bb{}\u00a0\u00bb theme_builder_area=\u00a0\u00bbpost_content\u00a0\u00bb][et_pb_image src=\u00a0\u00bbhttps:\/\/catholiques17.fr\/laleumireuil\/wp-content\/uploads\/sites\/43\/2021\/12\/a-book-ga4bf9892d_1920_1-1.jpg\u00a0\u00bb title_text=\u00a0\u00bba-book-ga4bf9892d_1920_1-1&Prime; align=\u00a0\u00bbcenter\u00a0\u00bb _builder_version=\u00a0\u00bb4.16&Prime; _module_preset=\u00a0\u00bbdefault\u00a0\u00bb animation_style=\u00a0\u00bbslide\u00a0\u00bb border_radii=\u00a0\u00bbon|20px|20px|20px|20px\u00a0\u00bb global_colors_info=\u00a0\u00bb{}\u00a0\u00bb theme_builder_area=\u00a0\u00bbpost_content\u00a0\u00bb][\/et_pb_image][\/et_pb_column][\/et_pb_row][et_pb_row _builder_version=\u00a0\u00bb4.16&Prime; _module_preset=\u00a0\u00bbdefault\u00a0\u00bb global_colors_info=\u00a0\u00bb{}\u00a0\u00bb theme_builder_area=\u00a0\u00bbpost_content\u00a0\u00bb][et_pb_column type=\u00a0\u00bb4_4&Prime; _builder_version=\u00a0\u00bb4.16&Prime; _module_preset=\u00a0\u00bbdefault\u00a0\u00bb global_colors_info=\u00a0\u00bb{}\u00a0\u00bb theme_builder_area=\u00a0\u00bbpost_content\u00a0\u00bb][et_pb_text _builder_version=\u00a0\u00bb4.27.4&Prime; _module_preset=\u00a0\u00bbdefault\u00a0\u00bb text_font_size=\u00a0\u00bb17px\u00a0\u00bb text_orientation=\u00a0\u00bbcenter\u00a0\u00bb global_colors_info=\u00a0\u00bb{}\u00a0\u00bb theme_builder_area=\u00a0\u00bbpost_content\u00a0\u00bb]<\/p>\n<h5><span style=\"color: #008080\"><strong>Les \u00e9quipes liturgiques ont pour r\u00f4le de pr\u00e9parer la messe d\u2019un dimanche<\/strong>.<\/span><\/h5>\n<p>[\/et_pb_text][\/et_pb_column][\/et_pb_row][et_pb_row _builder_version=\u00a0\u00bb4.16&Prime; _module_preset=\u00a0\u00bbdefault\u00a0\u00bb global_colors_info=\u00a0\u00bb{}\u00a0\u00bb theme_builder_area=\u00a0\u00bbpost_content\u00a0\u00bb custom_margin=\u00a0\u00bb3px|auto||auto||\u00a0\u00bb][et_pb_column type=\u00a0\u00bb4_4&Prime; _builder_version=\u00a0\u00bb4.16&Prime; _module_preset=\u00a0\u00bbdefault\u00a0\u00bb global_colors_info=\u00a0\u00bb{}\u00a0\u00bb theme_builder_area=\u00a0\u00bbpost_content\u00a0\u00bb][et_pb_text _builder_version=\u00a0\u00bb4.27.4&Prime; _module_preset=\u00a0\u00bbdefault\u00a0\u00bb text_orientation=\u00a0\u00bbcenter\u00a0\u00bb custom_margin=\u00a0\u00bb-33px|||||\u00a0\u00bb hover_enabled=\u00a0\u00bb0&Prime; global_colors_info=\u00a0\u00bb{}\u00a0\u00bb theme_builder_area=\u00a0\u00bbpost_content\u00a0\u00bb sticky_enabled=\u00a0\u00bb0&Prime; min_height=\u00a0\u00bb142px\u00a0\u00bb custom_padding=\u00a0\u00bb||5px|||\u00a0\u00bb]<\/p>\n<p>Le P\u00f4le Liturgique est compos\u00e9 d\u2019une vingtaine de membres qui pr\u00e9parent en \u00e9quipes de 4 ou 5 personnes, environ une fois par mois, les messes du dimanche, en lisant et m\u00e9ditant ensemble les lectures propos\u00e9es par la liturgie.<br \/>La m\u00eame \u00e9quipe pr\u00e9pare les trois messes dominicales du secteur.<\/p>\n<p>Elle pr\u00e9voit l\u2019animation de la liturgie : en particulier la Pri\u00e8re Universelle, les chants qui seront retenus,<br \/>ainsi que les gestes qui seront \u00e9ventuellement mis en valeur en accord avec le pr\u00eatre.<\/p>\n<p>[\/et_pb_text][et_pb_divider _builder_version=\u00a0\u00bb4.27.4&Prime; _module_preset=\u00a0\u00bbdefault\u00a0\u00bb global_colors_info=\u00a0\u00bb{}\u00a0\u00bb theme_builder_area=\u00a0\u00bbpost_content\u00a0\u00bb][\/et_pb_divider][et_pb_text _builder_version=\u00a0\u00bb4.27.4&Prime; _module_preset=\u00a0\u00bbdefault\u00a0\u00bb text_orientation=\u00a0\u00bbcenter\u00a0\u00bb global_colors_info=\u00a0\u00bb{}\u00a0\u00bb theme_builder_area=\u00a0\u00bbpost_content\u00a0\u00bb]<\/p>\n<p>Il y a une seule \u00e9quipe liturgique pour nos deux paroisses ; il est possible, \u00e0 tout moment de les rejoindre.<\/p>\n<p>N&rsquo;h\u00e9sitez pas \u00e0 contacter :<\/p>\n<p>[\/et_pb_text][et_pb_text _builder_version=\u00a0\u00bb4.27.4&Prime; _module_preset=\u00a0\u00bbdefault\u00a0\u00bb text_orientation=\u00a0\u00bbcenter\u00a0\u00bb width=\u00a0\u00bb49%\u00a0\u00bb module_alignment=\u00a0\u00bbcenter\u00a0\u00bb custom_margin=\u00a0\u00bb||0px||false|false\u00a0\u00bb custom_padding=\u00a0\u00bb10px||10px||false|false\u00a0\u00bb border_radii=\u00a0\u00bbon|12px|12px|12px|12px\u00a0\u00bb border_width_all=\u00a0\u00bb1px\u00a0\u00bb border_color_all=\u00a0\u00bbgcid-heading-color\u00a0\u00bb global_colors_info=\u00a0\u00bb{%22gcid-heading-color%22:%91%22border_color_all%22%93}\u00a0\u00bb theme_builder_area=\u00a0\u00bbpost_content\u00a0\u00bb]<\/p>\n<p><strong>Marie-Helene TARRALLE<\/strong><\/p>\n<p><em>05 46 45 23 50<\/em><\/p>\n<p>[\/et_pb_text][\/et_pb_column][\/et_pb_row][\/et_pb_section]<\/p>\n","protected":false},"excerpt":{"rendered":"<p>Les \u00e9quipes liturgiques ont pour r\u00f4le de pr\u00e9parer la messe d\u2019un dimanche.Le P\u00f4le Liturgique est compos\u00e9 d\u2019une vingtaine de membres qui pr\u00e9parent en \u00e9quipes de 4 ou 5 personnes, environ [&hellip;]<\/p>\n","protected":false},"author":4,"featured_media":0,"parent":6623,"menu_order":0,"comment_status":"closed","ping_status":"closed","template":"","meta":{"_et_pb_use_builder":"on","_et_pb_old_content":"","_et_gb_content_width":"","footnotes":""},"class_list":["post-6625","page","type-page","status-publish","hentry"],"_links":{"self":[{"href":"https:\/\/catholiques17.fr\/laleumireuil\/wp-json\/wp\/v2\/pages\/6625","targetHints":{"allow":["GET"]}}],"collection":[{"href":"https:\/\/catholiques17.fr\/laleumireuil\/wp-json\/wp\/v2\/pages"}],"about":[{"href":"https:\/\/catholiques17.fr\/laleumireuil\/wp-json\/wp\/v2\/types\/page"}],"author":[{"embeddable":true,"href":"https:\/\/catholiques17.fr\/laleumireuil\/wp-json\/wp\/v2\/users\/4"}],"replies":[{"embeddable":true,"href":"https:\/\/catholiques17.fr\/laleumireuil\/wp-json\/wp\/v2\/comments?post=6625"}],"version-history":[{"count":16,"href":"https:\/\/catholiques17.fr\/laleumireuil\/wp-json\/wp\/v2\/pages\/6625\/revisions"}],"predecessor-version":[{"id":10934,"href":"https:\/\/catholiques17.fr\/laleumireuil\/wp-json\/wp\/v2\/pages\/6625\/revisions\/10934"}],"up":[{"embeddable":true,"href":"https:\/\/catholiques17.fr\/laleumireuil\/wp-json\/wp\/v2\/pages\/6623"}],"wp:attachment":[{"href":"https:\/\/catholiques17.fr\/laleumireuil\/wp-json\/wp\/v2\/media?parent=6625"}],"curies":[{"name":"wp","href":"https:\/\/api.w.org\/{rel}","templated":true}]}}