{"id":6604,"date":"2021-12-27T09:22:34","date_gmt":"2021-12-27T08:22:34","guid":{"rendered":"https:\/\/catholiques17.fr\/laleumireuil\/?page_id=6604"},"modified":"2025-09-18T21:23:02","modified_gmt":"2025-09-18T19:23:02","slug":"cate-aumonerie","status":"publish","type":"page","link":"https:\/\/catholiques17.fr\/laleumireuil\/renseignements\/cate-aumonerie\/","title":{"rendered":"Cat\u00e9\/Aum\u00f4nerie"},"content":{"rendered":"<p>[et_pb_section fb_built=\u00a0\u00bb1&Prime; _builder_version=\u00a0\u00bb4.16&Prime; _module_preset=\u00a0\u00bbdefault\u00a0\u00bb custom_padding=\u00a0\u00bb4px|||||\u00a0\u00bb global_colors_info=\u00a0\u00bb{}\u00a0\u00bb theme_builder_area=\u00a0\u00bbpost_content\u00a0\u00bb][et_pb_row column_structure=\u00a0\u00bb2_5,3_5&Prime; _builder_version=\u00a0\u00bb4.27.4&Prime; _module_preset=\u00a0\u00bbdefault\u00a0\u00bb custom_padding=\u00a0\u00bb0px|||||\u00a0\u00bb global_colors_info=\u00a0\u00bb{}\u00a0\u00bb theme_builder_area=\u00a0\u00bbpost_content\u00a0\u00bb][et_pb_column type=\u00a0\u00bb2_5&Prime; _builder_version=\u00a0\u00bb4.16&Prime; _module_preset=\u00a0\u00bbdefault\u00a0\u00bb global_colors_info=\u00a0\u00bb{}\u00a0\u00bb theme_builder_area=\u00a0\u00bbpost_content\u00a0\u00bb][et_pb_image src=\u00a0\u00bbhttps:\/\/catholiques17.fr\/laleumireuil\/wp-content\/uploads\/sites\/43\/2024\/09\/personnalisee-Saint-Gabriel-1-1.png\u00a0\u00bb title_text=\u00a0\u00bbpersonnalis\u00e9e Saint Gabriel (1) (1)\u00a0\u00bb _builder_version=\u00a0\u00bb4.27.4&Prime; _module_preset=\u00a0\u00bbdefault\u00a0\u00bb custom_padding=\u00a0\u00bb0px||||false|false\u00a0\u00bb custom_padding_tablet=\u00a0\u00bb\u00a0\u00bb custom_padding_phone=\u00a0\u00bb\u00a0\u00bb custom_padding_last_edited=\u00a0\u00bbon|desktop\u00a0\u00bb border_radii=\u00a0\u00bbon|20px|20px|20px|20px\u00a0\u00bb global_colors_info=\u00a0\u00bb{}\u00a0\u00bb theme_builder_area=\u00a0\u00bbpost_content\u00a0\u00bb][\/et_pb_image][\/et_pb_column][et_pb_column type=\u00a0\u00bb3_5&Prime; _builder_version=\u00a0\u00bb4.16&Prime; _module_preset=\u00a0\u00bbdefault\u00a0\u00bb global_colors_info=\u00a0\u00bb{}\u00a0\u00bb theme_builder_area=\u00a0\u00bbpost_content\u00a0\u00bb][et_pb_text _builder_version=\u00a0\u00bb4.27.4&Prime; _module_preset=\u00a0\u00bbdefault\u00a0\u00bb text_orientation=\u00a0\u00bbjustified\u00a0\u00bb global_colors_info=\u00a0\u00bb{}\u00a0\u00bb theme_builder_area=\u00a0\u00bbpost_content\u00a0\u00bb]<\/p>\n<h4><strong>Cat\u00e9chisme et aum\u00f4nerie<\/strong><\/h4>\n<p><span style=\"font-weight: 400\"><\/span><\/p>\n<p><span style=\"font-weight: 400\">Les rencontres ont lieu le dimanche matin \u00e0 09h45 \u00e0 Mireuil avant la messe et \u00e0 10h30 \u00e0 Laleu apr\u00e8s la messe pour le cat\u00e9chisme.<\/span><\/p>\n<p><span style=\"font-weight: 400\">Et le vendredi soir toutes les 3 semaines de 19h30 \u00e0 21h00 \u00e0 Mireuil<\/span><\/p>\n<p><span style=\"font-weight: 400\">La responsable du cat\u00e9chisme est <strong>Christine FAVREAU <\/strong>qui <\/span>est aussi responsable de <span>l\u2019aum\u00f4nerie.<\/span><\/p>\n<p>&nbsp;<\/p>\n<div align=\"justify\"><\/div>\n<p>[\/et_pb_text][\/et_pb_column][\/et_pb_row][et_pb_row _builder_version=\u00a0\u00bb4.17.6&Prime; _module_preset=\u00a0\u00bbdefault\u00a0\u00bb global_colors_info=\u00a0\u00bb{}\u00a0\u00bb theme_builder_area=\u00a0\u00bbpost_content\u00a0\u00bb][et_pb_column type=\u00a0\u00bb4_4&Prime; _builder_version=\u00a0\u00bb4.17.6&Prime; _module_preset=\u00a0\u00bbdefault\u00a0\u00bb global_colors_info=\u00a0\u00bb{}\u00a0\u00bb theme_builder_area=\u00a0\u00bbpost_content\u00a0\u00bb][et_pb_text _builder_version=\u00a0\u00bb4.27.4&Prime; _module_preset=\u00a0\u00bbdefault\u00a0\u00bb custom_margin=\u00a0\u00bb-30px|||||\u00a0\u00bb hover_enabled=\u00a0\u00bb0&Prime; global_colors_info=\u00a0\u00bb{}\u00a0\u00bb theme_builder_area=\u00a0\u00bbpost_content\u00a0\u00bb text_orientation=\u00a0\u00bbcenter\u00a0\u00bb sticky_enabled=\u00a0\u00bb0&Prime;]<\/p>\n<p style=\"text-align: center\"><strong class=\"Style6\"> Les inscriptions restent possibles tout au long de l\u2019ann\u00e9e aux heures de permanence.<\/strong><\/p>\n<p>Au presbyt\u00e8re de Laleu: Mercredi et samedi matin de 10h \u00e0 12h<\/p>\n<p>A l&rsquo;\u00e9glise de Mireuil : Vendredi de 15h \u00e0 17h et apr\u00e8s les messes dominicales<\/p>\n<p><strong class=\"Style6\"><\/strong><\/p>\n<p style=\"text-align: center\">N\u2019h\u00e9sitez pas \u00e0 nous contacter au <span><span class=\"LrzXr zdqRlf kno-fv\"><a data-dtype=\"d3ph\" data-local-attribute=\"d3ph\" href=\"https:\/\/www.google.com\/search?client=firefox-b-d&amp;q=paroisse+laleu#\" data-ved=\"2ahUKEwikps7Pq9iLAxVQUaQEHSFCC3kQkAgoAHoECCIQAg\"><span aria-label=\"Appeler le 05 17 26 53 02\">05 17 26 53 02<\/span><\/a><\/span><\/span> et \u00e0 laisser un message avec vos noms et coordonn\u00e9es t\u00e9l\u00e9phoniques \u00a0 \u00a0 \u00a0 \u00a0 \u00a0 \u00a0 \u00a0 ou nous envoyer un mail \u00e0 <a href=\"mailto:paroisses.stpierre.stpaul17@gmail.com\">paroisses.stpierre.stpaul17@gmail.com<\/a><a href=\"mailto:paroissesaintgabriel@free.fr\"><\/a><\/p>\n<p>[\/et_pb_text][\/et_pb_column][\/et_pb_row][et_pb_row _builder_version=\u00a0\u00bb4.16&Prime; _module_preset=\u00a0\u00bbdefault\u00a0\u00bb global_colors_info=\u00a0\u00bb{}\u00a0\u00bb theme_builder_area=\u00a0\u00bbpost_content\u00a0\u00bb][et_pb_column type=\u00a0\u00bb4_4&Prime; _builder_version=\u00a0\u00bb4.16&Prime; _module_preset=\u00a0\u00bbdefault\u00a0\u00bb global_colors_info=\u00a0\u00bb{}\u00a0\u00bb theme_builder_area=\u00a0\u00bbpost_content\u00a0\u00bb][et_pb_divider color=\u00a0\u00bb#005E85&Prime; divider_weight=\u00a0\u00bb2px\u00a0\u00bb _builder_version=\u00a0\u00bb4.27.4&Prime; _module_preset=\u00a0\u00bbdefault\u00a0\u00bb global_colors_info=\u00a0\u00bb{}\u00a0\u00bb theme_builder_area=\u00a0\u00bbpost_content\u00a0\u00bb][\/et_pb_divider][\/et_pb_column][\/et_pb_row][et_pb_row _builder_version=\u00a0\u00bb4.27.4&Prime; _module_preset=\u00a0\u00bbdefault\u00a0\u00bb background_color=\u00a0\u00bb#2dacb7&Prime; custom_padding=\u00a0\u00bb|5px||5px|false|false\u00a0\u00bb border_radii=\u00a0\u00bboff|20px||20px|\u00a0\u00bb global_colors_info=\u00a0\u00bb{}\u00a0\u00bb theme_builder_area=\u00a0\u00bbpost_content\u00a0\u00bb][et_pb_column type=\u00a0\u00bb4_4&Prime; _builder_version=\u00a0\u00bb4.16&Prime; _module_preset=\u00a0\u00bbdefault\u00a0\u00bb global_colors_info=\u00a0\u00bb{}\u00a0\u00bb theme_builder_area=\u00a0\u00bbpost_content\u00a0\u00bb][et_pb_text _builder_version=\u00a0\u00bb4.17.6&Prime; _module_preset=\u00a0\u00bbdefault\u00a0\u00bb global_colors_info=\u00a0\u00bb{}\u00a0\u00bb theme_builder_area=\u00a0\u00bbpost_content\u00a0\u00bb]<\/p>\n<p style=\"text-align: center\"><span style=\"color: #ffffff\">Le service dioc\u00e9sain de la pastorale des jeunes propose des camps, p\u00e8lerinages et autres rassemblements <\/span><\/p>\n<p style=\"text-align: center\"><span style=\"color: #ffffff\">tout au long de l&rsquo;ann\u00e9e. Suivez l&rsquo;actualit\u00e9 des jeunes sur leur site<\/span> <a href=\"https:\/\/jeunes17.fr\/\" target=\"_blank\" rel=\"noopener\"><span style=\"text-decoration: underline;color: #ffffff\"><strong>jeunes17.fr<\/strong><\/span><\/a><\/p>\n<p>[\/et_pb_text][\/et_pb_column][\/et_pb_row][\/et_pb_section]<\/p>\n","protected":false},"excerpt":{"rendered":"<p>Cat\u00e9chisme et aum\u00f4nerie Les rencontres ont lieu le dimanche matin \u00e0 09h45 \u00e0 Mireuil avant la messe et \u00e0 10h30 \u00e0 Laleu apr\u00e8s la messe pour le cat\u00e9chisme. Et le [&hellip;]<\/p>\n","protected":false},"author":4,"featured_media":0,"parent":6602,"menu_order":0,"comment_status":"closed","ping_status":"closed","template":"","meta":{"_et_pb_use_builder":"on","_et_pb_old_content":"","_et_gb_content_width":"","footnotes":""},"class_list":["post-6604","page","type-page","status-publish","hentry"],"_links":{"self":[{"href":"https:\/\/catholiques17.fr\/laleumireuil\/wp-json\/wp\/v2\/pages\/6604","targetHints":{"allow":["GET"]}}],"collection":[{"href":"https:\/\/catholiques17.fr\/laleumireuil\/wp-json\/wp\/v2\/pages"}],"about":[{"href":"https:\/\/catholiques17.fr\/laleumireuil\/wp-json\/wp\/v2\/types\/page"}],"author":[{"embeddable":true,"href":"https:\/\/catholiques17.fr\/laleumireuil\/wp-json\/wp\/v2\/users\/4"}],"replies":[{"embeddable":true,"href":"https:\/\/catholiques17.fr\/laleumireuil\/wp-json\/wp\/v2\/comments?post=6604"}],"version-history":[{"count":35,"href":"https:\/\/catholiques17.fr\/laleumireuil\/wp-json\/wp\/v2\/pages\/6604\/revisions"}],"predecessor-version":[{"id":11305,"href":"https:\/\/catholiques17.fr\/laleumireuil\/wp-json\/wp\/v2\/pages\/6604\/revisions\/11305"}],"up":[{"embeddable":true,"href":"https:\/\/catholiques17.fr\/laleumireuil\/wp-json\/wp\/v2\/pages\/6602"}],"wp:attachment":[{"href":"https:\/\/catholiques17.fr\/laleumireuil\/wp-json\/wp\/v2\/media?parent=6604"}],"curies":[{"name":"wp","href":"https:\/\/api.w.org\/{rel}","templated":true}]}}