{"id":10172,"date":"2025-02-04T15:14:42","date_gmt":"2025-02-04T14:14:42","guid":{"rendered":"https:\/\/catholiques17.fr\/laleumireuil\/?page_id=10172"},"modified":"2026-02-23T11:28:31","modified_gmt":"2026-02-23T10:28:31","slug":"horaire-de-messe","status":"publish","type":"page","link":"https:\/\/catholiques17.fr\/laleumireuil\/horaire-de-messe\/","title":{"rendered":"Horaires de messe"},"content":{"rendered":"<p>[et_pb_section fb_built=\u00a0\u00bb1&Prime; _builder_version=\u00a0\u00bb4.27.4&Prime; _module_preset=\u00a0\u00bbdefault\u00a0\u00bb custom_padding=\u00a0\u00bb11px|||||\u00a0\u00bb global_colors_info=\u00a0\u00bb{}\u00a0\u00bb theme_builder_area=\u00a0\u00bbpost_content\u00a0\u00bb][et_pb_row _builder_version=\u00a0\u00bb4.27.4&Prime; _module_preset=\u00a0\u00bbdefault\u00a0\u00bb custom_padding=\u00a0\u00bb7px|||||\u00a0\u00bb global_colors_info=\u00a0\u00bb{}\u00a0\u00bb theme_builder_area=\u00a0\u00bbpost_content\u00a0\u00bb][et_pb_column type=\u00a0\u00bb4_4&Prime; _builder_version=\u00a0\u00bb4.27.4&Prime; _module_preset=\u00a0\u00bbdefault\u00a0\u00bb global_colors_info=\u00a0\u00bb{}\u00a0\u00bb theme_builder_area=\u00a0\u00bbpost_content\u00a0\u00bb][et_pb_image src=\u00a0\u00bbhttps:\/\/catholiques17.fr\/laleumireuil\/wp-content\/uploads\/sites\/43\/2025\/02\/P.Xavier-Thobias.jpg\u00a0\u00bb title_text=\u00a0\u00bbP.Xavier Thobias\u00a0\u00bb show_in_lightbox=\u00a0\u00bbon\u00a0\u00bb align=\u00a0\u00bbcenter\u00a0\u00bb _builder_version=\u00a0\u00bb4.27.4&Prime; _module_preset=\u00a0\u00bbdefault\u00a0\u00bb width=\u00a0\u00bb80%\u00a0\u00bb global_colors_info=\u00a0\u00bb{}\u00a0\u00bb theme_builder_area=\u00a0\u00bbpost_content\u00a0\u00bb][\/et_pb_image][\/et_pb_column][\/et_pb_row][et_pb_row _builder_version=\u00a0\u00bb4.27.4&Prime; _module_preset=\u00a0\u00bbdefault\u00a0\u00bb global_colors_info=\u00a0\u00bb{}\u00a0\u00bb theme_builder_area=\u00a0\u00bbpost_content\u00a0\u00bb][et_pb_column type=\u00a0\u00bb4_4&Prime; _builder_version=\u00a0\u00bb4.27.4&Prime; _module_preset=\u00a0\u00bbdefault\u00a0\u00bb global_colors_info=\u00a0\u00bb{}\u00a0\u00bb theme_builder_area=\u00a0\u00bbpost_content\u00a0\u00bb][et_pb_text _builder_version=\u00a0\u00bb4.27.5&Prime; _module_preset=\u00a0\u00bbdefault\u00a0\u00bb hover_enabled=\u00a0\u00bb0&Prime; global_colors_info=\u00a0\u00bb{}\u00a0\u00bb theme_builder_area=\u00a0\u00bbpost_content\u00a0\u00bb sticky_enabled=\u00a0\u00bb0&Prime;]<\/p>\n<p class=\"has-text-align-center has-normal-font-size\" data-adtags-visited=\"true\"><strong>MESSES<\/strong><span>\u00a0<\/span><strong>DOMINICALES<\/strong><\/p>\n<p class=\"has-text-align-center has-small-font-size\" data-adtags-visited=\"true\"><strong>Samedi<\/strong><span>\u00a0<\/span>: \u00c9glise Saint Fran\u00e7ois (messe anticip\u00e9e &#8211; La Pallice) 18h30<\/p>\n<p style=\"text-align: center\"><strong>Dimanche<\/strong><span>\u00a0<\/span>:<br \/>\u00c9glise Saint Pierre (Laleu) 9h30<br \/>\u00c9glise Saint Paul (Mireuil) 11h<\/p>\n<p style=\"text-align: center\">&#8212;&#8212;&#8212;&#8212;&#8212;&#8212;&#8212;&#8212;&#8212;&#8212;&#8212;&#8212;&#8212;&#8212;&#8212;&#8212;<\/p>\n<p class=\"has-text-align-center has-normal-font-size\" data-adtags-visited=\"true\"><strong>MESSES DE SEMAINE<\/strong><\/p>\n<p class=\"has-text-align-center has-small-font-size\" data-adtags-visited=\"true\" style=\"text-align: center\"><strong>Mardi<span>\u00a0<\/span><\/strong>: \u00c9glise Saint Pierre (Laleu) 8h45<\/p>\n<p style=\"text-align: center\"><strong>Mercredi<\/strong><span>\u00a0<\/span>: \u00c9glise Saint Paul (Mireuil) 18h30<\/p>\n<p style=\"text-align: center\"><strong>Jeudi<\/strong><span>\u00a0<\/span>: \u00c9glise Saint Pierre (Laleu) 18h30<\/p>\n<p style=\"text-align: center\"><strong>Vendredi<\/strong><span>\u00a0<\/span>: <span>Sacristie de l&rsquo;\u00e9glise St Pierre (Laleu) 18h30 du mois de Novembre \u00e0 Avril<\/span><br \/><span>Chapelle Saint Maurice (Saint Maurice) 18h30 du mois de Mai \u00e0 Octobre<\/span><\/p>\n<p style=\"text-align: center\"><span>&#8212;&#8212;&#8212;&#8212;&#8212;&#8212;&#8212;&#8212;&#8212;&#8212;&#8212;&#8212;&#8212;&#8212;&#8212;&#8212;<\/span><\/p>\n<p class=\"has-text-align-center has-normal-font-size\" data-adtags-visited=\"true\"><strong>ADORATIONS<\/strong><\/p>\n<p class=\"has-text-align-center has-small-font-size\" data-adtags-visited=\"true\"><strong>Mireuil<\/strong><span>\u00a0<\/span>: Mercredi de 18h \u00e0 18h30<br \/><strong>Laleu<\/strong><span>\u00a0<\/span>: Jeudi de 18h \u00e0 18h30<\/p>\n<p class=\"has-text-align-center has-small-font-size\" data-adtags-visited=\"true\"><span>&#8212;&#8212;&#8212;&#8212;&#8212;&#8212;&#8212;&#8212;&#8212;&#8212;&#8212;&#8212;&#8212;&#8212;&#8212;&#8212;<\/span><\/p>\n<p class=\"has-text-align-center has-normal-font-size\" data-adtags-visited=\"true\"><strong>CONFESSIONS<\/strong><\/p>\n<p class=\"has-text-align-center has-small-font-size\" data-adtags-visited=\"true\"><strong>Mireuil<\/strong><span>\u00a0<\/span>: Mercredi de 18h \u00e0 18h30<br \/><strong>Laleu<\/strong><span>\u00a0<\/span>: Jeudi de 18h \u00e0 18h30<\/p>\n<p>[\/et_pb_text][et_pb_divider divider_weight=\u00a0\u00bb1px\u00a0\u00bb _builder_version=\u00a0\u00bb4.27.5&Prime; _module_preset=\u00a0\u00bbdefault\u00a0\u00bb background_color=\u00a0\u00bbRGBA(255,255,255,0)\u00a0\u00bb global_colors_info=\u00a0\u00bb{}\u00a0\u00bb theme_builder_area=\u00a0\u00bbpost_content\u00a0\u00bb][\/et_pb_divider][et_pb_text _builder_version=\u00a0\u00bb4.27.4&Prime; _module_preset=\u00a0\u00bbdefault\u00a0\u00bb text_orientation=\u00a0\u00bbcenter\u00a0\u00bb global_colors_info=\u00a0\u00bb{}\u00a0\u00bb theme_builder_area=\u00a0\u00bbpost_content\u00a0\u00bb]<\/p>\n<p>Pour les c\u00e9l\u00e9brations particuli\u00e8res (f\u00eates religieuses, messes uniques&#8230;), reportez-vous sur le site messes.info.<\/p>\n<p>[\/et_pb_text][\/et_pb_column][\/et_pb_row][et_pb_row column_structure=\u00a0\u00bb1_2,1_2&Prime; _builder_version=\u00a0\u00bb4.27.4&Prime; _module_preset=\u00a0\u00bbdefault\u00a0\u00bb custom_margin=\u00a0\u00bb-7px|auto||auto||\u00a0\u00bb custom_padding=\u00a0\u00bb6px||3px|||\u00a0\u00bb global_colors_info=\u00a0\u00bb{}\u00a0\u00bb theme_builder_area=\u00a0\u00bbpost_content\u00a0\u00bb][et_pb_column type=\u00a0\u00bb1_2&Prime; _builder_version=\u00a0\u00bb4.27.4&Prime; _module_preset=\u00a0\u00bbdefault\u00a0\u00bb global_colors_info=\u00a0\u00bb{}\u00a0\u00bb theme_builder_area=\u00a0\u00bbpost_content\u00a0\u00bb][et_pb_button button_url=\u00a0\u00bbhttps:\/\/messes.info\/horaires\/paroisse%20Saint-paul%2017000%20toutecelebration\u00a0\u00bb url_new_window=\u00a0\u00bbon\u00a0\u00bb button_text=\u00a0\u00bbParoisse St Paul (Mireuil, St Maurice)\u00a0\u00bb button_alignment=\u00a0\u00bbcenter\u00a0\u00bb _builder_version=\u00a0\u00bb4.27.4&Prime; _module_preset=\u00a0\u00bbdefault\u00a0\u00bb custom_button=\u00a0\u00bbon\u00a0\u00bb button_text_size=\u00a0\u00bb20px\u00a0\u00bb button_text_color=\u00a0\u00bb#FFFFFF\u00a0\u00bb button_bg_color=\u00a0\u00bb#005E85&Prime; global_colors_info=\u00a0\u00bb{}\u00a0\u00bb theme_builder_area=\u00a0\u00bbpost_content\u00a0\u00bb][\/et_pb_button][\/et_pb_column][et_pb_column type=\u00a0\u00bb1_2&Prime; _builder_version=\u00a0\u00bb4.27.4&Prime; _module_preset=\u00a0\u00bbdefault\u00a0\u00bb global_colors_info=\u00a0\u00bb{}\u00a0\u00bb theme_builder_area=\u00a0\u00bbpost_content\u00a0\u00bb][et_pb_button button_url=\u00a0\u00bbhttps:\/\/messes.info\/communaute\/lr\/17\/paroisse-saint-pierre\u00a0\u00bb url_new_window=\u00a0\u00bbon\u00a0\u00bb button_text=\u00a0\u00bbParoisse St Pierre (Laleu, La Pallice)\u00a0\u00bb button_alignment=\u00a0\u00bbcenter\u00a0\u00bb _builder_version=\u00a0\u00bb4.27.4&Prime; _module_preset=\u00a0\u00bbdefault\u00a0\u00bb custom_button=\u00a0\u00bbon\u00a0\u00bb button_text_color=\u00a0\u00bb#FFFFFF\u00a0\u00bb button_bg_color=\u00a0\u00bb#005E85&Prime; global_colors_info=\u00a0\u00bb{}\u00a0\u00bb theme_builder_area=\u00a0\u00bbpost_content\u00a0\u00bb][\/et_pb_button][\/et_pb_column][\/et_pb_row][\/et_pb_section]<\/p>\n","protected":false},"excerpt":{"rendered":"<p>MESSES\u00a0DOMINICALES Samedi\u00a0: \u00c9glise Saint Fran\u00e7ois (messe anticip\u00e9e &#8211; La Pallice) 18h30 Dimanche\u00a0:\u00c9glise Saint Pierre (Laleu) 9h30\u00c9glise Saint Paul (Mireuil) 11h &#8212;&#8212;&#8212;&#8212;&#8212;&#8212;&#8212;&#8212;&#8212;&#8212;&#8212;&#8212;&#8212;&#8212;&#8212;&#8212; MESSES DE SEMAINE Mardi\u00a0: \u00c9glise Saint Pierre (Laleu) 8h45 [&hellip;]<\/p>\n","protected":false},"author":4,"featured_media":0,"parent":0,"menu_order":0,"comment_status":"closed","ping_status":"closed","template":"","meta":{"_et_pb_use_builder":"on","_et_pb_old_content":"","_et_gb_content_width":"","footnotes":""},"class_list":["post-10172","page","type-page","status-publish","hentry"],"_links":{"self":[{"href":"https:\/\/catholiques17.fr\/laleumireuil\/wp-json\/wp\/v2\/pages\/10172","targetHints":{"allow":["GET"]}}],"collection":[{"href":"https:\/\/catholiques17.fr\/laleumireuil\/wp-json\/wp\/v2\/pages"}],"about":[{"href":"https:\/\/catholiques17.fr\/laleumireuil\/wp-json\/wp\/v2\/types\/page"}],"author":[{"embeddable":true,"href":"https:\/\/catholiques17.fr\/laleumireuil\/wp-json\/wp\/v2\/users\/4"}],"replies":[{"embeddable":true,"href":"https:\/\/catholiques17.fr\/laleumireuil\/wp-json\/wp\/v2\/comments?post=10172"}],"version-history":[{"count":19,"href":"https:\/\/catholiques17.fr\/laleumireuil\/wp-json\/wp\/v2\/pages\/10172\/revisions"}],"predecessor-version":[{"id":11816,"href":"https:\/\/catholiques17.fr\/laleumireuil\/wp-json\/wp\/v2\/pages\/10172\/revisions\/11816"}],"wp:attachment":[{"href":"https:\/\/catholiques17.fr\/laleumireuil\/wp-json\/wp\/v2\/media?parent=10172"}],"curies":[{"name":"wp","href":"https:\/\/api.w.org\/{rel}","templated":true}]}}