{"id":9967,"date":"2025-02-28T14:42:47","date_gmt":"2025-02-28T13:42:47","guid":{"rendered":"https:\/\/catholiques17.fr\/jonzac\/?post_type=tribe_events&#038;p=9967"},"modified":"2025-02-28T15:06:00","modified_gmt":"2025-02-28T14:06:00","slug":"soiree-du-ccfd-israel-palestine-la-terre-promise","status":"publish","type":"tribe_events","link":"https:\/\/catholiques17.fr\/jonzac\/event\/soiree-du-ccfd-israel-palestine-la-terre-promise\/","title":{"rendered":"Soir\u00e9e du CCFD Isra\u00ebl-Palestine, la terre promise ?"},"content":{"rendered":"<p>[et_pb_section fb_built=\u00a0\u00bb1&Prime; admin_label=\u00a0\u00bbsection\u00a0\u00bb _builder_version=\u00a0\u00bb4.16&Prime; global_colors_info=\u00a0\u00bb{}\u00a0\u00bb][et_pb_row admin_label=\u00a0\u00bbrow\u00a0\u00bb _builder_version=\u00a0\u00bb4.16&Prime; background_size=\u00a0\u00bbinitial\u00a0\u00bb background_position=\u00a0\u00bbtop_left\u00a0\u00bb background_repeat=\u00a0\u00bbrepeat\u00a0\u00bb global_colors_info=\u00a0\u00bb{}\u00a0\u00bb][et_pb_column type=\u00a0\u00bb4_4&Prime; _builder_version=\u00a0\u00bb4.16&Prime; custom_padding=\u00a0\u00bb|||\u00a0\u00bb global_colors_info=\u00a0\u00bb{}\u00a0\u00bb custom_padding__hover=\u00a0\u00bb|||\u00a0\u00bb][et_pb_text admin_label=\u00a0\u00bbText\u00a0\u00bb _builder_version=\u00a0\u00bb4.27.4&Prime; background_size=\u00a0\u00bbinitial\u00a0\u00bb background_position=\u00a0\u00bbtop_left\u00a0\u00bb background_repeat=\u00a0\u00bbrepeat\u00a0\u00bb hover_enabled=\u00a0\u00bb0&Prime; global_colors_info=\u00a0\u00bb{}\u00a0\u00bb sticky_enabled=\u00a0\u00bb0&Prime;]<\/p>\n<p>Pr\u00e9sentation par Claire et Jacques Millot (b\u00e9n\u00e9voles du CCFD terre solidaire) suivie d&rsquo;un \u00e9change<\/p>\n<p>Actions des partenaires en Palestine et Isra\u00ebl pour vivre ensemble dans la paix et le respect mutuel<\/p>\n<p>Repas partag\u00e9 (merci d&rsquo;apporter assiettes\u00a0 couverts et verres)<\/p>\n<p>\u00a0Stand produits du commerce \u00e9quitable<\/p>\n<p>\u00a0Participation libre revers\u00e9e en totalit\u00e9 au CCFD Terre Solidaire<\/p>\n<p>[\/et_pb_text][\/et_pb_column][\/et_pb_row][\/et_pb_section]<\/p>\n","protected":false},"excerpt":{"rendered":"<p>Pr\u00e9sentation par Claire et Jacques Millot (b\u00e9n\u00e9voles du CCFD terre solidaire) suivie d&rsquo;un \u00e9change Actions des partenaires en Palestine et Isra\u00ebl pour vivre ensemble dans la paix et le respect [&hellip;]<\/p>\n","protected":false},"author":65,"featured_media":9968,"template":"","meta":{"_et_pb_use_builder":"on","_et_pb_old_content":"\u00c9change avec Claire et Jacques Millot. Repas partag\u00e9 (apportez vos couverts)","_et_gb_content_width":"","_tribe_events_status":"","_tribe_events_status_reason":"","footnotes":""},"tags":[],"tribe_events_cat":[35],"class_list":["post-9967","tribe_events","type-tribe_events","status-publish","has-post-thumbnail","hentry","tribe_events_cat-paroisse","cat_paroisse"],"_links":{"self":[{"href":"https:\/\/catholiques17.fr\/jonzac\/wp-json\/wp\/v2\/tribe_events\/9967","targetHints":{"allow":["GET"]}}],"collection":[{"href":"https:\/\/catholiques17.fr\/jonzac\/wp-json\/wp\/v2\/tribe_events"}],"about":[{"href":"https:\/\/catholiques17.fr\/jonzac\/wp-json\/wp\/v2\/types\/tribe_events"}],"author":[{"embeddable":true,"href":"https:\/\/catholiques17.fr\/jonzac\/wp-json\/wp\/v2\/users\/65"}],"version-history":[{"count":5,"href":"https:\/\/catholiques17.fr\/jonzac\/wp-json\/wp\/v2\/tribe_events\/9967\/revisions"}],"predecessor-version":[{"id":9975,"href":"https:\/\/catholiques17.fr\/jonzac\/wp-json\/wp\/v2\/tribe_events\/9967\/revisions\/9975"}],"wp:featuredmedia":[{"embeddable":true,"href":"https:\/\/catholiques17.fr\/jonzac\/wp-json\/wp\/v2\/media\/9968"}],"wp:attachment":[{"href":"https:\/\/catholiques17.fr\/jonzac\/wp-json\/wp\/v2\/media?parent=9967"}],"wp:term":[{"taxonomy":"post_tag","embeddable":true,"href":"https:\/\/catholiques17.fr\/jonzac\/wp-json\/wp\/v2\/tags?post=9967"},{"taxonomy":"tribe_events_cat","embeddable":true,"href":"https:\/\/catholiques17.fr\/jonzac\/wp-json\/wp\/v2\/tribe_events_cat?post=9967"}],"curies":[{"name":"wp","href":"https:\/\/api.w.org\/{rel}","templated":true}]}}