{"id":9354,"date":"2025-01-20T10:00:23","date_gmt":"2025-01-20T09:00:23","guid":{"rendered":"https:\/\/catholiques17.fr\/jonzac\/?post_type=tribe_events&#038;p=9354"},"modified":"2025-06-16T10:39:16","modified_gmt":"2025-06-16T08:39:16","slug":"repetition-de-la-chorale","status":"publish","type":"tribe_events","link":"https:\/\/catholiques17.fr\/jonzac\/event\/repetition-de-la-chorale\/","title":{"rendered":"R\u00e9p\u00e9tition de la chorale"},"content":{"rendered":"<p>[et_pb_section fb_built=\u00a0\u00bb1&Prime; admin_label=\u00a0\u00bbsection\u00a0\u00bb _builder_version=\u00a0\u00bb4.16&Prime; global_colors_info=\u00a0\u00bb{}\u00a0\u00bb][et_pb_row admin_label=\u00a0\u00bbrow\u00a0\u00bb _builder_version=\u00a0\u00bb4.16&Prime; background_size=\u00a0\u00bbinitial\u00a0\u00bb background_position=\u00a0\u00bbtop_left\u00a0\u00bb background_repeat=\u00a0\u00bbrepeat\u00a0\u00bb global_colors_info=\u00a0\u00bb{}\u00a0\u00bb][et_pb_column type=\u00a0\u00bb4_4&Prime; _builder_version=\u00a0\u00bb4.16&Prime; custom_padding=\u00a0\u00bb|||\u00a0\u00bb global_colors_info=\u00a0\u00bb{}\u00a0\u00bb custom_padding__hover=\u00a0\u00bb|||\u00a0\u00bb][et_pb_text admin_label=\u00a0\u00bbText\u00a0\u00bb _builder_version=\u00a0\u00bb4.27.4&Prime; background_size=\u00a0\u00bbinitial\u00a0\u00bb background_position=\u00a0\u00bbtop_left\u00a0\u00bb background_repeat=\u00a0\u00bbrepeat\u00a0\u00bb global_colors_info=\u00a0\u00bb{}\u00a0\u00bb]<\/p>\n<p><img loading=\"lazy\" decoding=\"async\" class=\"alignnone size-medium wp-image-10732\" src=\"https:\/\/catholiques17.fr\/jonzac\/wp-content\/uploads\/sites\/39\/2025\/01\/chorale-Helene-271x300.jpg\" alt=\"\" width=\"271\" height=\"300\" srcset=\"https:\/\/catholiques17.fr\/jonzac\/wp-content\/uploads\/sites\/39\/2025\/01\/chorale-Helene-271x300.jpg 271w, https:\/\/catholiques17.fr\/jonzac\/wp-content\/uploads\/sites\/39\/2025\/01\/chorale-Helene.jpg 349w\" sizes=\"(max-width: 271px) 100vw, 271px\" \/><img loading=\"lazy\" decoding=\"async\" class=\"alignnone size-medium wp-image-10733\" src=\"https:\/\/catholiques17.fr\/jonzac\/wp-content\/uploads\/sites\/39\/2025\/01\/chorale-Helene-002-242x300.jpg\" alt=\"\" width=\"242\" height=\"300\" srcset=\"https:\/\/catholiques17.fr\/jonzac\/wp-content\/uploads\/sites\/39\/2025\/01\/chorale-Helene-002-242x300.jpg 242w, https:\/\/catholiques17.fr\/jonzac\/wp-content\/uploads\/sites\/39\/2025\/01\/chorale-Helene-002.jpg 347w\" sizes=\"(max-width: 242px) 100vw, 242px\" \/><\/p>\n<p>R\u00e9p\u00e9tition exceptionnellement le jeudi le 19 juin de 18h \u00e0 19h30 \u00e0 la salle paroissiale pr\u00e8s du parking Paul Bert<\/p>\n<p>La\u00a0 messe de confirmation des jeunes et adultes du doyenn\u00e9 et la messe pour la premi\u00e8re des communions des enfants les 21 et 22 juin seront les deux moments forts \u00e0 venir pour la chorale et toute la paroisse, venez nombreux r\u00e9p\u00e9ter avec eux !<\/p>\n<p>Notre chorale a donn\u00e9 son premier concert dimanche 1er juin \u00e0 15h \u00e0 l&rsquo;\u00e9glise de Jonzac au profit du financement du voyage \u00e0 Rome pour nos jeunes. Les spectateurs ont \u00e9t\u00e9 enchant\u00e9 de ce merveilleux moment partag\u00e9, merci aux choristes et \u00e0 H\u00e9l\u00e8ne pour ce travail musical avec un r\u00e9pertoire tr\u00e8s vaste allant de magnifiques chants polyphoniques de Taiz\u00e9 jusqu&rsquo;\u00e0 des chants populaires et joyeux comme Comment ne pas te louer ou Evenou Shalom ou le psaume de la cr\u00e9ation en passant par des chants d&rsquo;Eglise tr\u00e8s vari\u00e9s sans oublier le magnifique Ave Maria de Jean S\u00e9bastien Bach r\u00e9adapt\u00e9 par Charles Gounod<\/p>\n<p>&nbsp;<\/p>\n<p>[\/et_pb_text][\/et_pb_column][\/et_pb_row][\/et_pb_section]<\/p>\n","protected":false},"excerpt":{"rendered":"<p>R\u00e9p\u00e9tition exceptionnellement le jeudi le 19 juin de 18h \u00e0 19h30 \u00e0 la salle paroissiale pr\u00e8s du parking Paul Bert La\u00a0 messe de confirmation des jeunes et adultes du doyenn\u00e9 [&hellip;]<\/p>\n","protected":false},"author":65,"featured_media":9227,"template":"","meta":{"_et_pb_use_builder":"on","_et_pb_old_content":"<img class=\"alignnone size-medium wp-image-10732\" src=\"https:\/\/catholiques17.fr\/jonzac\/wp-content\/uploads\/sites\/39\/2025\/01\/chorale-Helene-271x300.jpg\" alt=\"\" width=\"271\" height=\"300\" \/><img class=\"alignnone size-medium wp-image-10733\" src=\"https:\/\/catholiques17.fr\/jonzac\/wp-content\/uploads\/sites\/39\/2025\/01\/chorale-Helene-002-242x300.jpg\" alt=\"\" width=\"242\" height=\"300\" \/>\r\n\r\nR\u00e9p\u00e9tition exceptionnellement le jeudi les 12 et 19 juin de 18h \u00e0 19h30 \u00e0 la salle paroissiale pr\u00e8s du parking Paul Bert\r\n\r\nUn merveilleux concert dimanche dernier encourage toute la chorale \u00e0 s'agrandir, n'h\u00e9sitez pas \u00e0 venir chanter. La\u00a0 messe de confirmation des jeunes et adultes et de premi\u00e8res des communions des enfants les 21 et 22 juin seront les deux moments forts \u00e0 venir pour la chorale et toute la paroisse.\r\n\r\n\u00a0","_et_gb_content_width":"","_tribe_events_status":"","_tribe_events_status_reason":"","footnotes":""},"tags":[],"tribe_events_cat":[26,35],"class_list":["post-9354","tribe_events","type-tribe_events","status-publish","has-post-thumbnail","hentry","tribe_events_cat-messe","tribe_events_cat-paroisse","cat_messe","cat_paroisse"],"_links":{"self":[{"href":"https:\/\/catholiques17.fr\/jonzac\/wp-json\/wp\/v2\/tribe_events\/9354","targetHints":{"allow":["GET"]}}],"collection":[{"href":"https:\/\/catholiques17.fr\/jonzac\/wp-json\/wp\/v2\/tribe_events"}],"about":[{"href":"https:\/\/catholiques17.fr\/jonzac\/wp-json\/wp\/v2\/types\/tribe_events"}],"author":[{"embeddable":true,"href":"https:\/\/catholiques17.fr\/jonzac\/wp-json\/wp\/v2\/users\/65"}],"version-history":[{"count":20,"href":"https:\/\/catholiques17.fr\/jonzac\/wp-json\/wp\/v2\/tribe_events\/9354\/revisions"}],"predecessor-version":[{"id":10910,"href":"https:\/\/catholiques17.fr\/jonzac\/wp-json\/wp\/v2\/tribe_events\/9354\/revisions\/10910"}],"wp:featuredmedia":[{"embeddable":true,"href":"https:\/\/catholiques17.fr\/jonzac\/wp-json\/wp\/v2\/media\/9227"}],"wp:attachment":[{"href":"https:\/\/catholiques17.fr\/jonzac\/wp-json\/wp\/v2\/media?parent=9354"}],"wp:term":[{"taxonomy":"post_tag","embeddable":true,"href":"https:\/\/catholiques17.fr\/jonzac\/wp-json\/wp\/v2\/tags?post=9354"},{"taxonomy":"tribe_events_cat","embeddable":true,"href":"https:\/\/catholiques17.fr\/jonzac\/wp-json\/wp\/v2\/tribe_events_cat?post=9354"}],"curies":[{"name":"wp","href":"https:\/\/api.w.org\/{rel}","templated":true}]}}