{"id":7586,"date":"2024-09-17T13:20:40","date_gmt":"2024-09-17T11:20:40","guid":{"rendered":"https:\/\/catholiques17.fr\/jonzac\/?post_type=tribe_events&#038;p=7586"},"modified":"2024-09-17T13:20:40","modified_gmt":"2024-09-17T11:20:40","slug":"randonnee-des-eglises-journee-du-patrimoine-21-septembre-8h-17h","status":"publish","type":"tribe_events","link":"https:\/\/catholiques17.fr\/jonzac\/event\/randonnee-des-eglises-journee-du-patrimoine-21-septembre-8h-17h\/","title":{"rendered":"Randonn\u00e9e des \u00e9glises &#8211; journ\u00e9e du patrimoine &#8211; 21 septembre 8h-17h"},"content":{"rendered":"<p>Chers paroissiens,<\/p>\n<p>Nous avons une belle initiative \u00e0 vous proposer pour la rentr\u00e9e:<\/p>\n<p>A l occasion des journ\u00e9es du patrimoine, la paroisse de jonzac et l&rsquo;association de randonneurs JONZAC RANDO s\u2019associent pour proposer la premi\u00e8re rando des \u00e9glises sur notre doyenn\u00e9.<\/p>\n<p>Un \u00e9v\u00e9nement o\u00f9 croyants et non croyants se rencontrent autour de la beaut\u00e9 des \u00e9glises de St Hilaire du vois, St Germain, Lussac et la petite chapelle priv\u00e9e de St Paul de CLION.<br \/>\nUn parcours de 18km r\u00e9partie en 4 \u00e9tapes ou le p\u00e8re Anthony nous fera les explications des visites de ses monuments<\/p>\n<p>Cette initiative a re\u00e7u le soutien de Mr le Maire de Jonzac et de l&rsquo;Office du Tourisme de Jonzac.<\/p>\n<p>Nous esp\u00e9rons que le beau temps sera au rendez vous pour profiter de la pause d\u00e9jeuner au bord de la source de la chapelle St Paul de Clion.<\/p>\n<p>Vous pouvez vous inscrire au 06 80 65 32 49<\/p>\n<p>Soyez nombreux \u00e0 participer !<\/p>\n","protected":false},"excerpt":{"rendered":"<p>Chers paroissiens, Nous avons une belle initiative \u00e0 vous proposer pour la rentr\u00e9e: A l occasion des journ\u00e9es du patrimoine, la paroisse de jonzac et l&rsquo;association de randonneurs JONZAC RANDO [&hellip;]<\/p>\n","protected":false},"author":65,"featured_media":7587,"template":"","meta":{"_et_pb_use_builder":"","_et_pb_old_content":"","_et_gb_content_width":"","_tribe_events_status":"","_tribe_events_status_reason":"","footnotes":""},"tags":[],"tribe_events_cat":[45,46,44],"class_list":["post-7586","tribe_events","type-tribe_events","status-publish","has-post-thumbnail","hentry","tribe_events_cat-histoire","tribe_events_cat-patrimoine","tribe_events_cat-randonnee","cat_histoire","cat_patrimoine","cat_randonnee"],"_links":{"self":[{"href":"https:\/\/catholiques17.fr\/jonzac\/wp-json\/wp\/v2\/tribe_events\/7586","targetHints":{"allow":["GET"]}}],"collection":[{"href":"https:\/\/catholiques17.fr\/jonzac\/wp-json\/wp\/v2\/tribe_events"}],"about":[{"href":"https:\/\/catholiques17.fr\/jonzac\/wp-json\/wp\/v2\/types\/tribe_events"}],"author":[{"embeddable":true,"href":"https:\/\/catholiques17.fr\/jonzac\/wp-json\/wp\/v2\/users\/65"}],"version-history":[{"count":1,"href":"https:\/\/catholiques17.fr\/jonzac\/wp-json\/wp\/v2\/tribe_events\/7586\/revisions"}],"predecessor-version":[{"id":7590,"href":"https:\/\/catholiques17.fr\/jonzac\/wp-json\/wp\/v2\/tribe_events\/7586\/revisions\/7590"}],"wp:featuredmedia":[{"embeddable":true,"href":"https:\/\/catholiques17.fr\/jonzac\/wp-json\/wp\/v2\/media\/7587"}],"wp:attachment":[{"href":"https:\/\/catholiques17.fr\/jonzac\/wp-json\/wp\/v2\/media?parent=7586"}],"wp:term":[{"taxonomy":"post_tag","embeddable":true,"href":"https:\/\/catholiques17.fr\/jonzac\/wp-json\/wp\/v2\/tags?post=7586"},{"taxonomy":"tribe_events_cat","embeddable":true,"href":"https:\/\/catholiques17.fr\/jonzac\/wp-json\/wp\/v2\/tribe_events_cat?post=7586"}],"curies":[{"name":"wp","href":"https:\/\/api.w.org\/{rel}","templated":true}]}}