{"id":11028,"date":"2025-07-21T08:09:14","date_gmt":"2025-07-21T06:09:14","guid":{"rendered":"https:\/\/catholiques17.fr\/jonzac\/?post_type=tribe_events&#038;p=11028"},"modified":"2025-07-21T08:11:32","modified_gmt":"2025-07-21T06:11:32","slug":"concert-de-laurent-grzybowski","status":"publish","type":"tribe_events","link":"https:\/\/catholiques17.fr\/jonzac\/event\/concert-de-laurent-grzybowski\/","title":{"rendered":"Concert de Laurent Grzybowski \u00e0 l&rsquo;\u00e9glise d&rsquo;Epargnes"},"content":{"rendered":"<div><span style=\"font-size: large\"><b>Une exp\u00e9rience \u00e0 partager tr\u00e8s bient\u00f4t !<\/b><\/span><\/div>\n<div><span style=\"font-size: large\">\u00a0<\/span><\/div>\n<div>\n<p><span style=\"font-size: large\">une exp\u00e9rience de joie et d&rsquo;esp\u00e9rance : celle du\u00a0bonheur de chanter et de prier ensemble, tous \u00e2ges confondus\u00a0! Chanter pour vivre, pour rester debout, pour r\u00e9sister \u00e0 toutes formes de sinistrose. Chanter pour la paix en Ukraine et au Proche-Orient. Chanter notre esp\u00e9rance en un monde meilleur.<\/span><\/p>\n<p><b>\u00ab\u00a0Mieux vaut allumer une lampe que maudire l\u2019obscurit\u00e9\u00a0\u00bb. <\/b>Cette veill\u00e9e \u00e0 la fois priante et festive sera l&rsquo;occasion d&rsquo;une belle soir\u00e9e en famille avec les grands-parents, les parents, les jeunes et les petits-enfants, toutes g\u00e9n\u00e9rations confondues. Un grand moment de joie et<br \/>\nd\u2019esp\u00e9rance\u00a0!<\/p>\n<\/div>\n<div><span style=\"font-size: large\">\u00a0<\/span><\/div>\n<div><span style=\"font-size: large\">A l\u2019occasion du Jubil\u00e9, le chanteur chr\u00e9tien <b>Laurent Grzybowski<\/b><br \/>\nviendra animer une veill\u00e9e de pri\u00e8re et donner un t\u00e9moignage \u00e0 l&rsquo;\u00e9glise d&rsquo;<b>Epargnes<\/b> (\u00e0 c\u00f4t\u00e9 de Cozes) le <b>vendredi 25 juillet \u00e0 20 h 30<\/b><\/span><\/div>\n<div><span style=\"font-size: large\">\u00a0<\/span><\/div>\n<div><span style=\"font-size: large\">A tr\u00e8s bient\u00f4t, pour plus de joie partag\u00e9e\u00a0<\/span><\/div>\n<div><\/div>\n<div>P. Pascal-Gr\u00e9goire Delage<\/div>\n","protected":false},"excerpt":{"rendered":"<p>Une exp\u00e9rience \u00e0 partager tr\u00e8s bient\u00f4t ! \u00a0 une exp\u00e9rience de joie et d&rsquo;esp\u00e9rance : celle du\u00a0bonheur de chanter et de prier ensemble, tous \u00e2ges confondus\u00a0! Chanter pour vivre, pour [&hellip;]<\/p>\n","protected":false},"author":65,"featured_media":11029,"template":"","meta":{"_et_pb_use_builder":"","_et_pb_old_content":"","_et_gb_content_width":"","_tribe_events_status":"","_tribe_events_status_reason":"","footnotes":""},"tags":[],"tribe_events_cat":[27,39,46],"class_list":["post-11028","tribe_events","type-tribe_events","status-publish","has-post-thumbnail","hentry","tribe_events_cat-concert","tribe_events_cat-diocese","tribe_events_cat-patrimoine","cat_concert","cat_diocese","cat_patrimoine"],"_links":{"self":[{"href":"https:\/\/catholiques17.fr\/jonzac\/wp-json\/wp\/v2\/tribe_events\/11028","targetHints":{"allow":["GET"]}}],"collection":[{"href":"https:\/\/catholiques17.fr\/jonzac\/wp-json\/wp\/v2\/tribe_events"}],"about":[{"href":"https:\/\/catholiques17.fr\/jonzac\/wp-json\/wp\/v2\/types\/tribe_events"}],"author":[{"embeddable":true,"href":"https:\/\/catholiques17.fr\/jonzac\/wp-json\/wp\/v2\/users\/65"}],"version-history":[{"count":2,"href":"https:\/\/catholiques17.fr\/jonzac\/wp-json\/wp\/v2\/tribe_events\/11028\/revisions"}],"predecessor-version":[{"id":11032,"href":"https:\/\/catholiques17.fr\/jonzac\/wp-json\/wp\/v2\/tribe_events\/11028\/revisions\/11032"}],"wp:featuredmedia":[{"embeddable":true,"href":"https:\/\/catholiques17.fr\/jonzac\/wp-json\/wp\/v2\/media\/11029"}],"wp:attachment":[{"href":"https:\/\/catholiques17.fr\/jonzac\/wp-json\/wp\/v2\/media?parent=11028"}],"wp:term":[{"taxonomy":"post_tag","embeddable":true,"href":"https:\/\/catholiques17.fr\/jonzac\/wp-json\/wp\/v2\/tags?post=11028"},{"taxonomy":"tribe_events_cat","embeddable":true,"href":"https:\/\/catholiques17.fr\/jonzac\/wp-json\/wp\/v2\/tribe_events_cat?post=11028"}],"curies":[{"name":"wp","href":"https:\/\/api.w.org\/{rel}","templated":true}]}}