{"id":10451,"date":"2025-04-23T15:01:21","date_gmt":"2025-04-23T13:01:21","guid":{"rendered":"https:\/\/catholiques17.fr\/jonzac\/?post_type=tribe_events&#038;p=10451"},"modified":"2025-04-23T15:07:49","modified_gmt":"2025-04-23T13:07:49","slug":"festi-rural","status":"publish","type":"tribe_events","link":"https:\/\/catholiques17.fr\/jonzac\/event\/festi-rural\/","title":{"rendered":"Festi&rsquo; Rural"},"content":{"rendered":"<p>[et_pb_section fb_built=\u00a0\u00bb1&Prime; admin_label=\u00a0\u00bbsection\u00a0\u00bb _builder_version=\u00a0\u00bb4.16&Prime; global_colors_info=\u00a0\u00bb{}\u00a0\u00bb][et_pb_row admin_label=\u00a0\u00bbrow\u00a0\u00bb _builder_version=\u00a0\u00bb4.16&Prime; background_size=\u00a0\u00bbinitial\u00a0\u00bb background_position=\u00a0\u00bbtop_left\u00a0\u00bb background_repeat=\u00a0\u00bbrepeat\u00a0\u00bb global_colors_info=\u00a0\u00bb{}\u00a0\u00bb][et_pb_column type=\u00a0\u00bb4_4&Prime; _builder_version=\u00a0\u00bb4.16&Prime; custom_padding=\u00a0\u00bb|||\u00a0\u00bb global_colors_info=\u00a0\u00bb{}\u00a0\u00bb custom_padding__hover=\u00a0\u00bb|||\u00a0\u00bb][et_pb_text admin_label=\u00a0\u00bbText\u00a0\u00bb _builder_version=\u00a0\u00bb4.16&Prime; background_size=\u00a0\u00bbinitial\u00a0\u00bb background_position=\u00a0\u00bbtop_left\u00a0\u00bb background_repeat=\u00a0\u00bbrepeat\u00a0\u00bb global_colors_info=\u00a0\u00bb{}\u00a0\u00bb]Le CMR organise un festival culturel et citoyen, du 22 au 24 ao\u00fbt 2025, au Lioran dans le Cantal. Ce projet consiste \u00e0 rassembler entre 1000 et 2000 personnes avec des adultes, des jeunes et des enfants, pour des concerts, des spectacles, des conf\u00e9rences, des d\u00e9bats et des ateliers. Ce projet est une opportunit\u00e9 pour faire conna\u00eetre le Cantal, de valoriser ses atouts aupr\u00e8s du public, et aussi, de porter un message positif sur la vie dans les territoires ruraux. L\u2019objectif est de c\u00e9l\u00e9brer le bien vivre en rural, en paix avec les autres et avec la Terre.<\/p>\n<p>Plus d\u2019informations sur le site<a href=\"https:\/\/festirural.org\/\"> www.festirural.org<\/a>[\/et_pb_text][\/et_pb_column][\/et_pb_row][\/et_pb_section]<\/p>\n","protected":false},"excerpt":{"rendered":"<p>Le CMR organise un festival culturel et citoyen, du 22 au 24 ao\u00fbt 2025, au Lioran dans le Cantal. Ce projet consiste \u00e0 rassembler entre 1000 et 2000 personnes avec [&hellip;]<\/p>\n","protected":false},"author":65,"featured_media":10455,"template":"","meta":{"_et_pb_use_builder":"on","_et_pb_old_content":"Le CMR organise un festival culturel et citoyen, du 22 au 24 ao\u00fbt 2025, au Lioran dans le Cantal. Ce projet consiste \u00e0 rassembler entre 1000 et 2000 personnes avec des adultes, des jeunes et des enfants, pour des concerts, des spectacles, des conf\u00e9rences, des d\u00e9bats et des ateliers. Ce projet est une opportunit\u00e9 pour faire conna\u00eetre le Cantal, de valoriser ses atouts aupr\u00e8s du public, et aussi, de porter un message positif sur la vie dans les territoires ruraux. L\u2019objectif est de c\u00e9l\u00e9brer le bien vivre en rural, en paix avec les autres et avec la Terre.\r\n\r\nPlus d\u2019informations sur le site<a href=\"https:\/\/festirural.org\/\"> www.festirural.org<\/a>","_et_gb_content_width":"","_tribe_events_status":"","_tribe_events_status_reason":"","footnotes":""},"tags":[],"tribe_events_cat":[27,45,46,44],"class_list":["post-10451","tribe_events","type-tribe_events","status-publish","has-post-thumbnail","hentry","tribe_events_cat-concert","tribe_events_cat-histoire","tribe_events_cat-patrimoine","tribe_events_cat-randonnee","cat_concert","cat_histoire","cat_patrimoine","cat_randonnee"],"_links":{"self":[{"href":"https:\/\/catholiques17.fr\/jonzac\/wp-json\/wp\/v2\/tribe_events\/10451","targetHints":{"allow":["GET"]}}],"collection":[{"href":"https:\/\/catholiques17.fr\/jonzac\/wp-json\/wp\/v2\/tribe_events"}],"about":[{"href":"https:\/\/catholiques17.fr\/jonzac\/wp-json\/wp\/v2\/types\/tribe_events"}],"author":[{"embeddable":true,"href":"https:\/\/catholiques17.fr\/jonzac\/wp-json\/wp\/v2\/users\/65"}],"version-history":[{"count":3,"href":"https:\/\/catholiques17.fr\/jonzac\/wp-json\/wp\/v2\/tribe_events\/10451\/revisions"}],"predecessor-version":[{"id":10457,"href":"https:\/\/catholiques17.fr\/jonzac\/wp-json\/wp\/v2\/tribe_events\/10451\/revisions\/10457"}],"wp:featuredmedia":[{"embeddable":true,"href":"https:\/\/catholiques17.fr\/jonzac\/wp-json\/wp\/v2\/media\/10455"}],"wp:attachment":[{"href":"https:\/\/catholiques17.fr\/jonzac\/wp-json\/wp\/v2\/media?parent=10451"}],"wp:term":[{"taxonomy":"post_tag","embeddable":true,"href":"https:\/\/catholiques17.fr\/jonzac\/wp-json\/wp\/v2\/tags?post=10451"},{"taxonomy":"tribe_events_cat","embeddable":true,"href":"https:\/\/catholiques17.fr\/jonzac\/wp-json\/wp\/v2\/tribe_events_cat?post=10451"}],"curies":[{"name":"wp","href":"https:\/\/api.w.org\/{rel}","templated":true}]}}