{"id":8273,"date":"2024-09-26T16:34:39","date_gmt":"2024-09-26T14:34:39","guid":{"rendered":"https:\/\/catholiques17.fr\/jonzac\/?page_id=8273"},"modified":"2024-10-07T00:38:00","modified_gmt":"2024-10-06T22:38:00","slug":"la-sagesse-une-institution-a-jonzac","status":"publish","type":"page","link":"https:\/\/catholiques17.fr\/jonzac\/histoire-et-patrimoine\/histoire-de-la-paroisse\/la-sagesse-une-institution-a-jonzac\/","title":{"rendered":"La Sagesse, une institution \u00e0 Jonzac"},"content":{"rendered":"<p>[et_pb_section fb_built=\u00a0\u00bb1&Prime; _builder_version=\u00a0\u00bb4.16&Prime; _module_preset=\u00a0\u00bbdefault\u00a0\u00bb custom_padding=\u00a0\u00bb3px|||||\u00a0\u00bb global_colors_info=\u00a0\u00bb{}\u00a0\u00bb theme_builder_area=\u00a0\u00bbpost_content\u00a0\u00bb][et_pb_row _builder_version=\u00a0\u00bb4.21.0&Prime; _module_preset=\u00a0\u00bbdefault\u00a0\u00bb global_colors_info=\u00a0\u00bb{}\u00a0\u00bb theme_builder_area=\u00a0\u00bbpost_content\u00a0\u00bb][et_pb_column type=\u00a0\u00bb4_4&Prime; _builder_version=\u00a0\u00bb4.21.0&Prime; _module_preset=\u00a0\u00bbdefault\u00a0\u00bb global_colors_info=\u00a0\u00bb{}\u00a0\u00bb theme_builder_area=\u00a0\u00bbpost_content\u00a0\u00bb][et_pb_text _builder_version=\u00a0\u00bb4.21.0&Prime; _module_preset=\u00a0\u00bbdefault\u00a0\u00bb hover_enabled=\u00a0\u00bb0&Prime; global_colors_info=\u00a0\u00bb{}\u00a0\u00bb theme_builder_area=\u00a0\u00bbpost_content\u00a0\u00bb sticky_enabled=\u00a0\u00bb0&Prime;]<\/p>\n<p>La fondation de la Congr\u00e9gation des <a href=\"https:\/\/fr.wikipedia.org\/wiki\/Filles_de_la_Sagesse\" class=\"spip_out\" rel=\"external\">Filles de la Sagesse<\/a> date de 1703. Elle est l\u2019\u0153uvre du P\u00e8re <a href=\"https:\/\/fr.wikipedia.org\/wiki\/Louis-Marie_Grignion_de_Montfort\" class=\"spip_out\" rel=\"external\">Louis-Marie Grignon de Montfort<\/a>, cofondateur avec <a href=\"https:\/\/fr.wikipedia.org\/wiki\/Marie-Louise_Trichet\" class=\"spip_out\" rel=\"external\">Marie-Louise Trichet<\/a>, religieuse. Cette congr\u00e9gation se voit confier la charge d\u2019assurer l\u2019instruction aux enfants d\u00e9sh\u00e9rit\u00e9s et des soins aux plus pauvres.<br \/>Reconnue par un d\u00e9cret imp\u00e9rial en 1811, la Congr\u00e9gation s\u2019installe \u00e0 Jonzac en 1828 \u00e0 la demande de Jacques Blanc Fontenille, Maire de la ville, qui souhaite apporter une <strong>aide aux malades et aux indigents<\/strong> de la ville. Les \u00ab\u00a0s\u0153urs grises\u00a0\u00bb &#8211; appel\u00e9es ainsi en r\u00e9f\u00e9rence \u00e0 leur v\u00eatement &#8211; apportent tout d\u2019abord secours \u00e0 domicile, avant d\u2019\u00eatre charg\u00e9es de l\u2019instruction des cours primaires donn\u00e9s aux petites filles indigentes. Vers 1860, la ville disposant d\u2019une salle d\u2019asile gratuite (situ\u00e9e \u00e0 l\u2019emplacement de l\u2019actuelle \u00ab\u00a0Pizz\u00e9ria Pinocchio\u00a0\u00bb, rue des Carmes), confie la totalit\u00e9 des classes de l\u2019\u00e9cole communale aux s\u0153urs de la Sagesse. Cette situation dura jusqu\u2019en 1881.<\/p>\n<p>[\/et_pb_text][\/et_pb_column][\/et_pb_row][et_pb_row _builder_version=\u00a0\u00bb4.21.0&Prime; _module_preset=\u00a0\u00bbdefault\u00a0\u00bb global_colors_info=\u00a0\u00bb{}\u00a0\u00bb theme_builder_area=\u00a0\u00bbpost_content\u00a0\u00bb][et_pb_column type=\u00a0\u00bb4_4&Prime; _builder_version=\u00a0\u00bb4.21.0&Prime; _module_preset=\u00a0\u00bbdefault\u00a0\u00bb global_colors_info=\u00a0\u00bb{}\u00a0\u00bb theme_builder_area=\u00a0\u00bbpost_content\u00a0\u00bb][et_pb_text _builder_version=\u00a0\u00bb4.21.0&Prime; _module_preset=\u00a0\u00bbdefault\u00a0\u00bb global_colors_info=\u00a0\u00bb{}\u00a0\u00bb theme_builder_area=\u00a0\u00bbpost_content\u00a0\u00bb]<\/p>\n<h3 class=\"spip\">Une int\u00e9gration r\u00e9ussie \u00e0 Jonzac<\/h3>\n<p>En plus de leurs activit\u00e9s gratuites pour la ville de Jonzac, les religieuses tiennent un pensionnat priv\u00e9 et payant dans leurs locaux situ\u00e9s, \u00e0 l\u2019\u00e9poque, dans l\u2019ancien H\u00f4tel de la Poste de la Grand\u2019rue (devenue rue Sadi Carnot en 1893). Les s\u0153urs voient leurs efforts r\u00e9compens\u00e9s tant par l\u2019instruction dispens\u00e9e aux jeunes filles que par les soins apport\u00e9s \u00e0 la population locale.<br \/>Avec l\u2019aide de la Fabrique &#8211; anc\u00eatre du <a href=\"http:\/\/saint.eutrope.free.fr\/spip.php?rubrique58\" class=\"spip_in\">Conseil \u00e9conomique<\/a> paroissial &#8211; et en b\u00e9n\u00e9ficiant de legs et de dons, la Sagesse s\u2019agrandit par des achats immobiliers. Dans les ann\u00e9es 1870, les religieuses quittent leurs locaux devenus trop exigus pour s\u2019installer dans un autre lieu de la Rue Sadi Carnot, occup\u00e9 \u00e0 ce jour par l\u2019antenne des Archives d\u00e9partementales et le si\u00e8ge de la Communaut\u00e9 de Communes de Haute-Saintonge.<\/p>\n<p>[\/et_pb_text][\/et_pb_column][\/et_pb_row][et_pb_row column_structure=\u00a0\u00bb2_5,3_5&Prime; _builder_version=\u00a0\u00bb4.21.0&Prime; _module_preset=\u00a0\u00bbdefault\u00a0\u00bb global_colors_info=\u00a0\u00bb{}\u00a0\u00bb theme_builder_area=\u00a0\u00bbpost_content\u00a0\u00bb][et_pb_column type=\u00a0\u00bb2_5&Prime; _builder_version=\u00a0\u00bb4.21.0&Prime; _module_preset=\u00a0\u00bbdefault\u00a0\u00bb global_colors_info=\u00a0\u00bb{}\u00a0\u00bb theme_builder_area=\u00a0\u00bbpost_content\u00a0\u00bb][et_pb_image src=\u00a0\u00bbhttps:\/\/catholiques17.fr\/jonzac\/wp-content\/uploads\/sites\/39\/2024\/09\/la-sagesse-1.jpg\u00a0\u00bb title_text=\u00a0\u00bbla sagesse 1&Prime; _builder_version=\u00a0\u00bb4.21.0&Prime; _module_preset=\u00a0\u00bbdefault\u00a0\u00bb global_colors_info=\u00a0\u00bb{}\u00a0\u00bb theme_builder_area=\u00a0\u00bbpost_content\u00a0\u00bb][\/et_pb_image][\/et_pb_column][et_pb_column type=\u00a0\u00bb3_5&Prime; _builder_version=\u00a0\u00bb4.21.0&Prime; _module_preset=\u00a0\u00bbdefault\u00a0\u00bb global_colors_info=\u00a0\u00bb{}\u00a0\u00bb theme_builder_area=\u00a0\u00bbpost_content\u00a0\u00bb][et_pb_text _builder_version=\u00a0\u00bb4.21.0&Prime; _module_preset=\u00a0\u00bbdefault\u00a0\u00bb global_colors_info=\u00a0\u00bb{}\u00a0\u00bb theme_builder_area=\u00a0\u00bbpost_content\u00a0\u00bb]<\/p>\n<p>La <strong>Chapelle de la Sagesse<\/strong>, construite vers 1879, f\u00e9d\u00e8re toutes les \u00e9nergies pour le d\u00e9veloppement de l\u2019enseignement \u00e0 Jonzac. Cependant, suite \u00e0 la volont\u00e9 de la municipalit\u00e9 jonzacaise de la\u00efciser le corps enseignant de l\u2019\u00e9cole publique qu\u2019elle souhaite rendre gratuite pour tous, les religieuses r\u00e9agissent en ouvrant \u00e9galement de nouveaux cours gratuits, rue Sadi Carnot. La concurrence tourne rapidement \u00e0 l\u2019avantage des s\u0153urs qui voient augmenter leurs effectifs au d\u00e9triment de l\u2019\u00e9cole publique. Cette premi\u00e8re querelle avec la municipalit\u00e9 r\u00e9publicaine jonzacaise n\u2019est qu\u2019un avertissement. Vingt ans plus tard, le gouvernement d\u2019\u00c9mile Combes promulgue les <strong>lois anticl\u00e9ricales<\/strong> interdisant l\u2019enseignement aux congr\u00e9gations religieuses et les s\u0153urs doivent abandonner leur activit\u00e9 d\u2019enseignantes, entra\u00eenant un d\u00e9sarroi total parmi leurs \u00e9l\u00e8ves et aussi dans la population. Dispers\u00e9es, la plupart des religieuses regagnent leur maison m\u00e8re situ\u00e9e \u00e0 Saint-Laurent sur S\u00e8vre en Vend\u00e9e, seule la M\u00e8re Sup\u00e9rieure entour\u00e9e de quelques s\u0153urs demeure sur place pour garder les locaux dont l\u2019institution est propri\u00e9taire. La <a href=\"https:\/\/fr.wikipedia.org\/wiki\/Loi_de_s%C3%A9paration_des_%C3%89glises_et_de_l'%C3%89tat\" class=\"spip_out\" rel=\"external\">Loi de D\u00e9cembre 1905<\/a> sur la <strong>s\u00e9paration de l\u2019\u00c9glise et de l\u2019\u00c9tat<\/strong> accentue le trouble subi par les religieuses de la Sagesse, priv\u00e9es d\u2019une activit\u00e9 qu\u2019elles avaient si bien conduite durant plusieurs dizaines d\u2019ann\u00e9es.<\/p>\n<p>[\/et_pb_text][\/et_pb_column][\/et_pb_row][et_pb_row column_structure=\u00a0\u00bb1_3,1_3,1_3&Prime; _builder_version=\u00a0\u00bb4.21.0&Prime; _module_preset=\u00a0\u00bbdefault\u00a0\u00bb global_colors_info=\u00a0\u00bb{}\u00a0\u00bb theme_builder_area=\u00a0\u00bbpost_content\u00a0\u00bb][et_pb_column type=\u00a0\u00bb1_3&Prime; _builder_version=\u00a0\u00bb4.21.0&Prime; _module_preset=\u00a0\u00bbdefault\u00a0\u00bb global_colors_info=\u00a0\u00bb{}\u00a0\u00bb theme_builder_area=\u00a0\u00bbpost_content\u00a0\u00bb][et_pb_text _builder_version=\u00a0\u00bb4.21.0&Prime; _module_preset=\u00a0\u00bbdefault\u00a0\u00bb global_colors_info=\u00a0\u00bb{}\u00a0\u00bb theme_builder_area=\u00a0\u00bbpost_content\u00a0\u00bb]<\/p>\n<h3 class=\"spip\">De l\u2019\u00e9ducation \u00e0 l\u2019infirmerie<\/h3>\n<p>D\u00e8s le d\u00e9but de la guerre 1914-1918, le b\u00e2timent est r\u00e9quisitionn\u00e9 par le gouvernement et, durant tout le conflit, la Sagesse est transform\u00e9e en un <strong>h\u00f4pital pour les bless\u00e9s de guerre<\/strong>.<\/p>\n<p>&nbsp;<\/p>\n<p>[\/et_pb_text][\/et_pb_column][et_pb_column type=\u00a0\u00bb1_3&Prime; _builder_version=\u00a0\u00bb4.21.0&Prime; _module_preset=\u00a0\u00bbdefault\u00a0\u00bb global_colors_info=\u00a0\u00bb{}\u00a0\u00bb theme_builder_area=\u00a0\u00bbpost_content\u00a0\u00bb][et_pb_image src=\u00a0\u00bbhttps:\/\/catholiques17.fr\/jonzac\/wp-content\/uploads\/sites\/39\/2024\/09\/la-sagesse-2.jpg\u00a0\u00bb title_text=\u00a0\u00bbla sagesse 2&Prime; _builder_version=\u00a0\u00bb4.21.0&Prime; _module_preset=\u00a0\u00bbdefault\u00a0\u00bb global_colors_info=\u00a0\u00bb{}\u00a0\u00bb theme_builder_area=\u00a0\u00bbpost_content\u00a0\u00bb][\/et_pb_image][et_pb_text _builder_version=\u00a0\u00bb4.21.0&Prime; _module_preset=\u00a0\u00bbdefault\u00a0\u00bb global_colors_info=\u00a0\u00bb{}\u00a0\u00bb theme_builder_area=\u00a0\u00bbpost_content\u00a0\u00bb]<\/p>\n<p>La Sagesse r\u00e9quisitionn\u00e9e en 1914 pour servir d\u2019H\u00f4pital militaire<\/p>\n<p>[\/et_pb_text][\/et_pb_column][et_pb_column type=\u00a0\u00bb1_3&Prime; _builder_version=\u00a0\u00bb4.21.0&Prime; _module_preset=\u00a0\u00bbdefault\u00a0\u00bb global_colors_info=\u00a0\u00bb{}\u00a0\u00bb theme_builder_area=\u00a0\u00bbpost_content\u00a0\u00bb][et_pb_text _builder_version=\u00a0\u00bb4.21.0&Prime; _module_preset=\u00a0\u00bbdefault\u00a0\u00bb global_colors_info=\u00a0\u00bb{}\u00a0\u00bb theme_builder_area=\u00a0\u00bbpost_content\u00a0\u00bb][\/et_pb_text][\/et_pb_column][\/et_pb_row][et_pb_row column_structure=\u00a0\u00bb3_5,2_5&Prime; _builder_version=\u00a0\u00bb4.21.0&Prime; _module_preset=\u00a0\u00bbdefault\u00a0\u00bb global_colors_info=\u00a0\u00bb{}\u00a0\u00bb theme_builder_area=\u00a0\u00bbpost_content\u00a0\u00bb][et_pb_column type=\u00a0\u00bb3_5&Prime; _builder_version=\u00a0\u00bb4.21.0&Prime; _module_preset=\u00a0\u00bbdefault\u00a0\u00bb global_colors_info=\u00a0\u00bb{}\u00a0\u00bb theme_builder_area=\u00a0\u00bbpost_content\u00a0\u00bb][et_pb_text _builder_version=\u00a0\u00bb4.21.0&Prime; _module_preset=\u00a0\u00bbdefault\u00a0\u00bb global_colors_info=\u00a0\u00bb{}\u00a0\u00bb theme_builder_area=\u00a0\u00bbpost_content\u00a0\u00bb]<\/p>\n<p>A partir de 1919, l\u2019Abb\u00e9 Foucher, Cur\u00e9-archipr\u00eatre de Jonzac, demande que la Sagesse redevienne une <strong>\u00e9cole libre<\/strong>. Ainsi na\u00eet l\u2019externat \u00ab\u00a0Jeanne d\u2019Arc\u00a0\u00bb. Aux cours dispens\u00e9s \u00e0 l\u2019\u00e9cole primaire et secondaire s\u2019ajoute un <strong>jardin d\u2019enfants<\/strong> en 1930. Les s\u0153urs reviennent \u00e0 leur vocation premi\u00e8re\u00a0: l\u2019enseignement.<\/p>\n<p>&nbsp;<\/p>\n<p>[\/et_pb_text][\/et_pb_column][et_pb_column type=\u00a0\u00bb2_5&Prime; _builder_version=\u00a0\u00bb4.21.0&Prime; _module_preset=\u00a0\u00bbdefault\u00a0\u00bb global_colors_info=\u00a0\u00bb{}\u00a0\u00bb theme_builder_area=\u00a0\u00bbpost_content\u00a0\u00bb][et_pb_image src=\u00a0\u00bbhttps:\/\/catholiques17.fr\/jonzac\/wp-content\/uploads\/sites\/39\/2024\/09\/la-sagesse-3.jpg\u00a0\u00bb title_text=\u00a0\u00bbla sagesse 3&Prime; _builder_version=\u00a0\u00bb4.21.0&Prime; _module_preset=\u00a0\u00bbdefault\u00a0\u00bb global_colors_info=\u00a0\u00bb{}\u00a0\u00bb theme_builder_area=\u00a0\u00bbpost_content\u00a0\u00bb][\/et_pb_image][\/et_pb_column][\/et_pb_row][et_pb_row _builder_version=\u00a0\u00bb4.21.0&Prime; _module_preset=\u00a0\u00bbdefault\u00a0\u00bb global_colors_info=\u00a0\u00bb{}\u00a0\u00bb theme_builder_area=\u00a0\u00bbpost_content\u00a0\u00bb][et_pb_column type=\u00a0\u00bb4_4&Prime; _builder_version=\u00a0\u00bb4.21.0&Prime; _module_preset=\u00a0\u00bbdefault\u00a0\u00bb global_colors_info=\u00a0\u00bb{}\u00a0\u00bb theme_builder_area=\u00a0\u00bbpost_content\u00a0\u00bb][et_pb_text _builder_version=\u00a0\u00bb4.21.0&Prime; _module_preset=\u00a0\u00bbdefault\u00a0\u00bb global_colors_info=\u00a0\u00bb{}\u00a0\u00bb theme_builder_area=\u00a0\u00bbpost_content\u00a0\u00bb]<\/p>\n<p>Ce r\u00e9pit est de courte dur\u00e9e puisque, d\u00e8s 1940, le b\u00e2timent est une nouvelle fois r\u00e9quisitionn\u00e9 par les Allemands qui en font le <strong>si\u00e8ge de la Kommandantur<\/strong> de sinistre m\u00e9moire. Cette situation perturbe une nouvelle fois le fonctionnement de la Sagesse. Les classes primaires conservent les locaux situ\u00e9s au fond du parc, o\u00f9 se trouve aujourd\u2019hui la Chambre de Commerce et d\u2019Industrie. Le pensionnat et les classes secondaires sont transf\u00e9r\u00e9s dans des lieux \u00ab\u00a0plus s\u00fbrs\u00a0\u00bb au domaine de la P\u00e9rauderie sur la route de Saint-Martial de Vitaterne jusqu\u2019en 1945-1946. <br \/>Apr\u00e8s la Seconde Guerre mondiale, il faut proc\u00e9der \u00e0 la <strong>r\u00e9fection de la Chapelle<\/strong>, incendi\u00e9e en 1944 avant le d\u00e9part de l\u2019occupant allemand.<\/p>\n<p>[\/et_pb_text][\/et_pb_column][\/et_pb_row][et_pb_row column_structure=\u00a0\u00bb1_4,3_4&Prime; _builder_version=\u00a0\u00bb4.21.0&Prime; _module_preset=\u00a0\u00bbdefault\u00a0\u00bb global_colors_info=\u00a0\u00bb{}\u00a0\u00bb theme_builder_area=\u00a0\u00bbpost_content\u00a0\u00bb][et_pb_column type=\u00a0\u00bb1_4&Prime; _builder_version=\u00a0\u00bb4.21.0&Prime; _module_preset=\u00a0\u00bbdefault\u00a0\u00bb global_colors_info=\u00a0\u00bb{}\u00a0\u00bb theme_builder_area=\u00a0\u00bbpost_content\u00a0\u00bb][et_pb_image src=\u00a0\u00bbhttps:\/\/catholiques17.fr\/jonzac\/wp-content\/uploads\/sites\/39\/2024\/09\/la-sagesse-4.jpg\u00a0\u00bb title_text=\u00a0\u00bbla sagesse 4&Prime; _builder_version=\u00a0\u00bb4.21.0&Prime; _module_preset=\u00a0\u00bbdefault\u00a0\u00bb global_colors_info=\u00a0\u00bb{}\u00a0\u00bb theme_builder_area=\u00a0\u00bbpost_content\u00a0\u00bb][\/et_pb_image][\/et_pb_column][et_pb_column type=\u00a0\u00bb3_4&Prime; _builder_version=\u00a0\u00bb4.21.0&Prime; _module_preset=\u00a0\u00bbdefault\u00a0\u00bb global_colors_info=\u00a0\u00bb{}\u00a0\u00bb theme_builder_area=\u00a0\u00bbpost_content\u00a0\u00bb][et_pb_text _builder_version=\u00a0\u00bb4.21.0&Prime; _module_preset=\u00a0\u00bbdefault\u00a0\u00bb global_colors_info=\u00a0\u00bb{}\u00a0\u00bb theme_builder_area=\u00a0\u00bbpost_content\u00a0\u00bb]<\/p>\n<p>Les travaux s\u2019effectuent vers 1950 mais la <strong>cons\u00e9cration de la cloche<\/strong> n\u2019intervient qu\u2019en 1954. Lors de la c\u00e9r\u00e9monie pour sa b\u00e9n\u00e9diction et son installation d\u00e9finitive sur la toiture de la chapelle, elle est par\u00e9e d\u2019une robe en papier de cr\u00e9pon blanc du meilleur effet, ce qui ne manque pas d\u2019impressionner l\u2019assistance. Le bapt\u00eame s\u2019effectue en pr\u00e9sence de M<sup class=\"typo_exposants\">gr<\/sup>\u00a0Liagre, \u00c9v\u00eaque de La Rochelle et Saintes, et du P\u00e8re Marcel Lesterlin, Cur\u00e9 de la Paroisse. <br \/>La cloche est baptis\u00e9e \u00ab\u00a0Marie-Adeline\u00a0\u00bb en souvenir du pr\u00e9nom de la M\u00e8re Sup\u00e9rieure de l\u2019\u00e9poque. Sa marraine, M<sup class=\"typo_exposants\">me<\/sup>\u00a0Jeanne Coutin, fut probablement l\u2019une des bienfaitrices du lieu.<\/p>\n<p>[\/et_pb_text][\/et_pb_column][\/et_pb_row][et_pb_row column_structure=\u00a0\u00bb3_4,1_4&Prime; _builder_version=\u00a0\u00bb4.21.0&Prime; _module_preset=\u00a0\u00bbdefault\u00a0\u00bb global_colors_info=\u00a0\u00bb{}\u00a0\u00bb theme_builder_area=\u00a0\u00bbpost_content\u00a0\u00bb][et_pb_column type=\u00a0\u00bb3_4&Prime; _builder_version=\u00a0\u00bb4.21.0&Prime; _module_preset=\u00a0\u00bbdefault\u00a0\u00bb global_colors_info=\u00a0\u00bb{}\u00a0\u00bb theme_builder_area=\u00a0\u00bbpost_content\u00a0\u00bb][et_pb_text _builder_version=\u00a0\u00bb4.21.0&Prime; _module_preset=\u00a0\u00bbdefault\u00a0\u00bb global_colors_info=\u00a0\u00bb{}\u00a0\u00bb theme_builder_area=\u00a0\u00bbpost_content\u00a0\u00bb]<\/p>\n<h3 class=\"spip\">Une nouvelle \u00e9tape dans le d\u00e9veloppement de l\u2019Institution<\/h3>\n<p>A partir de 1948, la Sagesse d\u00e9marre une nouvelle phase dans son d\u00e9veloppement. Le cours primaire de l\u2019externat \u00ab\u00a0Jeanne d\u2019Arc\u00a0\u00bb fusionne avec le cours secondaire \u00ab\u00a0la Sagesse\u00a0\u00bb pour former l\u2019<strong>institution \u00ab\u00a0Notre Dame de la Sagesse\u00a0\u00bb<\/strong>. Ce fut, vraisemblablement, l\u2019\u00e9poque o\u00f9 l\u2019institution atteignit son plus grand rayonnement \u00e0 Jonzac. Beaucoup de nos contemporaines se souviennent, non sans \u00e9motion, de l\u2019heureux temps o\u00f9 elles ont accompli leur parcours scolaire dans ces locaux, aujourd\u2019hui transform\u00e9s pour d\u2019autres fonctions.<\/p>\n<p>[\/et_pb_text][et_pb_text _builder_version=\u00a0\u00bb4.21.0&Prime; _module_preset=\u00a0\u00bbdefault\u00a0\u00bb global_colors_info=\u00a0\u00bb{}\u00a0\u00bb theme_builder_area=\u00a0\u00bbpost_content\u00a0\u00bb]<\/p>\n<p>L\u2019<strong>enseignement \u00e9tait dispens\u00e9 jusqu\u2019au baccalaur\u00e9at<\/strong>. L\u2019objectif \u00e9tait d\u2019allier un bon niveau d\u2019\u00e9tude \u00e0 une solide \u00e9ducation. Aux mati\u00e8res classiques (lettres, latin, grec, langues, sciences) s\u2019ajoutait l\u2019enseignement technique (couture, broderie, solf\u00e8ge, gymnastique) destin\u00e9 \u00e0 pr\u00e9parer les jeunes filles \u00e0 leur r\u00f4le d\u2019\u00e9pouse et de m\u00e8re de famille. L\u2019instruction religieuse occupait une place importante comme dans toute institution confessionnelle. Le cat\u00e9chisme \u00e9tait obligatoire ainsi que le suivi de l\u2019histoire sainte. La messe \u00e9tait c\u00e9l\u00e9br\u00e9e deux fois par semaine \u00e0 la Chapelle, les jeunes pensionnaires \u00e9taient tenues d\u2019y assister ainsi qu\u2019\u00e0 la messe dominicale. Elles \u00e9taient invit\u00e9es \u00e0 r\u00e9citer le chapelet r\u00e9guli\u00e8rement et \u00e0 suivre le premier vendredi du mois une c\u00e9r\u00e9monie en l\u2019honneur du Saint Sacrement. En outre, les jeunes filles participaient aux processions organis\u00e9es au sein de la paroisse et aux manifestations religieuses se d\u00e9roulant pendant le mois de Marie (Mai). <br \/>L\u2019\u00e9tablissement comptait <strong>150 \u00e9l\u00e8ves dont 80 internes<\/strong>.<\/p>\n<p>[\/et_pb_text][\/et_pb_column][et_pb_column type=\u00a0\u00bb1_4&Prime; _builder_version=\u00a0\u00bb4.21.0&Prime; _module_preset=\u00a0\u00bbdefault\u00a0\u00bb global_colors_info=\u00a0\u00bb{}\u00a0\u00bb theme_builder_area=\u00a0\u00bbpost_content\u00a0\u00bb][et_pb_image src=\u00a0\u00bbhttps:\/\/catholiques17.fr\/jonzac\/wp-content\/uploads\/sites\/39\/2024\/09\/la-sagesse6.jpg\u00a0\u00bb title_text=\u00a0\u00bbla sagesse6&Prime; _builder_version=\u00a0\u00bb4.21.0&Prime; _module_preset=\u00a0\u00bbdefault\u00a0\u00bb global_colors_info=\u00a0\u00bb{}\u00a0\u00bb theme_builder_area=\u00a0\u00bbpost_content\u00a0\u00bb][\/et_pb_image][et_pb_text _builder_version=\u00a0\u00bb4.21.0&Prime; _module_preset=\u00a0\u00bbdefault\u00a0\u00bb global_colors_info=\u00a0\u00bb{}\u00a0\u00bb theme_builder_area=\u00a0\u00bbpost_content\u00a0\u00bb]<\/p>\n<p style=\"text-align: center\">Installation de la cloche (1954)<\/p>\n<p>[\/et_pb_text][et_pb_image src=\u00a0\u00bbhttps:\/\/catholiques17.fr\/jonzac\/wp-content\/uploads\/sites\/39\/2024\/09\/la-sagesse5.jpg\u00a0\u00bb title_text=\u00a0\u00bbla sagesse5&Prime; _builder_version=\u00a0\u00bb4.21.0&Prime; _module_preset=\u00a0\u00bbdefault\u00a0\u00bb global_colors_info=\u00a0\u00bb{}\u00a0\u00bb theme_builder_area=\u00a0\u00bbpost_content\u00a0\u00bb][\/et_pb_image][et_pb_text _builder_version=\u00a0\u00bb4.21.0&Prime; _module_preset=\u00a0\u00bbdefault\u00a0\u00bb global_colors_info=\u00a0\u00bb{}\u00a0\u00bb theme_builder_area=\u00a0\u00bbpost_content\u00a0\u00bb][\/et_pb_text][\/et_pb_column][\/et_pb_row][et_pb_row column_structure=\u00a0\u00bb2_5,3_5&Prime; _builder_version=\u00a0\u00bb4.21.0&Prime; _module_preset=\u00a0\u00bbdefault\u00a0\u00bb global_colors_info=\u00a0\u00bb{}\u00a0\u00bb theme_builder_area=\u00a0\u00bbpost_content\u00a0\u00bb][et_pb_column type=\u00a0\u00bb2_5&Prime; _builder_version=\u00a0\u00bb4.21.0&Prime; _module_preset=\u00a0\u00bbdefault\u00a0\u00bb global_colors_info=\u00a0\u00bb{}\u00a0\u00bb theme_builder_area=\u00a0\u00bbpost_content\u00a0\u00bb][et_pb_image src=\u00a0\u00bbhttps:\/\/catholiques17.fr\/jonzac\/wp-content\/uploads\/sites\/39\/2024\/09\/la-sagesse-7.jpg\u00a0\u00bb title_text=\u00a0\u00bbla sagesse 7&Prime; _builder_version=\u00a0\u00bb4.21.0&Prime; _module_preset=\u00a0\u00bbdefault\u00a0\u00bb global_colors_info=\u00a0\u00bb{}\u00a0\u00bb theme_builder_area=\u00a0\u00bbpost_content\u00a0\u00bb][\/et_pb_image][\/et_pb_column][et_pb_column type=\u00a0\u00bb3_5&Prime; _builder_version=\u00a0\u00bb4.21.0&Prime; _module_preset=\u00a0\u00bbdefault\u00a0\u00bb global_colors_info=\u00a0\u00bb{}\u00a0\u00bb theme_builder_area=\u00a0\u00bbpost_content\u00a0\u00bb][et_pb_text _builder_version=\u00a0\u00bb4.21.0&Prime; _module_preset=\u00a0\u00bbdefault\u00a0\u00bb global_colors_info=\u00a0\u00bb{}\u00a0\u00bb theme_builder_area=\u00a0\u00bbpost_content\u00a0\u00bb]<\/p>\n<h3 class=\"spip\">La vie au sein de l\u2019\u00e9tablissement<\/h3>\n<p>Les religieuses, soucieuses de l\u2019ordre au sein de l\u2019\u00e9tablissement, imposaient une <strong>discipline\u00a0ferme<\/strong>\u00a0: la tenue, l\u2019ordre, la politesse et l\u2019exactitude \u00e9taient de rigueur. Des temps de silence \u00e9taient exig\u00e9s.<br \/>Les conditions mat\u00e9rielles du quotidien \u00e9taient sommaires. L\u2019ordinaire du r\u00e9fectoire \u00e9tait \u00e9l\u00e9mentaire et en grande partie aliment\u00e9 par le <strong>jardin potager<\/strong>. Il \u00e9tait am\u00e9lior\u00e9 pour les repas du dimanche et les f\u00eates carillonn\u00e9es, mais le r\u00e8glement autorisait les parents \u00e0 apporter des provisions suppl\u00e9mentaires.<\/p>\n<p>[\/et_pb_text][\/et_pb_column][\/et_pb_row][et_pb_row _builder_version=\u00a0\u00bb4.21.0&Prime; _module_preset=\u00a0\u00bbdefault\u00a0\u00bb global_colors_info=\u00a0\u00bb{}\u00a0\u00bb theme_builder_area=\u00a0\u00bbpost_content\u00a0\u00bb][et_pb_column type=\u00a0\u00bb4_4&Prime; _builder_version=\u00a0\u00bb4.21.0&Prime; _module_preset=\u00a0\u00bbdefault\u00a0\u00bb global_colors_info=\u00a0\u00bb{}\u00a0\u00bb theme_builder_area=\u00a0\u00bbpost_content\u00a0\u00bb][et_pb_text _builder_version=\u00a0\u00bb4.21.0&Prime; _module_preset=\u00a0\u00bbdefault\u00a0\u00bb global_colors_info=\u00a0\u00bb{}\u00a0\u00bb theme_builder_area=\u00a0\u00bbpost_content\u00a0\u00bb]<\/p>\n<p>Dans les ann\u00e9es 50, les <strong>dortoirs<\/strong> \u00e9taient collectifs. La toilette quotidienne \u00e9tait effectu\u00e9e \u00e0 l\u2019eau froide et il fallut attendre l\u2019installation de douches, quelques ann\u00e9es plus tard, pour que les jeunes pensionnaires jouissent d\u2019une <strong>toilette \u00e0 l\u2019eau chaude<\/strong>. <br \/>Il y avait une distinction entre les jeunes <strong>internes<\/strong>, qui retournaient chez leurs parents pour les vacances scolaires, et les <strong>externes<\/strong> qui, par d\u00e9finition, n\u2019\u00e9taient pr\u00e9sents dans l\u2019\u00e9tablissement que durant la journ\u00e9e. Les premiers enviaient la libert\u00e9 des seconds, m\u00eame si une sortie mensuelle dans leur famille leur \u00e9tait accord\u00e9e.<\/p>\n<p>[\/et_pb_text][\/et_pb_column][\/et_pb_row][et_pb_row _builder_version=\u00a0\u00bb4.21.0&Prime; _module_preset=\u00a0\u00bbdefault\u00a0\u00bb global_colors_info=\u00a0\u00bb{}\u00a0\u00bb theme_builder_area=\u00a0\u00bbpost_content\u00a0\u00bb][et_pb_column type=\u00a0\u00bb4_4&Prime; _builder_version=\u00a0\u00bb4.21.0&Prime; _module_preset=\u00a0\u00bbdefault\u00a0\u00bb global_colors_info=\u00a0\u00bb{}\u00a0\u00bb theme_builder_area=\u00a0\u00bbpost_content\u00a0\u00bb][et_pb_text _builder_version=\u00a0\u00bb4.21.0&Prime; _module_preset=\u00a0\u00bbdefault\u00a0\u00bb global_colors_info=\u00a0\u00bb{}\u00a0\u00bb theme_builder_area=\u00a0\u00bbpost_content\u00a0\u00bb]<\/p>\n<p>Les jours de foire pouvaient aussi \u00eatre l\u2019occasion d\u2019une visite d\u2019un proche pendant la r\u00e9cr\u00e9ation ou \u00e0 l\u2019heure du d\u00e9jeuner, de m\u00eame une sortie \u00e9tait autoris\u00e9e apr\u00e8s la messe dominicale. <br \/>Pour att\u00e9nuer les effets d\u2019une vie plut\u00f4t aust\u00e8re, des f\u00eates se pr\u00e9paraient tout au long de l\u2019ann\u00e9e. Ainsi des repr\u00e9sentations th\u00e9\u00e2trales \u00e9taient donn\u00e9es par les jeunes filles et pr\u00e9sent\u00e9es aux familles en fin d\u2019ann\u00e9e. Les d\u00e9guisements, les r\u00f4les \u00e0 tenir comblaient de joie les pensionnaires. Pourtant les f\u00eates ayant le plus marqu\u00e9 les jeunes esprits \u00e9taient les <strong>kermesses<\/strong> organis\u00e9es chaque ann\u00e9e. Sur des stands, des jeux \u00e9taient propos\u00e9s et des gourmandises offertes, sur un fond de chants pour entretenir l\u2019ambiance. Toutes ces activit\u00e9s permettaient de recueillir un peu d\u2019argent pour aider l\u2019institution.<\/p>\n<h3 class=\"spip\">Une nouvelle orientation<\/h3>\n<p>Malgr\u00e9 tous les efforts prodigu\u00e9s par le personnel religieux de l\u2019\u00e9tablissement, les effectifs diminuaient r\u00e9guli\u00e8rement au profit de l\u2019\u00e9cole publique. <br \/>En 1962, il est proc\u00e9d\u00e9 \u00e0 la <strong>fermeture des classes secondaires<\/strong> suscitant une phase de r\u00e9flexion sur le devenir de l\u2019\u00e9tablissement. Les s\u0153urs de la Sagesse, fid\u00e8les au principe d\u2019aide apport\u00e9e aux plus d\u00e9favoris\u00e9s, constatent qu\u2019il n\u2019existe pas d\u2019\u00e9tablissement sp\u00e9cialis\u00e9 pour les enfants en grande difficult\u00e9 scolaire dans l\u2019arrondissement de Jonzac. _ Elles font des d\u00e9marches aupr\u00e8s de la Direction D\u00e9partementale des Affaires sanitaires et sociales en vue d\u2019ouvrir un <strong>Institut M\u00e9dico\u2013P\u00e9dagogique et Professionne<\/strong>l. Elles obtiennent un agr\u00e9ment provisoire et, en septembre 1965, la rentr\u00e9e accueille <strong>44 filles de 7 \u00e0 18 ans<\/strong> encadr\u00e9es par 15 religieuses et 6 employ\u00e9es la\u00efques. <br \/>L\u2019\u00e9cole primaire et maternelle se tenant dans le pavillon du fond du jardin, occup\u00e9 \u00e0 ce jour par la chambre de commerce et d\u2019industrie, ferme en 1967 permettant \u00e0 l\u2019IMP de se d\u00e9ployer sur l\u2019ensemble des b\u00e2timents. Les nouveaux pensionnaires trouvent \u00e0 l\u2019IMP une structure destin\u00e9e \u00e0 les ins\u00e9rer dans la vie. Les filles suivent un <strong>enseignement m\u00e9nager et de couture<\/strong>. <br \/>A partir de 1980, apr\u00e8s de gros travaux dans l\u2019\u00e9tablissement pour s\u2019adapter aux exigences de l\u2019enseignement, la mixit\u00e9 par le recrutement fait son apparition. L\u2019arriv\u00e9e d\u2019un personnel masculin entra\u00eene progressivement le <strong>d\u00e9part des s\u0153urs de la Sagesse<\/strong>.<\/p>\n<p>[\/et_pb_text][\/et_pb_column][\/et_pb_row][et_pb_row column_structure=\u00a0\u00bb3_4,1_4&Prime; _builder_version=\u00a0\u00bb4.21.0&Prime; _module_preset=\u00a0\u00bbdefault\u00a0\u00bb global_colors_info=\u00a0\u00bb{}\u00a0\u00bb theme_builder_area=\u00a0\u00bbpost_content\u00a0\u00bb][et_pb_column type=\u00a0\u00bb3_4&Prime; _builder_version=\u00a0\u00bb4.21.0&Prime; _module_preset=\u00a0\u00bbdefault\u00a0\u00bb global_colors_info=\u00a0\u00bb{}\u00a0\u00bb theme_builder_area=\u00a0\u00bbpost_content\u00a0\u00bb][et_pb_text _builder_version=\u00a0\u00bb4.21.0&Prime; _module_preset=\u00a0\u00bbdefault\u00a0\u00bb global_colors_info=\u00a0\u00bb{}\u00a0\u00bb theme_builder_area=\u00a0\u00bbpost_content\u00a0\u00bb]<\/p>\n<p>En 1986, les deux derni\u00e8res religieuses quittent l\u2019\u00e9tablissement de la rue Sadi Carnot, cl\u00f4turant ainsi la pr\u00e9sence de la congr\u00e9gation religieuse de la Sagesse \u00e0 Jonzac depuis 150 ans. <br \/>En 1997, les locaux devenus v\u00e9tustes et ne correspondant plus aux normes de s\u00e9curit\u00e9 en vigueur ne sont plus adapt\u00e9s \u00e0 leurs fonctions\u00a0; l\u2019IMP quitte les lieux et s\u2019installe dans son emplacement actuel \u00e0 la Pouyade.<\/p>\n<p>La ville de Jonzac ach\u00e8te l\u2019ensemble des immeubles l\u2019ann\u00e9e suivante. En 2003, une partie de l\u2019immeuble nord est vendue \u00e0 la <strong>Communaut\u00e9 de Communes de Haute-Saintonge<\/strong> qui y installe son si\u00e8ge. L\u2019aile sud-est est vendue au d\u00e9partement de la Charente-Maritime pour \u00e9tablir une <strong>antenne des Archives d\u00e9partementales<\/strong>.<\/p>\n<p>[\/et_pb_text][\/et_pb_column][et_pb_column type=\u00a0\u00bb1_4&Prime; _builder_version=\u00a0\u00bb4.21.0&Prime; _module_preset=\u00a0\u00bbdefault\u00a0\u00bb global_colors_info=\u00a0\u00bb{}\u00a0\u00bb theme_builder_area=\u00a0\u00bbpost_content\u00a0\u00bb][et_pb_image src=\u00a0\u00bbhttps:\/\/catholiques17.fr\/jonzac\/wp-content\/uploads\/sites\/39\/2024\/09\/la-sagesse-8.jpg\u00a0\u00bb title_text=\u00a0\u00bbla sagesse 8&Prime; _builder_version=\u00a0\u00bb4.21.0&Prime; _module_preset=\u00a0\u00bbdefault\u00a0\u00bb global_colors_info=\u00a0\u00bb{}\u00a0\u00bb theme_builder_area=\u00a0\u00bbpost_content\u00a0\u00bb][\/et_pb_image][et_pb_text _builder_version=\u00a0\u00bb4.21.0&Prime; _module_preset=\u00a0\u00bbdefault\u00a0\u00bb global_colors_info=\u00a0\u00bb{}\u00a0\u00bb theme_builder_area=\u00a0\u00bbpost_content\u00a0\u00bb]<\/p>\n<p style=\"text-align: right\">soeur Mary Lucy devant le jardin d&rsquo;enfant<\/p>\n<p>[\/et_pb_text][\/et_pb_column][\/et_pb_row][et_pb_row column_structure=\u00a0\u00bb3_4,1_4&Prime; _builder_version=\u00a0\u00bb4.21.0&Prime; _module_preset=\u00a0\u00bbdefault\u00a0\u00bb global_colors_info=\u00a0\u00bb{}\u00a0\u00bb theme_builder_area=\u00a0\u00bbpost_content\u00a0\u00bb][et_pb_column type=\u00a0\u00bb3_4&Prime; _builder_version=\u00a0\u00bb4.21.0&Prime; _module_preset=\u00a0\u00bbdefault\u00a0\u00bb global_colors_info=\u00a0\u00bb{}\u00a0\u00bb theme_builder_area=\u00a0\u00bbpost_content\u00a0\u00bb][et_pb_text _builder_version=\u00a0\u00bb4.21.0&Prime; _module_preset=\u00a0\u00bbdefault\u00a0\u00bb global_colors_info=\u00a0\u00bb{}\u00a0\u00bb theme_builder_area=\u00a0\u00bbpost_content\u00a0\u00bb]<\/p>\n<p style=\"text-align: right\">Jean-Claude Arriv\u00e9<\/p>\n<p style=\"text-align: left\">Sources : D\u00e9lib\u00e9ration du Conseil Municipal de la ville de Jonzac 1880-1998. Extrait de l\u2019exposition faite aux Archives d\u00e9partementales \u00e0 Jonzac (2007-2008). Interview d\u2019anciennes \u00e9l\u00e8ves : Annie Robert et Ginette Texier<\/p>\n<p>[\/et_pb_text][\/et_pb_column][et_pb_column type=\u00a0\u00bb1_4&Prime; _builder_version=\u00a0\u00bb4.21.0&Prime; _module_preset=\u00a0\u00bbdefault\u00a0\u00bb global_colors_info=\u00a0\u00bb{}\u00a0\u00bb theme_builder_area=\u00a0\u00bbpost_content\u00a0\u00bb][\/et_pb_column][\/et_pb_row][\/et_pb_section]<\/p>\n","protected":false},"excerpt":{"rendered":"<p>La fondation de la Congr\u00e9gation des Filles de la Sagesse date de 1703. Elle est l\u2019\u0153uvre du P\u00e8re Louis-Marie Grignon de Montfort, cofondateur avec Marie-Louise Trichet, religieuse. Cette congr\u00e9gation se [&hellip;]<\/p>\n","protected":false},"author":65,"featured_media":0,"parent":7321,"menu_order":0,"comment_status":"closed","ping_status":"closed","template":"","meta":{"_et_pb_use_builder":"on","_et_pb_old_content":"","_et_gb_content_width":"","footnotes":""},"class_list":["post-8273","page","type-page","status-publish","hentry"],"_links":{"self":[{"href":"https:\/\/catholiques17.fr\/jonzac\/wp-json\/wp\/v2\/pages\/8273","targetHints":{"allow":["GET"]}}],"collection":[{"href":"https:\/\/catholiques17.fr\/jonzac\/wp-json\/wp\/v2\/pages"}],"about":[{"href":"https:\/\/catholiques17.fr\/jonzac\/wp-json\/wp\/v2\/types\/page"}],"author":[{"embeddable":true,"href":"https:\/\/catholiques17.fr\/jonzac\/wp-json\/wp\/v2\/users\/65"}],"replies":[{"embeddable":true,"href":"https:\/\/catholiques17.fr\/jonzac\/wp-json\/wp\/v2\/comments?post=8273"}],"version-history":[{"count":4,"href":"https:\/\/catholiques17.fr\/jonzac\/wp-json\/wp\/v2\/pages\/8273\/revisions"}],"predecessor-version":[{"id":8481,"href":"https:\/\/catholiques17.fr\/jonzac\/wp-json\/wp\/v2\/pages\/8273\/revisions\/8481"}],"up":[{"embeddable":true,"href":"https:\/\/catholiques17.fr\/jonzac\/wp-json\/wp\/v2\/pages\/7321"}],"wp:attachment":[{"href":"https:\/\/catholiques17.fr\/jonzac\/wp-json\/wp\/v2\/media?parent=8273"}],"curies":[{"name":"wp","href":"https:\/\/api.w.org\/{rel}","templated":true}]}}