{"id":8258,"date":"2024-09-26T08:41:09","date_gmt":"2024-09-26T06:41:09","guid":{"rendered":"https:\/\/catholiques17.fr\/jonzac\/?page_id=8258"},"modified":"2024-10-07T00:33:50","modified_gmt":"2024-10-06T22:33:50","slug":"pere-theodore-fraineau","status":"publish","type":"page","link":"https:\/\/catholiques17.fr\/jonzac\/histoire-et-patrimoine\/histoire-de-la-paroisse\/pere-theodore-fraineau\/","title":{"rendered":"P\u00e8re Th\u00e9odore Fraineau"},"content":{"rendered":"<p>[et_pb_section fb_built=\u00a0\u00bb1&Prime; _builder_version=\u00a0\u00bb4.16&Prime; _module_preset=\u00a0\u00bbdefault\u00a0\u00bb custom_padding=\u00a0\u00bb3px|||||\u00a0\u00bb global_colors_info=\u00a0\u00bb{}\u00a0\u00bb theme_builder_area=\u00a0\u00bbpost_content\u00a0\u00bb][et_pb_row column_structure=\u00a0\u00bb2_5,3_5&Prime; _builder_version=\u00a0\u00bb4.21.0&Prime; _module_preset=\u00a0\u00bbdefault\u00a0\u00bb global_colors_info=\u00a0\u00bb{}\u00a0\u00bb theme_builder_area=\u00a0\u00bbpost_content\u00a0\u00bb][et_pb_column type=\u00a0\u00bb2_5&Prime; _builder_version=\u00a0\u00bb4.21.0&Prime; _module_preset=\u00a0\u00bbdefault\u00a0\u00bb global_colors_info=\u00a0\u00bb{}\u00a0\u00bb theme_builder_area=\u00a0\u00bbpost_content\u00a0\u00bb][et_pb_image src=\u00a0\u00bbhttps:\/\/catholiques17.fr\/jonzac\/wp-content\/uploads\/sites\/39\/2024\/09\/Pere-Fraineau.jpg\u00a0\u00bb title_text=\u00a0\u00bbP\u00e8re Fraineau\u00a0\u00bb _builder_version=\u00a0\u00bb4.21.0&Prime; _module_preset=\u00a0\u00bbdefault\u00a0\u00bb global_colors_info=\u00a0\u00bb{}\u00a0\u00bb theme_builder_area=\u00a0\u00bbpost_content\u00a0\u00bb][\/et_pb_image][\/et_pb_column][et_pb_column type=\u00a0\u00bb3_5&Prime; _builder_version=\u00a0\u00bb4.21.0&Prime; _module_preset=\u00a0\u00bbdefault\u00a0\u00bb global_colors_info=\u00a0\u00bb{}\u00a0\u00bb theme_builder_area=\u00a0\u00bbpost_content\u00a0\u00bb][et_pb_text _builder_version=\u00a0\u00bb4.21.0&Prime; _module_preset=\u00a0\u00bbdefault\u00a0\u00bb hover_enabled=\u00a0\u00bb0&Prime; global_colors_info=\u00a0\u00bb{}\u00a0\u00bb theme_builder_area=\u00a0\u00bbpost_content\u00a0\u00bb sticky_enabled=\u00a0\u00bb0&Prime;]<\/p>\n<p>FRAINEAU, Pierre-Th\u00e9odore, naquit \u00e0 Jonzac (Charente-Inf\u00e9rieure) le 10 octobre 1847, fit ses \u00e9tudes au s\u00e9minaire-coll\u00e8ge de Montlieu et au grand s\u00e9minaire de La Rochelle. Il \u00e9tait d\u00e9sireux de se consacrer tout de suite \u00e0 l\u2019apostolat, mais son \u00e9v\u00eaque, M<sup class=\"typo_exposants\">gr<\/sup> Thomas, manquant de pr\u00eatres, voulut le garder pendant quelques temps, et le nomma professeur dans l\u2019\u00e9tablissement o\u00f9 il avait fait ses \u00e9tudes, \u00e0 Montlieu ; il y resta deux ans.<\/p>\n<p>Pr\u00eatre le 2 juillet 1871, il obtint l\u2019ann\u00e9e suivante l\u2019autorisation de se pr\u00e9senter aux <a href=\"http:\/\/www.mepasie.org\/\" class=\"spip_out\" rel=\"external\">Missions \u00c9trang\u00e8res<\/a>\u00a0; il y arriva le 3 octobre 1872. Le 7 mai 1873, il partit pour le Japon qui commen\u00e7ait \u00e0 jouir de la paix religieuse. L\u2019ann\u00e9e suivante, il fut charg\u00e9 des chr\u00e9tiens d\u2019Urakami.<\/p>\n<p>En 1876, lors de la division du Japon en deux vicariats apostoliques, il fut affect\u00e9 au Japon m\u00e9ridional. En 1877, il re\u00e7ut en partage les \u00celes Goto qui comptaient plusieurs milliers de catholiques, mais \u00e9taient d\u00e9pourvues d\u2019\u00e9glises et de r\u00e9sidences. Il commen\u00e7a l\u2019organisation de cette r\u00e9gion. Devenu sup\u00e9rieur du s\u00e9minaire de Nagasaki vers 1881, il le resta deux ans.<\/p>\n<p>En 1883, il se consacra \u00e0 l\u2019\u00e9vang\u00e9lisation des pa\u00efens de la grande \u00eele de Kyu-shu, parcourut plusieurs provinces, entre autres le Bungo, et fit des conversions \u00e0 Oita, Yamada, Itchimanda, etc. En 1885, il reprit la direction de la partie septentrionale des \u00celes Goto.<\/p>\n<p>En 1889, il fut nomm\u00e9 par M<sup class=\"typo_exposants\">gr<\/sup> Cousin \u00e0 Urakami o\u00f9 il devait travailler pendant 22 ans. Ses chr\u00e9tiens d\u00e9passaient le nombre de 5000\u00a0; il les administra seul pendant six ans et d\u00e9veloppa chez eux les plus belles vertus. Il construisit une r\u00e9sidence, et commen\u00e7a une <a href=\"https:\/\/fr.wikipedia.org\/wiki\/Cath%C3%A9drale_d'Urakami\" class=\"spip_out\" rel=\"external\">grande \u00e9glise<\/a> que le manque de ressources ne lui permit pas d\u2019achever. Il mourut \u00e0 Urakami le 24 janvier 1911.<\/p>\n<p>&nbsp;<\/p>\n<p>[\/et_pb_text][\/et_pb_column][\/et_pb_row][et_pb_row column_structure=\u00a0\u00bb1_2,1_2&Prime; _builder_version=\u00a0\u00bb4.21.0&Prime; _module_preset=\u00a0\u00bbdefault\u00a0\u00bb global_colors_info=\u00a0\u00bb{}\u00a0\u00bb theme_builder_area=\u00a0\u00bbpost_content\u00a0\u00bb][et_pb_column type=\u00a0\u00bb1_2&Prime; _builder_version=\u00a0\u00bb4.21.0&Prime; _module_preset=\u00a0\u00bbdefault\u00a0\u00bb global_colors_info=\u00a0\u00bb{}\u00a0\u00bb theme_builder_area=\u00a0\u00bbpost_content\u00a0\u00bb][et_pb_image src=\u00a0\u00bbhttps:\/\/catholiques17.fr\/jonzac\/wp-content\/uploads\/sites\/39\/2024\/09\/Eglise-dUrakami.jpg\u00a0\u00bb _builder_version=\u00a0\u00bb4.21.0&Prime; _module_preset=\u00a0\u00bbdefault\u00a0\u00bb theme_builder_area=\u00a0\u00bbpost_content\u00a0\u00bb title_text=\u00a0\u00bbEglise d&rsquo;Urakami\u00a0\u00bb hover_enabled=\u00a0\u00bb0&Prime; sticky_enabled=\u00a0\u00bb0&Prime;][\/et_pb_image][et_pb_text _builder_version=\u00a0\u00bb4.21.0&Prime; _module_preset=\u00a0\u00bbdefault\u00a0\u00bb theme_builder_area=\u00a0\u00bbpost_content\u00a0\u00bb hover_enabled=\u00a0\u00bb0&Prime; sticky_enabled=\u00a0\u00bb0&Prime;]<\/p>\n<p>Eglise d\u2019Urakami dont la construction fut commenc\u00e9e par le P. Fraineau en 1895, dont les deux tours furent b\u00e2ties par le P.Heuzet en 1925 et d\u00e9truite par la bombe atomique en 1945.<\/p>\n<p>[\/et_pb_text][\/et_pb_column][et_pb_column type=\u00a0\u00bb1_2&Prime; _builder_version=\u00a0\u00bb4.21.0&Prime; _module_preset=\u00a0\u00bbdefault\u00a0\u00bb global_colors_info=\u00a0\u00bb{}\u00a0\u00bb theme_builder_area=\u00a0\u00bbpost_content\u00a0\u00bb][et_pb_image src=\u00a0\u00bbhttps:\/\/catholiques17.fr\/jonzac\/wp-content\/uploads\/sites\/39\/2024\/09\/Eglise-Cathedrale-dUrakami.jpg\u00a0\u00bb title_text=\u00a0\u00bbEglise Cath\u00e9drale d&rsquo;Urakami\u00a0\u00bb _builder_version=\u00a0\u00bb4.21.0&Prime; _module_preset=\u00a0\u00bbdefault\u00a0\u00bb global_colors_info=\u00a0\u00bb{}\u00a0\u00bb theme_builder_area=\u00a0\u00bbpost_content\u00a0\u00bb][\/et_pb_image][et_pb_text _builder_version=\u00a0\u00bb4.21.0&Prime; _module_preset=\u00a0\u00bbdefault\u00a0\u00bb global_colors_info=\u00a0\u00bb{}\u00a0\u00bb theme_builder_area=\u00a0\u00bbpost_content\u00a0\u00bb]<\/p>\n<p>Eglise cath\u00e9drale d\u2019Urakami actuelle, reb\u00e2tie 1945. Les statues de la Passion sculpt\u00e9es par le P. Fraineau peu de temps avant sa mort ont \u00e9t\u00e9 replac\u00e9es au dessus de la grande porte d\u2019entr\u00e9e.<\/p>\n<p>[\/et_pb_text][\/et_pb_column][\/et_pb_row][et_pb_row column_structure=\u00a0\u00bb1_3,2_3&Prime; _builder_version=\u00a0\u00bb4.21.0&Prime; _module_preset=\u00a0\u00bbdefault\u00a0\u00bb global_colors_info=\u00a0\u00bb{}\u00a0\u00bb theme_builder_area=\u00a0\u00bbpost_content\u00a0\u00bb][et_pb_column type=\u00a0\u00bb1_3&Prime; _builder_version=\u00a0\u00bb4.21.0&Prime; _module_preset=\u00a0\u00bbdefault\u00a0\u00bb global_colors_info=\u00a0\u00bb{}\u00a0\u00bb theme_builder_area=\u00a0\u00bbpost_content\u00a0\u00bb][et_pb_image src=\u00a0\u00bbhttps:\/\/catholiques17.fr\/jonzac\/wp-content\/uploads\/sites\/39\/2024\/09\/visite-de-la-communaute-japonaise.jpg\u00a0\u00bb title_text=\u00a0\u00bbvisite de la communaut\u00e9 japonaise\u00a0\u00bb _builder_version=\u00a0\u00bb4.21.0&Prime; _module_preset=\u00a0\u00bbdefault\u00a0\u00bb global_colors_info=\u00a0\u00bb{}\u00a0\u00bb theme_builder_area=\u00a0\u00bbpost_content\u00a0\u00bb][\/et_pb_image][\/et_pb_column][et_pb_column type=\u00a0\u00bb2_3&Prime; _builder_version=\u00a0\u00bb4.21.0&Prime; _module_preset=\u00a0\u00bbdefault\u00a0\u00bb global_colors_info=\u00a0\u00bb{}\u00a0\u00bb theme_builder_area=\u00a0\u00bbpost_content\u00a0\u00bb][et_pb_text _builder_version=\u00a0\u00bb4.21.0&Prime; _module_preset=\u00a0\u00bbdefault\u00a0\u00bb global_colors_info=\u00a0\u00bb{}\u00a0\u00bb theme_builder_area=\u00a0\u00bbpost_content\u00a0\u00bb]<\/p>\n<h2>Pierre-Th\u00e9odore <span class=\"Ligne2\">Fraineau <\/span><span class=\"Ligne3\">Le 19 juillet 2007 \u00e0 Jonzac<\/span><\/h2>\n<p>[\/et_pb_text][et_pb_text _builder_version=\u00a0\u00bb4.21.0&Prime; _module_preset=\u00a0\u00bbdefault\u00a0\u00bb global_colors_info=\u00a0\u00bb{}\u00a0\u00bb theme_builder_area=\u00a0\u00bbpost_content\u00a0\u00bb]<\/p>\n<h2 class=\"titre\">Connaissez-vous Pierre-Th\u00e9odore FRAINEAU?<\/h2>\n<p>[\/et_pb_text][et_pb_text _builder_version=\u00a0\u00bb4.21.0&Prime; _module_preset=\u00a0\u00bbdefault\u00a0\u00bb global_colors_info=\u00a0\u00bb{}\u00a0\u00bb theme_builder_area=\u00a0\u00bbpost_content\u00a0\u00bb]<\/p>\n<p>Il y a encore deux mois, lorsque le cur\u00e9 de Jonzac posait malicieusement la question, les yeux de tout bon Jonzacais, un peu f\u00e9ru d\u2019histoire locale, s\u2019\u00e9carquillaient d\u2019ignorance !<\/p>\n<p>[\/et_pb_text][\/et_pb_column][\/et_pb_row][et_pb_row column_structure=\u00a0\u00bb3_4,1_4&Prime; _builder_version=\u00a0\u00bb4.21.0&Prime; _module_preset=\u00a0\u00bbdefault\u00a0\u00bb global_colors_info=\u00a0\u00bb{}\u00a0\u00bb theme_builder_area=\u00a0\u00bbpost_content\u00a0\u00bb][et_pb_column type=\u00a0\u00bb3_4&Prime; _builder_version=\u00a0\u00bb4.21.0&Prime; _module_preset=\u00a0\u00bbdefault\u00a0\u00bb global_colors_info=\u00a0\u00bb{}\u00a0\u00bb theme_builder_area=\u00a0\u00bbpost_content\u00a0\u00bb][et_pb_text _builder_version=\u00a0\u00bb4.21.0&Prime; _module_preset=\u00a0\u00bbdefault\u00a0\u00bb global_colors_info=\u00a0\u00bb{}\u00a0\u00bb theme_builder_area=\u00a0\u00bbpost_content\u00a0\u00bb]<\/p>\n<p>C\u2019est qu\u2019une lettre \u00e9tait arriv\u00e9e du Japon pour nous dire toute la v\u00e9n\u00e9ration que l\u2019on avait l\u00e0-bas pour cet homme, n\u00e9 \u00e0 Jonzac et parti \u00e0 la fin du 19<sup class=\"typo_exposants\">e<\/sup> si\u00e8cle pour \u00e9vang\u00e9liser ce pays lointain. L\u2019archev\u00eaque de Nagasaki s\u2019annon\u00e7ait \u00e0 la t\u00eate d\u2019une d\u00e9l\u00e9gation de 35 personnes venant en p\u00e8lerinage sur les lieux o\u00f9 les missionnaires fran\u00e7ais qui les avaient \u00e9vang\u00e9lis\u00e9s avaient vu na\u00eetre leur vocation.<\/p>\n<p>[\/et_pb_text][\/et_pb_column][et_pb_column type=\u00a0\u00bb1_4&Prime; _builder_version=\u00a0\u00bb4.21.0&Prime; _module_preset=\u00a0\u00bbdefault\u00a0\u00bb global_colors_info=\u00a0\u00bb{}\u00a0\u00bb theme_builder_area=\u00a0\u00bbpost_content\u00a0\u00bb][et_pb_image src=\u00a0\u00bbhttps:\/\/catholiques17.fr\/jonzac\/wp-content\/uploads\/sites\/39\/2024\/09\/visite-de-la-communaute-japonaise2.jpg\u00a0\u00bb title_text=\u00a0\u00bbvisite de la communaut\u00e9 japonaise2&Prime; _builder_version=\u00a0\u00bb4.21.0&Prime; _module_preset=\u00a0\u00bbdefault\u00a0\u00bb global_colors_info=\u00a0\u00bb{}\u00a0\u00bb theme_builder_area=\u00a0\u00bbpost_content\u00a0\u00bb][\/et_pb_image][\/et_pb_column][\/et_pb_row][et_pb_row column_structure=\u00a0\u00bb1_4,3_4&Prime; _builder_version=\u00a0\u00bb4.21.0&Prime; _module_preset=\u00a0\u00bbdefault\u00a0\u00bb global_colors_info=\u00a0\u00bb{}\u00a0\u00bb theme_builder_area=\u00a0\u00bbpost_content\u00a0\u00bb][et_pb_column type=\u00a0\u00bb1_4&Prime; _builder_version=\u00a0\u00bb4.21.0&Prime; _module_preset=\u00a0\u00bbdefault\u00a0\u00bb global_colors_info=\u00a0\u00bb{}\u00a0\u00bb theme_builder_area=\u00a0\u00bbpost_content\u00a0\u00bb][et_pb_image src=\u00a0\u00bbhttps:\/\/catholiques17.fr\/jonzac\/wp-content\/uploads\/sites\/39\/2024\/09\/visite-de-la-communaute-japonaise3.jpg\u00a0\u00bb title_text=\u00a0\u00bbvisite de la communaut\u00e9 japonaise3&Prime; _builder_version=\u00a0\u00bb4.21.0&Prime; _module_preset=\u00a0\u00bbdefault\u00a0\u00bb global_colors_info=\u00a0\u00bb{}\u00a0\u00bb theme_builder_area=\u00a0\u00bbpost_content\u00a0\u00bb][\/et_pb_image][\/et_pb_column][et_pb_column type=\u00a0\u00bb3_4&Prime; _builder_version=\u00a0\u00bb4.21.0&Prime; _module_preset=\u00a0\u00bbdefault\u00a0\u00bb global_colors_info=\u00a0\u00bb{}\u00a0\u00bb theme_builder_area=\u00a0\u00bbpost_content\u00a0\u00bb][et_pb_text _builder_version=\u00a0\u00bb4.21.0&Prime; _module_preset=\u00a0\u00bbdefault\u00a0\u00bb global_colors_info=\u00a0\u00bb{}\u00a0\u00bb theme_builder_area=\u00a0\u00bbpost_content\u00a0\u00bb]<\/p>\n<p>Pascal Delage, qui conna\u00eet bien son monde, avait de suite mis sur la piste Jean-Claude Arriv\u00e9, f\u00e9ru de g\u00e9n\u00e9alogie, qui se mit au travail avec une belle ardeur. Tant et si bien que le mardi 17 juillet, il pr\u00e9sentait, dans un auditorium bond\u00e9, une conf\u00e9rence extr\u00eamement vivante et bien document\u00e9e. Tenant son auditoire en haleine, il dressait un portrait tr\u00e8s attachant de cet homme remarquable, anim\u00e9 d\u2019une foi et d\u2019un courage tout \u00e0 fait exemplaires (des documents seront disponibles ult\u00e9rieurement). On vit m\u00eame, \u00e0 la fin, sous le coup de l\u2019\u00e9motion, notre historien \u00e9m\u00e9rite, Jean Gl\u00e9nisson, se lever pour r\u00e9clamer la r\u00e9alisation d\u2019un buste \u00e0 l\u2019effigie du missionnaire, pour le faire figurer au rang des c\u00e9l\u00e9brit\u00e9s locales ! Un coup d\u2019\u0153il inquiet du c\u00f4t\u00e9 du notre cur\u00e9 : n\u2019allait-il pas \u00e0 son tour se lever pour r\u00e9clamer un proc\u00e8s en b\u00e9atification ? \u00c7a allait : souriant, il restait&#8230; Zen !<\/p>\n<p>[\/et_pb_text][\/et_pb_column][\/et_pb_row][et_pb_row column_structure=\u00a0\u00bb1_5,1_5,1_5,1_5,1_5&Prime; _builder_version=\u00a0\u00bb4.21.0&Prime; _module_preset=\u00a0\u00bbdefault\u00a0\u00bb global_colors_info=\u00a0\u00bb{}\u00a0\u00bb theme_builder_area=\u00a0\u00bbpost_content\u00a0\u00bb][et_pb_column type=\u00a0\u00bb1_5&Prime; _builder_version=\u00a0\u00bb4.21.0&Prime; _module_preset=\u00a0\u00bbdefault\u00a0\u00bb global_colors_info=\u00a0\u00bb{}\u00a0\u00bb theme_builder_area=\u00a0\u00bbpost_content\u00a0\u00bb][\/et_pb_column][et_pb_column type=\u00a0\u00bb1_5&Prime; _builder_version=\u00a0\u00bb4.21.0&Prime; _module_preset=\u00a0\u00bbdefault\u00a0\u00bb global_colors_info=\u00a0\u00bb{}\u00a0\u00bb theme_builder_area=\u00a0\u00bbpost_content\u00a0\u00bb][et_pb_image src=\u00a0\u00bbhttps:\/\/catholiques17.fr\/jonzac\/wp-content\/uploads\/sites\/39\/2024\/09\/visite-de-la-communaute-japonaise4.jpg\u00a0\u00bb title_text=\u00a0\u00bbvisite de la communaut\u00e9 japonaise4&Prime; _builder_version=\u00a0\u00bb4.21.0&Prime; _module_preset=\u00a0\u00bbdefault\u00a0\u00bb global_colors_info=\u00a0\u00bb{}\u00a0\u00bb theme_builder_area=\u00a0\u00bbpost_content\u00a0\u00bb][\/et_pb_image][\/et_pb_column][et_pb_column type=\u00a0\u00bb1_5&Prime; _builder_version=\u00a0\u00bb4.21.0&Prime; _module_preset=\u00a0\u00bbdefault\u00a0\u00bb global_colors_info=\u00a0\u00bb{}\u00a0\u00bb theme_builder_area=\u00a0\u00bbpost_content\u00a0\u00bb][et_pb_image src=\u00a0\u00bbhttps:\/\/catholiques17.fr\/jonzac\/wp-content\/uploads\/sites\/39\/2024\/09\/visite-de-la-communaute-japonaise5.jpg\u00a0\u00bb title_text=\u00a0\u00bbvisite de la communaut\u00e9 japonaise5&Prime; _builder_version=\u00a0\u00bb4.21.0&Prime; _module_preset=\u00a0\u00bbdefault\u00a0\u00bb global_colors_info=\u00a0\u00bb{}\u00a0\u00bb theme_builder_area=\u00a0\u00bbpost_content\u00a0\u00bb][\/et_pb_image][\/et_pb_column][et_pb_column type=\u00a0\u00bb1_5&Prime; _builder_version=\u00a0\u00bb4.21.0&Prime; _module_preset=\u00a0\u00bbdefault\u00a0\u00bb global_colors_info=\u00a0\u00bb{}\u00a0\u00bb theme_builder_area=\u00a0\u00bbpost_content\u00a0\u00bb][et_pb_image src=\u00a0\u00bbhttps:\/\/catholiques17.fr\/jonzac\/wp-content\/uploads\/sites\/39\/2024\/09\/visite-de-la-communaute-japonaise6.jpg\u00a0\u00bb title_text=\u00a0\u00bbvisite de la communaut\u00e9 japonaise6&Prime; _builder_version=\u00a0\u00bb4.21.0&Prime; _module_preset=\u00a0\u00bbdefault\u00a0\u00bb global_colors_info=\u00a0\u00bb{}\u00a0\u00bb theme_builder_area=\u00a0\u00bbpost_content\u00a0\u00bb][\/et_pb_image][\/et_pb_column][et_pb_column type=\u00a0\u00bb1_5&Prime; _builder_version=\u00a0\u00bb4.21.0&Prime; _module_preset=\u00a0\u00bbdefault\u00a0\u00bb global_colors_info=\u00a0\u00bb{}\u00a0\u00bb theme_builder_area=\u00a0\u00bbpost_content\u00a0\u00bb][\/et_pb_column][\/et_pb_row][et_pb_row column_structure=\u00a0\u00bb1_4,3_4&Prime; _builder_version=\u00a0\u00bb4.21.0&Prime; _module_preset=\u00a0\u00bbdefault\u00a0\u00bb global_colors_info=\u00a0\u00bb{}\u00a0\u00bb theme_builder_area=\u00a0\u00bbpost_content\u00a0\u00bb][et_pb_column type=\u00a0\u00bb1_4&Prime; _builder_version=\u00a0\u00bb4.21.0&Prime; _module_preset=\u00a0\u00bbdefault\u00a0\u00bb global_colors_info=\u00a0\u00bb{}\u00a0\u00bb theme_builder_area=\u00a0\u00bbpost_content\u00a0\u00bb][et_pb_image src=\u00a0\u00bbhttps:\/\/catholiques17.fr\/jonzac\/wp-content\/uploads\/sites\/39\/2024\/09\/visite-de-la-communaute-japonaise7.jpg\u00a0\u00bb title_text=\u00a0\u00bbvisite de la communaut\u00e9 japonaise7&Prime; _builder_version=\u00a0\u00bb4.21.0&Prime; _module_preset=\u00a0\u00bbdefault\u00a0\u00bb global_colors_info=\u00a0\u00bb{}\u00a0\u00bb theme_builder_area=\u00a0\u00bbpost_content\u00a0\u00bb][\/et_pb_image][\/et_pb_column][et_pb_column type=\u00a0\u00bb3_4&Prime; _builder_version=\u00a0\u00bb4.21.0&Prime; _module_preset=\u00a0\u00bbdefault\u00a0\u00bb global_colors_info=\u00a0\u00bb{}\u00a0\u00bb theme_builder_area=\u00a0\u00bbpost_content\u00a0\u00bb][et_pb_text _builder_version=\u00a0\u00bb4.21.0&Prime; _module_preset=\u00a0\u00bbdefault\u00a0\u00bb global_colors_info=\u00a0\u00bb{}\u00a0\u00bb theme_builder_area=\u00a0\u00bbpost_content\u00a0\u00bb]<\/p>\n<p>Jeudi 19 juillet, sur le coup de midi, les cloches de l\u2019\u00e9glise sonnaient \u00e0 toute vol\u00e9e pour annoncer l\u2019arriv\u00e9e de cette d\u00e9l\u00e9gation venue du pays du Soleil Levant, en partie compos\u00e9e de religieuses et de quelques la\u00efcs et conduite par l\u2019archev\u00eaque de Nagasaki et d\u2019un missionnaire fran\u00e7ais. L\u2019eucharistie \u00e9tait conc\u00e9l\u00e9br\u00e9e par 7 pr\u00eatres, dont le p\u00e8re Genet, vicaire \u00e9piscopal, repr\u00e9sentant l\u2019\u00e9v\u00eaque, en pr\u00e9sence de Monsieur le Maire et son \u00e9pouse. Les mains jointes, le recueillement des religieuses, l\u2019alternance de la langue fran\u00e7aise et japonaise rendaient cette c\u00e9l\u00e9bration tr\u00e8s prenante. A la fin, notre sympathique diacre qui s\u2019\u00e9tait fait fort de faire l\u2019envoi en japonais a d\u00e9clench\u00e9 l\u2019hilarit\u00e9 de nos invit\u00e9s ! Il faut dire que du japonais d\u00e9butant m\u00e2tin\u00e9 d\u2019accent charentais prononc\u00e9, cela n\u2019avait rien de triste&#8230;<\/p>\n<p>[\/et_pb_text][\/et_pb_column][\/et_pb_row][et_pb_row column_structure=\u00a0\u00bb3_4,1_4&Prime; _builder_version=\u00a0\u00bb4.21.0&Prime; _module_preset=\u00a0\u00bbdefault\u00a0\u00bb global_colors_info=\u00a0\u00bb{}\u00a0\u00bb theme_builder_area=\u00a0\u00bbpost_content\u00a0\u00bb][et_pb_column type=\u00a0\u00bb3_4&Prime; _builder_version=\u00a0\u00bb4.21.0&Prime; _module_preset=\u00a0\u00bbdefault\u00a0\u00bb global_colors_info=\u00a0\u00bb{}\u00a0\u00bb theme_builder_area=\u00a0\u00bbpost_content\u00a0\u00bb][et_pb_text _builder_version=\u00a0\u00bb4.21.0&Prime; _module_preset=\u00a0\u00bbdefault\u00a0\u00bb global_colors_info=\u00a0\u00bb{}\u00a0\u00bb theme_builder_area=\u00a0\u00bbpost_content\u00a0\u00bb]<\/p>\n<p>A la sortie, les petites s\u0153urs formaient spontan\u00e9ment une haie d\u2019honneur pour saluer chacun avec d\u00e9f\u00e9rence et une exquise gentillesse, multipliant les \u00ab aligato \u00bb, c\u2019est-\u00e0-dire \u00ab merci \u00bb. Sur le parvis, la table \u00e9tait dress\u00e9e pour un vin d\u2019honneur et un temps de joyeuse fraternit\u00e9. Prudentes, nos religieuses se firent servir de l\u2019eau, go\u00fbt\u00e8rent au pineau du bout des l\u00e8vres mais firent leurs d\u00e9lices de la galette charentaise.<\/p>\n<p>Ensuite, le p\u00e8re Pascal Delage recevait la d\u00e9l\u00e9gation et les pr\u00eatres sous les arbres du presbyt\u00e8re pour un buffet pr\u00e9par\u00e9, dans la discr\u00e9tion, par de nombreuses bonnes volont\u00e9s et servi par une poign\u00e9e de b\u00e9n\u00e9voles. C\u2019\u00e9tait le temps de se redire comment nos visiteurs nous avaient redonn\u00e9 le P\u00e8re Fraineau et \u00f4 combien enrichis de ce bel exemple. On reste pantois devant la foi et le courage de ces jeunes hommes, d\u00e9bordant d\u2019\u00e9nergie, quittant leurs attaches pour se consacrer \u00e0 la mission et ne plus revenir !<\/p>\n<p>[\/et_pb_text][\/et_pb_column][et_pb_column type=\u00a0\u00bb1_4&Prime; _builder_version=\u00a0\u00bb4.21.0&Prime; _module_preset=\u00a0\u00bbdefault\u00a0\u00bb global_colors_info=\u00a0\u00bb{}\u00a0\u00bb theme_builder_area=\u00a0\u00bbpost_content\u00a0\u00bb][et_pb_image src=\u00a0\u00bbhttps:\/\/catholiques17.fr\/jonzac\/wp-content\/uploads\/sites\/39\/2024\/09\/visite-de-la-communaute-japonaise8.jpg\u00a0\u00bb title_text=\u00a0\u00bbvisite de la communaut\u00e9 japonaise8&Prime; _builder_version=\u00a0\u00bb4.21.0&Prime; _module_preset=\u00a0\u00bbdefault\u00a0\u00bb global_colors_info=\u00a0\u00bb{}\u00a0\u00bb theme_builder_area=\u00a0\u00bbpost_content\u00a0\u00bb][\/et_pb_image][\/et_pb_column][\/et_pb_row][et_pb_row column_structure=\u00a0\u00bb1_4,3_4&Prime; _builder_version=\u00a0\u00bb4.21.0&Prime; _module_preset=\u00a0\u00bbdefault\u00a0\u00bb global_colors_info=\u00a0\u00bb{}\u00a0\u00bb theme_builder_area=\u00a0\u00bbpost_content\u00a0\u00bb][et_pb_column type=\u00a0\u00bb1_4&Prime; _builder_version=\u00a0\u00bb4.21.0&Prime; _module_preset=\u00a0\u00bbdefault\u00a0\u00bb global_colors_info=\u00a0\u00bb{}\u00a0\u00bb theme_builder_area=\u00a0\u00bbpost_content\u00a0\u00bb][et_pb_image src=\u00a0\u00bbhttps:\/\/catholiques17.fr\/jonzac\/wp-content\/uploads\/sites\/39\/2024\/09\/visite-de-la-communaute-japonaise9.jpg\u00a0\u00bb title_text=\u00a0\u00bbvisite de la communaut\u00e9 japonaise9&Prime; _builder_version=\u00a0\u00bb4.21.0&Prime; _module_preset=\u00a0\u00bbdefault\u00a0\u00bb global_colors_info=\u00a0\u00bb{}\u00a0\u00bb theme_builder_area=\u00a0\u00bbpost_content\u00a0\u00bb][\/et_pb_image][\/et_pb_column][et_pb_column type=\u00a0\u00bb3_4&Prime; _builder_version=\u00a0\u00bb4.21.0&Prime; _module_preset=\u00a0\u00bbdefault\u00a0\u00bb global_colors_info=\u00a0\u00bb{}\u00a0\u00bb theme_builder_area=\u00a0\u00bbpost_content\u00a0\u00bb][et_pb_text _builder_version=\u00a0\u00bb4.21.0&Prime; _module_preset=\u00a0\u00bbdefault\u00a0\u00bb global_colors_info=\u00a0\u00bb{}\u00a0\u00bb theme_builder_area=\u00a0\u00bbpost_content\u00a0\u00bb]<\/p>\n<p>Si \u00e0 la table des pr\u00eatres on parlait le fran\u00e7ais, si plus loin on avait la pr\u00e9sence d\u2019une interpr\u00e8te ou d\u2019un jeune Jonzacais dipl\u00f4m\u00e9 de japonais, ailleurs les \u00e9changes se faisaient avec des gestes, force sourires et inclinations de t\u00eate tout \u00e0 fait charmants&#8230; Ce qui faisait \u00e9crire, un si\u00e8cle et demi plus t\u00f4t \u00e0 Pierre-Th\u00e9odore, s\u2019adressant \u00e0 son \u00e9v\u00eaque : \u00ab Ces populations sont pacifiques et les personnes tr\u00e8s polies et souriantes \u00bb.<\/p>\n<p>[\/et_pb_text][\/et_pb_column][\/et_pb_row][et_pb_row column_structure=\u00a0\u00bb3_4,1_4&Prime; _builder_version=\u00a0\u00bb4.21.0&Prime; _module_preset=\u00a0\u00bbdefault\u00a0\u00bb global_colors_info=\u00a0\u00bb{}\u00a0\u00bb theme_builder_area=\u00a0\u00bbpost_content\u00a0\u00bb][et_pb_column type=\u00a0\u00bb3_4&Prime; _builder_version=\u00a0\u00bb4.21.0&Prime; _module_preset=\u00a0\u00bbdefault\u00a0\u00bb global_colors_info=\u00a0\u00bb{}\u00a0\u00bb theme_builder_area=\u00a0\u00bbpost_content\u00a0\u00bb][et_pb_text _builder_version=\u00a0\u00bb4.21.0&Prime; _module_preset=\u00a0\u00bbdefault\u00a0\u00bb global_colors_info=\u00a0\u00bb{}\u00a0\u00bb theme_builder_area=\u00a0\u00bbpost_content\u00a0\u00bb]<\/p>\n<p>A l\u2019heure du dessert, M<sup class=\"typo_exposants\">gr<\/sup> Takami remettait documents et friandises typiques, tandis que nos invit\u00e9s recevaient chacun une mignonnette de Cognac illustr\u00e9e par la photo de l\u2019\u00e9glise de Jonzac, ce qui avait l\u2019air de mettre en joie nos religieuses\u00a0! A n\u2019en pas douter, notre production locale fera bon m\u00e9nage au fond des sacs avec l\u2019eau de Lourdes, pr\u00e9c\u00e9dente \u00e9tape de ceux que nous appelons d\u00e9sormais nos fr\u00e8res et s\u0153urs japonais.<\/p>\n<p>[\/et_pb_text][\/et_pb_column][et_pb_column type=\u00a0\u00bb1_4&Prime; _builder_version=\u00a0\u00bb4.21.0&Prime; _module_preset=\u00a0\u00bbdefault\u00a0\u00bb global_colors_info=\u00a0\u00bb{}\u00a0\u00bb theme_builder_area=\u00a0\u00bbpost_content\u00a0\u00bb][et_pb_image src=\u00a0\u00bbhttps:\/\/catholiques17.fr\/jonzac\/wp-content\/uploads\/sites\/39\/2024\/09\/visite-de-la-communaute-japonaise10.jpg\u00a0\u00bb title_text=\u00a0\u00bbvisite de la communaut\u00e9 japonaise10&Prime; _builder_version=\u00a0\u00bb4.21.0&Prime; _module_preset=\u00a0\u00bbdefault\u00a0\u00bb global_colors_info=\u00a0\u00bb{}\u00a0\u00bb theme_builder_area=\u00a0\u00bbpost_content\u00a0\u00bb][\/et_pb_image][\/et_pb_column][\/et_pb_row][et_pb_row column_structure=\u00a0\u00bb3_4,1_4&Prime; _builder_version=\u00a0\u00bb4.21.0&Prime; _module_preset=\u00a0\u00bbdefault\u00a0\u00bb global_colors_info=\u00a0\u00bb{}\u00a0\u00bb theme_builder_area=\u00a0\u00bbpost_content\u00a0\u00bb][et_pb_column type=\u00a0\u00bb3_4&Prime; _builder_version=\u00a0\u00bb4.21.0&Prime; _module_preset=\u00a0\u00bbdefault\u00a0\u00bb global_colors_info=\u00a0\u00bb{}\u00a0\u00bb theme_builder_area=\u00a0\u00bbpost_content\u00a0\u00bb][et_pb_text _builder_version=\u00a0\u00bb4.21.0&Prime; _module_preset=\u00a0\u00bbdefault\u00a0\u00bb global_colors_info=\u00a0\u00bb{}\u00a0\u00bb theme_builder_area=\u00a0\u00bbpost_content\u00a0\u00bb]<\/p>\n<p style=\"text-align: right\">Annie ROBERT<\/p>\n<p>[\/et_pb_text][\/et_pb_column][et_pb_column type=\u00a0\u00bb1_4&Prime; _builder_version=\u00a0\u00bb4.21.0&Prime; _module_preset=\u00a0\u00bbdefault\u00a0\u00bb global_colors_info=\u00a0\u00bb{}\u00a0\u00bb theme_builder_area=\u00a0\u00bbpost_content\u00a0\u00bb][\/et_pb_column][\/et_pb_row][\/et_pb_section]<\/p>\n","protected":false},"excerpt":{"rendered":"<p>FRAINEAU, Pierre-Th\u00e9odore, naquit \u00e0 Jonzac (Charente-Inf\u00e9rieure) le 10 octobre 1847, fit ses \u00e9tudes au s\u00e9minaire-coll\u00e8ge de Montlieu et au grand s\u00e9minaire de La Rochelle. Il \u00e9tait d\u00e9sireux de se consacrer [&hellip;]<\/p>\n","protected":false},"author":65,"featured_media":0,"parent":7321,"menu_order":0,"comment_status":"closed","ping_status":"closed","template":"","meta":{"_et_pb_use_builder":"on","_et_pb_old_content":"","_et_gb_content_width":"","footnotes":""},"class_list":["post-8258","page","type-page","status-publish","hentry"],"_links":{"self":[{"href":"https:\/\/catholiques17.fr\/jonzac\/wp-json\/wp\/v2\/pages\/8258","targetHints":{"allow":["GET"]}}],"collection":[{"href":"https:\/\/catholiques17.fr\/jonzac\/wp-json\/wp\/v2\/pages"}],"about":[{"href":"https:\/\/catholiques17.fr\/jonzac\/wp-json\/wp\/v2\/types\/page"}],"author":[{"embeddable":true,"href":"https:\/\/catholiques17.fr\/jonzac\/wp-json\/wp\/v2\/users\/65"}],"replies":[{"embeddable":true,"href":"https:\/\/catholiques17.fr\/jonzac\/wp-json\/wp\/v2\/comments?post=8258"}],"version-history":[{"count":5,"href":"https:\/\/catholiques17.fr\/jonzac\/wp-json\/wp\/v2\/pages\/8258\/revisions"}],"predecessor-version":[{"id":8477,"href":"https:\/\/catholiques17.fr\/jonzac\/wp-json\/wp\/v2\/pages\/8258\/revisions\/8477"}],"up":[{"embeddable":true,"href":"https:\/\/catholiques17.fr\/jonzac\/wp-json\/wp\/v2\/pages\/7321"}],"wp:attachment":[{"href":"https:\/\/catholiques17.fr\/jonzac\/wp-json\/wp\/v2\/media?parent=8258"}],"curies":[{"name":"wp","href":"https:\/\/api.w.org\/{rel}","templated":true}]}}