{"id":7329,"date":"2024-06-27T15:26:58","date_gmt":"2024-06-27T13:26:58","guid":{"rendered":"https:\/\/catholiques17.fr\/jonzac\/?page_id=7329"},"modified":"2024-09-20T01:19:50","modified_gmt":"2024-09-19T23:19:50","slug":"est","status":"publish","type":"page","link":"https:\/\/catholiques17.fr\/jonzac\/histoire-et-patrimoine\/nos-eglises\/est\/","title":{"rendered":"Est"},"content":{"rendered":"<p>[et_pb_section fb_built=\u00a0\u00bb1&Prime; _builder_version=\u00a0\u00bb4.21.0&Prime; _module_preset=\u00a0\u00bbdefault\u00a0\u00bb custom_padding=\u00a0\u00bb7px|||||\u00a0\u00bb global_colors_info=\u00a0\u00bb{}\u00a0\u00bb theme_builder_area=\u00a0\u00bbpost_content\u00a0\u00bb][et_pb_row _builder_version=\u00a0\u00bb4.21.0&Prime; _module_preset=\u00a0\u00bbdefault\u00a0\u00bb background_color=\u00a0\u00bb#0C71C3&Prime; global_colors_info=\u00a0\u00bb{}\u00a0\u00bb theme_builder_area=\u00a0\u00bbpost_content\u00a0\u00bb][et_pb_column type=\u00a0\u00bb4_4&Prime; _builder_version=\u00a0\u00bb4.21.0&Prime; _module_preset=\u00a0\u00bbdefault\u00a0\u00bb global_colors_info=\u00a0\u00bb{}\u00a0\u00bb theme_builder_area=\u00a0\u00bbpost_content\u00a0\u00bb][et_pb_text _builder_version=\u00a0\u00bb4.21.0&Prime; _module_preset=\u00a0\u00bbdefault\u00a0\u00bb global_colors_info=\u00a0\u00bb{}\u00a0\u00bb theme_builder_area=\u00a0\u00bbpost_content\u00a0\u00bb]<\/p>\n<p style=\"text-align: center\"><span style=\"color: #ffffff\"><strong>\u00a0 \u00a0D\u00e9couvrez<\/strong> les \u00e9glises de Chaunac,\u00a0 L\u00e9oville,\u00a0 Messac, Mortiers, St M\u00e9dard, Vanzac, Vibrac.<br \/><\/span><\/p>\n<p>[\/et_pb_text][\/et_pb_column][\/et_pb_row][et_pb_row _builder_version=\u00a0\u00bb4.21.0&Prime; _module_preset=\u00a0\u00bbdefault\u00a0\u00bb global_colors_info=\u00a0\u00bb{}\u00a0\u00bb theme_builder_area=\u00a0\u00bbpost_content\u00a0\u00bb][et_pb_column type=\u00a0\u00bb4_4&Prime; _builder_version=\u00a0\u00bb4.21.0&Prime; _module_preset=\u00a0\u00bbdefault\u00a0\u00bb global_colors_info=\u00a0\u00bb{}\u00a0\u00bb theme_builder_area=\u00a0\u00bbpost_content\u00a0\u00bb][et_pb_divider show_divider=\u00a0\u00bboff\u00a0\u00bb _builder_version=\u00a0\u00bb4.21.0&Prime; _module_preset=\u00a0\u00bbdefault\u00a0\u00bb global_colors_info=\u00a0\u00bb{}\u00a0\u00bb theme_builder_area=\u00a0\u00bbpost_content\u00a0\u00bb][\/et_pb_divider][\/et_pb_column][\/et_pb_row][et_pb_row column_structure=\u00a0\u00bb2_5,3_5&Prime; _builder_version=\u00a0\u00bb4.21.0&Prime; _module_preset=\u00a0\u00bbdefault\u00a0\u00bb global_colors_info=\u00a0\u00bb{}\u00a0\u00bb theme_builder_area=\u00a0\u00bbpost_content\u00a0\u00bb][et_pb_column type=\u00a0\u00bb2_5&Prime; _builder_version=\u00a0\u00bb4.21.0&Prime; _module_preset=\u00a0\u00bbdefault\u00a0\u00bb global_colors_info=\u00a0\u00bb{}\u00a0\u00bb theme_builder_area=\u00a0\u00bbpost_content\u00a0\u00bb][et_pb_image src=\u00a0\u00bbhttps:\/\/catholiques17.fr\/jonzac\/wp-content\/uploads\/sites\/39\/2024\/09\/Eglise-St-Sulpice-de-Chaunac.jpg\u00a0\u00bb title_text=\u00a0\u00bbEglise St Sulpice de Chaunac\u00a0\u00bb _builder_version=\u00a0\u00bb4.21.0&Prime; _module_preset=\u00a0\u00bbdefault\u00a0\u00bb global_colors_info=\u00a0\u00bb{}\u00a0\u00bb theme_builder_area=\u00a0\u00bbpost_content\u00a0\u00bb][\/et_pb_image][\/et_pb_column][et_pb_column type=\u00a0\u00bb3_5&Prime; _builder_version=\u00a0\u00bb4.21.0&Prime; _module_preset=\u00a0\u00bbdefault\u00a0\u00bb global_colors_info=\u00a0\u00bb{}\u00a0\u00bb theme_builder_area=\u00a0\u00bbpost_content\u00a0\u00bb][et_pb_text _builder_version=\u00a0\u00bb4.21.0&Prime; _module_preset=\u00a0\u00bbdefault\u00a0\u00bb custom_margin=\u00a0\u00bb||11px|||\u00a0\u00bb global_colors_info=\u00a0\u00bb{}\u00a0\u00bb theme_builder_area=\u00a0\u00bbpost_content\u00a0\u00bb]<\/p>\n<h1>\u00c9glise Saint Sulpice de CHAUNAC<\/h1>\n<p>[\/et_pb_text][et_pb_text _builder_version=\u00a0\u00bb4.21.0&Prime; _module_preset=\u00a0\u00bbdefault\u00a0\u00bb custom_margin=\u00a0\u00bb||-6px|||\u00a0\u00bb global_colors_info=\u00a0\u00bb{}\u00a0\u00bb theme_builder_area=\u00a0\u00bbpost_content\u00a0\u00bb]<\/p>\n<p><span class=\"lettrine\">C<\/span>omme celles de toutes les paroisses d\u00e9pendant alors de la ch\u00e2tellenie de Montendre, l\u2019\u00e9glise de Chaunac, probablement romane, fut ras\u00e9e au cours de la troisi\u00e8me guerre de Religion. Fran\u00e7ois de la Rochefoucauld, baron de Montendre, n\u2019\u00e9tait-il pas lui-m\u00eame, en 1574, l\u2019un des principaux chefs de la religion r\u00e9form\u00e9e en Saintonge\u00a0! L\u2019\u00e9glise actuelle fut reconstruite au XVII<sup class=\"typo_exposants\">\u00e8me<\/sup> si\u00e8cle et sa fa\u00e7ade refaite au XIX<sup class=\"typo_exposants\">\u00e8me<\/sup> si\u00e8cle.<\/p>\n<p>Elle est pr\u00e9c\u00e9d\u00e9e d\u2019un ballet et surmont\u00e9e d\u2019un campanile ajour\u00e9. A l\u2019int\u00e9rieur de l\u2019\u00e9glise est conserv\u00e9e la cloche fondue en 1546 et que n\u2019ont d\u00e9truite ni la r\u00e9volte de 1548 contre l\u2019imp\u00f4t de la gabelle, ni la d\u00e9molition de l\u2019\u00e9glise par les huguenots en 1568 et 1569. Cette cloche porte, moul\u00e9e dans le bronze, l\u2019inscription\u00a0: Saint \u00ab\u00a0Supplice\u00a0\u00bb de Chaunac, d\u00e9formation courante en parler saintongeais de saint \u00ab\u00a0Sulpice\u00a0\u00bb, le patron de l\u2019\u00e9glise et de la paroisse.<a href=\"http:\/\/saint.eutrope.free.fr\/spip.php?rubrique30\"> Saint Sulpice, \u00e9v\u00eaque de Bourges (\u2020 vers 647)<\/a>.<\/p>\n<p>[\/et_pb_text][\/et_pb_column][\/et_pb_row][et_pb_row column_structure=\u00a0\u00bb1_3,1_3,1_3&Prime; _builder_version=\u00a0\u00bb4.21.0&Prime; _module_preset=\u00a0\u00bbdefault\u00a0\u00bb border_color_all=\u00a0\u00bb#F49A24&Prime; global_colors_info=\u00a0\u00bb{}\u00a0\u00bb theme_builder_area=\u00a0\u00bbpost_content\u00a0\u00bb][et_pb_column type=\u00a0\u00bb1_3&Prime; _builder_version=\u00a0\u00bb4.21.0&Prime; _module_preset=\u00a0\u00bbdefault\u00a0\u00bb global_colors_info=\u00a0\u00bb{}\u00a0\u00bb theme_builder_area=\u00a0\u00bbpost_content\u00a0\u00bb][et_pb_image src=\u00a0\u00bbhttps:\/\/catholiques17.fr\/jonzac\/wp-content\/uploads\/sites\/39\/2024\/09\/Eglise-St-Sulpice-de-Chaunac2.jpg\u00a0\u00bb title_text=\u00a0\u00bbEglise St Sulpice de Chaunac2&Prime; show_in_lightbox=\u00a0\u00bbon\u00a0\u00bb _builder_version=\u00a0\u00bb4.21.0&Prime; _module_preset=\u00a0\u00bbdefault\u00a0\u00bb box_shadow_style=\u00a0\u00bbpreset3&Prime; global_colors_info=\u00a0\u00bb{}\u00a0\u00bb theme_builder_area=\u00a0\u00bbpost_content\u00a0\u00bb][\/et_pb_image][\/et_pb_column][et_pb_column type=\u00a0\u00bb1_3&Prime; _builder_version=\u00a0\u00bb4.21.0&Prime; _module_preset=\u00a0\u00bbdefault\u00a0\u00bb global_colors_info=\u00a0\u00bb{}\u00a0\u00bb theme_builder_area=\u00a0\u00bbpost_content\u00a0\u00bb][et_pb_image src=\u00a0\u00bbhttps:\/\/catholiques17.fr\/jonzac\/wp-content\/uploads\/sites\/39\/2024\/09\/Eglise-St-Sulpice-de-Chaunac3.jpg\u00a0\u00bb title_text=\u00a0\u00bbEglise St Sulpice de Chaunac3&Prime; show_in_lightbox=\u00a0\u00bbon\u00a0\u00bb _builder_version=\u00a0\u00bb4.21.0&Prime; _module_preset=\u00a0\u00bbdefault\u00a0\u00bb box_shadow_style=\u00a0\u00bbpreset3&Prime; global_colors_info=\u00a0\u00bb{}\u00a0\u00bb theme_builder_area=\u00a0\u00bbpost_content\u00a0\u00bb][\/et_pb_image][\/et_pb_column][et_pb_column type=\u00a0\u00bb1_3&Prime; _builder_version=\u00a0\u00bb4.21.0&Prime; _module_preset=\u00a0\u00bbdefault\u00a0\u00bb global_colors_info=\u00a0\u00bb{}\u00a0\u00bb theme_builder_area=\u00a0\u00bbpost_content\u00a0\u00bb][et_pb_image src=\u00a0\u00bbhttps:\/\/catholiques17.fr\/jonzac\/wp-content\/uploads\/sites\/39\/2024\/09\/Eglise-St-Sulpice-de-Chaunac4.jpg\u00a0\u00bb title_text=\u00a0\u00bbEglise St Sulpice de Chaunac4&Prime; show_in_lightbox=\u00a0\u00bbon\u00a0\u00bb _builder_version=\u00a0\u00bb4.21.0&Prime; _module_preset=\u00a0\u00bbdefault\u00a0\u00bb box_shadow_style=\u00a0\u00bbpreset3&Prime; global_colors_info=\u00a0\u00bb{}\u00a0\u00bb theme_builder_area=\u00a0\u00bbpost_content\u00a0\u00bb][\/et_pb_image][\/et_pb_column][\/et_pb_row][et_pb_row _builder_version=\u00a0\u00bb4.21.0&Prime; _module_preset=\u00a0\u00bbdefault\u00a0\u00bb global_colors_info=\u00a0\u00bb{}\u00a0\u00bb theme_builder_area=\u00a0\u00bbpost_content\u00a0\u00bb][et_pb_column type=\u00a0\u00bb4_4&Prime; _builder_version=\u00a0\u00bb4.21.0&Prime; _module_preset=\u00a0\u00bbdefault\u00a0\u00bb global_colors_info=\u00a0\u00bb{}\u00a0\u00bb theme_builder_area=\u00a0\u00bbpost_content\u00a0\u00bb][et_pb_divider color=\u00a0\u00bb#0C71C3&Prime; divider_weight=\u00a0\u00bb2px\u00a0\u00bb _builder_version=\u00a0\u00bb4.21.0&Prime; _module_preset=\u00a0\u00bbdefault\u00a0\u00bb global_colors_info=\u00a0\u00bb{}\u00a0\u00bb theme_builder_area=\u00a0\u00bbpost_content\u00a0\u00bb][\/et_pb_divider][\/et_pb_column][\/et_pb_row][et_pb_row column_structure=\u00a0\u00bb2_5,3_5&Prime; _builder_version=\u00a0\u00bb4.21.0&Prime; _module_preset=\u00a0\u00bbdefault\u00a0\u00bb global_colors_info=\u00a0\u00bb{}\u00a0\u00bb theme_builder_area=\u00a0\u00bbpost_content\u00a0\u00bb][et_pb_column type=\u00a0\u00bb2_5&Prime; _builder_version=\u00a0\u00bb4.21.0&Prime; _module_preset=\u00a0\u00bbdefault\u00a0\u00bb global_colors_info=\u00a0\u00bb{}\u00a0\u00bb theme_builder_area=\u00a0\u00bbpost_content\u00a0\u00bb][et_pb_image src=\u00a0\u00bbhttps:\/\/catholiques17.fr\/jonzac\/wp-content\/uploads\/sites\/39\/2024\/09\/Eglise-St-Christophe-de-Leoville.jpg\u00a0\u00bb title_text=\u00a0\u00bbEglise St Christophe de L\u00e9oville\u00a0\u00bb _builder_version=\u00a0\u00bb4.21.0&Prime; _module_preset=\u00a0\u00bbdefault\u00a0\u00bb global_colors_info=\u00a0\u00bb{}\u00a0\u00bb theme_builder_area=\u00a0\u00bbpost_content\u00a0\u00bb][\/et_pb_image][et_pb_image src=\u00a0\u00bbhttps:\/\/catholiques17.fr\/jonzac\/wp-content\/uploads\/sites\/39\/2024\/09\/Eglise-St-Christophe-de-Leoville4.jpg\u00a0\u00bb title_text=\u00a0\u00bbEglise St Christophe de L\u00e9oville4&Prime; _builder_version=\u00a0\u00bb4.21.0&Prime; _module_preset=\u00a0\u00bbdefault\u00a0\u00bb global_colors_info=\u00a0\u00bb{}\u00a0\u00bb theme_builder_area=\u00a0\u00bbpost_content\u00a0\u00bb][\/et_pb_image][\/et_pb_column][et_pb_column type=\u00a0\u00bb3_5&Prime; _builder_version=\u00a0\u00bb4.21.0&Prime; _module_preset=\u00a0\u00bbdefault\u00a0\u00bb global_colors_info=\u00a0\u00bb{}\u00a0\u00bb theme_builder_area=\u00a0\u00bbpost_content\u00a0\u00bb][et_pb_text _builder_version=\u00a0\u00bb4.21.0&Prime; _module_preset=\u00a0\u00bbdefault\u00a0\u00bb custom_margin=\u00a0\u00bb||11px|||\u00a0\u00bb global_colors_info=\u00a0\u00bb{}\u00a0\u00bb theme_builder_area=\u00a0\u00bbpost_content\u00a0\u00bb]<\/p>\n<h1>\u00c9glise Saint Christophe de LEOVILLE<\/h1>\n<p><strong>\u00a0<\/strong><\/p>\n<p>[\/et_pb_text][et_pb_text _builder_version=\u00a0\u00bb4.21.0&Prime; _module_preset=\u00a0\u00bbdefault\u00a0\u00bb custom_margin=\u00a0\u00bb||-6px|||\u00a0\u00bb global_colors_info=\u00a0\u00bb{}\u00a0\u00bb theme_builder_area=\u00a0\u00bbpost_content\u00a0\u00bb]<\/p>\n<p><span class=\"lettrine\">L<\/span>\u2019\u00e9glise <a href=\"http:\/\/saint.eutrope.free.fr\/spip.php?rubrique34\">Saint-Christophe<\/a> va nous r\u00e9v\u00e9ler bien des surprises. Pass\u00e9 son porche gothique b\u00e2ti au XV<sup class=\"typo_exposants\">\u00e8me<\/sup> si\u00e8cle, nous d\u00e9couvrons que ce dernier a \u00e9t\u00e9 \u00e9lev\u00e9 devant le portail du XIII<sup class=\"typo_exposants\">\u00e8me<\/sup> si\u00e8cle donnant ainsi naissance \u00e0 un <i>narthex<\/i>, chose fort rare en nos contr\u00e9es saintongeaises. L\u00e0 se trouvaient autrefois deux autels d\u00e9di\u00e9s \u00e0 saint Fabien et saint S\u00e9bastien, le premier passant pour prot\u00e9ger les troupeaux des \u00e9pid\u00e9mies, le second pour sauver les humains de ce terrible fl\u00e9au des temps anciens qu\u2019\u00e9tait la peste. Restons encore un instant dans le narthex. Une inscription \u00e0 peine lisible date des ann\u00e9es 1793-1794\u00a0: \u00ab\u00a0Les Fran\u00e7ais reconnaissent l\u2019existence de l\u2019Etre supr\u00eame et de l\u2019immortalit\u00e9 de l\u2019\u00e2me\u00a0\u00bb. La section r\u00e9volutionnaire de L\u00e9oville \u00e9tait particuli\u00e8rement active en ces ann\u00e9es et on envoya le cur\u00e9 r\u00e9fractaire en d\u00e9portation\u00a0!<\/p>\n<p>Passons maintenant dans la nef du XIII<sup class=\"typo_exposants\">\u00e8me<\/sup> si\u00e8cle et nous sommes saisis par la beaut\u00e9 d\u00e9pouill\u00e9e du ch\u0153ur roman d\u2019o\u00f9 se d\u00e9tachent trois petites fen\u00eatres \u00e0 colonnettes diffusant une triple et unique lumi\u00e8re, t\u00e9moignage de Foi s\u00e9culaire rendu \u00e0 la Sainte Trinit\u00e9. T\u00e9moin des temps troubl\u00e9s de la guerre de Cent-Ans, de la terrible peste noire de 1348-1349, une repr\u00e9sentation de la mort couronn\u00e9e, peinte sur un pilier, est unique dans la r\u00e9gion tout comme la petite peinture d\u2019un saint dans une niche qui s\u2019apparente \u00e9trangement aux ic\u00f4nes des \u00e9glises d\u2019Orient. L\u2019\u00e9glise, restaur\u00e9e par les bons soins de la municipalit\u00e9 en 1996- 1998, vient de retrouver r\u00e9cemment ses stalles anciennes remises en \u00e9tat par les chantiers d\u2019insertion.<\/p>\n<p>[\/et_pb_text][\/et_pb_column][\/et_pb_row][et_pb_row column_structure=\u00a0\u00bb1_3,1_3,1_3&Prime; _builder_version=\u00a0\u00bb4.21.0&Prime; _module_preset=\u00a0\u00bbdefault\u00a0\u00bb border_color_all=\u00a0\u00bb#F49A24&Prime; global_colors_info=\u00a0\u00bb{}\u00a0\u00bb theme_builder_area=\u00a0\u00bbpost_content\u00a0\u00bb][et_pb_column type=\u00a0\u00bb1_3&Prime; _builder_version=\u00a0\u00bb4.21.0&Prime; _module_preset=\u00a0\u00bbdefault\u00a0\u00bb global_colors_info=\u00a0\u00bb{}\u00a0\u00bb theme_builder_area=\u00a0\u00bbpost_content\u00a0\u00bb][et_pb_image src=\u00a0\u00bbhttps:\/\/catholiques17.fr\/jonzac\/wp-content\/uploads\/sites\/39\/2024\/09\/Eglise-St-Christophe-de-Leoville3.jpg\u00a0\u00bb title_text=\u00a0\u00bbEglise St Christophe de L\u00e9oville3&Prime; show_in_lightbox=\u00a0\u00bbon\u00a0\u00bb _builder_version=\u00a0\u00bb4.21.0&Prime; _module_preset=\u00a0\u00bbdefault\u00a0\u00bb box_shadow_style=\u00a0\u00bbpreset3&Prime; global_colors_info=\u00a0\u00bb{}\u00a0\u00bb theme_builder_area=\u00a0\u00bbpost_content\u00a0\u00bb][\/et_pb_image][\/et_pb_column][et_pb_column type=\u00a0\u00bb1_3&Prime; _builder_version=\u00a0\u00bb4.21.0&Prime; _module_preset=\u00a0\u00bbdefault\u00a0\u00bb global_colors_info=\u00a0\u00bb{}\u00a0\u00bb theme_builder_area=\u00a0\u00bbpost_content\u00a0\u00bb][et_pb_image src=\u00a0\u00bbhttps:\/\/catholiques17.fr\/jonzac\/wp-content\/uploads\/sites\/39\/2024\/09\/Eglise-St-Christophe-de-Leoville6.jpg\u00a0\u00bb title_text=\u00a0\u00bbEglise St Christophe de L\u00e9oville6&Prime; show_in_lightbox=\u00a0\u00bbon\u00a0\u00bb _builder_version=\u00a0\u00bb4.21.0&Prime; _module_preset=\u00a0\u00bbdefault\u00a0\u00bb box_shadow_style=\u00a0\u00bbpreset3&Prime; global_colors_info=\u00a0\u00bb{}\u00a0\u00bb theme_builder_area=\u00a0\u00bbpost_content\u00a0\u00bb][\/et_pb_image][\/et_pb_column][et_pb_column type=\u00a0\u00bb1_3&Prime; _builder_version=\u00a0\u00bb4.21.0&Prime; _module_preset=\u00a0\u00bbdefault\u00a0\u00bb global_colors_info=\u00a0\u00bb{}\u00a0\u00bb theme_builder_area=\u00a0\u00bbpost_content\u00a0\u00bb][et_pb_image src=\u00a0\u00bbhttps:\/\/catholiques17.fr\/jonzac\/wp-content\/uploads\/sites\/39\/2024\/09\/Eglise-St-Christophe-de-Leoville7.jpg\u00a0\u00bb title_text=\u00a0\u00bbEglise St Christophe de L\u00e9oville7&Prime; _builder_version=\u00a0\u00bb4.21.0&Prime; _module_preset=\u00a0\u00bbdefault\u00a0\u00bb box_shadow_style=\u00a0\u00bbpreset3&Prime; global_colors_info=\u00a0\u00bb{}\u00a0\u00bb theme_builder_area=\u00a0\u00bbpost_content\u00a0\u00bb][\/et_pb_image][\/et_pb_column][\/et_pb_row][et_pb_row _builder_version=\u00a0\u00bb4.21.0&Prime; _module_preset=\u00a0\u00bbdefault\u00a0\u00bb global_colors_info=\u00a0\u00bb{}\u00a0\u00bb theme_builder_area=\u00a0\u00bbpost_content\u00a0\u00bb][et_pb_column type=\u00a0\u00bb4_4&Prime; _builder_version=\u00a0\u00bb4.21.0&Prime; _module_preset=\u00a0\u00bbdefault\u00a0\u00bb global_colors_info=\u00a0\u00bb{}\u00a0\u00bb theme_builder_area=\u00a0\u00bbpost_content\u00a0\u00bb][et_pb_divider color=\u00a0\u00bb#0C71C3&Prime; divider_weight=\u00a0\u00bb2px\u00a0\u00bb _builder_version=\u00a0\u00bb4.21.0&Prime; _module_preset=\u00a0\u00bbdefault\u00a0\u00bb global_colors_info=\u00a0\u00bb{}\u00a0\u00bb theme_builder_area=\u00a0\u00bbpost_content\u00a0\u00bb][\/et_pb_divider][\/et_pb_column][\/et_pb_row][et_pb_row column_structure=\u00a0\u00bb2_5,3_5&Prime; _builder_version=\u00a0\u00bb4.21.0&Prime; _module_preset=\u00a0\u00bbdefault\u00a0\u00bb global_colors_info=\u00a0\u00bb{}\u00a0\u00bb theme_builder_area=\u00a0\u00bbpost_content\u00a0\u00bb][et_pb_column type=\u00a0\u00bb2_5&Prime; _builder_version=\u00a0\u00bb4.21.0&Prime; _module_preset=\u00a0\u00bbdefault\u00a0\u00bb global_colors_info=\u00a0\u00bb{}\u00a0\u00bb theme_builder_area=\u00a0\u00bbpost_content\u00a0\u00bb][et_pb_image src=\u00a0\u00bbhttps:\/\/catholiques17.fr\/jonzac\/wp-content\/uploads\/sites\/39\/2024\/09\/Eglise-St-Felix-de-Chaunac.jpg\u00a0\u00bb title_text=\u00a0\u00bbEglise St F\u00e9lix de Chaunac\u00a0\u00bb _builder_version=\u00a0\u00bb4.21.0&Prime; _module_preset=\u00a0\u00bbdefault\u00a0\u00bb global_colors_info=\u00a0\u00bb{}\u00a0\u00bb theme_builder_area=\u00a0\u00bbpost_content\u00a0\u00bb][\/et_pb_image][\/et_pb_column][et_pb_column type=\u00a0\u00bb3_5&Prime; _builder_version=\u00a0\u00bb4.21.0&Prime; _module_preset=\u00a0\u00bbdefault\u00a0\u00bb global_colors_info=\u00a0\u00bb{}\u00a0\u00bb theme_builder_area=\u00a0\u00bbpost_content\u00a0\u00bb][et_pb_text _builder_version=\u00a0\u00bb4.21.0&Prime; _module_preset=\u00a0\u00bbdefault\u00a0\u00bb custom_margin=\u00a0\u00bb||11px|||\u00a0\u00bb global_colors_info=\u00a0\u00bb{}\u00a0\u00bb theme_builder_area=\u00a0\u00bbpost_content\u00a0\u00bb]<\/p>\n<h1>\u00c9glise Saint F\u00e9lix de MESSAC<\/h1>\n<p><strong>\u00a0<\/strong><\/p>\n<p>[\/et_pb_text][et_pb_text _builder_version=\u00a0\u00bb4.21.0&Prime; _module_preset=\u00a0\u00bbdefault\u00a0\u00bb custom_margin=\u00a0\u00bb||-6px|||\u00a0\u00bb global_colors_info=\u00a0\u00bb{}\u00a0\u00bb theme_builder_area=\u00a0\u00bbpost_content\u00a0\u00bb]<\/p>\n<p><span class=\"lettrine\"><\/span><span class=\"lettrine\">D<\/span>epuis le temps de ses premiers habitants \u00e0 l\u2019\u00e9poque gauloise, Messac a connu bien des vicissitudes dont t\u00e9moigne l\u2019existence de souterrains refuges creus\u00e9s lors des \u00e9poques troubl\u00e9es (guerre de Cent Ans, guerres de Religion &#8230; ), aussi n\u2019est parvenu jusqu\u2019\u00e0 nous que le mur nord de l\u2019\u00e9glise romane (XIII<sup class=\"typo_exposants\">e<\/sup> si\u00e8cle). Il est heureusement toujours possible d\u2019admirer le tabernacle \u00e0 la riche d\u00e9coration sculpt\u00e9e comprenant les statues du Christ et de la Vierge \u00e0 l\u2019enfant (XVIII<sup class=\"typo_exposants\">e<\/sup> si\u00e8cle), ainsi que celles de saint Augustin et de<a href=\"http:\/\/saint.eutrope.free.fr\/spip.php?rubrique36\"> saint F\u00e9lix<\/a>, le saint patron de l\u2019\u00e9glise.<\/p>\n<p>[\/et_pb_text][\/et_pb_column][\/et_pb_row][et_pb_row column_structure=\u00a0\u00bb1_3,1_3,1_3&Prime; _builder_version=\u00a0\u00bb4.21.0&Prime; _module_preset=\u00a0\u00bbdefault\u00a0\u00bb border_color_all=\u00a0\u00bb#F49A24&Prime; global_colors_info=\u00a0\u00bb{}\u00a0\u00bb theme_builder_area=\u00a0\u00bbpost_content\u00a0\u00bb][et_pb_column type=\u00a0\u00bb1_3&Prime; _builder_version=\u00a0\u00bb4.21.0&Prime; _module_preset=\u00a0\u00bbdefault\u00a0\u00bb global_colors_info=\u00a0\u00bb{}\u00a0\u00bb theme_builder_area=\u00a0\u00bbpost_content\u00a0\u00bb][et_pb_image src=\u00a0\u00bbhttps:\/\/catholiques17.fr\/jonzac\/wp-content\/uploads\/sites\/39\/2024\/09\/Eglise-St-Felix-de-Chaunac2.jpg\u00a0\u00bb title_text=\u00a0\u00bbEglise St F\u00e9lix de Chaunac2&Prime; show_in_lightbox=\u00a0\u00bbon\u00a0\u00bb _builder_version=\u00a0\u00bb4.21.0&Prime; _module_preset=\u00a0\u00bbdefault\u00a0\u00bb box_shadow_style=\u00a0\u00bbpreset3&Prime; global_colors_info=\u00a0\u00bb{}\u00a0\u00bb theme_builder_area=\u00a0\u00bbpost_content\u00a0\u00bb][\/et_pb_image][\/et_pb_column][et_pb_column type=\u00a0\u00bb1_3&Prime; _builder_version=\u00a0\u00bb4.21.0&Prime; _module_preset=\u00a0\u00bbdefault\u00a0\u00bb global_colors_info=\u00a0\u00bb{}\u00a0\u00bb theme_builder_area=\u00a0\u00bbpost_content\u00a0\u00bb][et_pb_image src=\u00a0\u00bbhttps:\/\/catholiques17.fr\/jonzac\/wp-content\/uploads\/sites\/39\/2024\/09\/Eglise-St-Felix-de-Chaunac3.jpg\u00a0\u00bb title_text=\u00a0\u00bbEglise St F\u00e9lix de Chaunac3&Prime; _builder_version=\u00a0\u00bb4.21.0&Prime; _module_preset=\u00a0\u00bbdefault\u00a0\u00bb box_shadow_style=\u00a0\u00bbpreset3&Prime; global_colors_info=\u00a0\u00bb{}\u00a0\u00bb theme_builder_area=\u00a0\u00bbpost_content\u00a0\u00bb][\/et_pb_image][\/et_pb_column][et_pb_column type=\u00a0\u00bb1_3&Prime; _builder_version=\u00a0\u00bb4.21.0&Prime; _module_preset=\u00a0\u00bbdefault\u00a0\u00bb global_colors_info=\u00a0\u00bb{}\u00a0\u00bb theme_builder_area=\u00a0\u00bbpost_content\u00a0\u00bb][et_pb_image src=\u00a0\u00bbhttps:\/\/catholiques17.fr\/jonzac\/wp-content\/uploads\/sites\/39\/2024\/09\/Eglise-St-Felix-de-Chaunac4.jpg\u00a0\u00bb title_text=\u00a0\u00bbEglise St F\u00e9lix de Chaunac4&Prime; show_in_lightbox=\u00a0\u00bbon\u00a0\u00bb _builder_version=\u00a0\u00bb4.21.0&Prime; _module_preset=\u00a0\u00bbdefault\u00a0\u00bb box_shadow_style=\u00a0\u00bbpreset3&Prime; global_colors_info=\u00a0\u00bb{}\u00a0\u00bb theme_builder_area=\u00a0\u00bbpost_content\u00a0\u00bb][\/et_pb_image][\/et_pb_column][\/et_pb_row][et_pb_row _builder_version=\u00a0\u00bb4.21.0&Prime; _module_preset=\u00a0\u00bbdefault\u00a0\u00bb global_colors_info=\u00a0\u00bb{}\u00a0\u00bb theme_builder_area=\u00a0\u00bbpost_content\u00a0\u00bb][et_pb_column type=\u00a0\u00bb4_4&Prime; _builder_version=\u00a0\u00bb4.21.0&Prime; _module_preset=\u00a0\u00bbdefault\u00a0\u00bb global_colors_info=\u00a0\u00bb{}\u00a0\u00bb theme_builder_area=\u00a0\u00bbpost_content\u00a0\u00bb][et_pb_divider color=\u00a0\u00bb#0C71C3&Prime; divider_weight=\u00a0\u00bb2px\u00a0\u00bb _builder_version=\u00a0\u00bb4.21.0&Prime; _module_preset=\u00a0\u00bbdefault\u00a0\u00bb global_colors_info=\u00a0\u00bb{}\u00a0\u00bb theme_builder_area=\u00a0\u00bbpost_content\u00a0\u00bb][\/et_pb_divider][\/et_pb_column][\/et_pb_row][et_pb_row column_structure=\u00a0\u00bb2_5,3_5&Prime; _builder_version=\u00a0\u00bb4.21.0&Prime; _module_preset=\u00a0\u00bbdefault\u00a0\u00bb global_colors_info=\u00a0\u00bb{}\u00a0\u00bb theme_builder_area=\u00a0\u00bbpost_content\u00a0\u00bb][et_pb_column type=\u00a0\u00bb2_5&Prime; _builder_version=\u00a0\u00bb4.21.0&Prime; _module_preset=\u00a0\u00bbdefault\u00a0\u00bb global_colors_info=\u00a0\u00bb{}\u00a0\u00bb theme_builder_area=\u00a0\u00bbpost_content\u00a0\u00bb][et_pb_image src=\u00a0\u00bbhttps:\/\/catholiques17.fr\/jonzac\/wp-content\/uploads\/sites\/39\/2024\/09\/Eglise-St-Martin-de-Mortiers.jpg\u00a0\u00bb title_text=\u00a0\u00bbEglise St Martin de Mortiers\u00a0\u00bb show_in_lightbox=\u00a0\u00bbon\u00a0\u00bb _builder_version=\u00a0\u00bb4.21.0&Prime; _module_preset=\u00a0\u00bbdefault\u00a0\u00bb global_colors_info=\u00a0\u00bb{}\u00a0\u00bb theme_builder_area=\u00a0\u00bbpost_content\u00a0\u00bb][\/et_pb_image][et_pb_image src=\u00a0\u00bbhttps:\/\/catholiques17.fr\/jonzac\/wp-content\/uploads\/sites\/39\/2024\/09\/Eglise-St-Martin-de-Mortiers5.jpg\u00a0\u00bb title_text=\u00a0\u00bbEglise St Martin de Mortiers5&Prime; show_in_lightbox=\u00a0\u00bbon\u00a0\u00bb _builder_version=\u00a0\u00bb4.21.0&Prime; _module_preset=\u00a0\u00bbdefault\u00a0\u00bb global_colors_info=\u00a0\u00bb{}\u00a0\u00bb theme_builder_area=\u00a0\u00bbpost_content\u00a0\u00bb][\/et_pb_image][\/et_pb_column][et_pb_column type=\u00a0\u00bb3_5&Prime; _builder_version=\u00a0\u00bb4.21.0&Prime; _module_preset=\u00a0\u00bbdefault\u00a0\u00bb global_colors_info=\u00a0\u00bb{}\u00a0\u00bb theme_builder_area=\u00a0\u00bbpost_content\u00a0\u00bb][et_pb_text _builder_version=\u00a0\u00bb4.21.0&Prime; _module_preset=\u00a0\u00bbdefault\u00a0\u00bb custom_margin=\u00a0\u00bb||11px|||\u00a0\u00bb global_colors_info=\u00a0\u00bb{}\u00a0\u00bb theme_builder_area=\u00a0\u00bbpost_content\u00a0\u00bb]<\/p>\n<h1>\u00c9glise Saint Martin de MORTIERS<\/h1>\n<p><strong>\u00a0<\/strong><\/p>\n<p>[\/et_pb_text][et_pb_text _builder_version=\u00a0\u00bb4.21.0&Prime; _module_preset=\u00a0\u00bbdefault\u00a0\u00bb custom_margin=\u00a0\u00bb||-6px|||\u00a0\u00bb global_colors_info=\u00a0\u00bb{}\u00a0\u00bb theme_builder_area=\u00a0\u00bbpost_content\u00a0\u00bb]<\/p>\n<p><span class=\"lettrine\">A<\/span>utrefois, la paroisse de Mortiers et l\u2019enclave du Breuillet se trouvaient dans le dioc\u00e8se de Saintes mais, au moins en partie, dans le \u00ab\u00a0Petit Angoumois\u00a0\u00bb, donc dans la s\u00e9n\u00e9chauss\u00e9e d\u2019Angoul\u00eame et le ressort du parlement de Paris. En droit, ses habitants n\u2019\u00e9taient pas saintongeais mais angoumoisins. L\u2019\u00e9glise <a href=\"http:\/\/saint.eutrope.free.fr\/spip.php?rubrique39\">Saint-Martin<\/a> (XVII<sup class=\"typo_exposants\">\u00e8me<\/sup> et XIX<sup class=\"typo_exposants\">\u00e8me<\/sup> si\u00e8cles) a conserv\u00e9 son \u00ab\u00a0ballet\u00a0\u00bb. Il s\u2019agit d\u2019un hangar qui se trouvait \u00e0 l\u2019entr\u00e9e de presque toutes les \u00e9glises pendant l\u2019Ancien R\u00e9gime.<\/p>\n<p>A partir du r\u00e8gne de Louis XIII, en effet, les assembl\u00e9es de la communaut\u00e9 des habitants ne se tiennent plus dans l\u2019\u00e9glise, mais \u00ab\u00a0au devant la principale porte\u00a0\u00bb. Le retable de l\u2019\u00e9glise, qui date du d\u00e9but du XVIII<sup class=\"typo_exposants\">\u00e8me<\/sup> si\u00e8cle, a un d\u00e9cor na\u00eff, tr\u00e8s color\u00e9, avec des angelots, des t\u00eates de ch\u00e9rubins, des personnages et des fleurs. L\u2019ensemble form\u00e9 par le retable, le ma\u00eetre-autel et les gradins semblent dater du d\u00e9but du XVIII<sup class=\"typo_exposants\">\u00e8me<\/sup> si\u00e8cle. Il serait donc l\u2019un des premiers ensembles de ce type dans la r\u00e9gion.<\/p>\n<p>[\/et_pb_text][et_pb_image src=\u00a0\u00bbhttps:\/\/catholiques17.fr\/jonzac\/wp-content\/uploads\/sites\/39\/2024\/09\/Eglise-St-Martin-de-Mortiers4.jpg\u00a0\u00bb title_text=\u00a0\u00bbEglise St Martin de Mortiers4&Prime; _builder_version=\u00a0\u00bb4.21.0&Prime; _module_preset=\u00a0\u00bbdefault\u00a0\u00bb global_colors_info=\u00a0\u00bb{}\u00a0\u00bb theme_builder_area=\u00a0\u00bbpost_content\u00a0\u00bb][\/et_pb_image][\/et_pb_column][\/et_pb_row][et_pb_row _builder_version=\u00a0\u00bb4.21.0&Prime; _module_preset=\u00a0\u00bbdefault\u00a0\u00bb global_colors_info=\u00a0\u00bb{}\u00a0\u00bb theme_builder_area=\u00a0\u00bbpost_content\u00a0\u00bb][et_pb_column type=\u00a0\u00bb4_4&Prime; _builder_version=\u00a0\u00bb4.21.0&Prime; _module_preset=\u00a0\u00bbdefault\u00a0\u00bb global_colors_info=\u00a0\u00bb{}\u00a0\u00bb theme_builder_area=\u00a0\u00bbpost_content\u00a0\u00bb][et_pb_divider color=\u00a0\u00bb#0C71C3&Prime; divider_weight=\u00a0\u00bb2px\u00a0\u00bb _builder_version=\u00a0\u00bb4.21.0&Prime; _module_preset=\u00a0\u00bbdefault\u00a0\u00bb global_colors_info=\u00a0\u00bb{}\u00a0\u00bb theme_builder_area=\u00a0\u00bbpost_content\u00a0\u00bb][\/et_pb_divider][\/et_pb_column][\/et_pb_row][et_pb_row column_structure=\u00a0\u00bb2_5,3_5&Prime; _builder_version=\u00a0\u00bb4.21.0&Prime; _module_preset=\u00a0\u00bbdefault\u00a0\u00bb global_colors_info=\u00a0\u00bb{}\u00a0\u00bb theme_builder_area=\u00a0\u00bbpost_content\u00a0\u00bb][et_pb_column type=\u00a0\u00bb2_5&Prime; _builder_version=\u00a0\u00bb4.21.0&Prime; _module_preset=\u00a0\u00bbdefault\u00a0\u00bb global_colors_info=\u00a0\u00bb{}\u00a0\u00bb theme_builder_area=\u00a0\u00bbpost_content\u00a0\u00bb][et_pb_image src=\u00a0\u00bbhttps:\/\/catholiques17.fr\/jonzac\/wp-content\/uploads\/sites\/39\/2024\/09\/Eglise-de-St-Medard.jpg\u00a0\u00bb title_text=\u00a0\u00bbEglise de St M\u00e9dard\u00a0\u00bb _builder_version=\u00a0\u00bb4.21.0&Prime; _module_preset=\u00a0\u00bbdefault\u00a0\u00bb global_colors_info=\u00a0\u00bb{}\u00a0\u00bb theme_builder_area=\u00a0\u00bbpost_content\u00a0\u00bb][\/et_pb_image][\/et_pb_column][et_pb_column type=\u00a0\u00bb3_5&Prime; _builder_version=\u00a0\u00bb4.21.0&Prime; _module_preset=\u00a0\u00bbdefault\u00a0\u00bb global_colors_info=\u00a0\u00bb{}\u00a0\u00bb theme_builder_area=\u00a0\u00bbpost_content\u00a0\u00bb][et_pb_text _builder_version=\u00a0\u00bb4.21.0&Prime; _module_preset=\u00a0\u00bbdefault\u00a0\u00bb custom_margin=\u00a0\u00bb||11px|||\u00a0\u00bb global_colors_info=\u00a0\u00bb{}\u00a0\u00bb theme_builder_area=\u00a0\u00bbpost_content\u00a0\u00bb]<\/p>\n<h1>\u00c9glise St M\u00c9DARD<\/h1>\n<p><strong>\u00a0<\/strong><\/p>\n<p>[\/et_pb_text][et_pb_text _builder_version=\u00a0\u00bb4.21.0&Prime; _module_preset=\u00a0\u00bbdefault\u00a0\u00bb custom_margin=\u00a0\u00bb||-6px|||\u00a0\u00bb global_colors_info=\u00a0\u00bb{}\u00a0\u00bb theme_builder_area=\u00a0\u00bbpost_content\u00a0\u00bb]<\/p>\n<p><span class=\"lettrine\">D<\/span>e longue date, la paroisse de <a href=\"http:\/\/saint.eutrope.free.fr\/spip.php?rubrique46\">Saint M\u00e9dard<\/a> avait \u00e9t\u00e9 rattach\u00e9e \u00e0 Champagnac comme annexe et son \u00e9glise d\u00e9sign\u00e9e comme oratoire\u00a0: le rattachement communal n\u2019\u00e9tant jamais intervenu, celle-ci reste desservie dans le cadre de l\u2019organisation des c\u00e9l\u00e9brations dans la nouvelle paroisse. Pour l\u2019essentiel, l\u2019\u00e9glise est du XV<sup class=\"typo_exposants\">\u00e8me<\/sup> si\u00e8cle, d\u2019o\u00f9 le style ogival de ses fen\u00eatres et de ses vo\u00fbtes sur crois\u00e9e d\u2019ogives. Sa chapelle nord se situerait \u00e0 l\u2019emplacement d\u2019un ancien clocher auquel s\u2019est substitu\u00e9, au fronton de la fa\u00e7ade, un double campanier\u00a0: une seule de ces deux baies abrite une petite cloche. L\u2019\u00e9glise, comme la commune, est sous le patronage de <a href=\"http:\/\/saint.eutrope.free.fr\/spip.php?rubrique46\">saint M\u00e9dard<\/a>.<\/p>\n<p>[\/et_pb_text][\/et_pb_column][\/et_pb_row][et_pb_row column_structure=\u00a0\u00bb1_3,1_3,1_3&Prime; _builder_version=\u00a0\u00bb4.21.0&Prime; _module_preset=\u00a0\u00bbdefault\u00a0\u00bb border_color_all=\u00a0\u00bb#F49A24&Prime; global_colors_info=\u00a0\u00bb{}\u00a0\u00bb theme_builder_area=\u00a0\u00bbpost_content\u00a0\u00bb][et_pb_column type=\u00a0\u00bb1_3&Prime; _builder_version=\u00a0\u00bb4.21.0&Prime; _module_preset=\u00a0\u00bbdefault\u00a0\u00bb global_colors_info=\u00a0\u00bb{}\u00a0\u00bb theme_builder_area=\u00a0\u00bbpost_content\u00a0\u00bb][et_pb_image src=\u00a0\u00bbhttps:\/\/catholiques17.fr\/jonzac\/wp-content\/uploads\/sites\/39\/2024\/09\/Eglise-de-St-Medard-3.jpg\u00a0\u00bb title_text=\u00a0\u00bbEglise de St M\u00e9dard 3&Prime; show_in_lightbox=\u00a0\u00bbon\u00a0\u00bb _builder_version=\u00a0\u00bb4.21.0&Prime; _module_preset=\u00a0\u00bbdefault\u00a0\u00bb box_shadow_style=\u00a0\u00bbpreset3&Prime; global_colors_info=\u00a0\u00bb{}\u00a0\u00bb theme_builder_area=\u00a0\u00bbpost_content\u00a0\u00bb][\/et_pb_image][\/et_pb_column][et_pb_column type=\u00a0\u00bb1_3&Prime; _builder_version=\u00a0\u00bb4.21.0&Prime; _module_preset=\u00a0\u00bbdefault\u00a0\u00bb global_colors_info=\u00a0\u00bb{}\u00a0\u00bb theme_builder_area=\u00a0\u00bbpost_content\u00a0\u00bb][et_pb_image src=\u00a0\u00bbhttps:\/\/catholiques17.fr\/jonzac\/wp-content\/uploads\/sites\/39\/2024\/09\/Eglise-de-St-Medard-2.jpg\u00a0\u00bb title_text=\u00a0\u00bbEglise de St M\u00e9dard 2&Prime; show_in_lightbox=\u00a0\u00bbon\u00a0\u00bb _builder_version=\u00a0\u00bb4.21.0&Prime; _module_preset=\u00a0\u00bbdefault\u00a0\u00bb box_shadow_style=\u00a0\u00bbpreset3&Prime; global_colors_info=\u00a0\u00bb{}\u00a0\u00bb theme_builder_area=\u00a0\u00bbpost_content\u00a0\u00bb][\/et_pb_image][\/et_pb_column][et_pb_column type=\u00a0\u00bb1_3&Prime; _builder_version=\u00a0\u00bb4.21.0&Prime; _module_preset=\u00a0\u00bbdefault\u00a0\u00bb global_colors_info=\u00a0\u00bb{}\u00a0\u00bb theme_builder_area=\u00a0\u00bbpost_content\u00a0\u00bb][et_pb_image src=\u00a0\u00bbhttps:\/\/catholiques17.fr\/jonzac\/wp-content\/uploads\/sites\/39\/2024\/09\/Eglise-de-St-Medard-4.jpg\u00a0\u00bb title_text=\u00a0\u00bbEglise de St M\u00e9dard 4&Prime; show_in_lightbox=\u00a0\u00bbon\u00a0\u00bb _builder_version=\u00a0\u00bb4.21.0&Prime; _module_preset=\u00a0\u00bbdefault\u00a0\u00bb box_shadow_style=\u00a0\u00bbpreset3&Prime; global_colors_info=\u00a0\u00bb{}\u00a0\u00bb theme_builder_area=\u00a0\u00bbpost_content\u00a0\u00bb][\/et_pb_image][\/et_pb_column][\/et_pb_row][et_pb_row _builder_version=\u00a0\u00bb4.21.0&Prime; _module_preset=\u00a0\u00bbdefault\u00a0\u00bb global_colors_info=\u00a0\u00bb{}\u00a0\u00bb theme_builder_area=\u00a0\u00bbpost_content\u00a0\u00bb][et_pb_column type=\u00a0\u00bb4_4&Prime; _builder_version=\u00a0\u00bb4.21.0&Prime; _module_preset=\u00a0\u00bbdefault\u00a0\u00bb global_colors_info=\u00a0\u00bb{}\u00a0\u00bb theme_builder_area=\u00a0\u00bbpost_content\u00a0\u00bb][et_pb_divider color=\u00a0\u00bb#0C71C3&Prime; divider_weight=\u00a0\u00bb2px\u00a0\u00bb _builder_version=\u00a0\u00bb4.21.0&Prime; _module_preset=\u00a0\u00bbdefault\u00a0\u00bb global_colors_info=\u00a0\u00bb{}\u00a0\u00bb theme_builder_area=\u00a0\u00bbpost_content\u00a0\u00bb][\/et_pb_divider][\/et_pb_column][\/et_pb_row][et_pb_row column_structure=\u00a0\u00bb2_5,3_5&Prime; _builder_version=\u00a0\u00bb4.21.0&Prime; _module_preset=\u00a0\u00bbdefault\u00a0\u00bb global_colors_info=\u00a0\u00bb{}\u00a0\u00bb theme_builder_area=\u00a0\u00bbpost_content\u00a0\u00bb][et_pb_column type=\u00a0\u00bb2_5&Prime; _builder_version=\u00a0\u00bb4.21.0&Prime; _module_preset=\u00a0\u00bbdefault\u00a0\u00bb global_colors_info=\u00a0\u00bb{}\u00a0\u00bb theme_builder_area=\u00a0\u00bbpost_content\u00a0\u00bb][et_pb_image src=\u00a0\u00bbhttps:\/\/catholiques17.fr\/jonzac\/wp-content\/uploads\/sites\/39\/2024\/09\/Eglise-Ste-Quitterie-de-Vanzac.jpg\u00a0\u00bb title_text=\u00a0\u00bbEglise Ste Quitterie de Vanzac\u00a0\u00bb _builder_version=\u00a0\u00bb4.21.0&Prime; _module_preset=\u00a0\u00bbdefault\u00a0\u00bb global_colors_info=\u00a0\u00bb{}\u00a0\u00bb theme_builder_area=\u00a0\u00bbpost_content\u00a0\u00bb][\/et_pb_image][et_pb_image src=\u00a0\u00bbhttps:\/\/catholiques17.fr\/jonzac\/wp-content\/uploads\/sites\/39\/2024\/09\/Ste-Quitterie-Vanzac.jpg\u00a0\u00bb _builder_version=\u00a0\u00bb4.21.0&Prime; _module_preset=\u00a0\u00bbdefault\u00a0\u00bb theme_builder_area=\u00a0\u00bbpost_content\u00a0\u00bb title_text=\u00a0\u00bbSte Quitterie Vanzac\u00a0\u00bb hover_enabled=\u00a0\u00bb0&Prime; sticky_enabled=\u00a0\u00bb0&Prime;][\/et_pb_image][et_pb_image src=\u00a0\u00bbhttps:\/\/catholiques17.fr\/jonzac\/wp-content\/uploads\/sites\/39\/2024\/09\/Eglise-Ste-Quitterie-de-Vanzac-4.jpg\u00a0\u00bb _builder_version=\u00a0\u00bb4.21.0&Prime; _module_preset=\u00a0\u00bbdefault\u00a0\u00bb theme_builder_area=\u00a0\u00bbpost_content\u00a0\u00bb title_text=\u00a0\u00bbEglise Ste Quitterie de Vanzac 4&Prime; hover_enabled=\u00a0\u00bb0&Prime; sticky_enabled=\u00a0\u00bb0&Prime;][\/et_pb_image][\/et_pb_column][et_pb_column type=\u00a0\u00bb3_5&Prime; _builder_version=\u00a0\u00bb4.21.0&Prime; _module_preset=\u00a0\u00bbdefault\u00a0\u00bb global_colors_info=\u00a0\u00bb{}\u00a0\u00bb theme_builder_area=\u00a0\u00bbpost_content\u00a0\u00bb][et_pb_text _builder_version=\u00a0\u00bb4.21.0&Prime; _module_preset=\u00a0\u00bbdefault\u00a0\u00bb custom_margin=\u00a0\u00bb||11px|||\u00a0\u00bb global_colors_info=\u00a0\u00bb{}\u00a0\u00bb theme_builder_area=\u00a0\u00bbpost_content\u00a0\u00bb]<\/p>\n<h1>\u00c9glise Sainte Quitterie de VANZAC<\/h1>\n<p><strong>\u00a0<\/strong><\/p>\n<p>[\/et_pb_text][et_pb_text _builder_version=\u00a0\u00bb4.21.0&Prime; _module_preset=\u00a0\u00bbdefault\u00a0\u00bb custom_margin=\u00a0\u00bb||-6px|||\u00a0\u00bb global_colors_info=\u00a0\u00bb{}\u00a0\u00bb theme_builder_area=\u00a0\u00bbpost_content\u00a0\u00bb]<\/p>\n<p style=\"text-align: justify\"><span><\/span><span class=\"lettrine\">L<\/span>e site de Vanzac a \u00e9t\u00e9 habit\u00e9 tr\u00e8s t\u00f4t. Des \u00e9l\u00e9ments de construction datant du N\u00e9olithique (du VI<sup class=\"typo_exposants\">\u00e8me<\/sup> au III<sup class=\"typo_exposants\">\u00e8me<\/sup> mill\u00e9naire avant notre \u00e8re), ainsi que des vestiges protohistoriques (existence de documents \u00ab\u00a0\u00e9crits\u00a0\u00bb sur l\u2019histoire de la soci\u00e9t\u00e9) ont \u00e9t\u00e9 mis en \u00e9vidence gr\u00e2ce \u00e0 des vues a\u00e9riennes. Diverses traces de constructions gallo-romaines ont aussi \u00e9t\u00e9 d\u00e9couvertes. L\u2019\u00e9glise <a href=\"http:\/\/saint.eutrope.free.fr\/spip.php?rubrique49\">Sainte-Quitterie<\/a> a la forme d\u2019un parall\u00e9logramme. Elle tient de l\u2019art roman du XI<sup class=\"typo_exposants\">\u00e8me<\/sup> si\u00e8cle et du style ogival du XV<sup class=\"typo_exposants\">\u00e8me<\/sup> si\u00e8cle. En 1849, une abside, semi-circulaire lui a \u00e9t\u00e9 ajout\u00e9e. Autour de l\u2019abside ont \u00e9t\u00e9 plac\u00e9es des petites colonnettes \u00e0 demi-engag\u00e9es dont les chapiteaux sont orn\u00e9s de feuilles d\u2019acanthe. La croix de pierre situ\u00e9e au Sud t\u00e9moigne de l\u2019ancien emplacement du cimeti\u00e8re.<\/p>\n<p>[\/et_pb_text][et_pb_divider _builder_version=\u00a0\u00bb4.21.0&Prime; _module_preset=\u00a0\u00bbdefault\u00a0\u00bb theme_builder_area=\u00a0\u00bbpost_content\u00a0\u00bb show_divider=\u00a0\u00bboff\u00a0\u00bb hover_enabled=\u00a0\u00bb0&Prime; sticky_enabled=\u00a0\u00bb0&Prime; custom_padding=\u00a0\u00bb0px|||||\u00a0\u00bb][\/et_pb_divider][et_pb_image src=\u00a0\u00bbhttps:\/\/catholiques17.fr\/jonzac\/wp-content\/uploads\/sites\/39\/2024\/09\/Eglise-Ste-Quitterie-de-Vanzac-5.jpg\u00a0\u00bb _builder_version=\u00a0\u00bb4.21.0&Prime; _module_preset=\u00a0\u00bbdefault\u00a0\u00bb theme_builder_area=\u00a0\u00bbpost_content\u00a0\u00bb title_text=\u00a0\u00bbEglise Ste Quitterie de Vanzac 5&Prime; hover_enabled=\u00a0\u00bb0&Prime; sticky_enabled=\u00a0\u00bb0&Prime;][\/et_pb_image][\/et_pb_column][\/et_pb_row][et_pb_row column_structure=\u00a0\u00bb1_2,1_2&Prime; _builder_version=\u00a0\u00bb4.21.0&Prime; _module_preset=\u00a0\u00bbdefault\u00a0\u00bb global_colors_info=\u00a0\u00bb{}\u00a0\u00bb theme_builder_area=\u00a0\u00bbpost_content\u00a0\u00bb][et_pb_column type=\u00a0\u00bb1_2&Prime; _builder_version=\u00a0\u00bb4.21.0&Prime; _module_preset=\u00a0\u00bbdefault\u00a0\u00bb global_colors_info=\u00a0\u00bb{}\u00a0\u00bb theme_builder_area=\u00a0\u00bbpost_content\u00a0\u00bb][et_pb_image src=\u00a0\u00bbhttps:\/\/catholiques17.fr\/jonzac\/wp-content\/uploads\/sites\/39\/2024\/09\/Eglise-St-Vivien-de-Vibrac.jpg\u00a0\u00bb title_text=\u00a0\u00bbEglise St Vivien de Vibrac\u00a0\u00bb _builder_version=\u00a0\u00bb4.21.0&Prime; _module_preset=\u00a0\u00bbdefault\u00a0\u00bb global_colors_info=\u00a0\u00bb{}\u00a0\u00bb theme_builder_area=\u00a0\u00bbpost_content\u00a0\u00bb][\/et_pb_image][\/et_pb_column][et_pb_column type=\u00a0\u00bb1_2&Prime; _builder_version=\u00a0\u00bb4.21.0&Prime; _module_preset=\u00a0\u00bbdefault\u00a0\u00bb global_colors_info=\u00a0\u00bb{}\u00a0\u00bb theme_builder_area=\u00a0\u00bbpost_content\u00a0\u00bb][et_pb_text _builder_version=\u00a0\u00bb4.21.0&Prime; _module_preset=\u00a0\u00bbdefault\u00a0\u00bb custom_margin=\u00a0\u00bb||11px|||\u00a0\u00bb global_colors_info=\u00a0\u00bb{}\u00a0\u00bb theme_builder_area=\u00a0\u00bbpost_content\u00a0\u00bb]<\/p>\n<h1>\u00c9glise Saint Vivien de VIBRAC<\/h1>\n<p><strong>\u00a0<\/strong><\/p>\n<p>[\/et_pb_text][et_pb_text _builder_version=\u00a0\u00bb4.21.0&Prime; _module_preset=\u00a0\u00bbdefault\u00a0\u00bb custom_margin=\u00a0\u00bb||-6px|||\u00a0\u00bb global_colors_info=\u00a0\u00bb{}\u00a0\u00bb theme_builder_area=\u00a0\u00bbpost_content\u00a0\u00bb]<\/p>\n<p><span class=\"lettrine\">A<\/span>utrefois, Vibrac d\u00e9pendait de la ch\u00e2tellerie de Montendre. Pendant les guerres de religion, comme dans les autres paroisses appartenant \u00e0 la famille de La Rochefoucauld, l\u2019\u00e9glise fut d\u00e9truite. En 1709, la population de ce qui est maintenant la commune de Vibrac comptait 250 habitants environ. Cette population atteignit m\u00eame 433 habitants en 1806. Puis la commune fut l\u2019une des premi\u00e8res de cette r\u00e9gion \u00e0 \u00eatre touch\u00e9e par l\u2019exode rural.<\/p>\n<p>L\u2019\u00e9glise <a href=\"http:\/\/saint.eutrope.free.fr\/spip.php?rubrique50\">Saint-Vivien<\/a> fut reconstruite au XVIII<sup class=\"typo_exposants\">\u00e8me<\/sup> si\u00e8cle et sa fa\u00e7ade fut r\u00e9par\u00e9e en 1724, comme l\u2019indique une inscription. Elle est orn\u00e9e d\u2019un campanile.<\/p>\n<p>[\/et_pb_text][\/et_pb_column][\/et_pb_row][\/et_pb_section]<\/p>\n","protected":false},"excerpt":{"rendered":"<p>\u00a0 \u00a0D\u00e9couvrez les \u00e9glises de Chaunac,\u00a0 L\u00e9oville,\u00a0 Messac, Mortiers, St M\u00e9dard, Vanzac, Vibrac.\u00c9glise Saint Sulpice de CHAUNACComme celles de toutes les paroisses d\u00e9pendant alors de la ch\u00e2tellenie de Montendre, l\u2019\u00e9glise [&hellip;]<\/p>\n","protected":false},"author":4,"featured_media":0,"parent":7323,"menu_order":0,"comment_status":"closed","ping_status":"closed","template":"","meta":{"_et_pb_use_builder":"on","_et_pb_old_content":"","_et_gb_content_width":"","footnotes":""},"class_list":["post-7329","page","type-page","status-publish","hentry"],"_links":{"self":[{"href":"https:\/\/catholiques17.fr\/jonzac\/wp-json\/wp\/v2\/pages\/7329","targetHints":{"allow":["GET"]}}],"collection":[{"href":"https:\/\/catholiques17.fr\/jonzac\/wp-json\/wp\/v2\/pages"}],"about":[{"href":"https:\/\/catholiques17.fr\/jonzac\/wp-json\/wp\/v2\/types\/page"}],"author":[{"embeddable":true,"href":"https:\/\/catholiques17.fr\/jonzac\/wp-json\/wp\/v2\/users\/4"}],"replies":[{"embeddable":true,"href":"https:\/\/catholiques17.fr\/jonzac\/wp-json\/wp\/v2\/comments?post=7329"}],"version-history":[{"count":11,"href":"https:\/\/catholiques17.fr\/jonzac\/wp-json\/wp\/v2\/pages\/7329\/revisions"}],"predecessor-version":[{"id":7837,"href":"https:\/\/catholiques17.fr\/jonzac\/wp-json\/wp\/v2\/pages\/7329\/revisions\/7837"}],"up":[{"embeddable":true,"href":"https:\/\/catholiques17.fr\/jonzac\/wp-json\/wp\/v2\/pages\/7323"}],"wp:attachment":[{"href":"https:\/\/catholiques17.fr\/jonzac\/wp-json\/wp\/v2\/media?parent=7329"}],"curies":[{"name":"wp","href":"https:\/\/api.w.org\/{rel}","templated":true}]}}